{"id":9855,"date":"2025-09-20T17:07:07","date_gmt":"2025-09-20T17:07:07","guid":{"rendered":"https:\/\/www.rbc.com\/fr\/?post_type=rbc_tl&#038;p=9855\/trade-zone-the-clock-is-ticking-for-cusma"},"modified":"2025-10-09T17:21:35","modified_gmt":"2025-10-09T17:21:35","slug":"lheure-approche-pour-laceum","status":"publish","type":"rbc_tl","link":"https:\/\/www.rbc.com\/fr\/leadership-avise\/la-zone-commerciale\/lheure-approche-pour-laceum\/","title":{"rendered":"Zone commerciale\u00a0: l\u2019heure approche pour l\u2019ACEUM"},"content":{"rendered":"\n<section class=\"wp-block-rbc-section-block  pos-rel\" style=\"border-radius:0px\">\n<div class=\"wp-block-rbc-section-inner-block  section-inner\" style=\"border-radius:0x\">\n<p><strong>Dans le num\u00e9ro de cette semaine&nbsp;<\/strong>: les d\u00e9fis \u00e0 relever maintenant que les consultations sur l\u2019ACEUM ont \u00e9t\u00e9 amorc\u00e9es, et ce que signifie une nouvelle g\u00e9opolitique des min\u00e9raux critiques pour le Canada<\/p>\n<\/div>\n<\/section>\n\n\n\n<section class=\"wp-block-rbc-section-block  pos-rel\" style=\"border-radius:0px\">\n<div class=\"wp-block-rbc-section-inner-block  section-inner pad-t-0 mob-pad-t-0\" style=\"border-radius:0x\">\n<h2 class=\"wp-block-heading has-rbc-dark-blue-tint-color has-text-color has-link-color wp-elements-4a3947eae21a7ea8664bd4a918dca274\" id=\"h-les-defis-a-venir\">Les d\u00e9fis \u00e0 venir<\/h2>\n\n\n\n<p>Auteur&nbsp;: <strong>John Stackhouse<\/strong><\/p>\n\n\n\n<p>L\u2019offensive de charme de Mark&nbsp;Carney au Mexique et le succ\u00e8s de sa visite \u00e0 Claudia&nbsp;Sheinbaum pourraient bient\u00f4t \u00e9voquer un joyeux souvenir de vacances. Cette fin de semaine, les deux pays renoueront avec la dure r\u00e9alit\u00e9, notamment dans leurs relations respectives avec les \u00c9tats-Unis \u2013 sur un front commun, mais aussi s\u00e9par\u00e9ment. Voici comment les choses pourraient se d\u00e9rouler&nbsp;:<\/p>\n\n\n\n<ul class=\"wp-block-rbc-list is-style-black-disc\">\n<li class=\"wp-block-rbc-list-item\">\n<p>L\u2019administration Trump a d\u00e9clench\u00e9 une r\u00e9vision de l\u2019accord commercial entre le Canada, les \u00c9tats-Unis et le Mexique en lan\u00e7ant des consultations publiques. Le Canada devrait en faire autant cette fin de semaine, ouvrant la porte \u00e0 45&nbsp;jours de lobbyisme, de grincements de dents et peut-\u00eatre de profonde r\u00e9flexion.<\/p>\n<\/li>\n\n\n\n<li class=\"wp-block-rbc-list-item\">\n<p>Nous pouvons nous attendre \u00e0 ce que les trois \u00ab&nbsp;amigos&nbsp;\u00bb (deux \u00ab&nbsp;amigos&nbsp;\u00bb et une \u00ab&nbsp;amiga&nbsp;\u00bb) rassemblent de petites arm\u00e9es d\u2019experts du commerce et de l\u2019industrie pour amorcer un dialogue plus formel. Le gouvernement canadien a d\u00e9j\u00e0 commenc\u00e9 \u00e0 recruter des \u00e9quipes qui seront responsables de discuter avec leurs homologues des \u00c9tats-Unis et du Mexique, en particulier dans les secteurs de l\u2019\u00e9nergie, de l\u2019automobile, de l\u2019acier, de l\u2019aluminium et du bois d\u2019\u0153uvre. Toutefois, il se peut que les Am\u00e9ricains ne soient pas aussi bien pr\u00e9par\u00e9s, voire qu\u2019ils incitent \u00e0 conclure un accord dans la pr\u00e9cipitation (au risque de parvenir \u00e0 un accord biais\u00e9).&nbsp;<\/p>\n<\/li>\n\n\n\n<li class=\"wp-block-rbc-list-item\">\n<p>Le Mexique a adopt\u00e9 une d\u00e9marche diff\u00e9rente, travaillant avec le secr\u00e9taire d\u2019\u00c9tat am\u00e9ricain Marco&nbsp;Rubio sur plusieurs probl\u00e9matiques non commerciales comme la lutte contre les cartels de la drogue. Le gouvernement esp\u00e8re ainsi \u00eatre en bons termes avec les \u00c9tats-Unis, en pr\u00e9vision de la prochaine ronde de n\u00e9gociation qui s\u2019annonce d\u00e9licate pour le Mexique. Les \u00c9tats-Unis ont en effet proscrit les tomates de serre et mis un frein aux envois de fonds, ce qui laisse pr\u00e9sager des temps difficiles pour le Mexique.&nbsp;<\/p>\n<\/li>\n\n\n\n<li class=\"wp-block-rbc-list-item\">\n<p>Le principal enjeu pour le Mexique aura trait aux \u00ab&nbsp;r\u00e8gles d\u2019origine&nbsp;\u00bb qui pourraient contrecarrer la hausse massive des investissements et du commerce chinois qui a fait du Mexique une porte accessoire au march\u00e9 am\u00e9ricain.<\/p>\n<\/li>\n\n\n\n<li class=\"wp-block-rbc-list-item\">\n<p>En ce qui concerne le Canada, les premiers signes portent \u00e0 croire que le secr\u00e9taire au Commerce, Howard&nbsp;Lutnick, et le repr\u00e9sentant au Commerce, Jamieson&nbsp;Greer cherchent \u00e0 prot\u00e9ger les fondements d\u2019un accord commercial trilat\u00e9ral avec un int\u00e9r\u00eat particulier pour le Canada et le renforcement du commerce bilat\u00e9ral. Des ententes secondaires ou subordonn\u00e9es pourraient \u00e9merger dans le cadre d\u2019une structure nord-am\u00e9ricaine.&nbsp;<\/p>\n<\/li>\n\n\n\n<li class=\"wp-block-rbc-list-item\">\n<p>Pour le Canada, la principale pr\u00e9occupation demeure l\u2019automobile et la volont\u00e9 affich\u00e9e par Donald&nbsp;Trump de transf\u00e9rer une grande partie de la production canadienne sur le sol am\u00e9ricain. Il reste \u00e0 voir si le secteur automobile am\u00e9ricain parviendra \u00e0 le convaincre de la logique \u00e9conomique d\u2019une production transfrontali\u00e8re.&nbsp;&nbsp;<\/p>\n<\/li>\n\n\n\n<li class=\"wp-block-rbc-list-item\">\n<p>Le Canada pourrait-il accepter des droits de douane de 10&nbsp;%, par exemple, pour assurer une sorte de seconde vie aux usines canadiennes&nbsp;?&nbsp;<\/p>\n<\/li>\n\n\n\n<li class=\"wp-block-rbc-list-item\">\n<p>Au-del\u00e0 de l\u2019automobile, les pr\u00e9occupations des Am\u00e9ricains portent toujours sur l\u2019industrie laiti\u00e8re et le num\u00e9rique. Nous connaissons tous la crise du secteur laitier. Du c\u00f4t\u00e9 du num\u00e9rique, les plateformes technologiques am\u00e9ricaines continuent de se plaindre de la fa\u00e7on dont les Canadiens abordent l\u2019actualit\u00e9 en ligne. Cela dit, apr\u00e8s avoir abandonn\u00e9 sa taxe sur les services num\u00e9riques, le gouvernement&nbsp;Carney aura du mal \u00e0 faire mieux, d\u2019autant plus que toute nouvelle concession nuirait aux m\u00e9dias et aux \u00e9diteurs qui sont d\u00e9j\u00e0 en mauvaise posture.&nbsp;<\/p>\n<\/li>\n\n\n\n<li class=\"wp-block-rbc-list-item\">\n<p>Pour les \u00c9tats-Unis, le plus grand d\u00e9fi pourrait \u00eatre de nature plus politique. Donald&nbsp;Trump fait-il pression pour obtenir rapidement un ACEUM qui jouerait en sa faveur&nbsp;? Afin de se concentrer au plus vite sur les plus grands d\u00e9fis pos\u00e9s par la Chine, l\u2019Inde et le Br\u00e9sil&nbsp;? Ou son \u00e9quipe travaille-t-elle \u00e0 des changements profonds et durables \u00e0 l\u2019ACEUM dans le but d\u2019afficher une victoire politique avant les \u00e9lections de mi-mandat l\u2019an prochain&nbsp;?&nbsp;<\/p>\n<\/li>\n\n\n\n<li class=\"wp-block-rbc-list-item\">\n<p>QSoulignons que les proches de Donald&nbsp;Trump continuent de laisser entendre qu\u2019il est dispos\u00e9 \u00e0 \u00e9radiquer l\u2019ACEUM. Poudre aux yeux&nbsp;? Technique de n\u00e9gociation&nbsp;? Quoi qu\u2019il en soit, maintenant que les choses s\u00e9rieuses commencent, nous pouvons nous attendre \u00e0 des surprises d\u00e9routantes au fil des pourparlers.<\/p>\n<\/li>\n<\/ul>\n<\/div>\n<\/section>\n\n\n\n<section class=\"wp-block-rbc-section-block  pos-rel\" style=\"border-radius:0px\">\n<div class=\"wp-block-rbc-section-inner-block  section-inner pad-t-0 mob-pad-t-0\" style=\"border-radius:0x\">\n<h2 class=\"wp-block-heading has-rbc-dark-blue-tint-color has-text-color has-link-color wp-elements-5ca60bb5a9f063e3178d8381a32c8724\" id=\"h-la-semaine-ecoulee\">La semaine \u00e9coul\u00e9e<\/h2>\n\n\n\n<ul class=\"wp-block-rbc-list is-style-black-disc\">\n<li class=\"wp-block-rbc-list-item\">\n<p>\u00c0 l\u2019occasion d\u2019un \u00e9v\u00e8nement de la Chambre de commerce de Halifax, l\u2019ambassadeur des \u00c9tats-Unis <a href=\"https:\/\/globalnews.ca\/news\/11435099\/donald-trump-tariffs-canada-trade-war-hoekstra\/\" data-dig-id=\"LP-9855-e177ba16\" data-dig-category=\"LP\" data-dig-action=\"link click\" data-dig-label=\"Pete&nbsp;Hoekstra\" class=\"rbc-link-format\">Pete&nbsp;Hoekstra<\/a> s\u2019est d\u00e9clar\u00e9 d\u00e9\u00e7u par la rh\u00e9torique \u00ab&nbsp;antiam\u00e9ricaine&nbsp;\u00bb et le cri de ralliement \u00ab&nbsp;Sortons les coudes&nbsp;\u00bb du Canada.<\/p>\n<\/li>\n\n\n\n<li class=\"wp-block-rbc-list-item\">\n<p>Des repr\u00e9sentants des \u00c9tats-Unis et de la Chine se sont r\u00e9unis \u00e0 Madrid pour leur quatri\u00e8me ronde de pourparlers&nbsp;\u2013 au sujet de <a href=\"https:\/\/www.theglobeandmail.com\/business\/technology\/science\/article-scott-bessent-tiktok-deal-donald-trump-xi-jinping\/\" data-dig-id=\"LP-19836-a5669518\" data-dig-label=\"TikTok\" data-dig-action=\"link click\" data-dig-category=\"LP\" class=\"rbc-link-format\">TikTok<\/a>.<\/p>\n<\/li>\n\n\n\n<li class=\"wp-block-rbc-list-item\">\n<p>En 2024, la Chine a import\u00e9 du soja des \u00c9tats-Unis pour une valeur de 12,6&nbsp;milliards de dollars am\u00e9ricains. <a href=\"https:\/\/www.bloomberg.com\/news\/articles\/2025-09-19\/china-seeks-trade-edge-by-shunning-us-soy-in-first-since-1990s\" data-dig-id=\"LP-9855-1ee0a797\" data-dig-category=\"LP\" data-dig-action=\"link click\" data-dig-label=\"La semaine derni\u00e8re&nbsp;: 0.\" class=\"rbc-link-format\">La semaine derni\u00e8re&nbsp;: 0.<\/a>&nbsp;C\u2019est un signe clair que Beijing ne craint pas d\u2019utiliser l\u2019agriculture comme une arme de n\u00e9gociation contre Washington.<\/p>\n<\/li>\n\n\n\n<li class=\"wp-block-rbc-list-item\">\n<p>Sur la base de 25&nbsp;ann\u00e9es de donn\u00e9es commerciales, Amazon lance un <a href=\"https:\/\/www.bloomberg.com\/news\/articles\/2025-09-17\/amazon-revamps-ai-agent-for-online-sellers-roiled-by-trade-war\" data-dig-id=\"LP-9855-d7ec1bd5\" data-dig-category=\"LP\" data-dig-action=\"link click\" data-dig-label=\"agent d\u2019intelligence artificielle\" class=\"rbc-link-format\">agent d\u2019intelligence artificielle<\/a> remani\u00e9 afin d\u2019aider les vendeurs \u00e0 prendre des d\u00e9cisions de stockage en tenant compte de la forte volatilit\u00e9 caus\u00e9e par la guerre commerciale.<\/p>\n<\/li>\n<\/ul>\n<\/div>\n<\/section>\n\n\n\n<section class=\"wp-block-rbc-section-block  pos-rel\" style=\"border-radius:0px\">\n<div class=\"wp-block-rbc-section-inner-block  section-inner pad-t-0 mob-pad-t-0\" style=\"border-radius:0x\">\n<h2 class=\"wp-block-heading has-rbc-dark-blue-tint-color has-text-color has-link-color wp-elements-b07d342111ee6e593ef44d9450e3f8ad\" id=\"h-nouvelle-geopolitique-des-mineraux-critiques\">Nouvelle g\u00e9opolitique des min\u00e9raux critiques<\/h2>\n\n\n\n<p>Auteur&nbsp;: <strong>Shaz&nbsp;Merwat<\/strong>, responsable principal, Politique \u00e9nerg\u00e9tique<\/p>\n\n\n\n<p>Deux s\u00e9nateurs am\u00e9ricains ont pr\u00e9sent\u00e9 la Restoring American Mineral Security (RAMS) Act, un projet de loi bipartite dont l\u2019objectif est d\u2019\u00e9tablir une alliance pour la s\u00e9curit\u00e9 des min\u00e9raux critiques qui accorderait un acc\u00e8s en franchise de droits de douane aux partenaires de confiance et obligerait les alli\u00e9s \u00e0 imposer des droits de douane \u00e9quivalents aux droits am\u00e9ricains \u00e0 l\u2019encontre des importations chinoises.<\/p>\n\n\n\n<p>Ce projet implique trois cons\u00e9quences pour le Canada&nbsp;:<\/p>\n\n\n\n<ul class=\"wp-block-rbc-list is-style-black-disc\">\n<li class=\"wp-block-rbc-list-item\">\n<p><strong>L\u2019adh\u00e9sion \u00e0 l\u2019alliance s\u2019accompagne d\u2019obligations.<\/strong>&nbsp;Le Canada devrait r\u00e9pliquer les droits de douane impos\u00e9s par les \u00c9tats-Unis aux min\u00e9raux chinois et renforcer leurs mesures contre l\u2019approvisionnement et le transbordement en provenance de Chine. \u00c0 l\u2019approche de la ren\u00e9gociation officielle de l\u2019ACEUM, les \u00c9tats-Unis cherchent \u00e0 nouveau des alli\u00e9s pour fermer l\u2019acc\u00e8s indirect de la Chine (nota&nbsp;: le Mexique a augment\u00e9 ses droits de douane sur un certain nombre de marchandises chinoises). Dans le secteur des min\u00e9raux, en particulier, le blocage de l\u2019approvisionnement chinois est indispensable \u00e0 l\u2019expansion du secteur. Le projet RAMS fait de ce principe de pr\u00e9caution une exigence.<\/p>\n<\/li>\n\n\n\n<li class=\"wp-block-rbc-list-item\">\n<p><strong>Les capitaux suivront le mouvement.&nbsp;<\/strong>La proposition la plus novatrice des \u00c9tats-Unis serait de recycler les recettes tir\u00e9es des droits de douane sur les importations hors alliance en faveur de projets alli\u00e9s, avec notamment un r\u00e9investissement de 20&nbsp;% dans les projets internationaux de min\u00e9raux critiques des pays membres. Cela dit, compte tenu de nos relations commerciales \u00e9troites dans le secteur des min\u00e9raux (o\u00f9 nous sommes le premier partenaire commercial des \u00c9tats-Unis, et vice versa), le Canada aurait tout \u00e0 gagner d\u2019un r\u00e9investissement dans les projets miniers am\u00e9ricains. Cette mesure fournirait aux soci\u00e9t\u00e9s mini\u00e8res canadiennes des capitaux bon march\u00e9 \u2013 le manque de capitaux \u00e9tant historiquement un obstacle pour les petites soci\u00e9t\u00e9s mini\u00e8res.<\/p>\n<\/li>\n\n\n\n<li class=\"wp-block-rbc-list-item\">\n<p><strong>L\u2019acc\u00e8s pr\u00e9f\u00e9rentiel n\u2019est utile que si nous prenons de l\u2019expansion.<\/strong>&nbsp;L\u2019exemption de droits de douane donnerait aux producteurs canadiens un avantage sur le plan des co\u00fbts pour entrer sur le march\u00e9 am\u00e9ricain. Toutefois, sans une acc\u00e9l\u00e9ration de l\u2019approbation des projets et en l\u2019absence d\u2019investissements similaires dans les infrastructures de transport connexes, nous perdrions notre avantage. Il est int\u00e9ressant de noter que deux projets miniers figurent dans la premi\u00e8re tranche de la liste des grands projets prioritaires du Premier ministre Mark&nbsp;Carney&nbsp;: le projet McIlvenna Bay (cuivre et zinc) et l\u2019expansion de la mine Red Chris (cuivre).<\/p>\n<\/li>\n<\/ul>\n<\/div>\n<\/section>\n\n\n\n<section class=\"wp-block-rbc-section-block  pos-rel\" style=\"border-radius:0px\">\n<div class=\"wp-block-rbc-section-inner-block  section-inner pad-t-0 mob-pad-t-0\" style=\"border-radius:0x\">\n<h2 class=\"wp-block-heading has-rbc-dark-blue-tint-color has-text-color has-link-color wp-elements-78d079960019500db5b438f2765fd53e\" id=\"h-conclusion\">Conclusion<\/h2>\n\n\n\n<p>Selon les Services \u00e9conomiques RBC, alors que le Canada subit un choc national en raison de sa relation commerciale avec les \u00c9tats-Unis, les provinces connaissent des chocs distincts qui cr\u00e9ent des divergences tant dans la croissance que dans les moteurs de croissance. Lire le rapport complet <a href=\"https:\/\/www.rbc.com\/en\/thought-leadership\/economics\/economy-and-markets\/macroeconomic-outlook\/quarterly-canadian-outlook-low-but-positive-growth-ahead\/\" data-dig-id=\"LP-9855-277f27ed\" data-dig-category=\"LP\" data-dig-action=\"link click\" data-dig-label=\"Mise \u00e0 jour trimestrielle canadienne\u00a0: une croissance faible, mais positive est attendue\" class=\"rbc-link-format\">Mise \u00e0 jour trimestrielle canadienne\u00a0: une croissance faible, mais positive est attendue<\/a><\/p>\n\n\n\n<figure class=\"wp-block-image size-full\"><img loading=\"lazy\" decoding=\"async\" width=\"600\" height=\"400\" src=\"https:\/\/www.rbc.com\/fr\/wp-content\/uploads\/sites\/5\/2025\/10\/Sep-19-Trade-zone-chart.png?quality=80\" alt=\"\" class=\"wp-image-9862\" srcset=\"https:\/\/www.rbc.com\/fr\/wp-content\/uploads\/sites\/5\/2025\/10\/Sep-19-Trade-zone-chart.png 600w, https:\/\/www.rbc.com\/fr\/wp-content\/uploads\/sites\/5\/2025\/10\/Sep-19-Trade-zone-chart.png?resize=300,200 300w\" sizes=\"auto, (max-width: 600px) 100vw, 600px\" \/><\/figure>\n<\/div>\n<\/section>\n","protected":false},"excerpt":{"rendered":"<p>Ce qui se profile \u00e0 pr\u00e9sent que les consultations sur l\u2019ACEUM ont d\u00e9marr\u00e9<\/p>\n","protected":false},"author":89,"featured_media":9865,"parent":0,"menu_order":0,"template":"","meta":{"_acf_changed":false,"disable_focal_point":false,"featured_image_focal_point":{"x":0.33,"y":0.62},"advgb_blocks_editor_width":"","advgb_blocks_columns_visual_guide":"","footnotes":""},"rbc_tl_category":[161],"rbc_tl_tag":[],"class_list":["post-9855","rbc_tl","type-rbc_tl","status-publish","has-post-thumbnail","hentry","rbc_tl_category-la-zone-commerciale"],"acf":[],"yoast_head":"<!-- This site is optimized with the Yoast SEO Premium plugin v27.2 (Yoast SEO v27.2) - https:\/\/yoast.com\/product\/yoast-seo-premium-wordpress\/ -->\n<title>Zone commerciale\u00a0: l\u2019heure approche pour l\u2019ACEUM - RBC<\/title>\n<meta name=\"description\" content=\"Ce qui se profile \u00e0 pr\u00e9sent que les consultations sur l\u2019ACEUM ont d\u00e9marr\u00e9\" \/>\n<meta name=\"robots\" content=\"index, follow, max-snippet:-1, max-image-preview:large, max-video-preview:-1\" \/>\n<link rel=\"canonical\" href=\"https:\/\/www.rbc.com\/fr\/leadership-avise\/la-zone-commerciale\/lheure-approche-pour-laceum\/\" \/>\n<meta property=\"og:locale\" content=\"fr_FR\" \/>\n<meta property=\"og:type\" content=\"article\" \/>\n<meta property=\"og:title\" content=\"Zone commerciale : l\u2019heure approche pour l\u2019ACEUM\" \/>\n<meta property=\"og:description\" content=\"Ce qui se profile \u00e0 pr\u00e9sent que les consultations sur l\u2019ACEUM ont d\u00e9marr\u00e9\" \/>\n<meta property=\"og:url\" content=\"https:\/\/www.rbc.com\/fr\/leadership-avise\/la-zone-commerciale\/lheure-approche-pour-laceum\/\" \/>\n<meta property=\"og:site_name\" content=\"RBC\" \/>\n<meta property=\"article:modified_time\" content=\"2025-10-09T17:21:35+00:00\" \/>\n<meta property=\"og:image\" content=\"https:\/\/www.rbc.com\/fr\/wp-content\/uploads\/sites\/5\/2025\/10\/Trade-Zone-9.19-Blog-Image_Branded-1200x627-1.jpg?quality=80\" \/>\n\t<meta property=\"og:image:width\" content=\"2500\" \/>\n\t<meta property=\"og:image:height\" content=\"1306\" \/>\n\t<meta property=\"og:image:type\" content=\"image\/jpeg\" \/>\n<meta name=\"twitter:card\" content=\"summary_large_image\" \/>\n<meta name=\"twitter:title\" content=\"Zone commerciale\u00a0: l\u2019heure approche pour l\u2019ACEUM\" \/>\n<meta name=\"twitter:label1\" content=\"Est. reading time\" \/>\n\t<meta name=\"twitter:data1\" content=\"7 minutes\" \/>\n<script type=\"application\/ld+json\" class=\"yoast-schema-graph\">{\"@context\":\"https:\/\/schema.org\",\"@graph\":[{\"@type\":\"WebPage\",\"@id\":\"https:\/\/www.rbc.com\/fr\/leadership-avise\/la-zone-commerciale\/lheure-approche-pour-laceum\/\",\"url\":\"https:\/\/www.rbc.com\/fr\/leadership-avise\/la-zone-commerciale\/lheure-approche-pour-laceum\/\",\"name\":\"Zone commerciale\u00a0: l\u2019heure approche pour l\u2019ACEUM - RBC\",\"isPartOf\":{\"@id\":\"https:\/\/www.rbc.com\/fr\/#website\"},\"primaryImageOfPage\":{\"@id\":\"https:\/\/www.rbc.com\/fr\/leadership-avise\/la-zone-commerciale\/lheure-approche-pour-laceum\/#primaryimage\"},\"image\":{\"@id\":\"https:\/\/www.rbc.com\/fr\/leadership-avise\/la-zone-commerciale\/lheure-approche-pour-laceum\/#primaryimage\"},\"thumbnailUrl\":\"https:\/\/www.rbc.com\/fr\/wp-content\/uploads\/sites\/5\/2025\/10\/Trade-Zone-9.19-Blog-Image_Banner-wide.jpg?quality=80\",\"datePublished\":\"2025-09-20T17:07:07+00:00\",\"dateModified\":\"2025-10-09T17:21:35+00:00\",\"description\":\"Ce qui se profile \u00e0 pr\u00e9sent que les consultations sur l\u2019ACEUM ont d\u00e9marr\u00e9\",\"inLanguage\":\"fr-FR\",\"potentialAction\":[{\"@type\":\"ReadAction\",\"target\":[\"https:\/\/www.rbc.com\/fr\/leadership-avise\/la-zone-commerciale\/lheure-approche-pour-laceum\/\"]}]},{\"@type\":\"ImageObject\",\"inLanguage\":\"fr-FR\",\"@id\":\"https:\/\/www.rbc.com\/fr\/leadership-avise\/la-zone-commerciale\/lheure-approche-pour-laceum\/#primaryimage\",\"url\":\"https:\/\/www.rbc.com\/fr\/wp-content\/uploads\/sites\/5\/2025\/10\/Trade-Zone-9.19-Blog-Image_Banner-wide.jpg?quality=80\",\"contentUrl\":\"https:\/\/www.rbc.com\/fr\/wp-content\/uploads\/sites\/5\/2025\/10\/Trade-Zone-9.19-Blog-Image_Banner-wide.jpg?quality=80\",\"width\":7250,\"height\":3500,\"caption\":\"Zone commerciale : l\u2019heure approche pour l\u2019ACEUM\"},{\"@type\":\"WebSite\",\"@id\":\"https:\/\/www.rbc.com\/fr\/#website\",\"url\":\"https:\/\/www.rbc.com\/fr\/\",\"name\":\"RBC\",\"description\":\"\",\"potentialAction\":[{\"@type\":\"SearchAction\",\"target\":{\"@type\":\"EntryPoint\",\"urlTemplate\":\"https:\/\/www.rbc.com\/fr\/?s={search_term_string}\"},\"query-input\":{\"@type\":\"PropertyValueSpecification\",\"valueRequired\":true,\"valueName\":\"search_term_string\"}}],\"inLanguage\":\"fr-FR\"}]}<\/script>\n<!-- \/ Yoast SEO Premium plugin. -->","yoast_head_json":{"title":"Zone commerciale\u00a0: l\u2019heure approche pour l\u2019ACEUM - RBC","description":"Ce qui se profile \u00e0 pr\u00e9sent que les consultations sur l\u2019ACEUM ont d\u00e9marr\u00e9","robots":{"index":"index","follow":"follow","max-snippet":"max-snippet:-1","max-image-preview":"max-image-preview:large","max-video-preview":"max-video-preview:-1"},"canonical":"https:\/\/www.rbc.com\/fr\/leadership-avise\/la-zone-commerciale\/lheure-approche-pour-laceum\/","og_locale":"fr_FR","og_type":"article","og_title":"Zone commerciale : l\u2019heure approche pour l\u2019ACEUM","og_description":"Ce qui se profile \u00e0 pr\u00e9sent que les consultations sur l\u2019ACEUM ont d\u00e9marr\u00e9","og_url":"https:\/\/www.rbc.com\/fr\/leadership-avise\/la-zone-commerciale\/lheure-approche-pour-laceum\/","og_site_name":"RBC","article_modified_time":"2025-10-09T17:21:35+00:00","og_image":[{"width":2500,"height":1306,"url":"https:\/\/www.rbc.com\/fr\/wp-content\/uploads\/sites\/5\/2025\/10\/Trade-Zone-9.19-Blog-Image_Branded-1200x627-1.jpg?quality=80","type":"image\/jpeg"}],"twitter_card":"summary_large_image","twitter_title":"Zone commerciale\u00a0: l\u2019heure approche pour l\u2019ACEUM","twitter_misc":{"Est. reading time":"7 minutes"},"schema":{"@context":"https:\/\/schema.org","@graph":[{"@type":"WebPage","@id":"https:\/\/www.rbc.com\/fr\/leadership-avise\/la-zone-commerciale\/lheure-approche-pour-laceum\/","url":"https:\/\/www.rbc.com\/fr\/leadership-avise\/la-zone-commerciale\/lheure-approche-pour-laceum\/","name":"Zone commerciale\u00a0: l\u2019heure approche pour l\u2019ACEUM - RBC","isPartOf":{"@id":"https:\/\/www.rbc.com\/fr\/#website"},"primaryImageOfPage":{"@id":"https:\/\/www.rbc.com\/fr\/leadership-avise\/la-zone-commerciale\/lheure-approche-pour-laceum\/#primaryimage"},"image":{"@id":"https:\/\/www.rbc.com\/fr\/leadership-avise\/la-zone-commerciale\/lheure-approche-pour-laceum\/#primaryimage"},"thumbnailUrl":"https:\/\/www.rbc.com\/fr\/wp-content\/uploads\/sites\/5\/2025\/10\/Trade-Zone-9.19-Blog-Image_Banner-wide.jpg?quality=80","datePublished":"2025-09-20T17:07:07+00:00","dateModified":"2025-10-09T17:21:35+00:00","description":"Ce qui se profile \u00e0 pr\u00e9sent que les consultations sur l\u2019ACEUM ont d\u00e9marr\u00e9","inLanguage":"fr-FR","potentialAction":[{"@type":"ReadAction","target":["https:\/\/www.rbc.com\/fr\/leadership-avise\/la-zone-commerciale\/lheure-approche-pour-laceum\/"]}]},{"@type":"ImageObject","inLanguage":"fr-FR","@id":"https:\/\/www.rbc.com\/fr\/leadership-avise\/la-zone-commerciale\/lheure-approche-pour-laceum\/#primaryimage","url":"https:\/\/www.rbc.com\/fr\/wp-content\/uploads\/sites\/5\/2025\/10\/Trade-Zone-9.19-Blog-Image_Banner-wide.jpg?quality=80","contentUrl":"https:\/\/www.rbc.com\/fr\/wp-content\/uploads\/sites\/5\/2025\/10\/Trade-Zone-9.19-Blog-Image_Banner-wide.jpg?quality=80","width":7250,"height":3500,"caption":"Zone commerciale : l\u2019heure approche pour l\u2019ACEUM"},{"@type":"WebSite","@id":"https:\/\/www.rbc.com\/fr\/#website","url":"https:\/\/www.rbc.com\/fr\/","name":"RBC","description":"","potentialAction":[{"@type":"SearchAction","target":{"@type":"EntryPoint","urlTemplate":"https:\/\/www.rbc.com\/fr\/?s={search_term_string}"},"query-input":{"@type":"PropertyValueSpecification","valueRequired":true,"valueName":"search_term_string"}}],"inLanguage":"fr-FR"}]}},"parsely":{"version":"1.1.0","canonical_url":"https:\/\/rbc.com\/fr\/leadership-avise\/la-zone-commerciale\/lheure-approche-pour-laceum\/","smart_links":{"inbound":0,"outbound":0},"traffic_boost_suggestions_count":0,"meta":{"@context":"https:\/\/schema.org","@type":"NewsArticle","headline":"Zone commerciale\u00a0: l\u2019heure approche pour l\u2019ACEUM","url":"http:\/\/www.rbc.com\/fr\/leadership-avise\/la-zone-commerciale\/lheure-approche-pour-laceum\/","mainEntityOfPage":{"@type":"WebPage","@id":"http:\/\/www.rbc.com\/fr\/leadership-avise\/la-zone-commerciale\/lheure-approche-pour-laceum\/"},"thumbnailUrl":"https:\/\/www.rbc.com\/fr\/wp-content\/uploads\/sites\/5\/2025\/10\/Trade-Zone-9.19-Blog-Image_Banner-wide.jpg?quality=80&w=150&h=150&crop=1","image":{"@type":"ImageObject","url":"https:\/\/www.rbc.com\/fr\/wp-content\/uploads\/sites\/5\/2025\/10\/Trade-Zone-9.19-Blog-Image_Banner-wide.jpg?quality=80"},"articleSection":"Uncategorized","author":[{"@type":"Person","name":"lavanyakaleeswaran"}],"creator":["lavanyakaleeswaran"],"publisher":{"@type":"Organization","name":"RBC","logo":""},"keywords":[],"dateCreated":"2025-09-20T17:07:07Z","datePublished":"2025-09-20T17:07:07Z","dateModified":"2025-10-09T17:21:35Z"},"rendered":"<script type=\"application\/ld+json\" class=\"wp-parsely-metadata\">{\"@context\":\"https:\\\/\\\/schema.org\",\"@type\":\"NewsArticle\",\"headline\":\"Zone commerciale\\u00a0: l\\u2019heure approche pour l\\u2019ACEUM\",\"url\":\"http:\\\/\\\/www.rbc.com\\\/fr\\\/leadership-avise\\\/la-zone-commerciale\\\/lheure-approche-pour-laceum\\\/\",\"mainEntityOfPage\":{\"@type\":\"WebPage\",\"@id\":\"http:\\\/\\\/www.rbc.com\\\/fr\\\/leadership-avise\\\/la-zone-commerciale\\\/lheure-approche-pour-laceum\\\/\"},\"thumbnailUrl\":\"https:\\\/\\\/www.rbc.com\\\/fr\\\/wp-content\\\/uploads\\\/sites\\\/5\\\/2025\\\/10\\\/Trade-Zone-9.19-Blog-Image_Banner-wide.jpg?quality=80&w=150&h=150&crop=1\",\"image\":{\"@type\":\"ImageObject\",\"url\":\"https:\\\/\\\/www.rbc.com\\\/fr\\\/wp-content\\\/uploads\\\/sites\\\/5\\\/2025\\\/10\\\/Trade-Zone-9.19-Blog-Image_Banner-wide.jpg?quality=80\"},\"articleSection\":\"Uncategorized\",\"author\":[{\"@type\":\"Person\",\"name\":\"lavanyakaleeswaran\"}],\"creator\":[\"lavanyakaleeswaran\"],\"publisher\":{\"@type\":\"Organization\",\"name\":\"RBC\",\"logo\":\"\"},\"keywords\":[],\"dateCreated\":\"2025-09-20T17:07:07Z\",\"datePublished\":\"2025-09-20T17:07:07Z\",\"dateModified\":\"2025-10-09T17:21:35Z\"}<\/script>","tracker_url":"https:\/\/cdn.parsely.com\/keys\/rbc.com\/p.js"},"featured_img":"https:\/\/www.rbc.com\/fr\/wp-content\/uploads\/sites\/5\/2025\/10\/Trade-Zone-9.19-Blog-Image_Banner-wide.jpg?quality=80&w=1024","coauthors":[],"author_meta":{"author_link":"https:\/\/www.rbc.com\/fr\/author\/lavanyakaleeswaran\/","display_name":"lavanyakaleeswaran"},"relative_dates":{"created":"Publi\u00e9 7 mois il y a","modified":"Mis \u00e0 jour 7 mois il y a"},"absolute_dates":{"created":"Publi\u00e9 le 20 septembre 2025","modified":"Mise \u00e0 jour le 9 octobre 2025"},"absolute_dates_time":{"created":"Publi\u00e9 le 20 septembre 2025 5:07  ","modified":"Mise \u00e0 jour le 9 octobre 2025 5:21  "},"featured_img_caption":"","tax_additional":{"rbc_tl_category":{"linked":["<a href=\"https:\/\/www.rbc.com\/fr\/leadership-avise\/la-zone-commerciale\/\" class=\"advgb-post-tax-term\">La zone commerciale<\/a>"],"unlinked":["<span class=\"advgb-post-tax-term\">La zone commerciale<\/span>"],"slug":"rbc_tl_category","name":"Categories"},"rbc_tl_tag":{"linked":[],"unlinked":[],"slug":"rbc_tl_tag","name":"Tags"}},"series_order":"","_links":{"self":[{"href":"https:\/\/www.rbc.com\/fr\/wp-json\/wp\/v2\/rbc_tl\/9855","targetHints":{"allow":["GET"]}}],"collection":[{"href":"https:\/\/www.rbc.com\/fr\/wp-json\/wp\/v2\/rbc_tl"}],"about":[{"href":"https:\/\/www.rbc.com\/fr\/wp-json\/wp\/v2\/types\/rbc_tl"}],"author":[{"embeddable":true,"href":"https:\/\/www.rbc.com\/fr\/wp-json\/wp\/v2\/users\/89"}],"version-history":[{"count":9,"href":"https:\/\/www.rbc.com\/fr\/wp-json\/wp\/v2\/rbc_tl\/9855\/revisions"}],"predecessor-version":[{"id":9881,"href":"https:\/\/www.rbc.com\/fr\/wp-json\/wp\/v2\/rbc_tl\/9855\/revisions\/9881"}],"wp:featuredmedia":[{"embeddable":true,"href":"https:\/\/www.rbc.com\/fr\/wp-json\/wp\/v2\/media\/9865"}],"wp:attachment":[{"href":"https:\/\/www.rbc.com\/fr\/wp-json\/wp\/v2\/media?parent=9855"}],"wp:term":[{"taxonomy":"rbc_tl_category","embeddable":true,"href":"https:\/\/www.rbc.com\/fr\/wp-json\/wp\/v2\/rbc_tl_category?post=9855"},{"taxonomy":"rbc_tl_tag","embeddable":true,"href":"https:\/\/www.rbc.com\/fr\/wp-json\/wp\/v2\/rbc_tl_tag?post=9855"}],"curies":[{"name":"wp","href":"https:\/\/api.w.org\/{rel}","templated":true}]}}