{"id":9673,"date":"2025-10-07T16:01:10","date_gmt":"2025-10-07T16:01:10","guid":{"rendered":"https:\/\/www.rbc.com\/fr\/?post_type=rbc_tl&#038;p=9673\/trade-zone-what-if-we-dont-get-the-deal-we-want"},"modified":"2025-12-03T21:25:02","modified_gmt":"2025-12-03T21:25:02","slug":"et-si-nous-nobtenons-pas-laccord-que-nous-voulons","status":"publish","type":"rbc_tl","link":"https:\/\/www.rbc.com\/fr\/leadership-avise\/la-zone-commerciale\/et-si-nous-nobtenons-pas-laccord-que-nous-voulons\/","title":{"rendered":"Zone commerciale\u00a0:Et si nous n\u2019obtenons pas l\u2019accord que nous voulons\u00a0?"},"content":{"rendered":"\n<section class=\"wp-block-rbc-section-block  pos-rel\" style=\"border-radius:0px\">\n<div class=\"wp-block-rbc-section-inner-block  section-inner pad-t-0 mob-pad-t-0\" style=\"border-radius:0x\">\n<h2 class=\"wp-block-heading has-rbc-dark-blue-tint-color has-text-color has-link-color wp-elements-8a4b6b8cbe442785a0bc6f0f31317930\" id=\"h-faits-saillants\">Faits saillants<\/h2>\n\n\n\n<p>Par <strong><em>Jordan Brennan, <\/em><\/strong><em><em>chef, Leadership avis\u00e9&nbsp;RBC<\/em><\/em><\/p>\n\n\n\n<ul class=\"wp-block-rbc-list is-style-black-disc\">\n<li class=\"wp-block-rbc-list-item\">\n<p>Mark\u00a0Carney retournera \u00e0 Washington la semaine prochaine. Au programme\u00a0: r\u00e9tablir les liens \u00ab\u00a0s\u00e9curitaires et \u00e9conomiques\u00a0\u00bb avec les \u00c9tats-Unis ou, \u00e0 tout le moins, apporter un certain soulagement aux secteurs canadiens de l\u2019acier, de l\u2019aluminium et de l\u2019automobile, qui sont malmen\u00e9s.<\/p>\n<\/li>\n\n\n\n<li class=\"wp-block-rbc-list-item\">\n<p>La s\u00e9curit\u00e9 et l\u2019\u00e9conomie occupant le devant de la sc\u00e8ne, d\u2019autres sujets devraient figurer au programme du Bureau ovale, notamment le projet de bouclier antimissile du D\u00f4me dor\u00e9, dont Donald\u00a0Trump a encore parl\u00e9 cette semaine pour piquer\u00a0<a href=\"https:\/\/www.ctvnews.ca\/video\/2025\/09\/30\/become-the-51st-state-and-you-get-it-for-free-trump-on-canada-joining-golden-dome\/\" data-dig-id=\"LP-9673-40a52afa\" data-dig-category=\"LP\" data-dig-action=\"link click\" data-dig-label=\"Ottawa\" class=\"rbc-link-format\">Ottawa<\/a>, en faisant de nouveau allusion au \u00ab\u00a051<sup>e<\/sup>\u00a0\u00c9tat\u00a0\u00bb. M.\u00a0Carney pourrait-il mettre de l\u2019avant l\u2019importance de l\u2019acier et de l\u2019aluminium dans le cadre de la collaboration avec Washington en mati\u00e8re de d\u00e9fense\u00a0?<\/p>\n<\/li>\n\n\n\n<li class=\"wp-block-rbc-list-item\">\n<p>Dominic LeBlanc, ministre du Commerce Canada-\u00c9tats-Unis,\u00a0<a href=\"https:\/\/senparlvu.parl.gc.ca\/Harmony\/en\/PowerBrowser\/PowerBrowserV2?fk=669718&amp;globalStreamId=3\" data-dig-id=\"LP-9673-63ea7b37\" data-dig-category=\"LP\" data-dig-action=\"link click\" data-dig-label=\"paraissait\" class=\"rbc-link-format\">paraissait<\/a>\u00a0optimiste cette semaine, quant \u00e0 la possibilit\u00e9 de r\u00e9aliser des progr\u00e8s \u00e0 l\u2019\u00e9gard des principaux points d\u2019achoppement avec l\u2019administration\u00a0Trump.<\/p>\n<\/li>\n\n\n\n<li class=\"wp-block-rbc-list-item\">\n<p>Le mois dernier, les deux partenaires ont aussi amorc\u00e9 des consultations sur l\u2019Accord Canada\u2013\u00c9tats-Unis\u2013Mexique en pr\u00e9vision de la r\u00e9vision de l\u2019accord commercial tripartite. Mais qu\u2019adviendra-t-il si les jours d\u2019un d\u2019acc\u00e8s libre de droits de douane au march\u00e9 am\u00e9ricain sont d\u00e9finitivement r\u00e9volus\u00a0?<\/p>\n<\/li>\n\n\n\n<li class=\"wp-block-rbc-list-item\">\n<p>Il n\u2019est pas exag\u00e9r\u00e9 de supposer que le Canada pourrait se retrouver avec un accord comparable \u00e0 celui du Royaume-Uni, \u00e0 savoir des droits de douane g\u00e9n\u00e9raux de 10\u00a0% pour l\u2019acc\u00e8s au march\u00e9 am\u00e9ricain.<\/p>\n<\/li>\n\n\n\n<li class=\"wp-block-rbc-list-item\">\n<p>En mars, M.\u00a0Trump a impos\u00e9 des droits de douane de\u00a0<a href=\"https:\/\/www.whitehouse.gov\/presidential-actions\/2025\/03\/adjusting-imports-of-automobiles-and-autombile-parts-into-the-united-states\/\" data-dig-id=\"LP-9673-75e250a9\" data-dig-category=\"LP\" data-dig-action=\"link click\" data-dig-label=\"25\u00a0%\" class=\"rbc-link-format\">25\u00a0%<\/a>\u00a0sur le contenu non\u00a0am\u00e9ricain des exportations d\u2019automobiles (en vertu de l\u2019article\u00a0232, pour des motifs de \u00ab\u00a0s\u00e9curit\u00e9 nationale\u00a0\u00bb). \u00c9tant donn\u00e9 qu\u2019environ la moiti\u00e9 du contenu d\u2019un v\u00e9hicule assembl\u00e9 au Canada provient des \u00c9tats-Unis, les automobiles canadiennes ont \u00e9t\u00e9 assujetties \u00e0 un taux tarifaire effectif d\u2019environ 12,5\u00a0%. Ce taux est suffisamment proche des droits de douane de 10\u00a0%, pour l\u2019acc\u00e8s au march\u00e9 am\u00e9ricain, pour justifier une comparaison.<\/p>\n<\/li>\n\n\n\n<li class=\"wp-block-rbc-list-item\">\n<p>Les deux parties souffrent\u00a0: au Canada, le taux de ch\u00f4mage est\u00a0<a href=\"https:\/\/www150.statcan.gc.ca\/t1\/tbl1\/en\/tv.action?pid=1410045901\" data-dig-id=\"LP-9673-3e455f85\" data-dig-category=\"LP\" data-dig-action=\"link click\" data-dig-label=\"en hausse\" class=\"rbc-link-format\">en hausse<\/a>\u00a0depuis le d\u00e9but de la guerre commerciale, et la municipalit\u00e9 de Windsor, fortement tributaire de la construction d\u2019automobiles, affiche le taux de ch\u00f4mage le plus \u00e9lev\u00e9 parmi les centres urbains du Canada. Au sud de la fronti\u00e8re, le <a href=\"https:\/\/www.bls.gov\/charts\/employment-situation\/employment-by-industry-monthly-changes.htm?utm_source=chatgpt.com\" data-dig-id=\"LP-9673-13cc3d01\" data-dig-category=\"LP\" data-dig-action=\"link click\" data-dig-label=\"secteur manufacturier\" class=\"rbc-link-format\">secteur manufacturier<\/a>\u00a0a perdu 40\u00a0000\u00a0emplois au cours des six derniers mois, avec des r\u00e9percussions suppl\u00e9mentaires sur les segments de la premi\u00e8re transformation des m\u00e9taux et de la fabrication de produits m\u00e9talliques.<\/p>\n<\/li>\n<\/ul>\n<\/div>\n<\/section>\n\n\n\n<section class=\"wp-block-rbc-section-block  pos-rel\" style=\"border-radius:0px\">\n<div class=\"wp-block-rbc-section-inner-block  section-inner pad-t-0 mob-pad-t-0\" style=\"border-radius:0x\">\n<h2 class=\"wp-block-heading has-rbc-dark-blue-tint-color has-text-color has-link-color wp-elements-5ca60bb5a9f063e3178d8381a32c8724\" id=\"h-la-semaine-ecoulee\">La semaine \u00e9coul\u00e9e<\/h2>\n\n\n\n<ul class=\"wp-block-rbc-list is-style-black-disc\">\n<li class=\"wp-block-rbc-list-item\">\n<p>Les producteurs canadiens de bois d\u2019\u0153uvre ont \u00e9t\u00e9 frapp\u00e9s de droits de douane suppl\u00e9mentaires de 10\u00a0%.\u00a0Cette\u00a0<a href=\"https:\/\/rbcservices.newsweaver.com\/TheCurrentAccount\/1kudo3t5ws0zsqy3y8kibs\/external?email=true&amp;a=5&amp;p=65973749&amp;t=29200641\" data-dig-id=\"LP-9673-0fd99ab2\" data-dig-category=\"LP\" data-dig-action=\"link click\" data-dig-label=\"nouvelle taxe\" class=\"rbc-link-format\">nouvelle taxe<\/a>\u00a0s\u2019ajoutera aux droits de douane antidumping actuels de 35,16\u00a0% que les \u00c9tats-Unis ont impos\u00e9 cette ann\u00e9e sur les importations de bois d\u2019\u0153uvre en provenance du Canada.<\/p>\n<\/li>\n\n\n\n<li class=\"wp-block-rbc-list-item\">\n<p>La semaine prochaine, l\u2019Union europ\u00e9enne devrait\u00a0<a href=\"https:\/\/www.bloomberg.com\/news\/articles\/2025-10-02\/eu-to-propose-doubling-tariff-rate-on-steel-imports-to-50?srnd=homepage-canada\" data-dig-id=\"LP-9673-f3090ebc\" data-dig-category=\"LP\" data-dig-action=\"link click\" data-dig-label=\"annoncer\" class=\"rbc-link-format\">annoncer<\/a>\u00a0l\u2019instauration d\u2019un droit de douane de 50\u00a0% sur les importations d\u2019acier, s\u2019alignant sur les mesures similaires prises par les \u00c9tats-Unis et le Canada.<\/p>\n<\/li>\n\n\n\n<li class=\"wp-block-rbc-list-item\">\n<p>\u00c0 la <a href=\"https:\/\/www.bloomberg.com\/news\/articles\/2025-10-02\/us-may-ease-tariffs-on-scotch-whisky-to-help-bourbon-industry?srnd=homepage-canada\" data-dig-id=\"LP-9673-faf23e71\" data-dig-category=\"LP\" data-dig-action=\"link click\" data-dig-label=\"demande\" class=\"rbc-link-format\">demande<\/a>\u00a0de Keir\u00a0Starmer, premier ministre du Royaume-Uni, le pr\u00e9sident am\u00e9ricain Donald\u00a0Trump envisagerait de r\u00e9duire les droits de douane de 10\u00a0% impos\u00e9s sur les importations de whisky \u00e9cossais.<\/p>\n<\/li>\n\n\n\n<li class=\"wp-block-rbc-list-item\">\n<p>Le minist\u00e8re des Affaires \u00e9trang\u00e8res de la Cor\u00e9e du Sud a <a href=\"https:\/\/www.bloomberg.com\/news\/articles\/2025-10-02\/seoul-likely-to-unveil-security-pact-with-us-before-trade-deal\" data-dig-id=\"LP-9673-22c57f37\" data-dig-category=\"LP\" data-dig-action=\"link click\" data-dig-label=\"fait savoir\" class=\"rbc-link-format\">fait savoir<\/a>\u00a0que S\u00e9oul devrait annoncer un nouvel accord sur la s\u00e9curit\u00e9 avec les \u00c9tats-Unis avant de finaliser les pourparlers commerciaux.<\/p>\n<\/li>\n<\/ul>\n<\/div>\n<\/section>\n\n\n\n<section class=\"wp-block-rbc-section-block  pos-rel\" style=\"border-radius:0px\">\n<div class=\"wp-block-rbc-section-inner-block  section-inner pad-t-0 mob-pad-t-0\" style=\"border-radius:0x\">\n<h2 class=\"wp-block-heading has-rbc-dark-blue-tint-color has-text-color has-link-color wp-elements-49f3385a4b4b60eb8d1343734d4f1965\" id=\"h-comment-retablir-les-relations-economiques-avec-l-inde\">Comment r\u00e9tablir les relations \u00e9conomiques avec l\u2019Inde<\/h2>\n\n\n\n<p>An India-Canada reset is underway, writes <strong>John Stackhouse<\/strong>, and this time it will require a lot more than handshakes.&nbsp;<\/p>\n\n\n\n<p class=\"pad-l mob-pad-l\">Selon John&nbsp;Stackhouse, le r\u00e9tablissement des relations entre l\u2019Inde et le Canada est en cours, mais, cette fois, il faudra bien plus que des poign\u00e9es de main.&nbsp;<\/p>\n\n\n\n<p class=\"pad-l mob-pad-l\">Sur le plan commercial, l\u2019Inde est pass\u00e9e du 16<sup>e<\/sup>&nbsp;rang des partenaires du Canada en importance en 2008, au 10<sup>e<\/sup>&nbsp;rang en 2015, puis au 7<sup>e<\/sup>&nbsp;rang l\u2019an dernier.<\/p>\n\n\n\n<p class=\"pad-l mob-pad-l\">Il en va autrement du Canada, qui se classe seulement au 30<sup>e<\/sup>&nbsp;rang des partenaires de l\u2019Inde. Le commerce bilat\u00e9ral a atteint 31&nbsp;milliards de dollars en 2024, en prenant en compte les services, contre 117&nbsp;milliards de dollars avec la Chine. La baisse du nombre d\u2019\u00e9tudiants \u00e9trangers, qui constituent l\u2019une des plus importantes sources de revenus indiens pour le Canada, ralentira encore plus ces progr\u00e8s, car la politique du Canada, per\u00e7ue comme une politique de repli, a entach\u00e9 notre r\u00e9putation aupr\u00e8s de toute une g\u00e9n\u00e9ration de jeunes Indiens instruits. &nbsp;<\/p>\n\n\n\n<p class=\"pad-l mob-pad-l\">Et ce n\u2019est pas l\u2019unique raison pour laquelle la volont\u00e9 du Canada de relancer les n\u00e9gociations commerciales pourrait exiger de la patience. En effet, l\u2019Inde et M.&nbsp;Modi, qui font preuve d\u2019une confiance croissante, ne feront pas facilement des compromis, surtout sur des questions telles que les droits de propri\u00e9t\u00e9 intellectuelle, que l\u2019Inde consid\u00e8re depuis longtemps comme une forme de colonialisme occidental.&nbsp;<\/p>\n\n\n\n<p class=\"pad-l mob-pad-l\">Ces diff\u00e9rences mises \u00e0 part, les deux pays partagent des liens uniques et profonds, en grande partie li\u00e9s \u00e0 la population indo-canadienne. \u00c0 l\u2019avenir, l\u2019Inde souhaitera \u00e9tablir des relations plus m\u00fbres, fond\u00e9es sur des int\u00e9r\u00eats, en particulier sur le plan \u00e9conomique. Le Canada pourra aussi saisir de nouvelles occasions, allant du p\u00e9trole lourd au GNL, en passant par les technologies spatiales et de fabrication de pointe.&nbsp;<\/p>\n\n\n\n<p class=\"pad-l mob-pad-l\">Une relation renouvel\u00e9e exigera que les deux pays reconnaissent ce que chacun d\u2019eux apporte \u00e0 l\u2019autre. Elle peut aussi mettre l\u2019accent sur ce que les deux pays peuvent accomplir gr\u00e2ce \u00e0 des alliances et \u00e0 des groupes multilat\u00e9raux.<\/p>\n\n\n\n<p>Lisez <a href=\"https:\/\/www.rbc.com\/en\/thought-leadership\/trade-hub-commentary\/how-to-revive-economic-ties-with-india\/\" data-dig-id=\"LP-9673-d8a02099\" data-dig-category=\"LP\" data-dig-action=\"link click\" data-dig-label=\"l\u2019article\" class=\"rbc-link-format\">l\u2019article<\/a>\u00a0complet.<\/p>\n<\/div>\n<\/section>\n","protected":false},"excerpt":{"rendered":"<p>Le secteur de l\u2019automobile donne des indications sur la direction que pourraient prendre les choses<\/p>\n","protected":false},"author":89,"featured_media":9682,"parent":0,"menu_order":0,"template":"","meta":{"_acf_changed":false,"disable_focal_point":true,"featured_image_focal_point":{"x":0.5,"y":0.5},"advgb_blocks_editor_width":"","advgb_blocks_columns_visual_guide":"","footnotes":""},"rbc_tl_category":[161],"rbc_tl_tag":[],"class_list":["post-9673","rbc_tl","type-rbc_tl","status-publish","has-post-thumbnail","hentry","rbc_tl_category-la-zone-commerciale"],"acf":[],"yoast_head":"<!-- This site is optimized with the Yoast SEO Premium plugin v27.4 (Yoast SEO v27.4) - https:\/\/yoast.com\/product\/yoast-seo-premium-wordpress\/ -->\n<title>Zone commerciale\u00a0:Et si nous n\u2019obtenons pas l\u2019accord que nous voulons\u00a0? - RBC<\/title>\n<meta name=\"description\" content=\"Le secteur de l\u2019automobile donne des indications sur la direction que pourraient prendre les choses\" \/>\n<meta name=\"robots\" content=\"index, follow, max-snippet:-1, max-image-preview:large, max-video-preview:-1\" \/>\n<link rel=\"canonical\" href=\"https:\/\/www.rbc.com\/fr\/leadership-avise\/la-zone-commerciale\/et-si-nous-nobtenons-pas-laccord-que-nous-voulons\/\" \/>\n<meta property=\"og:locale\" content=\"fr_FR\" \/>\n<meta property=\"og:type\" content=\"article\" \/>\n<meta property=\"og:title\" content=\"Zone commerciale : Et si nous n\u2019obtenons pas l\u2019accord que nous voulons ?\" \/>\n<meta property=\"og:description\" content=\"Le secteur de l\u2019automobile donne des indications sur la direction que pourraient prendre les choses\" \/>\n<meta property=\"og:url\" content=\"https:\/\/www.rbc.com\/fr\/leadership-avise\/la-zone-commerciale\/et-si-nous-nobtenons-pas-laccord-que-nous-voulons\/\" \/>\n<meta property=\"og:site_name\" content=\"RBC\" \/>\n<meta property=\"article:modified_time\" content=\"2025-12-03T21:25:02+00:00\" \/>\n<meta property=\"og:image\" content=\"https:\/\/www.rbc.com\/fr\/wp-content\/uploads\/sites\/5\/2025\/10\/Trade-Zone-10.03-Blog-Image_Branded-1200x627-1.jpg?quality=80\" \/>\n\t<meta property=\"og:image:width\" content=\"2500\" \/>\n\t<meta property=\"og:image:height\" content=\"1306\" \/>\n\t<meta property=\"og:image:type\" content=\"image\/jpeg\" \/>\n<meta name=\"twitter:card\" content=\"summary_large_image\" \/>\n<meta name=\"twitter:title\" content=\"Zone commerciale\u00a0:Et si nous n\u2019obtenons pas l\u2019accord que nous voulons\u00a0?\" \/>\n<meta name=\"twitter:label1\" content=\"Est. reading time\" \/>\n\t<meta name=\"twitter:data1\" content=\"5 minutes\" \/>\n<script type=\"application\/ld+json\" class=\"yoast-schema-graph\">{\"@context\":\"https:\\\/\\\/schema.org\",\"@graph\":[{\"@type\":\"WebPage\",\"@id\":\"https:\\\/\\\/www.rbc.com\\\/fr\\\/leadership-avise\\\/la-zone-commerciale\\\/et-si-nous-nobtenons-pas-laccord-que-nous-voulons\\\/\",\"url\":\"https:\\\/\\\/www.rbc.com\\\/fr\\\/leadership-avise\\\/la-zone-commerciale\\\/et-si-nous-nobtenons-pas-laccord-que-nous-voulons\\\/\",\"name\":\"Zone commerciale\u00a0:Et si nous n\u2019obtenons pas l\u2019accord que nous voulons\u00a0? - RBC\",\"isPartOf\":{\"@id\":\"https:\\\/\\\/www.rbc.com\\\/fr\\\/#website\"},\"primaryImageOfPage\":{\"@id\":\"https:\\\/\\\/www.rbc.com\\\/fr\\\/leadership-avise\\\/la-zone-commerciale\\\/et-si-nous-nobtenons-pas-laccord-que-nous-voulons\\\/#primaryimage\"},\"image\":{\"@id\":\"https:\\\/\\\/www.rbc.com\\\/fr\\\/leadership-avise\\\/la-zone-commerciale\\\/et-si-nous-nobtenons-pas-laccord-que-nous-voulons\\\/#primaryimage\"},\"thumbnailUrl\":\"https:\\\/\\\/www.rbc.com\\\/fr\\\/wp-content\\\/uploads\\\/sites\\\/5\\\/2025\\\/10\\\/Trade-Zone-10.03-Blog-Image_Banner-wide.jpg?quality=80\",\"datePublished\":\"2025-10-07T16:01:10+00:00\",\"dateModified\":\"2025-12-03T21:25:02+00:00\",\"description\":\"Le secteur de l\u2019automobile donne des indications sur la direction que pourraient prendre les choses\",\"inLanguage\":\"fr-FR\",\"potentialAction\":[{\"@type\":\"ReadAction\",\"target\":[\"https:\\\/\\\/www.rbc.com\\\/fr\\\/leadership-avise\\\/la-zone-commerciale\\\/et-si-nous-nobtenons-pas-laccord-que-nous-voulons\\\/\"]}]},{\"@type\":\"ImageObject\",\"inLanguage\":\"fr-FR\",\"@id\":\"https:\\\/\\\/www.rbc.com\\\/fr\\\/leadership-avise\\\/la-zone-commerciale\\\/et-si-nous-nobtenons-pas-laccord-que-nous-voulons\\\/#primaryimage\",\"url\":\"https:\\\/\\\/www.rbc.com\\\/fr\\\/wp-content\\\/uploads\\\/sites\\\/5\\\/2025\\\/10\\\/Trade-Zone-10.03-Blog-Image_Banner-wide.jpg?quality=80\",\"contentUrl\":\"https:\\\/\\\/www.rbc.com\\\/fr\\\/wp-content\\\/uploads\\\/sites\\\/5\\\/2025\\\/10\\\/Trade-Zone-10.03-Blog-Image_Banner-wide.jpg?quality=80\",\"width\":7250,\"height\":3500,\"caption\":\"Zone commerciale : Et si nous n\u2019obtenons pas l\u2019accord que nous voulons ?\"},{\"@type\":\"WebSite\",\"@id\":\"https:\\\/\\\/www.rbc.com\\\/fr\\\/#website\",\"url\":\"https:\\\/\\\/www.rbc.com\\\/fr\\\/\",\"name\":\"RBC\",\"description\":\"\",\"potentialAction\":[{\"@type\":\"SearchAction\",\"target\":{\"@type\":\"EntryPoint\",\"urlTemplate\":\"https:\\\/\\\/www.rbc.com\\\/fr\\\/?s={search_term_string}\"},\"query-input\":{\"@type\":\"PropertyValueSpecification\",\"valueRequired\":true,\"valueName\":\"search_term_string\"}}],\"inLanguage\":\"fr-FR\"}]}<\/script>\n<!-- \/ Yoast SEO Premium plugin. -->","yoast_head_json":{"title":"Zone commerciale\u00a0:Et si nous n\u2019obtenons pas l\u2019accord que nous voulons\u00a0? - RBC","description":"Le secteur de l\u2019automobile donne des indications sur la direction que pourraient prendre les choses","robots":{"index":"index","follow":"follow","max-snippet":"max-snippet:-1","max-image-preview":"max-image-preview:large","max-video-preview":"max-video-preview:-1"},"canonical":"https:\/\/www.rbc.com\/fr\/leadership-avise\/la-zone-commerciale\/et-si-nous-nobtenons-pas-laccord-que-nous-voulons\/","og_locale":"fr_FR","og_type":"article","og_title":"Zone commerciale : Et si nous n\u2019obtenons pas l\u2019accord que nous voulons ?","og_description":"Le secteur de l\u2019automobile donne des indications sur la direction que pourraient prendre les choses","og_url":"https:\/\/www.rbc.com\/fr\/leadership-avise\/la-zone-commerciale\/et-si-nous-nobtenons-pas-laccord-que-nous-voulons\/","og_site_name":"RBC","article_modified_time":"2025-12-03T21:25:02+00:00","og_image":[{"width":2500,"height":1306,"url":"https:\/\/www.rbc.com\/fr\/wp-content\/uploads\/sites\/5\/2025\/10\/Trade-Zone-10.03-Blog-Image_Branded-1200x627-1.jpg?quality=80","type":"image\/jpeg"}],"twitter_card":"summary_large_image","twitter_title":"Zone commerciale\u00a0:Et si nous n\u2019obtenons pas l\u2019accord que nous voulons\u00a0?","twitter_misc":{"Est. reading time":"5 minutes"},"schema":{"@context":"https:\/\/schema.org","@graph":[{"@type":"WebPage","@id":"https:\/\/www.rbc.com\/fr\/leadership-avise\/la-zone-commerciale\/et-si-nous-nobtenons-pas-laccord-que-nous-voulons\/","url":"https:\/\/www.rbc.com\/fr\/leadership-avise\/la-zone-commerciale\/et-si-nous-nobtenons-pas-laccord-que-nous-voulons\/","name":"Zone commerciale\u00a0:Et si nous n\u2019obtenons pas l\u2019accord que nous voulons\u00a0? - RBC","isPartOf":{"@id":"https:\/\/www.rbc.com\/fr\/#website"},"primaryImageOfPage":{"@id":"https:\/\/www.rbc.com\/fr\/leadership-avise\/la-zone-commerciale\/et-si-nous-nobtenons-pas-laccord-que-nous-voulons\/#primaryimage"},"image":{"@id":"https:\/\/www.rbc.com\/fr\/leadership-avise\/la-zone-commerciale\/et-si-nous-nobtenons-pas-laccord-que-nous-voulons\/#primaryimage"},"thumbnailUrl":"https:\/\/www.rbc.com\/fr\/wp-content\/uploads\/sites\/5\/2025\/10\/Trade-Zone-10.03-Blog-Image_Banner-wide.jpg?quality=80","datePublished":"2025-10-07T16:01:10+00:00","dateModified":"2025-12-03T21:25:02+00:00","description":"Le secteur de l\u2019automobile donne des indications sur la direction que pourraient prendre les choses","inLanguage":"fr-FR","potentialAction":[{"@type":"ReadAction","target":["https:\/\/www.rbc.com\/fr\/leadership-avise\/la-zone-commerciale\/et-si-nous-nobtenons-pas-laccord-que-nous-voulons\/"]}]},{"@type":"ImageObject","inLanguage":"fr-FR","@id":"https:\/\/www.rbc.com\/fr\/leadership-avise\/la-zone-commerciale\/et-si-nous-nobtenons-pas-laccord-que-nous-voulons\/#primaryimage","url":"https:\/\/www.rbc.com\/fr\/wp-content\/uploads\/sites\/5\/2025\/10\/Trade-Zone-10.03-Blog-Image_Banner-wide.jpg?quality=80","contentUrl":"https:\/\/www.rbc.com\/fr\/wp-content\/uploads\/sites\/5\/2025\/10\/Trade-Zone-10.03-Blog-Image_Banner-wide.jpg?quality=80","width":7250,"height":3500,"caption":"Zone commerciale : Et si nous n\u2019obtenons pas l\u2019accord que nous voulons ?"},{"@type":"WebSite","@id":"https:\/\/www.rbc.com\/fr\/#website","url":"https:\/\/www.rbc.com\/fr\/","name":"RBC","description":"","potentialAction":[{"@type":"SearchAction","target":{"@type":"EntryPoint","urlTemplate":"https:\/\/www.rbc.com\/fr\/?s={search_term_string}"},"query-input":{"@type":"PropertyValueSpecification","valueRequired":true,"valueName":"search_term_string"}}],"inLanguage":"fr-FR"}]}},"parsely":{"version":"1.1.0","canonical_url":"https:\/\/rbc.com\/fr\/leadership-avise\/la-zone-commerciale\/et-si-nous-nobtenons-pas-laccord-que-nous-voulons\/","smart_links":{"inbound":0,"outbound":0},"traffic_boost_suggestions_count":0,"meta":{"@context":"https:\/\/schema.org","@type":"NewsArticle","headline":"Zone commerciale\u00a0:Et si nous n\u2019obtenons pas l\u2019accord que nous voulons\u00a0?","url":"http:\/\/www.rbc.com\/fr\/leadership-avise\/la-zone-commerciale\/et-si-nous-nobtenons-pas-laccord-que-nous-voulons\/","mainEntityOfPage":{"@type":"WebPage","@id":"http:\/\/www.rbc.com\/fr\/leadership-avise\/la-zone-commerciale\/et-si-nous-nobtenons-pas-laccord-que-nous-voulons\/"},"thumbnailUrl":"https:\/\/www.rbc.com\/fr\/wp-content\/uploads\/sites\/5\/2025\/10\/Trade-Zone-10.03-Blog-Image_Banner-wide.jpg?quality=80&w=150&h=150&crop=1","image":{"@type":"ImageObject","url":"https:\/\/www.rbc.com\/fr\/wp-content\/uploads\/sites\/5\/2025\/10\/Trade-Zone-10.03-Blog-Image_Banner-wide.jpg?quality=80"},"articleSection":"Uncategorized","author":[{"@type":"Person","name":"lavanyakaleeswaran"}],"creator":["lavanyakaleeswaran"],"publisher":{"@type":"Organization","name":"RBC","logo":""},"keywords":[],"dateCreated":"2025-10-07T16:01:10Z","datePublished":"2025-10-07T16:01:10Z","dateModified":"2025-12-03T21:25:02Z"},"rendered":"<script type=\"application\/ld+json\" class=\"wp-parsely-metadata\">{\"@context\":\"https:\\\/\\\/schema.org\",\"@type\":\"NewsArticle\",\"headline\":\"Zone commerciale\\u00a0:Et si nous n\\u2019obtenons pas l\\u2019accord que nous voulons\\u00a0?\",\"url\":\"http:\\\/\\\/www.rbc.com\\\/fr\\\/leadership-avise\\\/la-zone-commerciale\\\/et-si-nous-nobtenons-pas-laccord-que-nous-voulons\\\/\",\"mainEntityOfPage\":{\"@type\":\"WebPage\",\"@id\":\"http:\\\/\\\/www.rbc.com\\\/fr\\\/leadership-avise\\\/la-zone-commerciale\\\/et-si-nous-nobtenons-pas-laccord-que-nous-voulons\\\/\"},\"thumbnailUrl\":\"https:\\\/\\\/www.rbc.com\\\/fr\\\/wp-content\\\/uploads\\\/sites\\\/5\\\/2025\\\/10\\\/Trade-Zone-10.03-Blog-Image_Banner-wide.jpg?quality=80&w=150&h=150&crop=1\",\"image\":{\"@type\":\"ImageObject\",\"url\":\"https:\\\/\\\/www.rbc.com\\\/fr\\\/wp-content\\\/uploads\\\/sites\\\/5\\\/2025\\\/10\\\/Trade-Zone-10.03-Blog-Image_Banner-wide.jpg?quality=80\"},\"articleSection\":\"Uncategorized\",\"author\":[{\"@type\":\"Person\",\"name\":\"lavanyakaleeswaran\"}],\"creator\":[\"lavanyakaleeswaran\"],\"publisher\":{\"@type\":\"Organization\",\"name\":\"RBC\",\"logo\":\"\"},\"keywords\":[],\"dateCreated\":\"2025-10-07T16:01:10Z\",\"datePublished\":\"2025-10-07T16:01:10Z\",\"dateModified\":\"2025-12-03T21:25:02Z\"}<\/script>","tracker_url":"https:\/\/cdn.parsely.com\/keys\/rbc.com\/p.js"},"featured_img":"https:\/\/www.rbc.com\/fr\/wp-content\/uploads\/sites\/5\/2025\/10\/Trade-Zone-10.03-Blog-Image_Banner-wide.jpg?quality=80&w=1024","coauthors":[],"author_meta":{"author_link":"https:\/\/www.rbc.com\/fr\/author\/lavanyakaleeswaran\/","display_name":"lavanyakaleeswaran"},"relative_dates":{"created":"Publi\u00e9 7 mois il y a","modified":"Mis \u00e0 jour 5 mois il y a"},"absolute_dates":{"created":"Publi\u00e9 le 7 octobre 2025","modified":"Mise \u00e0 jour le 3 d\u00e9cembre 2025"},"absolute_dates_time":{"created":"Publi\u00e9 le 7 octobre 2025 4:01  ","modified":"Mise \u00e0 jour le 3 d\u00e9cembre 2025 9:25  "},"featured_img_caption":"","tax_additional":{"rbc_tl_category":{"linked":["<a href=\"https:\/\/www.rbc.com\/fr\/leadership-avise\/la-zone-commerciale\/\" class=\"advgb-post-tax-term\">La zone commerciale<\/a>"],"unlinked":["<span class=\"advgb-post-tax-term\">La zone commerciale<\/span>"],"slug":"rbc_tl_category","name":"Categories"},"rbc_tl_tag":{"linked":[],"unlinked":[],"slug":"rbc_tl_tag","name":"Tags"}},"series_order":"","_links":{"self":[{"href":"https:\/\/www.rbc.com\/fr\/wp-json\/wp\/v2\/rbc_tl\/9673","targetHints":{"allow":["GET"]}}],"collection":[{"href":"https:\/\/www.rbc.com\/fr\/wp-json\/wp\/v2\/rbc_tl"}],"about":[{"href":"https:\/\/www.rbc.com\/fr\/wp-json\/wp\/v2\/types\/rbc_tl"}],"author":[{"embeddable":true,"href":"https:\/\/www.rbc.com\/fr\/wp-json\/wp\/v2\/users\/89"}],"version-history":[{"count":10,"href":"https:\/\/www.rbc.com\/fr\/wp-json\/wp\/v2\/rbc_tl\/9673\/revisions"}],"predecessor-version":[{"id":11435,"href":"https:\/\/www.rbc.com\/fr\/wp-json\/wp\/v2\/rbc_tl\/9673\/revisions\/11435"}],"wp:featuredmedia":[{"embeddable":true,"href":"https:\/\/www.rbc.com\/fr\/wp-json\/wp\/v2\/media\/9682"}],"wp:attachment":[{"href":"https:\/\/www.rbc.com\/fr\/wp-json\/wp\/v2\/media?parent=9673"}],"wp:term":[{"taxonomy":"rbc_tl_category","embeddable":true,"href":"https:\/\/www.rbc.com\/fr\/wp-json\/wp\/v2\/rbc_tl_category?post=9673"},{"taxonomy":"rbc_tl_tag","embeddable":true,"href":"https:\/\/www.rbc.com\/fr\/wp-json\/wp\/v2\/rbc_tl_tag?post=9673"}],"curies":[{"name":"wp","href":"https:\/\/api.w.org\/{rel}","templated":true}]}}