{"id":9551,"date":"2025-10-06T16:17:05","date_gmt":"2025-10-06T16:17:05","guid":{"rendered":"https:\/\/www.rbc.com\/fr\/?post_type=rbc_tl&#038;p=9551\/climate-crunch-building-blocks-of-a-carbon-competitive-canada"},"modified":"2025-10-06T16:17:06","modified_gmt":"2025-10-06T16:17:06","slug":"paver-la-voie-a-la-competitivite-du-marche-du-carbone-au-canada","status":"publish","type":"rbc_tl","link":"https:\/\/www.rbc.com\/fr\/leadership-avise\/institut-action-climatique\/bouleversements-climatiques\/paver-la-voie-a-la-competitivite-du-marche-du-carbone-au-canada\/","title":{"rendered":"Bouleversements climatiques :\u00a0Paver la voie \u00e0 la comp\u00e9titivit\u00e9 du march\u00e9 du carbone au Canada"},"content":{"rendered":"\n<section class=\"wp-block-rbc-section-block  pos-rel\" style=\"border-radius:0px\">\n<div class=\"wp-block-rbc-section-inner-block  section-inner\" style=\"border-radius:0x\">\n<p>\u2794 Semaine du climat de New&nbsp;York&nbsp;: oubliez un instant la marche arri\u00e8re des \u00c9tats-Unis<\/p>\n\n\n\n<p>\u2794 \u00c9nergie \u00e9olienne&nbsp;: la Nouvelle-\u00c9cosse voit grand<\/p>\n\n\n\n<p>\u2794 Notre rapport <em>Unearthing Value<\/em> souligne le r\u00f4le du capital naturel dans les plans de croissance<\/p>\n<\/div>\n<\/section>\n\n\n\n<section class=\"wp-block-rbc-section-block  pos-rel\" style=\"border-radius:0px\">\n<div class=\"wp-block-rbc-section-inner-block  section-inner\" style=\"border-radius:0x\">\n<h2 class=\"wp-block-heading is-style-default default has-rbc-dark-blue-tint-color has-text-color has-link-color wp-elements-c901752bb9f16cd1a660fbbfe5585a2b\" id=\"h-sujets-chauds\">Sujets chauds<\/h2>\n\n\n\n<p>\u2794 <strong>La semaine du climat de New&nbsp;York a lieu contre vents et mar\u00e9es.<\/strong> Dans le cadre de l\u2019\u00e9v\u00e9nement annuel en cours cette semaine \u00e0 New&nbsp;York, plus de 1&nbsp;000&nbsp;s\u00e9ances vont s\u2019y tenir, portant sur l\u2019Arctique, la mode durable, les min\u00e9raux critiques et autres grands enjeux. L\u2019\u00e9v\u00e9nement a pour toile de fond les multiples volte-face op\u00e9r\u00e9es par Washington en ce qui a trait aux \u00e9nergies propres. Le nombre record de sujets abord\u00e9s et de participants (on en attend plus de <a href=\"https:\/\/www.climateweeknyc.org\/news\/biggest-ever-climate-week-nyc-set-break-records-2025\" data-dig-id=\"LP-9551-69f70eb3\" data-dig-category=\"LP\" data-dig-action=\"link click\" data-dig-label=\"100&nbsp;000\" class=\"rbc-link-format\">100&nbsp;000<\/a>) semblent indiquer que l\u2019engouement pour la transition \u00e9nerg\u00e9tique n\u2019a pas n\u00e9cessairement faibli pour autant.<\/p>\n\n\n\n<p>\u2794 <strong>Le projet Wind West de la Nouvelle-\u00c9cosse a le vent en poupe. <\/strong>D\u2019une puissance de 5&nbsp;000&nbsp;MW, les installations qui seraient construites au co\u00fbt de 60&nbsp;milliards de dollars pourraient faire des provinces de l\u2019Atlantique un p\u00f4le majeur en mati\u00e8re d\u2019\u00e9nergie non polluante. Ottawa, <a href=\"https:\/\/www.cbc.ca\/news\/canada\/nova-scotia\/wind-west-offshore-nova-scotia-project-of-national-interest-1.7632240\" data-dig-id=\"LP-9551-50745379\" data-dig-category=\"LP\" data-dig-action=\"link click\" data-dig-label=\"qui estime\" class=\"rbc-link-format\">qui estime<\/a> que la proposition a sa place parmi les grands projets d\u2019int\u00e9r\u00eat national, est en train d\u2019examiner dans quelle mesure l\u2019app\u00e9tit des investisseurs pourrait stimuler la production d\u2019\u00e9nergie renouvelable sur la <a href=\"https:\/\/www.canada.ca\/en\/natural-resources-canada\/news\/2025\/09\/government-of-canada-and-nova-scotia-set-direction-for-offshore-wind-future.html?utm_campaign=esdc-edsc-censv2-24-25&amp;utm_medium=email&amp;utm_source=news-from-the-government-of-canada&amp;utm_content=news-product-250920-en-2pm\" data-dig-id=\"LP-9551-7ab359de\" data-dig-category=\"LP\" data-dig-action=\"link click\" data-dig-label=\"c\u00f4te&nbsp;Est\" class=\"rbc-link-format\">c\u00f4te&nbsp;Est<\/a>. Toutefois, comme l\u2019admettent les auteurs du <a href=\"https:\/\/novascotia.ca\/wind-west\/docs\/wind-west-strategic-plan-en.pdf\" data-dig-id=\"LP-9551-84eb9290\" data-dig-category=\"LP\" data-dig-action=\"link click\" data-dig-label=\"plan strat\u00e9gique\" class=\"rbc-link-format\">plan strat\u00e9gique<\/a>, \u00ab&nbsp;ce ne sera pas facile&nbsp;\u00bb, compte tenu des enjeux r\u00e9glementaires et de la comp\u00e9titivit\u00e9 des co\u00fbts. La Nouvelle-\u00c9cosse recherche le soutien du gouvernement f\u00e9d\u00e9ral, qui prendrait la forme de cr\u00e9dits d\u2019imp\u00f4t pour investissement et de pr\u00eats \u00e0 faible taux d\u2019int\u00e9r\u00eat accord\u00e9s par la Banque de l\u2019infrastructure du Canada. La province souhaite aussi que la nation micmaque ach\u00e8te des titres de participation. Les diff\u00e9rentes mesures de soutien pourraient avoir pour effet de r\u00e9duire les co\u00fbts du projet \u00e0 170&nbsp;$\/MWh&nbsp;\u2013&nbsp;les N\u00e9o-\u00c9cossais, l\u2019ann\u00e9e derni\u00e8re, payaient leur \u00e9lectricit\u00e9 <a href=\"https:\/\/novascotiarbp.com\/updates\" data-dig-id=\"LP-9551-7d897dc8\" data-dig-category=\"LP\" data-dig-action=\"link click\" data-dig-label=\"51,86&nbsp;$\/MWh\" class=\"rbc-link-format\">51,86&nbsp;$\/MWh<\/a>.<\/p>\n\n\n\n<p>\u2794 <strong>L\u2019Australie se pr\u00e9sente comme un chef de file du stockage du&nbsp;CO<sub>2<\/sub>.<\/strong> Aux antipodes du Canada, la grande \u00eele mise sur son sous-sol pour devenir un acteur majeur du stockage du&nbsp;CO<sub>2<\/sub> dans la r\u00e9gion Asie-Pacifique. Dans son tout nouveau <a href=\"https:\/\/www.dcceew.gov.au\/sites\/default\/files\/documents\/net-zero-report.pdf\" data-dig-id=\"LP-9551-65a5678b\" data-dig-category=\"LP\" data-dig-action=\"link click\" data-dig-label=\"plan pour la carboneutralit\u00e9\" class=\"rbc-link-format\">plan pour la carboneutralit\u00e9<\/a> d\u00e9voil\u00e9 la semaine derni\u00e8re, l\u2019Australie s\u2019engage en effet \u00e0 r\u00e9duire, d\u2019ici dix ans, ses \u00e9missions d\u2019au moins&nbsp;62&nbsp;% par rapport \u00e0&nbsp;2005. En mettant l\u2019accent sur le captage du&nbsp;CO<sub>2<\/sub>, investissements \u00e0 l\u2019appui, le pays cherche \u00e0 compenser les \u00e9missions li\u00e9es \u00e0 sa production de gaz naturel et \u00e0 son secteur minier.<\/p>\n<\/div>\n<\/section>\n\n\n\n<section class=\"wp-block-rbc-section-block  pos-rel\" style=\"border-radius:0px\">\n<div class=\"wp-block-rbc-section-inner-block  section-inner\" style=\"border-radius:0x\">\n<h2 class=\"wp-block-heading mar-t-0 mob-mar-t-0 has-rbc-dark-blue-tint-color has-text-color has-link-color wp-elements-662e0ac340d43551c3dd304db1becb29\" id=\"h-la-nouvelle-donne-canadienne\">La nouvelle donne canadienne<\/h2>\n\n\n\n<p>Quand, \u00e0 propos de la strat\u00e9gie qu\u2019il compte mettre en \u0153uvre, Mark&nbsp;Carney parle de \u00ab&nbsp;comp\u00e9titivit\u00e9 carbone&nbsp;\u00bb, il se livre \u00e0 une int\u00e9ressante association de mots. Sous Justin&nbsp;Trudeau, il \u00e9tait plut\u00f4t question de r\u00e9duction des \u00e9missions en g\u00e9n\u00e9ral et de plafonnement de celles du secteur p\u00e9trogazier en particulier. Les mots que choisit son successeur traduisent une perspective bien diff\u00e9rente&nbsp;: comment concilier la croissance de l\u2019\u00e9conomie et les politiques de r\u00e9duction des \u00e9missions, de stockage du&nbsp;CO<sub>2<\/sub> ou de production faiblement carbon\u00e9e&nbsp;?<\/p>\n\n\n\n<p>Dans ce contexte de r\u00e9alignement politique, nous nous posons cinq grandes questions&nbsp;:<\/p>\n\n\n\n<ul class=\"wp-block-rbc-list is-style-black-disc\">\n<li class=\"wp-block-rbc-list-item\">\n<p><strong>Que va devenir le syst\u00e8me de tarification du&nbsp;CO<sub>2<\/sub> \u00e9mis par les industriels&nbsp;?<\/strong> Le gel pr\u00e9vu par l\u2019Alberta pour le prix de sa taxe carbone en&nbsp;2026 et le retrait de la Saskatchewan constituent un d\u00e9fi aux r\u00e8gles f\u00e9d\u00e9rales. Mark&nbsp;Carney va devoir expliquer comment son gouvernement pourra soutenir les investissements en faveur des technologies propres sans s\u2019ali\u00e9ner les provinces.<\/p>\n<\/li>\n\n\n\n<li class=\"wp-block-rbc-list-item\">\n<p><strong>Comment g\u00e9rer l\u2019ajustement du prix du carbone \u00e0 la fronti\u00e8re&nbsp;? <\/strong>Le Canada envisage d\u2019appliquer des droits de douane visant \u00e0 prot\u00e9ger son industrie contre les importations de biens produits \u00e0 moindre co\u00fbt par des installations plus polluantes mais, compte tenu des tensions commerciales avec Washington, cela risque de froisser notre voisin. Comme notre \u00e9conomiste <a href=\"https:\/\/www.rbc.com\/en\/thought-leadership\/climate-action-institute\/energy-reports\/carbon-pricing-competitiveness-steering-canadas-climate-policies-amid-trade-shocks\/\" data-dig-id=\"LP-9551-2eb1a541\" data-dig-category=\"LP\" data-dig-action=\"link click\" data-dig-label=\"Farhad Panahov\" class=\"rbc-link-format\">Farhad Panahov<\/a> l\u2019\u00e9crivait r\u00e9cemment dans un rapport, \u00ab&nbsp;Des \u00e9carts importants entre la tarification carbone du Canada et celle de ses partenaires commerciaux peuvent nuire \u00e0 la comp\u00e9titivit\u00e9 du pays en p\u00e9riode de bouleversements structurels d\u2019envergure mondiale.&nbsp;\u00bb L\u2019approche du gouvernement f\u00e9d\u00e9ral est-elle d\u2019ailleurs r\u00e9aliste&nbsp;? Les \u00ab&nbsp;ajustements carbone \u00e0 la fronti\u00e8re&nbsp;\u00bb pourraient-ils ne s\u2019appliquer qu\u2019\u00e0 la Chine et \u00e0 d\u2019autres partenaires commerciaux non membres de l\u2019OTAN&nbsp;?<\/p>\n<\/li>\n\n\n\n<li class=\"wp-block-rbc-list-item\">\n<p><strong>Que va-t-il advenir du plafonnement des \u00e9missions du secteur p\u00e9trogazier&nbsp;?<\/strong> Va-t-il \u00eatre maintenu, supprim\u00e9 ou revu&nbsp;? La d\u00e9cision prise sera d\u2019une importance vitale pour le secteur \u00e9nerg\u00e9tique canadien.<\/p>\n<\/li>\n\n\n\n<li class=\"wp-block-rbc-list-item\">\n<p><strong>Comment relancer le financement des technologies propres&nbsp;?<\/strong> Il existe d\u00e9j\u00e0 un certain nombre de cr\u00e9dits d\u2019imp\u00f4t pour investissement. Que peut faire encore Ottawa pour stimuler un financement en perte de vitesse&nbsp;?<\/p>\n<\/li>\n\n\n\n<li class=\"wp-block-rbc-list-item\">\n<p><strong>Pouvons-nous encore atteindre les objectifs de l\u2019Accord de Paris&nbsp;?<\/strong> Le gouvernement Carney dit maintenir son engagement \u00e0 l\u2019\u00e9gard des objectifs qu\u2019il s\u2019est fix\u00e9s pour&nbsp;2030. Or l\u2019<a href=\"https:\/\/climateinstitute.ca\/news\/2024-emissions-estimate-shows-progress-stalled\/\" data-dig-id=\"LP-9551-6f615e56\" data-dig-category=\"LP\" data-dig-action=\"link click\" data-dig-label=\"Institut climatique du Canada\" class=\"rbc-link-format\">Institut climatique du Canada<\/a> estime que le pays ne se dirige pas dans la bonne direction. Que peut faire Mark&nbsp;Carney&nbsp;\u2013&nbsp;ancien envoy\u00e9 sp\u00e9cial de l\u2019ONU pour le financement de l\u2019action climatique&nbsp;\u2013&nbsp;pour corriger le tir&nbsp;?<\/p>\n<\/li>\n<\/ul>\n<\/div>\n<\/section>\n\n\n\n<section class=\"wp-block-rbc-section-block  pos-rel\" style=\"border-radius:0px\">\n<div class=\"wp-block-rbc-section-inner-block  section-inner\" style=\"border-radius:0x\">\n<h2 class=\"wp-block-heading has-rbc-dark-blue-tint-color has-text-color has-link-color wp-elements-4fd3dd4032578d0837814c1dee13d7ae\" id=\"h-technologies-propres-et-tendances-connexes\">Technologies propres et tendances connexes<\/h2>\n\n\n\n<p>\u2794 <strong>Mise en service d\u2019une nouvelle thermopompe intelligente au Canada. <\/strong>Le mod\u00e8le Air de la jeune entreprise Jetson de Vancouver peut \u00eatre raccord\u00e9 aux conduits existants et fonctionne jusqu\u2019\u00e0&nbsp;-30&nbsp;\u00b0C. Un module recourant \u00e0 l\u2019IA analyse les conditions m\u00e9t\u00e9orologiques, la consommation de l\u2019immeuble et la qualit\u00e9 de l\u2019air int\u00e9rieur pour ajuster les param\u00e8tres&nbsp;; l\u2019occupant utilise ainsi moins d\u2019\u00e9lectricit\u00e9 et fait des \u00e9conomies. Le PDG de Jetson, Stephen&nbsp;Lake, dirigeait auparavant une autre jeune pousse, North, ce fabricant de lunettes intelligentes que Google a achet\u00e9 en&nbsp;2022. Il explique que le logiciel qu\u2019utilise la nouvelle thermopompe permettra d\u2019importants gains d\u2019efficacit\u00e9. Cela pourrait fortement contribuer \u00e0 la r\u00e9duction des \u00e9missions&nbsp;\u2013&nbsp;au Canada, le chauffage compte pour&nbsp;<a href=\"https:\/\/www.cer-rec.gc.ca\/en\/data-analysis\/energy-markets\/market-snapshots\/2023\/market-snapshot-heat-pumps-could-significantly-reduce-ghg-emissions-from-canadas-buildings.html\" data-dig-id=\"LP-9551-ac948d4b\" data-dig-category=\"LP\" data-dig-action=\"link click\" data-dig-label=\"13&nbsp;%\" class=\"rbc-link-format\">13&nbsp;%<\/a> des \u00e9missions de&nbsp;GES li\u00e9es \u00e0 la consommation d\u2019\u00e9nergie.<\/p>\n\n\n\n<p>\u2794 Une entreprise enfant\u00e9e par le <a href=\"https:\/\/betakit.com\/fex-energy-raises-4-8-million-cad-on-bet-that-iron-can-power-the-energy-transition\/\" data-dig-id=\"LP-9551-a5a4e801\" data-dig-category=\"LP\" data-dig-action=\"link click\" data-dig-label=\"laboratoire de l\u2019Universit\u00e9 McGill\" class=\"rbc-link-format\">laboratoire de l\u2019Universit\u00e9 McGill<\/a> a recueilli 3,5&nbsp;M$ aupr\u00e8s d\u2019investisseurs int\u00e9ress\u00e9s par son projet pilote de fabrication de <strong>dispositifs de stockage d\u2019\u00e9nergie fonctionnant au&nbsp;fer<\/strong>. Une fois au point, un tel \u00e9quipement pourrait r\u00e9duire de beaucoup la consommation de carburants fossiles (diesel et autres) dans l\u2019industrie lourde.<\/p>\n\n\n\n<p>\u2794 Les membres de l\u2019Union europ\u00e9enne n\u2019ont pas r\u00e9ussi \u00e0 s\u2019entendre sur un <strong>plan climatique contraignant<\/strong> avant l\u2019Assembl\u00e9e g\u00e9n\u00e9rale de l\u2019ONU pr\u00e9vue cette semaine. Ils se sont content\u00e9s d\u2019une d\u00e9claration d\u2019intention selon laquelle leurs \u00e9missions diminueraient de&nbsp;72,5&nbsp;% d\u2019ici&nbsp;2035.<\/p>\n\n\n\n<p>\u2794 Robert Redford, d\u00e9c\u00e9d\u00e9 la semaine derni\u00e8re, n\u2019\u00e9tait pas seulement une ic\u00f4ne d\u2019Hollywood, mais aussi un militant qui avait le don de parler de changements climatiques. On lui doit le Sundance Film Festival, qui a fait conna\u00eetre plusieurs films consacr\u00e9s \u00e0 l\u2019environnement. L\u2019acteur avait aussi mis sur pied le <a href=\"https:\/\/www.redfordcenter.org\/\" data-dig-id=\"LP-9551-5a1846b7\" data-dig-category=\"LP\" data-dig-action=\"link click\" data-dig-label=\"Redford Centre\" class=\"rbc-link-format\">Redford Centre<\/a>&nbsp;; sur les 60&nbsp;films traitant d\u2019action ou d\u2019inaction en mati\u00e8re de climat dont cette entit\u00e9 \u00e0 but non lucratif a soutenu la production, 11&nbsp;ont \u00e9t\u00e9 inscrits aux programmes des plateformes de diffusion en continu.<\/p>\n<\/div>\n<\/section>\n\n\n\n<section class=\"wp-block-rbc-section-block  pos-rel\" style=\"border-radius:0px\">\n<div class=\"wp-block-rbc-section-inner-block  section-inner\" style=\"border-radius:0x\">\n<p class=\"mob-mar-b-0 mar-b-0\"><strong>Nature<\/strong><\/p>\n\n\n\n<h2 class=\"wp-block-heading mar-t-0 mob-mar-t-0 has-rbc-dark-blue-tint-color has-text-color has-link-color wp-elements-306801a43e7e8e881d95eabbd9746270\" id=\"h-une-valeur-encore-ignoree\">Une valeur encore ignor\u00e9e<\/h2>\n\n\n\n<p>Environ la moiti\u00e9 du PIB mondial (soit plus de 78 000 milliards de dollars) d\u00e9pend dans une grande mesure ou mod\u00e9r\u00e9ment de la nature. Or les pays ne comptabilisent son apport qu\u2019une fois la ressource (poisson, c\u00e9r\u00e9ales, bois d\u2019\u0153uvre\u2026) extraite ; les services \u00e9cosyst\u00e9miques sont tr\u00e8s peu pris en compte. Dans notre rapport, Lisa Ashton, directrice g\u00e9n\u00e9rale, Politique agricole, explique comment le recours au \u00ab capital naturel \u00bb peut tout \u00e0 fait s\u2019inscrire dans les strat\u00e9gies de croissance.<\/p>\n\n\n\n<p>Voici quelques-uns des constats du rapport :<\/p>\n\n\n\n<ul class=\"wp-block-rbc-list is-style-black-disc\">\n<li class=\"wp-block-rbc-list-item\">\n<p><strong>En tant que moteur \u00e9conomique, le capital naturel est encore sous-utilis\u00e9. <\/strong>Au cours des vingt-cinq derni\u00e8res ann\u00e9es, le PIB des secteurs qui d\u00e9pendent de la nature au Canada (foresterie, agriculture, mines, p\u00eache&#8230;) a enregistr\u00e9 une croissance d\u2019une ann\u00e9e sur l\u2019autre inf\u00e9rieure de&nbsp;0,3&nbsp;% au reste de l\u2019\u00e9conomie. Une tendance similaire a \u00e9t\u00e9 observ\u00e9e aux \u00c9tats-Unis et au Royaume-Uni.<\/p>\n<\/li>\n\n\n\n<li class=\"wp-block-rbc-list-item\">\n<p><strong>Ignorer la nature, c\u2019est compromettre la prosp\u00e9rit\u00e9.<\/strong> Alimentation, tourisme, b\u00e2timent&#8230;&nbsp;: plus de la moiti\u00e9 de l\u2019\u00e9conomie mondiale (soit environ 78&nbsp;000 milliards de dollars) d\u00e9pend de la nature. Au Canada, aux \u00c9tats-Unis et au Royaume-Uni, o\u00f9 l\u2019on cherche \u00e0 relancer l\u2019\u00e9conomie, les ressources naturelles s\u2019\u00e9puisent. Or la croissance \u00e0 long terme repose en grande partie sur elles.<\/p>\n<\/li>\n\n\n\n<li class=\"wp-block-rbc-list-item\">\n<p><strong>Une possibilit\u00e9 qui se pr\u00e9sente rarement nous est actuellement offerte de mettre \u00e0 profit le capital naturel pour continuer \u00e0 b\u00e2tir nos nations<\/strong>. Les pays qui inventorient et font fructifier leur capital naturel se donnent la possibilit\u00e9 de g\u00e9n\u00e9rer davantage de croissance et d\u2019attirer des investisseurs \u00e9trangers que ce secteur int\u00e9resse. La mobilisation des acteurs financiers qui s\u2019ensuit entra\u00eene une hausse de la demande. Les besoins sont chiffr\u00e9s \u00e0 580&nbsp;000 milliards de dollars d\u2019ici&nbsp;2030 et \u00e0 pr\u00e8s de 940&nbsp;000 milliards d\u2019ici&nbsp;2050.<\/p>\n<\/li>\n\n\n\n<li class=\"wp-block-rbc-list-item\">\n<p><strong>La mont\u00e9e en puissance d\u00e9pend des capitaux priv\u00e9s. <\/strong>En mati\u00e8re de capital naturel, le financement est assur\u00e9 \u00e0&nbsp;82&nbsp;% par les gouvernements (222&nbsp;000 milliards de dollars). Le secteur priv\u00e9 attend en effet de leur part des signaux plus clairs et veut avoir l\u2019assurance que ses investissements produiront les effets attendus.<\/p>\n<\/li>\n\n\n\n<li class=\"wp-block-rbc-list-item\">\n<p><strong>Sur les march\u00e9s financiers et environnementaux, la nature occupe une place croissante mais demeure sous-repr\u00e9sent\u00e9e<\/strong>. La nature ne constitue qu\u2019un petit segment de la finance durable. En&nbsp;2025, les cr\u00e9dits carbone auxquels elle donnait lieu repr\u00e9sentaient 13&nbsp;% de ceux offerts sur les march\u00e9s volontaires du carbone, alors que leur part dans la cr\u00e9ation annuelle de nouveaux cr\u00e9dits pourrait \u00eatre de&nbsp;50&nbsp;%.<\/p>\n<\/li>\n\n\n\n<li class=\"wp-block-rbc-list-item\">\n<p><strong>L\u2019int\u00e9gration des politiques, l\u2019IA et (tiens donc&nbsp;!) des mesures comptables permettraient de mieux faire figurer la nature dans les bilans et les plans de croissance. <\/strong>Au Canada, ces trois approches vont justement subir un test&nbsp;: la mise en \u0153uvre de la strat\u00e9gie nationale en mati\u00e8re de min\u00e9raux critiques et le lancement de grands projets miniersvont \u00eatre l\u2019occasion d\u2019int\u00e9grer les valeurs autochtones et les bases de connaissances aux cadres de comptabilisation du capital naturel.<\/p>\n<\/li>\n<\/ul>\n<\/div>\n<\/section>\n\n\n\n<section class=\"wp-block-rbc-section-block  pos-rel\" style=\"border-radius:0px\">\n<div class=\"wp-block-rbc-section-inner-block  section-inner\" style=\"border-radius:0x\">\n<h2 class=\"wp-block-heading has-rbc-dark-blue-tint-color has-text-color has-link-color wp-elements-f0195a179f6df85dbc3aa949d4fc2b83\" id=\"h-l-institut-a-l-oeuvre\">L\u2019Institut \u00e0 l\u2019\u0153uvre<\/h2>\n\n\n\n<ul class=\"wp-block-rbc-list is-style-black-disc\">\n<li class=\"wp-block-rbc-list-item\">\n<p>Lisa&nbsp;Ashton pr\u00e9sente aujourd\u2019hui son rapport, <a href=\"https:\/\/www.rbc.com\/en\/thought-leadership\/climate-action-institute\/agriculture-reports\/unearthing-value-how-nature-can-play-a-critical-role-in-pro-growth-agendas\/\" data-dig-id=\"LP-9551-19311837\" data-dig-category=\"LP\" data-dig-action=\"link click\" data-dig-label=\"Unearthing Value\" class=\"rbc-link-format\">Unearthing Value<\/a>, consacr\u00e9 \u00e0 l\u2019\u00e9conomie du milieu naturel. Aux c\u00f4t\u00e9s de Nature&nbsp;United, elle animera aussi un groupe de discussion dans le cadre de la Semaine du climat de New&nbsp;York.<\/p>\n<\/li>\n\n\n\n<li class=\"wp-block-rbc-list-item\">\n<p>Cette semaine, notre \u00e9quipe a accueilli une d\u00e9l\u00e9gation de <a href=\"https:\/\/www.linkedin.com\/feed\/update\/urn:li:activity:7376408506792558592\/\" data-dig-id=\"LP-9551-e6fdcd59\" data-dig-category=\"LP\" data-dig-action=\"link click\" data-dig-label=\"repr\u00e9sentants du Congr\u00e8s et d\u2019agents d\u2019ambassade\" class=\"rbc-link-format\">repr\u00e9sentants du Congr\u00e8s et d\u2019agents d\u2019ambassade<\/a> avec lesquels elle discutera des possibilit\u00e9s de coop\u00e9ration accrue entre les \u00c9tats-Unis et le Canada sur la question des min\u00e9raux critiques.<\/p>\n<\/li>\n<\/ul>\n<\/div>\n<\/section>\n\n\n\n<div class=\"wp-block-columns pad-b has-cool-white-background-color has-background is-layout-flex wp-container-core-columns-is-layout-28f84493 wp-block-columns-is-layout-flex\">\n<div class=\"wp-block-column mar-t-qtr mob-mar-t-qtr is-layout-flow wp-block-column-is-layout-flow\">\n<p class=\"mar-l-hlf mob-mar-l-hlf\">Cr\u00e9\u00e9 par&nbsp;<strong>Yadullah Hussain<\/strong>, Directeur de r\u00e9daction, RBC Institut d\u2019action climatique.<\/p>\n\n\n\n<p class=\"mar-l-hlf mob-mar-l-hlf mar-t-hlf mob-mar-t-hlf mar-b-hlf mob-mar-b-hlf\">Le bulletin Bouleversements climatiques ne pourrait pas exister sans la collaboration d<em>e\u00a0<\/em><a href=\"https:\/\/www.linkedin.com\/in\/john-stackhouse-a113419\/\">John Stackhouse<\/a>,\u00a0<a href=\"https:\/\/www.linkedin.com\/in\/jordan-brennan-phd\/\" data-dig-id=\"LP-7236-2e8b11a6\" data-dig-label=\"Jordan Brennan\" data-dig-action=\"link click\" data-dig-category=\"LP\" class=\"rbc-link-format\">Jordan Brennan<\/a>, <a href=\"https:\/\/www.linkedin.com\/in\/johnintini\/\" data-dig-id=\"LP-7236-3efbba80\" data-dig-label=\"John Intini\" data-dig-action=\"link click\" data-dig-category=\"LP\" class=\"rbc-link-format\">John Intini<\/a>, <a href=\"https:\/\/www.linkedin.com\/in\/panahov\/\">Farhad Panahov<\/a>,\u00a0<a href=\"https:\/\/www.linkedin.com\/in\/lisa-ashton-a78b6656\/\">Lisa Ashton<\/a>,\u00a0<a href=\"https:\/\/www.linkedin.com\/in\/shazmerwat\/\">Shaz Merwat<\/a>,\u00a0<a href=\"https:\/\/www.linkedin.com\/in\/vivan-sorab-4a503623\/\">Vivan Sorab<\/a>,\u00a0<a href=\"https:\/\/www.linkedin.com\/in\/capricebiasoni\/\">Caprice Biasoni<\/a>, <a href=\"https:\/\/www.linkedin.com\/in\/lavanyakaleeswaran\/\" data-dig-id=\"LP-7236-7ac7bbec\" data-dig-label=\"Lavanya Kaleeswaran\" data-dig-action=\"link click\" data-dig-category=\"LP\" class=\"rbc-link-format\">Lavanya Kaleeswaran<\/a>\u00a0et\u00a0<a href=\"https:\/\/www.linkedin.com\/in\/joelleschonberg\/\" data-dig-id=\"LP-7236-21f8f85c\" data-dig-category=\"LP\" data-dig-action=\"link click\" data-dig-label=\"Joelle Schonberg\" class=\"rbc-link-format\">Joelle Schonberg<\/a>.<\/p>\n\n\n\n<p class=\"mar-l-hlf mob-mar-l-hlf mar-b-hlf mob-mar-b-hlf\">Avez-vous des commentaires, des f\u00e9licitations ou, euh, des critiques \u00e0 faire&nbsp;?&nbsp;\u00c9crivez-moi \u00e0<em> (<\/em><a href=\"mailto:yadullahhussain@rbc.com\">mailto:yadullahhussain@rbc.com<\/a><em>).<\/em><\/p>\n\n\n\n<div class=\"wp-block-columns has-border-color is-layout-flex wp-container-core-columns-is-layout-28f84493 wp-block-columns-is-layout-flex\" style=\"border-color:#0b0b0b;border-width:1px\">\n<div class=\"wp-block-column mar-t-hlf mob-mar-t-hlf mar-b-hlf mob-mar-b-hlf is-layout-flow wp-block-column-is-layout-flow\">\n<p class=\"has-text-align-center has-text-major-lg-font-size\">Bulletin d\u2019information sur le climat<\/p>\n\n\n\n<div class=\"wp-block-buttons is-content-justification-center is-layout-flex wp-container-core-buttons-is-layout-a89b3969 wp-block-buttons-is-layout-flex\"><div>\n<div class=\"wp-block-button  is-style-primary primary btn before\"><a class=\"wp-block-button__link wp-element-button\" href=\"https:\/\/www.rbc.com\/climate-action-institute\/subscribe.html\" data-dig-id=\"LP-7236-c41bc9ec\" data-dig-category=\"LP\" data-dig-action=\"button click\" data-dig-label=\"s\u2019inscrire-https:\/\/www.rbc.com\/climate-action-institute\/subscribe.html \">s\u2019inscrire<\/a><\/div>\n<\/div><\/div>\n<\/div>\n<\/div>\n<\/div>\n<\/div>\n","protected":false},"excerpt":{"rendered":"<p>De plus, la Semaine du climat de New York ignore le recul climatique des \u00c9tats-Unis<\/p>\n","protected":false},"author":89,"featured_media":9564,"parent":0,"menu_order":0,"template":"","meta":{"_acf_changed":false,"disable_focal_point":false,"featured_image_focal_point":{"x":0.51,"y":0.2},"advgb_blocks_editor_width":"","advgb_blocks_columns_visual_guide":"","footnotes":""},"rbc_tl_category":[143,135],"rbc_tl_tag":[],"class_list":["post-9551","rbc_tl","type-rbc_tl","status-publish","has-post-thumbnail","hentry","rbc_tl_category-bouleversements-climatiques","rbc_tl_category-institut-action-climatique"],"acf":[],"yoast_head":"<!-- This site is optimized with the Yoast SEO Premium plugin v27.2 (Yoast SEO v27.2) - https:\/\/yoast.com\/product\/yoast-seo-premium-wordpress\/ -->\n<title>Bouleversements climatiques :\u00a0Paver la voie \u00e0 la comp\u00e9titivit\u00e9 du march\u00e9 du carbone au Canada - RBC<\/title>\n<meta name=\"description\" content=\"De plus, la Semaine du climat de New York ignore le recul climatique des \u00c9tats-Unis\" \/>\n<meta name=\"robots\" content=\"index, follow, max-snippet:-1, max-image-preview:large, max-video-preview:-1\" \/>\n<link rel=\"canonical\" href=\"https:\/\/www.rbc.com\/fr\/leadership-avise\/institut-action-climatique\/bouleversements-climatiques\/paver-la-voie-a-la-competitivite-du-marche-du-carbone-au-canada\/\" \/>\n<meta property=\"og:locale\" content=\"fr_FR\" \/>\n<meta property=\"og:type\" content=\"article\" \/>\n<meta property=\"og:title\" content=\"Bouleversements climatiques :\u00a0Paver la voie \u00e0 la comp\u00e9titivit\u00e9 du march\u00e9 du carbone au Canada\" \/>\n<meta property=\"og:description\" content=\"De plus, la Semaine du climat de New York ignore le recul climatique des \u00c9tats-Unis\" \/>\n<meta property=\"og:url\" content=\"https:\/\/www.rbc.com\/fr\/leadership-avise\/institut-action-climatique\/bouleversements-climatiques\/paver-la-voie-a-la-competitivite-du-marche-du-carbone-au-canada\/\" \/>\n<meta property=\"og:site_name\" content=\"RBC\" \/>\n<meta property=\"article:modified_time\" content=\"2025-10-06T16:17:06+00:00\" \/>\n<meta property=\"og:image\" content=\"https:\/\/www.rbc.com\/fr\/wp-content\/uploads\/sites\/5\/2025\/10\/Climate-Crunch-NYC-take-over-Banner_Branded-1200x627-1.jpg?quality=80\" \/>\n\t<meta property=\"og:image:width\" content=\"2500\" \/>\n\t<meta property=\"og:image:height\" content=\"1306\" \/>\n\t<meta property=\"og:image:type\" content=\"image\/jpeg\" \/>\n<meta name=\"twitter:card\" content=\"summary_large_image\" \/>\n<meta name=\"twitter:label1\" content=\"Est. reading time\" \/>\n\t<meta name=\"twitter:data1\" content=\"9 minutes\" \/>\n<script type=\"application\/ld+json\" class=\"yoast-schema-graph\">{\"@context\":\"https:\/\/schema.org\",\"@graph\":[{\"@type\":\"WebPage\",\"@id\":\"https:\/\/www.rbc.com\/fr\/leadership-avise\/institut-action-climatique\/bouleversements-climatiques\/paver-la-voie-a-la-competitivite-du-marche-du-carbone-au-canada\/\",\"url\":\"https:\/\/www.rbc.com\/fr\/leadership-avise\/institut-action-climatique\/bouleversements-climatiques\/paver-la-voie-a-la-competitivite-du-marche-du-carbone-au-canada\/\",\"name\":\"Bouleversements climatiques :\u00a0Paver la voie \u00e0 la comp\u00e9titivit\u00e9 du march\u00e9 du carbone au Canada - RBC\",\"isPartOf\":{\"@id\":\"https:\/\/www.rbc.com\/fr\/#website\"},\"primaryImageOfPage\":{\"@id\":\"https:\/\/www.rbc.com\/fr\/leadership-avise\/institut-action-climatique\/bouleversements-climatiques\/paver-la-voie-a-la-competitivite-du-marche-du-carbone-au-canada\/#primaryimage\"},\"image\":{\"@id\":\"https:\/\/www.rbc.com\/fr\/leadership-avise\/institut-action-climatique\/bouleversements-climatiques\/paver-la-voie-a-la-competitivite-du-marche-du-carbone-au-canada\/#primaryimage\"},\"thumbnailUrl\":\"https:\/\/www.rbc.com\/fr\/wp-content\/uploads\/sites\/5\/2025\/10\/Climate-Crunch-NYC-take-over-Banner_Banner-wide.jpg?quality=80\",\"datePublished\":\"2025-10-06T16:17:05+00:00\",\"dateModified\":\"2025-10-06T16:17:06+00:00\",\"description\":\"De plus, la Semaine du climat de New York ignore le recul climatique des \u00c9tats-Unis\",\"inLanguage\":\"fr-FR\",\"potentialAction\":[{\"@type\":\"ReadAction\",\"target\":[\"https:\/\/www.rbc.com\/fr\/leadership-avise\/institut-action-climatique\/bouleversements-climatiques\/paver-la-voie-a-la-competitivite-du-marche-du-carbone-au-canada\/\"]}]},{\"@type\":\"ImageObject\",\"inLanguage\":\"fr-FR\",\"@id\":\"https:\/\/www.rbc.com\/fr\/leadership-avise\/institut-action-climatique\/bouleversements-climatiques\/paver-la-voie-a-la-competitivite-du-marche-du-carbone-au-canada\/#primaryimage\",\"url\":\"https:\/\/www.rbc.com\/fr\/wp-content\/uploads\/sites\/5\/2025\/10\/Climate-Crunch-NYC-take-over-Banner_Banner-wide.jpg?quality=80\",\"contentUrl\":\"https:\/\/www.rbc.com\/fr\/wp-content\/uploads\/sites\/5\/2025\/10\/Climate-Crunch-NYC-take-over-Banner_Banner-wide.jpg?quality=80\",\"width\":7250,\"height\":3500,\"caption\":\"Bouleversements climatiques : Paver la voie \u00e0 la comp\u00e9titivit\u00e9 du march\u00e9 du carbone au Canada\"},{\"@type\":\"WebSite\",\"@id\":\"https:\/\/www.rbc.com\/fr\/#website\",\"url\":\"https:\/\/www.rbc.com\/fr\/\",\"name\":\"RBC\",\"description\":\"\",\"potentialAction\":[{\"@type\":\"SearchAction\",\"target\":{\"@type\":\"EntryPoint\",\"urlTemplate\":\"https:\/\/www.rbc.com\/fr\/?s={search_term_string}\"},\"query-input\":{\"@type\":\"PropertyValueSpecification\",\"valueRequired\":true,\"valueName\":\"search_term_string\"}}],\"inLanguage\":\"fr-FR\"}]}<\/script>\n<!-- \/ Yoast SEO Premium plugin. -->","yoast_head_json":{"title":"Bouleversements climatiques :\u00a0Paver la voie \u00e0 la comp\u00e9titivit\u00e9 du march\u00e9 du carbone au Canada - RBC","description":"De plus, la Semaine du climat de New York ignore le recul climatique des \u00c9tats-Unis","robots":{"index":"index","follow":"follow","max-snippet":"max-snippet:-1","max-image-preview":"max-image-preview:large","max-video-preview":"max-video-preview:-1"},"canonical":"https:\/\/www.rbc.com\/fr\/leadership-avise\/institut-action-climatique\/bouleversements-climatiques\/paver-la-voie-a-la-competitivite-du-marche-du-carbone-au-canada\/","og_locale":"fr_FR","og_type":"article","og_title":"Bouleversements climatiques :\u00a0Paver la voie \u00e0 la comp\u00e9titivit\u00e9 du march\u00e9 du carbone au Canada","og_description":"De plus, la Semaine du climat de New York ignore le recul climatique des \u00c9tats-Unis","og_url":"https:\/\/www.rbc.com\/fr\/leadership-avise\/institut-action-climatique\/bouleversements-climatiques\/paver-la-voie-a-la-competitivite-du-marche-du-carbone-au-canada\/","og_site_name":"RBC","article_modified_time":"2025-10-06T16:17:06+00:00","og_image":[{"width":2500,"height":1306,"url":"https:\/\/www.rbc.com\/fr\/wp-content\/uploads\/sites\/5\/2025\/10\/Climate-Crunch-NYC-take-over-Banner_Branded-1200x627-1.jpg?quality=80","type":"image\/jpeg"}],"twitter_card":"summary_large_image","twitter_misc":{"Est. reading time":"9 minutes"},"schema":{"@context":"https:\/\/schema.org","@graph":[{"@type":"WebPage","@id":"https:\/\/www.rbc.com\/fr\/leadership-avise\/institut-action-climatique\/bouleversements-climatiques\/paver-la-voie-a-la-competitivite-du-marche-du-carbone-au-canada\/","url":"https:\/\/www.rbc.com\/fr\/leadership-avise\/institut-action-climatique\/bouleversements-climatiques\/paver-la-voie-a-la-competitivite-du-marche-du-carbone-au-canada\/","name":"Bouleversements climatiques :\u00a0Paver la voie \u00e0 la comp\u00e9titivit\u00e9 du march\u00e9 du carbone au Canada - RBC","isPartOf":{"@id":"https:\/\/www.rbc.com\/fr\/#website"},"primaryImageOfPage":{"@id":"https:\/\/www.rbc.com\/fr\/leadership-avise\/institut-action-climatique\/bouleversements-climatiques\/paver-la-voie-a-la-competitivite-du-marche-du-carbone-au-canada\/#primaryimage"},"image":{"@id":"https:\/\/www.rbc.com\/fr\/leadership-avise\/institut-action-climatique\/bouleversements-climatiques\/paver-la-voie-a-la-competitivite-du-marche-du-carbone-au-canada\/#primaryimage"},"thumbnailUrl":"https:\/\/www.rbc.com\/fr\/wp-content\/uploads\/sites\/5\/2025\/10\/Climate-Crunch-NYC-take-over-Banner_Banner-wide.jpg?quality=80","datePublished":"2025-10-06T16:17:05+00:00","dateModified":"2025-10-06T16:17:06+00:00","description":"De plus, la Semaine du climat de New York ignore le recul climatique des \u00c9tats-Unis","inLanguage":"fr-FR","potentialAction":[{"@type":"ReadAction","target":["https:\/\/www.rbc.com\/fr\/leadership-avise\/institut-action-climatique\/bouleversements-climatiques\/paver-la-voie-a-la-competitivite-du-marche-du-carbone-au-canada\/"]}]},{"@type":"ImageObject","inLanguage":"fr-FR","@id":"https:\/\/www.rbc.com\/fr\/leadership-avise\/institut-action-climatique\/bouleversements-climatiques\/paver-la-voie-a-la-competitivite-du-marche-du-carbone-au-canada\/#primaryimage","url":"https:\/\/www.rbc.com\/fr\/wp-content\/uploads\/sites\/5\/2025\/10\/Climate-Crunch-NYC-take-over-Banner_Banner-wide.jpg?quality=80","contentUrl":"https:\/\/www.rbc.com\/fr\/wp-content\/uploads\/sites\/5\/2025\/10\/Climate-Crunch-NYC-take-over-Banner_Banner-wide.jpg?quality=80","width":7250,"height":3500,"caption":"Bouleversements climatiques : Paver la voie \u00e0 la comp\u00e9titivit\u00e9 du march\u00e9 du carbone au Canada"},{"@type":"WebSite","@id":"https:\/\/www.rbc.com\/fr\/#website","url":"https:\/\/www.rbc.com\/fr\/","name":"RBC","description":"","potentialAction":[{"@type":"SearchAction","target":{"@type":"EntryPoint","urlTemplate":"https:\/\/www.rbc.com\/fr\/?s={search_term_string}"},"query-input":{"@type":"PropertyValueSpecification","valueRequired":true,"valueName":"search_term_string"}}],"inLanguage":"fr-FR"}]}},"parsely":{"version":"1.1.0","canonical_url":"https:\/\/rbc.com\/fr\/leadership-avise\/institut-action-climatique\/bouleversements-climatiques\/paver-la-voie-a-la-competitivite-du-marche-du-carbone-au-canada\/","smart_links":{"inbound":0,"outbound":0},"traffic_boost_suggestions_count":0,"meta":{"@context":"https:\/\/schema.org","@type":"NewsArticle","headline":"Bouleversements climatiques :\u00a0Paver la voie \u00e0 la comp\u00e9titivit\u00e9 du march\u00e9 du carbone au Canada","url":"http:\/\/www.rbc.com\/fr\/leadership-avise\/institut-action-climatique\/bouleversements-climatiques\/paver-la-voie-a-la-competitivite-du-marche-du-carbone-au-canada\/","mainEntityOfPage":{"@type":"WebPage","@id":"http:\/\/www.rbc.com\/fr\/leadership-avise\/institut-action-climatique\/bouleversements-climatiques\/paver-la-voie-a-la-competitivite-du-marche-du-carbone-au-canada\/"},"thumbnailUrl":"https:\/\/www.rbc.com\/fr\/wp-content\/uploads\/sites\/5\/2025\/10\/Climate-Crunch-NYC-take-over-Banner_Banner-wide.jpg?quality=80&w=150&h=150&crop=1","image":{"@type":"ImageObject","url":"https:\/\/www.rbc.com\/fr\/wp-content\/uploads\/sites\/5\/2025\/10\/Climate-Crunch-NYC-take-over-Banner_Banner-wide.jpg?quality=80"},"articleSection":"Uncategorized","author":[{"@type":"Person","name":"lavanyakaleeswaran"}],"creator":["lavanyakaleeswaran"],"publisher":{"@type":"Organization","name":"RBC","logo":""},"keywords":[],"dateCreated":"2025-10-06T16:17:05Z","datePublished":"2025-10-06T16:17:05Z","dateModified":"2025-10-06T16:17:06Z"},"rendered":"<script type=\"application\/ld+json\" class=\"wp-parsely-metadata\">{\"@context\":\"https:\\\/\\\/schema.org\",\"@type\":\"NewsArticle\",\"headline\":\"Bouleversements climatiques :\\u00a0Paver la voie \\u00e0 la comp\\u00e9titivit\\u00e9 du march\\u00e9 du carbone au Canada\",\"url\":\"http:\\\/\\\/www.rbc.com\\\/fr\\\/leadership-avise\\\/institut-action-climatique\\\/bouleversements-climatiques\\\/paver-la-voie-a-la-competitivite-du-marche-du-carbone-au-canada\\\/\",\"mainEntityOfPage\":{\"@type\":\"WebPage\",\"@id\":\"http:\\\/\\\/www.rbc.com\\\/fr\\\/leadership-avise\\\/institut-action-climatique\\\/bouleversements-climatiques\\\/paver-la-voie-a-la-competitivite-du-marche-du-carbone-au-canada\\\/\"},\"thumbnailUrl\":\"https:\\\/\\\/www.rbc.com\\\/fr\\\/wp-content\\\/uploads\\\/sites\\\/5\\\/2025\\\/10\\\/Climate-Crunch-NYC-take-over-Banner_Banner-wide.jpg?quality=80&w=150&h=150&crop=1\",\"image\":{\"@type\":\"ImageObject\",\"url\":\"https:\\\/\\\/www.rbc.com\\\/fr\\\/wp-content\\\/uploads\\\/sites\\\/5\\\/2025\\\/10\\\/Climate-Crunch-NYC-take-over-Banner_Banner-wide.jpg?quality=80\"},\"articleSection\":\"Uncategorized\",\"author\":[{\"@type\":\"Person\",\"name\":\"lavanyakaleeswaran\"}],\"creator\":[\"lavanyakaleeswaran\"],\"publisher\":{\"@type\":\"Organization\",\"name\":\"RBC\",\"logo\":\"\"},\"keywords\":[],\"dateCreated\":\"2025-10-06T16:17:05Z\",\"datePublished\":\"2025-10-06T16:17:05Z\",\"dateModified\":\"2025-10-06T16:17:06Z\"}<\/script>","tracker_url":"https:\/\/cdn.parsely.com\/keys\/rbc.com\/p.js"},"featured_img":"https:\/\/www.rbc.com\/fr\/wp-content\/uploads\/sites\/5\/2025\/10\/Climate-Crunch-NYC-take-over-Banner_Banner-wide.jpg?quality=80&w=1024","coauthors":[],"author_meta":{"author_link":"https:\/\/www.rbc.com\/fr\/author\/lavanyakaleeswaran\/","display_name":"lavanyakaleeswaran"},"relative_dates":{"created":"Publi\u00e9 7 mois il y a","modified":"Mis \u00e0 jour 7 mois il y a"},"absolute_dates":{"created":"Publi\u00e9 le 6 octobre 2025","modified":"Mise \u00e0 jour le 6 octobre 2025"},"absolute_dates_time":{"created":"Publi\u00e9 le 6 octobre 2025 4:17  ","modified":"Mise \u00e0 jour le 6 octobre 2025 4:17  "},"featured_img_caption":"","tax_additional":{"rbc_tl_category":{"linked":["<a href=\"https:\/\/www.rbc.com\/fr\/leadership-avise\/bouleversements-climatiques\/\" class=\"advgb-post-tax-term\">Bouleversements climatiques<\/a>","<a href=\"https:\/\/www.rbc.com\/fr\/leadership-avise\/institut-action-climatique\/\" class=\"advgb-post-tax-term\">Institut Action Climatique<\/a>"],"unlinked":["<span class=\"advgb-post-tax-term\">Bouleversements climatiques<\/span>","<span class=\"advgb-post-tax-term\">Institut Action Climatique<\/span>"],"slug":"rbc_tl_category","name":"Categories"},"rbc_tl_tag":{"linked":[],"unlinked":[],"slug":"rbc_tl_tag","name":"Tags"}},"series_order":"","_links":{"self":[{"href":"https:\/\/www.rbc.com\/fr\/wp-json\/wp\/v2\/rbc_tl\/9551","targetHints":{"allow":["GET"]}}],"collection":[{"href":"https:\/\/www.rbc.com\/fr\/wp-json\/wp\/v2\/rbc_tl"}],"about":[{"href":"https:\/\/www.rbc.com\/fr\/wp-json\/wp\/v2\/types\/rbc_tl"}],"author":[{"embeddable":true,"href":"https:\/\/www.rbc.com\/fr\/wp-json\/wp\/v2\/users\/89"}],"version-history":[{"count":16,"href":"https:\/\/www.rbc.com\/fr\/wp-json\/wp\/v2\/rbc_tl\/9551\/revisions"}],"predecessor-version":[{"id":14405,"href":"https:\/\/www.rbc.com\/fr\/wp-json\/wp\/v2\/rbc_tl\/9551\/revisions\/14405"}],"wp:featuredmedia":[{"embeddable":true,"href":"https:\/\/www.rbc.com\/fr\/wp-json\/wp\/v2\/media\/9564"}],"wp:attachment":[{"href":"https:\/\/www.rbc.com\/fr\/wp-json\/wp\/v2\/media?parent=9551"}],"wp:term":[{"taxonomy":"rbc_tl_category","embeddable":true,"href":"https:\/\/www.rbc.com\/fr\/wp-json\/wp\/v2\/rbc_tl_category?post=9551"},{"taxonomy":"rbc_tl_tag","embeddable":true,"href":"https:\/\/www.rbc.com\/fr\/wp-json\/wp\/v2\/rbc_tl_tag?post=9551"}],"curies":[{"name":"wp","href":"https:\/\/api.w.org\/{rel}","templated":true}]}}