{"id":9011,"date":"2025-06-19T21:29:03","date_gmt":"2025-06-19T21:29:03","guid":{"rendered":"https:\/\/www.rbc.com\/fr\/?post_type=rbc_tl&#038;p=9011\/climate-crunch-how-canada-can-power-japans-energy-and-climate-ambitions"},"modified":"2025-08-19T21:47:26","modified_gmt":"2025-08-19T21:47:26","slug":"comment-le-canada-peut-repondre-aux-besoins-energetiques-et-aux-ambitions-climatiques-du-japon","status":"publish","type":"rbc_tl","link":"https:\/\/www.rbc.com\/fr\/leadership-avise\/institut-action-climatique\/bouleversements-climatiques\/comment-le-canada-peut-repondre-aux-besoins-energetiques-et-aux-ambitions-climatiques-du-japon\/","title":{"rendered":"Bouleversements climatiques\u00a0: Comment le Canada peut r\u00e9pondre aux besoins \u00e9nerg\u00e9tiques et aux ambitions climatiques du Japon"},"content":{"rendered":"\n<section class=\"wp-block-rbc-section-block  pos-rel\" style=\"border-radius:0px\">\n<div class=\"wp-block-rbc-section-inner-block  section-inner\" style=\"border-radius:0x\">\n<p>\u2794 Pourquoi le G7+ d\u00e9pend autant du Canada pour ses m\u00e9taux<\/p>\n\n\n\n<p>\u2794 Pic du p\u00e9trole&nbsp;: l\u2019AIE et l\u2019OPEP en d\u00e9saccord<\/p>\n\n\n\n<p>\u2794 Une avanc\u00e9e majeure en g\u00e9othermie<\/p>\n<\/div>\n<\/section>\n\n\n\n<section class=\"wp-block-rbc-section-block  pos-rel\" style=\"border-radius:0px\">\n<div class=\"wp-block-rbc-section-inner-block  section-inner\" style=\"border-radius:0x\">\n<h2 class=\"wp-block-heading is-style-default default has-rbc-dark-blue-tint-color has-text-color has-link-color wp-elements-b194303491296d6e4c08daa47222841e\" id=\"h-sujet-chauds\">Sujet chauds<\/h2>\n\n\n\n<p>\u2794 <strong>Au premier trimestre, les acheteurs canadiens ont boud\u00e9 les voitures z\u00e9ro \u00e9mission.<\/strong> Comparativement \u00e0 la m\u00eame p\u00e9riode de&nbsp;2024, les ventes ont chut\u00e9 de&nbsp;19,5&nbsp;%. Le nombre total de v\u00e9hicules l\u00e9gers vendus (mod\u00e8les hybrides et rechargeables y&nbsp;compris) a diminu\u00e9 de&nbsp;3,2&nbsp;%. D\u2019apr\u00e8s les donn\u00e9es de <a href=\"https:\/\/click.communication.rbc.com\/?qs=5ad229a0cd3db3621bd327af6e9731a4e405a3dcb75b4994c55b4aefc0fbdab03114c32c59747f120e683daea90462d7c93dbf7b630db391\" data-dig-id=\"LP-9011-6b8afc0b\" data-dig-category=\"LP\" data-dig-action=\"link click\" data-dig-label=\"S&amp;P&nbsp;Global\" class=\"rbc-link-format\">S&amp;P&nbsp;Global<\/a>, les immatriculations de v\u00e9hicules neufs ont repr\u00e9sent\u00e9 9,5&nbsp;% des ventes totales de voitures au premier trimestre, alors que cette proportion \u00e9tait de&nbsp;18,9&nbsp;% au trimestre pr\u00e9c\u00e9dent. Plusieurs facteurs ont jou\u00e9, notamment le retrait du rabais f\u00e9d\u00e9ral de 5&nbsp;000&nbsp;$, la diminution du montant offert par le gouvernement du Qu\u00e9bec et l\u2019incertitude li\u00e9e aux droits de douane. Signe des temps, Tesla perd du terrain au Canada&nbsp;: sa part de march\u00e9 n\u2019\u00e9tait que de&nbsp;10&nbsp;% en avril, contre&nbsp;50&nbsp;% il y a quelques ann\u00e9es.<\/p>\n\n\n\n<p>\u2794 <strong>En Alberta ce mois-ci, il n\u2019y en a pas eu que pour le&nbsp;G7.<\/strong> Lors de l\u2019\u00e9v\u00e9nement <a href=\"https:\/\/click.communication.rbc.com\/?qs=5ad229a0cd3db362e9910dd90431c7f942d05539dab95cc15d2cd76f4c90083e5badf8f42d7d75439cec53a1dd948a145c5a98eadcb8311c\" data-dig-id=\"LP-9011-76b7a679\" data-dig-category=\"LP\" data-dig-action=\"link click\" data-dig-label=\"Calgary for the Global Energy Show\" class=\"rbc-link-format\">Calgary for the Global Energy Show<\/a>, Haitham al-Ghais, le secr\u00e9taire g\u00e9n\u00e9ral de l\u2019Organisation des pays exportateurs de p\u00e9trole (OPEP), a affirm\u00e9 froidement que \u00ab&nbsp;la demande de p\u00e9trole n\u2019est pas pr\u00e8s de fl\u00e9chir&nbsp;\u00bb. Depuis quelques ann\u00e9es, l\u2019OPEP et l\u2019Agence internationale de l\u2019\u00e9nergie discutent \u00e2prement du fameux pic qui, selon le \u00ab&nbsp;gendarme&nbsp;\u00bb de Paris, pourrait survenir avant&nbsp;2030. L\u2019OPEP a d\u00e9clar\u00e9 r\u00e9cemment que le fait que l\u2019AIE ait revu \u00e0 la baisse ses <a href=\"https:\/\/click.communication.rbc.com\/?qs=5ad229a0cd3db362c31f9d1997b82034b7c3f992e73f5058c5adc547ab1136a57f880067b41400b0bdc620378f66198b89da63e483830121\" data-dig-id=\"LP-9011-c09e489d\" data-dig-category=\"LP\" data-dig-action=\"link click\" data-dig-label=\"pr\u00e9visions de ventes de v\u00e9hicules \u00e9lectriques\" class=\"rbc-link-format\">pr\u00e9visions de ventes de v\u00e9hicules \u00e9lectriques<\/a> prouve qu\u2019elle n\u2019est plus aussi certaine de son fait. L\u2019Agence insiste cependant et, <a href=\"https:\/\/click.communication.rbc.com\/?qs=5ad229a0cd3db36284717406aefe3eab812dc7bb34ed7fd6e38013043eac385ff32b60719e4a060be4b41425806f686751f4cecc0593a00c\" target=\"_blank\" rel=\"noreferrer noopener\"><\/a>&nbsp;dans ses <a href=\"https:\/\/click.communication.rbc.com\/?qs=5ad229a0cd3db3626cc73b0595981f2964369d479f9474786e2dd3decef3b84abc091f98c03473db563572352c26308310330f8561f5b114\" data-dig-id=\"LP-9011-84ba86e4\" data-dig-category=\"LP\" data-dig-action=\"link click\" data-dig-label=\"projections publi\u00e9es en juin\" class=\"rbc-link-format\">projections publi\u00e9es en juin<\/a>, affirme \u00e0 nouveau que le pic de la demande mondiale de p\u00e9trole est en vue.<\/p>\n\n\n\n<p>\u2794 <strong>L\u2019Arctique, une r\u00e9gion de plus en plus convoit\u00e9e.<\/strong> <a href=\"https:\/\/click.communication.rbc.com\/?qs=5ad229a0cd3db362fad43523a854030fddfa844d85bac70ecd8b3194f521aac6f8fccbf793720fa90febf3d014ac8d9274276c03bde8aea7\" data-dig-id=\"LP-9011-e5620396\" data-dig-category=\"LP\" data-dig-action=\"link click\" data-dig-label=\"Trois livres parus cette ann\u00e9e\" class=\"rbc-link-format\">Trois livres parus cette ann\u00e9e<\/a> rappellent que la r\u00e9gion la plus septentrionale du globe est aussi celle qui, d\u00e9sormais, s\u2019ouvre le plus au commerce. Dans <em>The&nbsp;North&nbsp;Pole<\/em>, l\u2019auteur norv\u00e9gien Erling&nbsp;Kagge rappelle que, dans les ann\u00e9es&nbsp;1600, des explorateurs cherchaient d\u00e9j\u00e0 des voies de communication plus rapides entre l\u2019Europe et l\u2019Asie. Dans <em>End&nbsp;of the&nbsp;Earth<\/em>, le chercheur de fossiles Neil&nbsp;Shubin traite des richesses souterraines que nous d\u00e9voile aujourd\u2019hui la science. Enfin, le journaliste Kieran Mulvaney, auteur d\u2019<em>Arctic Passages<\/em>, s\u2019int\u00e9resse aux voies ouvertes par la fonte des glaces entre, par exemple, la Cor\u00e9e et les Pays-bas, court-circuitant ainsi les points de tension g\u00e9opolitique que sont le canal de Suez et le canal de Panama.<\/p>\n<\/div>\n<\/section>\n\n\n\n<section class=\"wp-block-rbc-section-block  pos-rel\" style=\"border-radius:0px\">\n<div class=\"wp-block-rbc-section-inner-block  section-inner\" style=\"border-radius:0x\">\n<h2 class=\"wp-block-heading mar-t-0 mob-mar-t-0 has-rbc-dark-blue-tint-color has-text-color has-link-color wp-elements-2eeb69e55e7b845e866ca964ef89845e\" id=\"h-elements-essentiels-pour-le-canada\">\u00c9l\u00e9ments essentiels pour le Canada<\/h2>\n\n\n\n<p>De Nice \u00e0 Kananaskis, on n\u2019a parl\u00e9 que de min\u00e9raux critiques. Un sujet d\u00e9licat dans le chef-lieu des Alpes maritimes, o\u00f9 les participants \u00e0 la Conf\u00e9rence des Nations&nbsp;Unies sur les oc\u00e9ans ont critiqu\u00e9 les vell\u00e9it\u00e9s am\u00e9ricaines de forer en eaux profondes. De son c\u00f4t\u00e9, l\u2019<a href=\"https:\/\/click.communication.rbc.com\/?qs=5ad229a0cd3db3622b00ef50664d59ffffa0acea8ca42b2be5e2f6cc52da7a6124bedb01b8708e3f2386100bc3cb32e868668ea4df2e24d2\" data-dig-id=\"LP-9011-6de93745\" data-dig-category=\"LP\" data-dig-action=\"link click\" data-dig-label=\"Autorit\u00e9 internationale des fonds marins&nbsp;(AIFM)\" class=\"rbc-link-format\">Autorit\u00e9 internationale des fonds marins&nbsp;(AIFM)<\/a> estime que les plans de la Maison-Blanche cr\u00e9ent \u00ab&nbsp;un dangereux pr\u00e9c\u00e9dent susceptible de d\u00e9stabiliser l&rsquo;ensemble du syst\u00e8me de gouvernance mondiale des oc\u00e9ans&nbsp;\u00bb. Il semble que la production des intrants n\u00e9cessaires pour g\u00e9n\u00e9rer de l\u2019\u00e9lectricit\u00e9 de mani\u00e8re \u00e9cologique ne soit pas toujours&#8230; \u00e9cologique.<\/p>\n\n\n\n<p>\u00c0 Kananaskis, Canada a exhort\u00e9 les membres du&nbsp;G7 \u00e0 s\u2019entendre au moins sur un \u00ab&nbsp;<a href=\"https:\/\/click.communication.rbc.com\/?qs=5ad229a0cd3db36299845a31c98ade58f8394894db15a71031e053b8135adb3752462e73cdc3b5736f75e7d7aa1b601ed389a5a650c39c4e\" data-dig-id=\"LP-9011-90547d13\" data-dig-category=\"LP\" data-dig-action=\"link click\" data-dig-label=\"plan d\u2019action\" class=\"rbc-link-format\">plan d\u2019action<\/a>&nbsp;\u00bb \u00e0 l\u2019\u00e9gard des min\u00e9raux critiques. Afin de ne pas irriter le locataire du Bureau ovale, les participants ont, sur plusieurs points, \u00e9vit\u00e9 de faire une d\u00e9claration officielle qui soit unanime et de grande port\u00e9e. Ils ont toutefois convenu d\u2019\u00e9laborer un cadre permettant de financer de nouveaux projets miniers ou d\u2019usines de traitement et de moins d\u00e9pendre de la Chine pour l\u2019approvisionnement en ces min\u00e9raux cl\u00e9s que sont le lithium, le cobalt et les \u00e9l\u00e9ments des terres rares.<\/p>\n\n\n\n<figure class=\"wp-block-image size-large\"><img loading=\"lazy\" decoding=\"async\" height=\"696\" width=\"1024\" src=\"https:\/\/www.rbc.com\/fr\/wp-content\/uploads\/sites\/5\/2025\/08\/Climate-Crunch-Weekly-Charts-for-6.19-FR.png?quality=80&amp;w=1024\" alt=\"\" class=\"wp-image-9022\" srcset=\"https:\/\/www.rbc.com\/fr\/wp-content\/uploads\/sites\/5\/2025\/08\/Climate-Crunch-Weekly-Charts-for-6.19-FR.png 4000w, https:\/\/www.rbc.com\/fr\/wp-content\/uploads\/sites\/5\/2025\/08\/Climate-Crunch-Weekly-Charts-for-6.19-FR.png?resize=300,204 300w, https:\/\/www.rbc.com\/fr\/wp-content\/uploads\/sites\/5\/2025\/08\/Climate-Crunch-Weekly-Charts-for-6.19-FR.png?resize=768,522 768w, https:\/\/www.rbc.com\/fr\/wp-content\/uploads\/sites\/5\/2025\/08\/Climate-Crunch-Weekly-Charts-for-6.19-FR.png?resize=1024,696 1024w, https:\/\/www.rbc.com\/fr\/wp-content\/uploads\/sites\/5\/2025\/08\/Climate-Crunch-Weekly-Charts-for-6.19-FR.png?resize=1536,1044 1536w, https:\/\/www.rbc.com\/fr\/wp-content\/uploads\/sites\/5\/2025\/08\/Climate-Crunch-Weekly-Charts-for-6.19-FR.png?resize=2048,1392 2048w\" sizes=\"auto, (max-width: 1024px) 100vw, 1024px\" \/><\/figure>\n\n\n\n<p>Grand producteur de biens indispensables \u00e0 la fabrication de v\u00e9hicules \u00e9lectriques, de mat\u00e9riel de d\u00e9fense, de t\u00e9l\u00e9phones intelligents et d\u2019\u00e9oliennes, le Canada, qui a l\u2019ambition de devenir une \u00ab&nbsp;superpuissance \u00e9nerg\u00e9tique&nbsp;\u00bb, entend jouer un r\u00f4le cl\u00e9.<\/p>\n\n\n\n<p>L\u00e0 encore, ce ne sera pas chose facile, car le gouvernement voit poindre de l\u2019opposition. Les <a href=\"https:\/\/click.communication.rbc.com\/?qs=18c7a0aaf60c4c671c76f979344d6b0467e9375f9b84a4b8a44aa4cb938ece02c8a807ac9b4ca118a56b4938b45ca5dcb1a4dc44577d120c\" data-dig-id=\"LP-9011-504b57a7\" data-dig-category=\"LP\" data-dig-action=\"link click\" data-dig-label=\"Chiefs of Ontario\" class=\"rbc-link-format\">Chiefs of Ontario<\/a>, notamment, estiment que le projet de loi&nbsp;C-5, qui vise \u00e0 acc\u00e9l\u00e9rer les projets miniers et autres, est contraire au droit de l\u2019environnement et aux obligations constitutionnelles du Canada.<\/p>\n\n\n\n<p>D\u2019apr\u00e8s un <a href=\"https:\/\/click.communication.rbc.com\/?qs=18c7a0aaf60c4c675fba0e649e16769f4b23bf2e2a1ad72b29d784c8c2753ec9e6ded714c3de23e4dae544e6b18707321698a0af4f1e89a0\" data-dig-id=\"LP-9011-bc35fe29\" data-dig-category=\"LP\" data-dig-action=\"link click\" data-dig-label=\"sondage&nbsp;KPMG\" class=\"rbc-link-format\">sondage&nbsp;KPMG<\/a> men\u00e9 aupr\u00e8s de cadres canadiens, les sujets d\u2019inqui\u00e9tude ne manquent pas non plus dans le <a href=\"https:\/\/click.communication.rbc.com\/?qs=18c7a0aaf60c4c67c1e53218cfdb1581ec3ba098860d987ba9e2f73226cfa80cd987e13342687647889c1b2ea93e14322ad00ee73ff35686\" data-dig-id=\"LP-9011-9a24fc1d\" data-dig-category=\"LP\" data-dig-action=\"link click\" data-dig-label=\"secteur priv\u00e9\" class=\"rbc-link-format\">secteur priv\u00e9<\/a> (dont la plupart des acteurs souhaitent que tous les ordres de gouvernement \u00e9tablissent un couloir de services publics sans \u00e9gard au type d\u2019\u00e9nergie fourni), qu\u2019il s\u2019agisse des d\u00e9passements des co\u00fbts ou du non-respect des \u00e9ch\u00e9anciers souvent observ\u00e9s lors des m\u00e9gaprojets, de la d\u00e9rive des objectifs, des consultations avec les parties prenantes, des \u00e9valuations environnementales ou des retards caus\u00e9s par les organismes de r\u00e9glementation.<\/p>\n\n\n\n<p>Dans le rapport <a href=\"https:\/\/click.communication.rbc.com\/?qs=18c7a0aaf60c4c678c55f5cdda792534f760feff87b0d17701561ee636905b0e295d688adcf33b3a5d922d850ae5e8a6a9f61e39873c7bbe\" data-dig-id=\"LP-9011-51eda05a\" data-dig-category=\"LP\" data-dig-action=\"link click\" data-dig-label=\"Le&nbsp;nouveau grand&nbsp;jeu\" class=\"rbc-link-format\">Le&nbsp;nouveau grand&nbsp;jeu<\/a>, nous indiquons comment le Canada peut \u00e9liminer les freins \u00e0 l\u2019expansion de son secteur des min\u00e9raux critiques (lire aussi <a href=\"https:\/\/click.communication.rbc.com\/?qs=18c7a0aaf60c4c67f93f782f2d8a48baec20e563e4cf9ec53ed3390abfe99d9acda53d89f531ee809f4b343669f5d005a78d5232b758bfc0\" data-dig-id=\"LP-9011-957e1adc\" data-dig-category=\"LP\" data-dig-action=\"link click\" data-dig-label=\"Ing\u00e9niosit\u00e9&nbsp;: Comment le Canada s\u2019y prendra-t-il pour conclure des contrats de marchandises avec les \u00c9tats-Unis et d\u2019autres pays\" class=\"rbc-link-format\">Ing\u00e9niosit\u00e9&nbsp;: Comment le Canada s\u2019y prendra-t-il pour conclure des contrats de marchandises avec les \u00c9tats-Unis et d\u2019autres pays<\/a>).<\/p>\n<\/div>\n<\/section>\n\n\n\n<section class=\"wp-block-rbc-section-block  pos-rel\" style=\"border-radius:0px\">\n<div class=\"wp-block-rbc-section-inner-block  section-inner\" style=\"border-radius:0x\">\n<h2 class=\"wp-block-heading has-rbc-dark-blue-tint-color has-text-color has-link-color wp-elements-f8498554520446ae5fea8dd32feb3730\" id=\"h-l-enjeu-canado-japonais-du-gaz\">L\u2019enjeu canado-japonais du gaz<\/h2>\n\n\n\n<p>Le nouveau march\u00e9 canadien de l\u2019\u00e9nergie&nbsp;\u2013&nbsp;facteurs climatiques en&nbsp;sus&nbsp;\u2013&nbsp;est le Japon. Le premier ministre de la Colombie-Britannique, David&nbsp;Eby, y \u00e9tait en visite ce mois-ci pour promouvoir les ressources de sa province, notamment \u00e9nerg\u00e9tiques. De son c\u00f4t\u00e9, Mitsubishi&nbsp;Corp., l\u2019un des principaux investisseurs associ\u00e9s au projet LNG&nbsp;Canada, recevra les premi\u00e8res livraisons du terminal gazier britanno-colombien en juillet.<\/p>\n\n\n\n<p>Dans le rapport <a href=\"https:\/\/www.rbc.com\/fr\/leadership-avise\/le-projet-croissance\/strategie-du-g7-en-matiere-de-gaz-naturel-quatre-scenarios-pour-la-securite-energetique-dans-les-annees-2040\/\" data-dig-id=\"LP-9011-cd11618e\" data-dig-category=\"LP\" data-dig-action=\"link click\" data-dig-label=\"Strat\u00e9gie du&nbsp;G7+ en mati\u00e8re de gaz naturel\" class=\"rbc-link-format\">Strat\u00e9gie du&nbsp;G7+ en mati\u00e8re de gaz naturel<\/a>, RBC s\u2019int\u00e9resse au r\u00f4le que peut jouer le gaz dans la s\u00e9curit\u00e9 \u00e9nerg\u00e9tique des pays membres du&nbsp;G7+. Le Canada imposera d\u2019autant mieux son gaz naturel liqu\u00e9fi\u00e9 (GNL) en Asie qu\u2019il se conformera au syst\u00e8me d\u2019\u00e9change de droits d\u2019\u00e9mission&nbsp;GX-ETS (Green Transformation Emissions Trading System) mis en place par le Japon pour atteindre la carboneutralit\u00e9 d\u2019ici&nbsp;2050.<\/p>\n\n\n\n<p>D\u00e9taillons ce point.<\/p>\n\n\n\n<ul class=\"wp-block-rbc-list\">\n<li class=\"wp-block-rbc-list-item\">\n<p>Le Japon reconna\u00eet le&nbsp;GNL \u00e0 faible teneur en carbone comme conforme \u00e0 ses objectifs de transition, notamment si sont men\u00e9s en parall\u00e8le la r\u00e9duction des \u00e9missions de m\u00e9thane, la capture et le stockage du carbone, ou encore l\u2019application de normes de r\u00e9duction certifi\u00e9e des \u00e9missions. Il se peut que le GNL canadien soit admissible \u00e0 des contrats d\u2019approvisionnement \u00e0 long terme en phase avec la transition verte, si la r\u00e9duction des \u00e9missions peut \u00eatre v\u00e9rifi\u00e9e.<\/p>\n<\/li>\n\n\n\n<li class=\"wp-block-rbc-list-item\">\n<p>Le Japon peut s\u2019engager dans des investissements prenant la forme d\u2019\u00ab&nbsp;obligations de transition&nbsp;\u00bb, en particulier dans des installations de liqu\u00e9faction et de transport coupl\u00e9 \u00e0 la capture et au stockage du carbone. Avec l\u2019Australie et d\u2019autres pays, le Japon s\u2019est attel\u00e9 au march\u00e9 de l\u2019ammoniac propre. Pour les produits d\u2019\u00e9nergie canadiens certifi\u00e9s \u00e0 faible teneur en carbone, il existe plusieurs avenues int\u00e9ressantes, par exemple le financement fond\u00e9 sur les obligations de transition ou sur le m\u00e9canisme de cr\u00e9dit conjoint du Japon&nbsp;(JCM).<\/p>\n<\/li>\n\n\n\n<li class=\"wp-block-rbc-list-item\">\n<p>En couplant la capture et le stockage du carbone \u00e0 la production de gaz, le Canada peut tirer profit du plan japonais d\u2019expansion des importations d\u2019hydrog\u00e8ne bleu.<\/p>\n<\/li>\n\n\n\n<li class=\"wp-block-rbc-list-item\">\n<p>Le Japon a besoin d\u2019\u00e9nergie pour maintenir son avantage dans le domaine des capacit\u00e9s de calcul, des infrastructures num\u00e9riques, des centres de donn\u00e9es et de l\u2019intelligence artificielle, qui vont de plus en plus d\u00e9pendre des approvisionnements en gaz naturel. C\u2019est un autre d\u00e9bouch\u00e9 qui s\u2019offre pour le Canada.<\/p>\n<\/li>\n<\/ul>\n\n\n\n<p>Le rapport complet se trouve<a href=\"https:\/\/www.rbc.com\/fr\/leadership-avise\/le-projet-croissance\/strategie-du-g7-en-matiere-de-gaz-naturel-quatre-scenarios-pour-la-securite-energetique-dans-les-annees-2040\/\" data-dig-id=\"LP-9011-48dd3ef8\" data-dig-category=\"LP\" data-dig-action=\"link click\" data-dig-label=\"&nbsp;ici\" class=\"rbc-link-format\">&nbsp;ici<\/a>. Il a fait l\u2019objet d\u2019un d\u00e9bat entre <a href=\"https:\/\/www.linkedin.com\/in\/john-stackhouse-a113419\/\" data-dig-id=\"LP-9011-f977cda2\" data-dig-category=\"LP\" data-dig-action=\"link click\" data-dig-label=\"John&nbsp;Stackhouse\" class=\"rbc-link-format\">John&nbsp;Stackhouse<\/a> et l\u2019auteur principal du rapport, <a href=\"https:\/\/www.linkedin.com\/in\/shazmerwat\/\" data-dig-id=\"LP-9011-5ead1a35\" data-dig-category=\"LP\" data-dig-action=\"link click\" data-dig-label=\"Shaz&nbsp;Merwat\" class=\"rbc-link-format\">Shaz&nbsp;Merwat<\/a>.<\/p>\n<\/div>\n<\/section>\n\n\n\n<section class=\"wp-block-rbc-section-block  pos-rel\" style=\"border-radius:0px\">\n<div class=\"wp-block-rbc-section-inner-block  section-inner\" style=\"border-radius:0x\">\n<h2 class=\"wp-block-heading has-rbc-dark-blue-tint-color has-text-color has-link-color wp-elements-5e3849e1ab63df9a4c6a4ef7cfec8e26\" id=\"h-tendances-technologie-et-science\">Tendances, technologie et science<\/h2>\n\n\n\n<p>\u2794 <strong>La Banque mondiale entre dans l\u2019ar\u00e8ne de l\u2019\u00e9nergie nucl\u00e9aire.<\/strong> Pour r\u00e9pondre \u00e0 l\u2019appel des \u00c9tats-Unis et de l\u2019Allemagne, la <a href=\"https:\/\/click.communication.rbc.com\/?qs=e337de6693690e80341a9b96f8849d1222150b69f6a417598557c72fb0e96ea8bc0c0e62efdca222564d37f6049cc008f7e2bfdc7bf28042\" data-dig-id=\"LP-9011-050bb5f3\" data-dig-category=\"LP\" data-dig-action=\"link click\" data-dig-label=\"Banque mondiale\" class=\"rbc-link-format\">Banque mondiale<\/a> va, aux c\u00f4t\u00e9s de l\u2019Agence internationale de l\u2019\u00e9nergie atomique (l\u2019organisme de surveillance onusien), \u00e9pauler les exploitants des r\u00e9acteurs en place et la modernisation des infrastructures, qui passe notamment par l\u2019installation de petits r\u00e9acteurs modulaires&nbsp;(PRM). Les centrales \u00e9lectriques au gaz, qui ne compromettent pas le d\u00e9veloppement des \u00e9nergies renouvelables, pourraient aussi b\u00e9n\u00e9ficier de la manne, mais la Banque mondiale n\u2019a pas encore accept\u00e9 de financer le d\u00e9veloppement en amont du secteur du gaz naturel.<\/p>\n\n\n\n<p>\u2794 <strong>Les projets de capture de carbone se multiplient.<\/strong> Pendant la p\u00e9riode 2020-2030, la d\u00e9carbonation devrait faire une large part \u00e0 la seule capture du&nbsp;CO<sub>2<\/sub>&nbsp;: environ&nbsp;45&nbsp;% des projets en cours ou programm\u00e9s lui seront exclusivement consacr\u00e9s, selon un nouveau rapport du <a href=\"https:\/\/click.communication.rbc.com\/?qs=e337de6693690e80b7a6ecc1fc53dea40db29768dbf8195bfa4e00acb316200573df1384e812d6d5431e22b3c5f86075b361d7037476b02f\" data-dig-id=\"LP-9011-b8d311a0\" data-dig-category=\"LP\" data-dig-action=\"link click\" data-dig-label=\"Forum international de l\u2019\u00e9nergie\" class=\"rbc-link-format\">Forum international de l\u2019\u00e9nergie<\/a>. C\u2019est aux \u00c9tats-Unis, au Royaume-Uni et au Canada (dans cet ordre) qu\u2019il a \u00e9t\u00e9 pr\u00e9vu de mener le plus grand nombre de projets de captage, d\u2019utilisation et de stockage du carbone&nbsp;(CUSC) d\u2019ici&nbsp;2030&nbsp;; la capacit\u00e9 mondiale atteindrait alors 1&nbsp;gigatonne de&nbsp;CO<sub>2<\/sub> (ce qui \u00e9quivaudrait \u00e0 retirer <a href=\"https:\/\/click.communication.rbc.com\/?qs=e337de6693690e8038daec53cfef46eb6f8c62535a3f6c618816ff323bb985ffd6beb9aa4837fcc0dad263a6c20d4a43d91fe5a3e8ea4d65\" data-dig-id=\"LP-9011-0b850964\" data-dig-category=\"LP\" data-dig-action=\"link click\" data-dig-label=\"306,3&nbsp;millions d\u2019automobiles\" class=\"rbc-link-format\">306,3&nbsp;millions d\u2019automobiles<\/a> de la circulation pendant un an). La plupart des projets seraient financ\u00e9s \u00e0 m\u00eame les deniers publics.<\/p>\n\n\n\n<p>\u2794 <strong>Une soci\u00e9t\u00e9 sp\u00e9cialis\u00e9e dans la g\u00e9othermie et soutenue par Bill&nbsp;Gates annonce un d\u00e9veloppement majeur.<\/strong> L\u2019industrie est en \u00e9bullition&nbsp;: \u00e9tablie \u00e0 Houston, <a href=\"https:\/\/click.communication.rbc.com\/?qs=e337de6693690e80de61496c6f92b1acb1d1321980eae122d8deeb767f98301383481a06a8b45c91b45a46c9a2d36a6d69ef4d1028d7df56\" data-dig-id=\"LP-9011-7b0f1a60\" data-dig-category=\"LP\" data-dig-action=\"link click\" data-dig-label=\"Fervo Energy&nbsp;\" class=\"rbc-link-format\">Fervo Energy&nbsp;<\/a> a r\u00e9ussi \u00e0 forer pr\u00e8s de&nbsp;4,8&nbsp;km en 16&nbsp;jours, soit une r\u00e9duction de&nbsp;79&nbsp;% des d\u00e9lais moyens habituels. Dans le secteur de la g\u00e9othermie, le forage&nbsp;\u2013&nbsp;l\u2019op\u00e9ration la plus co\u00fbteuse&nbsp;\u2013&nbsp;nuit \u00e0 la comp\u00e9titivit\u00e9 de cette source d\u2019\u00e9nergie&nbsp;; c\u2019est donc un pas de g\u00e9ant qui vient d\u2019\u00eatre r\u00e9alis\u00e9. En outre, la technologie utilis\u00e9e (fortement inspir\u00e9e des techniques de fracturation hydraulique) laisse entrevoir l\u2019exploitation de sites particuli\u00e8rement prometteurs, par exemple en Islande. La soci\u00e9t\u00e9 <a href=\"https:\/\/click.communication.rbc.com\/?qs=e337de6693690e80a43ea7b04c4392a235a6f664c705e40c2e999f2e1008e7a626ae17d012b1335bb0d178a6a388eaf5dcdce282677cc659\" data-dig-id=\"LP-9011-361b893f\" data-dig-category=\"LP\" data-dig-action=\"link click\" data-dig-label=\"Breakthrough Energy\" class=\"rbc-link-format\">Breakthrough Energy<\/a> de Bill&nbsp;Gates a imm\u00e9diatement inject\u00e9 100&nbsp;millions de dollars am\u00e9ricains suppl\u00e9mentaires dans Fervo&nbsp;Energy, dans le cadre d\u2019un cycle d\u2019investissement de 206&nbsp;millions de dollars.<\/p>\n<\/div>\n<\/section>\n\n\n\n<div class=\"wp-block-columns pad-b has-cool-white-background-color has-background is-layout-flex wp-container-core-columns-is-layout-28f84493 wp-block-columns-is-layout-flex\">\n<div class=\"wp-block-column mar-t-qtr mob-mar-t-qtr is-layout-flow wp-block-column-is-layout-flow\">\n<p class=\"mar-l-hlf mob-mar-l-hlf\">Cr\u00e9\u00e9 par&nbsp;<strong>Yadullah Hussain<\/strong>, Directeur de r\u00e9daction, RBC Institut d\u2019action climatique.<\/p>\n\n\n\n<p class=\"mar-l-hlf mob-mar-l-hlf mar-t-hlf mob-mar-t-hlf mar-b-hlf mob-mar-b-hlf\">Le bulletin Bouleversements climatiques ne pourrait pas exister sans la collaboration d<em>e\u00a0<\/em><a href=\"https:\/\/www.linkedin.com\/in\/john-stackhouse-a113419\/\">John Stackhouse<\/a>,\u00a0<a href=\"https:\/\/www.linkedin.com\/in\/jordan-brennan-phd\/\" data-dig-id=\"LP-7236-2e8b11a6\" data-dig-label=\"Jordan Brennan\" data-dig-action=\"link click\" data-dig-category=\"LP\" class=\"rbc-link-format\">Jordan Brennan<\/a>, <a href=\"https:\/\/www.linkedin.com\/in\/johnintini\/\" data-dig-id=\"LP-7236-3efbba80\" data-dig-label=\"John Intini\" data-dig-action=\"link click\" data-dig-category=\"LP\" class=\"rbc-link-format\">John Intini<\/a>, <a href=\"https:\/\/www.linkedin.com\/in\/panahov\/\">Farhad Panahov<\/a>,\u00a0<a href=\"https:\/\/www.linkedin.com\/in\/lisa-ashton-a78b6656\/\">Lisa Ashton<\/a>,\u00a0<a href=\"https:\/\/www.linkedin.com\/in\/shazmerwat\/\">Shaz Merwat<\/a>,\u00a0<a href=\"https:\/\/www.linkedin.com\/in\/vivan-sorab-4a503623\/\">Vivan Sorab<\/a>,\u00a0<a href=\"https:\/\/www.linkedin.com\/in\/capricebiasoni\/\">Caprice Biasoni<\/a>, <a href=\"https:\/\/www.linkedin.com\/in\/lavanyakaleeswaran\/\" data-dig-id=\"LP-7236-7ac7bbec\" data-dig-label=\"Lavanya Kaleeswaran\" data-dig-action=\"link click\" data-dig-category=\"LP\" class=\"rbc-link-format\">Lavanya Kaleeswaran<\/a>\u00a0et\u00a0<a href=\"https:\/\/www.linkedin.com\/in\/joelleschonberg\/\" data-dig-id=\"LP-7236-21f8f85c\" data-dig-category=\"LP\" data-dig-action=\"link click\" data-dig-label=\"Joelle Schonberg\" class=\"rbc-link-format\">Joelle Schonberg<\/a>.<\/p>\n\n\n\n<p class=\"mar-l-hlf mob-mar-l-hlf mar-b-hlf mob-mar-b-hlf\">Avez-vous des commentaires, des f\u00e9licitations ou, euh, des critiques \u00e0 faire&nbsp;?&nbsp;\u00c9crivez-moi \u00e0<em> (<\/em><a href=\"mailto:yadullahhussain@rbc.com\">mailto:yadullahhussain@rbc.com<\/a><em>).<\/em><\/p>\n\n\n\n<div class=\"wp-block-columns has-border-color is-layout-flex wp-container-core-columns-is-layout-28f84493 wp-block-columns-is-layout-flex\" style=\"border-color:#0b0b0b;border-width:1px\">\n<div class=\"wp-block-column mar-t-hlf mob-mar-t-hlf mar-b-hlf mob-mar-b-hlf is-layout-flow wp-block-column-is-layout-flow\">\n<p class=\"has-text-align-center has-text-major-lg-font-size\">Bulletin d\u2019information sur le climat<\/p>\n\n\n\n<div class=\"wp-block-buttons is-content-justification-center is-layout-flex wp-container-core-buttons-is-layout-a89b3969 wp-block-buttons-is-layout-flex\"><div>\n<div class=\"wp-block-button  is-style-primary primary btn before\"><a class=\"wp-block-button__link wp-element-button\" href=\"https:\/\/www.rbc.com\/climate-action-institute\/subscribe.html\" data-dig-id=\"LP-7236-c41bc9ec\" data-dig-category=\"LP\" data-dig-action=\"button click\" data-dig-label=\"s\u2019inscrire-https:\/\/www.rbc.com\/climate-action-institute\/subscribe.html \">s\u2019inscrire<\/a><\/div>\n<\/div><\/div>\n<\/div>\n<\/div>\n<\/div>\n<\/div>\n","protected":false},"excerpt":{"rendered":"<p>Pourquoi le G7+ d\u00e9pend autant du Canada pour ses m\u00e9taux<\/p>\n","protected":false},"author":300,"featured_media":9014,"parent":0,"menu_order":0,"template":"","meta":{"_acf_changed":false,"disable_focal_point":true,"featured_image_focal_point":{"x":0.5,"y":0.5},"advgb_blocks_editor_width":"","advgb_blocks_columns_visual_guide":"","footnotes":""},"rbc_tl_category":[143,135],"rbc_tl_tag":[],"class_list":["post-9011","rbc_tl","type-rbc_tl","status-publish","has-post-thumbnail","hentry","rbc_tl_category-bouleversements-climatiques","rbc_tl_category-institut-action-climatique"],"acf":[],"yoast_head":"<!-- This site is optimized with the Yoast SEO Premium plugin v27.2 (Yoast SEO v27.2) - https:\/\/yoast.com\/product\/yoast-seo-premium-wordpress\/ -->\n<title>Bouleversements climatiques\u00a0: Comment le Canada peut r\u00e9pondre aux besoins \u00e9nerg\u00e9tiques et aux ambitions climatiques du Japon - RBC<\/title>\n<meta name=\"description\" content=\"Pourquoi le G7+ d\u00e9pend autant du Canada pour ses m\u00e9taux\" \/>\n<meta name=\"robots\" content=\"index, follow, max-snippet:-1, max-image-preview:large, max-video-preview:-1\" \/>\n<link rel=\"canonical\" href=\"https:\/\/www.rbc.com\/fr\/leadership-avise\/institut-action-climatique\/bouleversements-climatiques\/comment-le-canada-peut-repondre-aux-besoins-energetiques-et-aux-ambitions-climatiques-du-japon\/\" \/>\n<meta property=\"og:locale\" content=\"fr_FR\" \/>\n<meta property=\"og:type\" content=\"article\" \/>\n<meta property=\"og:title\" content=\"Bouleversements climatiques : Comment le Canada peut r\u00e9pondre aux besoins \u00e9nerg\u00e9tiques et aux ambitions climatiques du Japon\" \/>\n<meta property=\"og:description\" content=\"Pourquoi le G7+ d\u00e9pend autant du Canada pour ses m\u00e9taux\" \/>\n<meta property=\"og:url\" content=\"https:\/\/www.rbc.com\/fr\/leadership-avise\/institut-action-climatique\/bouleversements-climatiques\/comment-le-canada-peut-repondre-aux-besoins-energetiques-et-aux-ambitions-climatiques-du-japon\/\" \/>\n<meta property=\"og:site_name\" content=\"RBC\" \/>\n<meta property=\"article:modified_time\" content=\"2025-08-19T21:47:26+00:00\" \/>\n<meta property=\"og:image\" content=\"https:\/\/www.rbc.com\/fr\/wp-content\/uploads\/sites\/5\/2025\/08\/CC-June-19.png?quality=80\" \/>\n\t<meta property=\"og:image:width\" content=\"600\" \/>\n\t<meta property=\"og:image:height\" content=\"290\" \/>\n\t<meta property=\"og:image:type\" content=\"image\/png\" \/>\n<meta name=\"twitter:card\" content=\"summary_large_image\" \/>\n<meta name=\"twitter:title\" content=\"Bouleversements climatiques\u00a0: Comment le Canada peut r\u00e9pondre aux besoins \u00e9nerg\u00e9tiques et aux ambitions climatiques du Japon\" \/>\n<meta name=\"twitter:label1\" content=\"Est. reading time\" \/>\n\t<meta name=\"twitter:data1\" content=\"9 minutes\" \/>\n<script type=\"application\/ld+json\" class=\"yoast-schema-graph\">{\"@context\":\"https:\/\/schema.org\",\"@graph\":[{\"@type\":\"WebPage\",\"@id\":\"https:\/\/www.rbc.com\/fr\/leadership-avise\/institut-action-climatique\/bouleversements-climatiques\/comment-le-canada-peut-repondre-aux-besoins-energetiques-et-aux-ambitions-climatiques-du-japon\/\",\"url\":\"https:\/\/www.rbc.com\/fr\/leadership-avise\/institut-action-climatique\/bouleversements-climatiques\/comment-le-canada-peut-repondre-aux-besoins-energetiques-et-aux-ambitions-climatiques-du-japon\/\",\"name\":\"Bouleversements climatiques\u00a0: Comment le Canada peut r\u00e9pondre aux besoins \u00e9nerg\u00e9tiques et aux ambitions climatiques du Japon - RBC\",\"isPartOf\":{\"@id\":\"https:\/\/www.rbc.com\/fr\/#website\"},\"primaryImageOfPage\":{\"@id\":\"https:\/\/www.rbc.com\/fr\/leadership-avise\/institut-action-climatique\/bouleversements-climatiques\/comment-le-canada-peut-repondre-aux-besoins-energetiques-et-aux-ambitions-climatiques-du-japon\/#primaryimage\"},\"image\":{\"@id\":\"https:\/\/www.rbc.com\/fr\/leadership-avise\/institut-action-climatique\/bouleversements-climatiques\/comment-le-canada-peut-repondre-aux-besoins-energetiques-et-aux-ambitions-climatiques-du-japon\/#primaryimage\"},\"thumbnailUrl\":\"https:\/\/www.rbc.com\/fr\/wp-content\/uploads\/sites\/5\/2025\/08\/CC-June-19.png?quality=80\",\"datePublished\":\"2025-06-19T21:29:03+00:00\",\"dateModified\":\"2025-08-19T21:47:26+00:00\",\"description\":\"Pourquoi le G7+ d\u00e9pend autant du Canada pour ses m\u00e9taux\",\"inLanguage\":\"fr-FR\",\"potentialAction\":[{\"@type\":\"ReadAction\",\"target\":[\"https:\/\/www.rbc.com\/fr\/leadership-avise\/institut-action-climatique\/bouleversements-climatiques\/comment-le-canada-peut-repondre-aux-besoins-energetiques-et-aux-ambitions-climatiques-du-japon\/\"]}]},{\"@type\":\"ImageObject\",\"inLanguage\":\"fr-FR\",\"@id\":\"https:\/\/www.rbc.com\/fr\/leadership-avise\/institut-action-climatique\/bouleversements-climatiques\/comment-le-canada-peut-repondre-aux-besoins-energetiques-et-aux-ambitions-climatiques-du-japon\/#primaryimage\",\"url\":\"https:\/\/www.rbc.com\/fr\/wp-content\/uploads\/sites\/5\/2025\/08\/CC-June-19.png?quality=80\",\"contentUrl\":\"https:\/\/www.rbc.com\/fr\/wp-content\/uploads\/sites\/5\/2025\/08\/CC-June-19.png?quality=80\",\"width\":600,\"height\":290},{\"@type\":\"WebSite\",\"@id\":\"https:\/\/www.rbc.com\/fr\/#website\",\"url\":\"https:\/\/www.rbc.com\/fr\/\",\"name\":\"RBC\",\"description\":\"\",\"potentialAction\":[{\"@type\":\"SearchAction\",\"target\":{\"@type\":\"EntryPoint\",\"urlTemplate\":\"https:\/\/www.rbc.com\/fr\/?s={search_term_string}\"},\"query-input\":{\"@type\":\"PropertyValueSpecification\",\"valueRequired\":true,\"valueName\":\"search_term_string\"}}],\"inLanguage\":\"fr-FR\"}]}<\/script>\n<!-- \/ Yoast SEO Premium plugin. -->","yoast_head_json":{"title":"Bouleversements climatiques\u00a0: Comment le Canada peut r\u00e9pondre aux besoins \u00e9nerg\u00e9tiques et aux ambitions climatiques du Japon - RBC","description":"Pourquoi le G7+ d\u00e9pend autant du Canada pour ses m\u00e9taux","robots":{"index":"index","follow":"follow","max-snippet":"max-snippet:-1","max-image-preview":"max-image-preview:large","max-video-preview":"max-video-preview:-1"},"canonical":"https:\/\/www.rbc.com\/fr\/leadership-avise\/institut-action-climatique\/bouleversements-climatiques\/comment-le-canada-peut-repondre-aux-besoins-energetiques-et-aux-ambitions-climatiques-du-japon\/","og_locale":"fr_FR","og_type":"article","og_title":"Bouleversements climatiques : Comment le Canada peut r\u00e9pondre aux besoins \u00e9nerg\u00e9tiques et aux ambitions climatiques du Japon","og_description":"Pourquoi le G7+ d\u00e9pend autant du Canada pour ses m\u00e9taux","og_url":"https:\/\/www.rbc.com\/fr\/leadership-avise\/institut-action-climatique\/bouleversements-climatiques\/comment-le-canada-peut-repondre-aux-besoins-energetiques-et-aux-ambitions-climatiques-du-japon\/","og_site_name":"RBC","article_modified_time":"2025-08-19T21:47:26+00:00","og_image":[{"width":600,"height":290,"url":"https:\/\/www.rbc.com\/fr\/wp-content\/uploads\/sites\/5\/2025\/08\/CC-June-19.png?quality=80","type":"image\/png"}],"twitter_card":"summary_large_image","twitter_title":"Bouleversements climatiques\u00a0: Comment le Canada peut r\u00e9pondre aux besoins \u00e9nerg\u00e9tiques et aux ambitions climatiques du Japon","twitter_misc":{"Est. reading time":"9 minutes"},"schema":{"@context":"https:\/\/schema.org","@graph":[{"@type":"WebPage","@id":"https:\/\/www.rbc.com\/fr\/leadership-avise\/institut-action-climatique\/bouleversements-climatiques\/comment-le-canada-peut-repondre-aux-besoins-energetiques-et-aux-ambitions-climatiques-du-japon\/","url":"https:\/\/www.rbc.com\/fr\/leadership-avise\/institut-action-climatique\/bouleversements-climatiques\/comment-le-canada-peut-repondre-aux-besoins-energetiques-et-aux-ambitions-climatiques-du-japon\/","name":"Bouleversements climatiques\u00a0: Comment le Canada peut r\u00e9pondre aux besoins \u00e9nerg\u00e9tiques et aux ambitions climatiques du Japon - RBC","isPartOf":{"@id":"https:\/\/www.rbc.com\/fr\/#website"},"primaryImageOfPage":{"@id":"https:\/\/www.rbc.com\/fr\/leadership-avise\/institut-action-climatique\/bouleversements-climatiques\/comment-le-canada-peut-repondre-aux-besoins-energetiques-et-aux-ambitions-climatiques-du-japon\/#primaryimage"},"image":{"@id":"https:\/\/www.rbc.com\/fr\/leadership-avise\/institut-action-climatique\/bouleversements-climatiques\/comment-le-canada-peut-repondre-aux-besoins-energetiques-et-aux-ambitions-climatiques-du-japon\/#primaryimage"},"thumbnailUrl":"https:\/\/www.rbc.com\/fr\/wp-content\/uploads\/sites\/5\/2025\/08\/CC-June-19.png?quality=80","datePublished":"2025-06-19T21:29:03+00:00","dateModified":"2025-08-19T21:47:26+00:00","description":"Pourquoi le G7+ d\u00e9pend autant du Canada pour ses m\u00e9taux","inLanguage":"fr-FR","potentialAction":[{"@type":"ReadAction","target":["https:\/\/www.rbc.com\/fr\/leadership-avise\/institut-action-climatique\/bouleversements-climatiques\/comment-le-canada-peut-repondre-aux-besoins-energetiques-et-aux-ambitions-climatiques-du-japon\/"]}]},{"@type":"ImageObject","inLanguage":"fr-FR","@id":"https:\/\/www.rbc.com\/fr\/leadership-avise\/institut-action-climatique\/bouleversements-climatiques\/comment-le-canada-peut-repondre-aux-besoins-energetiques-et-aux-ambitions-climatiques-du-japon\/#primaryimage","url":"https:\/\/www.rbc.com\/fr\/wp-content\/uploads\/sites\/5\/2025\/08\/CC-June-19.png?quality=80","contentUrl":"https:\/\/www.rbc.com\/fr\/wp-content\/uploads\/sites\/5\/2025\/08\/CC-June-19.png?quality=80","width":600,"height":290},{"@type":"WebSite","@id":"https:\/\/www.rbc.com\/fr\/#website","url":"https:\/\/www.rbc.com\/fr\/","name":"RBC","description":"","potentialAction":[{"@type":"SearchAction","target":{"@type":"EntryPoint","urlTemplate":"https:\/\/www.rbc.com\/fr\/?s={search_term_string}"},"query-input":{"@type":"PropertyValueSpecification","valueRequired":true,"valueName":"search_term_string"}}],"inLanguage":"fr-FR"}]}},"parsely":{"version":"1.1.0","canonical_url":"https:\/\/rbc.com\/fr\/leadership-avise\/institut-action-climatique\/bouleversements-climatiques\/comment-le-canada-peut-repondre-aux-besoins-energetiques-et-aux-ambitions-climatiques-du-japon\/","smart_links":{"inbound":0,"outbound":0},"traffic_boost_suggestions_count":0,"meta":{"@context":"https:\/\/schema.org","@type":"NewsArticle","headline":"Bouleversements climatiques\u00a0: Comment le Canada peut r\u00e9pondre aux besoins \u00e9nerg\u00e9tiques et aux ambitions climatiques du Japon","url":"http:\/\/www.rbc.com\/fr\/leadership-avise\/institut-action-climatique\/bouleversements-climatiques\/comment-le-canada-peut-repondre-aux-besoins-energetiques-et-aux-ambitions-climatiques-du-japon\/","mainEntityOfPage":{"@type":"WebPage","@id":"http:\/\/www.rbc.com\/fr\/leadership-avise\/institut-action-climatique\/bouleversements-climatiques\/comment-le-canada-peut-repondre-aux-besoins-energetiques-et-aux-ambitions-climatiques-du-japon\/"},"thumbnailUrl":"https:\/\/www.rbc.com\/fr\/wp-content\/uploads\/sites\/5\/2025\/08\/CC-June-19.png?quality=80&w=150&h=150&crop=1","image":{"@type":"ImageObject","url":"https:\/\/www.rbc.com\/fr\/wp-content\/uploads\/sites\/5\/2025\/08\/CC-June-19.png?quality=80"},"articleSection":"Uncategorized","author":[{"@type":"Person","name":"Shiplu Talukder"}],"creator":["Shiplu Talukder"],"publisher":{"@type":"Organization","name":"RBC","logo":""},"keywords":[],"dateCreated":"2025-06-19T21:29:03Z","datePublished":"2025-06-19T21:29:03Z","dateModified":"2025-08-19T21:47:26Z"},"rendered":"<script type=\"application\/ld+json\" class=\"wp-parsely-metadata\">{\"@context\":\"https:\\\/\\\/schema.org\",\"@type\":\"NewsArticle\",\"headline\":\"Bouleversements climatiques\\u00a0: Comment le Canada peut r\\u00e9pondre aux besoins \\u00e9nerg\\u00e9tiques et aux ambitions climatiques du Japon\",\"url\":\"http:\\\/\\\/www.rbc.com\\\/fr\\\/leadership-avise\\\/institut-action-climatique\\\/bouleversements-climatiques\\\/comment-le-canada-peut-repondre-aux-besoins-energetiques-et-aux-ambitions-climatiques-du-japon\\\/\",\"mainEntityOfPage\":{\"@type\":\"WebPage\",\"@id\":\"http:\\\/\\\/www.rbc.com\\\/fr\\\/leadership-avise\\\/institut-action-climatique\\\/bouleversements-climatiques\\\/comment-le-canada-peut-repondre-aux-besoins-energetiques-et-aux-ambitions-climatiques-du-japon\\\/\"},\"thumbnailUrl\":\"https:\\\/\\\/www.rbc.com\\\/fr\\\/wp-content\\\/uploads\\\/sites\\\/5\\\/2025\\\/08\\\/CC-June-19.png?quality=80&w=150&h=150&crop=1\",\"image\":{\"@type\":\"ImageObject\",\"url\":\"https:\\\/\\\/www.rbc.com\\\/fr\\\/wp-content\\\/uploads\\\/sites\\\/5\\\/2025\\\/08\\\/CC-June-19.png?quality=80\"},\"articleSection\":\"Uncategorized\",\"author\":[{\"@type\":\"Person\",\"name\":\"Shiplu Talukder\"}],\"creator\":[\"Shiplu Talukder\"],\"publisher\":{\"@type\":\"Organization\",\"name\":\"RBC\",\"logo\":\"\"},\"keywords\":[],\"dateCreated\":\"2025-06-19T21:29:03Z\",\"datePublished\":\"2025-06-19T21:29:03Z\",\"dateModified\":\"2025-08-19T21:47:26Z\"}<\/script>","tracker_url":"https:\/\/cdn.parsely.com\/keys\/rbc.com\/p.js"},"featured_img":"https:\/\/www.rbc.com\/fr\/wp-content\/uploads\/sites\/5\/2025\/08\/CC-June-19.png?quality=80&w=600","coauthors":[],"author_meta":{"author_link":"https:\/\/www.rbc.com\/fr\/author\/shiplutalukder\/","display_name":"Shiplu Talukder"},"relative_dates":{"created":"Publi\u00e9 10 mois il y a","modified":"Mis \u00e0 jour 8 mois il y a"},"absolute_dates":{"created":"Publi\u00e9 le 19 juin 2025","modified":"Mise \u00e0 jour le 19 ao\u00fbt 2025"},"absolute_dates_time":{"created":"Publi\u00e9 le 19 juin 2025 9:29  ","modified":"Mise \u00e0 jour le 19 ao\u00fbt 2025 9:47  "},"featured_img_caption":"","tax_additional":{"rbc_tl_category":{"linked":["<a href=\"https:\/\/www.rbc.com\/fr\/leadership-avise\/bouleversements-climatiques\/\" class=\"advgb-post-tax-term\">Bouleversements climatiques<\/a>","<a href=\"https:\/\/www.rbc.com\/fr\/leadership-avise\/institut-action-climatique\/\" class=\"advgb-post-tax-term\">Institut Action Climatique<\/a>"],"unlinked":["<span class=\"advgb-post-tax-term\">Bouleversements climatiques<\/span>","<span class=\"advgb-post-tax-term\">Institut Action Climatique<\/span>"],"slug":"rbc_tl_category","name":"Categories"},"rbc_tl_tag":{"linked":[],"unlinked":[],"slug":"rbc_tl_tag","name":"Tags"}},"series_order":"","_links":{"self":[{"href":"https:\/\/www.rbc.com\/fr\/wp-json\/wp\/v2\/rbc_tl\/9011","targetHints":{"allow":["GET"]}}],"collection":[{"href":"https:\/\/www.rbc.com\/fr\/wp-json\/wp\/v2\/rbc_tl"}],"about":[{"href":"https:\/\/www.rbc.com\/fr\/wp-json\/wp\/v2\/types\/rbc_tl"}],"author":[{"embeddable":true,"href":"https:\/\/www.rbc.com\/fr\/wp-json\/wp\/v2\/users\/300"}],"version-history":[{"count":16,"href":"https:\/\/www.rbc.com\/fr\/wp-json\/wp\/v2\/rbc_tl\/9011\/revisions"}],"predecessor-version":[{"id":9062,"href":"https:\/\/www.rbc.com\/fr\/wp-json\/wp\/v2\/rbc_tl\/9011\/revisions\/9062"}],"wp:featuredmedia":[{"embeddable":true,"href":"https:\/\/www.rbc.com\/fr\/wp-json\/wp\/v2\/media\/9014"}],"wp:attachment":[{"href":"https:\/\/www.rbc.com\/fr\/wp-json\/wp\/v2\/media?parent=9011"}],"wp:term":[{"taxonomy":"rbc_tl_category","embeddable":true,"href":"https:\/\/www.rbc.com\/fr\/wp-json\/wp\/v2\/rbc_tl_category?post=9011"},{"taxonomy":"rbc_tl_tag","embeddable":true,"href":"https:\/\/www.rbc.com\/fr\/wp-json\/wp\/v2\/rbc_tl_tag?post=9011"}],"curies":[{"name":"wp","href":"https:\/\/api.w.org\/{rel}","templated":true}]}}