{"id":8567,"date":"2025-07-30T20:26:08","date_gmt":"2025-07-30T20:26:08","guid":{"rendered":"https:\/\/www.rbc.com\/fr\/?post_type=rbc_tl&#038;p=8567\/trade-zone-avoiding-world-war-of-trade"},"modified":"2025-07-30T20:28:21","modified_gmt":"2025-07-30T20:28:21","slug":"zone-commerciale-echapper-a-une-guerre-commerciale-mondiale","status":"publish","type":"rbc_tl","link":"https:\/\/www.rbc.com\/fr\/leadership-avise\/la-zone-commerciale\/zone-commerciale-echapper-a-une-guerre-commerciale-mondiale\/","title":{"rendered":"Zone commerciale\u00a0: \u00c9chapper \u00e0 une guerre commerciale mondiale"},"content":{"rendered":"\n<section class=\"wp-block-rbc-section-block  pos-rel\" style=\"border-radius:0px\">\n<div class=\"wp-block-rbc-section-inner-block  section-inner\" style=\"border-radius:0x\">\n<p><strong>Dans le num\u00e9ro de cette semaine&nbsp;: <\/strong>Quatre sc\u00e9narios possibles en mati\u00e8re de commerce mondial, rebond du secteur agroalimentaire canadien, et explication de l\u2019int\u00e9r\u00eat suscit\u00e9 par le cuivre<\/p>\n<\/div>\n<\/section>\n\n\n\n<section class=\"wp-block-rbc-section-block  pos-rel\" style=\"border-radius:0px\">\n<div class=\"wp-block-rbc-section-inner-block  section-inner pad-t-0 mob-pad-t-0\" style=\"border-radius:0x\">\n<h2 class=\"wp-block-heading has-rbc-dark-blue-tint-color has-text-color has-link-color wp-elements-e7650cc7300d833fbbacd013eedebd8c\" id=\"h-les-repercussions-de-la-guerre-commerciale\">Les r\u00e9percussions de la guerre commerciale<\/h2>\n\n\n\n<p>Par Jordan&nbsp;Brennan, Leadership avis\u00e9<\/p>\n\n\n\n<p>Qu\u2019adviendrait-il si les \u00c9tats-Unis ne se trouvaient plus au c\u0153ur du syst\u00e8me commercial mondial&nbsp;? Voil\u00e0 l\u2019une des id\u00e9es explor\u00e9es lors d\u2019une table ronde, organis\u00e9e par l\u2019Institut&nbsp;Fields, \u00e0 laquelle j\u2019ai assist\u00e9 cette semaine \u00e0 Toronto.<\/p>\n\n\n\n<p>En tant que gardien du syst\u00e8me commercial mondial, les \u00c9tats-Unis ont exerc\u00e9 une extraordinaire puissance douce pendant pr\u00e8s de 80&nbsp;ans. Ce r\u00f4le a pris fin le 2&nbsp;avril avec l\u2019av\u00e8nement des droits de douane du \u00ab&nbsp;Jour de la Lib\u00e9ration&nbsp;\u00bb du pr\u00e9sident&nbsp;Trump, d\u2019apr\u00e8s un conf\u00e9rencier. Ce dernier a poursuivi en \u00e9non\u00e7ant quatre sc\u00e9narios pouvant se concr\u00e9tiser avec la fin du leadership des \u00c9tats-Unis&nbsp;:<\/p>\n\n\n\n<ul class=\"wp-block-rbc-list is-style-black-disc\">\n<li class=\"wp-block-rbc-list-item\">\n<p><strong>Une guerre commerciale mondiale<\/strong>. Ce sc\u00e9nario ressemble \u00e0 celui des ann\u00e9es&nbsp;1930, p\u00e9riode durant laquelle d\u2019autres pays ont suivi l\u2019exemple des \u00c9tats-Unis et ignor\u00e9 les politiques de l\u2019Organisation mondiale du commerce (OMC). \u00c0 moins d\u2019une r\u00e9solution au cours des prochaines semaines, les droits de douane de Donald&nbsp;Trump entra\u00eeneront probablement l\u2019adoption de droits de douane de repr\u00e9sailles par d\u2019autres pays, une escalade ancr\u00e9e sur un principe connu&nbsp;: \u0153il pour \u0153il, dent pour dent. Dans l\u2019un des sc\u00e9narios \u00e9voqu\u00e9s, l\u2019\u00e9l\u00e9ment d\u00e9clencheur serait des repr\u00e9sailles de la Chine contre les dispositions antichinoises r\u00e9clam\u00e9es par les \u00c9tats-Unis \u00e0 leurs partenaires commerciaux (par exemple, l\u2019accord entre les \u00c9tats-Unis et le Royaume-Uni vise \u00e0 exclure la Chine des cha\u00eenes logistiques les plus importantes). Heureusement, ce sc\u00e9nario cauchemardesque est le moins probable.<\/p>\n<\/li>\n\n\n\n<li class=\"wp-block-rbc-list-item\">\n<p><strong>D\u00e9rive multilat\u00e9rale g\u00e9r\u00e9e.<\/strong>&nbsp;Il s\u2019agit du sc\u00e9nario de base actuel. Le monde entier constate le protectionnisme accru des \u00c9tats-Unis et une plus grande lib\u00e9ralisation partout ailleurs. Les \u00c9tats-Unis sont les seuls \u00e0 enfreindre les r\u00e8gles de l\u2019OMC, mais tous les autres pays jouent franc jeu.&nbsp;<\/p>\n<\/li>\n\n\n\n<li class=\"wp-block-rbc-list-item\">\n<p><strong>L\u2019affrontement des blocs commerciaux.<\/strong>&nbsp;Une fragmentation g\u00e9opolitique accrue m\u00e8ne \u00e0 la cr\u00e9ation de blocs commerciaux en opposition. Au sein de tels blocs se trouve un certain degr\u00e9 de collaboration et d\u2019ouverture. Entre les blocs, toutefois, nous observons un non-respect des r\u00e8gles de l\u2019OMC. Trois grands blocs seront constitu\u00e9s&nbsp;: un bloc form\u00e9 des \u00c9tats-Unis, du Canada et du Mexique; un bloc paneurop\u00e9en; ainsi qu\u2019un bloc sous la direction de la Chine. On ignore ce que fera le Japon.<\/p>\n<\/li>\n\n\n\n<li class=\"wp-block-rbc-list-item\">\n<p><strong>Une remondialisation sans les \u00c9tats-Unis.<\/strong> Il s\u2019agit du sc\u00e9nario le plus probable. Les \u00c9tats-Unis deviendront une \u00e9conomie plus ferm\u00e9e et ils auront moins d\u2019\u00e9changes commerciaux avec le reste du monde. \u00c9tant donn\u00e9 que les \u00c9tats-Unis ne repr\u00e9sentent que 15&nbsp;% du commerce mondial, cette situation ne s\u2019av\u00e8re pas d\u00e9sastreuse pour le syst\u00e8me commercial international.<\/p>\n<\/li>\n<\/ul>\n\n\n\n<p>On ne sait pas exactement les r\u00e9percussions de tous ces sc\u00e9narios pour le Canada. \u00c9tant donn\u00e9 que plus de 75&nbsp;% de nos exportations de marchandises sont destin\u00e9es \u00e0 nos voisins am\u00e9ricains, il est difficile d\u2019imaginer un avenir pour lequel les \u00c9tats-Unis ne demeureraient pas le principal partenaire commercial du Canada.<\/p>\n\n\n\n<p>\u00c9trangement, le Canada pourrait renforcer son positionnement par rapport aux \u00c9tats-Unis, puisque les droits de douane am\u00e9ricains qui lui seront impos\u00e9s pourraient s\u2019av\u00e9rer bien inf\u00e9rieurs \u00e0 ceux appliqu\u00e9s aux partenaires commerciaux europ\u00e9ens et asiatiques des \u00c9tats-Unis. En d\u00e9finitive, le Canada pourrait g\u00e9n\u00e9rer <em>plus <\/em>d\u2019\u00e9changes commerciaux avec les \u00c9tats-Unis, et ce, malgr\u00e9 les droits de douane.<\/p>\n\n\n\n<p>Contre toute attente, encore une fois, les investissements \u00e9trangers directs destin\u00e9s au Canada pourraient augmenter (songeons \u00e0 l\u2019automobile) alors que les pays heureux de payer le taux de droits de douane d\u2019environ 3&nbsp;% des nations les plus favoris\u00e9es font d\u00e9sormais face \u00e0 des barri\u00e8res douani\u00e8res de 25&nbsp;% et devront donc tenter de s\u2019emparer de la capacit\u00e9 exc\u00e9dentaire en Am\u00e9rique du Nord pour surmonter cet obstacle.<\/p>\n\n\n\n<p>De toute \u00e9vidence, le Canada a besoin de \u00ab&nbsp;plans&nbsp;B et C&nbsp;\u00bb efficaces pour les n\u00e9gociations actuelles avec le pr\u00e9sident&nbsp;Trump. Le libre-\u00e9change avec les \u00c9tats-Unis est le r\u00e9sultat souhait\u00e9, mais le Canada a besoin de diff\u00e9rentes options s\u2019il devient impossible de conclure un accord satisfaisant.<\/p>\n<\/div>\n<\/section>\n\n\n\n<section class=\"wp-block-rbc-section-block  pos-rel\" style=\"border-radius:0px\">\n<div class=\"wp-block-rbc-section-inner-block  section-inner pad-t-0 mob-pad-t-0\" style=\"border-radius:0x\">\n<h2 class=\"wp-block-heading has-rbc-dark-blue-tint-color has-text-color has-link-color wp-elements-5ca60bb5a9f063e3178d8381a32c8724\" id=\"h-la-semaine-ecoulee\">La semaine \u00e9coul\u00e9e<\/h2>\n\n\n\n<ul class=\"wp-block-rbc-list is-style-black-disc\">\n<li class=\"wp-block-rbc-list-item\">\n<p>Le <a href=\"https:\/\/www.bloomberg.com\/news\/articles\/2025-07-15\/carney-hints-tariffs-will-stay-sees-talks-with-us-ramping-up?srnd=homepage-canada\" data-dig-id=\"LP-8567-d0eb9bfa\" data-dig-category=\"LP\" data-dig-action=\"link click\" data-dig-label=\"premier ministre Mark&nbsp;Carney \" class=\"rbc-link-format\">premier ministre Mark&nbsp;Carney <\/a>a reconnu qu\u2019un accord avec les \u00c9tats-Unis n\u2019entra\u00eenera probablement pas l\u2019\u00e9limination de tous les droits de douane.<\/p>\n<\/li>\n\n\n\n<li class=\"wp-block-rbc-list-item\">\n<p>Les <a href=\"https:\/\/www.ft.com\/content\/82e32f7c-47e2-4e96-bb53-a58377e18aa9\" data-dig-id=\"LP-8567-433997ba\" data-dig-category=\"LP\" data-dig-action=\"link click\" data-dig-label=\"droits de douane de Donald&nbsp;Trump\" class=\"rbc-link-format\">droits de douane de Donald&nbsp;Trump<\/a> ont permis aux \u00c9tats-Unis d\u2019amasser pr\u00e8s de 50&nbsp;milliards de dollars am\u00e9ricains\u2026 jusqu\u2019\u00e0 pr\u00e9sent.<\/p>\n<\/li>\n\n\n\n<li class=\"wp-block-rbc-list-item\">\n<p>La pr\u00e9sidente mexicaine <a href=\"https:\/\/www.reuters.com\/world\/americas\/mexico-plans-stronger-trade-collaboration-with-canada-after-trump-tariff-threats-2025-07-16\/\" data-dig-id=\"LP-8567-bca2f290\" data-dig-category=\"LP\" data-dig-action=\"link click\" data-dig-label=\"Claudia&nbsp;Sheinbaum\" class=\"rbc-link-format\">Claudia&nbsp;Sheinbaum<\/a>&nbsp;et M.&nbsp;Carney ont parl\u00e9 d\u2019une collaboration accrue entre le Mexique et le Canada en mati\u00e8re de commerce.<\/p>\n<\/li>\n\n\n\n<li class=\"wp-block-rbc-list-item\">\n<p>Une dizaine de pays de l\u2019Union europ\u00e9enne (UE) envisagent d\u2019instaurer ce qu\u2019ils appellent un \u00ab&nbsp;<a href=\"https:\/\/www.bloomberg.com\/news\/articles\/2025-07-16\/momentum-builds-in-eu-to-use-its-most-powerful-trade-tool-on-us\" data-dig-id=\"LP-8567-b0958fd6\" data-dig-category=\"LP\" data-dig-action=\"link click\" data-dig-label=\"instrument anti-coercition\" class=\"rbc-link-format\">instrument anti-coercition<\/a>&nbsp;\u00bb, qui pourrait comprendre de nouvelles taxes visant les grandes soci\u00e9t\u00e9s technologiques am\u00e9ricaines ou des restrictions sur les placements, si un accord n\u2019est pas conclu avec les \u00c9tats-Unis d\u2019ici le 1<sup>er<\/sup>&nbsp;ao\u00fbt.<\/p>\n<\/li>\n<\/ul>\n<\/div>\n<\/section>\n\n\n\n<section class=\"wp-block-rbc-section-block  pos-rel\" style=\"border-radius:0px\">\n<div class=\"wp-block-rbc-section-inner-block  section-inner pad-t-0 mob-pad-t-0\" style=\"border-radius:0x\">\n<h2 class=\"wp-block-heading has-rbc-dark-blue-tint-color has-text-color has-link-color wp-elements-d351a9987c4155b527bbcfe86b2f8b53\" id=\"h-un-apport-proteine\">Un apport prot\u00e9in\u00e9<\/h2>\n\n\n\n<p>CApr\u00e8s avoir chut\u00e9 en avril, les exportations agroalimentaires ont rebondi au Canada en mai, surtout les exportations de viande et de produits de la mer. De nouvelles <a href=\"https:\/\/www150.statcan.gc.ca\/n1\/daily-quotidien\/250703\/dq250703a-eng.htm?utm_source=chatgpt.com\" data-dig-id=\"LP-8567-e2f0c9b2\" data-dig-category=\"LP\" data-dig-action=\"link click\" data-dig-label=\"donn\u00e9es sur le commerce de marchandises\" class=\"rbc-link-format\">donn\u00e9es sur le commerce de marchandises<\/a> publi\u00e9es par Statistique&nbsp;Canada r\u00e9v\u00e8lent que les exportations de viande ont grimp\u00e9 de 13&nbsp;% en mai, principalement en raison des exportations de porc vers le Japon, et que les exportations de produits de la mer emball\u00e9s ont bondi jusqu\u2019\u00e0 52,9&nbsp;%, apr\u00e8s un an de baisse.<\/p>\n\n\n\n<p><strong>Pourquoi est-ce important&nbsp;?<\/strong><\/p>\n\n\n\n<ul class=\"wp-block-rbc-list is-style-black-disc\">\n<li class=\"wp-block-rbc-list-item\">\n<p><strong>Les marchandises empruntent les chemins le plus faciles, mais les ajustements peuvent prendre du temps.<\/strong>&nbsp;Gr\u00e2ce \u00e0 l\u2019<a href=\"https:\/\/www.international.gc.ca\/trade-agreements-accords-commerciaux\/assets\/pdfs\/tpp-ptp\/2-D.Japan-Tariff-Elimination-Schedule.PDF\" data-dig-id=\"LP-8567-12bb0e7f\" data-dig-category=\"LP\" data-dig-action=\"link click\" data-dig-label=\"Accord de Partenariat transpacifique global et progressiste\" class=\"rbc-link-format\">Accord de Partenariat transpacifique global et progressiste<\/a> (PTPGP), les droits de douane de 4,3&nbsp;% impos\u00e9s par le Japon sur le porc frais, r\u00e9frig\u00e9r\u00e9 ou congel\u00e9 <a href=\"https:\/\/agriculture.canada.ca\/en\/international-trade\/market-intelligence\/asia\/cptpp\/cptpp-benefits-canadian-beef-and-pork-exporters\" data-dig-id=\"LP-8567-d5899b72\" data-dig-category=\"LP\" data-dig-action=\"link click\" data-dig-label=\"dispara\u00eetront graduellement d\u2019ici au mois d\u2019avril&nbsp;2027\" class=\"rbc-link-format\">dispara\u00eetront graduellement d\u2019ici au mois d\u2019avril&nbsp;2027<\/a>, notamment ceux ciblant les produits au-dessus du prix de r\u00e9f\u00e9rence, ce qui correspond au syst\u00e8me de prix minimal du Japon pour toutes les importations de porc. Les produits transform\u00e9s comme les saucisses, qui \u00e9taient vis\u00e9s par des droits de douane allant jusqu\u2019\u00e0 10&nbsp;% avant l\u2019entr\u00e9e en vigueur du PTPGP, n\u2019y sont plus soumis d\u00e9sormais. La viande de porc canadienne pr\u00e9par\u00e9e et en conserve (qui englobe la charcuterie) destin\u00e9e aux \u00c9tats-Unis est pass\u00e9e de 4&nbsp;millions de dollars en janvier \u00e0 2,4&nbsp;millions de dollars en mai, alors que cette m\u00eame cat\u00e9gorie d\u2019exportations vers le Japon a bondi de 3,2&nbsp;millions de dollars en janvier \u00e0 8&nbsp;millions de dollars en mai.<\/p>\n<\/li>\n\n\n\n<li class=\"wp-block-rbc-list-item\">\n<p><strong>Pour l\u2019instant, les efforts de diversification des \u00e9changes commerciaux de produits agroalimentaires d\u00e9ploy\u00e9s par le Canada ne sont peut-\u00eatre pas si vari\u00e9s<\/strong>.&nbsp;Les \u00c9tats-Unis demeurent un partenaire important, surtout pour les produits hautement p\u00e9rissables, comme les tomates de serre. Pourtant, les exportateurs agroalimentaires canadiens s\u2019activent dans de nombreuses cat\u00e9gories et cherchent \u00e0 accro\u00eetre leur pr\u00e9sence dans des march\u00e9s o\u00f9 l\u2019acc\u00e8s est d\u00e9j\u00e0 ais\u00e9 et o\u00f9 les \u00e9l\u00e9ments logistiques sont en place, comme au Japon, au Mexique et en Cor\u00e9e du Sud. Il serait aussi possible d\u2019acc\u00e9der \u00e0 des march\u00e9s p\u00e9riph\u00e9riques ayant un fort potentiel de croissance pour le Canada gr\u00e2ce \u00e0 un \u00e9largissement de l\u2019acc\u00e8s aux march\u00e9s. Par exemple, la valeur des exportations vers la Colombie et Ta\u00efwan, deux pays ne figurant pas parmi les <a href=\"https:\/\/agriculture.canada.ca\/en\/sector\/animal-industry\/red-meat-and-livestock-market-information\/trade\/red-meat-exports-country\" data-dig-id=\"LP-8567-87128e60\" data-dig-category=\"LP\" data-dig-action=\"link click\" data-dig-label=\"des cinq premiers march\u00e9s d\u2019exportation du Canada pour le b\u0153uf et le veau\" class=\"rbc-link-format\">des cinq premiers march\u00e9s d\u2019exportation du Canada pour le b\u0153uf et le veau<\/a>, a augment\u00e9 de 236&nbsp;% et de 57&nbsp;%, respectivement, de mai&nbsp;2024 \u00e0 2025.<\/p>\n<\/li>\n<\/ul>\n\n\n\n<p><strong>Conclusion&nbsp;:<\/strong> Comme il est peu probable de voir une abolition compl\u00e8te des droits de douane en Am\u00e9rique du Nord, le Canada continue de diversifier ses partenaires commerciaux dans le secteur agroalimentaire et semble privil\u00e9gier la croissance sur les march\u00e9s o\u00f9 les droits de douane sont nuls ou peu \u00e9lev\u00e9s.<\/p>\n<\/div>\n<\/section>\n\n\n\n<section class=\"wp-block-rbc-section-block  pos-rel\" style=\"border-radius:0px\">\n<div class=\"wp-block-rbc-section-inner-block  section-inner pad-t-0 mob-pad-t-0\" style=\"border-radius:0x\">\n<h2 class=\"wp-block-heading has-rbc-dark-blue-tint-color has-text-color has-link-color wp-elements-4f81153c1aefc5f59f49c015106647cf\" id=\"h-le-chiffre-a-retenir\">Le chiffre \u00e0 retenir<\/h2>\n\n\n\n<h3 class=\"wp-block-heading\" id=\"h-84\">84<\/h3>\n\n\n\n<p>Le <a href=\"https:\/\/angusreid.org\/canada-united-states-trade-carney-trump-tariff-supply-management\/\" data-dig-id=\"LP-8567-e43f1ff0\" data-dig-category=\"LP\" data-dig-action=\"link click\" data-dig-label=\"pourcentage de Canadiens et Canadiennes\" class=\"rbc-link-format\">pourcentage de Canadiens et Canadiennes<\/a><a href=\"https:\/\/angusreid.org\/canada-united-states-trade-carney-trump-tariff-supply-management\/\"> <\/a>ne s\u2019attendant pas \u00e0 ce que l\u2019administration&nbsp;Trump n\u00e9gocie en toute bonne foi.<\/p>\n<\/div>\n<\/section>\n\n\n\n<section class=\"wp-block-rbc-section-block  pos-rel\" style=\"border-radius:0px\">\n<div class=\"wp-block-rbc-section-inner-block  section-inner pad-t-0 mob-pad-t-0\" style=\"border-radius:0x\">\n<h2 class=\"wp-block-heading has-rbc-dark-blue-tint-color has-text-color has-link-color wp-elements-f478feee674c83be67419e167ac3b52f\" id=\"h-le-cuivre-dans-la-ligne-de-mire\">Le cuivre dans la ligne de mire<\/h2>\n\n\n\n<p>Le cuivre est d\u00e9sormais cibl\u00e9 par le programme de s\u00e9curit\u00e9 de l\u2019\u00e9nergie et des ressources ax\u00e9 sur l\u2019intelligence artificielle (IA) de l\u2019administration&nbsp;Trump, puisque l\u2019usage de cette mati\u00e8re premi\u00e8re en tant que conducteur \u00e9lectrique en fait un \u00e9l\u00e9ment essentiel pour les transformateurs, les lignes de transmission et les technologies de batteries qui soutiendront la construction de l\u2019infrastructure d\u2019IA. D\u2019ici la fin du mois, les importations de cuivre aux \u00c9tats-Unis pourraient \u00eatre assujetties \u00e0 des droits de douane de 50&nbsp;%. Le cuivre deviendrait alors le dernier m\u00e9tal \u00e0 se trouver au c\u0153ur de la r\u00e9organisation des cha\u00eenes d\u2019approvisionnement en ressources.<\/p>\n\n\n\n<ul class=\"wp-block-rbc-list is-style-black-disc\">\n<li class=\"wp-block-rbc-list-item\">\n<p>En moyenne, les \u00c9tats-Unis ont import\u00e9 42&nbsp;% de leur cuivre raffin\u00e9 au cours des quatre&nbsp;derni\u00e8res ann\u00e9es. Toutefois, comme ils poss\u00e8dent 5&nbsp;% des r\u00e9serves mondiales, ils pourraient d\u2019accro\u00eetre leur production nationale.<\/p>\n<\/li>\n\n\n\n<li class=\"wp-block-rbc-list-item\">\n<p>Le Canada effectue une part relativement faible du raffinage de cuivre \u00e0 l\u2019\u00e9chelle mondiale, \u00e9tait responsable de 1,2&nbsp;% de la production en raffinerie en 2024 et poss\u00e8de environ 0,8&nbsp;% des r\u00e9serves.<\/p>\n<\/li>\n\n\n\n<li class=\"wp-block-rbc-list-item\">\n<p>Le Canada est un important fournisseur de cuivre pour les \u00c9tats-Unis, notamment sous forme de minerai et de concentr\u00e9, de cuivre raffin\u00e9, de d\u00e9chets de cuivre ainsi que de mattes et de pr\u00e9cipit\u00e9s de cuivre. Il en exporte \u00e9galement vers l\u2019Asie et l\u2019Europe.&nbsp;Les exportations canadiennes vers les \u00c9tats-Unis ont totalis\u00e9 4,8&nbsp;milliards de dollars en 2023.<\/p>\n<\/li>\n\n\n\n<li class=\"wp-block-rbc-list-item\">\n<p>Certaines provinces ressentiront moins les effets des droits de douane sur le cuivre. Par exemple, la Colombie-Britannique poss\u00e8de les plus grandes mines de cuivre au Canada, mais elle n\u2019exporte pas beaucoup de cuivre vers les \u00c9tats-Unis. D\u2019autres provinces pourraient cependant \u00eatre plus durement touch\u00e9es.&nbsp;Le Qu\u00e9bec poss\u00e8de une fonderie et une raffinerie de cuivre et, selon les donn\u00e9es d\u2019Innovation, Sciences et D\u00e9veloppement \u00e9conomique Canada, il constituait la source de 80&nbsp;% des exportations de cuivre vers les \u00c9tats-Unis en 2024.<\/p>\n<\/li>\n\n\n\n<li class=\"wp-block-rbc-list-item\">\n<p>Les mines canadiennes ont produit 508&nbsp;000&nbsp;tonnes de cuivre en 2023, et <a href=\"https:\/\/natural-resources.canada.ca\/sites\/admin\/files\/documents\/2025-03\/Map of top 100_E_2025_online.pdf\" data-dig-id=\"LP-8567-e5c01126\" data-dig-category=\"LP\" data-dig-action=\"link click\" data-dig-label=\"14&nbsp;gisements de cuivre\" class=\"rbc-link-format\">14&nbsp;gisements de cuivre<\/a> figuraient parmi les 100&nbsp;premiers projets d\u2019exploration mini\u00e8re du pays en 2024. L\u2019accroissement des r\u00e9serves du Canada et la mise sur le march\u00e9 d\u2019une plus grande quantit\u00e9 de cuivre canadien, au pays comme \u00e0 l\u2019\u00e9tranger, s\u2019av\u00e9reront essentiels \u00e0 l\u2019atteinte de nos objectifs en mati\u00e8re d\u2019\u00e9nergie et d\u2019IA.&nbsp;&nbsp;&nbsp;&nbsp;<\/p>\n<\/li>\n<\/ul>\n<\/div>\n<\/section>\n\n\n\n<section class=\"wp-block-rbc-section-block  pos-rel\" style=\"border-radius:0px\">\n<div class=\"wp-block-rbc-section-inner-block  section-inner pad-t-0 mob-pad-t-0\" style=\"border-radius:0x\">\n<h2 class=\"wp-block-heading has-rbc-dark-blue-tint-color has-text-color has-link-color wp-elements-995ac848f9a749d85c6c25bf02ce7773\" id=\"h-regard-sur-l-afrique\">Regard sur l\u2019Afrique<\/h2>\n\n\n\n<p>L\u2019Afrique constitue un champ de bataille pour la Chine et les \u00c9tats-Unis depuis longtemps, puisque ces deux pays s\u2019y disputent l\u2019influence \u00e9conomique et commerciale \u00e0 exercer sur l\u2019ensemble du continent. La concurrence ne fait que s\u2019y intensifier, puisque les deux nations cherchent \u00e0 s\u2019y approvisionner en minerais, notamment en or et en graphite. Les \u00c9tats-Unis tentent de briser l\u2019emprise de la Chine sur le continent en n\u00e9gociant un accord de paix entre le Rwanda et la R\u00e9publique d\u00e9mocratique du Congo&nbsp;(RDC). Washington a aussi r\u00e9cemment tenu un sommet commercial entre les \u00c9tats-Unis et l\u2019Afrique et s\u2019est engag\u00e9 \u00e0 effectuer <a href=\"https:\/\/www.state.gov\/releases\/office-of-the-spokesperson\/2025\/06\/record-breaking-u-s-africa-business-summit-yields-2-5-billion-in-deals-and-commitments\/\">des investissements de <\/a><a href=\"https:\/\/www.state.gov\/releases\/office-of-the-spokesperson\/2025\/06\/record-breaking-u-s-africa-business-summit-yields-2-5-billion-in-deals-and-commitments\/\" data-dig-id=\"LP-8567-218ed7d5\" data-dig-category=\"LP\" data-dig-action=\"link click\" data-dig-label=\"2,5&nbsp;milliards de dollars am\u00e9ricains\" class=\"rbc-link-format\">2,5&nbsp;milliards de dollars am\u00e9ricains<\/a>, dont 1,5&nbsp;milliard de dollars am\u00e9ricains pour l\u2019am\u00e9nagement d\u2019une ligne de transmission de 1&nbsp;150&nbsp;kilom\u00e8tres \u00e0 partir de l\u2019Angola afin d\u2019acheminer 1,2&nbsp;gigawatt d\u2019\u00e9lectricit\u00e9 vers des sites miniers de la RDC. En contrepartie, les \u00c9tats-Unis obtiennent un acc\u00e8s aux ressources naturelles de la RDC, lesquelles comprennent les deux tiers des r\u00e9serves mondiales du cobalt, m\u00e9tal servant \u00e0 l\u2019alimentation des batteries des v\u00e9hicules \u00e9lectriques. Il s\u2019agit aussi du<a href=\"https:\/\/www.nasdaq.com\/articles\/top-5-tantalum-mining-countries-updated-2024\" data-dig-id=\"LP-8567-6a74da6c\" data-dig-category=\"LP\" data-dig-action=\"link click\" data-dig-label=\" premier fournisseur de tantale\" class=\"rbc-link-format\"> premier fournisseur de tantale<\/a>, un m\u00e9tal crucial dans les processeurs, et du <a href=\"https:\/\/www.iea.org\/data-and-statistics\/data-tools\/critical-minerals-data-explorer\" data-dig-id=\"LP-8567-045e09a3\" data-dig-category=\"LP\" data-dig-action=\"link click\" data-dig-label=\"deuxi\u00e8me fournisseur de cuivre en importance\" class=\"rbc-link-format\">deuxi\u00e8me fournisseur de cuivre en importance<\/a> au monde.<\/p>\n\n\n\n<p>L\u2019Afrique pourrait devenir une nouvelle destination commerciale prosp\u00e8re au moment o\u00f9 Ottawa cherche \u00e0 \u00e9tendre ses exportations \u00e0 d\u2019autres endroits Les possibilit\u00e9s sont nombreuses\u00a0:<\/p>\n\n\n\n<ul class=\"wp-block-rbc-list is-style-black-disc\">\n<li class=\"wp-block-rbc-list-item\">\n<p>Les \u00e9changes commerciaux entre le Canada et l\u2019Afrique ont tripl\u00e9 au cours des 25\u00a0derni\u00e8res ann\u00e9es, mais ils ne repr\u00e9sentent encore que <strong>1\u00a0% du volume total des \u00e9changes commerciaux canadiens<\/strong>.<\/p>\n<\/li>\n\n\n\n<li class=\"wp-block-rbc-list-item\">\n<p>Le Canada pourrait vendre des <strong>technologies propres<\/strong> \u00e0 un continent d\u00e9pendant toujours fortement du charbon, et surtout aux \u00e9conomies en croissance, comme celle de l\u2019Afrique du Sud. Il pourrait aussi offrir du gaz naturel liqu\u00e9fi\u00e9 (GNL).<\/p>\n<\/li>\n\n\n\n<li class=\"wp-block-rbc-list-item\">\n<p>Le Canada peut \u00e9galement exporter de l\u2019<strong>\u00e9quipement minier et des m\u00e9thodes d\u2019extraction<\/strong> propres vers des pays africains riches en ressources.<\/p>\n<\/li>\n\n\n\n<li class=\"wp-block-rbc-list-item\">\n<p>Les <strong>entreprises de technologie de la sant\u00e9 et les soci\u00e9t\u00e9s pharmaceutiques<\/strong> pourraient aussi stimuler les services num\u00e9riques de sant\u00e9, surtout dans les r\u00e9gions mal desservies du continent.\u00a0Les <strong>exportations de technologies \u00e9ducatives<\/strong> vers ce continent abritant la plus jeune population au monde pourraient constituer un autre avantage.<\/p>\n<\/li>\n\n\n\n<li class=\"wp-block-rbc-list-item\">\n<p>Les r\u00e9serves de minerais critiques de l\u2019Afrique offrent une gamme <strong>diversifi\u00e9e d\u2019intrants pour les cha\u00eenes logistiques des batterie<\/strong>s de v\u00e9hicules \u00e9lectriques, ainsi que des solutions de rechange aux ressources sous le contr\u00f4le d\u2019int\u00e9r\u00eats chinois.\u00a0<\/p>\n<\/li>\n<\/ul>\n\n\n\n<figure class=\"wp-block-image size-large\"><img loading=\"lazy\" decoding=\"async\" height=\"647\" width=\"1024\" src=\"https:\/\/www.rbc.com\/fr\/wp-content\/uploads\/sites\/5\/2025\/07\/Trade-Zone-7.18-FR-Chart.png?quality=80&amp;w=1024\" alt=\"\" class=\"wp-image-8594\" srcset=\"https:\/\/www.rbc.com\/fr\/wp-content\/uploads\/sites\/5\/2025\/07\/Trade-Zone-7.18-FR-Chart.png 4000w, https:\/\/www.rbc.com\/fr\/wp-content\/uploads\/sites\/5\/2025\/07\/Trade-Zone-7.18-FR-Chart.png?resize=300,190 300w, https:\/\/www.rbc.com\/fr\/wp-content\/uploads\/sites\/5\/2025\/07\/Trade-Zone-7.18-FR-Chart.png?resize=768,485 768w, https:\/\/www.rbc.com\/fr\/wp-content\/uploads\/sites\/5\/2025\/07\/Trade-Zone-7.18-FR-Chart.png?resize=1024,647 1024w, https:\/\/www.rbc.com\/fr\/wp-content\/uploads\/sites\/5\/2025\/07\/Trade-Zone-7.18-FR-Chart.png?resize=1536,971 1536w, https:\/\/www.rbc.com\/fr\/wp-content\/uploads\/sites\/5\/2025\/07\/Trade-Zone-7.18-FR-Chart.png?resize=2048,1294 2048w\" sizes=\"auto, (max-width: 1024px) 100vw, 1024px\" \/><\/figure>\n<\/div>\n<\/section>\n\n\n\n<section class=\"wp-block-rbc-section-block  pos-rel\" style=\"border-radius:0px\">\n<div class=\"wp-block-rbc-section-inner-block  section-inner pad-t-0 mob-pad-t-0\" style=\"border-radius:0x\">\n<h2 class=\"wp-block-heading has-rbc-dark-blue-tint-color has-text-color has-link-color wp-elements-ad67957220409fac428f7ea07921716e\" id=\"h-le-mot-de-la-fin\">Le mot de la fin<\/h2>\n\n\n\n<p>\u201c\u00ab\u00a0D\u00e8s le d\u00e9part, nous avons affirm\u00e9 haut et fort que la gestion de l\u2019offre ne ferait l\u2019objet d\u2019aucune discussion.\u00a0\u00bb<\/p>\n\n\n\n<p>\u2014\u00a0Fran\u00e7ois-Philippe\u00a0Champagne, ministre des Finances du Canada, au sujet des mesures de protection mises en place pour prot\u00e9ger l\u2019industrie laiti\u00e8re et agricole et ainsi l\u2019\u00e9carter des n\u00e9gociations entre le Canada et les \u00c9tats-Unis.\u00a0<\/p>\n<\/div>\n<\/section>\n","protected":false},"excerpt":{"rendered":"<p>Il faut plus qu\u2019un \u00ab plan A \u00bb au Canada dans le contexte d\u2019un ordre commercial mondial fragment\u00e9.<\/p>\n","protected":false},"author":89,"featured_media":8599,"parent":0,"menu_order":0,"template":"","meta":{"_acf_changed":false,"disable_focal_point":true,"featured_image_focal_point":{"x":0.5,"y":0.5},"advgb_blocks_editor_width":"","advgb_blocks_columns_visual_guide":"","footnotes":""},"rbc_tl_category":[161],"rbc_tl_tag":[],"class_list":["post-8567","rbc_tl","type-rbc_tl","status-publish","has-post-thumbnail","hentry","rbc_tl_category-la-zone-commerciale"],"acf":[],"yoast_head":"<!-- This site is optimized with the Yoast SEO Premium plugin v27.4 (Yoast SEO v27.4) - https:\/\/yoast.com\/product\/yoast-seo-premium-wordpress\/ -->\n<title>Zone commerciale\u00a0: \u00c9chapper \u00e0 une guerre commerciale mondiale - RBC<\/title>\n<meta name=\"description\" content=\"Il faut plus qu\u2019un \u00ab plan A \u00bb au Canada dans le contexte d\u2019un ordre commercial mondial fragment\u00e9.\" \/>\n<meta name=\"robots\" content=\"index, follow, max-snippet:-1, max-image-preview:large, max-video-preview:-1\" \/>\n<link rel=\"canonical\" href=\"https:\/\/www.rbc.com\/fr\/leadership-avise\/la-zone-commerciale\/zone-commerciale-echapper-a-une-guerre-commerciale-mondiale\/\" \/>\n<meta property=\"og:locale\" content=\"fr_FR\" \/>\n<meta property=\"og:type\" content=\"article\" \/>\n<meta property=\"og:title\" content=\"Zone commerciale : \u00c9chapper \u00e0 une guerre commerciale mondiale\" \/>\n<meta property=\"og:description\" content=\"Il faut plus qu\u2019un \u00ab plan A \u00bb au Canada dans le contexte d\u2019un ordre commercial mondial fragment\u00e9.\" \/>\n<meta property=\"og:url\" content=\"https:\/\/www.rbc.com\/fr\/leadership-avise\/la-zone-commerciale\/zone-commerciale-echapper-a-une-guerre-commerciale-mondiale\/\" \/>\n<meta property=\"og:site_name\" content=\"RBC\" \/>\n<meta property=\"article:modified_time\" content=\"2025-07-30T20:28:21+00:00\" \/>\n<meta property=\"og:image\" content=\"https:\/\/www.rbc.com\/fr\/wp-content\/uploads\/sites\/5\/2025\/07\/Trade-Zone-7.18-Blog-Image_Branded-1200x627-1.jpg?quality=80\" \/>\n\t<meta property=\"og:image:width\" content=\"2500\" \/>\n\t<meta property=\"og:image:height\" content=\"1306\" \/>\n\t<meta property=\"og:image:type\" content=\"image\/jpeg\" \/>\n<meta name=\"twitter:card\" content=\"summary_large_image\" \/>\n<meta name=\"twitter:title\" content=\"Zone commerciale\u00a0: \u00c9chapper \u00e0 une guerre commerciale mondiale\" \/>\n<meta name=\"twitter:label1\" content=\"Est. reading time\" \/>\n\t<meta name=\"twitter:data1\" content=\"11 minutes\" \/>\n<script type=\"application\/ld+json\" class=\"yoast-schema-graph\">{\"@context\":\"https:\\\/\\\/schema.org\",\"@graph\":[{\"@type\":\"WebPage\",\"@id\":\"https:\\\/\\\/www.rbc.com\\\/fr\\\/leadership-avise\\\/la-zone-commerciale\\\/zone-commerciale-echapper-a-une-guerre-commerciale-mondiale\\\/\",\"url\":\"https:\\\/\\\/www.rbc.com\\\/fr\\\/leadership-avise\\\/la-zone-commerciale\\\/zone-commerciale-echapper-a-une-guerre-commerciale-mondiale\\\/\",\"name\":\"Zone commerciale\u00a0: \u00c9chapper \u00e0 une guerre commerciale mondiale - RBC\",\"isPartOf\":{\"@id\":\"https:\\\/\\\/www.rbc.com\\\/fr\\\/#website\"},\"primaryImageOfPage\":{\"@id\":\"https:\\\/\\\/www.rbc.com\\\/fr\\\/leadership-avise\\\/la-zone-commerciale\\\/zone-commerciale-echapper-a-une-guerre-commerciale-mondiale\\\/#primaryimage\"},\"image\":{\"@id\":\"https:\\\/\\\/www.rbc.com\\\/fr\\\/leadership-avise\\\/la-zone-commerciale\\\/zone-commerciale-echapper-a-une-guerre-commerciale-mondiale\\\/#primaryimage\"},\"thumbnailUrl\":\"https:\\\/\\\/www.rbc.com\\\/fr\\\/wp-content\\\/uploads\\\/sites\\\/5\\\/2025\\\/07\\\/Trade-Zone-7.18-Blog-Image_Banner-wide.jpg?quality=80\",\"datePublished\":\"2025-07-30T20:26:08+00:00\",\"dateModified\":\"2025-07-30T20:28:21+00:00\",\"description\":\"Il faut plus qu\u2019un \u00ab plan A \u00bb au Canada dans le contexte d\u2019un ordre commercial mondial fragment\u00e9.\",\"inLanguage\":\"fr-FR\",\"potentialAction\":[{\"@type\":\"ReadAction\",\"target\":[\"https:\\\/\\\/www.rbc.com\\\/fr\\\/leadership-avise\\\/la-zone-commerciale\\\/zone-commerciale-echapper-a-une-guerre-commerciale-mondiale\\\/\"]}]},{\"@type\":\"ImageObject\",\"inLanguage\":\"fr-FR\",\"@id\":\"https:\\\/\\\/www.rbc.com\\\/fr\\\/leadership-avise\\\/la-zone-commerciale\\\/zone-commerciale-echapper-a-une-guerre-commerciale-mondiale\\\/#primaryimage\",\"url\":\"https:\\\/\\\/www.rbc.com\\\/fr\\\/wp-content\\\/uploads\\\/sites\\\/5\\\/2025\\\/07\\\/Trade-Zone-7.18-Blog-Image_Banner-wide.jpg?quality=80\",\"contentUrl\":\"https:\\\/\\\/www.rbc.com\\\/fr\\\/wp-content\\\/uploads\\\/sites\\\/5\\\/2025\\\/07\\\/Trade-Zone-7.18-Blog-Image_Banner-wide.jpg?quality=80\",\"width\":7250,\"height\":3500,\"caption\":\"Zone commerciale : \u00c9chapper \u00e0 une guerre commerciale mondiale\"},{\"@type\":\"WebSite\",\"@id\":\"https:\\\/\\\/www.rbc.com\\\/fr\\\/#website\",\"url\":\"https:\\\/\\\/www.rbc.com\\\/fr\\\/\",\"name\":\"RBC\",\"description\":\"\",\"potentialAction\":[{\"@type\":\"SearchAction\",\"target\":{\"@type\":\"EntryPoint\",\"urlTemplate\":\"https:\\\/\\\/www.rbc.com\\\/fr\\\/?s={search_term_string}\"},\"query-input\":{\"@type\":\"PropertyValueSpecification\",\"valueRequired\":true,\"valueName\":\"search_term_string\"}}],\"inLanguage\":\"fr-FR\"}]}<\/script>\n<!-- \/ Yoast SEO Premium plugin. -->","yoast_head_json":{"title":"Zone commerciale\u00a0: \u00c9chapper \u00e0 une guerre commerciale mondiale - RBC","description":"Il faut plus qu\u2019un \u00ab plan A \u00bb au Canada dans le contexte d\u2019un ordre commercial mondial fragment\u00e9.","robots":{"index":"index","follow":"follow","max-snippet":"max-snippet:-1","max-image-preview":"max-image-preview:large","max-video-preview":"max-video-preview:-1"},"canonical":"https:\/\/www.rbc.com\/fr\/leadership-avise\/la-zone-commerciale\/zone-commerciale-echapper-a-une-guerre-commerciale-mondiale\/","og_locale":"fr_FR","og_type":"article","og_title":"Zone commerciale : \u00c9chapper \u00e0 une guerre commerciale mondiale","og_description":"Il faut plus qu\u2019un \u00ab plan A \u00bb au Canada dans le contexte d\u2019un ordre commercial mondial fragment\u00e9.","og_url":"https:\/\/www.rbc.com\/fr\/leadership-avise\/la-zone-commerciale\/zone-commerciale-echapper-a-une-guerre-commerciale-mondiale\/","og_site_name":"RBC","article_modified_time":"2025-07-30T20:28:21+00:00","og_image":[{"width":2500,"height":1306,"url":"https:\/\/www.rbc.com\/fr\/wp-content\/uploads\/sites\/5\/2025\/07\/Trade-Zone-7.18-Blog-Image_Branded-1200x627-1.jpg?quality=80","type":"image\/jpeg"}],"twitter_card":"summary_large_image","twitter_title":"Zone commerciale\u00a0: \u00c9chapper \u00e0 une guerre commerciale mondiale","twitter_misc":{"Est. reading time":"11 minutes"},"schema":{"@context":"https:\/\/schema.org","@graph":[{"@type":"WebPage","@id":"https:\/\/www.rbc.com\/fr\/leadership-avise\/la-zone-commerciale\/zone-commerciale-echapper-a-une-guerre-commerciale-mondiale\/","url":"https:\/\/www.rbc.com\/fr\/leadership-avise\/la-zone-commerciale\/zone-commerciale-echapper-a-une-guerre-commerciale-mondiale\/","name":"Zone commerciale\u00a0: \u00c9chapper \u00e0 une guerre commerciale mondiale - RBC","isPartOf":{"@id":"https:\/\/www.rbc.com\/fr\/#website"},"primaryImageOfPage":{"@id":"https:\/\/www.rbc.com\/fr\/leadership-avise\/la-zone-commerciale\/zone-commerciale-echapper-a-une-guerre-commerciale-mondiale\/#primaryimage"},"image":{"@id":"https:\/\/www.rbc.com\/fr\/leadership-avise\/la-zone-commerciale\/zone-commerciale-echapper-a-une-guerre-commerciale-mondiale\/#primaryimage"},"thumbnailUrl":"https:\/\/www.rbc.com\/fr\/wp-content\/uploads\/sites\/5\/2025\/07\/Trade-Zone-7.18-Blog-Image_Banner-wide.jpg?quality=80","datePublished":"2025-07-30T20:26:08+00:00","dateModified":"2025-07-30T20:28:21+00:00","description":"Il faut plus qu\u2019un \u00ab plan A \u00bb au Canada dans le contexte d\u2019un ordre commercial mondial fragment\u00e9.","inLanguage":"fr-FR","potentialAction":[{"@type":"ReadAction","target":["https:\/\/www.rbc.com\/fr\/leadership-avise\/la-zone-commerciale\/zone-commerciale-echapper-a-une-guerre-commerciale-mondiale\/"]}]},{"@type":"ImageObject","inLanguage":"fr-FR","@id":"https:\/\/www.rbc.com\/fr\/leadership-avise\/la-zone-commerciale\/zone-commerciale-echapper-a-une-guerre-commerciale-mondiale\/#primaryimage","url":"https:\/\/www.rbc.com\/fr\/wp-content\/uploads\/sites\/5\/2025\/07\/Trade-Zone-7.18-Blog-Image_Banner-wide.jpg?quality=80","contentUrl":"https:\/\/www.rbc.com\/fr\/wp-content\/uploads\/sites\/5\/2025\/07\/Trade-Zone-7.18-Blog-Image_Banner-wide.jpg?quality=80","width":7250,"height":3500,"caption":"Zone commerciale : \u00c9chapper \u00e0 une guerre commerciale mondiale"},{"@type":"WebSite","@id":"https:\/\/www.rbc.com\/fr\/#website","url":"https:\/\/www.rbc.com\/fr\/","name":"RBC","description":"","potentialAction":[{"@type":"SearchAction","target":{"@type":"EntryPoint","urlTemplate":"https:\/\/www.rbc.com\/fr\/?s={search_term_string}"},"query-input":{"@type":"PropertyValueSpecification","valueRequired":true,"valueName":"search_term_string"}}],"inLanguage":"fr-FR"}]}},"parsely":{"version":"1.1.0","canonical_url":"https:\/\/rbc.com\/fr\/leadership-avise\/la-zone-commerciale\/zone-commerciale-echapper-a-une-guerre-commerciale-mondiale\/","smart_links":{"inbound":0,"outbound":0},"traffic_boost_suggestions_count":0,"meta":{"@context":"https:\/\/schema.org","@type":"NewsArticle","headline":"Zone commerciale\u00a0: \u00c9chapper \u00e0 une guerre commerciale mondiale","url":"http:\/\/www.rbc.com\/fr\/leadership-avise\/la-zone-commerciale\/zone-commerciale-echapper-a-une-guerre-commerciale-mondiale\/","mainEntityOfPage":{"@type":"WebPage","@id":"http:\/\/www.rbc.com\/fr\/leadership-avise\/la-zone-commerciale\/zone-commerciale-echapper-a-une-guerre-commerciale-mondiale\/"},"thumbnailUrl":"https:\/\/www.rbc.com\/fr\/wp-content\/uploads\/sites\/5\/2025\/07\/Trade-Zone-7.18-Blog-Image_Banner-wide.jpg?quality=80&w=150&h=150&crop=1","image":{"@type":"ImageObject","url":"https:\/\/www.rbc.com\/fr\/wp-content\/uploads\/sites\/5\/2025\/07\/Trade-Zone-7.18-Blog-Image_Banner-wide.jpg?quality=80"},"articleSection":"Uncategorized","author":[{"@type":"Person","name":"lavanyakaleeswaran"}],"creator":["lavanyakaleeswaran"],"publisher":{"@type":"Organization","name":"RBC","logo":""},"keywords":[],"dateCreated":"2025-07-30T20:26:08Z","datePublished":"2025-07-30T20:26:08Z","dateModified":"2025-07-30T20:28:21Z"},"rendered":"<script type=\"application\/ld+json\" class=\"wp-parsely-metadata\">{\"@context\":\"https:\\\/\\\/schema.org\",\"@type\":\"NewsArticle\",\"headline\":\"Zone commerciale\\u00a0: \\u00c9chapper \\u00e0 une guerre commerciale mondiale\",\"url\":\"http:\\\/\\\/www.rbc.com\\\/fr\\\/leadership-avise\\\/la-zone-commerciale\\\/zone-commerciale-echapper-a-une-guerre-commerciale-mondiale\\\/\",\"mainEntityOfPage\":{\"@type\":\"WebPage\",\"@id\":\"http:\\\/\\\/www.rbc.com\\\/fr\\\/leadership-avise\\\/la-zone-commerciale\\\/zone-commerciale-echapper-a-une-guerre-commerciale-mondiale\\\/\"},\"thumbnailUrl\":\"https:\\\/\\\/www.rbc.com\\\/fr\\\/wp-content\\\/uploads\\\/sites\\\/5\\\/2025\\\/07\\\/Trade-Zone-7.18-Blog-Image_Banner-wide.jpg?quality=80&w=150&h=150&crop=1\",\"image\":{\"@type\":\"ImageObject\",\"url\":\"https:\\\/\\\/www.rbc.com\\\/fr\\\/wp-content\\\/uploads\\\/sites\\\/5\\\/2025\\\/07\\\/Trade-Zone-7.18-Blog-Image_Banner-wide.jpg?quality=80\"},\"articleSection\":\"Uncategorized\",\"author\":[{\"@type\":\"Person\",\"name\":\"lavanyakaleeswaran\"}],\"creator\":[\"lavanyakaleeswaran\"],\"publisher\":{\"@type\":\"Organization\",\"name\":\"RBC\",\"logo\":\"\"},\"keywords\":[],\"dateCreated\":\"2025-07-30T20:26:08Z\",\"datePublished\":\"2025-07-30T20:26:08Z\",\"dateModified\":\"2025-07-30T20:28:21Z\"}<\/script>","tracker_url":"https:\/\/cdn.parsely.com\/keys\/rbc.com\/p.js"},"featured_img":"https:\/\/www.rbc.com\/fr\/wp-content\/uploads\/sites\/5\/2025\/07\/Trade-Zone-7.18-Blog-Image_Banner-wide.jpg?quality=80&w=1024","coauthors":[],"author_meta":{"author_link":"https:\/\/www.rbc.com\/fr\/author\/lavanyakaleeswaran\/","display_name":"lavanyakaleeswaran"},"relative_dates":{"created":"Publi\u00e9 9 mois il y a","modified":"Mis \u00e0 jour 9 mois il y a"},"absolute_dates":{"created":"Publi\u00e9 le 30 juillet 2025","modified":"Mise \u00e0 jour le 30 juillet 2025"},"absolute_dates_time":{"created":"Publi\u00e9 le 30 juillet 2025 8:26  ","modified":"Mise \u00e0 jour le 30 juillet 2025 8:28  "},"featured_img_caption":"","tax_additional":{"rbc_tl_category":{"linked":["<a href=\"https:\/\/www.rbc.com\/fr\/leadership-avise\/la-zone-commerciale\/\" class=\"advgb-post-tax-term\">La zone commerciale<\/a>"],"unlinked":["<span class=\"advgb-post-tax-term\">La zone commerciale<\/span>"],"slug":"rbc_tl_category","name":"Categories"},"rbc_tl_tag":{"linked":[],"unlinked":[],"slug":"rbc_tl_tag","name":"Tags"}},"series_order":"","_links":{"self":[{"href":"https:\/\/www.rbc.com\/fr\/wp-json\/wp\/v2\/rbc_tl\/8567","targetHints":{"allow":["GET"]}}],"collection":[{"href":"https:\/\/www.rbc.com\/fr\/wp-json\/wp\/v2\/rbc_tl"}],"about":[{"href":"https:\/\/www.rbc.com\/fr\/wp-json\/wp\/v2\/types\/rbc_tl"}],"author":[{"embeddable":true,"href":"https:\/\/www.rbc.com\/fr\/wp-json\/wp\/v2\/users\/89"}],"version-history":[{"count":15,"href":"https:\/\/www.rbc.com\/fr\/wp-json\/wp\/v2\/rbc_tl\/8567\/revisions"}],"predecessor-version":[{"id":8601,"href":"https:\/\/www.rbc.com\/fr\/wp-json\/wp\/v2\/rbc_tl\/8567\/revisions\/8601"}],"wp:featuredmedia":[{"embeddable":true,"href":"https:\/\/www.rbc.com\/fr\/wp-json\/wp\/v2\/media\/8599"}],"wp:attachment":[{"href":"https:\/\/www.rbc.com\/fr\/wp-json\/wp\/v2\/media?parent=8567"}],"wp:term":[{"taxonomy":"rbc_tl_category","embeddable":true,"href":"https:\/\/www.rbc.com\/fr\/wp-json\/wp\/v2\/rbc_tl_category?post=8567"},{"taxonomy":"rbc_tl_tag","embeddable":true,"href":"https:\/\/www.rbc.com\/fr\/wp-json\/wp\/v2\/rbc_tl_tag?post=8567"}],"curies":[{"name":"wp","href":"https:\/\/api.w.org\/{rel}","templated":true}]}}