{"id":8047,"date":"2025-07-08T17:40:58","date_gmt":"2025-07-08T17:40:58","guid":{"rendered":"https:\/\/www.rbc.com\/fr\/?post_type=rbc_tl&#038;p=8047\/"},"modified":"2025-07-29T18:42:23","modified_gmt":"2025-07-29T18:42:23","slug":"zone-commerciale-quand-les-murs-seffondrent","status":"publish","type":"rbc_tl","link":"https:\/\/www.rbc.com\/fr\/leadership-avise\/la-zone-commerciale\/zone-commerciale-quand-les-murs-seffondrent\/","title":{"rendered":"Zone commerciale\u00a0: Quand les murs s\u2019effondrent"},"content":{"rendered":"\n<section class=\"wp-block-rbc-section-block  pos-rel\" style=\"border-radius:0px\">\n<div class=\"wp-block-rbc-section-inner-block  section-inner pad-t-0 mob-pad-t-0\" style=\"border-radius:0x\">\n<h2 class=\"wp-block-heading mar-b-0 mob-mar-b-0\" id=\"h-o-canada-nous-avons-reussi-a-nous-entendre\">\u00d4 Canada, nous avons r\u00e9ussi \u00e0 nous entendre<\/h2>\n\n\n\n<ul class=\"wp-block-rbc-list is-style-black-disc\">\n<li class=\"wp-block-rbc-list-item\">\n<p>Enfin, et tout juste avant la f\u00eate du Canada, le gouvernement f\u00e9d\u00e9ral <strong>passe \u00e0 l\u2019action pour d\u00e9manteler<\/strong> les barri\u00e8res commerciales entre les provinces.<\/p>\n<\/li>\n\n\n\n<li class=\"wp-block-rbc-list-item\">\n<p>Le projet de loi C-5, appel\u00e9 <a href=\"https:\/\/www.parl.ca\/documentviewer\/en\/45-1\/bill\/C-5\/third-reading\">Loi sur le libre-\u00e9change et la mobilit\u00e9 de la main-d\u2019\u0153uvre au Canada<\/a>, est entr\u00e9 en vigueur. M\u00eame si l\u2019\u00e9limination des barri\u00e8res f\u00e9d\u00e9rales aux \u00e9changes interprovinciaux est un pas vers l\u2019avant, <strong>l\u2019histoire enseigne que des obstacles persisteront<\/strong>.<\/p>\n<\/li>\n\n\n\n<li class=\"wp-block-rbc-list-item\">\n<p>Des groupes d\u2019int\u00e9r\u00eats particuliers se mobiliseront en coulisse pour que des secteurs soient exempt\u00e9s de la loi, <strong>ce qui pourrait nuire \u00e0 son efficacit\u00e9<\/strong>.<\/p>\n<\/li>\n\n\n\n<li class=\"wp-block-rbc-list-item\">\n<p>La situation commerciale r\u00e9elle pose un d\u00e9fi encore plus grand. L\u2019exp\u00e9rience du Canada en mati\u00e8re de libre-\u00e9change r\u00e9v\u00e8le que <strong>le simple fait d\u2019abaisser les barri\u00e8res douani\u00e8res ne stimule pas automatiquement les \u00e9changes commerciaux<\/strong>. Par exemple, le Canada a lib\u00e9ralis\u00e9 le commerce avec l\u2019Europe et l\u2019Asie, mais ses exportations vers ces r\u00e9gions n\u2019ont pas beaucoup augment\u00e9.<\/p>\n<\/li>\n\n\n\n<li class=\"wp-block-rbc-list-item\">\n<p>Pouvons-nous nous attendre \u00e0 voir davantage de rieslings de l\u2019Okanagan sur les rayons \u00e0 l\u2019est des Rocheuses&nbsp;? <strong>Le moment de sabler le champagne pour c\u00e9l\u00e9brer<\/strong> cette victoire n\u2019est probablement pas arriv\u00e9.<\/p>\n<\/li>\n\n\n\n<li class=\"wp-block-rbc-list-item\">\n<p>Selon les donn\u00e9es en pourcentage de <a href=\"https:\/\/www150.statcan.gc.ca\/n1\/daily-quotidien\/250319\/cg-c001-eng.htm\">Statistique Canada<\/a>, <strong>les Canadiens commercent moins entre eux qu\u2019avec le reste du monde<\/strong>. Dans les ann\u00e9es&nbsp;1980, le commerce interprovincial repr\u00e9sentait environ la moiti\u00e9 des \u00e9changes commerciaux du Canada. \u00c0 la suite de la conclusion d\u2019une s\u00e9rie d\u2019accords de libre-\u00e9change, cette proportion a diminu\u00e9 pour s\u2019\u00e9tablir \u00e0 pr\u00e8s du tiers.<\/p>\n<\/li>\n\n\n\n<li class=\"wp-block-rbc-list-item\">\n<p>Les barri\u00e8res internes peuvent contribuer \u00e0 expliquer pourquoi le commerce entre les provinces est moins important que les \u00e9changes commerciaux avec le reste du monde. Le groupe Services \u00e9conomiques RBC <a href=\"https:\/\/www.rbc.com\/en\/thought-leadership\/six-questions-about-the-significance-of-interprovincial-trade-barriers-in-canada\/\">a conclu<\/a> en d\u00e9but d\u2019ann\u00e9e que les estimations peuvent diff\u00e9rer en ce qui concerne les gains \u00e9conomiques associ\u00e9s \u00e0 la r\u00e9duction des barri\u00e8res au commerce int\u00e9rieur. <strong>Cependant, il semble certain que le libre-\u00e9change entre les provinces est une politique favorable \u00e0 la croissance<\/strong>, en particulier pour les petites provinces.<\/p>\n<\/li>\n<\/ul>\n\n\n\n<div id=\"everviz-3X98FD8Pu\" class=\"everviz-3X98FD8Pu\" data-view=\"graph\"><\/div>\n<\/div>\n<\/section>\n\n\n\n<section class=\"wp-block-rbc-section-block  pos-rel\" style=\"border-radius:0px\">\n<div class=\"wp-block-rbc-section-inner-block  section-inner pad-t-0 mob-pad-t-0\" style=\"border-radius:0x\">\n<h2 class=\"wp-block-heading\" id=\"h-la-semaine-ecoulee\">La semaine \u00e9coul\u00e9e<\/h2>\n\n\n\n<ul class=\"wp-block-rbc-list is-style-black-disc\">\n<li class=\"wp-block-rbc-list-item\">\n<p>En plus d\u2019apprendre que son mandat d\u2019ambassadrice du Canada aux \u00c9tats-Unis avait \u00e9t\u00e9 prolong\u00e9, <strong>Kirsten&nbsp;Hillman a \u00e9t\u00e9 nomm\u00e9e <\/strong><a href=\"https:\/\/www.theglobeandmail.com\/politics\/article-kirsten-hillman-staying-on-canada-ambassador-to-washington\/\"><strong>n\u00e9gociatrice en chef<\/strong><\/a> pour les discussions sur les \u00e9changes commerciaux avec les \u00c9tats-Unis<\/p>\n<\/li>\n\n\n\n<li class=\"wp-block-rbc-list-item\">\n<p><strong>En r\u00e9action aux plaintes de fabricants am\u00e9ricains selon lesquelles la Chine <\/strong><a href=\"https:\/\/www.wsj.com\/world\/china\/china-rare-earths-exports-2fd0dab4?mod=hp_lista_pos4\"><strong>limitait l\u2019exp\u00e9dition<\/strong><\/a><strong> de m\u00e9taux des terres rares<\/strong> malgr\u00e9 la tr\u00eave commerciale conclue avec Washington, Beijing a promis vendredi d\u2019<a href=\"https:\/\/www.wsj.com\/world\/asia\/china-to-approve-exports-of-controlled-items-to-u-s-b2f37389?mod=hp_lead_pos2\">approuver les demandes des \u00c9tats-Unis<\/a>. La veille, M.&nbsp;Trump avait annonc\u00e9 que les \u00c9tats-Unis et la Chine venaient de signer un accord.<\/p>\n<\/li>\n\n\n\n<li class=\"wp-block-rbc-list-item\">\n<p>Le Royaume-Uni <a href=\"https:\/\/www.ft.com\/content\/849ccb1a-ed2b-4ba6-b78c-72b92dfa95b4\">a d\u00e9voil\u00e9<\/a> une <strong>strat\u00e9gie commerciale g\u00e9n\u00e9rale ax\u00e9e sur ses exportations de services, d\u2019une valeur de 500&nbsp;milliards de livres sterling par an, <\/strong>et sur le d\u00e9sir de s\u2019entendre avec une s\u00e9rie de partenaires, dont les six&nbsp;membres du Conseil de coop\u00e9ration du Golfe.<\/p>\n<\/li>\n\n\n\n<li class=\"wp-block-rbc-list-item\">\n<p><strong>M.&nbsp;Trump a menac\u00e9 l\u2019Espagne d\u2019<\/strong><a href=\"https:\/\/www.ft.com\/content\/5908b7ed-d971-4bde-9458-3d3193f456fe\"><strong>augmenter les droits de douane<\/strong><\/a> apr\u00e8s l\u2019annonce, par le premier ministre espagnol Pedro&nbsp;S\u00e1nchez, du rejet de la nouvelle cible de l\u2019OTAN visant \u00e0 consacrer 5&nbsp;% du PIB \u00e0 la d\u00e9fense.<\/p>\n<\/li>\n\n\n\n<li class=\"wp-block-rbc-list-item\">\n<p>Sous la pression des dirigeants des soci\u00e9t\u00e9s p\u00e9troli\u00e8res, Donald&nbsp;Trump <strong>s\u2019efforce <\/strong><a href=\"https:\/\/www.wsj.com\/business\/energy-oil\/trump-goes-to-bat-for-big-oil-on-climate-rules-in-eu-trade-talks-e38b35ec\"><strong>de faire reculer la r\u00e9glementation li\u00e9e au climat<\/strong><\/a> dans le cadre des n\u00e9gociations commerciales entre les \u00c9tats-Unis et l\u2019UE.<\/p>\n<\/li>\n<\/ul>\n<\/div>\n<\/section>\n\n\n\n<section class=\"wp-block-rbc-section-block  pos-rel\" style=\"border-radius:0px\">\n<div class=\"wp-block-rbc-section-inner-block  section-inner pad-t-0 mob-pad-t-0\" style=\"border-radius:0x\">\n<h2 class=\"wp-block-heading\" id=\"h-le-chiffre-a-retenir\">Le chiffre \u00e0 retenir<\/h2>\n\n\n\n<h3 class=\"wp-block-heading mar-t-0 mob-mar-t-0 has-rbc-bright-blue-color has-text-color has-link-color wp-elements-adfb88dfac75e5f38ad7bcb28621f678\" id=\"h-179-2-milliards-de-dollars-us\">179,2&nbsp;milliards de dollars&nbsp;US<\/h3>\n\n\n\n<p>Valeur totale des exportations am\u00e9ricaines en mai, <a href=\"https:\/\/www.ft.com\/content\/a2a4ef7c-3971-471c-99e4-3d806cf6b0b1\">en baisse de 5,2&nbsp;%<\/a> depuis avril. Il s\u2019agit de la <strong>plus forte baisse d\u2019un mois sur l\u2019autre depuis 2000.<\/strong><\/p>\n<\/div>\n<\/section>\n\n\n\n<section class=\"wp-block-rbc-section-block  pos-rel\" style=\"border-radius:0px\">\n<div class=\"wp-block-rbc-section-inner-block  section-inner pad-t-0 mob-pad-t-0\" style=\"border-radius:0x\">\n<h2 class=\"wp-block-heading\" id=\"h-le-commerce-mondial-de-petrole-et-de-gaz-redevient-perilleux\">Le commerce mondial de p\u00e9trole et de gaz redevient p\u00e9rilleux<\/h2>\n\n\n\n<p>Alors que l\u2019Iran et Isra\u00ebl s\u2019attaquent \u00e0 coups de missiles et que les \u00c9tats-Unis ont bombard\u00e9 trois installations nucl\u00e9aires \u00e0 T\u00e9h\u00e9ran, les co\u00fbts additionnels des navires p\u00e9troliers ont bondi de 83&nbsp;%. De plus, le fait que le Qatar, un grand exportateur de GNL, ait bri\u00e8vement \u00e9t\u00e9 entra\u00een\u00e9 dans la crise a compliqu\u00e9 la donne pour le commerce mondial de p\u00e9trole et de gaz.<\/p>\n\n\n\n<p>Les tarifs pour les navires p\u00e9troliers ont baiss\u00e9 quelques jours apr\u00e8s le cessez-le-feu, mais leur volatilit\u00e9 pourrait rester un probl\u00e8me permanent qui p\u00e8sera sur la production et les prix des marchandises \u00e0 l\u2019\u00e9chelle mondiale. Par ailleurs, les tarifs des transporteurs de gaz naturel liqu\u00e9fi\u00e9 demeurent \u00e9lev\u00e9s en raison des changements d\u2019itin\u00e9raires et de la demande estivale. Selon les donn\u00e9es de Rystad, pr\u00e8s de 25&nbsp;% de l\u2019approvisionnement mondial en GNL passera par le d\u00e9troit d\u2019Ormuz, passage strat\u00e9gique pour le p\u00e9trole et le gaz au Moyen-Orient, d\u2019ici&nbsp;2030.<br><br>Le Canada a l\u2019occasion de contribuer \u00e0 l\u2019att\u00e9nuation du risque li\u00e9 \u00e0 l\u2019approvisionnement mondial, tant sur le plan g\u00e9opolitique que du point de vue de la concentration de l\u2019offre. Cette possibilit\u00e9 est vue d\u2019un bon \u0153il par les acheteurs europ\u00e9ens et asiatiques, comme nous l\u2019avons soulign\u00e9 dans notre r\u00e9cent rapport intitul\u00e9 <a href=\"https:\/\/www.rbc.com\/en\/thought-leadership\/the-growth-project\/a-g7-strategy-for-natural-gas-four-scenarios-for-energy-security-in-the-2040s\/\"><em>Strat\u00e9gie du G7+ en mati\u00e8re de gaz naturel&nbsp;<\/em><\/a><em>: quatre sc\u00e9narios pour la s\u00e9curit\u00e9 \u00e9nerg\u00e9tique dans les ann\u00e9es&nbsp;2040.<br><br><\/em> Le Canada deviendrait bient\u00f4t un membre \u00e0 part enti\u00e8re du club des exportateurs de gaz naturel liqu\u00e9fi\u00e9.Cette fin de semaine, LNG&nbsp;Canada attend l\u2019arriv\u00e9e de deux&nbsp;transporteurs de gaz naturel liqu\u00e9fi\u00e9, dont Puteri&nbsp;Sejinjang, un nouveau navire de 174&nbsp;000&nbsp;m\u00e8tres cubes, qui prendra en charge la toute premi\u00e8re livraison de gaz provenant de l\u2019installation sur la c\u00f4te ouest.<\/p>\n<\/div>\n<\/section>\n\n\n\n<section class=\"wp-block-rbc-section-block  pos-rel\" style=\"border-radius:0px\">\n<div class=\"wp-block-rbc-section-inner-block  section-inner pad-t-0 mob-pad-t-0\" style=\"border-radius:0x\">\n<h2 class=\"wp-block-heading\" id=\"h-le-mot-de-la-fin\"><strong>Le mot de la fin<\/strong><\/h2>\n\n\n\n<p>\u00ab&nbsp;Notre r\u00e9ponse strat\u00e9gique \u00e0 cette nouvelle r\u00e9alit\u00e9 ne peut \u00eatre fond\u00e9e sur la nostalgie ou une illusion post-imp\u00e9riale, et encore moins sur un attachement id\u00e9ologique ou dogmatique \u00e0 un bloc commercial ou \u00e0 un autre.&nbsp;\u00bb<br>\u2013<strong>Douglas&nbsp;Alexander<\/strong>, ministre du Commerce du Royaume-Uni<\/p>\n<\/div>\n<\/section>\n","protected":false},"excerpt":{"rendered":"<p>Les barri\u00e8res au commerce interprovincial sont \u00e9limin\u00e9es juste \u00e0 temps pour la f\u00eate du Canada. Quelle sera l\u2019ampleur de l\u2019effet ?<\/p>\n","protected":false},"author":300,"featured_media":8049,"parent":0,"menu_order":0,"template":"","meta":{"_acf_changed":false,"disable_focal_point":true,"featured_image_focal_point":{"x":0.5,"y":0.5},"advgb_blocks_editor_width":"","advgb_blocks_columns_visual_guide":"","footnotes":""},"rbc_tl_category":[161],"rbc_tl_tag":[],"class_list":["post-8047","rbc_tl","type-rbc_tl","status-publish","has-post-thumbnail","hentry","rbc_tl_category-la-zone-commerciale"],"acf":[],"yoast_head":"<!-- This site is optimized with the Yoast SEO Premium plugin v27.2 (Yoast SEO v27.2) - https:\/\/yoast.com\/product\/yoast-seo-premium-wordpress\/ -->\n<title>Zone commerciale\u00a0: Quand les murs s\u2019effondrent - RBC<\/title>\n<meta name=\"description\" content=\"Les barri\u00e8res au commerce interprovincial sont \u00e9limin\u00e9es juste \u00e0 temps pour la f\u00eate du Canada. Quelle sera l\u2019ampleur de l\u2019effet ?\" \/>\n<meta name=\"robots\" content=\"index, follow, max-snippet:-1, max-image-preview:large, max-video-preview:-1\" \/>\n<link rel=\"canonical\" href=\"https:\/\/www.rbc.com\/fr\/leadership-avise\/la-zone-commerciale\/zone-commerciale-quand-les-murs-seffondrent\/\" \/>\n<meta property=\"og:locale\" content=\"fr_FR\" \/>\n<meta property=\"og:type\" content=\"article\" \/>\n<meta property=\"og:title\" content=\"Zone commerciale : Quand les murs s\u2019effondrent\" \/>\n<meta property=\"og:description\" content=\"Les barri\u00e8res au commerce interprovincial sont \u00e9limin\u00e9es juste \u00e0 temps pour la f\u00eate du Canada. Quelle sera l\u2019ampleur de l\u2019effet ?\" \/>\n<meta property=\"og:url\" content=\"https:\/\/www.rbc.com\/fr\/leadership-avise\/la-zone-commerciale\/zone-commerciale-quand-les-murs-seffondrent\/\" \/>\n<meta property=\"og:site_name\" content=\"RBC\" \/>\n<meta property=\"article:modified_time\" content=\"2025-07-29T18:42:23+00:00\" \/>\n<meta property=\"og:image\" content=\"https:\/\/www.rbc.com\/fr\/wp-content\/uploads\/sites\/5\/2025\/07\/Trade-Zone-6.27-Blog-Image_Branded-1200x627-1.jpg?quality=80\" \/>\n\t<meta property=\"og:image:width\" content=\"2500\" \/>\n\t<meta property=\"og:image:height\" content=\"1306\" \/>\n\t<meta property=\"og:image:type\" content=\"image\/jpeg\" \/>\n<meta name=\"twitter:card\" content=\"summary_large_image\" \/>\n<meta name=\"twitter:title\" content=\"Zone commerciale\u00a0: Quand les murs s\u2019effondrent\" \/>\n<meta name=\"twitter:label1\" content=\"Est. reading time\" \/>\n\t<meta name=\"twitter:data1\" content=\"5 minutes\" \/>\n<script type=\"application\/ld+json\" class=\"yoast-schema-graph\">{\"@context\":\"https:\/\/schema.org\",\"@graph\":[{\"@type\":\"WebPage\",\"@id\":\"https:\/\/www.rbc.com\/fr\/leadership-avise\/la-zone-commerciale\/zone-commerciale-quand-les-murs-seffondrent\/\",\"url\":\"https:\/\/www.rbc.com\/fr\/leadership-avise\/la-zone-commerciale\/zone-commerciale-quand-les-murs-seffondrent\/\",\"name\":\"Zone commerciale\u00a0: Quand les murs s\u2019effondrent - RBC\",\"isPartOf\":{\"@id\":\"https:\/\/www.rbc.com\/fr\/#website\"},\"primaryImageOfPage\":{\"@id\":\"https:\/\/www.rbc.com\/fr\/leadership-avise\/la-zone-commerciale\/zone-commerciale-quand-les-murs-seffondrent\/#primaryimage\"},\"image\":{\"@id\":\"https:\/\/www.rbc.com\/fr\/leadership-avise\/la-zone-commerciale\/zone-commerciale-quand-les-murs-seffondrent\/#primaryimage\"},\"thumbnailUrl\":\"https:\/\/www.rbc.com\/fr\/wp-content\/uploads\/sites\/5\/2025\/07\/Trade-Zone-6.27-Blog-Image_Banner-wide.jpg?quality=80\",\"datePublished\":\"2025-07-08T17:40:58+00:00\",\"dateModified\":\"2025-07-29T18:42:23+00:00\",\"description\":\"Les barri\u00e8res au commerce interprovincial sont \u00e9limin\u00e9es juste \u00e0 temps pour la f\u00eate du Canada. Quelle sera l\u2019ampleur de l\u2019effet ?\",\"inLanguage\":\"fr-FR\",\"potentialAction\":[{\"@type\":\"ReadAction\",\"target\":[\"https:\/\/www.rbc.com\/fr\/leadership-avise\/la-zone-commerciale\/zone-commerciale-quand-les-murs-seffondrent\/\"]}]},{\"@type\":\"ImageObject\",\"inLanguage\":\"fr-FR\",\"@id\":\"https:\/\/www.rbc.com\/fr\/leadership-avise\/la-zone-commerciale\/zone-commerciale-quand-les-murs-seffondrent\/#primaryimage\",\"url\":\"https:\/\/www.rbc.com\/fr\/wp-content\/uploads\/sites\/5\/2025\/07\/Trade-Zone-6.27-Blog-Image_Banner-wide.jpg?quality=80\",\"contentUrl\":\"https:\/\/www.rbc.com\/fr\/wp-content\/uploads\/sites\/5\/2025\/07\/Trade-Zone-6.27-Blog-Image_Banner-wide.jpg?quality=80\",\"width\":7250,\"height\":3500},{\"@type\":\"WebSite\",\"@id\":\"https:\/\/www.rbc.com\/fr\/#website\",\"url\":\"https:\/\/www.rbc.com\/fr\/\",\"name\":\"RBC\",\"description\":\"\",\"potentialAction\":[{\"@type\":\"SearchAction\",\"target\":{\"@type\":\"EntryPoint\",\"urlTemplate\":\"https:\/\/www.rbc.com\/fr\/?s={search_term_string}\"},\"query-input\":{\"@type\":\"PropertyValueSpecification\",\"valueRequired\":true,\"valueName\":\"search_term_string\"}}],\"inLanguage\":\"fr-FR\"}]}<\/script>\n<!-- \/ Yoast SEO Premium plugin. -->","yoast_head_json":{"title":"Zone commerciale\u00a0: Quand les murs s\u2019effondrent - RBC","description":"Les barri\u00e8res au commerce interprovincial sont \u00e9limin\u00e9es juste \u00e0 temps pour la f\u00eate du Canada. Quelle sera l\u2019ampleur de l\u2019effet ?","robots":{"index":"index","follow":"follow","max-snippet":"max-snippet:-1","max-image-preview":"max-image-preview:large","max-video-preview":"max-video-preview:-1"},"canonical":"https:\/\/www.rbc.com\/fr\/leadership-avise\/la-zone-commerciale\/zone-commerciale-quand-les-murs-seffondrent\/","og_locale":"fr_FR","og_type":"article","og_title":"Zone commerciale : Quand les murs s\u2019effondrent","og_description":"Les barri\u00e8res au commerce interprovincial sont \u00e9limin\u00e9es juste \u00e0 temps pour la f\u00eate du Canada. Quelle sera l\u2019ampleur de l\u2019effet ?","og_url":"https:\/\/www.rbc.com\/fr\/leadership-avise\/la-zone-commerciale\/zone-commerciale-quand-les-murs-seffondrent\/","og_site_name":"RBC","article_modified_time":"2025-07-29T18:42:23+00:00","og_image":[{"width":2500,"height":1306,"url":"https:\/\/www.rbc.com\/fr\/wp-content\/uploads\/sites\/5\/2025\/07\/Trade-Zone-6.27-Blog-Image_Branded-1200x627-1.jpg?quality=80","type":"image\/jpeg"}],"twitter_card":"summary_large_image","twitter_title":"Zone commerciale\u00a0: Quand les murs s\u2019effondrent","twitter_misc":{"Est. reading time":"5 minutes"},"schema":{"@context":"https:\/\/schema.org","@graph":[{"@type":"WebPage","@id":"https:\/\/www.rbc.com\/fr\/leadership-avise\/la-zone-commerciale\/zone-commerciale-quand-les-murs-seffondrent\/","url":"https:\/\/www.rbc.com\/fr\/leadership-avise\/la-zone-commerciale\/zone-commerciale-quand-les-murs-seffondrent\/","name":"Zone commerciale\u00a0: Quand les murs s\u2019effondrent - RBC","isPartOf":{"@id":"https:\/\/www.rbc.com\/fr\/#website"},"primaryImageOfPage":{"@id":"https:\/\/www.rbc.com\/fr\/leadership-avise\/la-zone-commerciale\/zone-commerciale-quand-les-murs-seffondrent\/#primaryimage"},"image":{"@id":"https:\/\/www.rbc.com\/fr\/leadership-avise\/la-zone-commerciale\/zone-commerciale-quand-les-murs-seffondrent\/#primaryimage"},"thumbnailUrl":"https:\/\/www.rbc.com\/fr\/wp-content\/uploads\/sites\/5\/2025\/07\/Trade-Zone-6.27-Blog-Image_Banner-wide.jpg?quality=80","datePublished":"2025-07-08T17:40:58+00:00","dateModified":"2025-07-29T18:42:23+00:00","description":"Les barri\u00e8res au commerce interprovincial sont \u00e9limin\u00e9es juste \u00e0 temps pour la f\u00eate du Canada. Quelle sera l\u2019ampleur de l\u2019effet ?","inLanguage":"fr-FR","potentialAction":[{"@type":"ReadAction","target":["https:\/\/www.rbc.com\/fr\/leadership-avise\/la-zone-commerciale\/zone-commerciale-quand-les-murs-seffondrent\/"]}]},{"@type":"ImageObject","inLanguage":"fr-FR","@id":"https:\/\/www.rbc.com\/fr\/leadership-avise\/la-zone-commerciale\/zone-commerciale-quand-les-murs-seffondrent\/#primaryimage","url":"https:\/\/www.rbc.com\/fr\/wp-content\/uploads\/sites\/5\/2025\/07\/Trade-Zone-6.27-Blog-Image_Banner-wide.jpg?quality=80","contentUrl":"https:\/\/www.rbc.com\/fr\/wp-content\/uploads\/sites\/5\/2025\/07\/Trade-Zone-6.27-Blog-Image_Banner-wide.jpg?quality=80","width":7250,"height":3500},{"@type":"WebSite","@id":"https:\/\/www.rbc.com\/fr\/#website","url":"https:\/\/www.rbc.com\/fr\/","name":"RBC","description":"","potentialAction":[{"@type":"SearchAction","target":{"@type":"EntryPoint","urlTemplate":"https:\/\/www.rbc.com\/fr\/?s={search_term_string}"},"query-input":{"@type":"PropertyValueSpecification","valueRequired":true,"valueName":"search_term_string"}}],"inLanguage":"fr-FR"}]}},"parsely":{"version":"1.1.0","canonical_url":"https:\/\/rbc.com\/fr\/leadership-avise\/la-zone-commerciale\/zone-commerciale-quand-les-murs-seffondrent\/","smart_links":{"inbound":0,"outbound":0},"traffic_boost_suggestions_count":0,"meta":{"@context":"https:\/\/schema.org","@type":"NewsArticle","headline":"Zone commerciale\u00a0: Quand les murs s\u2019effondrent","url":"http:\/\/www.rbc.com\/fr\/leadership-avise\/la-zone-commerciale\/zone-commerciale-quand-les-murs-seffondrent\/","mainEntityOfPage":{"@type":"WebPage","@id":"http:\/\/www.rbc.com\/fr\/leadership-avise\/la-zone-commerciale\/zone-commerciale-quand-les-murs-seffondrent\/"},"thumbnailUrl":"https:\/\/www.rbc.com\/fr\/wp-content\/uploads\/sites\/5\/2025\/07\/Trade-Zone-6.27-Blog-Image_Banner-wide.jpg?quality=80&w=150&h=150&crop=1","image":{"@type":"ImageObject","url":"https:\/\/www.rbc.com\/fr\/wp-content\/uploads\/sites\/5\/2025\/07\/Trade-Zone-6.27-Blog-Image_Banner-wide.jpg?quality=80"},"articleSection":"Uncategorized","author":[{"@type":"Person","name":"Shiplu Talukder"}],"creator":["Shiplu Talukder"],"publisher":{"@type":"Organization","name":"RBC","logo":""},"keywords":[],"dateCreated":"2025-07-08T17:40:58Z","datePublished":"2025-07-08T17:40:58Z","dateModified":"2025-07-29T18:42:23Z"},"rendered":"<script type=\"application\/ld+json\" class=\"wp-parsely-metadata\">{\"@context\":\"https:\\\/\\\/schema.org\",\"@type\":\"NewsArticle\",\"headline\":\"Zone commerciale\\u00a0: Quand les murs s\\u2019effondrent\",\"url\":\"http:\\\/\\\/www.rbc.com\\\/fr\\\/leadership-avise\\\/la-zone-commerciale\\\/zone-commerciale-quand-les-murs-seffondrent\\\/\",\"mainEntityOfPage\":{\"@type\":\"WebPage\",\"@id\":\"http:\\\/\\\/www.rbc.com\\\/fr\\\/leadership-avise\\\/la-zone-commerciale\\\/zone-commerciale-quand-les-murs-seffondrent\\\/\"},\"thumbnailUrl\":\"https:\\\/\\\/www.rbc.com\\\/fr\\\/wp-content\\\/uploads\\\/sites\\\/5\\\/2025\\\/07\\\/Trade-Zone-6.27-Blog-Image_Banner-wide.jpg?quality=80&w=150&h=150&crop=1\",\"image\":{\"@type\":\"ImageObject\",\"url\":\"https:\\\/\\\/www.rbc.com\\\/fr\\\/wp-content\\\/uploads\\\/sites\\\/5\\\/2025\\\/07\\\/Trade-Zone-6.27-Blog-Image_Banner-wide.jpg?quality=80\"},\"articleSection\":\"Uncategorized\",\"author\":[{\"@type\":\"Person\",\"name\":\"Shiplu Talukder\"}],\"creator\":[\"Shiplu Talukder\"],\"publisher\":{\"@type\":\"Organization\",\"name\":\"RBC\",\"logo\":\"\"},\"keywords\":[],\"dateCreated\":\"2025-07-08T17:40:58Z\",\"datePublished\":\"2025-07-08T17:40:58Z\",\"dateModified\":\"2025-07-29T18:42:23Z\"}<\/script>","tracker_url":"https:\/\/cdn.parsely.com\/keys\/rbc.com\/p.js"},"featured_img":"https:\/\/www.rbc.com\/fr\/wp-content\/uploads\/sites\/5\/2025\/07\/Trade-Zone-6.27-Blog-Image_Banner-wide.jpg?quality=80&w=1024","coauthors":[],"author_meta":{"author_link":"https:\/\/www.rbc.com\/fr\/author\/shiplutalukder\/","display_name":"Shiplu Talukder"},"relative_dates":{"created":"Publi\u00e9 10 mois il y a","modified":"Mis \u00e0 jour 9 mois il y a"},"absolute_dates":{"created":"Publi\u00e9 le 8 juillet 2025","modified":"Mise \u00e0 jour le 29 juillet 2025"},"absolute_dates_time":{"created":"Publi\u00e9 le 8 juillet 2025 5:40  ","modified":"Mise \u00e0 jour le 29 juillet 2025 6:42  "},"featured_img_caption":"","tax_additional":{"rbc_tl_category":{"linked":["<a href=\"https:\/\/www.rbc.com\/fr\/leadership-avise\/la-zone-commerciale\/\" class=\"advgb-post-tax-term\">La zone commerciale<\/a>"],"unlinked":["<span class=\"advgb-post-tax-term\">La zone commerciale<\/span>"],"slug":"rbc_tl_category","name":"Categories"},"rbc_tl_tag":{"linked":[],"unlinked":[],"slug":"rbc_tl_tag","name":"Tags"}},"series_order":"","_links":{"self":[{"href":"https:\/\/www.rbc.com\/fr\/wp-json\/wp\/v2\/rbc_tl\/8047","targetHints":{"allow":["GET"]}}],"collection":[{"href":"https:\/\/www.rbc.com\/fr\/wp-json\/wp\/v2\/rbc_tl"}],"about":[{"href":"https:\/\/www.rbc.com\/fr\/wp-json\/wp\/v2\/types\/rbc_tl"}],"author":[{"embeddable":true,"href":"https:\/\/www.rbc.com\/fr\/wp-json\/wp\/v2\/users\/300"}],"version-history":[{"count":4,"href":"https:\/\/www.rbc.com\/fr\/wp-json\/wp\/v2\/rbc_tl\/8047\/revisions"}],"predecessor-version":[{"id":8056,"href":"https:\/\/www.rbc.com\/fr\/wp-json\/wp\/v2\/rbc_tl\/8047\/revisions\/8056"}],"wp:featuredmedia":[{"embeddable":true,"href":"https:\/\/www.rbc.com\/fr\/wp-json\/wp\/v2\/media\/8049"}],"wp:attachment":[{"href":"https:\/\/www.rbc.com\/fr\/wp-json\/wp\/v2\/media?parent=8047"}],"wp:term":[{"taxonomy":"rbc_tl_category","embeddable":true,"href":"https:\/\/www.rbc.com\/fr\/wp-json\/wp\/v2\/rbc_tl_category?post=8047"},{"taxonomy":"rbc_tl_tag","embeddable":true,"href":"https:\/\/www.rbc.com\/fr\/wp-json\/wp\/v2\/rbc_tl_tag?post=8047"}],"curies":[{"name":"wp","href":"https:\/\/api.w.org\/{rel}","templated":true}]}}