{"id":7931,"date":"2025-07-07T14:20:28","date_gmt":"2025-07-07T14:20:28","guid":{"rendered":"https:\/\/www.rbc.com\/fr\/?post_type=rbc_tl&#038;p=7931\/"},"modified":"2025-07-29T18:42:34","modified_gmt":"2025-07-29T18:42:34","slug":"zone-commerciale-le-defi-des-30-jours-de-m-carney","status":"publish","type":"rbc_tl","link":"https:\/\/www.rbc.com\/fr\/leadership-avise\/la-zone-commerciale\/zone-commerciale-le-defi-des-30-jours-de-m-carney\/","title":{"rendered":"Zone commerciale\u00a0: Le d\u00e9fi des 30\u00a0jours de M.\u00a0Carney"},"content":{"rendered":"\n<section class=\"wp-block-rbc-section-block  pos-rel\" style=\"border-radius:0px\">\n<div class=\"wp-block-rbc-section-inner-block  section-inner\" style=\"border-radius:0x\">\n<p><strong>Dans le num\u00e9ro de cette semaine&nbsp;:<\/strong> Un plan d\u2019action pour les min\u00e9raux critiques&nbsp;; la diversification des \u00e9changes commerciaux n\u2019est peut-\u00eatre pas une panac\u00e9e&nbsp;; les droits de douane exacerbent l\u2019ins\u00e9curit\u00e9 alimentaire<\/p>\n<\/div>\n<\/section>\n\n\n\n<section class=\"wp-block-rbc-section-block  pos-rel\" style=\"border-radius:0px\">\n<div class=\"wp-block-rbc-section-inner-block  section-inner pad-t-0 mob-pad-t-0\" style=\"border-radius:0x\">\n<h2 class=\"wp-block-heading mar-b-0 mob-mar-b-0\" id=\"h-a-noter\">\u00c0 noter<\/h2>\n\n\n\n<p><em><em>Par John Stackhouse<\/em><\/em><\/p>\n\n\n\n<p>Mark Carney a surv\u00e9cu au G7. Le sommet de Kannaski aurait pu \u00eatre un d\u00e9sastre commercial, mais Donald&nbsp;Trump avait manifestement d\u2019autres chats \u00e0 fouetter.&nbsp;Le Canada, ou les autres pays participants de la rencontre ne peuvent, pour autant, pas crier victoire. En voici les raisons, et ce qu\u2019on entend&nbsp;:&nbsp;<\/p>\n\n\n\n<ul class=\"wp-block-rbc-list is-style-black-disc\">\n<li class=\"wp-block-rbc-list-item\">\n<p>Il n\u2019\u00e9tait pas pr\u00e9vu que le Canada et les \u00c9tats-Unis signent une entente au sommet du G7 puisque DJT n\u2019allait tout de m\u00eame pas annoncer un \u00e9l\u00e9ment aussi important de son programme national <em>en sol \u00e9tranger <\/em>(\u00e0 moins, bien s\u00fbr, d\u2019y avoir plant\u00e9 le drapeau \u00e9toil\u00e9.)<\/p>\n<\/li>\n\n\n\n<li class=\"wp-block-rbc-list-item\">\n<p>L\u2019on a ensuite estim\u00e9 que les deux pays pourraient conclure une entente dans un d\u00e9lai de 30&nbsp;jours, ce qui est un objectif fort ambitieux. Tous ceux qui ont eu affaire \u00e0 Trump savent que le pr\u00e9sident fait fi des d\u00e9lais et se sert du temps comme un outil de n\u00e9gociation. On ne signe pas si on n\u2019y est pas oblig\u00e9. L\u2019\u00e9quipe Carney voit maintenant sa plus grande pr\u00e9occupation se concr\u00e9tiser, avec le pr\u00e9sident des \u00c9tats-Unis qui se laisse distraire par les \u00e9v\u00e9nements. L\u2019on parle par exemple d\u2019une guerre au Moyen-Orient.<\/p>\n<\/li>\n\n\n\n<li class=\"wp-block-rbc-list-item\">\n<p>Certains intervenants du c\u00f4t\u00e9 canadien ne s\u2019en inqui\u00e8tent pas, estimant que cette strat\u00e9gie qui consiste \u00e0 \u00ab&nbsp;faire tra\u00eener le jeu&nbsp;\u00bb permettra au Canada d\u2019entamer des discussions plus approfondies sur l\u2019Accord \u00c9tats-Unis\u2013Mexique\u2013Canada (AEUMC) \u00e0 l\u2019automne.<\/p>\n<\/li>\n\n\n\n<li class=\"wp-block-rbc-list-item\">\n<p>D\u2019autres Canadiens craignent toutefois que cela accentue l\u2019impact des droits r\u00e9ciproques. Il est beau de \u00ab&nbsp;jouer du coude&nbsp;\u00bb jusqu\u2019\u00e0 ce qu\u2019on bouscule un membre de sa propre \u00e9quipe. En clair, le Canada souffre plus de la guerre des droits de douane que les \u00c9tats-Unis \u00e0 l\u2019heure actuelle.<\/p>\n<\/li>\n\n\n\n<li class=\"wp-block-rbc-list-item\">\n<p>Et plus l\u2019incertitude se prolonge, plus il sera difficile pour le Canada d\u2019attirer des investissements.<\/p>\n<\/li>\n\n\n\n<li class=\"wp-block-rbc-list-item\">\n<p>\u00c0 plus long terme, le Canada reste dans la mire des \u00e9tudes sectorielles de M.&nbsp;Trump, et cela ne fera que compliquer les choses pour nos exportations dans les cinq cat\u00e9gories de base&nbsp;: automobiles, acier\/aluminium, bois d\u2019\u0153uvre, produits pharmaceutiques et semi-conducteurs.<\/p>\n<\/li>\n\n\n\n<li class=\"wp-block-rbc-list-item\">\n<p>Comme l\u2019a dit quelqu\u2019un dans Zone commerciale&nbsp;: \u00ab&nbsp;On est mal parti pour n\u00e9gocier lorsque le partenaire de n\u00e9gociation se montre impitoyable.&nbsp;\u00bb<\/p>\n<\/li>\n<\/ul>\n<\/div>\n<\/section>\n\n\n\n<section class=\"wp-block-rbc-section-block  pos-rel\" style=\"border-radius:0px\">\n<div class=\"wp-block-rbc-section-inner-block  section-inner pad-t-0 mob-pad-t-0\" style=\"border-radius:0x\">\n<h2 class=\"wp-block-heading\" id=\"h-la-semaine-ecoulee\">La semaine \u00e9coul\u00e9e<\/h2>\n\n\n\n<ul class=\"wp-block-rbc-list is-style-black-disc\">\n<li class=\"wp-block-rbc-list-item\">\n<p>Les \u00c9tats-Unis et le Canada souhaiteraient <a href=\"https:\/\/www.cbc.ca\/news\/politics\/trump-carney-trade-war-1.7562351\"><strong>conclure une entente dans les 30&nbsp;jours<\/strong><\/a>. M.&nbsp;Carney a laiss\u00e9 entendre que <a href=\"https:\/\/www.thestar.com\/politics\/federal\/canada-will-impose-new-counter-tariffs-against-u-s-if-it-cant-make-a-trade\/article_d66fb6ac-717a-4a5e-9577-4cce590f4b6f.html\"><strong>le Canada imposerait des droits de douane r\u00e9ciproques<\/strong><\/a><strong>&nbsp;si les deux pays ne parviennent \u00e0 aucun accord.<\/strong><\/p>\n<\/li>\n\n\n\n<li class=\"wp-block-rbc-list-item\">\n<p>Le Canada <a href=\"https:\/\/www.theglobeandmail.com\/business\/economy\/article-canada-limit-foreign-steel-us-tariffs\/\"><strong>prend des mesures s\u00e9v\u00e8res<\/strong><\/a><strong> pour contrer l\u2019importation d\u2019acier \u00e9tranger bon march\u00e9<\/strong> afin de soutenir ses producteurs d\u2019acier, frapp\u00e9s par les droits de douane de 50&nbsp;% impos\u00e9s par M.&nbsp;Trump.<\/p>\n<\/li>\n\n\n\n<li class=\"wp-block-rbc-list-item\">\n<p>Le volume de camions commerciaux entrant aux \u00c9tats-Unis en provenance du Canada a <a href=\"https:\/\/www.theglobeandmail.com\/business\/article-trumps-trade-war-is-hammering-canada-much-harder-than-mexico\/\"><strong>baiss\u00e9 de plus de 10&nbsp;%<\/strong><\/a><strong> au cours des deux derniers mois<\/strong> par rapport \u00e0 2024. Par contre, le nombre des camions en provenance du Mexique et \u00e0 destination des \u00c9tats-Unis n\u2019a baiss\u00e9 que de 2,8&nbsp;% en mai (et de 6,4&nbsp;% en avril).<\/p>\n<\/li>\n\n\n\n<li class=\"wp-block-rbc-list-item\">\n<p>Le secr\u00e9taire d\u2019\u00c9tat britannique au Commerce a d\u00e9clar\u00e9 que les efforts visant \u00e0 obtenir un <a href=\"https:\/\/www.bloomberg.com\/news\/articles\/2025-06-18\/uk-s-reynolds-says-steel-to-be-wrapped-into-wider-us-trade-talks\">all\u00e8gement pour les exportations d\u2019acier<\/a> vers les \u00c9tats-Unis seraient int\u00e9gr\u00e9s dans des n\u00e9gociations plus larges, laissant ainsi entendre qu\u2019il <strong>y&nbsp;avait encore beaucoup \u00e0 faire en ce qui concerne l\u2019accord commercial r\u00e9cemment annonc\u00e9 entre les \u00c9tats-Unis et le Royaume-Uni.<\/strong><\/p>\n<\/li>\n\n\n\n<li class=\"wp-block-rbc-list-item\">\n<p>La R\u00e9serve f\u00e9d\u00e9rale am\u00e9ricaine <strong>a maintenu les taux inchang\u00e9s<\/strong> et d\u00e9clar\u00e9 qu\u2019elle suivrait de pr\u00e8s <a href=\"https:\/\/www.wsj.com\/economy\/central-banking\/the-fed-waits-out-the-tariff-economy-fb1b794a?mod=hp_lead_pos1\">l\u2019impact des droits de douane<\/a> cet \u00e9t\u00e9.<\/p>\n<\/li>\n\n\n\n<li class=\"wp-block-rbc-list-item\">\n<p>Les mises en chantier aux \u00c9tats-Unis <strong>ont atteint un <\/strong><a href=\"https:\/\/www.ft.com\/content\/3ffaf2cf-815c-4962-95a5-efda946c46c0\"><strong>creux en cinq ans<\/strong><\/a> en mai, en raison de l\u2019imposition des droits de douane sur les mat\u00e9riaux de construction import\u00e9s.<\/p>\n<\/li>\n\n\n\n<li class=\"wp-block-rbc-list-item\">\n<p>La Chine a retir\u00e9 les \u00c9tats-Unis des pays vers lesquels elle exporte ses marchandises, <strong>mais a r\u00e9ussi \u00e0 <\/strong><a href=\"https:\/\/www.nytimes.com\/2025\/06\/17\/business\/tariffs-china-exports.html\" target=\"_blank\" rel=\"noreferrer noopener\"><strong>porter son exc\u00e9dent commercial global<\/strong><\/a><strong>&nbsp;\u00e0 500&nbsp;milliards de dollars am\u00e9ricains depuis le d\u00e9but de l\u2019ann\u00e9e, <\/strong>affichant ainsi une hausse de 40&nbsp;% par rapport \u00e0 l\u2019an dernier.<\/p>\n<\/li>\n<\/ul>\n<\/div>\n<\/section>\n\n\n\n<section class=\"wp-block-rbc-section-block  pos-rel\" style=\"border-radius:0px\">\n<div class=\"wp-block-rbc-section-inner-block  section-inner pad-t-0 mob-pad-t-0\" style=\"border-radius:0x\">\n<h2 class=\"wp-block-heading\" id=\"h-les-mineraux-a-l-ordre-du-jour-du-g7\">Les min\u00e9raux \u00e0 l\u2019ordre du jour du G7<\/h2>\n\n\n\n<p>Cette semaine, les dirigeants du G7 ont d\u00e9voil\u00e9 un plan d\u2019action pour les min\u00e9raux critiques afin de contrer les distorsions de march\u00e9, d\u2019accro\u00eetre la transparence des cha\u00eenes logistiques et de r\u00e9duire la d\u00e9pendance strat\u00e9gique \u00e0 l\u2019\u00e9gard de P\u00e9kin. Nous avons peu de d\u00e9tails \u00e0 ce sujet, mais certains \u00e9l\u00e9ments cl\u00e9s correspondent aux renseignements fournis dans notre rapport <a href=\"https:\/\/www.rbc.com\/en\/thought-leadership\/the-trade-hub\/the-new-great-game-how-the-race-for-critical-minerals-is-shaping-tech-supremacy\/\">Le nouveau grand jeu<\/a>&nbsp;:<\/p>\n\n\n\n<ul class=\"wp-block-rbc-list is-style-black-disc\">\n<li class=\"wp-block-rbc-list-item\">\n<p><strong>Restreindre les distorsions de prix&nbsp;<\/strong>: Les membres du G7 se sont engag\u00e9s \u00e0 coordonner leurs interventions face aux perturbations de l\u2019approvisionnement et \u00e0 am\u00e9liorer la transparence et la tra\u00e7abilit\u00e9 des march\u00e9s. Aucune mention explicite d\u2019une \u00ab&nbsp;prime \u00e0 la Chine&nbsp;\u00bb ou d\u2019un prix plancher n\u2019est faite, mais il y a tout de m\u00eame une \u00e9volution positive.<\/p>\n<\/li>\n\n\n\n<li class=\"wp-block-rbc-list-item\">\n<p><strong>D\u00e9bloquer des financements&nbsp;:<\/strong> Encourager les banques de d\u00e9veloppement, les agences de cr\u00e9dit \u00e0 l\u2019exportation et les soci\u00e9t\u00e9s de capitaux priv\u00e9s \u00e0 acc\u00e9l\u00e9rer les investissements en amont dans les pays du G7 et les march\u00e9s \u00e9mergents alli\u00e9s.<\/p>\n<\/li>\n\n\n\n<li class=\"wp-block-rbc-list-item\">\n<p><strong>Tra\u00e7abilit\u00e9 de la cha\u00eene logistique, \u00e9tablissement de normes et durabilit\u00e9&nbsp;<\/strong>: Une feuille de route du G7, pr\u00e9vue pour la fin de l\u2019ann\u00e9e, vise \u00e0 cr\u00e9er des crit\u00e8res de r\u00e9f\u00e9rence pour garantir une exploitation mini\u00e8re responsable, des mesures de protection de l\u2019environnement et des normes du travail.<\/p>\n<\/li>\n<\/ul>\n\n\n\n<p>Le Canada reste un acteur central dans le secteur des ressources mini\u00e8res, capable de r\u00e9pondre aux besoins croissants de l\u2019Europe et des \u00c9tats-Unis en mati\u00e8re de d\u00e9fense et de nouvelles \u00e9nergies, ce qui constitue un avantage naturel dans les n\u00e9gociations commerciales avec les \u00c9tats-Unis et ses partenaires. D\u2019autres efforts, comme la hausse de la capacit\u00e9 de raffinage, visant \u00e0 renforcer le reste de la cha\u00eene de valeur, viendront renforcer l\u2019avantage du Canada en mati\u00e8re de ressources.<\/p>\n<\/div>\n<\/section>\n\n\n\n<section class=\"wp-block-rbc-section-block  pos-rel\" style=\"border-radius:0px\">\n<div class=\"wp-block-rbc-section-inner-block  section-inner pad-t-0 mob-pad-t-0\" style=\"border-radius:0x\">\n<h2 class=\"wp-block-heading\" id=\"h-pourquoi-la-diversification-des-echanges-commerciaux-n-est-peut-etre-pas-une-panacee\">Pourquoi la diversification des \u00e9changes commerciaux n\u2019est peut-\u00eatre pas une panac\u00e9e<\/h2>\n\n\n\n<p>Au vu du conflit avec les \u00c9tats-Unis, la diversification des partenaires commerciaux est devenue un sujet d\u2019actualit\u00e9. L\u2019abaissement des barri\u00e8res que constituent les droits de douane est une mesure \u00e9conomiquement rationnelle qui ne <strong>suffit pas, \u00e0 elle seule, d\u2019augmenter les volumes d\u2019exportations<\/strong>.<\/p>\n\n\n\n<p>Les conservateurs de M.&nbsp;Harper ont conclu des accords commerciaux bilat\u00e9raux avec toute une s\u00e9rie de pays et de blocs \u00e9conomiques, notamment avec l\u2019Europe (AECG), l\u2019Asie-Pacifique (PTPGP) et un grand nombre de pays d\u2019Am\u00e9rique latine. Pourtant, <strong>seulement 4&nbsp;% des exportations canadiennes sont destin\u00e9es \u00e0 l\u2019UE et 6&nbsp;% aux pays du PTPGP<\/strong>, des ratios qui n\u2019ont pas \u00e9volu\u00e9 depuis plus de deux d\u00e9cennies.<\/p>\n\n\n\n<p>Parall\u00e8lement, pr\u00e8s de <strong>80&nbsp;% des exportations canadiennes sont destin\u00e9s aux \u00c9tats-Unis.<\/strong> La d\u00e9pendance du Canada \u00e0 l\u2019\u00e9gard de quelques grands secteurs comme l\u2019\u00e9nergie, l\u2019automobile et les m\u00e9taux ne fait qu\u2019accentuer cette d\u00e9pendance. Le Canada a besoin d\u2019une strat\u00e9gie commerciale int\u00e9gr\u00e9e qui diversifie les partenaires commerciaux tout en renfor\u00e7ant la comp\u00e9titivit\u00e9 des exportations. Le d\u00e9lai de 30&nbsp;jours entre Carney et Trump pour conclure un accord est donc encore plus important.<\/p>\n<\/div>\n<\/section>\n\n\n\n<section class=\"wp-block-rbc-section-block  pos-rel\" style=\"border-radius:0px\">\n<div class=\"wp-block-rbc-section-inner-block  section-inner pad-t-0 mob-pad-t-0\" style=\"border-radius:0x\">\n<h2 class=\"wp-block-heading\" id=\"h-guerre-commerciale-et-securite-alimentaire\">Guerre commerciale et s\u00e9curit\u00e9 alimentaire<\/h2>\n\n\n\n<p>Un&nbsp;Canadien sur quatre est confront\u00e9 \u00e0 l\u2019ins\u00e9curit\u00e9 alimentaire&nbsp;; un taux jamais vu au pays.&nbsp;C\u2019est un probl\u00e8me d\u2019accessibilit\u00e9 que les droits de douane et l\u2019incertitude commerciale persistante risquent d\u2019aggraver.<\/p>\n\n\n\n<ul class=\"wp-block-rbc-list is-style-black-disc\">\n<li class=\"wp-block-rbc-list-item\">\n<p><strong>Les pertes d\u2019emploi et l\u2019ins\u00e9curit\u00e9 obligent de nombreuses personnes \u00e0 faire des choix difficiles&nbsp;<\/strong>: Entre janvier et mai, le secteur manufacturier canadien a perdu 54&nbsp;000&nbsp;emplois et le taux de ch\u00f4mage du pays s\u2019est hiss\u00e9 \u00e0 7&nbsp;%, ce qui repr\u00e9sente son sommet depuis 2016, exception faite de la pand\u00e9mie.<\/p>\n<\/li>\n\n\n\n<li class=\"wp-block-rbc-list-item\">\n<p><strong>La hausse du co\u00fbt de la vie menace d\u2019aggraver la crise de l\u2019ins\u00e9curit\u00e9 alimentaire. <\/strong>Cela dit, il ne s\u2019agit pas seulement d\u2019emplois&nbsp;: plus de 60&nbsp;% des m\u00e9nages en situation d\u2019ins\u00e9curit\u00e9 alimentaire d\u00e9pendent d\u2019un salaire ou d\u2019un revenu d\u2019un travail ind\u00e9pendant pour subvenir \u00e0 leurs besoins.<\/p>\n\n\n\n<figure class=\"wp-block-image size-large\"><img loading=\"lazy\" decoding=\"async\" height=\"539\" width=\"1024\" src=\"https:\/\/www.rbc.com\/fr\/wp-content\/uploads\/sites\/5\/2025\/07\/Food-Insecurity-Graphs1-05.png?quality=80&amp;w=1024\" alt=\"\" class=\"wp-image-7950\" srcset=\"https:\/\/www.rbc.com\/fr\/wp-content\/uploads\/sites\/5\/2025\/07\/Food-Insecurity-Graphs1-05.png 4000w, https:\/\/www.rbc.com\/fr\/wp-content\/uploads\/sites\/5\/2025\/07\/Food-Insecurity-Graphs1-05.png?resize=300,158 300w, https:\/\/www.rbc.com\/fr\/wp-content\/uploads\/sites\/5\/2025\/07\/Food-Insecurity-Graphs1-05.png?resize=768,405 768w, https:\/\/www.rbc.com\/fr\/wp-content\/uploads\/sites\/5\/2025\/07\/Food-Insecurity-Graphs1-05.png?resize=1024,539 1024w, https:\/\/www.rbc.com\/fr\/wp-content\/uploads\/sites\/5\/2025\/07\/Food-Insecurity-Graphs1-05.png?resize=1536,809 1536w, https:\/\/www.rbc.com\/fr\/wp-content\/uploads\/sites\/5\/2025\/07\/Food-Insecurity-Graphs1-05.png?resize=2048,1079 2048w\" sizes=\"auto, (max-width: 1024px) 100vw, 1024px\" \/><\/figure>\n<\/li>\n\n\n\n<li class=\"wp-block-rbc-list-item\">\n<p><strong>Les perturbations de la cha\u00eene logistique ont un impact sur la coh\u00e9rence et les co\u00fbts des produits alimentaires&nbsp;:<\/strong> Aux \u00c9tats-Unis, on estime que les droits de douane augmenteront les prix des denr\u00e9es alimentaires de 2,6&nbsp;% \u00e0 court terme, les prix des fruits et l\u00e9gumes devant grimper de 5,4&nbsp;%.<\/p>\n<\/li>\n<\/ul>\n\n\n\n<p>Dans notre dernier rapport,&nbsp;<a href=\"https:\/\/www.rbc.com\/en\/thought-leadership\/the-trade-hub\/feeding-the-crisis-the-tariff-toll-on-food-insecurity\/\">Alimenter la crise&nbsp;: l\u2019incidence des droits de douane sur l\u2019ins\u00e9curit\u00e9 alimentaire<\/a>&nbsp;\u2013 Nous pr\u00e9sentons <strong>trois solutions potentielles, toutes li\u00e9es aux ambitions de croissance du Canada<\/strong>.<\/p>\n<\/div>\n<\/section>\n\n\n\n<section class=\"wp-block-rbc-section-block  pos-rel\" style=\"border-radius:0px\">\n<div class=\"wp-block-rbc-section-inner-block  section-inner pad-t-0 mob-pad-t-0\" style=\"border-radius:0x\">\n<h2 class=\"wp-block-heading\" id=\"h-conclusion\">Conclusion<\/h2>\n\n\n\n<p>\u00ab&nbsp;Si les droits de douane et droits de douane r\u00e9ciproques actuels sont maintenus, l\u2019exp\u00e9rience pass\u00e9e porte \u00e0 croire qu\u2019environ 75&nbsp;% des co\u00fbts des droits de douane auront des r\u00e9percussions pendant environ un an et demi.&nbsp;\u00bb<br>\u2013<strong>Tiff Macklem, gouverneur de la Banque du Canada, <\/strong><a href=\"https:\/\/www.bloomberg.com\/news\/articles\/2025-06-18\/macklem-warns-of-firmer-inflation-tariff-pass-through?srnd=homepage-canada\">lors d\u2019un discours<\/a> prononc\u00e9 cette semaine \u00e0 St. John\u2019s, Terre-Neuve.<\/p>\n<\/div>\n<\/section>\n","protected":false},"excerpt":{"rendered":"<p>Voyez comment les droits de douane exacerbent l\u2019ins\u00e9curit\u00e9 alimentaire sans pr\u00e9c\u00e9dent.  <\/p>\n","protected":false},"author":300,"featured_media":7955,"parent":0,"menu_order":0,"template":"","meta":{"_acf_changed":false,"disable_focal_point":true,"featured_image_focal_point":{"x":0.5,"y":0.5},"advgb_blocks_editor_width":"","advgb_blocks_columns_visual_guide":"","footnotes":""},"rbc_tl_category":[161],"rbc_tl_tag":[],"class_list":["post-7931","rbc_tl","type-rbc_tl","status-publish","has-post-thumbnail","hentry","rbc_tl_category-la-zone-commerciale"],"acf":[],"yoast_head":"<!-- This site is optimized with the Yoast SEO Premium plugin v27.4 (Yoast SEO v27.4) - https:\/\/yoast.com\/product\/yoast-seo-premium-wordpress\/ -->\n<title>Zone commerciale\u00a0: Le d\u00e9fi des 30\u00a0jours de M.\u00a0Carney - RBC<\/title>\n<meta name=\"description\" content=\"Voyez comment les droits de douane exacerbent l\u2019ins\u00e9curit\u00e9 alimentaire sans pr\u00e9c\u00e9dent.\" \/>\n<meta name=\"robots\" content=\"index, follow, max-snippet:-1, max-image-preview:large, max-video-preview:-1\" \/>\n<link rel=\"canonical\" href=\"https:\/\/www.rbc.com\/fr\/leadership-avise\/la-zone-commerciale\/zone-commerciale-le-defi-des-30-jours-de-m-carney\/\" \/>\n<meta property=\"og:locale\" content=\"fr_FR\" \/>\n<meta property=\"og:type\" content=\"article\" \/>\n<meta property=\"og:title\" content=\"Zone commerciale : Le d\u00e9fi des 30 jours de M. Carney\" \/>\n<meta property=\"og:description\" content=\"Voyez comment les droits de douane exacerbent l\u2019ins\u00e9curit\u00e9 alimentaire sans pr\u00e9c\u00e9dent.\" \/>\n<meta property=\"og:url\" content=\"https:\/\/www.rbc.com\/fr\/leadership-avise\/la-zone-commerciale\/zone-commerciale-le-defi-des-30-jours-de-m-carney\/\" \/>\n<meta property=\"og:site_name\" content=\"RBC\" \/>\n<meta property=\"article:modified_time\" content=\"2025-07-29T18:42:34+00:00\" \/>\n<meta property=\"og:image\" content=\"https:\/\/www.rbc.com\/fr\/wp-content\/uploads\/sites\/5\/2025\/07\/Trade-Zone-6.20_Branded-1200x627-1-1.jpg?quality=80\" \/>\n\t<meta property=\"og:image:width\" content=\"2500\" \/>\n\t<meta property=\"og:image:height\" content=\"1306\" \/>\n\t<meta property=\"og:image:type\" content=\"image\/jpeg\" \/>\n<meta name=\"twitter:card\" content=\"summary_large_image\" \/>\n<meta name=\"twitter:title\" content=\"Zone commerciale\u00a0: Le d\u00e9fi des 30\u00a0jours de M.\u00a0Carney\" \/>\n<meta name=\"twitter:label1\" content=\"Est. reading time\" \/>\n\t<meta name=\"twitter:data1\" content=\"8 minutes\" \/>\n<script type=\"application\/ld+json\" class=\"yoast-schema-graph\">{\"@context\":\"https:\\\/\\\/schema.org\",\"@graph\":[{\"@type\":\"WebPage\",\"@id\":\"https:\\\/\\\/www.rbc.com\\\/fr\\\/leadership-avise\\\/la-zone-commerciale\\\/zone-commerciale-le-defi-des-30-jours-de-m-carney\\\/\",\"url\":\"https:\\\/\\\/www.rbc.com\\\/fr\\\/leadership-avise\\\/la-zone-commerciale\\\/zone-commerciale-le-defi-des-30-jours-de-m-carney\\\/\",\"name\":\"Zone commerciale\u00a0: Le d\u00e9fi des 30\u00a0jours de M.\u00a0Carney - RBC\",\"isPartOf\":{\"@id\":\"https:\\\/\\\/www.rbc.com\\\/fr\\\/#website\"},\"primaryImageOfPage\":{\"@id\":\"https:\\\/\\\/www.rbc.com\\\/fr\\\/leadership-avise\\\/la-zone-commerciale\\\/zone-commerciale-le-defi-des-30-jours-de-m-carney\\\/#primaryimage\"},\"image\":{\"@id\":\"https:\\\/\\\/www.rbc.com\\\/fr\\\/leadership-avise\\\/la-zone-commerciale\\\/zone-commerciale-le-defi-des-30-jours-de-m-carney\\\/#primaryimage\"},\"thumbnailUrl\":\"https:\\\/\\\/www.rbc.com\\\/fr\\\/wp-content\\\/uploads\\\/sites\\\/5\\\/2025\\\/07\\\/Trade-Zone-6.20_Branded-1200x627-1-1.jpg?quality=80\",\"datePublished\":\"2025-07-07T14:20:28+00:00\",\"dateModified\":\"2025-07-29T18:42:34+00:00\",\"description\":\"Voyez comment les droits de douane exacerbent l\u2019ins\u00e9curit\u00e9 alimentaire sans pr\u00e9c\u00e9dent.\",\"inLanguage\":\"fr-FR\",\"potentialAction\":[{\"@type\":\"ReadAction\",\"target\":[\"https:\\\/\\\/www.rbc.com\\\/fr\\\/leadership-avise\\\/la-zone-commerciale\\\/zone-commerciale-le-defi-des-30-jours-de-m-carney\\\/\"]}]},{\"@type\":\"ImageObject\",\"inLanguage\":\"fr-FR\",\"@id\":\"https:\\\/\\\/www.rbc.com\\\/fr\\\/leadership-avise\\\/la-zone-commerciale\\\/zone-commerciale-le-defi-des-30-jours-de-m-carney\\\/#primaryimage\",\"url\":\"https:\\\/\\\/www.rbc.com\\\/fr\\\/wp-content\\\/uploads\\\/sites\\\/5\\\/2025\\\/07\\\/Trade-Zone-6.20_Branded-1200x627-1-1.jpg?quality=80\",\"contentUrl\":\"https:\\\/\\\/www.rbc.com\\\/fr\\\/wp-content\\\/uploads\\\/sites\\\/5\\\/2025\\\/07\\\/Trade-Zone-6.20_Branded-1200x627-1-1.jpg?quality=80\",\"width\":2500,\"height\":1306},{\"@type\":\"WebSite\",\"@id\":\"https:\\\/\\\/www.rbc.com\\\/fr\\\/#website\",\"url\":\"https:\\\/\\\/www.rbc.com\\\/fr\\\/\",\"name\":\"RBC\",\"description\":\"\",\"potentialAction\":[{\"@type\":\"SearchAction\",\"target\":{\"@type\":\"EntryPoint\",\"urlTemplate\":\"https:\\\/\\\/www.rbc.com\\\/fr\\\/?s={search_term_string}\"},\"query-input\":{\"@type\":\"PropertyValueSpecification\",\"valueRequired\":true,\"valueName\":\"search_term_string\"}}],\"inLanguage\":\"fr-FR\"}]}<\/script>\n<!-- \/ Yoast SEO Premium plugin. -->","yoast_head_json":{"title":"Zone commerciale\u00a0: Le d\u00e9fi des 30\u00a0jours de M.\u00a0Carney - RBC","description":"Voyez comment les droits de douane exacerbent l\u2019ins\u00e9curit\u00e9 alimentaire sans pr\u00e9c\u00e9dent.","robots":{"index":"index","follow":"follow","max-snippet":"max-snippet:-1","max-image-preview":"max-image-preview:large","max-video-preview":"max-video-preview:-1"},"canonical":"https:\/\/www.rbc.com\/fr\/leadership-avise\/la-zone-commerciale\/zone-commerciale-le-defi-des-30-jours-de-m-carney\/","og_locale":"fr_FR","og_type":"article","og_title":"Zone commerciale : Le d\u00e9fi des 30 jours de M. Carney","og_description":"Voyez comment les droits de douane exacerbent l\u2019ins\u00e9curit\u00e9 alimentaire sans pr\u00e9c\u00e9dent.","og_url":"https:\/\/www.rbc.com\/fr\/leadership-avise\/la-zone-commerciale\/zone-commerciale-le-defi-des-30-jours-de-m-carney\/","og_site_name":"RBC","article_modified_time":"2025-07-29T18:42:34+00:00","og_image":[{"width":2500,"height":1306,"url":"https:\/\/www.rbc.com\/fr\/wp-content\/uploads\/sites\/5\/2025\/07\/Trade-Zone-6.20_Branded-1200x627-1-1.jpg?quality=80","type":"image\/jpeg"}],"twitter_card":"summary_large_image","twitter_title":"Zone commerciale\u00a0: Le d\u00e9fi des 30\u00a0jours de M.\u00a0Carney","twitter_misc":{"Est. reading time":"8 minutes"},"schema":{"@context":"https:\/\/schema.org","@graph":[{"@type":"WebPage","@id":"https:\/\/www.rbc.com\/fr\/leadership-avise\/la-zone-commerciale\/zone-commerciale-le-defi-des-30-jours-de-m-carney\/","url":"https:\/\/www.rbc.com\/fr\/leadership-avise\/la-zone-commerciale\/zone-commerciale-le-defi-des-30-jours-de-m-carney\/","name":"Zone commerciale\u00a0: Le d\u00e9fi des 30\u00a0jours de M.\u00a0Carney - RBC","isPartOf":{"@id":"https:\/\/www.rbc.com\/fr\/#website"},"primaryImageOfPage":{"@id":"https:\/\/www.rbc.com\/fr\/leadership-avise\/la-zone-commerciale\/zone-commerciale-le-defi-des-30-jours-de-m-carney\/#primaryimage"},"image":{"@id":"https:\/\/www.rbc.com\/fr\/leadership-avise\/la-zone-commerciale\/zone-commerciale-le-defi-des-30-jours-de-m-carney\/#primaryimage"},"thumbnailUrl":"https:\/\/www.rbc.com\/fr\/wp-content\/uploads\/sites\/5\/2025\/07\/Trade-Zone-6.20_Branded-1200x627-1-1.jpg?quality=80","datePublished":"2025-07-07T14:20:28+00:00","dateModified":"2025-07-29T18:42:34+00:00","description":"Voyez comment les droits de douane exacerbent l\u2019ins\u00e9curit\u00e9 alimentaire sans pr\u00e9c\u00e9dent.","inLanguage":"fr-FR","potentialAction":[{"@type":"ReadAction","target":["https:\/\/www.rbc.com\/fr\/leadership-avise\/la-zone-commerciale\/zone-commerciale-le-defi-des-30-jours-de-m-carney\/"]}]},{"@type":"ImageObject","inLanguage":"fr-FR","@id":"https:\/\/www.rbc.com\/fr\/leadership-avise\/la-zone-commerciale\/zone-commerciale-le-defi-des-30-jours-de-m-carney\/#primaryimage","url":"https:\/\/www.rbc.com\/fr\/wp-content\/uploads\/sites\/5\/2025\/07\/Trade-Zone-6.20_Branded-1200x627-1-1.jpg?quality=80","contentUrl":"https:\/\/www.rbc.com\/fr\/wp-content\/uploads\/sites\/5\/2025\/07\/Trade-Zone-6.20_Branded-1200x627-1-1.jpg?quality=80","width":2500,"height":1306},{"@type":"WebSite","@id":"https:\/\/www.rbc.com\/fr\/#website","url":"https:\/\/www.rbc.com\/fr\/","name":"RBC","description":"","potentialAction":[{"@type":"SearchAction","target":{"@type":"EntryPoint","urlTemplate":"https:\/\/www.rbc.com\/fr\/?s={search_term_string}"},"query-input":{"@type":"PropertyValueSpecification","valueRequired":true,"valueName":"search_term_string"}}],"inLanguage":"fr-FR"}]}},"parsely":{"version":"1.1.0","canonical_url":"https:\/\/rbc.com\/fr\/leadership-avise\/la-zone-commerciale\/zone-commerciale-le-defi-des-30-jours-de-m-carney\/","smart_links":{"inbound":0,"outbound":0},"traffic_boost_suggestions_count":0,"meta":{"@context":"https:\/\/schema.org","@type":"NewsArticle","headline":"Zone commerciale\u00a0: Le d\u00e9fi des 30\u00a0jours de M.\u00a0Carney","url":"http:\/\/www.rbc.com\/fr\/leadership-avise\/la-zone-commerciale\/zone-commerciale-le-defi-des-30-jours-de-m-carney\/","mainEntityOfPage":{"@type":"WebPage","@id":"http:\/\/www.rbc.com\/fr\/leadership-avise\/la-zone-commerciale\/zone-commerciale-le-defi-des-30-jours-de-m-carney\/"},"thumbnailUrl":"https:\/\/www.rbc.com\/fr\/wp-content\/uploads\/sites\/5\/2025\/07\/Trade-Zone-6.20_Branded-1200x627-1-1.jpg?quality=80&w=150&h=150&crop=1","image":{"@type":"ImageObject","url":"https:\/\/www.rbc.com\/fr\/wp-content\/uploads\/sites\/5\/2025\/07\/Trade-Zone-6.20_Branded-1200x627-1-1.jpg?quality=80"},"articleSection":"Uncategorized","author":[{"@type":"Person","name":"Shiplu Talukder"}],"creator":["Shiplu Talukder"],"publisher":{"@type":"Organization","name":"RBC","logo":""},"keywords":[],"dateCreated":"2025-07-07T14:20:28Z","datePublished":"2025-07-07T14:20:28Z","dateModified":"2025-07-29T18:42:34Z"},"rendered":"<script type=\"application\/ld+json\" class=\"wp-parsely-metadata\">{\"@context\":\"https:\\\/\\\/schema.org\",\"@type\":\"NewsArticle\",\"headline\":\"Zone commerciale\\u00a0: Le d\\u00e9fi des 30\\u00a0jours de M.\\u00a0Carney\",\"url\":\"http:\\\/\\\/www.rbc.com\\\/fr\\\/leadership-avise\\\/la-zone-commerciale\\\/zone-commerciale-le-defi-des-30-jours-de-m-carney\\\/\",\"mainEntityOfPage\":{\"@type\":\"WebPage\",\"@id\":\"http:\\\/\\\/www.rbc.com\\\/fr\\\/leadership-avise\\\/la-zone-commerciale\\\/zone-commerciale-le-defi-des-30-jours-de-m-carney\\\/\"},\"thumbnailUrl\":\"https:\\\/\\\/www.rbc.com\\\/fr\\\/wp-content\\\/uploads\\\/sites\\\/5\\\/2025\\\/07\\\/Trade-Zone-6.20_Branded-1200x627-1-1.jpg?quality=80&w=150&h=150&crop=1\",\"image\":{\"@type\":\"ImageObject\",\"url\":\"https:\\\/\\\/www.rbc.com\\\/fr\\\/wp-content\\\/uploads\\\/sites\\\/5\\\/2025\\\/07\\\/Trade-Zone-6.20_Branded-1200x627-1-1.jpg?quality=80\"},\"articleSection\":\"Uncategorized\",\"author\":[{\"@type\":\"Person\",\"name\":\"Shiplu Talukder\"}],\"creator\":[\"Shiplu Talukder\"],\"publisher\":{\"@type\":\"Organization\",\"name\":\"RBC\",\"logo\":\"\"},\"keywords\":[],\"dateCreated\":\"2025-07-07T14:20:28Z\",\"datePublished\":\"2025-07-07T14:20:28Z\",\"dateModified\":\"2025-07-29T18:42:34Z\"}<\/script>","tracker_url":"https:\/\/cdn.parsely.com\/keys\/rbc.com\/p.js"},"featured_img":"https:\/\/www.rbc.com\/fr\/wp-content\/uploads\/sites\/5\/2025\/07\/Trade-Zone-6.20_Branded-1200x627-1-1.jpg?quality=80&w=1024","coauthors":[],"author_meta":{"author_link":"https:\/\/www.rbc.com\/fr\/author\/shiplutalukder\/","display_name":"Shiplu Talukder"},"relative_dates":{"created":"Publi\u00e9 10 mois il y a","modified":"Mis \u00e0 jour 9 mois il y a"},"absolute_dates":{"created":"Publi\u00e9 le 7 juillet 2025","modified":"Mise \u00e0 jour le 29 juillet 2025"},"absolute_dates_time":{"created":"Publi\u00e9 le 7 juillet 2025 2:20  ","modified":"Mise \u00e0 jour le 29 juillet 2025 6:42  "},"featured_img_caption":"","tax_additional":{"rbc_tl_category":{"linked":["<a href=\"https:\/\/www.rbc.com\/fr\/leadership-avise\/la-zone-commerciale\/\" class=\"advgb-post-tax-term\">La zone commerciale<\/a>"],"unlinked":["<span class=\"advgb-post-tax-term\">La zone commerciale<\/span>"],"slug":"rbc_tl_category","name":"Categories"},"rbc_tl_tag":{"linked":[],"unlinked":[],"slug":"rbc_tl_tag","name":"Tags"}},"series_order":"","_links":{"self":[{"href":"https:\/\/www.rbc.com\/fr\/wp-json\/wp\/v2\/rbc_tl\/7931","targetHints":{"allow":["GET"]}}],"collection":[{"href":"https:\/\/www.rbc.com\/fr\/wp-json\/wp\/v2\/rbc_tl"}],"about":[{"href":"https:\/\/www.rbc.com\/fr\/wp-json\/wp\/v2\/types\/rbc_tl"}],"author":[{"embeddable":true,"href":"https:\/\/www.rbc.com\/fr\/wp-json\/wp\/v2\/users\/300"}],"version-history":[{"count":5,"href":"https:\/\/www.rbc.com\/fr\/wp-json\/wp\/v2\/rbc_tl\/7931\/revisions"}],"predecessor-version":[{"id":8050,"href":"https:\/\/www.rbc.com\/fr\/wp-json\/wp\/v2\/rbc_tl\/7931\/revisions\/8050"}],"wp:featuredmedia":[{"embeddable":true,"href":"https:\/\/www.rbc.com\/fr\/wp-json\/wp\/v2\/media\/7955"}],"wp:attachment":[{"href":"https:\/\/www.rbc.com\/fr\/wp-json\/wp\/v2\/media?parent=7931"}],"wp:term":[{"taxonomy":"rbc_tl_category","embeddable":true,"href":"https:\/\/www.rbc.com\/fr\/wp-json\/wp\/v2\/rbc_tl_category?post=7931"},{"taxonomy":"rbc_tl_tag","embeddable":true,"href":"https:\/\/www.rbc.com\/fr\/wp-json\/wp\/v2\/rbc_tl_tag?post=7931"}],"curies":[{"name":"wp","href":"https:\/\/api.w.org\/{rel}","templated":true}]}}