{"id":7701,"date":"2025-06-25T20:43:03","date_gmt":"2025-06-25T20:43:03","guid":{"rendered":"https:\/\/www.rbc.com\/fr\/?post_type=rbc_tl&#038;p=7701\/"},"modified":"2025-06-25T20:57:31","modified_gmt":"2025-06-25T20:57:31","slug":"alimenter-la-crise-lincidence-des-droits-de-douane-sur-linsecurite-alimentaire","status":"publish","type":"rbc_tl","link":"https:\/\/www.rbc.com\/fr\/leadership-avise\/lespace-commercial\/alimenter-la-crise-lincidence-des-droits-de-douane-sur-linsecurite-alimentaire\/","title":{"rendered":"Alimenter la crise\u00a0: l\u2019incidence des droits de douane sur l\u2019ins\u00e9curit\u00e9 alimentaire"},"content":{"rendered":"\n<section class=\"wp-block-rbc-section-block  pos-rel\" style=\"border-radius:0px\">\n<div class=\"wp-block-rbc-section-inner-block  section-inner pad-t-0 mob-pad-t-0\" style=\"border-radius:0x\">\n<p class=\"mar-b-hlf mob-mar-b-hlf\">Les derni\u00e8res ann\u00e9es ont \u00e9t\u00e9 extr\u00eamement difficiles pour bon nombre de Canadiens. La pand\u00e9mie a caus\u00e9 d\u2019importantes perturbations sur le march\u00e9 du travail et fait grimper l\u2019inflation \u00e0 des niveaux jamais vus depuis plusieurs d\u00e9cennies, tandis que la guerre en Ukraine n\u2019a fait qu\u2019empirer les choses. Et maintenant, le pays est confront\u00e9 \u00e0 une guerre commerciale avec les \u00c9tats-Unis qui provoque ses propres ondes de choc, dont des pertes d\u2019emplois et des bouleversements dans les cha\u00eenes logistiques qui poussent les prix des biens vers des niveaux encore plus \u00e9lev\u00e9s. Beaucoup n\u2019arrivent plus \u00e0 suivre.<\/p>\n\n\n\n<p>Aujourd\u2019hui, un Canadien sur quatre fait face \u00e0 l\u2019ins\u00e9curit\u00e9 alimentaire. Cela repr\u00e9sente 10&nbsp;millions de personnes, un chiffre sans pr\u00e9c\u00e9dent au Canada.<sup>1 <\/sup>Le probl\u00e8me est surtout celui de l\u2019accessibilit\u00e9 financi\u00e8re. Il y a une abondance de nourriture. Mais cette nourriture est inabordable pour de plus en plus de monde. En mars&nbsp;2024, les banques alimentaires canadiennes ont enregistr\u00e9 plus de deux millions de visites. Autrement dit, une hausse de 90&nbsp;% en seulement cinq ann\u00e9es.<sup>2<\/sup> Sachant que les banques alimentaires sont utilis\u00e9es en tout dernier recours, cette situation est dramatique. Le soutien aux banques alimentaires et leur approvisionnement est une question critique. Cependant, pour rem\u00e9dier \u00e0 l\u2019ins\u00e9curit\u00e9 alimentaire \u00e0 long terme, il est vital de construire une \u00e9conomie canadienne plus robuste. En particulier, il faut r\u00e9soudre la crise de l\u2019accessibilit\u00e9, am\u00e9liorer la productivit\u00e9 et faire avancer un d\u00e9veloppement \u00e9conomique durable dans les r\u00e9gions canadiennes rurales et \u00e9loign\u00e9es.<\/p>\n\n\n\n<figure class=\"wp-block-image size-large\"><img loading=\"lazy\" decoding=\"async\" height=\"599\" width=\"1024\" src=\"https:\/\/www.rbc.com\/fr\/wp-content\/uploads\/sites\/5\/2025\/06\/Food-Insecurity-Graphs1-04.png?quality=80&amp;w=1024\" alt=\"\" class=\"wp-image-7728\" srcset=\"https:\/\/www.rbc.com\/fr\/wp-content\/uploads\/sites\/5\/2025\/06\/Food-Insecurity-Graphs1-04.png 4000w, https:\/\/www.rbc.com\/fr\/wp-content\/uploads\/sites\/5\/2025\/06\/Food-Insecurity-Graphs1-04.png?resize=300,175 300w, https:\/\/www.rbc.com\/fr\/wp-content\/uploads\/sites\/5\/2025\/06\/Food-Insecurity-Graphs1-04.png?resize=768,449 768w, https:\/\/www.rbc.com\/fr\/wp-content\/uploads\/sites\/5\/2025\/06\/Food-Insecurity-Graphs1-04.png?resize=1024,599 1024w, https:\/\/www.rbc.com\/fr\/wp-content\/uploads\/sites\/5\/2025\/06\/Food-Insecurity-Graphs1-04.png?resize=1536,898 1536w, https:\/\/www.rbc.com\/fr\/wp-content\/uploads\/sites\/5\/2025\/06\/Food-Insecurity-Graphs1-04.png?resize=2048,1198 2048w\" sizes=\"auto, (max-width: 1024px) 100vw, 1024px\" \/><\/figure>\n<\/div>\n<\/section>\n\n\n\n<section class=\"wp-block-rbc-section-block  pos-rel\" style=\"border-radius:0px\">\n<div class=\"wp-block-rbc-section-inner-block  section-inner\" style=\"border-radius:0x\">\n<h2 class=\"wp-block-heading\" id=\"h-guerre-commerciale-visant-la-nourriture-augmentation-des-pertes-d-emplois-couts-et-perturbations\">Guerre commerciale visant la nourriture&nbsp;: augmentation des pertes d\u2019emplois, co\u00fbts et perturbations<strong> <\/strong><\/h2>\n\n\n\n<p><strong><strong>Les pertes d\u2019emploi et l\u2019ins\u00e9curit\u00e9 obligent de nombreuses personnes \u00e0 faire des choix difficiles <\/strong><\/strong><\/p>\n\n\n\n<p>La guerre commerciale du pr\u00e9sident am\u00e9ricain Donald Trump a provoqu\u00e9 une incertitude g\u00e9n\u00e9rale. Des lancements ont \u00e9t\u00e9 retard\u00e9s. La production est en pause. Des mises \u00e0 pied ont \u00e9t\u00e9 annonc\u00e9es. Entre janvier et mai, le secteur manufacturier canadien a perdu 54\u2009000 emplois et le taux de ch\u00f4mage du pays s\u2019est hiss\u00e9 \u00e0 7 %, ce qui repr\u00e9sente son sommet depuis 2016 exception faite de la pand\u00e9mie.<sup>3 4<\/sup> Les secteurs sensibles aux \u00e9changes commerciaux, dont celui de la manufacture, continuent de proc\u00e9der \u00e0 des mises \u00e0 pied, et l\u2019incertitude s\u2019est accrue au regard de l\u2019emploi dans les secteurs de l\u2019acier et de l\u2019aluminium qui subissent les droits de douane de 50 % impos\u00e9s par l\u2019administration Trump. Une telle volatilit\u00e9 pourrait entra\u00eener les travailleurs dans une situation financi\u00e8re pr\u00e9caire.<\/p>\n\n\n\n<p>Le m\u00e9nage canadien moyen a consacr\u00e9 environ 76\u2009750 $ \u00e0 l\u2019achat de biens et de services en 2023, avec des parts respectives de 15 % et 32 % dans la nourriture et le logement. Le quintile de revenu inf\u00e9rieur a d\u00e9pens\u00e9 40\u2009080 $ par an, soit environ la moiti\u00e9 des d\u00e9penses du m\u00e9nage moyen, avec des parts de 18 % dans l\u2019alimentation et de 35 % dans le logement.<sup>5<\/sup> En cas de perte d\u2019emploi ou dans la crainte d\u2019une mise \u00e0 pied, les Canadiens situ\u00e9s dans les tranches d\u2019imposition sup\u00e9rieures ont la possibilit\u00e9 de r\u00e9duire leurs d\u00e9penses de consommation discr\u00e9tionnaire (nouveaux v\u00eatements, repas au restaurant) \u00e0 court terme. Les m\u00e9nages \u00e0 faible revenu, qui n\u2019ont pas ce luxe, doivent faire un choix difficile entre leurs diff\u00e9rents besoins de base \u00e0 couvrir comme les services publics, les m\u00e9dicaments et la nourriture. Entre autres, ces choix peuvent avoir des r\u00e9percussions sur la qualit\u00e9 des aliments achet\u00e9s, les m\u00e9nages \u00e0 faible revenu optant pour des aliments plus \u00e9conomiques et moins nutritifs.<sup>6<\/sup><\/p>\n\n\n\n<p>Tout comme les replis du march\u00e9 du travail, les fluctuations sur les march\u00e9s internationaux de marchandises touch\u00e9s par les guerres commerciales peuvent impacter les Canadiens dont le revenu est directement li\u00e9 aux prix du march\u00e9. Les agriculteurs sont souvent en bout de cha\u00eene, dans l\u2019incapacit\u00e9 de r\u00e9percuter la hausse des co\u00fbts sur les acheteurs et les consommateurs. De plus, les droits de douane impos\u00e9s par la Chine sur les produits agroalimentaires comme l\u2019huile de canola et les fruits de mer ont r\u00e9cemment port\u00e9 un dur coup \u00e0 l\u2019\u00e9conomie rurale du Canada. La Nouvelle-\u00c9cosse serait la province la plus touch\u00e9e par les droits de 25 % impos\u00e9s par la Chine sur les produits aquatiques, lesquels repr\u00e9sentaient 9,2 % de la valeur totale des exportations de la province en 2024. Les agriculteurs et les p\u00eacheurs sont habitu\u00e9s \u00e0 la volatilit\u00e9 li\u00e9e aux conditions m\u00e9t\u00e9orologiques et \u00e0 l\u2019\u00e9volution de la demande. N\u00e9anmoins, des perturbations persistantes pourraient \u00e9roder la stabilit\u00e9 des r\u00e9gions rurales et \u00e9loign\u00e9es d\u00e9j\u00e0 d\u00e9savantag\u00e9es pour acc\u00e9der aux occasions \u00e9conomiques et aux services.<\/p>\n\n\n\n<p>En outre, les droits de douane ne touchent pas seulement la s\u00e9curit\u00e9 de l\u2019emploi. Par exemple Windsor, en Ontario, est tributaire de l\u2019automobile, de la fabrication de pointe, de la transformation des aliments, et de la manutention et de l\u2019exp\u00e9dition des c\u00e9r\u00e9ales et ol\u00e9agineux. Cette d\u00e9pendance rend toute la ville et ses environs vuln\u00e9rables aux droits de douane impos\u00e9s par Donald Trump au secteur de l\u2019automobile, ainsi qu\u2019aux droits de douane de r\u00e9torsion impos\u00e9s par la Chine aux produits agroalimentaires canadiens. Le taux de ch\u00f4mage de Windsor est sup\u00e9rieur \u00e0 la moyenne nationale, avec un niveau de 10,8 % en mai 2025 contre 7,8 % en mai 2024.<sup>7<\/sup> De plus, les multiples pressions sur l\u2019emploi d\u2019une r\u00e9gion et la hausse du co\u00fbt de la vie peuvent avoir des r\u00e9percussions sur le commerce de d\u00e9tail et les services. \u00c0 mesure que les d\u00e9penses de consommation se resserreront, tous les secteurs et leurs travailleurs seront touch\u00e9s.<\/p>\n\n\n\n<p><strong>La hausse du co\u00fbt de la vie menace d\u2019aggraver la crise de l\u2019ins\u00e9curit\u00e9 alimentaire<\/strong>.<\/p>\n\n\n\n<p>En raison de la hausse des co\u00fbts au Canada, un seul emploi ne suffit plus \u00e0 r\u00e9pondre aux besoins de base. Plus de 60 % des m\u00e9nages canadiens en situation d\u2019ins\u00e9curit\u00e9 alimentaire d\u00e9pendent d\u2019un salaire ou d\u2019un revenu de travail autonome en tant que principale source de revenu.<sup>8<\/sup> Les travailleurs qui font face \u00e0 une ins\u00e9curit\u00e9 alimentaire mod\u00e9r\u00e9e \u00e0 grave occupent souvent des emplois \u00e0 faible r\u00e9mun\u00e9ration ou des emplois pr\u00e9caires qui ne suffisent pas \u00e0 suivre le rythme du co\u00fbt de la vie. Au Canada, les membres des minorit\u00e9s visibles, les femmes et les nouveaux immigrants gagnent un revenu inf\u00e9rieur \u00e0 la moyenne nationale. Par cons\u00e9quent, l\u2019ins\u00e9curit\u00e9 alimentaire frappe ces groupes de fa\u00e7on disproportionn\u00e9e. Plus de 46 % des m\u00e9nages noirs et 39 % de la population autochtone vivant hors r\u00e9serve sont en situation d\u2019ins\u00e9curit\u00e9 alimentaire.<sup>9<\/sup> Les m\u00e9nages monoparentaux ont \u00e9galement un taux d\u2019ins\u00e9curit\u00e9 alimentaire plus \u00e9lev\u00e9, soit 52 %.<sup>10<\/sup><\/p>\n\n\n\n<p>Les effets de l\u2019ins\u00e9curit\u00e9 alimentaire aggravent la marginalisation des groupes vuln\u00e9rables. L\u2019ins\u00e9curit\u00e9 alimentaire est associ\u00e9e \u00e0 une plus forte probabilit\u00e9 de maladies chroniques comme le diab\u00e8te et les troubles cardiovasculaires. Il en r\u00e9sulte davantage de consultations m\u00e9dicales et d\u2019hospitalisations. Les co\u00fbts de sant\u00e9 associ\u00e9s aux Canadiens en situation d\u2019ins\u00e9curit\u00e9 alimentaire sont plus de deux fois plus \u00e9lev\u00e9s que ceux associ\u00e9s aux Canadiens en situation de s\u00e9curit\u00e9 alimentaire.<sup>11<\/sup> L\u2019ins\u00e9curit\u00e9 alimentaire a \u00e9galement des r\u00e9percussions sur le d\u00e9veloppement physique et mental des enfants, ainsi que sur leur rendement scolaire et leur comportement.<sup>12<\/sup> Ces incidences mettent en lumi\u00e8re les co\u00fbts sanitaires et socio\u00e9conomiques qui p\u00e8sent sur les familles et sur l\u2019\u00e9conomie canadienne.<\/p>\n\n\n\n<p>Au cours des cinq derni\u00e8res ann\u00e9es, la crise de l\u2019accessibilit\u00e9 a durement frapp\u00e9 les m\u00e9nages dont les salaires ne suivent pas la mont\u00e9e des prix des biens et des services. \u00c0 mesure que les stocks d\u2019avant les droits de douane sortent des rayons des \u00e9piceries, les nouveaux prix incluant les droits de douane intensifient l\u2019inaccessibilit\u00e9 des produits au Canada, en particulier dans l\u2019alimentaire. Depuis janvier 2025, les prix des aliments constituent un important facteur de hausse de l\u2019indice des prix \u00e0 la consommation au Canada. En avril 2025, les prix des alimentes ont augment\u00e9 de 3,8 % par rapport \u00e0 l\u2019ann\u00e9e pr\u00e9c\u00e9dente.<\/p>\n\n\n\n<figure class=\"wp-block-image size-large\"><img loading=\"lazy\" decoding=\"async\" height=\"539\" width=\"1024\" src=\"https:\/\/www.rbc.com\/fr\/wp-content\/uploads\/sites\/5\/2025\/06\/Food-Insecurity-Graphs1-05.png?quality=80&amp;w=1024\" alt=\"\" class=\"wp-image-7729\" srcset=\"https:\/\/www.rbc.com\/fr\/wp-content\/uploads\/sites\/5\/2025\/06\/Food-Insecurity-Graphs1-05.png 4000w, https:\/\/www.rbc.com\/fr\/wp-content\/uploads\/sites\/5\/2025\/06\/Food-Insecurity-Graphs1-05.png?resize=300,158 300w, https:\/\/www.rbc.com\/fr\/wp-content\/uploads\/sites\/5\/2025\/06\/Food-Insecurity-Graphs1-05.png?resize=768,405 768w, https:\/\/www.rbc.com\/fr\/wp-content\/uploads\/sites\/5\/2025\/06\/Food-Insecurity-Graphs1-05.png?resize=1024,539 1024w, https:\/\/www.rbc.com\/fr\/wp-content\/uploads\/sites\/5\/2025\/06\/Food-Insecurity-Graphs1-05.png?resize=1536,809 1536w, https:\/\/www.rbc.com\/fr\/wp-content\/uploads\/sites\/5\/2025\/06\/Food-Insecurity-Graphs1-05.png?resize=2048,1079 2048w\" sizes=\"auto, (max-width: 1024px) 100vw, 1024px\" \/><\/figure>\n\n\n\n<p><strong><strong>Les perturbations de cha\u00eene logistique impactent la stabilit\u00e9 et le co\u00fbt des aliments<\/strong><\/strong><\/p>\n\n\n\n<p>Les soci\u00e9t\u00e9s alimentaires et les d\u00e9taillants ont fait \u00e9tat de pertes au premier trimestre, cons\u00e9quence directe de la guerre des droits de douane.<sup>13<\/sup> En plus de faire face \u00e0 des pertes, les cha\u00eenes logistiques agroalimentaires entre le Canada et les \u00c9tats-Unis doivent maintenant satisfaire \u00e0 des exigences administratives additionnelles pour prouver leur conformit\u00e9 \u00e0 l\u2019Accord Canada\u2013\u00c9tats-Unis\u2013Mexique (ACEUM), \u00e9tant donn\u00e9 que seulement deux tiers des exportations agroalimentaires canadiennes ont \u00e9t\u00e9 \u00e9chang\u00e9s dans le cadre de l\u2019ACEUM en 2024. Les fournisseurs, grossistes et d\u00e9taillants agroalimentaires, dont les marges sont souvent tr\u00e8s minces, n\u2019ont pas la capacit\u00e9 d\u2019absorber ces complexit\u00e9s et ces co\u00fbts suppl\u00e9mentaires. En d\u00e9finitive, la hausse des co\u00fbts est r\u00e9percut\u00e9e sur le consommateur. Aux \u00c9tats-Unis, les droits de douane devraient entra\u00eener une hausse de 2,6 % des prix des aliments \u00e0 court terme, avec une incidence disproportionn\u00e9e sur les fruits et l\u00e9gumes dont les prix pourraient augmenter de 5,4 %.<sup>14<\/sup><\/p>\n\n\n\n<p>Les guerres commerciales ont d\u00e9clench\u00e9 un mouvement en faveur de la diversification. Bien que la diversification des \u00e9changes commerciaux constitue une strat\u00e9gie pour accro\u00eetre et renforcer les exportations agroalimentaires canadiennes, cette approche comporte quelques inconv\u00e9nients, parmi lesquels une certaine incertitude \u00e0 court terme sur le plan de la qualit\u00e9 et des co\u00fbts pour les consommateurs en attendant que les cha\u00eenes logistiques soient bien \u00e9tablies. La stabilit\u00e9 et la r\u00e9gularit\u00e9 des \u00e9changes commerciaux sont des conditions d\u00e9terminantes pour maintenir les co\u00fbts de transport, de logistique et d\u2019exploitation \u00e0 des niveaux raisonnables pour les n\u00e9gociants, les grossistes et les d\u00e9taillants, ce qui contribue \u00e0 la constance des prix, de la qualit\u00e9 et de la disponibilit\u00e9 pour les consommateurs. \u00c0 l\u2019heure actuelle, l\u2019incertitude li\u00e9e aux droits de douane remet en question les avantages auxquels les consommateurs nord-am\u00e9ricains sont habitu\u00e9s en raison de la connexion des cha\u00eenes logistiques entre le Canada et les \u00c9tats-Unis.<\/p>\n<\/div>\n<\/section>\n\n\n\n<section class=\"wp-block-rbc-section-block  pos-rel\" style=\"border-radius:0px\">\n<div class=\"wp-block-rbc-section-inner-block  section-inner\" style=\"border-radius:0x\">\n<h2 class=\"wp-block-heading\" id=\"h-prochaine-etape-lier-les-solutions-alimentaires-aux-ambitions-de-croissance-du-canada\">Prochaine \u00e9tape&nbsp;: lier les solutions alimentaires aux ambitions de croissance du Canada<\/h2>\n\n\n\n<p>Les solutions \u00e0 l\u2019ins\u00e9curit\u00e9 alimentaire au Canada sont bien document\u00e9es, mais le probl\u00e8me reste du c\u00f4t\u00e9 des politiques et des engagements financiers \u00e0 grande \u00e9chelle.<\/p>\n\n\n\n<p>Les solutions pourraient inclure&nbsp;:<\/p>\n\n\n\n<ul class=\"wp-block-rbc-list is-style-black-disc\">\n<li class=\"wp-block-rbc-list-item\">\n<p>Combler les disparit\u00e9s entre les r\u00e9gions rurales et urbaines du Canada en ce qui a trait \u00e0 l\u2019acc\u00e8s aux ressources, aux revenus de subsistance et aux occasions de d\u00e9veloppement \u00e9conomique.<\/p>\n<\/li>\n\n\n\n<li class=\"wp-block-rbc-list-item\">\n<p>Reconstruire le filet de s\u00e9curit\u00e9 sociale du Canada en vue de mieux soutenir les m\u00e9nages \u00e0 faible revenu et d\u2019intervenir de fa\u00e7on proactive lorsqu\u2019un m\u00e9nage fait face \u00e0 une perte de revenu ou \u00e0 une perturbation ayant un impact sur son budget.<\/p>\n<\/li>\n\n\n\n<li class=\"wp-block-rbc-list-item\">\n<p>Am\u00e9liorer l\u2019accessibilit\u00e9 au logement.&nbsp;<\/p>\n<\/li>\n<\/ul>\n\n\n\n<p>Une cible de s\u00e9curit\u00e9 alimentaire pourrait constituer le catalyseur n\u00e9cessaire pour unir ces solutions, susciter des actions \u00e0 l\u2019\u00e9chelle du Canada et suivre les progr\u00e8s r\u00e9alis\u00e9s. Cette id\u00e9e n\u2019est pas nouvelle. Les experts de la s\u00e9curit\u00e9 alimentaire au Canada recommandent une cible de 50 % d\u2019ici 2030.<sup>15  16<\/sup> Mais le moment est venu d\u2019adopter une vision ambitieuse pour la s\u00e9curit\u00e9 alimentaire au Canada, alors que le pays s\u2019emploie \u00e0 b\u00e2tir une \u00e9conomie plus forte. L\u2019un des principaux d\u00e9fis consiste \u00e0 d\u00e9terminer dans quels domaines les solutions de s\u00e9curit\u00e9 alimentaire peuvent \u00eatre harmonis\u00e9es avec les engagements existants, afin d\u2019insuffler un nouvel \u00e9lan. Le plan pour la s\u00e9curit\u00e9 alimentaire au Canada doit aussi veiller \u00e0 am\u00e9liorer les taux de fa\u00e7on proportionnelle dans les r\u00e9gions et les groupes les plus vuln\u00e9rables.<\/p>\n\n\n\n<figure class=\"wp-block-image size-large\"><img loading=\"lazy\" decoding=\"async\" height=\"685\" width=\"1024\" src=\"https:\/\/www.rbc.com\/fr\/wp-content\/uploads\/sites\/5\/2025\/06\/Food-Insecurity-Graphs1-06.png?quality=80&amp;w=1024\" alt=\"\" class=\"wp-image-7730\" srcset=\"https:\/\/www.rbc.com\/fr\/wp-content\/uploads\/sites\/5\/2025\/06\/Food-Insecurity-Graphs1-06.png 4000w, https:\/\/www.rbc.com\/fr\/wp-content\/uploads\/sites\/5\/2025\/06\/Food-Insecurity-Graphs1-06.png?resize=300,201 300w, https:\/\/www.rbc.com\/fr\/wp-content\/uploads\/sites\/5\/2025\/06\/Food-Insecurity-Graphs1-06.png?resize=768,514 768w, https:\/\/www.rbc.com\/fr\/wp-content\/uploads\/sites\/5\/2025\/06\/Food-Insecurity-Graphs1-06.png?resize=1024,685 1024w, https:\/\/www.rbc.com\/fr\/wp-content\/uploads\/sites\/5\/2025\/06\/Food-Insecurity-Graphs1-06.png?resize=1536,1028 1536w, https:\/\/www.rbc.com\/fr\/wp-content\/uploads\/sites\/5\/2025\/06\/Food-Insecurity-Graphs1-06.png?resize=2048,1371 2048w\" sizes=\"auto, (max-width: 1024px) 100vw, 1024px\" \/><\/figure>\n\n\n\n<p><strong>Promouvoir le d\u00e9veloppement et renforcer les services de sant\u00e9 dans les collectivit\u00e9s rurales et \u00e9loign\u00e9es, tout en acc\u00e9l\u00e9rant les grands projets d\u2019infrastructure au Canada.<\/strong> L\u2019ambition du Canada d\u2019acc\u00e9l\u00e9rer les grands projets d\u2019infrastructure, du port de Churchill au Cercle de feu, se concentre principalement dans les r\u00e9gions rurales et \u00e9loign\u00e9es du nord du Canada. Les r\u00e9gions rurales et \u00e9loign\u00e9es du Canada repr\u00e9sentent 25 % du PIB du Canada, mais elles sont nettement d\u00e9ficientes en mati\u00e8re de soins de sant\u00e9, de logement et d\u2019acc\u00e8s aux autres besoins essentiels comme les aliments sains.<sup>17<\/sup> L\u2019ins\u00e9curit\u00e9 alimentaire est \u00e9lev\u00e9e partout au Canada, mais plus particuli\u00e8rement dans le Nord et dans les r\u00e9gions \u00e9loign\u00e9es. Plus de 58 % des habitants du Nunavut sont en situation d\u2019ins\u00e9curit\u00e9 alimentaire. De plus, au Canada, seulement 7 % des m\u00e9decins travaillent dans les r\u00e9gions rurales, alors que celles-ci repr\u00e9sentent 18 % de la population totale du Canada.<sup>18<\/sup><\/p>\n\n\n\n<p>Les plans du Canada pour assurer sa s\u00e9curit\u00e9 et sa souverainet\u00e9 \u00e9conomiques reposent en grande partie sur la disponibilit\u00e9 d\u2019une main-d\u2019\u0153uvre productive dans les r\u00e9gions rurales et \u00e9loign\u00e9es. Toutefois, il est compliqu\u00e9 de convaincre les travailleurs de rester ou d\u2019emm\u00e9nager dans les r\u00e9gions rurales ou \u00e9loign\u00e9es pour mener \u00e0 bien les projets en question si ces r\u00e9gions ne leur permettent pas d\u2019acc\u00e9der aux ressources dont ils ont besoin pour assurer une vie saine \u00e0 leurs familles. Le Canada pourrait renverser la tendance d\u2019une croissance 15 fois plus rapide dans les zones urbaines que dans les r\u00e9gions rurales en att\u00e9nuant la fuite des cerveaux et des ressources gr\u00e2ce \u00e0 des investissements dans les ressources des collectivit\u00e9s, en renfor\u00e7ant par exemple l\u2019acc\u00e8s aux soins de sant\u00e9, aux aliments et au logement, afin de se mettre au niveau de ses ambitions en mati\u00e8re de grands projets d\u2019infrastructure.<sup>19<\/sup><\/p>\n\n\n\n<p><strong>Am\u00e9liorer l\u2019acc\u00e8s au soutien financier et aux prestations sociales pour les m\u00e9nages en engageant des r\u00e9formes politiques.<\/strong> Le moment serait bien choisi pour faire avancer les projets de r\u00e9forme, \u00e0 pr\u00e9sent que le gouvernement lib\u00e9ral s\u2019est engag\u00e9 \u00e0 examiner et r\u00e9former le processus de demande de cr\u00e9dit d\u2019imp\u00f4t pour personnes handicap\u00e9es (CIPH). Le CIPH donne acc\u00e8s \u00e0 d\u2019importants programmes du gouvernement f\u00e9d\u00e9ral, dont la Prestation canadienne pour les personnes handicap\u00e9es, l\u2019Allocation canadienne pour enfants destin\u00e9e aux enfants handicap\u00e9s et le R\u00e9gime canadien de soins dentaires. Cet examen donne l\u2019occasion d\u2019encourager le r\u00e9seau canadien de banques alimentaires desservant les familles b\u00e9n\u00e9ficiaires du CIPH \u00e0 \u00e9laborer des solutions pratiques et efficaces pour les m\u00e9nages, en particulier ceux qui font face \u00e0 la crise du logement et \u00e0 l\u2019ins\u00e9curit\u00e9 alimentaire.<\/p>\n\n\n\n<p>En plus de l\u2019admissibilit\u00e9 aux prestations, les groupes les plus vuln\u00e9rables au Canada, y compris les personnes handicap\u00e9es et les sans-abri, sont souvent les plus difficiles \u00e0 joindre pour faire les d\u00e9clarations fiscales, et le taux de d\u00e9claration de revenus de cette population est inf\u00e9rieur \u00e0 la moyenne nationale de 92 %.<sup>20<\/sup> Les revenus non d\u00e9clar\u00e9s et les cr\u00e9dits d\u2019imp\u00f4t non r\u00e9clam\u00e9s repr\u00e9sentent plus de 8,9 millions de ch\u00e8ques de l\u2019Agence du revenu du Canada (ARC) non encaiss\u00e9s, pour un total de 1,4 milliard de dollars.<sup>21<\/sup> La valeur des cr\u00e9dits d\u2019imp\u00f4t ne r\u00e9soudra pas toutes les difficult\u00e9s financi\u00e8res des m\u00e9nages, mais c\u2019est un bon d\u00e9but.<\/p>\n\n\n\n<p>Le projet pilote de l\u2019ARC concernant la d\u00e9claration automatique des revenus, de m\u00eame que les approches visant \u00e0 rationaliser et \u00e0 simplifier les d\u00e9clarations fiscales sont l\u2019occasion de d\u00e9finir des services de soutien qui aideraient les Canadiens \u00e0 naviguer dans les processus administratifs pour devenir admissibles aux cr\u00e9dits d\u2019imp\u00f4t et en b\u00e9n\u00e9ficier. Nous avons aussi beaucoup \u00e0 apprendre des organismes communautaires, comme les banques alimentaires, qui offrent des services int\u00e9gr\u00e9s tels que des programmes d\u2019alimentation et de litt\u00e9ratie financi\u00e8re aux populations les plus vuln\u00e9rables et marginalis\u00e9es du Canada.<\/p>\n\n\n\n<p><strong>Harmoniser les objectifs de s\u00e9curit\u00e9 alimentaire avec l\u2019essor de la construction r\u00e9sidentielle au Canada<\/strong>. La r\u00e9duction des co\u00fbts du logement peut transformer le budget d\u2019un m\u00e9nage. Le projet du nouveau gouvernement f\u00e9d\u00e9ral lib\u00e9ral de construire 500\u2009000 logements par ann\u00e9e stimulerait l\u2019\u00e9conomie tout en r\u00e9pondant \u00e0 un besoin essentiel, \u00e9tant donn\u00e9 que l\u2019une des priorit\u00e9s du plan \u00ab\u2009Construire des logements au Canada\u2009\u00bb est de construire des logements abordables \u00e0 grande \u00e9chelle. Cette priorit\u00e9 se traduit par un engagement de 6 milliards de dollars en faveur du logement tr\u00e8s abordable couvrant les logements admissibles aux allocations, le logement pour les Autochtones et les refuges. En plus de construire rapidement de tels logements et d\u2019\u00e9tablir des cibles relatives aux sans-abri dans les provinces, le gouvernement pourrait envisager de s\u2019harmoniser avec les objectifs de s\u00e9curit\u00e9 alimentaire et les actions men\u00e9es \u00e0 l\u2019\u00e9chelle nationale afin d\u2019\u00e9valuer ses progr\u00e8s en mati\u00e8re de logement abordable, dans l\u2019objectif d\u2019am\u00e9liorer l\u2019acc\u00e8s \u00e0 un mode de vie plus sain et plus productif, ce qui contribuerait \u00e0 la croissance de l\u2019\u00e9conomie canadienne.<\/p>\n\n\n\n<p>L\u2019ins\u00e9curit\u00e9 alimentaire est un probl\u00e8me syst\u00e9mique qui requiert des solutions fond\u00e9es sur les syst\u00e8mes. Alors que le Canada s\u2019engage dans une \u00e8re de stimulation de la croissance, le moment est venu d\u2019examiner la fa\u00e7on dont le pays peut mettre \u00e0 profit son approche unifi\u00e9e pour lutter contre les sympt\u00f4mes les plus chroniques d\u2019une \u00e9conomie \u00e0 la d\u00e9rive : l\u2019ins\u00e9curit\u00e9 alimentaire et la pauvret\u00e9.<\/p>\n<\/div>\n<\/section>\n\n\n\n<section class=\"wp-block-rbc-section-block  pos-rel mar-b mob-mar-b has-rbc-bright-blue-tint-4-background-color has-background\" style=\"border-radius:0px\">\n<div class=\"wp-block-rbc-section-inner-block  section-inner\" style=\"border-radius:0x\">\n<h2 class=\"wp-block-heading\" id=\"h-experiences-et-approches-dans-le-reste-du-monde\">Exp\u00e9riences et approches dans le reste du monde<\/h2>\n\n\n\n<p>L\u2019ins\u00e9curit\u00e9 alimentaire touche tous les pays, et plus de 295&nbsp;millions de personnes sont aux prises avec la faim aigu\u00eb dans le monde. Les pays adoptent des approches diff\u00e9rentes pour mesurer, surveiller et att\u00e9nuer le probl\u00e8me, qui vont bien au-del\u00e0 des programmes et des politiques alimentaires et s\u2019\u00e9tendent aux domaines du revenu, du logement et de l\u2019\u00e9quit\u00e9 sociale. Toutefois, les \u00e9conomies avanc\u00e9es comme le Canada \u00e9largissent de plus en plus leurs programmes alimentaires pour contrer les r\u00e9percussions de l\u2019ins\u00e9curit\u00e9 alimentaire sur les collectivit\u00e9s \u00e0 court terme.&nbsp;<\/p>\n\n\n\n<div class=\"wp-block-rbc-rbc-collapsible-accordion accordion\" id=\"&quot;accordionSet1\">\n<div class=\"wp-block-rbc-rbc-collapsible-panel\"><div class=\"accordion-panel\"><button id=\"accordion-title0c4d46ac\" class=\"collapse-toggle collapsed\" data-target=\"#accordion0c4d46ac\" data-toggle=\"collapse\" data-parent=\"#accordionSet1\" aria-expanded=\"false\" data-dig-id=\"LP-7701-0c4d46ac\" aria-controls=\"accordion0c4d46ac\" data-dig-category=\"LP\" data-dig-action=\"collapsible closed\" data-dig-label=\"Royaume-Uni \" action-closed=\"collapsible closed\" action-opened=\"collapsible open\"><div>Royaume-Uni <\/div><\/button><div class=\"collapse-content collapse\" id=\"accordion0c4d46ac\" role=\"region\" aria-labelledby=\"accordion-title0c4d46ac\"><div class=\"collapse-inner\">\n<p>Au Royaume-Uni, plus de 7 millions de personnes, soit 11 % de la population, appartiennent aux m\u00e9nages en situation d\u2019ins\u00e9curit\u00e9 alimentaire.<sup>22<\/sup> Et un tiers des enfants du Royaume-Uni vivent dans la pauvret\u00e9. Pour relever ce d\u00e9fi, le gouvernement a mis sur pied un Groupe de travail contre la pauvret\u00e9 des enfants.<sup>23<\/sup> De plus, le Royaume-Uni a mis en place plusieurs programmes notables directement li\u00e9s \u00e0 l\u2019acc\u00e8s aux aliments, parmi lesquels :<\/p>\n\n\n\n<ul class=\"wp-block-rbc-list is-style-black-disc\">\n<li class=\"wp-block-rbc-list-item\">\n<p>Un programme de repas scolaires gratuits fournit aux enfants et aux jeunes des repas conformes aux normes alimentaires recommand\u00e9es. En plus des repas scolaires, le Royaume-Uni a lanc\u00e9 le programme Holiday Activities and Food (HAF) en 2022 afin d\u2019am\u00e9liorer l\u2019acc\u00e8s \u00e0 la nourriture et aux ressources pendant les vacances scolaires.<sup>24<\/sup><\/p>\n<\/li>\n\n\n\n<li class=\"wp-block-rbc-list-item\">\n<p>En Angleterre, au Pays de Galles et en Irlande du Nord, les bons Healthy Start aident les personnes \u00e0 faible revenu \u00e0 se procurer des vitamines pr\u00e9natales, du lait maternis\u00e9 et des aliments adapt\u00e9s \u00e0 la sant\u00e9 des enfants en bas \u00e2ge. En \u00c9cosse, un programme \u00e9quivalent appel\u00e9 Best Start Foods a \u00e9t\u00e9 lanc\u00e9 en ao\u00fbt 2019.<\/p>\n<\/li>\n\n\n\n<li class=\"wp-block-rbc-list-item\">\n<p>Household Support Fund : prestations de 1,5 milliard de livres sterling allou\u00e9es en 2022-2023 pour aider les m\u00e9nages \u00e0 payer les d\u00e9penses essentielles comme l\u2019alimentation, l\u2019\u00e9lectricit\u00e9 et le logement.<\/p>\n<\/li>\n<\/ul>\n\n\n\n<p>De plus, le Royaume-Uni m\u00e8ne sa plus grande campagne de construction de logements depuis la Seconde Guerre mondiale. Cet effort de construction est motiv\u00e9 par les r\u00e9percussions de la p\u00e9nurie de logements abordables sur la stabilit\u00e9 et les d\u00e9penses des m\u00e9nages. La campagne inclut un plan visant \u00e0 cr\u00e9er une douzaine de nouvelles villes d\u2019environ 10\u2009000 logements chacune.<sup>25<\/sup><\/p>\n<\/div><\/div><\/div><\/div>\n\n\n\n<div class=\"wp-block-rbc-rbc-collapsible-panel\"><div class=\"accordion-panel\"><button id=\"accordion-title66892ed8\" class=\"collapse-toggle collapsed\" data-target=\"#accordion66892ed8\" data-toggle=\"collapse\" data-parent=\"#accordionSet1\" aria-expanded=\"false\" data-dig-id=\"LP-7701-66892ed8\" aria-controls=\"accordion66892ed8\" data-dig-category=\"LP\" data-dig-action=\"collapsible closed\" data-dig-label=\"Nouvelle-Z\u00e9lande\" action-closed=\"collapsible closed\" action-opened=\"collapsible open\"><div>Nouvelle-Z\u00e9lande<\/div><\/button><div class=\"collapse-content collapse\" id=\"accordion66892ed8\" role=\"region\" aria-labelledby=\"accordion-title66892ed8\"><div class=\"collapse-inner\">\n<p>En Nouvelle-Z\u00e9lande, 27 % des m\u00e9nages avec enfants ont souvent ou parfois manqu\u00e9 de nourriture en 2023, ce qui marque une hausse par rapport \u00e0 14,4 % en 2021.<sup>26<\/sup> Face \u00e0 l\u2019aggravation de l\u2019ins\u00e9curit\u00e9 alimentaire, la Nouvelle-Z\u00e9lande a dirig\u00e9 la mise sur pied d\u2019une feuille de route sur 10 ans en faveur de la s\u00e9curit\u00e9 alimentaire pour la Coop\u00e9ration \u00e9conomique pour l\u2019Asie-Pacifique (APEC). Ce plan couvre quatre domaines cl\u00e9s : la num\u00e9risation, la productivit\u00e9, l\u2019inclusivit\u00e9 et la durabilit\u00e9. L\u2019APEC comprend 21 pays membres de la ceinture du Pacifique, y compris le Canada.<\/p>\n\n\n\n<p>Plusieurs minist\u00e8res n\u00e9o-z\u00e9landais encadrent la recherche, les politiques et les programmes en faveur de la s\u00e9curit\u00e9 alimentaire, notamment ceux de la sant\u00e9, de l\u2019\u00e9ducation et du d\u00e9veloppement social, ce qui t\u00e9moigne de la reconnaissance de l\u2019impact de l\u2019ins\u00e9curit\u00e9 alimentaire sur la sant\u00e9 et le bien-\u00eatre des humains. La Nouvelle-Z\u00e9lande conna\u00eet le d\u00e9veloppement d\u2019un mouvement de plus en plus marqu\u00e9 en faveur de l\u2019acc\u00e8s aux ressources dans les quatre principales r\u00e9gions du pays, en vue de r\u00e9pondre aux besoins essentiels et d\u2019am\u00e9liorer les conditions de vie :<\/p>\n\n\n\n<ul class=\"wp-block-rbc-list is-style-black-disc\">\n<li class=\"wp-block-rbc-list-item\">\n<p>Lancement en 2022 du Public Health Advisory Committee. En 2023, ce comit\u00e9 a \u00e9t\u00e9 charg\u00e9 d\u2019examiner le syst\u00e8me alimentaire de la Nouvelle-Z\u00e9lande et d\u2019\u00e9mettre des conseils et des recommandations, lesquels sont pr\u00e9sent\u00e9s dans son rapport de 2024 intitul\u00e9 Rebalancing Our Food System.<\/p>\n<\/li>\n\n\n\n<li class=\"wp-block-rbc-list-item\">\n<p>La Nouvelle-Z\u00e9lande verse des fonds publics pour entretenir les infrastructures de distribution alimentaire dans les collectivit\u00e9s et soutenir les centres alimentaires communautaires r\u00e9gionaux dans le cadre du programme Food Secure Communities \u00e9tabli en 2020.<\/p>\n<\/li>\n\n\n\n<li class=\"wp-block-rbc-list-item\">\n<p>Le programme de repas sain \u00e0 l\u2019\u00e9cole (Ka Ora, Ka Ako) a \u00e9t\u00e9 lanc\u00e9 en 2019 pour offrir des repas gratuits aux \u00e9l\u00e8ves qui fr\u00e9quentent les \u00e9coles de r\u00e9gions \u00e0 faible revenu. Le programme est mis en \u0153uvre dans plus de 1\u2009000 \u00e9coles et fournit des repas \u00e0 pr\u00e8s de 240\u2009000 \u00e9tudiants chaque jour.<\/p>\n<\/li>\n<\/ul>\n<\/div><\/div><\/div><\/div>\n\n\n\n<div class=\"wp-block-rbc-rbc-collapsible-panel\"><div class=\"accordion-panel\"><button id=\"accordion-title45055527\" class=\"collapse-toggle collapsed\" data-target=\"#accordion45055527\" data-toggle=\"collapse\" data-parent=\"#accordionSet1\" aria-expanded=\"false\" data-dig-id=\"LP-7701-45055527\" aria-controls=\"accordion45055527\" data-dig-category=\"LP\" data-dig-action=\"collapsible closed\" data-dig-label=\"\u00c9tats-Unis\" action-closed=\"collapsible closed\" action-opened=\"collapsible open\"><div>\u00c9tats-Unis<\/div><\/button><div class=\"collapse-content collapse\" id=\"accordion45055527\" role=\"region\" aria-labelledby=\"accordion-title45055527\"><div class=\"collapse-inner\">\n<p>L\u2019ins\u00e9curit\u00e9 alimentaire a touch\u00e9 47 millions d\u2019Am\u00e9ricains en 2023. \u00c0 l\u2019issue de la pand\u00e9mie, les \u00c9tats-Unis ont connu une tendance similaire \u00e0 celle du Canada, c\u2019est-\u00e0-dire que le taux des m\u00e9nages en situation d\u2019ins\u00e9curit\u00e9 alimentaire est pass\u00e9 de 10 % \u00e0 14 % entre 2021 et 2023.<sup>27<\/sup> Parmi les pays de l\u2019OCDE, seul le Costa Rica pr\u00e9sente des in\u00e9galit\u00e9s de revenus prononc\u00e9es. Les projets de loi comme celui de la \u00ab\u2009grande et belle loi\u2009\u00bb menacent d\u2019aggraver les in\u00e9galit\u00e9s aux \u00c9tats-Unis en augmentant la dette nationale, ce qui pourrait mener \u00e0 des coupes dans les programmes visant \u00e0 r\u00e9duire l\u2019ins\u00e9curit\u00e9 alimentaire et am\u00e9liorer l\u2019acc\u00e8s \u00e0 la nourriture, notamment :<\/p>\n\n\n\n<ul class=\"wp-block-rbc-list is-style-black-disc\">\n<li class=\"wp-block-rbc-list-item\">\n<p>Le programme Supplemental Nutrition Assistance Program (SNAP) offre une subvention soumise \u00e0 restrictions pour l\u2019achat de nourriture. Le SNAP dessert 42,2 millions de personnes par mois en moyenne (12,6 % de la population des \u00c9tats-Unis).<sup>28<\/sup> Il a \u00e9t\u00e9 d\u00e9montr\u00e9 qu\u2019une participation au programme SNAP pendant six mois permet de r\u00e9duire l\u2019ins\u00e9curit\u00e9 alimentaire de 5 \u00e0 10 points de pourcentage, et que ce programme est encore plus efficace pour les enfants et les personnes dont la s\u00e9curit\u00e9 alimentaire est tr\u00e8s faible.<sup>29 30<\/sup> Le SNAP a \u00e9galement d\u00e9montr\u00e9 son incidence positive sur l\u2019activit\u00e9 \u00e9conomique et la cr\u00e9ation d\u2019emplois au sein des collectivit\u00e9s locales.<\/p>\n<\/li>\n\n\n\n<li class=\"wp-block-rbc-list-item\">\n<p>TLe programme Special Supplemental Nutrition Program for Women, Infants and Children (WIC) offre une subvention alimentaire soumise \u00e0 restrictions, destin\u00e9e aux femmes enceintes, aux jeunes m\u00e8res, aux nourrissons et aux enfants jusqu\u2019\u00e0 cinq ans qui r\u00e9pondent \u00e0 des crit\u00e8res d\u2019admissibilit\u00e9 fond\u00e9s \u00e0 la fois sur le revenu et la nutrition.<sup>31<\/sup> En 2023, le gouvernement f\u00e9d\u00e9ral a consacr\u00e9 6,6 milliards de dollars am\u00e9ricains au programme WIC, qui a b\u00e9n\u00e9fici\u00e9 en moyenne \u00e0 6,6 millions de personnes par mois.<sup>32<\/sup><\/p>\n<\/li>\n<\/ul>\n<\/div><\/div><\/div><\/div>\n<\/div>\n<\/div>\n<\/section>\n\n\n\n<section class=\"wp-block-rbc-section-block  pos-rel mar-t mob-mar-t mar-b mob-mar-b has-rbc-climate-action-seaweed-background-color has-background\" style=\"border-radius:0px\">\n<div class=\"wp-block-rbc-section-inner-block  section-inner mar-t-0\" style=\"border-radius:0x\">\n<div class=\"wp-block-columns pad-t-0 mob-pad-t-0 pad-b-0 mob-pad-b-0 mar-t-0 mob-mar-t-0 mar-b-0 mob-mar-b-0 has-rbc-climate-action-seaweed-background-color has-background is-layout-flex wp-container-core-columns-is-layout-28f84493 wp-block-columns-is-layout-flex\">\n<div class=\"wp-block-column is-layout-flow wp-block-column-is-layout-flow\">\n<h5 class=\"wp-block-heading has-text-align-center pad-b-hlf mob-pad-b-hlf\" id=\"h-nos-partenaires-de-projet\"><strong>Nos partenaires de projet<\/strong><\/h5>\n\n\n\n<div class=\"wp-block-columns pad-l-dbl mob-pad-l-dbl pad-r-dbl mob-pad-r-dbl mar-t-hlf mob-mar-t-hlf mar-l mob-mar-l mar-r mob-mar-r is-layout-flex wp-container-core-columns-is-layout-28f84493 wp-block-columns-is-layout-flex\">\n<div class=\"wp-block-column mar-r mar-l mob-mar-b-dbl is-layout-flow wp-block-column-is-layout-flow\" style=\"flex-basis:330px\">\n<figure class=\"wp-block-image size-large mar-t-qtr\"><img decoding=\"async\" src=\"https:\/\/www.rbc.com\/en\/wp-content\/uploads\/sites\/4\/2025\/06\/AFILogo_FullColour_WhiteBG.png?quality=80&amp;w=1024\" alt=\"\" class=\"wp-image-14746\" \/><\/figure>\n<\/div>\n\n\n\n<div class=\"wp-block-column mar-r mob-mar-l-dbl is-layout-flow wp-block-column-is-layout-flow\" style=\"flex-basis:220px\">\n<figure class=\"wp-block-image size-full is-resized\"><img decoding=\"async\" src=\"https:\/\/www.rbc.com\/en\/wp-content\/uploads\/sites\/4\/2025\/06\/656a3d124a5c05fa5feb6c65_FeedOpportunityMLF-Logo.png?quality=80\" alt=\"\" class=\"wp-image-14848\" style=\"width:127px;height:auto\" \/><\/figure>\n<\/div>\n<\/div>\n<\/div>\n<\/div>\n<\/div>\n<\/section>\n\n\n\n<section class=\"wp-block-rbc-section-block  pos-rel\" style=\"border-radius:0px\">\n<div class=\"wp-block-rbc-section-inner-block  section-inner\" style=\"border-radius:0x\">\n<div class=\"wp-block-columns has-border-color has-grey-border-color is-layout-flex wp-container-core-columns-is-layout-28f84493 wp-block-columns-is-layout-flex\" style=\"border-width:1px\">\n<div class=\"wp-block-column has-border-color has-grey-border-color is-layout-flow wp-block-column-is-layout-flow\" style=\"border-width:1px;flex-basis:33.33%\">\n<figure class=\"wp-block-image size-large\"><img decoding=\"async\" src=\"https:\/\/www.rbc.com\/en\/wp-content\/uploads\/sites\/4\/2025\/06\/Download-PDF-Food-security-report_Download-PDF-RBC-TL.png?quality=80&amp;w=572\" alt=\"\" class=\"wp-image-15055\" \/><\/figure>\n<\/div>\n\n\n\n<div class=\"wp-block-column is-layout-flow wp-block-column-is-layout-flow\" style=\"flex-basis:66.66%\">\n<h4 class=\"wp-block-heading mar-t mar-l\" id=\"h-telecharger-le-rapport\">T\u00e9l\u00e9charger le rapport<\/h4>\n\n\n\n<div class=\"wp-block-buttons  mar-l is-layout-flex wp-block-buttons-is-layout-flex\"><div>\n<div class=\"wp-block-button btn before is-style-tertiary tertiary\"><a class=\"wp-block-button__link wp-element-button\" href=\"https:\/\/www.rbc.com\/fr\/wp-content\/uploads\/sites\/5\/2025\/03\/Alimenter-la-crise-Report-FR.pdf\" data-dig-id=\"LP-7701-09519300\" data-dig-category=\"LP\" data-dig-action=\"button click\" data-dig-label=\"T\u00e9l\u00e9charger-https:\/\/www.rbc.com\/fr\/wp-content\/uploads\/sites\/5\/2025\/03\/Alimenter-la-crise-Report-FR.pdf \">T\u00e9l\u00e9charger<\/a><\/div>\n<\/div><\/div>\n<\/div>\n<\/div>\n<\/div>\n<\/section>\n\n\n\n<section class=\"wp-block-rbc-section-block  pos-rel mar-b mob-mar-b has-rbc-bright-blue-tint-1-background-color has-background\" style=\"border-radius:0px\">\n<div class=\"wp-block-rbc-section-inner-block  section-inner\" style=\"border-radius:0x\">\n<section class=\"wp-block-rbc-section-block  pos-rel\" style=\"border-radius:0px\">\n<div class=\"wp-block-rbc-section-inner-block  section-inner pad-b-0 mob-pad-b-0\" style=\"border-radius:0x\">\n<h3 class=\"wp-block-heading has-white-color has-text-color has-link-color wp-elements-a63b650448f58837b16990f4da46a13a\" id=\"h-contributeurs\">Contributeurs :<\/h3>\n\n\n\n<p class=\"mob-mar-b-0 mar-b-0 has-white-color has-text-color has-link-color wp-elements-faee58ea64c8303ac15db4f34341702c\"><strong>Leadership avis\u00e9<\/strong><\/p>\n\n\n\n<p class=\"mob-mar-b-0 mar-b-0 has-white-color has-text-color has-link-color wp-elements-665946a4df8db72db3818444d81802c5\">Lisa Ashton, responsable principale, Politique agricole et climatique, Leadership avis\u00e9 RBC<\/p>\n\n\n\n<p class=\"mob-mar-b-0 mar-b-0 mar-t-hlf mob-mar-t-hlf has-white-color has-text-color has-link-color wp-elements-f153807ba6cbdfa8d8d7a03671d3ac56\"><strong>Maple Leaf Centre for Food Security<\/strong><\/p>\n\n\n\n<p class=\"mar-b-hlf mob-mar-b-hlf has-white-color has-text-color has-link-color wp-elements-a67323fbf1092a94627b2cad52c43ad9\">Sarah Stern, directrice g\u00e9n\u00e9rale<\/p>\n\n\n\n<p class=\"mob-mar-b-0 mar-b-0 has-white-color has-text-color has-link-color wp-elements-9bc33861b6f486f80f6ac812f7e98494\"><strong>Arrell Food Institute, Universit\u00e9 de Guelph<\/strong><\/p>\n\n\n\n<p class=\"mob-mar-b-0 mar-b-0 has-white-color has-text-color has-link-color wp-elements-ed5d147ac51dac7d914a64ac977bc197\">Evan Fraser, directeur et professeur<br>Pauline Cripps, cheffe, Alimentation dans les collectivit\u00e9s<\/p>\n<\/div>\n<\/section>\n<\/div>\n<\/section>\n\n\n\n<div class=\"wp-block-rbc-rbc-default-collapsible\"><p><button class=\"collapse-toggle collapsed\" data-target=\"#collapsece7b3fbe\" data-toggle=\"collapse\" aria-expanded=\"false\" aria-controls=\"collapsece7b3fbe\" data-dig-id=\"LP-7701-ce7b3fbe\" data-dig-category=\"LP\" data-dig-action=\"accordion closed\" action-closed=\"accordion closed\" action-opened=\"accordion open\" data-dig-label=\"References\"><div>References<\/div><\/button><\/p><div class=\"collapse-content collapse\" id=\"collapsece7b3fbe\">\n<div class=\"wp-block-rbc-collapsible-inner-block collapse-inner\">\n<ol class=\"wp-block-rbc-list\">\n<li class=\"wp-block-rbc-list-item\">\n<p>Statistique Canada. Ins\u00e9curit\u00e9 alimentaire selon le type de famille \u00e9conomique, 2025.<\/p>\n<\/li>\n\n\n\n<li class=\"wp-block-rbc-list-item\">\n<p>Banques alimentaires Canada. Bilan-Faim 2024, 2024.<\/p>\n<\/li>\n\n\n\n<li class=\"wp-block-rbc-list-item\">\n<p>Statistique Canada. Caract\u00e9ristiques de la population active selon la r\u00e9gion m\u00e9tropolitaine de recensement, moyenne mobile sur trois mois, donn\u00e9es d\u00e9saisonnalis\u00e9es, 2025.<\/p>\n<\/li>\n\n\n\n<li class=\"wp-block-rbc-list-item\">\n<p>Statistique Canada. Emploi selon le secteur, donn\u00e9es mensuelles d\u00e9saisonnalis\u00e9es et cycle de tendance, cinq derniers mois (x 1\u2009000), 2025.<\/p>\n<\/li>\n\n\n\n<li class=\"wp-block-rbc-list-item\">\n<p>Statistique Canada. D\u00e9penses des m\u00e9nages selon le quintile de revenu du m\u00e9nage, Canada, r\u00e9gions et provinces, 2025.<\/p>\n<\/li>\n\n\n\n<li class=\"wp-block-rbc-list-item\">\n<p>French et al. La qualit\u00e9 nutritive des aliments achet\u00e9s varie selon le revenu des m\u00e9nages (\u00e9tude SHoPPER, 2019).<\/p>\n<\/li>\n\n\n\n<li class=\"wp-block-rbc-list-item\">\n<p>Statistique Canada. Caract\u00e9ristiques de la population active selon la r\u00e9gion m\u00e9tropolitaine de recensement, moyenne mobile sur trois mois, donn\u00e9es d\u00e9saisonnalis\u00e9es, 2025.<\/p>\n<\/li>\n\n\n\n<li class=\"wp-block-rbc-list-item\">\n<p>Li T, Fafard St-Germain AA, Tarasuk V. : Surveillance de l\u2019ins\u00e9curit\u00e9 alimentaire des m\u00e9nages au Canada (2022), 2023.<\/p>\n<\/li>\n\n\n\n<li class=\"wp-block-rbc-list-item\">\n<p>Statistique Canada. Ins\u00e9curit\u00e9 alimentaire selon certaines caract\u00e9ristiques d\u00e9mographiques, 2025.<\/p>\n<\/li>\n\n\n\n<li class=\"wp-block-rbc-list-item\">\n<p>Statistique Canada. Ins\u00e9curit\u00e9 alimentaire selon le type de famille \u00e9conomique, 2025.<\/p>\n<\/li>\n\n\n\n<li class=\"wp-block-rbc-list-item\">\n<p>Statistique Canada, Enqu\u00eate sur la sant\u00e9 dans les collectivit\u00e9s canadiennes (ESCC) 2005, 2007-2008, 2009-2010, bases de donn\u00e9es administratives de l\u2019Ontario. D\u2019apr\u00e8s : Tarasuk, Cheng, de Oliveira, Dachner, Gundersen et Kurdyak (2015)<\/p>\n<\/li>\n\n\n\n<li class=\"wp-block-rbc-list-item\">\n<p>Gallegos et al. Ins\u00e9curit\u00e9 alimentaire et d\u00e9veloppement de l\u2019enfant, 2021.<\/p>\n<\/li>\n\n\n\n<li class=\"wp-block-rbc-list-item\">\n<p>Pepsico. PepsiCo Reports First-Quarter 2025 Results; Updates 2025 Financial Guidance, 2025.<\/p>\n<\/li>\n\n\n\n<li class=\"wp-block-rbc-list-item\">\n<p>The Budget Lab at Yale. State of U.S. Tariffs : 15 avril 2025<\/p>\n<\/li>\n\n\n\n<li class=\"wp-block-rbc-list-item\">\n<p>Banques alimentaires Canada. Lettre ouverte conjointe : R\u00e9duire de moiti\u00e9 l\u2019ins\u00e9curit\u00e9 alimentaire au Canada d\u2019ici 2030, 2025.<\/p>\n<\/li>\n\n\n\n<li class=\"wp-block-rbc-list-item\">\n<p>Beardsley, McCain et Saul. Engageons-nous \u00e0 r\u00e9duire l\u2019ins\u00e9curit\u00e9 alimentaire de moiti\u00e9, 2022.<\/p>\n<\/li>\n\n\n\n<li class=\"wp-block-rbc-list-item\">\n<p>Innovation, Sciences et D\u00e9veloppement \u00e9conomique Canada D\u00e9veloppement \u00e9conomique rural.<\/p>\n<\/li>\n\n\n\n<li class=\"wp-block-rbc-list-item\">\n<p>Institut canadien d\u2019information sur la sant\u00e9. Profil des m\u00e9decins au Canada, 2025<\/p>\n<\/li>\n\n\n\n<li class=\"wp-block-rbc-list-item\">\n<p>Statistique Canada. Recensement en bref, 2022.<\/p>\n<\/li>\n\n\n\n<li class=\"wp-block-rbc-list-item\">\n<p>Canada Revenue Agency. Statistical report on the participation of the hard-to-reach populations in the tax and benefit systems, 2024.<\/p>\n<\/li>\n\n\n\n<li class=\"wp-block-rbc-list-item\">\n<p>Agence du revenu du Canada. Environ 1,4 milliard de dollars de ch\u00e8ques non encaiss\u00e9s dormaient dans les coffres de l\u2019Agence du revenu du Canada en 2022.<\/p>\n<\/li>\n\n\n\n<li class=\"wp-block-rbc-list-item\">\n<p>Parlement du Royaume-Uni. Who is experiencing food insecurity in the UK? 2024.<\/p>\n<\/li>\n\n\n\n<li class=\"wp-block-rbc-list-item\">\n<p>Gouvernement du Royaume-Uni. Tackling Child Poverty: Developing Our Strategy, 2024.<\/p>\n<\/li>\n\n\n\n<li class=\"wp-block-rbc-list-item\">\n<p>Gouvernement du Royaume-Uni. Guidance : Holiday activities and food programme 2024, 2025.<\/p>\n<\/li>\n\n\n\n<li class=\"wp-block-rbc-list-item\">\n<p>Gouvernement du Royaume-Uni. Government unveils plans for next generation of new towns, 2025.<\/p>\n<\/li>\n\n\n\n<li class=\"wp-block-rbc-list-item\">\n<p>Minist\u00e8re de la Sant\u00e9. New Zealand Health Survey, 2025.<\/p>\n<\/li>\n\n\n\n<li class=\"wp-block-rbc-list-item\">\n<p>Economic Research Service, d\u00e9partement de l\u2019Agriculture des \u00c9tats-Unis. Food Security in the U.S. &#8211; Key Statistics &amp; Graphics, 2025.<\/p>\n<\/li>\n\n\n\n<li class=\"wp-block-rbc-list-item\">\n<p>Economic Research Service, d\u00e9partement de l\u2019Agriculture des \u00c9tats-Unis. SNAP in Action, 2025.<\/p>\n<\/li>\n\n\n\n<li class=\"wp-block-rbc-list-item\">\n<p>Economic Research Service, d\u00e9partement de l\u2019Agriculture des \u00c9tats-Unis. Measuring the Effect of SNAP Participation on Food Security, 2025.<\/p>\n<\/li>\n\n\n\n<li class=\"wp-block-rbc-list-item\">\n<p>Johnson-Green et Claflin. Gender and Racial Justice in SNAP, 2021.<\/p>\n<\/li>\n\n\n\n<li class=\"wp-block-rbc-list-item\">\n<p>Economic Research Service, d\u00e9partement de l\u2019Agriculture des \u00c9tats-Unis. Programme WIC | Economic Research Service, 2025.<\/p>\n<\/li>\n\n\n\n<li class=\"wp-block-rbc-list-item\">\n<p>Economic Research Service, d\u00e9partement de l\u2019Agriculture des \u00c9tats-Unis.<\/p>\n<\/li>\n<\/ol>\n<\/div>\n<\/div><\/div>\n","protected":false},"excerpt":{"rendered":"<p>La guerre commerciale engag\u00e9e par Donald Trump aggrave la crise de l\u2019ins\u00e9curit\u00e9 alimentaire en Am\u00e9rique du Nord. <\/p>\n","protected":false},"author":300,"featured_media":7706,"parent":0,"menu_order":0,"template":"","meta":{"_acf_changed":false,"disable_focal_point":true,"featured_image_focal_point":{"x":0.5,"y":0.5},"advgb_blocks_editor_width":"","advgb_blocks_columns_visual_guide":"","footnotes":""},"rbc_tl_category":[150],"rbc_tl_tag":[],"class_list":["post-7701","rbc_tl","type-rbc_tl","status-publish","has-post-thumbnail","hentry","rbc_tl_category-lespace-commercial"],"acf":[],"yoast_head":"<!-- This site is optimized with the Yoast SEO Premium plugin v27.2 (Yoast SEO v27.2) - https:\/\/yoast.com\/product\/yoast-seo-premium-wordpress\/ -->\n<title>Alimenter la crise\u00a0: l\u2019incidence des droits de douane sur l\u2019ins\u00e9curit\u00e9 alimentaire - RBC<\/title>\n<meta name=\"robots\" content=\"index, follow, max-snippet:-1, max-image-preview:large, max-video-preview:-1\" \/>\n<link rel=\"canonical\" href=\"https:\/\/www.rbc.com\/fr\/leadership-avise\/lespace-commercial\/alimenter-la-crise-lincidence-des-droits-de-douane-sur-linsecurite-alimentaire\/\" \/>\n<meta property=\"og:locale\" content=\"fr_FR\" \/>\n<meta property=\"og:type\" content=\"article\" \/>\n<meta property=\"og:title\" content=\"Alimenter la crise\u00a0: l\u2019incidence des droits de douane sur l\u2019ins\u00e9curit\u00e9 alimentaire\" \/>\n<meta property=\"og:description\" content=\"La guerre commerciale engag\u00e9e par Donald Trump aggrave la crise de l\u2019ins\u00e9curit\u00e9 alimentaire en Am\u00e9rique du Nord.\" \/>\n<meta property=\"og:url\" content=\"https:\/\/www.rbc.com\/fr\/leadership-avise\/lespace-commercial\/alimenter-la-crise-lincidence-des-droits-de-douane-sur-linsecurite-alimentaire\/\" \/>\n<meta property=\"og:site_name\" content=\"RBC\" \/>\n<meta property=\"article:modified_time\" content=\"2025-06-25T20:57:31+00:00\" \/>\n<meta property=\"og:image\" content=\"https:\/\/www.rbc.com\/fr\/wp-content\/uploads\/sites\/5\/2025\/06\/Food-Insecurity-Blog-Image_Branded-1200x627-2.jpg?quality=80\" \/>\n\t<meta property=\"og:image:width\" content=\"2500\" \/>\n\t<meta property=\"og:image:height\" content=\"1306\" \/>\n\t<meta property=\"og:image:type\" content=\"image\/jpeg\" \/>\n<meta name=\"twitter:card\" content=\"summary_large_image\" \/>\n<meta name=\"twitter:label1\" content=\"Est. reading time\" \/>\n\t<meta name=\"twitter:data1\" content=\"23 minutes\" \/>\n<script type=\"application\/ld+json\" class=\"yoast-schema-graph\">{\"@context\":\"https:\/\/schema.org\",\"@graph\":[{\"@type\":\"WebPage\",\"@id\":\"https:\/\/www.rbc.com\/fr\/leadership-avise\/lespace-commercial\/alimenter-la-crise-lincidence-des-droits-de-douane-sur-linsecurite-alimentaire\/\",\"url\":\"https:\/\/www.rbc.com\/fr\/leadership-avise\/lespace-commercial\/alimenter-la-crise-lincidence-des-droits-de-douane-sur-linsecurite-alimentaire\/\",\"name\":\"Alimenter la crise\u00a0: l\u2019incidence des droits de douane sur l\u2019ins\u00e9curit\u00e9 alimentaire - RBC\",\"isPartOf\":{\"@id\":\"https:\/\/www.rbc.com\/fr\/#website\"},\"primaryImageOfPage\":{\"@id\":\"https:\/\/www.rbc.com\/fr\/leadership-avise\/lespace-commercial\/alimenter-la-crise-lincidence-des-droits-de-douane-sur-linsecurite-alimentaire\/#primaryimage\"},\"image\":{\"@id\":\"https:\/\/www.rbc.com\/fr\/leadership-avise\/lespace-commercial\/alimenter-la-crise-lincidence-des-droits-de-douane-sur-linsecurite-alimentaire\/#primaryimage\"},\"thumbnailUrl\":\"https:\/\/www.rbc.com\/fr\/wp-content\/uploads\/sites\/5\/2025\/06\/Food-Insecurity-Blog-Image_Banner-wide-1.jpg?quality=80\",\"datePublished\":\"2025-06-25T20:43:03+00:00\",\"dateModified\":\"2025-06-25T20:57:31+00:00\",\"inLanguage\":\"fr-FR\",\"potentialAction\":[{\"@type\":\"ReadAction\",\"target\":[\"https:\/\/www.rbc.com\/fr\/leadership-avise\/lespace-commercial\/alimenter-la-crise-lincidence-des-droits-de-douane-sur-linsecurite-alimentaire\/\"]}]},{\"@type\":\"ImageObject\",\"inLanguage\":\"fr-FR\",\"@id\":\"https:\/\/www.rbc.com\/fr\/leadership-avise\/lespace-commercial\/alimenter-la-crise-lincidence-des-droits-de-douane-sur-linsecurite-alimentaire\/#primaryimage\",\"url\":\"https:\/\/www.rbc.com\/fr\/wp-content\/uploads\/sites\/5\/2025\/06\/Food-Insecurity-Blog-Image_Banner-wide-1.jpg?quality=80\",\"contentUrl\":\"https:\/\/www.rbc.com\/fr\/wp-content\/uploads\/sites\/5\/2025\/06\/Food-Insecurity-Blog-Image_Banner-wide-1.jpg?quality=80\",\"width\":7250,\"height\":3500},{\"@type\":\"WebSite\",\"@id\":\"https:\/\/www.rbc.com\/fr\/#website\",\"url\":\"https:\/\/www.rbc.com\/fr\/\",\"name\":\"RBC\",\"description\":\"\",\"potentialAction\":[{\"@type\":\"SearchAction\",\"target\":{\"@type\":\"EntryPoint\",\"urlTemplate\":\"https:\/\/www.rbc.com\/fr\/?s={search_term_string}\"},\"query-input\":{\"@type\":\"PropertyValueSpecification\",\"valueRequired\":true,\"valueName\":\"search_term_string\"}}],\"inLanguage\":\"fr-FR\"}]}<\/script>\n<!-- \/ Yoast SEO Premium plugin. -->","yoast_head_json":{"title":"Alimenter la crise\u00a0: l\u2019incidence des droits de douane sur l\u2019ins\u00e9curit\u00e9 alimentaire - RBC","robots":{"index":"index","follow":"follow","max-snippet":"max-snippet:-1","max-image-preview":"max-image-preview:large","max-video-preview":"max-video-preview:-1"},"canonical":"https:\/\/www.rbc.com\/fr\/leadership-avise\/lespace-commercial\/alimenter-la-crise-lincidence-des-droits-de-douane-sur-linsecurite-alimentaire\/","og_locale":"fr_FR","og_type":"article","og_title":"Alimenter la crise\u00a0: l\u2019incidence des droits de douane sur l\u2019ins\u00e9curit\u00e9 alimentaire","og_description":"La guerre commerciale engag\u00e9e par Donald Trump aggrave la crise de l\u2019ins\u00e9curit\u00e9 alimentaire en Am\u00e9rique du Nord.","og_url":"https:\/\/www.rbc.com\/fr\/leadership-avise\/lespace-commercial\/alimenter-la-crise-lincidence-des-droits-de-douane-sur-linsecurite-alimentaire\/","og_site_name":"RBC","article_modified_time":"2025-06-25T20:57:31+00:00","og_image":[{"width":2500,"height":1306,"url":"https:\/\/www.rbc.com\/fr\/wp-content\/uploads\/sites\/5\/2025\/06\/Food-Insecurity-Blog-Image_Branded-1200x627-2.jpg?quality=80","type":"image\/jpeg"}],"twitter_card":"summary_large_image","twitter_misc":{"Est. reading time":"23 minutes"},"schema":{"@context":"https:\/\/schema.org","@graph":[{"@type":"WebPage","@id":"https:\/\/www.rbc.com\/fr\/leadership-avise\/lespace-commercial\/alimenter-la-crise-lincidence-des-droits-de-douane-sur-linsecurite-alimentaire\/","url":"https:\/\/www.rbc.com\/fr\/leadership-avise\/lespace-commercial\/alimenter-la-crise-lincidence-des-droits-de-douane-sur-linsecurite-alimentaire\/","name":"Alimenter la crise\u00a0: l\u2019incidence des droits de douane sur l\u2019ins\u00e9curit\u00e9 alimentaire - RBC","isPartOf":{"@id":"https:\/\/www.rbc.com\/fr\/#website"},"primaryImageOfPage":{"@id":"https:\/\/www.rbc.com\/fr\/leadership-avise\/lespace-commercial\/alimenter-la-crise-lincidence-des-droits-de-douane-sur-linsecurite-alimentaire\/#primaryimage"},"image":{"@id":"https:\/\/www.rbc.com\/fr\/leadership-avise\/lespace-commercial\/alimenter-la-crise-lincidence-des-droits-de-douane-sur-linsecurite-alimentaire\/#primaryimage"},"thumbnailUrl":"https:\/\/www.rbc.com\/fr\/wp-content\/uploads\/sites\/5\/2025\/06\/Food-Insecurity-Blog-Image_Banner-wide-1.jpg?quality=80","datePublished":"2025-06-25T20:43:03+00:00","dateModified":"2025-06-25T20:57:31+00:00","inLanguage":"fr-FR","potentialAction":[{"@type":"ReadAction","target":["https:\/\/www.rbc.com\/fr\/leadership-avise\/lespace-commercial\/alimenter-la-crise-lincidence-des-droits-de-douane-sur-linsecurite-alimentaire\/"]}]},{"@type":"ImageObject","inLanguage":"fr-FR","@id":"https:\/\/www.rbc.com\/fr\/leadership-avise\/lespace-commercial\/alimenter-la-crise-lincidence-des-droits-de-douane-sur-linsecurite-alimentaire\/#primaryimage","url":"https:\/\/www.rbc.com\/fr\/wp-content\/uploads\/sites\/5\/2025\/06\/Food-Insecurity-Blog-Image_Banner-wide-1.jpg?quality=80","contentUrl":"https:\/\/www.rbc.com\/fr\/wp-content\/uploads\/sites\/5\/2025\/06\/Food-Insecurity-Blog-Image_Banner-wide-1.jpg?quality=80","width":7250,"height":3500},{"@type":"WebSite","@id":"https:\/\/www.rbc.com\/fr\/#website","url":"https:\/\/www.rbc.com\/fr\/","name":"RBC","description":"","potentialAction":[{"@type":"SearchAction","target":{"@type":"EntryPoint","urlTemplate":"https:\/\/www.rbc.com\/fr\/?s={search_term_string}"},"query-input":{"@type":"PropertyValueSpecification","valueRequired":true,"valueName":"search_term_string"}}],"inLanguage":"fr-FR"}]}},"parsely":{"version":"1.1.0","canonical_url":"https:\/\/rbc.com\/fr\/leadership-avise\/lespace-commercial\/alimenter-la-crise-lincidence-des-droits-de-douane-sur-linsecurite-alimentaire\/","smart_links":{"inbound":0,"outbound":0},"traffic_boost_suggestions_count":0,"meta":{"@context":"https:\/\/schema.org","@type":"NewsArticle","headline":"Alimenter la crise\u00a0: l\u2019incidence des droits de douane sur l\u2019ins\u00e9curit\u00e9 alimentaire","url":"http:\/\/www.rbc.com\/fr\/leadership-avise\/lespace-commercial\/alimenter-la-crise-lincidence-des-droits-de-douane-sur-linsecurite-alimentaire\/","mainEntityOfPage":{"@type":"WebPage","@id":"http:\/\/www.rbc.com\/fr\/leadership-avise\/lespace-commercial\/alimenter-la-crise-lincidence-des-droits-de-douane-sur-linsecurite-alimentaire\/"},"thumbnailUrl":"https:\/\/www.rbc.com\/fr\/wp-content\/uploads\/sites\/5\/2025\/06\/Food-Insecurity-Blog-Image_Banner-wide-1.jpg?quality=80&w=150&h=150&crop=1","image":{"@type":"ImageObject","url":"https:\/\/www.rbc.com\/fr\/wp-content\/uploads\/sites\/5\/2025\/06\/Food-Insecurity-Blog-Image_Banner-wide-1.jpg?quality=80"},"articleSection":"Uncategorized","author":[{"@type":"Person","name":"Shiplu Talukder"}],"creator":["Shiplu Talukder"],"publisher":{"@type":"Organization","name":"RBC","logo":""},"keywords":[],"dateCreated":"2025-06-25T20:43:03Z","datePublished":"2025-06-25T20:43:03Z","dateModified":"2025-06-25T20:57:31Z"},"rendered":"<script type=\"application\/ld+json\" class=\"wp-parsely-metadata\">{\"@context\":\"https:\\\/\\\/schema.org\",\"@type\":\"NewsArticle\",\"headline\":\"Alimenter la crise\\u00a0: l\\u2019incidence des droits de douane sur l\\u2019ins\\u00e9curit\\u00e9 alimentaire\",\"url\":\"http:\\\/\\\/www.rbc.com\\\/fr\\\/leadership-avise\\\/lespace-commercial\\\/alimenter-la-crise-lincidence-des-droits-de-douane-sur-linsecurite-alimentaire\\\/\",\"mainEntityOfPage\":{\"@type\":\"WebPage\",\"@id\":\"http:\\\/\\\/www.rbc.com\\\/fr\\\/leadership-avise\\\/lespace-commercial\\\/alimenter-la-crise-lincidence-des-droits-de-douane-sur-linsecurite-alimentaire\\\/\"},\"thumbnailUrl\":\"https:\\\/\\\/www.rbc.com\\\/fr\\\/wp-content\\\/uploads\\\/sites\\\/5\\\/2025\\\/06\\\/Food-Insecurity-Blog-Image_Banner-wide-1.jpg?quality=80&w=150&h=150&crop=1\",\"image\":{\"@type\":\"ImageObject\",\"url\":\"https:\\\/\\\/www.rbc.com\\\/fr\\\/wp-content\\\/uploads\\\/sites\\\/5\\\/2025\\\/06\\\/Food-Insecurity-Blog-Image_Banner-wide-1.jpg?quality=80\"},\"articleSection\":\"Uncategorized\",\"author\":[{\"@type\":\"Person\",\"name\":\"Shiplu Talukder\"}],\"creator\":[\"Shiplu Talukder\"],\"publisher\":{\"@type\":\"Organization\",\"name\":\"RBC\",\"logo\":\"\"},\"keywords\":[],\"dateCreated\":\"2025-06-25T20:43:03Z\",\"datePublished\":\"2025-06-25T20:43:03Z\",\"dateModified\":\"2025-06-25T20:57:31Z\"}<\/script>","tracker_url":"https:\/\/cdn.parsely.com\/keys\/rbc.com\/p.js"},"featured_img":"https:\/\/www.rbc.com\/fr\/wp-content\/uploads\/sites\/5\/2025\/06\/Food-Insecurity-Blog-Image_Banner-wide-1.jpg?quality=80&w=1024","coauthors":[],"author_meta":{"author_link":"https:\/\/www.rbc.com\/fr\/author\/shiplutalukder\/","display_name":"Shiplu Talukder"},"relative_dates":{"created":"Publi\u00e9 10 mois il y a","modified":"Mis \u00e0 jour 10 mois il y a"},"absolute_dates":{"created":"Publi\u00e9 le 25 juin 2025","modified":"Mise \u00e0 jour le 25 juin 2025"},"absolute_dates_time":{"created":"Publi\u00e9 le 25 juin 2025 8:43  ","modified":"Mise \u00e0 jour le 25 juin 2025 8:57  "},"featured_img_caption":"","tax_additional":{"rbc_tl_category":{"linked":["<a href=\"https:\/\/www.rbc.com\/fr\/leadership-avise\/lespace-commercial\/\" class=\"advgb-post-tax-term\">L\u2019Espace commercial<\/a>"],"unlinked":["<span class=\"advgb-post-tax-term\">L\u2019Espace commercial<\/span>"],"slug":"rbc_tl_category","name":"Categories"},"rbc_tl_tag":{"linked":[],"unlinked":[],"slug":"rbc_tl_tag","name":"Tags"}},"series_order":"","_links":{"self":[{"href":"https:\/\/www.rbc.com\/fr\/wp-json\/wp\/v2\/rbc_tl\/7701","targetHints":{"allow":["GET"]}}],"collection":[{"href":"https:\/\/www.rbc.com\/fr\/wp-json\/wp\/v2\/rbc_tl"}],"about":[{"href":"https:\/\/www.rbc.com\/fr\/wp-json\/wp\/v2\/types\/rbc_tl"}],"author":[{"embeddable":true,"href":"https:\/\/www.rbc.com\/fr\/wp-json\/wp\/v2\/users\/300"}],"version-history":[{"count":11,"href":"https:\/\/www.rbc.com\/fr\/wp-json\/wp\/v2\/rbc_tl\/7701\/revisions"}],"predecessor-version":[{"id":7766,"href":"https:\/\/www.rbc.com\/fr\/wp-json\/wp\/v2\/rbc_tl\/7701\/revisions\/7766"}],"wp:featuredmedia":[{"embeddable":true,"href":"https:\/\/www.rbc.com\/fr\/wp-json\/wp\/v2\/media\/7706"}],"wp:attachment":[{"href":"https:\/\/www.rbc.com\/fr\/wp-json\/wp\/v2\/media?parent=7701"}],"wp:term":[{"taxonomy":"rbc_tl_category","embeddable":true,"href":"https:\/\/www.rbc.com\/fr\/wp-json\/wp\/v2\/rbc_tl_category?post=7701"},{"taxonomy":"rbc_tl_tag","embeddable":true,"href":"https:\/\/www.rbc.com\/fr\/wp-json\/wp\/v2\/rbc_tl_tag?post=7701"}],"curies":[{"name":"wp","href":"https:\/\/api.w.org\/{rel}","templated":true}]}}