{"id":6744,"date":"2025-05-06T20:28:13","date_gmt":"2025-05-06T20:28:13","guid":{"rendered":"https:\/\/www.rbc.com\/fr\/?post_type=rbc_tl&#038;p=6744\/"},"modified":"2025-05-21T17:23:09","modified_gmt":"2025-05-21T17:23:09","slug":"zone-commerciale-m-carney-se-rend-a-washington-a-quoi-sattendre","status":"publish","type":"rbc_tl","link":"https:\/\/www.rbc.com\/fr\/leadership-avise\/la-zone-commerciale\/zone-commerciale-m-carney-se-rend-a-washington-a-quoi-sattendre\/","title":{"rendered":"Zone commerciale :\u00a0M. Carney se rend \u00e0 Washington. \u00c0 quoi s\u2019attendre ?"},"content":{"rendered":"\n<section class=\"wp-block-rbc-section-block  pos-rel\" style=\"border-radius:0px\">\n<div class=\"wp-block-rbc-section-inner-block  section-inner pad-b-hlf mob-pad-b-hlf\" style=\"border-radius:0x\">\n<p>Bienvenue \u00e0 la Zone commerciale. Semaine 2. (Toujours en version b\u00eata, alors faites-nous savoir&nbsp;<a href=\"mailto:STACKHOUSE@rbc.com\">ce que vous en pensez<\/a>.)<\/p>\n\n\n\n<h2 class=\"wp-block-heading\" id=\"h-cahier\">Cahier<\/h2>\n\n\n\n<p><em>Par John Stackhouse<\/em><\/p>\n\n\n\n<p>Les \u00e9quipes se pr\u00e9parent \u00e0 affronter une grosse semaine de changements, tant au sein du gouvernement que du secteur priv\u00e9.&nbsp;Mark Carney se rendra \u00e0 la Maison-Blanche mardi pour r\u00e9tablir les relations entre les deux pays. Les discussions devraient \u00eatre cordiales et porter sur les d\u00e9penses militaires et la fa\u00e7on dont le Canada pourrait investir davantage dans la s\u00e9curit\u00e9 de l\u2019Am\u00e9rique du Nord. Plus de drones. Une cybers\u00e9curit\u00e9 renforc\u00e9e. Pouvons-nous aussi pr\u00e9tendre \u00e0 ces futures exportations&nbsp;?<\/p>\n\n\n\n<p>J\u2019ai pass\u00e9 une partie de la semaine \u00e0 Vancouver, habituellement consid\u00e9r\u00e9 comme la porte d\u2019entr\u00e9e du Canada vers l\u2019Asie-Pacifique.\u00a0Le port semblait prosp\u00e9rer en raison des grosses transformations actuellement en cours dans les cha\u00eenes d\u2019approvisionnement\u00a0:<\/p>\n\n\n\n<ul class=\"wp-block-rbc-list is-style-black-disc mar-l mob-mar-l\">\n<li class=\"wp-block-rbc-list-item\">\n<p>Les producteurs chinois et vietnamiens ont commenc\u00e9 \u00e0 d\u00e9placer des marchandises et des intrants vers le Canada pour contourner les droits de douane am\u00e9ricains.<\/p>\n<\/li>\n\n\n\n<li class=\"wp-block-rbc-list-item\">\n<p>Un grand producteur agroalimentaire de la Colombie-Britannique a r\u00e9v\u00e9l\u00e9 que son acheteur am\u00e9ricain avait r\u00e9orient\u00e9 la production de son entreprise vers Singapour et a demand\u00e9 \u00e0 un fournisseur n\u00e9o-z\u00e9landais d\u2019approvisionner les \u00c9tats-Unis.<\/p>\n<\/li>\n\n\n\n<li class=\"wp-block-rbc-list-item\">\n<p>Un autre grand fabricant de v\u00eatements explique comment il a d\u00fb int\u00e9grer cette semaine les droits de douane aux prix des produits qui seront offerts en ao\u00fbt dans les magasins nord-am\u00e9ricains pour la rentr\u00e9e scolaire.<\/p>\n<\/li>\n\n\n\n<li class=\"wp-block-rbc-list-item\">\n<p>Une autre entreprise internationale a dit avoir l\u00e9g\u00e8rement r\u00e9duit sa production chinoise (qui n\u2019est plus que de 20\u00a0%) pour garder une longueur d\u2019avance sur des n\u00e9gociations de Trump avec d\u2019autres march\u00e9s comme l\u2019Inde.<\/p>\n<\/li>\n<\/ul>\n\n\n\n<p>Nous devrions nous attendre \u00e0 d\u2019autres changements de ce genre.<\/p>\n\n\n\n<h2 class=\"wp-block-heading\" id=\"la-semaine-en-chiffres\">La semaine en chiffres<\/h2>\n\n\n\n<p>Apple, le g\u00e9ant de la technologie, a chiffr\u00e9 \u00e0&nbsp;900 millions de dollars&nbsp;l\u2019impact des droits am\u00e9ricains pour le trimestre en cours. Le PDG, Tim Cook, a d\u00e9clar\u00e9 que la majorit\u00e9 des iPhone vendus aux \u00c9tats-Unis devraient provenir de l\u2019Inde plut\u00f4t que de la Chine pour limiter l\u2019impact des droits de douane.<\/p>\n\n\n\n<p>Les exp\u00e9ditions de marchandises entre la Chine et les \u00c9tats-Unis ont chut\u00e9 de&nbsp;60 %&nbsp;en avril, selon des estimations. Le ralentissement de la demande a incit\u00e9 certaines entreprises \u00e0 utiliser des navires plus petits.<\/p>\n\n\n\n<p>750&nbsp;pertes d\u2019emplois \u00e0 l\u2019usine de General Motors \u00e0 Oshawa, en Ontario. Le constructeur automobile a r\u00e9agi au contexte des droits de douane en passant de trois \u00e0 deux quarts de travail.<\/p>\n\n\n\n<h2 class=\"wp-block-heading\" id=\"ce-que-vous-devez-savoir\">Ce que vous devez savoir<\/h2>\n\n\n\n<ul class=\"wp-block-rbc-list is-style-black-disc mar-l-hlf mob-mar-l-hlf\">\n<li class=\"wp-block-rbc-list-item\">\n<p><strong>Nous avons, bien avant la visite de M. Carney \u00e0 Washington,<\/strong>\u00a0r\u00e9fl\u00e9chi aux \u00e9l\u00e9ments qui pourraient \u00eatre \u00e9voqu\u00e9s dans le cadre d\u2019un \u00e9ventuel accord \u00e9conomique et de s\u00e9curit\u00e9 avec les \u00c9tats-Unis :<\/p>\n<\/li>\n\n\n\n<ul class=\"wp-block-rbc-list is-style-black-disc mar-l-hlf mob-mar-l-hlf\">\n<li class=\"wp-block-rbc-list-item\">\n<p><strong>S\u00e9curit\u00e9 \u00e9nerg\u00e9tique et \u00e9conomique :<\/strong>\u00a0Les n\u00e9gociateurs voudront s\u2019attaquer \u00e0 des irritants de longue date (la taxe sur les services num\u00e9riques, le conflit du bois d\u2019\u0153uvre r\u00e9sineux entre le Canada et les \u00c9tats-Unis, le renforcement des r\u00e8gles d\u2019\u00e9tablissement de la provenance des produits). Il faut s\u2019attendre \u00e0 des prises de position et \u00e0 des strat\u00e9gies sur le gaz, le nucl\u00e9aire et les min\u00e9raux critiques.<\/p>\n<\/li>\n\n\n\n<li class=\"wp-block-rbc-list-item\">\n<p><strong>D\u00e9fense et s\u00e9curit\u00e9 dans l\u2019Arctique :<\/strong>\u00a0Tout, du plan visant \u00e0 atteindre la cible de 2 % du PIB pour les d\u00e9penses militaires \u00e0 la modernisation de la d\u00e9fense a\u00e9rospatiale de l\u2019Am\u00e9rique du Nord (NORAD), en passant par la comptabilit\u00e9 \u00e0 double usage, les investissements dans les infrastructures sociales et \u00e9conomiques dans le Nord, y compris un port en Arctique, et l\u2019expansion des engagements en mati\u00e8re de construction navale et de brise-glace.<\/p>\n<\/li>\n\n\n\n<li class=\"wp-block-rbc-list-item\">\n<p><strong>S\u00e9curit\u00e9 des fronti\u00e8res :<\/strong>\u00a0Le Canada a investi dans la s\u00e9curit\u00e9 des fronti\u00e8res, mais les sujets qui seront soulev\u00e9s au cours des n\u00e9gociations dans la poursuite de la collaboration porteront probablement sur le blanchiment d\u2019argent, l\u2019immigration et le trafic de drogues et des armes, entre autres.<\/p>\n<\/li>\n<\/ul>\n<\/ul>\n\n\n\n<h2 class=\"wp-block-heading\" id=\"la-grande-question\">La grande question<\/h2>\n\n\n\n<p>Cette semaine, nous posons notre question \u00e0 Sue Noble, vice-pr\u00e9sidente, Financement automobile, Bureau national, RBC.<\/p>\n\n\n\n<p>Q&nbsp;:<em>&nbsp;Que pensez-vous des&nbsp;<\/em><a href=\"https:\/\/www.cbc.ca\/news\/business\/trump-reduce-auto-tariffs-1.7521474\">all\u00e8gements des droits de douane pour le secteur automobile<\/a><em>&nbsp;d\u00e9cr\u00e9t\u00e9s par Trump cette semaine&nbsp;?<\/em><br><strong>SN:<\/strong>&nbsp;Ces all\u00e8gements peuvent \u00eatre consid\u00e9r\u00e9s comme positifs, mais l\u2019incertitude reste \u00e9lev\u00e9e et rend la situation difficile pour les fabricants et l\u2019industrie. La production nord-am\u00e9ricaine varie en fonction des fabricants et m\u00eame des marques. Les constructeurs automobiles devraient, compte tenu du manque de certitude d\u2019une strat\u00e9gie \u00e0 long terme connexe aux droits de douane, faire preuve de prudence.<\/p>\n\n\n\n<h2 class=\"wp-block-heading\" id=\"le-mot-de-la-fin\">Le mot de la fin<\/h2>\n\n\n\n<p>\u00ab&nbsp;Les Am\u00e9ricains, en parlant du peuple, des entreprises et des consommateurs, ont tout \u00e0 gagner \u00e0 entretenir des relations plus stables avec leur principal client. Les Am\u00e9ricains, et les personnes qui ont vot\u00e9 pour le pr\u00e9sident \u00e9lu s\u2019attendent \u00e0 acheter des produits abordables, \u00e0 faire affaire avec des entreprises qui investissent dans leurs collectivit\u00e9s. Les entreprises suspendent leurs investissements en p\u00e9riode d\u2019instabilit\u00e9.&nbsp;\u00bb<\/p>\n\n\n\n<p>\u2013<strong>Kirsten Hillman<\/strong>, ambassadrice du Canada aux \u00c9tats-Unis (\u00e9v\u00e9nement&nbsp;<em>The Atlantic on the Future<\/em>&nbsp;tenu \u00e0 Washington, 29&nbsp;avril)<\/p>\n<\/div>\n<\/section>\n","protected":false},"excerpt":{"rendered":"","protected":false},"author":79,"featured_media":6745,"parent":0,"menu_order":0,"template":"","meta":{"_acf_changed":false,"disable_focal_point":true,"featured_image_focal_point":{"x":0.5,"y":0.5},"advgb_blocks_editor_width":"","advgb_blocks_columns_visual_guide":"","footnotes":""},"rbc_tl_category":[161],"rbc_tl_tag":[],"class_list":["post-6744","rbc_tl","type-rbc_tl","status-publish","has-post-thumbnail","hentry","rbc_tl_category-la-zone-commerciale"],"acf":[],"yoast_head":"<!-- This site is optimized with the Yoast SEO Premium plugin v27.4 (Yoast SEO v27.4) - https:\/\/yoast.com\/product\/yoast-seo-premium-wordpress\/ -->\n<title>Zone commerciale :\u00a0M. Carney se rend \u00e0 Washington. \u00c0 quoi s\u2019attendre ? - RBC<\/title>\n<meta name=\"robots\" content=\"index, follow, max-snippet:-1, max-image-preview:large, max-video-preview:-1\" \/>\n<link rel=\"canonical\" href=\"https:\/\/www.rbc.com\/fr\/leadership-avise\/la-zone-commerciale\/zone-commerciale-m-carney-se-rend-a-washington-a-quoi-sattendre\/\" \/>\n<meta property=\"og:locale\" content=\"fr_FR\" \/>\n<meta property=\"og:type\" content=\"article\" \/>\n<meta property=\"og:title\" content=\"Zone commerciale :\u00a0M. Carney se rend \u00e0 Washington. \u00c0 quoi s\u2019attendre ?\" \/>\n<meta property=\"og:url\" content=\"https:\/\/www.rbc.com\/fr\/leadership-avise\/la-zone-commerciale\/zone-commerciale-m-carney-se-rend-a-washington-a-quoi-sattendre\/\" \/>\n<meta property=\"og:site_name\" content=\"RBC\" \/>\n<meta property=\"article:modified_time\" content=\"2025-05-21T17:23:09+00:00\" \/>\n<meta property=\"og:image\" content=\"https:\/\/www.rbc.com\/fr\/wp-content\/uploads\/sites\/5\/2025\/05\/Trade-Zone-5.2-Blog-Image_Branded-1200x627-1.jpg?quality=80\" \/>\n\t<meta property=\"og:image:width\" content=\"2500\" \/>\n\t<meta property=\"og:image:height\" content=\"1306\" \/>\n\t<meta property=\"og:image:type\" content=\"image\/jpeg\" \/>\n<meta name=\"twitter:card\" content=\"summary_large_image\" \/>\n<meta name=\"twitter:label1\" content=\"Est. reading time\" \/>\n\t<meta name=\"twitter:data1\" content=\"5 minutes\" \/>\n<script type=\"application\/ld+json\" class=\"yoast-schema-graph\">{\"@context\":\"https:\\\/\\\/schema.org\",\"@graph\":[{\"@type\":\"WebPage\",\"@id\":\"https:\\\/\\\/www.rbc.com\\\/fr\\\/leadership-avise\\\/la-zone-commerciale\\\/zone-commerciale-m-carney-se-rend-a-washington-a-quoi-sattendre\\\/\",\"url\":\"https:\\\/\\\/www.rbc.com\\\/fr\\\/leadership-avise\\\/la-zone-commerciale\\\/zone-commerciale-m-carney-se-rend-a-washington-a-quoi-sattendre\\\/\",\"name\":\"Zone commerciale :\u00a0M. Carney se rend \u00e0 Washington. \u00c0 quoi s\u2019attendre ? - RBC\",\"isPartOf\":{\"@id\":\"https:\\\/\\\/www.rbc.com\\\/fr\\\/#website\"},\"primaryImageOfPage\":{\"@id\":\"https:\\\/\\\/www.rbc.com\\\/fr\\\/leadership-avise\\\/la-zone-commerciale\\\/zone-commerciale-m-carney-se-rend-a-washington-a-quoi-sattendre\\\/#primaryimage\"},\"image\":{\"@id\":\"https:\\\/\\\/www.rbc.com\\\/fr\\\/leadership-avise\\\/la-zone-commerciale\\\/zone-commerciale-m-carney-se-rend-a-washington-a-quoi-sattendre\\\/#primaryimage\"},\"thumbnailUrl\":\"https:\\\/\\\/www.rbc.com\\\/fr\\\/wp-content\\\/uploads\\\/sites\\\/5\\\/2025\\\/05\\\/Trade-Zone-5.2-Blog-Image_Banner-wide-scaled-1.jpg?quality=80\",\"datePublished\":\"2025-05-06T20:28:13+00:00\",\"dateModified\":\"2025-05-21T17:23:09+00:00\",\"inLanguage\":\"fr-FR\",\"potentialAction\":[{\"@type\":\"ReadAction\",\"target\":[\"https:\\\/\\\/www.rbc.com\\\/fr\\\/leadership-avise\\\/la-zone-commerciale\\\/zone-commerciale-m-carney-se-rend-a-washington-a-quoi-sattendre\\\/\"]}]},{\"@type\":\"ImageObject\",\"inLanguage\":\"fr-FR\",\"@id\":\"https:\\\/\\\/www.rbc.com\\\/fr\\\/leadership-avise\\\/la-zone-commerciale\\\/zone-commerciale-m-carney-se-rend-a-washington-a-quoi-sattendre\\\/#primaryimage\",\"url\":\"https:\\\/\\\/www.rbc.com\\\/fr\\\/wp-content\\\/uploads\\\/sites\\\/5\\\/2025\\\/05\\\/Trade-Zone-5.2-Blog-Image_Banner-wide-scaled-1.jpg?quality=80\",\"contentUrl\":\"https:\\\/\\\/www.rbc.com\\\/fr\\\/wp-content\\\/uploads\\\/sites\\\/5\\\/2025\\\/05\\\/Trade-Zone-5.2-Blog-Image_Banner-wide-scaled-1.jpg?quality=80\",\"width\":2560,\"height\":1236},{\"@type\":\"WebSite\",\"@id\":\"https:\\\/\\\/www.rbc.com\\\/fr\\\/#website\",\"url\":\"https:\\\/\\\/www.rbc.com\\\/fr\\\/\",\"name\":\"RBC\",\"description\":\"\",\"potentialAction\":[{\"@type\":\"SearchAction\",\"target\":{\"@type\":\"EntryPoint\",\"urlTemplate\":\"https:\\\/\\\/www.rbc.com\\\/fr\\\/?s={search_term_string}\"},\"query-input\":{\"@type\":\"PropertyValueSpecification\",\"valueRequired\":true,\"valueName\":\"search_term_string\"}}],\"inLanguage\":\"fr-FR\"}]}<\/script>\n<!-- \/ Yoast SEO Premium plugin. -->","yoast_head_json":{"title":"Zone commerciale :\u00a0M. Carney se rend \u00e0 Washington. \u00c0 quoi s\u2019attendre ? - RBC","robots":{"index":"index","follow":"follow","max-snippet":"max-snippet:-1","max-image-preview":"max-image-preview:large","max-video-preview":"max-video-preview:-1"},"canonical":"https:\/\/www.rbc.com\/fr\/leadership-avise\/la-zone-commerciale\/zone-commerciale-m-carney-se-rend-a-washington-a-quoi-sattendre\/","og_locale":"fr_FR","og_type":"article","og_title":"Zone commerciale :\u00a0M. Carney se rend \u00e0 Washington. \u00c0 quoi s\u2019attendre ?","og_url":"https:\/\/www.rbc.com\/fr\/leadership-avise\/la-zone-commerciale\/zone-commerciale-m-carney-se-rend-a-washington-a-quoi-sattendre\/","og_site_name":"RBC","article_modified_time":"2025-05-21T17:23:09+00:00","og_image":[{"width":2500,"height":1306,"url":"https:\/\/www.rbc.com\/fr\/wp-content\/uploads\/sites\/5\/2025\/05\/Trade-Zone-5.2-Blog-Image_Branded-1200x627-1.jpg?quality=80","type":"image\/jpeg"}],"twitter_card":"summary_large_image","twitter_misc":{"Est. reading time":"5 minutes"},"schema":{"@context":"https:\/\/schema.org","@graph":[{"@type":"WebPage","@id":"https:\/\/www.rbc.com\/fr\/leadership-avise\/la-zone-commerciale\/zone-commerciale-m-carney-se-rend-a-washington-a-quoi-sattendre\/","url":"https:\/\/www.rbc.com\/fr\/leadership-avise\/la-zone-commerciale\/zone-commerciale-m-carney-se-rend-a-washington-a-quoi-sattendre\/","name":"Zone commerciale :\u00a0M. Carney se rend \u00e0 Washington. \u00c0 quoi s\u2019attendre ? - RBC","isPartOf":{"@id":"https:\/\/www.rbc.com\/fr\/#website"},"primaryImageOfPage":{"@id":"https:\/\/www.rbc.com\/fr\/leadership-avise\/la-zone-commerciale\/zone-commerciale-m-carney-se-rend-a-washington-a-quoi-sattendre\/#primaryimage"},"image":{"@id":"https:\/\/www.rbc.com\/fr\/leadership-avise\/la-zone-commerciale\/zone-commerciale-m-carney-se-rend-a-washington-a-quoi-sattendre\/#primaryimage"},"thumbnailUrl":"https:\/\/www.rbc.com\/fr\/wp-content\/uploads\/sites\/5\/2025\/05\/Trade-Zone-5.2-Blog-Image_Banner-wide-scaled-1.jpg?quality=80","datePublished":"2025-05-06T20:28:13+00:00","dateModified":"2025-05-21T17:23:09+00:00","inLanguage":"fr-FR","potentialAction":[{"@type":"ReadAction","target":["https:\/\/www.rbc.com\/fr\/leadership-avise\/la-zone-commerciale\/zone-commerciale-m-carney-se-rend-a-washington-a-quoi-sattendre\/"]}]},{"@type":"ImageObject","inLanguage":"fr-FR","@id":"https:\/\/www.rbc.com\/fr\/leadership-avise\/la-zone-commerciale\/zone-commerciale-m-carney-se-rend-a-washington-a-quoi-sattendre\/#primaryimage","url":"https:\/\/www.rbc.com\/fr\/wp-content\/uploads\/sites\/5\/2025\/05\/Trade-Zone-5.2-Blog-Image_Banner-wide-scaled-1.jpg?quality=80","contentUrl":"https:\/\/www.rbc.com\/fr\/wp-content\/uploads\/sites\/5\/2025\/05\/Trade-Zone-5.2-Blog-Image_Banner-wide-scaled-1.jpg?quality=80","width":2560,"height":1236},{"@type":"WebSite","@id":"https:\/\/www.rbc.com\/fr\/#website","url":"https:\/\/www.rbc.com\/fr\/","name":"RBC","description":"","potentialAction":[{"@type":"SearchAction","target":{"@type":"EntryPoint","urlTemplate":"https:\/\/www.rbc.com\/fr\/?s={search_term_string}"},"query-input":{"@type":"PropertyValueSpecification","valueRequired":true,"valueName":"search_term_string"}}],"inLanguage":"fr-FR"}]}},"parsely":{"version":"1.1.0","canonical_url":"https:\/\/rbc.com\/fr\/leadership-avise\/la-zone-commerciale\/zone-commerciale-m-carney-se-rend-a-washington-a-quoi-sattendre\/","smart_links":{"inbound":0,"outbound":0},"traffic_boost_suggestions_count":0,"meta":{"@context":"https:\/\/schema.org","@type":"NewsArticle","headline":"Zone commerciale :\u00a0M. Carney se rend \u00e0 Washington. \u00c0 quoi s\u2019attendre ?","url":"http:\/\/www.rbc.com\/fr\/leadership-avise\/la-zone-commerciale\/zone-commerciale-m-carney-se-rend-a-washington-a-quoi-sattendre\/","mainEntityOfPage":{"@type":"WebPage","@id":"http:\/\/www.rbc.com\/fr\/leadership-avise\/la-zone-commerciale\/zone-commerciale-m-carney-se-rend-a-washington-a-quoi-sattendre\/"},"thumbnailUrl":"https:\/\/www.rbc.com\/fr\/wp-content\/uploads\/sites\/5\/2025\/05\/Trade-Zone-5.2-Blog-Image_Banner-wide-scaled-1.jpg?quality=80&w=150&h=150&crop=1","image":{"@type":"ImageObject","url":"https:\/\/www.rbc.com\/fr\/wp-content\/uploads\/sites\/5\/2025\/05\/Trade-Zone-5.2-Blog-Image_Banner-wide-scaled-1.jpg?quality=80"},"articleSection":"Uncategorized","author":[{"@type":"Person","name":"amandeepsingh"}],"creator":["amandeepsingh"],"publisher":{"@type":"Organization","name":"RBC","logo":""},"keywords":[],"dateCreated":"2025-05-06T20:28:13Z","datePublished":"2025-05-06T20:28:13Z","dateModified":"2025-05-21T17:23:09Z"},"rendered":"<script type=\"application\/ld+json\" class=\"wp-parsely-metadata\">{\"@context\":\"https:\\\/\\\/schema.org\",\"@type\":\"NewsArticle\",\"headline\":\"Zone commerciale :\\u00a0M. Carney se rend \\u00e0 Washington. \\u00c0 quoi s\\u2019attendre ?\",\"url\":\"http:\\\/\\\/www.rbc.com\\\/fr\\\/leadership-avise\\\/la-zone-commerciale\\\/zone-commerciale-m-carney-se-rend-a-washington-a-quoi-sattendre\\\/\",\"mainEntityOfPage\":{\"@type\":\"WebPage\",\"@id\":\"http:\\\/\\\/www.rbc.com\\\/fr\\\/leadership-avise\\\/la-zone-commerciale\\\/zone-commerciale-m-carney-se-rend-a-washington-a-quoi-sattendre\\\/\"},\"thumbnailUrl\":\"https:\\\/\\\/www.rbc.com\\\/fr\\\/wp-content\\\/uploads\\\/sites\\\/5\\\/2025\\\/05\\\/Trade-Zone-5.2-Blog-Image_Banner-wide-scaled-1.jpg?quality=80&w=150&h=150&crop=1\",\"image\":{\"@type\":\"ImageObject\",\"url\":\"https:\\\/\\\/www.rbc.com\\\/fr\\\/wp-content\\\/uploads\\\/sites\\\/5\\\/2025\\\/05\\\/Trade-Zone-5.2-Blog-Image_Banner-wide-scaled-1.jpg?quality=80\"},\"articleSection\":\"Uncategorized\",\"author\":[{\"@type\":\"Person\",\"name\":\"amandeepsingh\"}],\"creator\":[\"amandeepsingh\"],\"publisher\":{\"@type\":\"Organization\",\"name\":\"RBC\",\"logo\":\"\"},\"keywords\":[],\"dateCreated\":\"2025-05-06T20:28:13Z\",\"datePublished\":\"2025-05-06T20:28:13Z\",\"dateModified\":\"2025-05-21T17:23:09Z\"}<\/script>","tracker_url":"https:\/\/cdn.parsely.com\/keys\/rbc.com\/p.js"},"featured_img":"https:\/\/www.rbc.com\/fr\/wp-content\/uploads\/sites\/5\/2025\/05\/Trade-Zone-5.2-Blog-Image_Banner-wide-scaled-1.jpg?quality=80&w=1024","coauthors":[],"author_meta":{"author_link":"https:\/\/www.rbc.com\/fr\/author\/amandeepsingh\/","display_name":"amandeepsingh"},"relative_dates":{"created":"Publi\u00e9 12 mois il y a","modified":"Mis \u00e0 jour 12 mois il y a"},"absolute_dates":{"created":"Publi\u00e9 le 6 mai 2025","modified":"Mise \u00e0 jour le 21 mai 2025"},"absolute_dates_time":{"created":"Publi\u00e9 le 6 mai 2025 8:28  ","modified":"Mise \u00e0 jour le 21 mai 2025 5:23  "},"featured_img_caption":"","tax_additional":{"rbc_tl_category":{"linked":["<a href=\"https:\/\/www.rbc.com\/fr\/leadership-avise\/la-zone-commerciale\/\" class=\"advgb-post-tax-term\">La zone commerciale<\/a>"],"unlinked":["<span class=\"advgb-post-tax-term\">La zone commerciale<\/span>"],"slug":"rbc_tl_category","name":"Categories"},"rbc_tl_tag":{"linked":[],"unlinked":[],"slug":"rbc_tl_tag","name":"Tags"}},"series_order":"","_links":{"self":[{"href":"https:\/\/www.rbc.com\/fr\/wp-json\/wp\/v2\/rbc_tl\/6744","targetHints":{"allow":["GET"]}}],"collection":[{"href":"https:\/\/www.rbc.com\/fr\/wp-json\/wp\/v2\/rbc_tl"}],"about":[{"href":"https:\/\/www.rbc.com\/fr\/wp-json\/wp\/v2\/types\/rbc_tl"}],"author":[{"embeddable":true,"href":"https:\/\/www.rbc.com\/fr\/wp-json\/wp\/v2\/users\/79"}],"version-history":[{"count":2,"href":"https:\/\/www.rbc.com\/fr\/wp-json\/wp\/v2\/rbc_tl\/6744\/revisions"}],"predecessor-version":[{"id":6747,"href":"https:\/\/www.rbc.com\/fr\/wp-json\/wp\/v2\/rbc_tl\/6744\/revisions\/6747"}],"wp:featuredmedia":[{"embeddable":true,"href":"https:\/\/www.rbc.com\/fr\/wp-json\/wp\/v2\/media\/6745"}],"wp:attachment":[{"href":"https:\/\/www.rbc.com\/fr\/wp-json\/wp\/v2\/media?parent=6744"}],"wp:term":[{"taxonomy":"rbc_tl_category","embeddable":true,"href":"https:\/\/www.rbc.com\/fr\/wp-json\/wp\/v2\/rbc_tl_category?post=6744"},{"taxonomy":"rbc_tl_tag","embeddable":true,"href":"https:\/\/www.rbc.com\/fr\/wp-json\/wp\/v2\/rbc_tl_tag?post=6744"}],"curies":[{"name":"wp","href":"https:\/\/api.w.org\/{rel}","templated":true}]}}