{"id":6497,"date":"2025-04-25T19:00:34","date_gmt":"2025-04-25T19:00:34","guid":{"rendered":"https:\/\/www.rbc.com\/fr\/?post_type=rbc_tl&#038;p=6497\/"},"modified":"2025-06-03T19:17:37","modified_gmt":"2025-06-03T19:17:37","slug":"edition-du-jour-de-la-terre-la-demarche-energetique-du-canada","status":"publish","type":"rbc_tl","link":"https:\/\/www.rbc.com\/fr\/leadership-avise\/institut-action-climatique\/bouleversements-climatiques\/edition-du-jour-de-la-terre-la-demarche-energetique-du-canada\/","title":{"rendered":"\u00c9dition du Jour de la Terre :\u00a0La d\u00e9marche \u00e9nerg\u00e9tique du Canada"},"content":{"rendered":"\n<section class=\"wp-block-rbc-section-block  pos-rel\" style=\"border-radius:0px\">\n<div class=\"wp-block-rbc-section-inner-block  section-inner pad-b-hlf mob-pad-b-hlf\" style=\"border-radius:0x\">\n<p class=\"has-grey-color has-text-color\">Issue #11<\/p>\n\n\n\n<p>\u2794&nbsp;L\u2019\u00e9dition du Jour de la Terre met l\u2019accent sur les difficult\u00e9s \u00e9nerg\u00e9tiques du Canada et de la Colombie-Britannique<br>\u2794&nbsp;L\u2019acier vert est \u00e0 nos portes<br>\u2794&nbsp;V\u00e9hicules \u00e9lectriques : libert\u00e9 ou obstacle?<\/p>\n\n\n\n<h3 class=\"wp-block-heading\" id=\"h-sujets-chauds\">Sujets chauds<\/h3>\n\n\n\n<p>\u2794&nbsp;<strong>Notre \u00e9nergie, notre plan\u00e8te.&nbsp;<\/strong>C\u2019est le th\u00e8me autour duquel gravite le Jour de la Terre cette ann\u00e9e, c\u00e9l\u00e9br\u00e9 aujourd\u2019hui, alors que nous voyons notre capacit\u00e9 \u00e0 prendre soin de la plan\u00e8te diminuer l\u00e9g\u00e8rement. Ce num\u00e9ro s\u2019efforce cependant de c\u00e9l\u00e9brer les petites victoires dans un (tr\u00e8s) long parcours vers la gu\u00e9rison de la plan\u00e8te. Malgr\u00e9 l\u2019abolition et l\u2019assouplissement de plusieurs politiques mondiales ambitieuses au chapitre du climat, il y a mati\u00e8re \u00e0 se r\u00e9jouir \u00e0 certains \u00e9gards. La capacit\u00e9 accrue en \u00e9nergie renouvelable, avec en t\u00eate l\u2019\u00e9nergie solaire et \u00e9olienne, a atteint un nouveau sommet \u00e0 l\u2019\u00e9chelle mondiale en 2024, dans un contexte o\u00f9 l\u2019\u00e9nergie renouvelable repr\u00e9sentait plus de 92&nbsp;% de l\u2019expansion \u00e9nerg\u00e9tique totale. La&nbsp;<a href=\"https:\/\/click.communication.rbc.com\/?qs=ff3949c96e94230ac0e0b566e17f138326a46ddafa4308ccbbcbf1f84fb229544d6a3ea5d47fca6f3189ebf9c6c30e98e877907a48ccb8ce\">International Renewable Energy Agency (IRENA)<\/a>&nbsp;pr\u00e9dit n\u00e9anmoins que nous ne parviendrons pas \u00e0 atteindre l\u2019objectif collectif \u00e9tabli en 2023 visant \u00e0 tripler la capacit\u00e9 install\u00e9e d\u2019\u00e9nergie renouvelable d\u2019ici 2030.<\/p>\n\n\n\n<p>\u2794&nbsp;<strong>C\u2019est \u00e0 Sault-Sainte-Marie, en Ontario, qu\u2019une r\u00e9volution de l\u2019\u00e9nergie verte canadienne se pr\u00e9pare.<\/strong>&nbsp;La soci\u00e9t\u00e9 Algoma Steel, \u00e9tablie dans le nord de l\u2019Ontario, se pr\u00e9pare \u00e0 lancer ce mois-ci son four \u00e0 arc \u00e9lectrique. Cette innovation permettra de r\u00e9duire le coke ou l\u2019\u00e9nergie au charbon et de diminuer les \u00e9missions annuelles de l\u2019organisation de 70 %. Ce serait un exploit pour n\u2019importe quel secteur, mais c\u2019est une v\u00e9ritable prouesse pour une industrie consid\u00e9r\u00e9e comme l\u2019une des plus difficiles \u00e0 d\u00e9carboner.<\/p>\n\n\n\n<p>\u2794&nbsp;<strong>Le premier petit r\u00e9acteur modulaire canadien a obtenu le feu vert ce mois-ci.<\/strong>&nbsp;Le petit r\u00e9acteur modulaire (PRM) install\u00e9 \u00e0 la&nbsp;<a href=\"https:\/\/click.communication.rbc.com\/?qs=ff3949c96e94230a51bdcdbb447d00dddebe65cfdbb823d3c471a25e933a042a084864eded7e546583e1eb18dff56a86abe933b1f60d567c\">centrale nucl\u00e9aire de Darlington<\/a>, en Ontario \u2013 le premier au sein d\u2019une nation du G7 \u2013 a \u00e9t\u00e9 autoris\u00e9 par la Commission canadienne de s\u00fbret\u00e9 nucl\u00e9aire. Le d\u00e9veloppeur, Ontario Power Generation, attend maintenant l\u2019accord de la province. L\u2019histoire conna\u00eet toutefois un rebondissement sur le plan commercial. En effet, le r\u00e9acteur BWRX-300 a \u00e9t\u00e9 construit par GE-Hitachi Nuclear Energy, une soci\u00e9t\u00e9 situ\u00e9e en Caroline du Nord, de sorte que le Canada d\u00e9pend de la cha\u00eene d\u2019approvisionnement am\u00e9ricaine \u00e0 un moment o\u00f9 les liens entre les deux&nbsp;pays sont tendus.<\/p>\n\n\n\n<p>\u2794&nbsp;<strong>Le climat est rel\u00e9gu\u00e9 aux oubliettes des enjeux \u00e9lectoraux.<\/strong>&nbsp;Lors des \u00e9lections f\u00e9d\u00e9rales de 2021, environ 24&nbsp;% des Canadiens estimaient que le climat \u00e9tait un enjeu important. Tandis qu\u2019ils commencent \u00e0 se rendre aux urnes dans la derni\u00e8re ligne droite avant le jour des \u00e9lections du 28&nbsp;avril, un peu moins de 4&nbsp;% sont d\u2019accord avec cet \u00e9nonc\u00e9. Comme l\u2019on pouvait s\u2019y attendre, les relations entre les \u00c9tats-Unis et le Canada figuraient en t\u00eate de liste dans le sondage non partisan de la&nbsp;<a href=\"https:\/\/click.communication.rbc.com\/?qs=20be05be4382143be9811f529ed85fa47e9882a9d9e5cb2bf08701862d513bd4e52d042c060d6668fb0640d3d048122b10dd4b9194fdad34\">Boussole \u00e9lectorale<\/a>&nbsp;men\u00e9 aupr\u00e8s de 161&nbsp;000&nbsp;Canadiens, suivies de l\u2019\u00e9conomie, de l\u2019abordabilit\u00e9, de la justice sociale et des soins de sant\u00e9. L\u2019environnement n\u2019a pas r\u00e9ussi \u00e0 se tailler une place parmi les cinq&nbsp;principaux enjeux. De plus, les changements climatiques n\u2019ont pratiquement pas \u00e9t\u00e9 mentionn\u00e9s lors des d\u00e9bats t\u00e9l\u00e9vis\u00e9s des chefs de partis (<em>cliquez&nbsp;<\/em><a href=\"https:\/\/click.communication.rbc.com\/?qs=20be05be4382143b1751451f0bd0d5357a92a01c7b4d93b786747500a4fb3f45caf8f0157f5a4c7444da7ff2f2dee831dcbdf4814d218c4a\"><em>ici<\/em><\/a><em>&nbsp;pour lire la publication LinkedIn de John&nbsp;Stackhouse<\/em>).<\/p>\n\n\n\n<h3 class=\"wp-block-heading\" id=\"h-jour-de-la-terre-une-super-energie-propre\">Jour de la Terre : Une super-\u00e9nergie propre<\/h3>\n\n\n\n<p>Comme&nbsp;le th\u00e8me du&nbsp;<a href=\"https:\/\/click.communication.rbc.com\/?qs=20be05be4382143b6bae3e76d513844a5af481763d66dbcb85d56b94f41eae907ff84514b7ea7af612ff6bc0ac31871ff64a7772ac8add69\" target=\"_blank\" rel=\"noreferrer noopener\">Jour de la Terre<\/a>&nbsp;est ax\u00e9 cette ann\u00e9e sur l\u2019objectif de tripler l\u2019\u00e9nergie renouvelable d\u2019ici 2030, le Canada peut souligner quelques victoires dans le secteur de l\u2019\u00e9lectricit\u00e9, particuli\u00e8rement le fait d\u2019\u00eatre d\u00e9j\u00e0&nbsp;<a href=\"https:\/\/click.communication.rbc.com\/?qs=20be05be4382143b1bb6cb50ee420358b59fc26184c14a4a321d1a3e203afceddfbc6b1859cd47b82e00453d73eccd4aa536e4f52936220c\" target=\"_blank\" rel=\"noreferrer noopener\">conforme \u00e0 l\u2019Accord de Paris<\/a>. L\u2019Alberta n\u2019a plus recours au charbon six ans plus t\u00f4t que pr\u00e9vu, tandis que les \u00e9missions absolues li\u00e9es au secteur de l\u2019\u00e9lectricit\u00e9 ont diminu\u00e9 d\u2019environ 10&nbsp;% par rapport \u00e0 2023.<\/p>\n\n\n\n<p>Trois graphiques illustrent pourquoi l\u2019\u00e9lectricit\u00e9 incarne parfaitement les progr\u00e8s du Canadien au chapitre du climat :<\/p>\n\n\n\n<p>Nous ne devons cependant pas tomber dans la complaisance. Voici trois d\u00e9fis critiques que les d\u00e9cideurs politiques canadiens \u2013 et le nouveau gouvernement f\u00e9d\u00e9ral \u2013 devront bient\u00f4t relever.<\/p>\n\n\n\n<p>\u2794&nbsp;Assurer l\u2019\u00e9quilibre entre l\u2019abordabilit\u00e9 et les objectifs d\u2019\u00e9nergie propre. Le co\u00fbt de construction \u00e9lev\u00e9 des barrages hydro\u00e9lectriques et des centrales nucl\u00e9aires emp\u00eachera les services publics de maintenir des factures d\u2019\u00e9lectricit\u00e9 abordables.<\/p>\n\n\n\n<p>\u2794&nbsp;Assurer l\u2019expansion des r\u00e9seaux \u00e9lectriques propres. Le Canada doit plus que doubler sa capacit\u00e9 \u00e9lectrique d\u2019ici 2050 tout en veillant \u00e0 ce qu\u2019elle reste propre si nous souhaitons attirer les investissements n\u00e9cessaires pour b\u00e2tir des centres de donn\u00e9es, des cha\u00eenes d\u2019approvisionnement automobiles et d\u2019autres installations de fabrication lourde).<\/p>\n\n\n\n<p>\u2794&nbsp;Veiller au respect des droits des Autochtones. Les projets \u00e9nerg\u00e9tiques, qui sont investis d\u2019un nouveau sentiment d\u2019urgence, ne peuvent \u00eatre mis en \u0153uvre qu\u2019avec l\u2019adh\u00e9sion, le consentement et la participation financi\u00e8re des Premi\u00e8res Nations. Le Canada pr\u00e9sente une feuille de route in\u00e9gale dans ce dossier, qui doit \u00eatre corrig\u00e9e si nous voulons acc\u00e9l\u00e9rer le d\u00e9ploiement des projets.<\/p>\n\n\n\n<h3 class=\"wp-block-heading\" id=\"h-prets-ou-non\">Pr\u00eats ou non<\/h3>\n\n\n\n<p>Toujours sur le th\u00e8me de l\u2019\u00e9nergie, les projets de gaz naturel liqu\u00e9fi\u00e9 (GNL) de Colombie-Britannique doivent maintenant seulement \u00eatre pr\u00eats pour z\u00e9ro \u00e9mission nette. C\u2019est la distinction que le gouvernement de Colombie-Britannique a faite dans une nouvelle&nbsp;<a href=\"https:\/\/click.communication.rbc.com\/?qs=20be05be4382143b8d3620acbe2b681d075db21017d7384f8e2dcc9a251804c495709766c40193d8c244d534d42550fb7ca92292fa9eddf5\" target=\"_blank\" rel=\"noreferrer noopener\">lettre<\/a>&nbsp;\u00e0 l\u2019intention de l\u2019organisme de r\u00e9glementation en mati\u00e8re d\u2019environnement, largement consid\u00e9r\u00e9e comme un assouplissement des r\u00e8gles environnementales de la province. Ou serait-ce plut\u00f4t une&nbsp;<em>approche r\u00e9aliste des enjeux climatiques<\/em>&nbsp;? Les territoires doivent se livrer \u00e0 un exercice d\u00e9licat alors qu\u2019ils propulsent de nouveaux projets dans un monde frapp\u00e9 par les droits de douane sans pour autant abandonner leurs engagements en mati\u00e8re d\u2019environnement.<\/p>\n\n\n\n<p>BC Hydro, le service public provincial, a augment\u00e9 sa production, sans r\u00e9ussir \u00e0 suivre le rythme de la demande accrue, qui devrait cro\u00eetre de 15&nbsp;% d\u2019ici 2030. Un peu plus de 90&nbsp;% du r\u00e9seau de la Colombie-Britannique n\u2019\u00e9met aucune \u00e9mission, mais cette proportion pourrait diminuer avec l\u2019\u00e9nergie au gaz naturel.<\/p>\n\n\n\n<p>Voici comment la province met les bouch\u00e9es doubles pour r\u00e9aliser ses objectifs \u00e9conomiques et climatiques&nbsp;:<\/p>\n\n\n\n<p>\u2794&nbsp;Le plan d\u2019immobilisations sur 10 ans (2024-2025 \u00e0 2033-2034) de BC Hydro comprend pr\u00e8s de 36 milliards de dollars en investissements dans la collectivit\u00e9 et dans l\u2019infrastructure r\u00e9gionale, une augmentation de 50 % par rapport \u00e0 son plan pr\u00e9c\u00e9dent.<\/p>\n\n\n\n<p>\u2794&nbsp;La quatri\u00e8me&nbsp;unit\u00e9 d\u2019alimentation hydro\u00e9lectrique du&nbsp;<a href=\"https:\/\/click.communication.rbc.com\/?qs=20be05be4382143b75b61791c39f1f7ebfc4933d38379de890a401cce2d159b5b73361643ed059952322db272f61a4a849d4968c3b666497\">Site C<\/a>&nbsp;a \u00e9t\u00e9 mise en service ce mois-ci, et sera suivie de deux&nbsp;autres d\u2019ici l\u2019automne. Une fois pleinement op\u00e9rationnel, le projet du nord-est de la province peut alimenter pr\u00e8s de 500&nbsp;000&nbsp;foyers, augmentant l\u2019offre d\u2019\u00e9lectricit\u00e9 de BC Hydro de 8&nbsp;%. \u00c9tant donn\u00e9 les attentes visant \u00e0 doubler ou \u00e0 tripler l\u2019approvisionnement du Canada d\u2019ici 2050, nous avons besoin d\u2019augmentations similaires tous les deux ou trois&nbsp;ans, selon les estimations de Shaz&nbsp;Merwat, responsable principal, Politique \u00e9nerg\u00e9tique. \u00ab&nbsp;La politique voulant que les projets doivent \u00eatre \u00ab&nbsp;pr\u00eats&nbsp;\u00bb ajoute probablement une certaine ambigu\u00eft\u00e9, mais il est bon de constater que les perspectives quant \u00e0 la n\u00e9cessit\u00e9 de b\u00e2tir sont en train de changer&nbsp;\u00bb, ajoute-t-il.<\/p>\n\n\n\n<p>\u2794&nbsp;En f\u00e9vrier, la Colombie-Britannique a sign\u00e9 des contrats pour&nbsp;<a href=\"https:\/\/click.communication.rbc.com\/?qs=20be05be4382143bfb6a3af2f219f1ed7ab1a1151cfdeabd008df06cc40744081e7a568ea3b0fd7b2658af63074af41d7fa3cc52c66ce599\">neuf&nbsp;projets \u00e9oliens et un&nbsp;projet solaire<\/a>, qui totalisent 4&nbsp;830&nbsp;gigawattheures (GWh). Tous les projets sont d\u00e9tenus majoritairement par des Premi\u00e8res Nations.<\/p>\n\n\n\n<p>\u2794&nbsp;La Colombie-Britannique est en voie d\u2019\u00e9lectrifier le nord de la province, une initiative essentielle pour plusieurs projets \u00e9nerg\u00e9tiques d\u2019envergure, y compris le projet de GNL Ksi Lsims actuellement assujetti \u00e0 un examen r\u00e9glementaire. Le projet d\u2019exportation de gaz ayant re\u00e7u l\u2019appui des Autochtones se dispute maintenant les march\u00e9s asiatiques avec un d\u00e9veloppement de GNL d\u2019Alaska qui gagne du terrain. Le Canada doit agir rapidement.<\/p>\n\n\n\n<p>\u2794&nbsp;Le projet North Cost Transmission Line (NCTL)) est un \u00e9l\u00e9ment essentiel du r\u00e9seau d\u2019\u00e9nergie propre du nord de la Colombie-Britannique. Le gouvernement acc\u00e9l\u00e8re l\u2019\u00e9mission de permis afin d\u2019augmenter le rythme de construction du NCTL et d\u2019autres lignes de transport \u00e0 haut voltage majeures.<\/p>\n\n\n\n<p>\u2794&nbsp;Le<a href=\"https:\/\/click.communication.rbc.com\/?qs=20be05be4382143bfca89f6b982e7c1aeb02e43b38864cc0c05236969db5a11ddf0048e309c94e17ea832e77cdc1ecba882ef4564a4100fb\">&nbsp;gouvernement de la Colombie-Britannique<\/a>&nbsp;n\u2019exclut pas d\u2019approuver de nouveaux barrages hydro\u00e9lectriques dans la province.<\/p>\n\n\n\n<p>\u2794&nbsp;Enfin, nous surveillons les d\u00e9veloppements li\u00e9s au plafond d\u2019\u00e9missions de gaz \u00e0 effet de serre pour les services publics de gaz naturel pr\u00e9vu dans le document&nbsp;<a href=\"https:\/\/click.communication.rbc.com\/?qs=20be05be4382143b7251b222983dcab2b28b2d64bf25ea5dba0b7ee245af5aeb359b6c324f37a639d891a621c8edb38ceed83e891ed82957\">Roadmap to 2030 de CleanBC<\/a>.<\/p>\n\n\n\n<h3 class=\"wp-block-heading\" id=\"h-quatre-obstacles-en-vue-pour-les-vehicules-electriques\">Quatre obstacles en vue pour les v\u00e9hicules \u00e9lectriques<\/h3>\n\n\n\n<p><em>John&nbsp;Stackhouse<\/em><\/p>\n\n\n\n<p>Les v\u00e9hicules \u00e9lectriques pourraient tout aussi bien figurer parmi les victimes de la guerre commerciale qu\u2019en sortir gagnants. Il est encore trop t\u00f4t pour le dire.<\/p>\n\n\n\n<p>La plus r\u00e9cente \u00e9valuation trimestrielle de BloombergNEF (BNEF) pr\u00e9voit une volte-face dans certains march\u00e9s et une acc\u00e9l\u00e9ration dans d\u2019autres, notamment en Chine. Le Canada fait partie des march\u00e9s qui se situent \u00e0 un tournant.<\/p>\n\n\n\n<p>Les v\u00e9hicules \u00e9lectriques, y compris les v\u00e9hicules hybrides rechargeables, ont repr\u00e9sent\u00e9 un cinqui\u00e8me des ventes de v\u00e9hicules l\u2019an dernier, ce qui correspond \u00e0 17,2&nbsp;millions de nouveaux v\u00e9hicules sur la route, une augmentation de 24&nbsp;% en un an. Cette croissance provient principalement de Chine, o\u00f9 pr\u00e8s de la moiti\u00e9 des nouveaux v\u00e9hicules vendus sont \u00e9lectriques, une proportion qui est appel\u00e9e \u00e0 augmenter cette ann\u00e9e en raison d\u2019un incitatif de mise \u00e0 la ferraille offert aux propri\u00e9taires de voiture.<\/p>\n\n\n\n<p>Ailleurs, les v\u00e9hicules \u00e9lectriques sont confront\u00e9s \u00e0 de nouveaux d\u00e9fis, y compris la guerre des marques dans laquelle se trouve Tesla. Les ventes europ\u00e9ennes ont commenc\u00e9 \u00e0 plafonner en 2024, tandis qu\u2019elles ont affich\u00e9 une croissance mod\u00e9r\u00e9e aux \u00c9tats-Unis. Par ailleurs, ces chiffres datent d\u2019avant le jour de la lib\u00e9ration (2&nbsp;avril) et la d\u00e9cision de Donald&nbsp;Trump d\u2019imposer des droits de douane de 25&nbsp;% sur les v\u00e9hicules et les pi\u00e8ces automobiles import\u00e9es. La derni\u00e8re chose dont les producteurs de v\u00e9hicules \u00e9lectriques ont besoin est une hausse des co\u00fbts. D\u2019autres changements politiques, comme l\u2019assouplissement des normes europ\u00e9ennes sur les carburants et la fin de la taxe carbone pour les consommateurs au Canada, peuvent plomber davantage les ventes de v\u00e9hicules \u00e9lectriques alors que l\u2019aspect \u00e9conomique des moteurs conventionnels leur fait regagner du terrain par rapport aux batteries.<\/p>\n\n\n\n<p>Les ventes canadiennes de v\u00e9hicules \u00e9lectriques au cours de la derni\u00e8re ann\u00e9e ont repr\u00e9sent\u00e9 quelque 15&nbsp;% des ventes de v\u00e9hicules de tourisme. BNEF s\u2019attend \u00e0 ce que les ventes de v\u00e9hicules \u00e9lectriques au Canada augmentent de 20&nbsp;% cette ann\u00e9e, dans un contexte de diminution des mesures de soutien.<\/p>\n\n\n\n<p>Si les ventes de v\u00e9hicules \u00e9lectriques ralentissent, ce sera en raison de quatre&nbsp;obstacles qui surviendront au cours des prochains mois&nbsp;:<\/p>\n\n\n\n<p>\u2794&nbsp;<strong>1. Subventions.&nbsp;<\/strong>Les gouvernements aux prises avec des difficult\u00e9s budg\u00e9taires tenteront de r\u00e9duire les d\u00e9penses dans certains secteurs afin de financer des mesures \u00e9conomiques destin\u00e9es aux entreprises et aux travailleurs touch\u00e9s par la guerre commerciale. L\u2019administration Trump a dans sa ligne de mire des mesures g\u00e9n\u00e9reuses introduites pendant le mandat de Joe&nbsp;Biden. De plus, de nombreux gouvernements retirent leurs propres parcs automobiles des programmes li\u00e9s aux v\u00e9hicules \u00e9lectriques.&nbsp;<\/p>\n\n\n\n<p>\u2794&nbsp;<strong>2. Droits de douane.&nbsp;<\/strong>Les \u00c9tats-Unis appliquent un \u00e9ventail de droits de douane et de restrictions commerciales sur les batteries et leurs composantes, tandis que la Chine restreint \u00e9galement les exportations de min\u00e9raux critiques. Les droits de douane sur les batteries devraient atteindre 115&nbsp;% cette ann\u00e9e et 132&nbsp;% l\u2019ann\u00e9e suivante. On s\u2019attend \u00e0 ce que le gouvernement Trump continue d\u2019explorer les mesures antidumping \u00e0 l\u2019encontre des producteurs de composantes de batteries chinoises, bien qu\u2019un certain nombre de fabricants am\u00e9ricains, dont Tesla, en d\u00e9pendent.<\/p>\n\n\n\n<p>\u2794&nbsp;<strong>3. Croissance \u00e9conomique.&nbsp;<\/strong>Si la guerre commerciale continue de freiner la croissance \u00e9conomique, les consommateurs ach\u00e8teront moins de v\u00e9hicules, \u00e9lectriques ou non, et les gammes de v\u00e9hicules \u00e9lectriques plus dispendieuses seront particuli\u00e8rement touch\u00e9es.<\/p>\n\n\n\n<p>\u2794&nbsp;<strong>4. Taux d\u2019int\u00e9r\u00eat.&nbsp;<\/strong>Si les droits de douane alimentent l\u2019inflation et maintiennent les taux d\u2019int\u00e9r\u00eat \u00e0 un niveau plus \u00e9lev\u00e9, les voitures seront les premiers biens de consommation \u00e0 voir leurs ventes reculer. Les v\u00e9hicules \u00e9lectriques pourraient \u00eatre les plus touch\u00e9s, dans un contexte o\u00f9 les gens conserveront leur voiture pendant un an ou deux de plus qu\u2019ils le font habituellement.<\/p>\n\n\n\n<div class=\"wp-block-columns pad-b has-cool-white-background-color has-background is-layout-flex wp-container-core-columns-is-layout-28f84493 wp-block-columns-is-layout-flex\">\n<div class=\"wp-block-column mar-t-qtr mob-mar-t-qtr is-layout-flow wp-block-column-is-layout-flow\">\n<p class=\"mar-l-hlf mob-mar-l-hlf\">Cr\u00e9\u00e9 par&nbsp;<strong>Yadullah Hussain<\/strong>, Directeur de r\u00e9daction, RBC Institut d\u2019action climatique.<\/p>\n\n\n\n<p class=\"mar-l-hlf mob-mar-l-hlf\"><em>le bulletin Bouleversements climatiques ne pourrait pas exister sans la collaboration de&nbsp;<\/em><a href=\"https:\/\/www.linkedin.com\/in\/john-stackhouse-a113419\/\"><em>John Stackhouse<\/em><\/a><em>,&nbsp;<\/em><a href=\"https:\/\/www.linkedin.com\/in\/myhatruong-regan\/\"><em>Myha Truong-Regan<\/em><\/a><em>,&nbsp;<\/em><a href=\"https:\/\/www.linkedin.com\/in\/sarah-pendrith-26b65621\/\"><em>Sarah Pendrith<\/em><\/a><em>,&nbsp;<\/em><a href=\"https:\/\/www.linkedin.com\/in\/panahov\/\"><em>Farhad Panahov<\/em><\/a><em>,&nbsp;<\/em><a href=\"https:\/\/www.linkedin.com\/in\/lisa-ashton-a78b6656\/\"><em>Lisa Ashton<\/em><\/a><em>,&nbsp;<\/em><a href=\"https:\/\/www.linkedin.com\/in\/shazmerwat\/\"><em>Shaz Merwat<\/em><\/a><em>,&nbsp;<\/em><a href=\"https:\/\/www.linkedin.com\/in\/vivan-sorab-4a503623\/\"><em>Vivan Sorab<\/em><\/a><em>,&nbsp;<\/em><a href=\"https:\/\/www.linkedin.com\/in\/capricebiasoni\/\"><em>Caprice Biasoni<\/em><\/a><em>&nbsp;et&nbsp;<\/em><a href=\"https:\/\/www.linkedin.com\/in\/frances-dawson-58743142\/\"><em>Frances Dawson<\/em><\/a><em>.<\/em><\/p>\n\n\n\n<p class=\"mar-l-hlf mob-mar-l-hlf\"><em>Avez-vous des commentaires, des f\u00e9licitations ou, euh, des critiques \u00e0 faire&nbsp;?&nbsp;\u00c9crivez-moi \u00e0 (<\/em><a href=\"mailto:yadullahhussain@rbc.com\">mailto:yadullahhussain@rbc.com<\/a><em>).<\/em><\/p>\n\n\n\n<div class=\"wp-block-columns has-border-color is-layout-flex wp-container-core-columns-is-layout-28f84493 wp-block-columns-is-layout-flex\" style=\"border-color:#0b0b0b;border-width:1px\">\n<div class=\"wp-block-column mar-t-hlf mob-mar-t-hlf mar-b-hlf mob-mar-b-hlf is-layout-flow wp-block-column-is-layout-flow\">\n<p class=\"has-text-align-center has-text-major-lg-font-size\">Bulletin d\u2019information sur le climat<\/p>\n\n\n\n<div class=\"wp-block-buttons is-content-justification-center is-layout-flex wp-container-core-buttons-is-layout-a89b3969 wp-block-buttons-is-layout-flex\"><div>\n<div class=\"wp-block-button  is-style-primary primary btn before\"><a class=\"wp-block-button__link wp-element-button\" href=\"https:\/\/www.rbc.com\/climate-action-institute\/subscribe.html\" data-dig-id=\"LP-6497-c41bc9ec\" data-dig-category=\"LP\" data-dig-action=\"button click\" data-dig-label=\"s\u2019inscrire-https:\/\/www.rbc.com\/climate-action-institute\/subscribe.html \">s\u2019inscrire<\/a><\/div>\n<\/div><\/div>\n<\/div>\n<\/div>\n<\/div>\n<\/div>\n<\/div>\n<\/section>\n","protected":false},"excerpt":{"rendered":"<p>L\u2019\u00e9dition du Jour de la Terre met l\u2019accent sur les difficult\u00e9s \u00e9nerg\u00e9tiques du Canada et de la Colombie-Britannique<\/p>\n","protected":false},"author":79,"featured_media":6498,"parent":0,"menu_order":0,"template":"","meta":{"_acf_changed":false,"disable_focal_point":true,"featured_image_focal_point":{"x":0.5,"y":0.5},"advgb_blocks_editor_width":"","advgb_blocks_columns_visual_guide":"","footnotes":""},"rbc_tl_category":[143],"rbc_tl_tag":[],"class_list":["post-6497","rbc_tl","type-rbc_tl","status-publish","has-post-thumbnail","hentry","rbc_tl_category-bouleversements-climatiques"],"acf":[],"yoast_head":"<!-- This site is optimized with the Yoast SEO Premium plugin v27.2 (Yoast SEO v27.2) - https:\/\/yoast.com\/product\/yoast-seo-premium-wordpress\/ -->\n<title>\u00c9dition du Jour de la Terre :\u00a0La d\u00e9marche \u00e9nerg\u00e9tique du Canada - RBC<\/title>\n<meta name=\"robots\" content=\"index, follow, max-snippet:-1, max-image-preview:large, max-video-preview:-1\" \/>\n<link rel=\"canonical\" href=\"https:\/\/www.rbc.com\/fr\/leadership-avise\/institut-action-climatique\/bouleversements-climatiques\/edition-du-jour-de-la-terre-la-demarche-energetique-du-canada\/\" \/>\n<meta property=\"og:locale\" content=\"fr_FR\" \/>\n<meta property=\"og:type\" content=\"article\" \/>\n<meta property=\"og:title\" content=\"\u00c9dition du Jour de la Terre :\u00a0La d\u00e9marche \u00e9nerg\u00e9tique du Canada\" \/>\n<meta property=\"og:description\" content=\"L\u2019\u00e9dition du Jour de la Terre met l\u2019accent sur les difficult\u00e9s \u00e9nerg\u00e9tiques du Canada et de la Colombie-Britannique\" \/>\n<meta property=\"og:url\" content=\"https:\/\/www.rbc.com\/fr\/leadership-avise\/institut-action-climatique\/bouleversements-climatiques\/edition-du-jour-de-la-terre-la-demarche-energetique-du-canada\/\" \/>\n<meta property=\"og:site_name\" content=\"RBC\" \/>\n<meta property=\"article:modified_time\" content=\"2025-06-03T19:17:37+00:00\" \/>\n<meta property=\"og:image\" content=\"https:\/\/www.rbc.com\/fr\/wp-content\/uploads\/sites\/5\/2025\/05\/CC-MAY-22-EARTH-DAY-BLOG-IMAGE_Banner-wide_v04-1.jpg?quality=80\" \/>\n\t<meta property=\"og:image:width\" content=\"2533\" \/>\n\t<meta property=\"og:image:height\" content=\"1223\" \/>\n\t<meta property=\"og:image:type\" content=\"image\/jpeg\" \/>\n<meta name=\"twitter:card\" content=\"summary_large_image\" \/>\n<meta name=\"twitter:label1\" content=\"Est. reading time\" \/>\n\t<meta name=\"twitter:data1\" content=\"11 minutes\" \/>\n<script type=\"application\/ld+json\" class=\"yoast-schema-graph\">{\"@context\":\"https:\/\/schema.org\",\"@graph\":[{\"@type\":\"WebPage\",\"@id\":\"https:\/\/www.rbc.com\/fr\/leadership-avise\/institut-action-climatique\/bouleversements-climatiques\/edition-du-jour-de-la-terre-la-demarche-energetique-du-canada\/\",\"url\":\"https:\/\/www.rbc.com\/fr\/leadership-avise\/institut-action-climatique\/bouleversements-climatiques\/edition-du-jour-de-la-terre-la-demarche-energetique-du-canada\/\",\"name\":\"\u00c9dition du Jour de la Terre :\u00a0La d\u00e9marche \u00e9nerg\u00e9tique du Canada - RBC\",\"isPartOf\":{\"@id\":\"https:\/\/www.rbc.com\/fr\/#website\"},\"primaryImageOfPage\":{\"@id\":\"https:\/\/www.rbc.com\/fr\/leadership-avise\/institut-action-climatique\/bouleversements-climatiques\/edition-du-jour-de-la-terre-la-demarche-energetique-du-canada\/#primaryimage\"},\"image\":{\"@id\":\"https:\/\/www.rbc.com\/fr\/leadership-avise\/institut-action-climatique\/bouleversements-climatiques\/edition-du-jour-de-la-terre-la-demarche-energetique-du-canada\/#primaryimage\"},\"thumbnailUrl\":\"https:\/\/www.rbc.com\/fr\/wp-content\/uploads\/sites\/5\/2025\/05\/CC-MAY-22-EARTH-DAY-BLOG-IMAGE_Banner-wide_v04-1.jpg?quality=80\",\"datePublished\":\"2025-04-25T19:00:34+00:00\",\"dateModified\":\"2025-06-03T19:17:37+00:00\",\"inLanguage\":\"fr-FR\",\"potentialAction\":[{\"@type\":\"ReadAction\",\"target\":[\"https:\/\/www.rbc.com\/fr\/leadership-avise\/institut-action-climatique\/bouleversements-climatiques\/edition-du-jour-de-la-terre-la-demarche-energetique-du-canada\/\"]}]},{\"@type\":\"ImageObject\",\"inLanguage\":\"fr-FR\",\"@id\":\"https:\/\/www.rbc.com\/fr\/leadership-avise\/institut-action-climatique\/bouleversements-climatiques\/edition-du-jour-de-la-terre-la-demarche-energetique-du-canada\/#primaryimage\",\"url\":\"https:\/\/www.rbc.com\/fr\/wp-content\/uploads\/sites\/5\/2025\/05\/CC-MAY-22-EARTH-DAY-BLOG-IMAGE_Banner-wide_v04-1.jpg?quality=80\",\"contentUrl\":\"https:\/\/www.rbc.com\/fr\/wp-content\/uploads\/sites\/5\/2025\/05\/CC-MAY-22-EARTH-DAY-BLOG-IMAGE_Banner-wide_v04-1.jpg?quality=80\",\"width\":2533,\"height\":1223,\"caption\":\"\u00c9dition du Jour de la Terre : La d\u00e9marche \u00e9nerg\u00e9tique du Canada\"},{\"@type\":\"WebSite\",\"@id\":\"https:\/\/www.rbc.com\/fr\/#website\",\"url\":\"https:\/\/www.rbc.com\/fr\/\",\"name\":\"RBC\",\"description\":\"\",\"potentialAction\":[{\"@type\":\"SearchAction\",\"target\":{\"@type\":\"EntryPoint\",\"urlTemplate\":\"https:\/\/www.rbc.com\/fr\/?s={search_term_string}\"},\"query-input\":{\"@type\":\"PropertyValueSpecification\",\"valueRequired\":true,\"valueName\":\"search_term_string\"}}],\"inLanguage\":\"fr-FR\"}]}<\/script>\n<!-- \/ Yoast SEO Premium plugin. -->","yoast_head_json":{"title":"\u00c9dition du Jour de la Terre :\u00a0La d\u00e9marche \u00e9nerg\u00e9tique du Canada - RBC","robots":{"index":"index","follow":"follow","max-snippet":"max-snippet:-1","max-image-preview":"max-image-preview:large","max-video-preview":"max-video-preview:-1"},"canonical":"https:\/\/www.rbc.com\/fr\/leadership-avise\/institut-action-climatique\/bouleversements-climatiques\/edition-du-jour-de-la-terre-la-demarche-energetique-du-canada\/","og_locale":"fr_FR","og_type":"article","og_title":"\u00c9dition du Jour de la Terre :\u00a0La d\u00e9marche \u00e9nerg\u00e9tique du Canada","og_description":"L\u2019\u00e9dition du Jour de la Terre met l\u2019accent sur les difficult\u00e9s \u00e9nerg\u00e9tiques du Canada et de la Colombie-Britannique","og_url":"https:\/\/www.rbc.com\/fr\/leadership-avise\/institut-action-climatique\/bouleversements-climatiques\/edition-du-jour-de-la-terre-la-demarche-energetique-du-canada\/","og_site_name":"RBC","article_modified_time":"2025-06-03T19:17:37+00:00","og_image":[{"width":2533,"height":1223,"url":"https:\/\/www.rbc.com\/fr\/wp-content\/uploads\/sites\/5\/2025\/05\/CC-MAY-22-EARTH-DAY-BLOG-IMAGE_Banner-wide_v04-1.jpg?quality=80","type":"image\/jpeg"}],"twitter_card":"summary_large_image","twitter_misc":{"Est. reading time":"11 minutes"},"schema":{"@context":"https:\/\/schema.org","@graph":[{"@type":"WebPage","@id":"https:\/\/www.rbc.com\/fr\/leadership-avise\/institut-action-climatique\/bouleversements-climatiques\/edition-du-jour-de-la-terre-la-demarche-energetique-du-canada\/","url":"https:\/\/www.rbc.com\/fr\/leadership-avise\/institut-action-climatique\/bouleversements-climatiques\/edition-du-jour-de-la-terre-la-demarche-energetique-du-canada\/","name":"\u00c9dition du Jour de la Terre :\u00a0La d\u00e9marche \u00e9nerg\u00e9tique du Canada - RBC","isPartOf":{"@id":"https:\/\/www.rbc.com\/fr\/#website"},"primaryImageOfPage":{"@id":"https:\/\/www.rbc.com\/fr\/leadership-avise\/institut-action-climatique\/bouleversements-climatiques\/edition-du-jour-de-la-terre-la-demarche-energetique-du-canada\/#primaryimage"},"image":{"@id":"https:\/\/www.rbc.com\/fr\/leadership-avise\/institut-action-climatique\/bouleversements-climatiques\/edition-du-jour-de-la-terre-la-demarche-energetique-du-canada\/#primaryimage"},"thumbnailUrl":"https:\/\/www.rbc.com\/fr\/wp-content\/uploads\/sites\/5\/2025\/05\/CC-MAY-22-EARTH-DAY-BLOG-IMAGE_Banner-wide_v04-1.jpg?quality=80","datePublished":"2025-04-25T19:00:34+00:00","dateModified":"2025-06-03T19:17:37+00:00","inLanguage":"fr-FR","potentialAction":[{"@type":"ReadAction","target":["https:\/\/www.rbc.com\/fr\/leadership-avise\/institut-action-climatique\/bouleversements-climatiques\/edition-du-jour-de-la-terre-la-demarche-energetique-du-canada\/"]}]},{"@type":"ImageObject","inLanguage":"fr-FR","@id":"https:\/\/www.rbc.com\/fr\/leadership-avise\/institut-action-climatique\/bouleversements-climatiques\/edition-du-jour-de-la-terre-la-demarche-energetique-du-canada\/#primaryimage","url":"https:\/\/www.rbc.com\/fr\/wp-content\/uploads\/sites\/5\/2025\/05\/CC-MAY-22-EARTH-DAY-BLOG-IMAGE_Banner-wide_v04-1.jpg?quality=80","contentUrl":"https:\/\/www.rbc.com\/fr\/wp-content\/uploads\/sites\/5\/2025\/05\/CC-MAY-22-EARTH-DAY-BLOG-IMAGE_Banner-wide_v04-1.jpg?quality=80","width":2533,"height":1223,"caption":"\u00c9dition du Jour de la Terre : La d\u00e9marche \u00e9nerg\u00e9tique du Canada"},{"@type":"WebSite","@id":"https:\/\/www.rbc.com\/fr\/#website","url":"https:\/\/www.rbc.com\/fr\/","name":"RBC","description":"","potentialAction":[{"@type":"SearchAction","target":{"@type":"EntryPoint","urlTemplate":"https:\/\/www.rbc.com\/fr\/?s={search_term_string}"},"query-input":{"@type":"PropertyValueSpecification","valueRequired":true,"valueName":"search_term_string"}}],"inLanguage":"fr-FR"}]}},"parsely":{"version":"1.1.0","canonical_url":"https:\/\/rbc.com\/fr\/leadership-avise\/institut-action-climatique\/bouleversements-climatiques\/edition-du-jour-de-la-terre-la-demarche-energetique-du-canada\/","smart_links":{"inbound":0,"outbound":0},"traffic_boost_suggestions_count":0,"meta":{"@context":"https:\/\/schema.org","@type":"NewsArticle","headline":"\u00c9dition du Jour de la Terre :\u00a0La d\u00e9marche \u00e9nerg\u00e9tique du Canada","url":"http:\/\/www.rbc.com\/fr\/leadership-avise\/institut-action-climatique\/bouleversements-climatiques\/edition-du-jour-de-la-terre-la-demarche-energetique-du-canada\/","mainEntityOfPage":{"@type":"WebPage","@id":"http:\/\/www.rbc.com\/fr\/leadership-avise\/institut-action-climatique\/bouleversements-climatiques\/edition-du-jour-de-la-terre-la-demarche-energetique-du-canada\/"},"thumbnailUrl":"https:\/\/www.rbc.com\/fr\/wp-content\/uploads\/sites\/5\/2025\/05\/CC-MAY-22-EARTH-DAY-BLOG-IMAGE_Banner-wide_v04-1.jpg?quality=80&w=150&h=150&crop=1","image":{"@type":"ImageObject","url":"https:\/\/www.rbc.com\/fr\/wp-content\/uploads\/sites\/5\/2025\/05\/CC-MAY-22-EARTH-DAY-BLOG-IMAGE_Banner-wide_v04-1.jpg?quality=80"},"articleSection":"Uncategorized","author":[{"@type":"Person","name":"amandeepsingh"}],"creator":["amandeepsingh"],"publisher":{"@type":"Organization","name":"RBC","logo":""},"keywords":[],"dateCreated":"2025-04-25T19:00:34Z","datePublished":"2025-04-25T19:00:34Z","dateModified":"2025-06-03T19:17:37Z"},"rendered":"<script type=\"application\/ld+json\" class=\"wp-parsely-metadata\">{\"@context\":\"https:\\\/\\\/schema.org\",\"@type\":\"NewsArticle\",\"headline\":\"\\u00c9dition du Jour de la Terre :\\u00a0La d\\u00e9marche \\u00e9nerg\\u00e9tique du Canada\",\"url\":\"http:\\\/\\\/www.rbc.com\\\/fr\\\/leadership-avise\\\/institut-action-climatique\\\/bouleversements-climatiques\\\/edition-du-jour-de-la-terre-la-demarche-energetique-du-canada\\\/\",\"mainEntityOfPage\":{\"@type\":\"WebPage\",\"@id\":\"http:\\\/\\\/www.rbc.com\\\/fr\\\/leadership-avise\\\/institut-action-climatique\\\/bouleversements-climatiques\\\/edition-du-jour-de-la-terre-la-demarche-energetique-du-canada\\\/\"},\"thumbnailUrl\":\"https:\\\/\\\/www.rbc.com\\\/fr\\\/wp-content\\\/uploads\\\/sites\\\/5\\\/2025\\\/05\\\/CC-MAY-22-EARTH-DAY-BLOG-IMAGE_Banner-wide_v04-1.jpg?quality=80&w=150&h=150&crop=1\",\"image\":{\"@type\":\"ImageObject\",\"url\":\"https:\\\/\\\/www.rbc.com\\\/fr\\\/wp-content\\\/uploads\\\/sites\\\/5\\\/2025\\\/05\\\/CC-MAY-22-EARTH-DAY-BLOG-IMAGE_Banner-wide_v04-1.jpg?quality=80\"},\"articleSection\":\"Uncategorized\",\"author\":[{\"@type\":\"Person\",\"name\":\"amandeepsingh\"}],\"creator\":[\"amandeepsingh\"],\"publisher\":{\"@type\":\"Organization\",\"name\":\"RBC\",\"logo\":\"\"},\"keywords\":[],\"dateCreated\":\"2025-04-25T19:00:34Z\",\"datePublished\":\"2025-04-25T19:00:34Z\",\"dateModified\":\"2025-06-03T19:17:37Z\"}<\/script>","tracker_url":"https:\/\/cdn.parsely.com\/keys\/rbc.com\/p.js"},"featured_img":"https:\/\/www.rbc.com\/fr\/wp-content\/uploads\/sites\/5\/2025\/05\/CC-MAY-22-EARTH-DAY-BLOG-IMAGE_Banner-wide_v04-1.jpg?quality=80&w=1024","coauthors":[],"author_meta":{"author_link":"https:\/\/www.rbc.com\/fr\/author\/amandeepsingh\/","display_name":"amandeepsingh"},"relative_dates":{"created":"Publi\u00e9 1 an il y a","modified":"Mis \u00e0 jour 11 mois il y a"},"absolute_dates":{"created":"Publi\u00e9 le 25 avril 2025","modified":"Mise \u00e0 jour le 3 juin 2025"},"absolute_dates_time":{"created":"Publi\u00e9 le 25 avril 2025 7:00  ","modified":"Mise \u00e0 jour le 3 juin 2025 7:17  "},"featured_img_caption":"","tax_additional":{"rbc_tl_category":{"linked":["<a href=\"https:\/\/www.rbc.com\/fr\/leadership-avise\/bouleversements-climatiques\/\" class=\"advgb-post-tax-term\">Bouleversements climatiques<\/a>"],"unlinked":["<span class=\"advgb-post-tax-term\">Bouleversements climatiques<\/span>"],"slug":"rbc_tl_category","name":"Categories"},"rbc_tl_tag":{"linked":[],"unlinked":[],"slug":"rbc_tl_tag","name":"Tags"}},"series_order":"","_links":{"self":[{"href":"https:\/\/www.rbc.com\/fr\/wp-json\/wp\/v2\/rbc_tl\/6497","targetHints":{"allow":["GET"]}}],"collection":[{"href":"https:\/\/www.rbc.com\/fr\/wp-json\/wp\/v2\/rbc_tl"}],"about":[{"href":"https:\/\/www.rbc.com\/fr\/wp-json\/wp\/v2\/types\/rbc_tl"}],"author":[{"embeddable":true,"href":"https:\/\/www.rbc.com\/fr\/wp-json\/wp\/v2\/users\/79"}],"version-history":[{"count":4,"href":"https:\/\/www.rbc.com\/fr\/wp-json\/wp\/v2\/rbc_tl\/6497\/revisions"}],"predecessor-version":[{"id":7354,"href":"https:\/\/www.rbc.com\/fr\/wp-json\/wp\/v2\/rbc_tl\/6497\/revisions\/7354"}],"wp:featuredmedia":[{"embeddable":true,"href":"https:\/\/www.rbc.com\/fr\/wp-json\/wp\/v2\/media\/6498"}],"wp:attachment":[{"href":"https:\/\/www.rbc.com\/fr\/wp-json\/wp\/v2\/media?parent=6497"}],"wp:term":[{"taxonomy":"rbc_tl_category","embeddable":true,"href":"https:\/\/www.rbc.com\/fr\/wp-json\/wp\/v2\/rbc_tl_category?post=6497"},{"taxonomy":"rbc_tl_tag","embeddable":true,"href":"https:\/\/www.rbc.com\/fr\/wp-json\/wp\/v2\/rbc_tl_tag?post=6497"}],"curies":[{"name":"wp","href":"https:\/\/api.w.org\/{rel}","templated":true}]}}