{"id":6196,"date":"2024-02-17T13:47:44","date_gmt":"2024-02-17T13:47:44","guid":{"rendered":"https:\/\/www.rbc.com\/fr\/?post_type=rbc_tl&#038;p=6196\/"},"modified":"2025-05-26T13:58:32","modified_gmt":"2025-05-26T13:58:32","slug":"mener-laction-climatique-10-facons-pour-le-canada-daccelerer-linvestissement-dans-la-decarbonisation","status":"publish","type":"rbc_tl","link":"https:\/\/www.rbc.com\/fr\/leadership-avise\/institut-action-climatique\/commentaire-dexpert\/mener-laction-climatique-10-facons-pour-le-canada-daccelerer-linvestissement-dans-la-decarbonisation\/","title":{"rendered":"Mener l\u2019action climatique\u00a0:\u00a010\u00a0fa\u00e7ons pour le Canada d\u2019acc\u00e9l\u00e9rer l\u2019investissement dans la d\u00e9carbonisation"},"content":{"rendered":"\n<p>Au d\u00e9but de f\u00e9vrier, l\u2019Institut d\u2019action climatique&nbsp;RBC a \u00e9valu\u00e9 pour la premi\u00e8re fois les progr\u00e8s r\u00e9alis\u00e9s au Canada pour lutter contre les changements climatiques et a convoqu\u00e9 plus de 100&nbsp;chefs d\u2019entreprise, investisseurs, experts en politiques publiques et dirigeants communautaires pour discuter de ses constatations et en d\u00e9battre, ainsi que pour proposer des id\u00e9es sur ce que le Canada peut faire pour acc\u00e9l\u00e9rer le mouvement. L\u2019\u00e9v\u00e8nement a fait salle comble, et l\u2019enthousiasme qu\u2019il a suscit\u00e9 est sans \u00e9quivoque&nbsp;: l\u2019engouement pour les id\u00e9es climatiques est plus fort que jamais.<\/p>\n\n\n\n<p>Notre rapport, intitul\u00e9 <a href=\"https:\/\/www.rbc.com\/climate-action-institute\/climate-action-24\/index.html\" data-dig-id=\"LP-6196-25f188f4\" data-dig-category=\"LP\" data-dig-action=\"link click\" data-dig-label=\"L\u2019urgence de mettre les bouch\u00e9es doubles\" class=\"rbc-link-format\">L\u2019urgence de mettre les bouch\u00e9es doubles<\/a>, montre que le Canada doit accro\u00eetre ses investissements dans la lutte contre les changements climatiques pour les faire passer de 22&nbsp;milliards de dollars en&nbsp;2023 \u00e0 environ 60&nbsp;milliards de dollars par ann\u00e9e pour le reste de la d\u00e9cennie, afin d\u2019atteindre la neutralit\u00e9 carbone. La discussion, anim\u00e9e par Mark&nbsp;Carney, envoy\u00e9 sp\u00e9cial des Nations Unies pour l\u2019action et le financement en faveur du climat, et Dave&nbsp;McKay, PDG de RBC, a permis de formuler un \u00e9ventail d\u2019id\u00e9es.<\/p>\n\n\n\n<p><strong><strong>Voici ce que nous en avons retir\u00e9&nbsp;:<\/strong><\/strong><\/p>\n\n\n\n<h2 class=\"wp-block-heading\" id=\"h-les-gouvernements-doivent-moins-intervenir\">Les gouvernements doivent moins intervenir<\/h2>\n\n\n\n<p>Les subventions ne sont pas durables, et pourtant, la plupart des mesures de lutte contre les changements climatiques reposent sur ce type d\u2019aide, que ce soit pour l\u2019achat de thermopompes ou pour le captage industriel du carbone. Selon notre rapport, 80&nbsp;% des d\u00e9penses li\u00e9es \u00e0 la lutte contre les changements climatiques au cours de la derni\u00e8re d\u00e9cennie ont \u00e9t\u00e9 financ\u00e9es par le gouvernement f\u00e9d\u00e9ral canadien. Cette situation s\u2019explique en partie par l\u2019influence de l\u2019Inflation Reduction Act, un programme de subventions massives mis en place aux \u00c9tats-Unis que d\u2019autres pays, dont le Canada, ont essay\u00e9 de recr\u00e9er. Selon le Fonds mon\u00e9taire international, si tous les pays versaient autant de subventions que les \u00c9tats-Unis, la dette publique globale augmenterait de 40&nbsp;% \u00e0 50&nbsp;% au cours des 20&nbsp;prochaines ann\u00e9es.<\/p>\n\n\n\n<p><strong>Appel \u00e0 l\u2019action pour le climat&nbsp;:<\/strong>&nbsp;Le gouvernement f\u00e9d\u00e9ral canadien doit \u00e9largir son approche climatique pour \u00e9laborer des politiques commerciales ax\u00e9es sur le march\u00e9, notamment avec des m\u00e9canismes d\u2019ajustement carbone aux fronti\u00e8res, dont le double objectif serait d\u2019attirer les investissements tout en r\u00e9duisant les \u00e9missions.<\/p>\n\n\n\n<h2 class=\"wp-block-heading\" id=\"h-cibler-les-grands-emetteurs\">Cibler les grands \u00e9metteurs<\/h2>\n\n\n\n<p>Le secteur p\u00e9trolier repr\u00e9sente la plus grande occasion de r\u00e9duire les \u00e9missions et dispose du bilan financier et des liquidit\u00e9s n\u00e9cessaires pour financer des efforts de d\u00e9carbonisation \u00e0 grande \u00e9chelle. D\u2019autres grands \u00e9metteurs, dans les secteurs de l\u2019acier, de l\u2019aluminium, du ciment et du transport maritime, sont \u00e9galement pr\u00eats \u00e0 r\u00e9duire leurs \u00e9missions et disposent des capitaux et des cha\u00eenes d\u2019approvisionnement pour agir rapidement. En nous concentrant sur les grands \u00e9metteurs dans les ann\u00e9es&nbsp;2020, nous serons en mesure de nous attaquer \u00e0 d\u2019autres enjeux dans les ann\u00e9es&nbsp;2030, notamment l\u2019approvisionnement en \u00e9lectricit\u00e9 et les technologies grand public.<\/p>\n\n\n\n<p><strong>Appel \u00e0 l\u2019action pour le climat&nbsp;:<\/strong>&nbsp;\u00c9laborer un programme inspir\u00e9 de l\u2019Acc\u00e9l\u00e9rateur de transition industrielle, une initiative mondiale lanc\u00e9e \u00e0 la COP28 qui r\u00e9unit des entreprises, des investisseurs et des gouvernements afin de r\u00e9aliser de grands projets bas\u00e9s sur des technologies propres.<\/p>\n\n\n\n<h2 class=\"wp-block-heading\" id=\"h-un-financement-mixte-est-essentiel\">Un financement mixte est essentiel<\/h2>\n\n\n\n<p>Pour d\u00e9velopper des technologies propres, il faut des capitaux, et la structure de notre march\u00e9 financier n\u2019est pas adapt\u00e9e au risque, au rendement, ni \u00e0 l\u2019horizon temporel requis pour les investissements climatiques disponibles aujourd\u2019hui. Ces capitaux ne peuvent pas non plus provenir d\u2019une seule source. Plusieurs entrepreneurs canadiens ont fait part de leurs frustrations concernant l\u2019acc\u00e8s au capital et se sont tourn\u00e9s vers les march\u00e9s \u00e9trangers pour leurs besoins d\u2019investissement initiaux. L\u2019une des difficult\u00e9s qu\u2019ils rencontrent est l\u2019absence de grands fonds de capital-risque&nbsp;(et d\u2019expertise en capital-risque) pour les technologies non \u00e9prouv\u00e9es. Ils indiquent \u00e9galement que les banques et les fonds de pension, qui ont les capitaux n\u00e9cessaires, sont peu enclins \u00e0 prendre des risques, ce qui est particuli\u00e8rement frustrant. Les contraintes r\u00e8glementaires sur le capital des banques font partie du probl\u00e8me, et il a \u00e9t\u00e9 sugg\u00e9r\u00e9 que le gouvernement f\u00e9d\u00e9ral, par l\u2019entremise du Bureau du surintendant des institutions financi\u00e8res, pourrait jouer un r\u00f4le plus constructif en assouplissant ces restrictions. Les fonds de pension du Canada, qui ont affect\u00e9 une grande partie de leur capital \u00e0 l\u2019\u00e9tranger pour diversifier leur exposition au risque et accro\u00eetre les rendements, pourraient constituer une autre source potentielle de capital, mais pas au d\u00e9triment de leurs obligations fiduciaires.<\/p>\n\n\n\n<p><strong>Appel \u00e0 l\u2019action pour le climat&nbsp;:<\/strong>&nbsp;R\u00e9unir divers portefeuilles de capitaux par l\u2019entremise du Fonds de croissance du Canada pour acc\u00e9l\u00e9rer la mise au point de technologies canadiennes, surtout dans le cadre des priorit\u00e9s strat\u00e9giques et des projets phares.<\/p>\n\n\n\n<h2 class=\"wp-block-heading\" id=\"h-se-tourner-vers-les-marches-emergents\">Se tourner vers les march\u00e9s \u00e9mergents<\/h2>\n\n\n\n<p>En collaborant avec des organismes multilat\u00e9raux de d\u00e9veloppement comme la Banque mondiale, nous pouvons renouveler notre r\u00f4le dans le Sud global gr\u00e2ce \u00e0 des actions de lutte contre les changements climatiques. Bon nombre des technologies n\u00e9cessaires dans les march\u00e9s \u00e0 croissance rapide&nbsp;(et \u00e0 industrialisation rapide) sont fabriqu\u00e9es au Canada, qu\u2019il s\u2019agisse de captage et d\u2019utilisation du carbone, de stockage de batteries ou de surveillance par satellite. \u00c9tant donn\u00e9 que les march\u00e9s \u00e9mergents seront responsables de la majorit\u00e9 des nouvelles \u00e9missions mondiales au cours des 25&nbsp;prochaines ann\u00e9es, l\u2019opportunit\u00e9 est \u00e9vidente, tout comme les effets positifs sur les \u00e9missions mondiales.<\/p>\n\n\n\n<p><strong>Appel \u00e0 l\u2019action pour le climat&nbsp;:<\/strong>&nbsp;Promouvoir une strat\u00e9gie commerciale ax\u00e9e sur les technologies propres, men\u00e9e par Exportation et d\u00e9veloppement Canada, afin de doubler les exportations d\u2019ici&nbsp;2030.<\/p>\n\n\n\n<h2 class=\"wp-block-heading\" id=\"h-le-canada-doit-passer-a-la-vitesse-superieure\">Le Canada doit passer \u00e0 la vitesse sup\u00e9rieure<\/h2>\n\n\n\n<p>Un cadre r\u00e8glementaire fiable est primordial si le Canada veut que le secteur priv\u00e9 acc\u00e9l\u00e8re la cadence. Il faut notamment mettre en place rapidement des cr\u00e9dits d\u2019imp\u00f4t \u00e0 l\u2019investissement et accro\u00eetre la dotation du Fonds de croissance du Canada, qui est actuellement de 15&nbsp;milliards de dollars. Le programme de contrats sur diff\u00e9rence pour le carbone&nbsp;(qui sert essentiellement de garantie contre les changements de tarification du carbone) est \u00e9galement crucial. D\u2019autres r\u00e8glementations, notamment sur les \u00e9missions dans le secteur p\u00e9trolier et gazier, et dans le secteur de l\u2019\u00e9lectricit\u00e9, progressent lentement. Il est temps d\u2019acc\u00e9l\u00e9rer l\u2019adoption de politiques qui attirent de nouveaux investissements dans les technologies durables. Pour investir davantage dans la d\u00e9carbonisation, les entreprises ont besoin que les r\u00e8glementations soient plus pr\u00e9visibles. Trop de r\u00e8glementations canadiennes, dont la Loi sur l\u2019\u00e9valuation d\u2019impact environnemental, baignent dans une incertitude politique et constitutionnelle. Si les r\u00e8glementations peuvent \u00eatre b\u00e9n\u00e9fiques pour les affaires, les investisseurs doivent pouvoir \u00eatre s\u00fbrs que l\u2019int\u00e9grit\u00e9 de ces r\u00e8gles sera pr\u00e9serv\u00e9e, et ce, m\u00eame si elles sont r\u00e9vis\u00e9es, pendant le cycle de vie de leurs engagements.<\/p>\n\n\n\n<p><strong>Appel \u00e0 l\u2019action pour le climat&nbsp;:<\/strong>&nbsp;Cr\u00e9er une unit\u00e9 charg\u00e9e du climat au sein du minist\u00e8re des Finances pour acc\u00e9l\u00e9rer la mise en \u0153uvre de mesures fiscales, et lancer une version canadienne du Climate Change&nbsp;Committee mis en place en Grande-Bretagne pour suivre de fa\u00e7on ind\u00e9pendante les progr\u00e8s r\u00e9alis\u00e9s gr\u00e2ce aux politiques publiques par rapport \u00e0 des exigences claires en mati\u00e8re d\u2019\u00e9missions.<\/p>\n\n\n\n<h2 class=\"wp-block-heading\" id=\"h-la-tarification-du-carbone-industriel-est-la-nouvelle-norme\">La tarification du carbone industriel est la nouvelle norme<\/h2>\n\n\n\n<p>La taxe sur le carbone sur les consommateurs pourrait ne pas survivre aux prochaines \u00e9lections, mais de nombreux analystes experts du sujet du climat ne s\u2019inqui\u00e8tent pas. Elle ne concerne qu\u2019une petite partie des \u00e9missions, et son r\u00f4le dans la modification des comportements des consommateurs est encore amoindri par toutes les remises accord\u00e9es. De nombreuses entreprises et de nombreux d\u00e9cideurs envisagent la possibilit\u00e9 de mettre en place un syst\u00e8me de tarification du carbone industriel, peut-\u00eatre au moyen d\u2019un programme national de plafonnement et d\u2019\u00e9change. L\u2019Alberta et l\u2019Ontario, les deux principaux \u00e9metteurs industriels, auront un r\u00f4le cl\u00e9 \u00e0 jouer.<\/p>\n\n\n\n<p><strong>Appel \u00e0 l\u2019action pour le climat&nbsp;:<\/strong>&nbsp;Envisager la mise en place d\u2019un syst\u00e8me national d\u2019\u00e9change de droits d\u2019\u00e9missions industrielles qui incite les entreprises \u00e0 tirer profit de la r\u00e9duction de leur empreinte environnementale.<\/p>\n\n\n\n<h2 class=\"wp-block-heading\" id=\"h-taxonomie-une-solution-canadienne-est-necessaire-pour-debloquer-des-capitaux\">Taxonomie&nbsp;: une solution canadienne est n\u00e9cessaire pour d\u00e9bloquer des capitaux<\/h2>\n\n\n\n<p>S\u2019il y a bien un mot qui \u00e9tait sur toutes les l\u00e8vres lors du forum, c\u2019est celui-ci&nbsp;: taxonomie. Bien qu\u2019abstrait, ce terme recouvre une r\u00e9alit\u00e9 qui pr\u00e9sente un r\u00e9el potentiel \u00e9conomique en tant que syst\u00e8me de classification pour la finance verte et le financement de la transition. Si le Canada veut attirer les dizaines de milliards de dollars n\u00e9cessaires pour faire progresser la d\u00e9carbonisation, les institutions financi\u00e8res devront fournir aux entreprises qui cherchent \u00e0 r\u00e9unir des capitaux des normes sur lesquelles se baser pour qualifier un projet, ou un investissement, de vert ou le d\u00e9crire comme favorisant la transition. De tels syst\u00e8mes de classification sont en place en Europe et dans plusieurs march\u00e9s \u00e9mergents. Un cadre pour une taxonomie canadienne de la transition, \u00e9labor\u00e9 par une trentaine de grandes banques, de compagnies d\u2019assurance et de caisses de retraite, est actuellement entre les mains du ministre f\u00e9d\u00e9ral des Finances.<\/p>\n\n\n\n<p><strong>Appel \u00e0 l\u2019action pour le climat&nbsp;:<\/strong>&nbsp;Faire avancer le projet f\u00e9d\u00e9ral de taxonomie afin de normaliser la classification des investissements verts et d\u2019\u00e9tablir une r\u00e9f\u00e9rence pour les institutions financi\u00e8res.<\/p>\n\n\n\n<h2 class=\"wp-block-heading\" id=\"h-les-marches-du-carbone-peuvent-utiliser-des-capitaux-prives\">Les march\u00e9s du carbone peuvent utiliser des capitaux priv\u00e9s<\/h2>\n\n\n\n<p>S\u2019ils se d\u00e9veloppent rapidement en Europe et aux \u00c9tats-Unis, les <a href=\"https:\/\/www.rbc.com\/climate-action-institute\/climate-action-24\/agriculture.html\" data-dig-id=\"LP-6196-b677ac76\" data-dig-category=\"LP\" data-dig-action=\"link click\" data-dig-label=\"march\u00e9s du carbone\" class=\"rbc-link-format\">march\u00e9s du carbone<\/a> en sont encore au stade embryonnaire au Canada. Cette situation doit changer si nous voulons mobiliser des dizaines de milliards de dollars de capital pour r\u00e9compenser les acteurs de l\u2019\u00e9conomie qui r\u00e9duisent les \u00e9missions. Voici un exemple concret&nbsp;: les agriculteurs canadiens qui adoptent de meilleures pratiques de gestion des sols pour capter et conserver le carbone, mais qui ne sont r\u00e9mun\u00e9r\u00e9s que pour ce qu\u2019ils produisent et non pour ce qu\u2019ils pr\u00e9servent. Aux \u00c9tats-Unis, les entreprises alimentaires et les investisseurs peuvent r\u00e9compenser les agriculteurs beaucoup plus facilement, comme ils peuvent le faire pour d\u2019autres \u00e9metteurs qui investissent dans la r\u00e9duction des \u00e9missions. Par cons\u00e9quent, les march\u00e9s du carbone aux \u00c9tats-Unis repr\u00e9sentent une opportunit\u00e9 d\u2019une valeur estim\u00e9e \u00e0 200&nbsp;milliards de dollars am\u00e9ricains par ann\u00e9e.<\/p>\n\n\n\n<p><strong>Appel \u00e0 l\u2019action pour le climat&nbsp;:<\/strong>&nbsp;R\u00e9unir les principales entreprises de la cha\u00eene d\u2019approvisionnement alimentaire, des investisseurs institutionnels et des organismes de r\u00e8glementation provinciaux afin d\u2019\u00e9tablir un cadre de surveillance, de d\u00e9claration et de v\u00e9rification qui servira de base \u00e0 un march\u00e9 du carbone florissant.<\/p>\n\n\n\n<h2 class=\"wp-block-heading\" id=\"h-le-methane-peut-etre-notre-objectif-ambitieux\">Le m\u00e9thane peut \u00eatre notre objectif ambitieux<\/h2>\n\n\n\n<p>Certaines des plus grandes soci\u00e9t\u00e9s p\u00e9troli\u00e8res et gazi\u00e8res, qui sont responsables de 40&nbsp;% des \u00e9missions, dont Saudi&nbsp;Aramco, ExxonMobil et Chevron, se sont engag\u00e9es \u00e0 \u00e9liminer les \u00e9missions de m\u00e9thane d\u2019ici 2030. Le Canada est d\u00e9j\u00e0 un chef de file en mati\u00e8re de r\u00e8glementation du m\u00e9thane et fait partie d\u2019un mouvement mondial visant \u00e0 r\u00e9duire les \u00e9missions de m\u00e9thane. Nous pouvons assurer 25&nbsp;% des r\u00e9ductions d\u2019\u00e9missions que nous nous sommes engag\u00e9s \u00e0 r\u00e9aliser d\u2019ici&nbsp;2030 si nous augmentons la port\u00e9e des technologies d\u00e9j\u00e0 en place. Le gouvernement f\u00e9d\u00e9ral estime qu\u2019il faudra 15&nbsp;milliards de dollars pour r\u00e9duire les \u00e9missions de m\u00e9thane, ce qui en fait l\u2019un des investissements les plus rentables pour r\u00e9duire les \u00e9missions.<\/p>\n\n\n\n<p><strong>Appel \u00e0 l\u2019action pour le climat&nbsp;:<\/strong>&nbsp;\u00c9laborer un atlas de surveillance des \u00e9missions de m\u00e9thane pour le secteur p\u00e9trolier et gazier du Canada, dirig\u00e9 par l\u2019industrie, gr\u00e2ce \u00e0 des investissements dans des entreprises en d\u00e9marrage et au d\u00e9ploiement de technologies comme des capteurs satellitaires, a\u00e9riens et terrestres.<\/p>\n\n\n\n<h2 class=\"wp-block-heading\" id=\"h-les-consommateurs-doivent-etre-sensibilises-aux-enjeux-climatiques\">Les consommateurs doivent \u00eatre sensibilis\u00e9s aux enjeux climatiques<\/h2>\n\n\n\n<p>Selon une \u00e9tude RBC-Ipsos, les trois quarts des consommateurs ont besoin d\u2019\u00eatre davantage accompagn\u00e9s et \u00e9duqu\u00e9s sur la question du climat. \u00c0 cet \u00e9gard, la sensibilisation aux enjeux climatiques et les politiques strat\u00e9giques jouent un r\u00f4le important. Un participant a affirm\u00e9 que les politiciens avaient peur des consommateurs. Ils n\u2019ont pourtant aucune crainte \u00e0 avoir. Les principaux moteurs de l\u2019action climatique sont les politiques qui catalysent la transformation. L\u2019id\u00e9e est de supprimer les obstacles pour aider les consommateurs \u00e0 prendre des d\u00e9cisions respectueuses du climat, notamment en limitant les combustibles fossiles disponibles sur le march\u00e9 pour orienter leurs d\u00e9penses vers des options plus \u00e9cologiques.<\/p>\n\n\n\n<p><strong>Appel \u00e0 l\u2019action pour le climat&nbsp;:<\/strong>&nbsp;Utiliser divers contenus et canaux num\u00e9riques, notamment des campagnes de sensibilisation cr\u00e9atives sur les m\u00e9dias sociaux, et des ressources et cours ludiques en ligne, pour inciter les Canadiens \u00e0 participer aux actions climatiques qui s\u2019offrent \u00e0 eux et \u00e0 r\u00e9fl\u00e9chir aux compromis inh\u00e9rents \u00e0 une transition.<\/p>\n\n\n\n<p>Le Canada ne fera pas partie des meilleurs \u00e9l\u00e8ves en mati\u00e8re de lutte contre les changements climatiques si les gouvernements et l\u2019industrie continuent de s\u2019impliquer de loin, ou pire, sans se concerter. Nous avons besoin de davantage de mod\u00e8les collaboratifs pour la planification, l\u2019affectation des ressources et l\u2019ex\u00e9cution de la strat\u00e9gie industrielle. L\u2019exemple de la Climate Smart Buildings Alliance a \u00e9t\u00e9 cit\u00e9; il s\u2019agit d\u2019un organisme fond\u00e9 par Mattamy&nbsp;Homes, EllisDon et RBC pour \u00e9laborer des projets de d\u00e9monstration de b\u00e2timents et de collectivit\u00e9s \u00e0 faibles \u00e9missions de carbone.<\/p>\n\n\n\n<p>Comme l\u2019a dit un intervenant, \u00ab&nbsp;L\u2019heure n\u2019est pas \u00e0 la comp\u00e9tition, mais \u00e0 la collaboration.&nbsp;\u00bb Cette d\u00e9marche n\u2019est pas qu\u2019une question de fiert\u00e9 patriotique, elle peut donner de l\u2019\u00e9lan \u00e0 de nouveaux mod\u00e8les d\u2019achat et de cha\u00eene d\u2019approvisionnement, favoriser de nouvelles approches de financement et encourager une prise de risques accrue. Comme cela a \u00e9t\u00e9 d\u00e9montr\u00e9 lors de la <a href=\"https:\/\/www.rbc.com\/fr\/leadership-avise\/institut-action-climatique\/commentaire-dexpert\/cop28-le-journal-de-john-avantages-et-desavantages-du-plafonnement-des-ges-et-debat-sur-leur-reduction\/\" data-dig-id=\"LP-6196-eecc2c8d\" data-dig-category=\"LP\" data-dig-action=\"link click\" data-dig-label=\"COP28\" class=\"rbc-link-format\">COP28<\/a>, des puissances moyennes mondiales comme le Br\u00e9sil et l\u2019Inde jouent de leur influence et de leur pouvoir pour rafler la r\u00e9compense ultime&nbsp;(des capitaux verts et un savoir-faire technique). Le Canada ne peut pas se contenter de la troisi\u00e8me place.<\/p>\n\n\n\n<hr class=\"wp-block-separator has-text-color has-alpha-channel-opacity has-background is-style-wide wide\" style=\"background-color:#eeeeee;color:#eeeeee\" \/>\n\n\n\n<p><em><em>John Stackhouse est premier vice-pr\u00e9sident, Bureau du chef de la direction \u00e0 RBC<\/em><\/em><\/p>\n\n\n\n<hr class=\"wp-block-separator has-text-color has-alpha-channel-opacity has-background is-style-wide wide\" style=\"background-color:#eeeeee;color:#eeeeee\" \/>\n\n\n\n<div class=\"wp-block-group mar-b mob-mar-b has-border-color is-nowrap is-layout-flex wp-container-core-group-is-layout-6c531013 wp-block-group-is-layout-flex\" style=\"border-color:#c4c8cc;border-width:1px\">\n<figure class=\"wp-block-image size-full mar-r mob-mar-r\"><img loading=\"lazy\" decoding=\"async\" width=\"275\" height=\"174\" src=\"https:\/\/www.rbc.com\/fr\/wp-content\/uploads\/sites\/5\/2025\/04\/Download-PDF-button-takeaways-NEW-06.webp\" alt=\"\" class=\"wp-image-6197\" \/><\/figure>\n\n\n\n<div class=\"wp-block-group is-vertical is-layout-flex wp-container-core-group-is-layout-fe9cc265 wp-block-group-is-layout-flex\">\n<h4 class=\"wp-block-heading mar-b-hlf mob-mar-b-hlf\" id=\"h-voir-le-fichier-pdf-avec-les-graphiques-complets\">Voir le fichier PDF avec les graphiques complets<\/h4>\n\n\n\n<div class=\"wp-block-buttons is-layout-flex wp-block-buttons-is-layout-flex\"><div>\n<div class=\"wp-block-button btn before is-style-tertiary tertiary\"><a class=\"wp-block-button__link wp-element-button\" href=\"https:\/\/www.rbc.com\/fr\/wp-content\/uploads\/sites\/5\/2025\/03\/EN-CA2024-Launch-Takeaways.pdf\" data-dig-id=\"LP-6196-0bc85564\" data-dig-category=\"LP\" data-dig-action=\"button click\" data-dig-label=\"T\u00e9l\u00e9charger-https:\/\/www.rbc.com\/fr\/wp-content\/uploads\/sites\/5\/2025\/03\/EN-CA2024-Launch-Takeaways.pdf \">T\u00e9l\u00e9charger<\/a><\/div>\n<\/div><\/div>\n<\/div>\n<\/div>\n","protected":false},"excerpt":{"rendered":"<p>Au d\u00e9but de f\u00e9vrier, l\u2019Institut d\u2019action climatique&nbsp;RBC a \u00e9valu\u00e9 pour la premi\u00e8re fois les progr\u00e8s r\u00e9alis\u00e9s au Canada pour lutter contre les changements climatiques et a convoqu\u00e9 plus de 100&nbsp;chefs d\u2019entreprise, investisseurs, experts en politiques publiques et dirigeants communautaires pour discuter de ses constatations et en d\u00e9battre, ainsi que pour proposer des id\u00e9es sur ce [&hellip;]<\/p>\n","protected":false},"author":135,"featured_media":6198,"parent":0,"menu_order":0,"template":"","meta":{"_acf_changed":false,"disable_focal_point":true,"featured_image_focal_point":{"x":0.5,"y":0.5},"advgb_blocks_editor_width":"","advgb_blocks_columns_visual_guide":"","footnotes":""},"rbc_tl_category":[156,135],"rbc_tl_tag":[136],"class_list":["post-6196","rbc_tl","type-rbc_tl","status-publish","has-post-thumbnail","hentry","rbc_tl_category-commentaire-dexpert","rbc_tl_category-institut-action-climatique","rbc_tl_tag-climat"],"acf":[],"yoast_head":"<!-- This site is optimized with the Yoast SEO Premium plugin v27.2 (Yoast SEO v27.2) - https:\/\/yoast.com\/product\/yoast-seo-premium-wordpress\/ -->\n<title>Mener l\u2019action climatique\u00a0:\u00a010\u00a0fa\u00e7ons pour le Canada d\u2019acc\u00e9l\u00e9rer l\u2019investissement dans la d\u00e9carbonisation - RBC<\/title>\n<meta name=\"robots\" content=\"index, follow, max-snippet:-1, max-image-preview:large, max-video-preview:-1\" \/>\n<link rel=\"canonical\" href=\"https:\/\/www.rbc.com\/fr\/leadership-avise\/institut-action-climatique\/commentaire-dexpert\/mener-laction-climatique-10-facons-pour-le-canada-daccelerer-linvestissement-dans-la-decarbonisation\/\" \/>\n<meta property=\"og:locale\" content=\"fr_FR\" \/>\n<meta property=\"og:type\" content=\"article\" \/>\n<meta property=\"og:title\" content=\"Mener l\u2019action climatique\u00a0:\u00a010\u00a0fa\u00e7ons pour le Canada d\u2019acc\u00e9l\u00e9rer l\u2019investissement dans la d\u00e9carbonisation\" \/>\n<meta property=\"og:description\" content=\"Au d\u00e9but de f\u00e9vrier, l\u2019Institut d\u2019action climatique&nbsp;RBC a \u00e9valu\u00e9 pour la premi\u00e8re fois les progr\u00e8s r\u00e9alis\u00e9s au Canada pour lutter contre les changements climatiques et a convoqu\u00e9 plus de 100&nbsp;chefs d\u2019entreprise, investisseurs, experts en politiques publiques et dirigeants communautaires pour discuter de ses constatations et en d\u00e9battre, ainsi que pour proposer des id\u00e9es sur ce [&hellip;]\" \/>\n<meta property=\"og:url\" content=\"https:\/\/www.rbc.com\/fr\/leadership-avise\/institut-action-climatique\/commentaire-dexpert\/mener-laction-climatique-10-facons-pour-le-canada-daccelerer-linvestissement-dans-la-decarbonisation\/\" \/>\n<meta property=\"og:site_name\" content=\"RBC\" \/>\n<meta property=\"article:modified_time\" content=\"2025-05-26T13:58:32+00:00\" \/>\n<meta property=\"og:image\" content=\"https:\/\/www.rbc.com\/fr\/wp-content\/uploads\/sites\/5\/2025\/04\/DL-Blog-Image_Takeaways_blognew_Banner-wide-scaled-1.webp?quality=80\" \/>\n\t<meta property=\"og:image:width\" content=\"2048\" \/>\n\t<meta property=\"og:image:height\" content=\"988\" \/>\n\t<meta property=\"og:image:type\" content=\"image\/webp\" \/>\n<meta name=\"twitter:card\" content=\"summary_large_image\" \/>\n<meta name=\"twitter:label1\" content=\"Est. reading time\" \/>\n\t<meta name=\"twitter:data1\" content=\"12 minutes\" \/>\n<script type=\"application\/ld+json\" class=\"yoast-schema-graph\">{\"@context\":\"https:\/\/schema.org\",\"@graph\":[{\"@type\":\"WebPage\",\"@id\":\"https:\/\/www.rbc.com\/fr\/leadership-avise\/institut-action-climatique\/commentaire-dexpert\/mener-laction-climatique-10-facons-pour-le-canada-daccelerer-linvestissement-dans-la-decarbonisation\/\",\"url\":\"https:\/\/www.rbc.com\/fr\/leadership-avise\/institut-action-climatique\/commentaire-dexpert\/mener-laction-climatique-10-facons-pour-le-canada-daccelerer-linvestissement-dans-la-decarbonisation\/\",\"name\":\"Mener l\u2019action climatique\u00a0:\u00a010\u00a0fa\u00e7ons pour le Canada d\u2019acc\u00e9l\u00e9rer l\u2019investissement dans la d\u00e9carbonisation - RBC\",\"isPartOf\":{\"@id\":\"https:\/\/www.rbc.com\/fr\/#website\"},\"primaryImageOfPage\":{\"@id\":\"https:\/\/www.rbc.com\/fr\/leadership-avise\/institut-action-climatique\/commentaire-dexpert\/mener-laction-climatique-10-facons-pour-le-canada-daccelerer-linvestissement-dans-la-decarbonisation\/#primaryimage\"},\"image\":{\"@id\":\"https:\/\/www.rbc.com\/fr\/leadership-avise\/institut-action-climatique\/commentaire-dexpert\/mener-laction-climatique-10-facons-pour-le-canada-daccelerer-linvestissement-dans-la-decarbonisation\/#primaryimage\"},\"thumbnailUrl\":\"https:\/\/www.rbc.com\/fr\/wp-content\/uploads\/sites\/5\/2025\/04\/DL-Blog-Image_Takeaways_blognew_Banner-wide-scaled-1.webp?quality=80\",\"datePublished\":\"2024-02-17T13:47:44+00:00\",\"dateModified\":\"2025-05-26T13:58:32+00:00\",\"inLanguage\":\"fr-FR\",\"potentialAction\":[{\"@type\":\"ReadAction\",\"target\":[\"https:\/\/www.rbc.com\/fr\/leadership-avise\/institut-action-climatique\/commentaire-dexpert\/mener-laction-climatique-10-facons-pour-le-canada-daccelerer-linvestissement-dans-la-decarbonisation\/\"]}]},{\"@type\":\"ImageObject\",\"inLanguage\":\"fr-FR\",\"@id\":\"https:\/\/www.rbc.com\/fr\/leadership-avise\/institut-action-climatique\/commentaire-dexpert\/mener-laction-climatique-10-facons-pour-le-canada-daccelerer-linvestissement-dans-la-decarbonisation\/#primaryimage\",\"url\":\"https:\/\/www.rbc.com\/fr\/wp-content\/uploads\/sites\/5\/2025\/04\/DL-Blog-Image_Takeaways_blognew_Banner-wide-scaled-1.webp?quality=80\",\"contentUrl\":\"https:\/\/www.rbc.com\/fr\/wp-content\/uploads\/sites\/5\/2025\/04\/DL-Blog-Image_Takeaways_blognew_Banner-wide-scaled-1.webp?quality=80\",\"width\":2048,\"height\":988},{\"@type\":\"WebSite\",\"@id\":\"https:\/\/www.rbc.com\/fr\/#website\",\"url\":\"https:\/\/www.rbc.com\/fr\/\",\"name\":\"RBC\",\"description\":\"\",\"potentialAction\":[{\"@type\":\"SearchAction\",\"target\":{\"@type\":\"EntryPoint\",\"urlTemplate\":\"https:\/\/www.rbc.com\/fr\/?s={search_term_string}\"},\"query-input\":{\"@type\":\"PropertyValueSpecification\",\"valueRequired\":true,\"valueName\":\"search_term_string\"}}],\"inLanguage\":\"fr-FR\"}]}<\/script>\n<!-- \/ Yoast SEO Premium plugin. -->","yoast_head_json":{"title":"Mener l\u2019action climatique\u00a0:\u00a010\u00a0fa\u00e7ons pour le Canada d\u2019acc\u00e9l\u00e9rer l\u2019investissement dans la d\u00e9carbonisation - RBC","robots":{"index":"index","follow":"follow","max-snippet":"max-snippet:-1","max-image-preview":"max-image-preview:large","max-video-preview":"max-video-preview:-1"},"canonical":"https:\/\/www.rbc.com\/fr\/leadership-avise\/institut-action-climatique\/commentaire-dexpert\/mener-laction-climatique-10-facons-pour-le-canada-daccelerer-linvestissement-dans-la-decarbonisation\/","og_locale":"fr_FR","og_type":"article","og_title":"Mener l\u2019action climatique\u00a0:\u00a010\u00a0fa\u00e7ons pour le Canada d\u2019acc\u00e9l\u00e9rer l\u2019investissement dans la d\u00e9carbonisation","og_description":"Au d\u00e9but de f\u00e9vrier, l\u2019Institut d\u2019action climatique&nbsp;RBC a \u00e9valu\u00e9 pour la premi\u00e8re fois les progr\u00e8s r\u00e9alis\u00e9s au Canada pour lutter contre les changements climatiques et a convoqu\u00e9 plus de 100&nbsp;chefs d\u2019entreprise, investisseurs, experts en politiques publiques et dirigeants communautaires pour discuter de ses constatations et en d\u00e9battre, ainsi que pour proposer des id\u00e9es sur ce [&hellip;]","og_url":"https:\/\/www.rbc.com\/fr\/leadership-avise\/institut-action-climatique\/commentaire-dexpert\/mener-laction-climatique-10-facons-pour-le-canada-daccelerer-linvestissement-dans-la-decarbonisation\/","og_site_name":"RBC","article_modified_time":"2025-05-26T13:58:32+00:00","og_image":[{"width":2048,"height":988,"url":"https:\/\/www.rbc.com\/fr\/wp-content\/uploads\/sites\/5\/2025\/04\/DL-Blog-Image_Takeaways_blognew_Banner-wide-scaled-1.webp?quality=80","type":"image\/webp"}],"twitter_card":"summary_large_image","twitter_misc":{"Est. reading time":"12 minutes"},"schema":{"@context":"https:\/\/schema.org","@graph":[{"@type":"WebPage","@id":"https:\/\/www.rbc.com\/fr\/leadership-avise\/institut-action-climatique\/commentaire-dexpert\/mener-laction-climatique-10-facons-pour-le-canada-daccelerer-linvestissement-dans-la-decarbonisation\/","url":"https:\/\/www.rbc.com\/fr\/leadership-avise\/institut-action-climatique\/commentaire-dexpert\/mener-laction-climatique-10-facons-pour-le-canada-daccelerer-linvestissement-dans-la-decarbonisation\/","name":"Mener l\u2019action climatique\u00a0:\u00a010\u00a0fa\u00e7ons pour le Canada d\u2019acc\u00e9l\u00e9rer l\u2019investissement dans la d\u00e9carbonisation - RBC","isPartOf":{"@id":"https:\/\/www.rbc.com\/fr\/#website"},"primaryImageOfPage":{"@id":"https:\/\/www.rbc.com\/fr\/leadership-avise\/institut-action-climatique\/commentaire-dexpert\/mener-laction-climatique-10-facons-pour-le-canada-daccelerer-linvestissement-dans-la-decarbonisation\/#primaryimage"},"image":{"@id":"https:\/\/www.rbc.com\/fr\/leadership-avise\/institut-action-climatique\/commentaire-dexpert\/mener-laction-climatique-10-facons-pour-le-canada-daccelerer-linvestissement-dans-la-decarbonisation\/#primaryimage"},"thumbnailUrl":"https:\/\/www.rbc.com\/fr\/wp-content\/uploads\/sites\/5\/2025\/04\/DL-Blog-Image_Takeaways_blognew_Banner-wide-scaled-1.webp?quality=80","datePublished":"2024-02-17T13:47:44+00:00","dateModified":"2025-05-26T13:58:32+00:00","inLanguage":"fr-FR","potentialAction":[{"@type":"ReadAction","target":["https:\/\/www.rbc.com\/fr\/leadership-avise\/institut-action-climatique\/commentaire-dexpert\/mener-laction-climatique-10-facons-pour-le-canada-daccelerer-linvestissement-dans-la-decarbonisation\/"]}]},{"@type":"ImageObject","inLanguage":"fr-FR","@id":"https:\/\/www.rbc.com\/fr\/leadership-avise\/institut-action-climatique\/commentaire-dexpert\/mener-laction-climatique-10-facons-pour-le-canada-daccelerer-linvestissement-dans-la-decarbonisation\/#primaryimage","url":"https:\/\/www.rbc.com\/fr\/wp-content\/uploads\/sites\/5\/2025\/04\/DL-Blog-Image_Takeaways_blognew_Banner-wide-scaled-1.webp?quality=80","contentUrl":"https:\/\/www.rbc.com\/fr\/wp-content\/uploads\/sites\/5\/2025\/04\/DL-Blog-Image_Takeaways_blognew_Banner-wide-scaled-1.webp?quality=80","width":2048,"height":988},{"@type":"WebSite","@id":"https:\/\/www.rbc.com\/fr\/#website","url":"https:\/\/www.rbc.com\/fr\/","name":"RBC","description":"","potentialAction":[{"@type":"SearchAction","target":{"@type":"EntryPoint","urlTemplate":"https:\/\/www.rbc.com\/fr\/?s={search_term_string}"},"query-input":{"@type":"PropertyValueSpecification","valueRequired":true,"valueName":"search_term_string"}}],"inLanguage":"fr-FR"}]}},"parsely":{"version":"1.1.0","canonical_url":"https:\/\/rbc.com\/fr\/leadership-avise\/institut-action-climatique\/commentaire-dexpert\/mener-laction-climatique-10-facons-pour-le-canada-daccelerer-linvestissement-dans-la-decarbonisation\/","smart_links":{"inbound":0,"outbound":0},"traffic_boost_suggestions_count":0,"meta":{"@context":"https:\/\/schema.org","@type":"NewsArticle","headline":"Mener l\u2019action climatique\u00a0:\u00a010\u00a0fa\u00e7ons pour le Canada d\u2019acc\u00e9l\u00e9rer l\u2019investissement dans la d\u00e9carbonisation","url":"http:\/\/www.rbc.com\/fr\/leadership-avise\/institut-action-climatique\/commentaire-dexpert\/mener-laction-climatique-10-facons-pour-le-canada-daccelerer-linvestissement-dans-la-decarbonisation\/","mainEntityOfPage":{"@type":"WebPage","@id":"http:\/\/www.rbc.com\/fr\/leadership-avise\/institut-action-climatique\/commentaire-dexpert\/mener-laction-climatique-10-facons-pour-le-canada-daccelerer-linvestissement-dans-la-decarbonisation\/"},"thumbnailUrl":"https:\/\/www.rbc.com\/fr\/wp-content\/uploads\/sites\/5\/2025\/04\/DL-Blog-Image_Takeaways_blognew_Banner-wide-scaled-1.webp?quality=80&w=150&h=150&crop=1","image":{"@type":"ImageObject","url":"https:\/\/www.rbc.com\/fr\/wp-content\/uploads\/sites\/5\/2025\/04\/DL-Blog-Image_Takeaways_blognew_Banner-wide-scaled-1.webp?quality=80"},"articleSection":"Uncategorized","author":[{"@type":"Person","name":"aborges"}],"creator":["aborges"],"publisher":{"@type":"Organization","name":"RBC","logo":""},"keywords":[],"dateCreated":"2024-02-17T13:47:44Z","datePublished":"2024-02-17T13:47:44Z","dateModified":"2025-05-26T13:58:32Z"},"rendered":"<script type=\"application\/ld+json\" class=\"wp-parsely-metadata\">{\"@context\":\"https:\\\/\\\/schema.org\",\"@type\":\"NewsArticle\",\"headline\":\"Mener l\\u2019action climatique\\u00a0:\\u00a010\\u00a0fa\\u00e7ons pour le Canada d\\u2019acc\\u00e9l\\u00e9rer l\\u2019investissement dans la d\\u00e9carbonisation\",\"url\":\"http:\\\/\\\/www.rbc.com\\\/fr\\\/leadership-avise\\\/institut-action-climatique\\\/commentaire-dexpert\\\/mener-laction-climatique-10-facons-pour-le-canada-daccelerer-linvestissement-dans-la-decarbonisation\\\/\",\"mainEntityOfPage\":{\"@type\":\"WebPage\",\"@id\":\"http:\\\/\\\/www.rbc.com\\\/fr\\\/leadership-avise\\\/institut-action-climatique\\\/commentaire-dexpert\\\/mener-laction-climatique-10-facons-pour-le-canada-daccelerer-linvestissement-dans-la-decarbonisation\\\/\"},\"thumbnailUrl\":\"https:\\\/\\\/www.rbc.com\\\/fr\\\/wp-content\\\/uploads\\\/sites\\\/5\\\/2025\\\/04\\\/DL-Blog-Image_Takeaways_blognew_Banner-wide-scaled-1.webp?quality=80&w=150&h=150&crop=1\",\"image\":{\"@type\":\"ImageObject\",\"url\":\"https:\\\/\\\/www.rbc.com\\\/fr\\\/wp-content\\\/uploads\\\/sites\\\/5\\\/2025\\\/04\\\/DL-Blog-Image_Takeaways_blognew_Banner-wide-scaled-1.webp?quality=80\"},\"articleSection\":\"Uncategorized\",\"author\":[{\"@type\":\"Person\",\"name\":\"aborges\"}],\"creator\":[\"aborges\"],\"publisher\":{\"@type\":\"Organization\",\"name\":\"RBC\",\"logo\":\"\"},\"keywords\":[],\"dateCreated\":\"2024-02-17T13:47:44Z\",\"datePublished\":\"2024-02-17T13:47:44Z\",\"dateModified\":\"2025-05-26T13:58:32Z\"}<\/script>","tracker_url":"https:\/\/cdn.parsely.com\/keys\/rbc.com\/p.js"},"featured_img":"https:\/\/www.rbc.com\/fr\/wp-content\/uploads\/sites\/5\/2025\/04\/DL-Blog-Image_Takeaways_blognew_Banner-wide-scaled-1.webp?quality=80&w=1024","coauthors":[],"author_meta":{"author_link":"https:\/\/www.rbc.com\/fr\/author\/aborges\/","display_name":"aborges"},"relative_dates":{"created":"Publi\u00e9 2 ans il y a","modified":"Mis \u00e0 jour 11 mois il y a"},"absolute_dates":{"created":"Publi\u00e9 le 17 f\u00e9vrier 2024","modified":"Mise \u00e0 jour le 26 mai 2025"},"absolute_dates_time":{"created":"Publi\u00e9 le 17 f\u00e9vrier 2024 1:47  ","modified":"Mise \u00e0 jour le 26 mai 2025 1:58  "},"featured_img_caption":"","tax_additional":{"rbc_tl_category":{"linked":["<a href=\"https:\/\/www.rbc.com\/fr\/leadership-avise\/commentaire-dexpert\/\" class=\"advgb-post-tax-term\">Commentaire d&#039;expert<\/a>","<a href=\"https:\/\/www.rbc.com\/fr\/leadership-avise\/institut-action-climatique\/\" class=\"advgb-post-tax-term\">Institut Action Climatique<\/a>"],"unlinked":["<span class=\"advgb-post-tax-term\">Commentaire d&#039;expert<\/span>","<span class=\"advgb-post-tax-term\">Institut Action Climatique<\/span>"],"slug":"rbc_tl_category","name":"Categories"},"rbc_tl_tag":{"linked":["<a href=\"https:\/\/www.rbc.com\/fr\/topics\/climat\/\" class=\"advgb-post-tax-term\">Climat<\/a>"],"unlinked":["<span class=\"advgb-post-tax-term\">Climat<\/span>"],"slug":"rbc_tl_tag","name":"Tags"}},"series_order":"","_links":{"self":[{"href":"https:\/\/www.rbc.com\/fr\/wp-json\/wp\/v2\/rbc_tl\/6196","targetHints":{"allow":["GET"]}}],"collection":[{"href":"https:\/\/www.rbc.com\/fr\/wp-json\/wp\/v2\/rbc_tl"}],"about":[{"href":"https:\/\/www.rbc.com\/fr\/wp-json\/wp\/v2\/types\/rbc_tl"}],"author":[{"embeddable":true,"href":"https:\/\/www.rbc.com\/fr\/wp-json\/wp\/v2\/users\/135"}],"version-history":[{"count":8,"href":"https:\/\/www.rbc.com\/fr\/wp-json\/wp\/v2\/rbc_tl\/6196\/revisions"}],"predecessor-version":[{"id":7137,"href":"https:\/\/www.rbc.com\/fr\/wp-json\/wp\/v2\/rbc_tl\/6196\/revisions\/7137"}],"wp:featuredmedia":[{"embeddable":true,"href":"https:\/\/www.rbc.com\/fr\/wp-json\/wp\/v2\/media\/6198"}],"wp:attachment":[{"href":"https:\/\/www.rbc.com\/fr\/wp-json\/wp\/v2\/media?parent=6196"}],"wp:term":[{"taxonomy":"rbc_tl_category","embeddable":true,"href":"https:\/\/www.rbc.com\/fr\/wp-json\/wp\/v2\/rbc_tl_category?post=6196"},{"taxonomy":"rbc_tl_tag","embeddable":true,"href":"https:\/\/www.rbc.com\/fr\/wp-json\/wp\/v2\/rbc_tl_tag?post=6196"}],"curies":[{"name":"wp","href":"https:\/\/api.w.org\/{rel}","templated":true}]}}