{"id":5597,"date":"2025-02-20T17:01:11","date_gmt":"2025-02-20T17:01:11","guid":{"rendered":"https:\/\/www.rbc.com\/fr\/leadership-avise\/bouleversements-climatiques-plan-climatique-pendant-lere-trump\/"},"modified":"2026-03-26T15:06:23","modified_gmt":"2026-03-26T15:06:23","slug":"bouleversements-climatiques-plan-climatique-pendant-lere-trump","status":"publish","type":"rbc_tl","link":"https:\/\/www.rbc.com\/fr\/leadership-avise\/institut-action-climatique\/bouleversements-climatiques-plan-climatique-pendant-lere-trump\/","title":{"rendered":"Bouleversements climatiques: Plan climatique pendant l\u2019\u00e8re Trump"},"content":{"rendered":"<p><span style=\"color: #899299;font-size: 14px;font-weight: 500\">Issue #09<\/span><\/p>\n<h3 class=\"sub-title\">La plupart des pays n\u2019ont pas fait leurs devoirs li\u00e9s aux changements climatiques<\/h3>\n<p><span style=\"font-size: 18px;font-weight: 500\">\u2794<\/span> Pourquoi les projets \u00e9nerg\u00e9tiques annul\u00e9s refont les manchettes<br \/>\n<span style=\"font-size: 18px;font-weight: 500\">\u2794<\/span> Indicateur \u00ab Trump \u00bb<br \/>\n<span style=\"font-size: 18px;font-weight: 500\">\u2794<\/span> Pr\u00e9sentation de l\u2019Espace commercial<\/p>\n<h3 class=\"sub-title\">Sujets chauds<\/h3>\n<p><span style=\"font-size: 18px;font-weight: 500\">\u2794<\/span> <strong>La plupart des pays n\u2019ont pas fait leurs devoirs li\u00e9s aux changements climatiques,<\/strong> Pratiquement la totalit\u00e9 (95\u00a0%) des pays n\u2019a pas respect\u00e9 l\u2019<a href=\"https:\/\/click.communication.rbc.com\/?qs=dda2bbd99e2ccad982591a527d39b53634ebe3e1ba15e517276a480d5564bdada24a49b980b0da620964852b29e4a1ef8a71c85c3ee42611a572691471c77583\">\u00e9ch\u00e9ance \u00e9tablie par les Nations Unies<\/a> pour remettre leur nouvelle feuille de route climatique pour 2035. Selon les Nations Unies, nombre d\u2019entre eux ont demand\u00e9 une prolongation pour s\u2019assurer que leurs contributions d\u00e9termin\u00e9es au niveau national (CDN) \u00e0 la Convention-cadre des Nations Unies sur les changements climatiques en vertu de l\u2019Accord de Paris soient de la plus grande qualit\u00e9. Cela dit, <a href=\"https:\/\/click.communication.rbc.com\/?qs=dda2bbd99e2ccad9dda779fc74f4937fc9f2dda7bb119c48f56a84ac11e6ae4181d7e795d6faa6e706cfd8bc0b7ff20edd3c20748318b7eb1f34783e25cc4c79\">le Canada a envoy\u00e9<\/a> son plan, s\u2019engageant \u00e0 r\u00e9duire ses \u00e9missions de 45 \u00e0 50\u00a0% par rapport aux niveaux de 2005 d\u2019ici 2035. Pour suivre les progr\u00e8s du Canada \u00e0 l\u2019\u00e9gard de son parcours vers la carboneutralit\u00e9, lisez notre bulletin annuel\u00a0<a href=\"https:\/\/www.rbc.com\/fr\/wp-content\/uploads\/sites\/5\/2025\/03\/actionclimatique25.pdf\">Action climatique\u00a02025<\/a>.<\/p>\n<p><span style=\"font-size: 18px;font-weight: 500\">\u2794<\/span> <strong>\u00c9nergie Est, Northern Gateway et \u00c9nergie\u00a0Saguenay de GNL. <\/strong>Les projets \u00e9nerg\u00e9tiques mis sur les tablettes depuis belle lurette refont surface puisque le sujet de l\u2019extraction des ressources et de leur livraison ailleurs qu\u2019aux \u00c9tats-Unis gagne en popularit\u00e9. Mais il faudrait que la r\u00e9glementation change pour que ces projets bougent. Greg\u00a0Ebel, chef de la direction d\u2019Enbridge et ancien porteur du projet d\u2019ol\u00e9oduc Northern Gateway entre l\u2019Alberta et la Colombie-Britannique, a indiqu\u00e9 qu\u2019il faudrait de \u00ab\u00a0v\u00e9ritables changements\u00a0\u00bb de la part des gouvernements pour que le projet reprenne. Il faudrait notamment que les lois changent, entre autres que le <a href=\"https:\/\/click.communication.rbc.com\/?qs=dda2bbd99e2ccad9ba921d894f02c07c5f5ed3ff8136d5fbfa71356dcd2a304a3d57f3f0eb7cd52692d1739c8f0fc6eb2b44486cf71b98cf3a32b3dc947b76b7\">Projet de loi\u00a0C-69<\/a>, aussi appel\u00e9 la \u00ab\u00a0loi antipipeline\u00a0\u00bb par ses d\u00e9tracteurs, soit abrog\u00e9. <a href=\"https:\/\/click.communication.rbc.com\/?qs=dda2bbd99e2ccad93ea2f284371b2c04ec9b4d48535a8c355b2fad397e16834f8ac0ca1ea18de76131186d157154bf1666f7eda621220b8b05373b2efb5030b6\">Fran\u00e7ois Poirier, chef de la direction de TC\u00a0\u00c9nergie<\/a>, qui a propos\u00e9 le projet d\u2019ol\u00e9oduc \u00c9nergie Est reliant l\u2019Alberta \u00e0 la c\u00f4te Est en 2013, a d\u00e9clar\u00e9 que les projets canadiens sont en concurrence avec les autres occasions de l\u2019<a href=\"https:\/\/click.communication.rbc.com\/?qs=dda2bbd99e2ccad93ea2f284371b2c04ec9b4d48535a8c355b2fad397e16834f8ac0ca1ea18de76131186d157154bf1666f7eda621220b8b05373b2efb5030b6\">entreprise<\/a> aux \u00c9tats-Unis et au Mexique. Mais une rapide r\u00e9vision du cadre r\u00e9glementaire, note M.\u00a0Poirier, signalerait la volont\u00e9 du Canada de mettre les projets en chantier.<\/p>\n<p><span style=\"font-size: 18px;font-weight: 500\">\u2794<\/span> <strong>BP a modifi\u00e9 sa strat\u00e9gie. <\/strong>L\u2019entreprise \u00e9nerg\u00e9tique britannique a r\u00e9v\u00e9l\u00e9 qu\u2019elle remodelait ses activit\u00e9s \u00e0 faibles \u00e9missions de carbone en vue de les faire \u00ab\u00a0cro\u00eetre, <a href=\"https:\/\/click.communication.rbc.com\/?qs=dda2bbd99e2ccad9387ee9d5f4e8aaa3f4ce78c6ccebbb749eb129b2c664b6d6242f48c4a161bacb4e3e7f2f04455225951bd98ebebc11a116d95071fa8e14a9\">mais en engageant moins de capitaux<\/a>\u00a0\u00bb. Les analystes croient que cela entra\u00eenera la dilution des ambitions climatiques de l\u2019entreprise. Ayant perdu pr\u00e8s du quart de la valeur de son action au cours des deux\u00a0derni\u00e8res ann\u00e9es, BP est aussi la <a href=\"https:\/\/click.communication.rbc.com\/?qs=dda2bbd99e2ccad95cb9cabc8cc6ef6b868051c390496a0fe0ff6b8a5f079b53243880fd3e98aa47f3a0e7c339ca7799a27ed953718dd66fd8ccf518cdae9a2c\">cible d\u2019un investisseur militant<\/a>, qui fait partie des investisseurs aigris par les politiques de l\u2019ancien chef de la direction. Murray\u00a0Auchincloss, le nouveau chef de la direction et l\u2019un des principaux architectes de la strat\u00e9gie z\u00e9ro \u00e9mission nette de l\u2019ancien r\u00e9gime, est \u00e0 la t\u00eate du \u00ab\u00a0<a href=\"https:\/\/click.communication.rbc.com\/?qs=dda2bbd99e2ccad9bbba13fa4218c0bb4bf03efd0a98b359e1363c16add8588ff7f65b001a3c35c14a0a09519b571d9f63a451a2d99d484f70935fe8d8ab195a\">virage profond<\/a>\u00a0\u00bb de l\u2019entreprise.<\/p>\n<p><span style=\"font-size: 18px;font-weight: 500\">\u2794<\/span> <strong>De formidables id\u00e9es ont \u00e9t\u00e9 d\u00e9voil\u00e9es lors du lancement de notre rapport annuel sur les progr\u00e8s climatiques du Canada.<\/strong> Parmi les id\u00e9es avanc\u00e9es lors d\u2019un \u00e9v\u00e9nement tenu pour c\u00e9l\u00e9brer notre <a href=\"https:\/\/www.rbc.com\/fr\/wp-content\/uploads\/sites\/5\/2025\/03\/actionclimatique25.pdf\"><em>Action climatique\u00a02025\u00a0: Une ann\u00e9e de r\u00e9orientation<\/em><\/a>, nous en avons choisi cinq \u00e0 appliquer au cours des cinq\u00a0prochaines ann\u00e9es. Envoyez-moi un courriel, \u00e0 <a href=\"mailto:Yadullah.hussain@rbc.com\">Yadullah.hussain@rbc.com<\/a>, pour obtenir une copie\u00a0PDF du document.<\/p>\n<h3 class=\"sub-title\">Le plan de Carney<\/h3>\n<p>Parlons-nous d\u2019un plan d\u2019action sur le climat \u00e0 notre \u00e9poque\u00a0? Oui, tout \u00e0 fait. Mark\u00a0Carney, ancien gouverneur de deux\u00a0banques centrales du G7, et <a href=\"https:\/\/click.communication.rbc.com\/?qs=dda2bbd99e2ccad9502fff4c2d79ce2ce33caf0e88036dbbc51e02e5e15de262310fd70eb180674a2abfb57f101d4bcba9ee8a720812c08fd30106e7d844c314\">principal candidat<\/a> \u00e0 la chefferie du Parti lib\u00e9ral pour les prochaines \u00e9lections f\u00e9d\u00e9rales, nous a parl\u00e9 de certaines id\u00e9es pr\u00e9sent\u00e9es dans sa <a href=\"https:\/\/markcarney.ca\/fr\/medias\/2025\/01\/mark-carney-presents-plan-for-change-on-consumer-carbon-tax?\">plateforme<\/a> sur la fa\u00e7on d\u2019int\u00e9grer les <a href=\"https:\/\/markcarney.ca\/fr\/medias\/2025\/01\/mark-carney-presents-plan-for-change-on-consumer-carbon-tax?\">questions climatiques dans la politique \u00e9conomique<\/a>. Tout d\u2019abord, comme le chef conservateur Pierre\u00a0Poilievre, il souhaite abolir la taxe sur le carbone \u00e0 la consommation.<\/p>\n<p>Voici les grandes lignes de son \u00e9bauche de plan d\u2019action sur le climat\u00a0:<\/p>\n<p><span style=\"font-size: 18px;font-weight: 500\">\u2794<\/span> <strong>Renforcer la taxe sur le carbone pour les \u00e9metteurs industriels.<\/strong> M.\u00a0Carney veut raffiner le syst\u00e8me de tarification fond\u00e9 sur le rendement (STFR) et le prolonger jusqu\u2019en 2035, resserrant les rep\u00e8res pour conserver un bon signal du prix du carbone et abaisser l\u2019offre exc\u00e9dentaire de cr\u00e9dits. Le plan sous-entend \u00e9galement une collaboration entre les provinces. L\u2019an dernier, nous avons travaill\u00e9 avec <a href=\"https:\/\/leadershipavise.rbc.com\/competitivite-carbone-comment-les-politiques-climatique-et-commerciale-du-canada-peuvent-elles-sharmoniser\/?_gl=1*1jiz5vg*_gcl_au*MTM2OTYyMjcyNi4xNzQwNDk1NzAw*_ga*MTM5NTMwODEzMS4xNzQwNDk1Njk4*_ga_89NPCTDXQR*MTc0MDQ5NTY5Ny4xLjEuMTc0MDQ5NTkxNC42MC4wLjA.\">l\u2019Institut climatique du Canada et Clean Prosperity<\/a> pour d\u00e9terminer comment utiliser la tarification du carbone pour renforcer l\u2019avantage concurrentiel du pays.<\/p>\n<p><span style=\"font-size: 18px;font-weight: 500\">\u2794<\/span> <strong>Le plan regorge d\u2019incitatifs destin\u00e9s aux consommateurs. <\/strong>Parmi les id\u00e9es avanc\u00e9es, il y a le renforcement du Pr\u00eat canadien pour des maisons plus vertes, l\u2019augmentation des subventions pour les thermopompes et la mise en place d\u2019outils financiers de rechange, comme une assurance hypoth\u00e9caire \u00e0 prix r\u00e9duit pour les maisons \u00e9co\u00e9nerg\u00e9tiques. Le plan ne fournit aucun chiffre pour tous ces incitatifs et toutes ces subventions. Une autre id\u00e9e qui a attir\u00e9 notre attention\u00a0: l\u2019utilisation de la technologie pour \u00e9valuer en temps r\u00e9el l\u2019efficacit\u00e9 \u00e9nerg\u00e9tique r\u00e9sidentielle pour favoriser l\u2019adoption de d\u00e9cisions plus intelligentes en mati\u00e8re de consommation \u00e9nerg\u00e9tique. (Nous avons aussi \u00e9crit un article <a href=\"https:\/\/leadershipavise.rbc.com\/virage-energetique-comment-lontario-peut-reduire-sa-facture-delectricite-de-450-milliards-de-dollars\/?_gl=1*2r5vn8*_gcl_au*MTM2OTYyMjcyNi4xNzQwNDk1NzAw*_ga*MTM5NTMwODEzMS4xNzQwNDk1Njk4*_ga_89NPCTDXQR*MTc0MDQ5NTY5Ny4xLjEuMTc0MDQ5NTk1NC4yMC4wLjA.\">\u00e0 ce sujet<\/a>.)<\/p>\n<p><span style=\"font-size: 18px;font-weight: 500\">\u2794 <\/span><strong><span lang=\"FR-CA\" style=\"font-family: 'Arial',sans-serif;color: black\">Mobiliser des capitaux. <\/span><\/strong><span lang=\"FR-CA\" style=\"color: black\">Il est difficile de mobiliser des capitaux quand la menace de droits de douane et les regards durs de nos voisins du Sud rendent les investisseurs nerveux. Selon le plan, il faudrait enfin finaliser la taxonomie de transition du Canada qui a \u00e9t\u00e9 annul\u00e9e depuis trop longtemps. \u00ab\u00a0Rendre obligatoire une large diffusion de l\u2019information sur les risques climatiques pour les entreprises \u00e0 travers le Canada\u00a0\u00bb constitue une autre mesure qui sera difficile \u00e0 r\u00e9aliser \u00e0 une \u00e9poque o\u00f9 les \u00c9tats-Unis s\u2019attaquent activement aux entreprises qui respectent les r\u00e8gles sur le climat.<\/span><\/p>\n<p><a href=\"https:\/\/www.chrystiafreeland.ca\/fr\/newsroom\/making-canada-an-energy-superpower\">Chrystia\u00a0Freeland<\/a>, la rivale lib\u00e9rale de Carney et ancienne vice-premi\u00e8re minist\u00e8re, a aussi un programme pour transformer le Canada en \u00ab\u00a0superpuissance \u00e9nerg\u00e9tique\u00a0\u00bb gr\u00e2ce \u00e0 d\u2019importants cr\u00e9dits d\u2019imp\u00f4t \u00e0 l\u2019investissement \u00e9conomique.<\/p>\n<p>Si elle devait devenir la Premi\u00e8re ministre, Mme\u00a0Freeland a promis de \u00ab\u00a0redoubler d\u2019efforts\u00a0\u00bb pour commercialiser l\u2019\u00e9nergie et les ressources canadiennes et construire des ol\u00e9oducs entre l\u2019Ouest et l\u2019Est pour r\u00e9duire la d\u00e9pendance du Canada \u00e0 l\u2019\u00e9gard des \u00c9tats-Unis et garantir la souverainet\u00e9 du pays en mati\u00e8re d\u2019\u00e9nergie. De fa\u00e7on critique, son gouvernement acc\u00e9l\u00e9rerait l\u2019approbation chaque ann\u00e9e de 10\u00a0projets d\u2019importance r\u00e9gionale, dont trois doivent \u00eatre des projets relatifs aux min\u00e9raux critiques.<\/p>\n<p>Nous continuerons de surveiller les plateformes en mati\u00e8re de climat et d\u2019\u00e9nergie des autres candidats et des autres partis, et vous les r\u00e9sumerons d\u2019ici les \u00e9lections f\u00e9d\u00e9rales.<\/p>\n<h3 class=\"sub-title\">INDICATEUR TRUMP<\/h3>\n<p>Voici un aper\u00e7u des d\u00e9clarations, des arr\u00eat\u00e9s, des actions et des envol\u00e9es du Pr\u00e9sident am\u00e9ricain Donald\u00a0Trump et de son administration qui pourraient avoir des r\u00e9percussions sur les tendances et les politiques en mati\u00e8re de climat.<\/p>\n<p><span style=\"font-size: 18px;font-weight: 500\">\u2794<\/span> <strong>Mesure\u00a01\u00a0:<\/strong> Les \u00c9tats-Unis ont approuv\u00e9 une proposition du <a href=\"https:\/\/click.communication.rbc.com\/?qs=dda2bbd99e2ccad98ac9bdd85b8a71f701439eec886fefb68afcead0ef094e9a2ab2923d6093309adb09eacab596a97997aee9e67db6b1cd9cf273a496c02419\">plus important exploitant de r\u00e9seau du pays<\/a> visant la construction de 50\u00a0nouvelles centrales de production d\u2019\u00e9nergie.<\/p>\n<p><span style=\"font-size: 18px;font-weight: 500\">\u2794<\/span> <strong>Incidences\u00a0: <\/strong>Suppos\u00e9ment agnostique aux sources d\u2019\u00e9nergie, le projet devrait favoriser le gaz naturel, consid\u00e9r\u00e9 comme plus fiable que les \u00e9nergies \u00e9olienne et solaire, pour r\u00e9pondre aux besoins urgents en \u00e9nergie. Les promoteurs d\u2019installations aux \u00e9nergies renouvelables et les groupes environnementalistes croient que les 50\u00a0nouvelles centrales \u00ab\u00a0contourneront la file d\u2019attente\u00a0\u00bb, ce qui retardera encore plus la construction de nouvelles fermes \u00e9oliennes et solaires.<\/p>\n<p><span style=\"font-size: 18px;font-weight: 500\">\u2794<\/span> <strong>Mesure\u00a02\u00a0:<\/strong> Une d\u00e9fenseur de l\u2019industrie p\u00e9trogazi\u00e8re a \u00e9t\u00e9 nomm\u00e9e \u00e0 la t\u00eate du Bureau of Land Management.<\/p>\n<p><span style=\"font-size: 18px;font-weight: 500\">\u2794<\/span> <strong>Incidences\u00a0:<\/strong> Si la nomination est approuv\u00e9e, <a href=\"https:\/\/click.communication.rbc.com\/?qs=dda2bbd99e2ccad92f149e68c1f90755734c6a51e801cb7201678154f8257033adad4db348c1feed5125b3b016d124a92d374c845db2713403332d49044a8fb7\">Kathleen\u00a0Sgamma<\/a> aura la responsabilit\u00e9 de g\u00e9rer les activit\u00e9s de p\u00e2turage, d\u2019exploitation foresti\u00e8re, de forage et de conservation de la faune sur des terres publiques de 245\u00a0millions\u00a0d\u2019acres. Le r\u00f4le est consid\u00e9r\u00e9 comme faisant partie de la vision de \u00ab\u00a0domination \u00e9nerg\u00e9tique\u00a0\u00bb de la Maison-Blanche qui repose davantage sur les \u00e9nergies conventionnelles que les \u00e9nergies renouvelables.<\/p>\n<p><span style=\"font-size: 18px;font-weight: 500\">\u2794<\/span> <strong>Mesure\u00a03\u00a0: <\/strong>Le jour o\u00f9 Doug\u00a0Burgum a \u00e9t\u00e9 nomm\u00e9 Secr\u00e9taire \u00e0 l\u2019Int\u00e9rieur, il a r\u00e9dig\u00e9 plusieurs d\u00e9crets qui auront des r\u00e9percussions directes sur les \u00e9missions de dioxyde de carbone. Bien que la \u00ab\u00a0prosp\u00e9rit\u00e9 gr\u00e2ce \u00e0 la d\u00e9r\u00e9glementation\u00a0\u00bb et la reprise des concessions offshore de p\u00e9trole et de gaz dans plusieurs r\u00e9gions figurent parmi les principaux d\u00e9crets sign\u00e9s par le Secr\u00e9taire d\u00e8s le premier\u00a0jour de son mandat, un autre point nous a saut\u00e9 aux yeux\u00a0: la prise de mesures pour prioriser la mise \u00e0 jour de la liste am\u00e9ricaine des <a href=\"https:\/\/click.communication.rbc.com\/?qs=dda2bbd99e2ccad91764fd060e459e9901403ea6f4f0a24d199d4b4ee99f211782c3920201f7f30d943f56058beb6d607b1edf0f2b49998a56097b4ca9bdf264\">rel\u00e8vements g\u00e9ologiques<\/a> des min\u00e9raux critiques et l\u2019acc\u00e9l\u00e9ration de la cartographie g\u00e9ologique continue du pays.<\/p>\n<p><span style=\"font-size: 18px;font-weight: 500\">\u2794<\/span> <strong>Incidences\u00a0:<\/strong> Du Groenland au Canada, la nouvelle (qui a eu un mois aujourd\u2019hui!) administration am\u00e9ricaine consid\u00e8re les min\u00e9raux critiques comme un prix tr\u00e8s pr\u00e9cieux. Le Premier ministre <a href=\"https:\/\/click.communication.rbc.com\/?qs=dda2bbd99e2ccad95838d3463bb1b7b5a7358b65cb6b95035e0d764806aa022c3d1d5196a4c9cc80db900b4ca53654d7e7de27909d6aac36609c222c4b897de6\">Justin\u00a0Trudeau<\/a> a m\u00eame sugg\u00e9r\u00e9 que les min\u00e9raux critiques seraient derri\u00e8re les menaces des \u00c9tats-Unis d\u2019annexer le Canada par la \u00ab\u00a0force \u00e9conomique\u00a0\u00bb.<\/p>\n<p><span style=\"font-size: 18px;font-weight: 500\">\u2794<\/span> <strong>Mesure\u00a04\u00a0:<\/strong> Les pailles en plastique sont de retour, au d\u00e9triment des pailles en carton, selon un nouveau d\u00e9cret ex\u00e9cutif pr\u00e9sidentiel.<\/p>\n<p class=\"left-copy\" style=\"margin: 0in 0in 3.75pt 0in\"><strong><span lang=\"FR-CA\" style=\"font-family: 'Arial',sans-serif;color: black\">Incidences\u00a0:<\/span><\/strong><span lang=\"FR-CA\" style=\"color: black\"> \u00ab\u00a0Je ne pense pas que le plastique va affecter un requin quand il mange ou qu\u2019il se fraye un chemin dans l\u2019oc\u00e9an\u00a0\u00bb, a dit M.\u00a0<\/span><span lang=\"FR-CA\"><a href=\"https:\/\/click.communication.rbc.com\/?qs=dda2bbd99e2ccad99cf7343831ed67b3cff5a28c9d01323b0fdcdf600e65c8a7e81c73bcb5b72f0ae81dfc8aa1d17646584a55d8e9470938e0d3957096ea8517\" target=\"_blank\" rel=\"noopener\">Trump<\/a><span style=\"color: black\">.<\/span><\/span><\/p>\n<p>Ouf&#8230; Nous sommes convaincus d\u2019en avoir manqu\u00e9 quelques-unes. Signalez-nous toute r\u00e9glementation ou tout d\u00e9cret pertinent et nous tenterons de l\u2019inclure dans le prochain num\u00e9ro.<\/p>\n<h3 class=\"sub-title\">Espace commercial<\/h3>\n<p>Aujourd\u2019hui, il est impossible de parler de climat sans parler de commerce. L<a href=\"https:\/\/leadershipavise.rbc.com\/espace-commercial-perspectives-sur-la-facon-dont-le-canada-peut-rendre-son-economie-resiliente-et-lamerique-du-nord-plus-solide\/?_gl=1*1j3iiv2*_gcl_au*MTM2OTYyMjcyNi4xNzQwNDk1NzAw*_ga*MTM5NTMwODEzMS4xNzQwNDk1Njk4*_ga_89NPCTDXQR*MTc0MDQ5NTY5Ny4xLjEuMTc0MDQ5NjA3Mi4zLjAuMA..\">\u2019Espace commercial<\/a>, une nouvelle plateforme num\u00e9rique de RBC, vise \u00e0 mettre en \u00e9vidence les occasions qui se pr\u00e9sentent pour le Canada sur le plan \u00e9conomique et qui reposent sur l\u2019\u00e9nergie et la s\u00e9curit\u00e9 nationale. Nous examinerons plusieurs domaines cl\u00e9s dans lesquels le Canada peut tirer parti de ses atouts, notamment l\u2019agriculture, l\u2019\u00e9nergie, les min\u00e9raux critiques et les cha\u00eenes logistiques de fabrication, ainsi que les r\u00e9glementations et les politiques qui stimulent les investissements dans le pays.<\/p>\n<h3 class=\"sub-title\">Lisez nos plus r\u00e9centes perspectives ici :<\/h3>\n<p><span style=\"font-size: 18px;font-weight: 500\">\u2794 <a href=\"https:\/\/leadershipavise.rbc.com\/ingeniosite-comment-le-canada-sy-prendra-t-il-pour-conclure-des-contrats-de-marchandises-avec-les-etats-unis-et-dautres-pays\/?_gl=1*wlh6xk*_gcl_au*MTM2OTYyMjcyNi4xNzQwNDk1NzAw*_ga*MTM5NTMwODEzMS4xNzQwNDk1Njk4*_ga_89NPCTDXQR*MTc0MDQ5NTY5Ny4xLjEuMTc0MDQ5NjEwNS4zNi4wLjA.\">Ing\u00e9niosit\u00e9 : Comment le Canada s\u2019y prendra-t-il pour conclure des contrats de marchandises avec les \u00c9tats-Unis et d\u2019autres pays\u00a0<\/a><\/span><\/p>\n<p><span style=\"font-size: 18px;font-weight: 500\">\u2794 <a href=\"https:\/\/leadershipavise.rbc.com\/plan-de-match-pour-mesurer-limpact-dun-choc-tarifaire-au-canada\/?_gl=1*tr9j9j*_gcl_au*MTM2OTYyMjcyNi4xNzQwNDk1NzAw*_ga*MTM5NTMwODEzMS4xNzQwNDk1Njk4*_ga_89NPCTDXQR*MTc0MDQ5NTY5Ny4xLjEuMTc0MDQ5NjEzNS42LjAuMA..\">Plan de match pour mesurer l\u2019impact d\u2019un choc tarifaire au Canada<\/a><\/span><\/p>\n<p><span style=\"font-size: 18px;font-weight: 500\">\u2794 <a href=\"https:\/\/leadershipavise.rbc.com\/50-facons-de-quitter-votre-partenaire-evaluer-les-repercussions-dune-rupture-des-echanges-commerciaux\/\">50 ways to leave your lover: Sizing the impact of a trade breakup (50 fa\u00e7ons de quitter votre partenaire : \u00e9valuer les r\u00e9percussions d\u2019une rupture des \u00e9changes commerciaux)<\/a><\/span><\/p>\n<h3 class=\"sub-title\">Au cas o\u00f9 vous l\u2019auriez manqu\u00e9<\/h3>\n<p><span style=\"font-size: 18px;font-weight: 500\">\u2794<\/span> How each country\u2019s emissions and climate goals compare\u2014a handy guide (Comment les \u00e9missions et les objectifs climatiques de chaque pays se comparent-ils ? \u2013 Un guide pratique)<\/p>\n<p><span style=\"font-size: 18px;font-weight: 500\">\u2794<\/span> <a href=\"https:\/\/institutclimatique.ca\/reports\/risques-a-nos-portes\/\">Construire de nouveaux logements \u00e0 l\u2019abri des impacts climatiques<\/a><\/p>\n<p><span style=\"font-size: 18px;font-weight: 500\">\u2794<\/span> What are Ukraine\u2019s critical minerals \u2013 and why does Trump want them? (Quels sont les min\u00e9raux critiques de l\u2019Ukraine \u2013 Et pourquoi Trump les veut-il ?)<\/p>\n<p><span style=\"font-size: 18px;font-weight: 500\">\u2794<\/span> Climate aid projects fighting extremism and unrest are closing down (Les projets sur le climat qui luttent contre l\u2019extr\u00e9misme et les troubles sont arr\u00eat\u00e9s)<\/p>\n<p><span style=\"font-size: 18px;font-weight: 500\">\u2794<\/span> Don\u2019t say climate: how cleantech is rebranding as national security in the Trump era (Ne parlez pas de climat : Comment les technologies propres se positionnent en tant que s\u00e9curit\u00e9 nationale dans l\u2019\u00e8re Trump)<\/p>\n<h3 class=\"sub-title\">L\u2019institut \u00e0 l\u2019\u0153uvre<\/h3>\n<p><span style=\"font-size: 18px;font-weight: 500\">\u2794<\/span> Chef de l\u2019Institut, <a href=\"https:\/\/click.communication.rbc.com\/?qs=dda2bbd99e2ccad912bb91a10239ffe1fbfc1b23f69a386112ff05794217bff2cfc17f100e601844e7ca15f6126b181f518f78c266acdda68ade7eeea9e1dff6\">John\u00a0Stackhouse<\/a> si\u00e9gera sur un panel \u00e0 la r\u00e9union annuelle g\u00e9n\u00e9rale de la <a href=\"https:\/\/www.cfa-fca.ca\/fr\/assemblee-generale-annuelle-2025-de-la-fca\/\">F\u00e9d\u00e9ration canadienne de l\u2019agriculture<\/a> qui aura lieu les 25 et 26\u00a0f\u00e9vrier \u00e0 Ottawa. Mod\u00e9r\u00e9 par Tyler\u00a0McCann, directeur g\u00e9n\u00e9ral \u00e0 l\u2019Institut canadien des politiques agroalimentaires, le panel sur <em>la place du Canada dans le monde<\/em> se penchera sur l\u2019\u00e9volution des dynamiques commerciales et g\u00e9opolitiques et les r\u00e9percussions de celles-ci sur les politiques \u00e9trang\u00e8res et commerciales du Canada, et tout particuli\u00e8rement ce que cela sous-tend pour l\u2019agriculture canadienne.<\/p>\n<p><span style=\"font-size: 18px;font-weight: 500\">\u2794<\/span> L\u2019\u00e9conomiste <a href=\"https:\/\/click.communication.rbc.com\/?qs=dda2bbd99e2ccad97e2291be2055f8a6e9a745bdec1ef59aa587d2e8914b9eeee74760aecb24b01aa9a7a6be53018008a0b2e1463b4d0e49b2789100a4ce645c\">Farhad\u00a0Panahov<\/a> est all\u00e9 au salon international de l\u2019auto du Canada\u00a02025. Restez \u00e0 l\u2019aff\u00fbt! \u00c0 venir bient\u00f4t\u00a0: ses plus r\u00e9cents commentaires sur les tendances en mati\u00e8re de demande de V\u00c9 au Canada.<\/p>\n<div class=\"box\">\n<p>Cr\u00e9\u00e9 par <strong>Yadullah Hussain<\/strong>, Directeur de r\u00e9daction, RBC Institut d\u2019action climatique.<\/p>\n<p><em>le bulletin Bouleversements climatiques ne pourrait pas exister sans la collaboration de <\/em><a href=\"https:\/\/www.linkedin.com\/in\/john-stackhouse-a113419\/\"><em>John Stackhouse<\/em><\/a><em>, <\/em><a href=\"https:\/\/www.linkedin.com\/in\/myhatruong-regan\/\"><em>Myha Truong-Regan<\/em><\/a><em>, <\/em><a href=\"https:\/\/www.linkedin.com\/in\/sarah-pendrith-26b65621\/\"><em>Sarah Pendrith<\/em><\/a><em>, <\/em><a href=\"https:\/\/www.linkedin.com\/in\/panahov\/\"><em>Farhad Panahov<\/em><\/a><em>, <\/em><a href=\"https:\/\/www.linkedin.com\/in\/lisa-ashton-a78b6656\/\"><em>Lisa Ashton<\/em><\/a><em>, <\/em><a href=\"https:\/\/www.linkedin.com\/in\/shazmerwat\/\"><em>Shaz Merwat<\/em><\/a><em>, <\/em><a href=\"https:\/\/www.linkedin.com\/in\/vivan-sorab-4a503623\/\"><em>Vivan Sorab<\/em><\/a><em>, <\/em><a href=\"https:\/\/www.linkedin.com\/in\/capricebiasoni\/\"><em>Caprice Biasoni<\/em><\/a><em> et <\/em><a href=\"https:\/\/www.linkedin.com\/in\/frances-dawson-58743142\/\"><em>Frances Dawson<\/em><\/a><em>.<\/em><\/p>\n<p><em>Avez-vous des commentaires, des f\u00e9licitations ou, euh, des critiques \u00e0 faire\u00a0? <\/em><em>\u00c9crivez-moi \u00e0 (<\/em><a href=\"mailto:yadullahhussain@rbc.com\">mailto:yadullahhussain@rbc.com<\/a><em>).<\/em><\/p>\n<div class=\"sign-up-box\">\n<h2 class=\"text-center\" id=\"bulletin-dinformation-sur-le-climat\">Bulletin d\u2019information sur le climat<\/h2>\n<p class=\"text-center\"><a class=\"btn tertiary\" role=\"button\" href=\"https:\/\/www.rbc.com\/climate-action-institute\/subscribe.html\" target=\"_blank\" rel=\"noopener noreferrer\" data-dig-action=\"mid-funnel click\" data-dig-label=\"Climate Signals\">s&rsquo;inscrire<\/a><\/p>\n<\/div>\n<\/div>\n<style class=\"advgb-styles-renderer\"><span data-mce-type=\"bookmark\" style=\"width: 0px;overflow: hidden;line-height: 0\" class=\"mce_SELRES_start\">\ufeff<\/span>.list-sp{margin: 0!important; padding: 0!important;display:table;} .list-sp li{list-style:none;float:left;width:96%;}.list-sp li:first-child{width:4%;} .box{background:#f4f8f9; padding:30px; margin-bottom:30px;}h2.top-title{margin-top:0;}section .section-inner {padding-bottom: 10px;padding-top:10px;}audio, canvas, progress, video {}p.chart-title{font-weight: 500; color: #588886!important;text-align: center;line-height: 1.2;margin: 40px auto 5px auto;font-size: 25px;}p.chart-subtitle{font-weight:500;text-align:center;color:#899299;font-size:18px;}.source-text {font-size: 14px;text-align: center;line-height: 1.2;}<span data-mce-type=\"bookmark\" style=\"width: 0px;overflow: hidden;line-height: 0\" class=\"mce_SELRES_start\">\ufeff<\/span>.icon-sm{width: 10%!important;margin: 0 10px 0 0}.upper-case{text-transform: uppercase;}.collapse-toggle{font-size: 18px;}table tr td, table tr th {border: 1px solid black;}table{border-bottom: none; margin-bottom: 0px;}.mar40bot{margin-bottom:40px;}.fn-sm{font-size:14px;margin-top:20px;}.title-sm-fn{font-size:30px;} h3.sub-title{font-size:30px; font-weight: 500;margin-top:50px;}.stock-list{margin: 0;padding: 0;float: left;}.stock-list li{list-style:none; float:left; padding:20px;}.stock-list li:first-child{width:15%;padding-top: 32px;text-align:right;}.stock-list li:last-child{width:85%;}.per-cont{font-size: 30px;font-weight: 500;}.mar50top{margin-top: 50px;}.sign-up-box{margin: 30px 0;border: 1px solid #588785;padding: 20px 20px;}.mar20tb{margin: 20px 0 50px 0;}.accordion{margin:0;}.accordion .accordion-panel, .accordion .panel{border-bottom:none; padding: 7px 0 0 0;} .accordion-panel p{margin-bottom: 7px;}.img-building{width:50%!important;}.btn:not(.tablesaw-nav-btn).tertiary {background-color: #006ac3; color: #fff!important;box-shadow: inset 0 0 0 1px #006ac3;padding: 16px 40px;border-radius: 6px;}.mar20bt{20px 0;}.image-sm{width:50%!important;}.fl_r{float:right;margin:0 0 30px 30px;}.fl_l{float:left;margin:0 30px 20px 0;}@media screen and (max-width: 640px){.image-sm{width:100%!important;}h3.sub-title {line-height: 1.3;}.stock-list li:first-child {width: 100%; text-align: center; padding: 30px 0 10px 0;}.stock-list li:last-child {width: 100%;}.stock-list li {padding: 0;margin: 0;}}@media only screen and (min-width: 1024px) {}@media only screen and (min-width: 1200px){}@media only screen and (min-width: 1276px){}@media screen and (min-width: 2501px) and (max-width: 4000px) {}<\/style>\n","protected":false},"excerpt":{"rendered":"<p>La plupart des pays n\u2019ont pas fait leurs devoirs li\u00e9s aux changements climatiques, Pratiquement la totalit\u00e9 (95 %) des pays n\u2019a pas respect\u00e9<\/p>\n","protected":false},"author":300,"featured_media":5598,"parent":0,"menu_order":0,"template":"","meta":{"_acf_changed":false,"disable_focal_point":true,"featured_image_focal_point":{"x":0.5,"y":0.5},"advgb_blocks_editor_width":"","advgb_blocks_columns_visual_guide":"","footnotes":""},"rbc_tl_category":[143,135],"rbc_tl_tag":[],"class_list":["post-5597","rbc_tl","type-rbc_tl","status-publish","has-post-thumbnail","hentry","rbc_tl_category-bouleversements-climatiques","rbc_tl_category-institut-action-climatique"],"acf":[],"yoast_head":"<!-- This site is optimized with the Yoast SEO Premium plugin v27.2 (Yoast SEO v27.2) - https:\/\/yoast.com\/product\/yoast-seo-premium-wordpress\/ -->\n<title>Bouleversements climatiques: Plan climatique pendant l\u2019\u00e8re Trump - RBC<\/title>\n<meta name=\"description\" content=\"La plupart des pays n\u2019ont pas fait leurs devoirs li\u00e9s aux changements climatiques, Pratiquement la totalit\u00e9 (95 %) des pays n\u2019a pas respect\u00e9\" \/>\n<meta name=\"robots\" content=\"index, follow, max-snippet:-1, max-image-preview:large, max-video-preview:-1\" \/>\n<link rel=\"canonical\" href=\"https:\/\/www.rbc.com\/fr\/leadership-avise\/institut-action-climatique\/bouleversements-climatiques\/bouleversements-climatiques-plan-climatique-pendant-lere-trump\/\" \/>\n<meta property=\"og:locale\" content=\"fr_FR\" \/>\n<meta property=\"og:type\" content=\"article\" \/>\n<meta property=\"og:title\" content=\"Bouleversements climatiques: Plan climatique pendant l\u2019\u00e8re Trump\" \/>\n<meta property=\"og:description\" content=\"La plupart des pays n\u2019ont pas fait leurs devoirs li\u00e9s aux changements climatiques, Pratiquement la totalit\u00e9 (95 %) des pays n\u2019a pas respect\u00e9\" \/>\n<meta property=\"og:url\" content=\"https:\/\/www.rbc.com\/fr\/leadership-avise\/institut-action-climatique\/bouleversements-climatiques\/bouleversements-climatiques-plan-climatique-pendant-lere-trump\/\" \/>\n<meta property=\"og:site_name\" content=\"RBC\" \/>\n<meta property=\"article:modified_time\" content=\"2026-03-26T15:06:23+00:00\" \/>\n<meta property=\"og:image\" content=\"https:\/\/www.rbc.com\/fr\/wp-content\/uploads\/sites\/5\/2025\/03\/CLIMATE-CRUNCH-2.20-BOG-IMAGE_Banner-wide-scaled-1.jpg?quality=80\" \/>\n\t<meta property=\"og:image:width\" content=\"2560\" \/>\n\t<meta property=\"og:image:height\" content=\"1236\" \/>\n\t<meta property=\"og:image:type\" content=\"image\/jpeg\" \/>\n<meta name=\"twitter:card\" content=\"summary_large_image\" \/>\n<meta name=\"twitter:label1\" content=\"Est. reading time\" \/>\n\t<meta name=\"twitter:data1\" content=\"11 minutes\" \/>\n<script type=\"application\/ld+json\" class=\"yoast-schema-graph\">{\"@context\":\"https:\/\/schema.org\",\"@graph\":[{\"@type\":\"WebPage\",\"@id\":\"https:\/\/www.rbc.com\/fr\/leadership-avise\/institut-action-climatique\/bouleversements-climatiques\/bouleversements-climatiques-plan-climatique-pendant-lere-trump\/\",\"url\":\"https:\/\/www.rbc.com\/fr\/leadership-avise\/institut-action-climatique\/bouleversements-climatiques\/bouleversements-climatiques-plan-climatique-pendant-lere-trump\/\",\"name\":\"Bouleversements climatiques: Plan climatique pendant l\u2019\u00e8re Trump - RBC\",\"isPartOf\":{\"@id\":\"https:\/\/www.rbc.com\/fr\/#website\"},\"primaryImageOfPage\":{\"@id\":\"https:\/\/www.rbc.com\/fr\/leadership-avise\/institut-action-climatique\/bouleversements-climatiques\/bouleversements-climatiques-plan-climatique-pendant-lere-trump\/#primaryimage\"},\"image\":{\"@id\":\"https:\/\/www.rbc.com\/fr\/leadership-avise\/institut-action-climatique\/bouleversements-climatiques\/bouleversements-climatiques-plan-climatique-pendant-lere-trump\/#primaryimage\"},\"thumbnailUrl\":\"https:\/\/www.rbc.com\/fr\/wp-content\/uploads\/sites\/5\/2025\/03\/CLIMATE-CRUNCH-2.20-BOG-IMAGE_Banner-wide-scaled-1.jpg?quality=80\",\"datePublished\":\"2025-02-20T17:01:11+00:00\",\"dateModified\":\"2026-03-26T15:06:23+00:00\",\"description\":\"La plupart des pays n\u2019ont pas fait leurs devoirs li\u00e9s aux changements climatiques, Pratiquement la totalit\u00e9 (95 %) des pays n\u2019a pas respect\u00e9\",\"inLanguage\":\"fr-FR\",\"potentialAction\":[{\"@type\":\"ReadAction\",\"target\":[\"https:\/\/www.rbc.com\/fr\/leadership-avise\/institut-action-climatique\/bouleversements-climatiques\/bouleversements-climatiques-plan-climatique-pendant-lere-trump\/\"]}]},{\"@type\":\"ImageObject\",\"inLanguage\":\"fr-FR\",\"@id\":\"https:\/\/www.rbc.com\/fr\/leadership-avise\/institut-action-climatique\/bouleversements-climatiques\/bouleversements-climatiques-plan-climatique-pendant-lere-trump\/#primaryimage\",\"url\":\"https:\/\/www.rbc.com\/fr\/wp-content\/uploads\/sites\/5\/2025\/03\/CLIMATE-CRUNCH-2.20-BOG-IMAGE_Banner-wide-scaled-1.jpg?quality=80\",\"contentUrl\":\"https:\/\/www.rbc.com\/fr\/wp-content\/uploads\/sites\/5\/2025\/03\/CLIMATE-CRUNCH-2.20-BOG-IMAGE_Banner-wide-scaled-1.jpg?quality=80\",\"width\":2560,\"height\":1236},{\"@type\":\"WebSite\",\"@id\":\"https:\/\/www.rbc.com\/fr\/#website\",\"url\":\"https:\/\/www.rbc.com\/fr\/\",\"name\":\"RBC\",\"description\":\"\",\"potentialAction\":[{\"@type\":\"SearchAction\",\"target\":{\"@type\":\"EntryPoint\",\"urlTemplate\":\"https:\/\/www.rbc.com\/fr\/?s={search_term_string}\"},\"query-input\":{\"@type\":\"PropertyValueSpecification\",\"valueRequired\":true,\"valueName\":\"search_term_string\"}}],\"inLanguage\":\"fr-FR\"}]}<\/script>\n<!-- \/ Yoast SEO Premium plugin. -->","yoast_head_json":{"title":"Bouleversements climatiques: Plan climatique pendant l\u2019\u00e8re Trump - RBC","description":"La plupart des pays n\u2019ont pas fait leurs devoirs li\u00e9s aux changements climatiques, Pratiquement la totalit\u00e9 (95 %) des pays n\u2019a pas respect\u00e9","robots":{"index":"index","follow":"follow","max-snippet":"max-snippet:-1","max-image-preview":"max-image-preview:large","max-video-preview":"max-video-preview:-1"},"canonical":"https:\/\/www.rbc.com\/fr\/leadership-avise\/institut-action-climatique\/bouleversements-climatiques\/bouleversements-climatiques-plan-climatique-pendant-lere-trump\/","og_locale":"fr_FR","og_type":"article","og_title":"Bouleversements climatiques: Plan climatique pendant l\u2019\u00e8re Trump","og_description":"La plupart des pays n\u2019ont pas fait leurs devoirs li\u00e9s aux changements climatiques, Pratiquement la totalit\u00e9 (95 %) des pays n\u2019a pas respect\u00e9","og_url":"https:\/\/www.rbc.com\/fr\/leadership-avise\/institut-action-climatique\/bouleversements-climatiques\/bouleversements-climatiques-plan-climatique-pendant-lere-trump\/","og_site_name":"RBC","article_modified_time":"2026-03-26T15:06:23+00:00","og_image":[{"width":2560,"height":1236,"url":"https:\/\/www.rbc.com\/fr\/wp-content\/uploads\/sites\/5\/2025\/03\/CLIMATE-CRUNCH-2.20-BOG-IMAGE_Banner-wide-scaled-1.jpg?quality=80","type":"image\/jpeg"}],"twitter_card":"summary_large_image","twitter_misc":{"Est. reading time":"11 minutes"},"schema":{"@context":"https:\/\/schema.org","@graph":[{"@type":"WebPage","@id":"https:\/\/www.rbc.com\/fr\/leadership-avise\/institut-action-climatique\/bouleversements-climatiques\/bouleversements-climatiques-plan-climatique-pendant-lere-trump\/","url":"https:\/\/www.rbc.com\/fr\/leadership-avise\/institut-action-climatique\/bouleversements-climatiques\/bouleversements-climatiques-plan-climatique-pendant-lere-trump\/","name":"Bouleversements climatiques: Plan climatique pendant l\u2019\u00e8re Trump - RBC","isPartOf":{"@id":"https:\/\/www.rbc.com\/fr\/#website"},"primaryImageOfPage":{"@id":"https:\/\/www.rbc.com\/fr\/leadership-avise\/institut-action-climatique\/bouleversements-climatiques\/bouleversements-climatiques-plan-climatique-pendant-lere-trump\/#primaryimage"},"image":{"@id":"https:\/\/www.rbc.com\/fr\/leadership-avise\/institut-action-climatique\/bouleversements-climatiques\/bouleversements-climatiques-plan-climatique-pendant-lere-trump\/#primaryimage"},"thumbnailUrl":"https:\/\/www.rbc.com\/fr\/wp-content\/uploads\/sites\/5\/2025\/03\/CLIMATE-CRUNCH-2.20-BOG-IMAGE_Banner-wide-scaled-1.jpg?quality=80","datePublished":"2025-02-20T17:01:11+00:00","dateModified":"2026-03-26T15:06:23+00:00","description":"La plupart des pays n\u2019ont pas fait leurs devoirs li\u00e9s aux changements climatiques, Pratiquement la totalit\u00e9 (95 %) des pays n\u2019a pas respect\u00e9","inLanguage":"fr-FR","potentialAction":[{"@type":"ReadAction","target":["https:\/\/www.rbc.com\/fr\/leadership-avise\/institut-action-climatique\/bouleversements-climatiques\/bouleversements-climatiques-plan-climatique-pendant-lere-trump\/"]}]},{"@type":"ImageObject","inLanguage":"fr-FR","@id":"https:\/\/www.rbc.com\/fr\/leadership-avise\/institut-action-climatique\/bouleversements-climatiques\/bouleversements-climatiques-plan-climatique-pendant-lere-trump\/#primaryimage","url":"https:\/\/www.rbc.com\/fr\/wp-content\/uploads\/sites\/5\/2025\/03\/CLIMATE-CRUNCH-2.20-BOG-IMAGE_Banner-wide-scaled-1.jpg?quality=80","contentUrl":"https:\/\/www.rbc.com\/fr\/wp-content\/uploads\/sites\/5\/2025\/03\/CLIMATE-CRUNCH-2.20-BOG-IMAGE_Banner-wide-scaled-1.jpg?quality=80","width":2560,"height":1236},{"@type":"WebSite","@id":"https:\/\/www.rbc.com\/fr\/#website","url":"https:\/\/www.rbc.com\/fr\/","name":"RBC","description":"","potentialAction":[{"@type":"SearchAction","target":{"@type":"EntryPoint","urlTemplate":"https:\/\/www.rbc.com\/fr\/?s={search_term_string}"},"query-input":{"@type":"PropertyValueSpecification","valueRequired":true,"valueName":"search_term_string"}}],"inLanguage":"fr-FR"}]}},"parsely":{"version":"1.1.0","canonical_url":"https:\/\/rbc.com\/fr\/leadership-avise\/institut-action-climatique\/bouleversements-climatiques-plan-climatique-pendant-lere-trump\/","smart_links":{"inbound":0,"outbound":0},"traffic_boost_suggestions_count":0,"meta":{"@context":"https:\/\/schema.org","@type":"NewsArticle","headline":"Bouleversements climatiques: Plan climatique pendant l\u2019\u00e8re Trump","url":"http:\/\/www.rbc.com\/fr\/leadership-avise\/institut-action-climatique\/bouleversements-climatiques-plan-climatique-pendant-lere-trump\/","mainEntityOfPage":{"@type":"WebPage","@id":"http:\/\/www.rbc.com\/fr\/leadership-avise\/institut-action-climatique\/bouleversements-climatiques-plan-climatique-pendant-lere-trump\/"},"thumbnailUrl":"https:\/\/www.rbc.com\/fr\/wp-content\/uploads\/sites\/5\/2025\/03\/CLIMATE-CRUNCH-2.20-BOG-IMAGE_Banner-wide-scaled-1.jpg?quality=80&w=150&h=150&crop=1","image":{"@type":"ImageObject","url":"https:\/\/www.rbc.com\/fr\/wp-content\/uploads\/sites\/5\/2025\/03\/CLIMATE-CRUNCH-2.20-BOG-IMAGE_Banner-wide-scaled-1.jpg?quality=80"},"articleSection":"Uncategorized","author":[{"@type":"Person","name":"Shiplu Talukder"}],"creator":["Shiplu Talukder"],"publisher":{"@type":"Organization","name":"RBC","logo":""},"keywords":[],"dateCreated":"2025-02-20T17:01:11Z","datePublished":"2025-02-20T17:01:11Z","dateModified":"2026-03-26T15:06:23Z"},"rendered":"<script type=\"application\/ld+json\" class=\"wp-parsely-metadata\">{\"@context\":\"https:\\\/\\\/schema.org\",\"@type\":\"NewsArticle\",\"headline\":\"Bouleversements climatiques: Plan climatique pendant l\\u2019\\u00e8re Trump\",\"url\":\"http:\\\/\\\/www.rbc.com\\\/fr\\\/leadership-avise\\\/institut-action-climatique\\\/bouleversements-climatiques-plan-climatique-pendant-lere-trump\\\/\",\"mainEntityOfPage\":{\"@type\":\"WebPage\",\"@id\":\"http:\\\/\\\/www.rbc.com\\\/fr\\\/leadership-avise\\\/institut-action-climatique\\\/bouleversements-climatiques-plan-climatique-pendant-lere-trump\\\/\"},\"thumbnailUrl\":\"https:\\\/\\\/www.rbc.com\\\/fr\\\/wp-content\\\/uploads\\\/sites\\\/5\\\/2025\\\/03\\\/CLIMATE-CRUNCH-2.20-BOG-IMAGE_Banner-wide-scaled-1.jpg?quality=80&w=150&h=150&crop=1\",\"image\":{\"@type\":\"ImageObject\",\"url\":\"https:\\\/\\\/www.rbc.com\\\/fr\\\/wp-content\\\/uploads\\\/sites\\\/5\\\/2025\\\/03\\\/CLIMATE-CRUNCH-2.20-BOG-IMAGE_Banner-wide-scaled-1.jpg?quality=80\"},\"articleSection\":\"Uncategorized\",\"author\":[{\"@type\":\"Person\",\"name\":\"Shiplu Talukder\"}],\"creator\":[\"Shiplu Talukder\"],\"publisher\":{\"@type\":\"Organization\",\"name\":\"RBC\",\"logo\":\"\"},\"keywords\":[],\"dateCreated\":\"2025-02-20T17:01:11Z\",\"datePublished\":\"2025-02-20T17:01:11Z\",\"dateModified\":\"2026-03-26T15:06:23Z\"}<\/script>","tracker_url":"https:\/\/cdn.parsely.com\/keys\/rbc.com\/p.js"},"featured_img":"https:\/\/www.rbc.com\/fr\/wp-content\/uploads\/sites\/5\/2025\/03\/CLIMATE-CRUNCH-2.20-BOG-IMAGE_Banner-wide-scaled-1.jpg?quality=80&w=1024","coauthors":[],"author_meta":{"author_link":"https:\/\/www.rbc.com\/fr\/author\/shiplutalukder\/","display_name":"Shiplu Talukder"},"relative_dates":{"created":"Publi\u00e9 1 an il y a","modified":"Mis \u00e0 jour 1 mois il y a"},"absolute_dates":{"created":"Publi\u00e9 le 20 f\u00e9vrier 2025","modified":"Mise \u00e0 jour le 26 mars 2026"},"absolute_dates_time":{"created":"Publi\u00e9 le 20 f\u00e9vrier 2025 5:01  ","modified":"Mise \u00e0 jour le 26 mars 2026 3:06  "},"featured_img_caption":"","tax_additional":{"rbc_tl_category":{"linked":["<a href=\"https:\/\/www.rbc.com\/fr\/leadership-avise\/bouleversements-climatiques\/\" class=\"advgb-post-tax-term\">Bouleversements climatiques<\/a>","<a href=\"https:\/\/www.rbc.com\/fr\/leadership-avise\/institut-action-climatique\/\" class=\"advgb-post-tax-term\">Institut Action Climatique<\/a>"],"unlinked":["<span class=\"advgb-post-tax-term\">Bouleversements climatiques<\/span>","<span class=\"advgb-post-tax-term\">Institut Action Climatique<\/span>"],"slug":"rbc_tl_category","name":"Categories"},"rbc_tl_tag":{"linked":[],"unlinked":[],"slug":"rbc_tl_tag","name":"Tags"}},"series_order":"","_links":{"self":[{"href":"https:\/\/www.rbc.com\/fr\/wp-json\/wp\/v2\/rbc_tl\/5597","targetHints":{"allow":["GET"]}}],"collection":[{"href":"https:\/\/www.rbc.com\/fr\/wp-json\/wp\/v2\/rbc_tl"}],"about":[{"href":"https:\/\/www.rbc.com\/fr\/wp-json\/wp\/v2\/types\/rbc_tl"}],"author":[{"embeddable":true,"href":"https:\/\/www.rbc.com\/fr\/wp-json\/wp\/v2\/users\/300"}],"version-history":[{"count":1,"href":"https:\/\/www.rbc.com\/fr\/wp-json\/wp\/v2\/rbc_tl\/5597\/revisions"}],"predecessor-version":[{"id":14129,"href":"https:\/\/www.rbc.com\/fr\/wp-json\/wp\/v2\/rbc_tl\/5597\/revisions\/14129"}],"wp:featuredmedia":[{"embeddable":true,"href":"https:\/\/www.rbc.com\/fr\/wp-json\/wp\/v2\/media\/5598"}],"wp:attachment":[{"href":"https:\/\/www.rbc.com\/fr\/wp-json\/wp\/v2\/media?parent=5597"}],"wp:term":[{"taxonomy":"rbc_tl_category","embeddable":true,"href":"https:\/\/www.rbc.com\/fr\/wp-json\/wp\/v2\/rbc_tl_category?post=5597"},{"taxonomy":"rbc_tl_tag","embeddable":true,"href":"https:\/\/www.rbc.com\/fr\/wp-json\/wp\/v2\/rbc_tl_tag?post=5597"}],"curies":[{"name":"wp","href":"https:\/\/api.w.org\/{rel}","templated":true}]}}