{"id":5411,"date":"2025-01-15T16:13:14","date_gmt":"2025-01-15T16:13:14","guid":{"rendered":"https:\/\/www.rbc.com\/fr\/leadership-avise\/laction-climatique-racontee-par-des-photographes\/"},"modified":"2026-03-26T15:08:54","modified_gmt":"2026-03-26T15:08:54","slug":"laction-climatique-racontee-par-des-photographes","status":"publish","type":"rbc_tl","link":"https:\/\/www.rbc.com\/fr\/leadership-avise\/institut-action-climatique\/laction-climatique-racontee-par-des-photographes\/","title":{"rendered":"L\u2019action climatique racont\u00e9e par des photographes"},"content":{"rendered":"<p>Dans le cadre du rapport <em>Action climatique 2025<\/em>, nous avons lanc\u00e9 un appel national \u00e0 des photographes afin qu\u2019ils illustrent ce qui se fait dans diff\u00e9rents secteurs ou r\u00e9gions en mati\u00e8re d\u2019adaptation aux changements climatiques. Leurs images en d\u00e9crivent les effets concrets, parlent de cohabitation entre \u00e9tablissements industriels et milieux naturels ou montrent certaines des solutions mises en \u0153uvre. En comblant le foss\u00e9 entre la complexit\u00e9 des enjeux et notre ressenti, ces clich\u00e9s visent \u00e0 susciter le d\u00e9bat et l\u2019action. Nous vous invitons \u00e0 d\u00e9couvrir le travail de ces photographes qui font l\u2019\u00e9tat des lieux et suivent les progr\u00e8s r\u00e9alis\u00e9s au Canada.<\/p>\n<h2 class=\"title-text\" id=\"amanda-shalovelo\">Amanda Shalovelo<\/h2>\n<p>Amanda fait de la photo depuis l\u2019\u00e2ge de quatorze ans. Autodidacte, elle aime particuli\u00e8rement photographier les paysages auxquels m\u00e8nent les routes de campagne des prairies saskatchewanaises. Ses images ont paru treize fois dans les calendriers de <em>Canadian Geographic<\/em>, qui l\u2019a r\u00e9cemment s\u00e9lectionn\u00e9e pour son prochain num\u00e9ro sp\u00e9cial (\u00ab\u00a0Best Wildlife Photography\u00a02024\u00a0\u00bb) et pour son calendrier \u00ab\u00a0Wicked Weather Calendar\u00a0\u00bb 2025.<\/p>\n<div id=\"carousel-one\" class=\"carousel-wpr side-controls mar-b-0\" style=\"margin-bottom: 30px!important\" role=\"region\">\n<div class=\"carousel-inner eh-wpr\">\n<div class=\"carousel-item\">\n<p><img loading=\"lazy\" decoding=\"async\" class=\"alignnone size-full wp-image-64670\" src=\"https:\/\/www.rbc.com\/fr\/wp-content\/uploads\/sites\/5\/2025\/03\/A-cow-waiting-for-the-photographer-to-leave-Lanigan-Saskatchewan.jpg\" alt=\"\" width=\"2222\" height=\"1481\" \/><\/p>\n<div class=\"cp25-caption\">Une vache qui attend le d\u00e9part du photographe, Lanigan (Saskatchewan)<\/div>\n<\/div>\n<div class=\"carousel-item\">\n<p><img loading=\"lazy\" decoding=\"async\" class=\"alignnone size-full wp-image-64671\" src=\"https:\/\/www.rbc.com\/fr\/wp-content\/uploads\/sites\/5\/2025\/03\/A-quick-snack-Langham-Saskatchewan.jpg\" alt=\"\" width=\"2280\" height=\"1520\" \/><\/p>\n<div class=\"cp25-caption\">Une collation rapide, Langham (Saskatchewan)<\/div>\n<\/div>\n<div class=\"carousel-item\">\n<p><img loading=\"lazy\" decoding=\"async\" class=\"alignnone size-full wp-image-64672\" src=\"https:\/\/www.rbc.com\/fr\/wp-content\/uploads\/sites\/5\/2025\/03\/A-wide-angle-shot-of-this-group-having-their-snack-Langham-Saskatchewan.jpg\" alt=\"\" width=\"2228\" height=\"1485\" \/><\/p>\n<div class=\"cp25-caption\">Une photo grand angle de ce groupe ayant leur collation, Langham, Saskatchewan<\/div>\n<\/div>\n<div class=\"carousel-item\">\n<p><img loading=\"lazy\" decoding=\"async\" class=\"alignnone size-full wp-image-64673\" src=\"https:\/\/www.rbc.com\/fr\/wp-content\/uploads\/sites\/5\/2025\/03\/Group-shot-of-the-herd-Lanigan-Saskatchewan.jpg\" alt=\"\" width=\"2280\" height=\"1520\" \/><\/p>\n<div class=\"cp25-caption\">Plan de groupe du troupeau, Lanigan (Saskatchewan)<\/div>\n<\/div>\n<div class=\"carousel-item\">\n<p><img loading=\"lazy\" decoding=\"async\" class=\"alignnone size-full wp-image-64674\" src=\"https:\/\/www.rbc.com\/fr\/wp-content\/uploads\/sites\/5\/2025\/03\/Portrait-of-an-unimpressed-cow-Lanigan-Saskatchewan.jpg\" alt=\"\" width=\"2280\" height=\"1520\" \/><\/p>\n<div class=\"cp25-caption\">Portrait d\u2019une vache peu impressionn\u00e9e, Lanigan (Saskatchewan)<\/div>\n<\/div>\n<div class=\"carousel-item\">\n<p><img loading=\"lazy\" decoding=\"async\" class=\"alignnone size-full wp-image-64675\" src=\"https:\/\/www.rbc.com\/fr\/wp-content\/uploads\/sites\/5\/2025\/03\/Proud-farm-owner-going-to-greet-his-herd-Langham-Saskatchewan.jpg\" alt=\"\" width=\"2142\" height=\"1428\" \/><\/p>\n<div class=\"cp25-caption\">Fier propri\u00e9taire de ferme va accueillir son troupeau, Langham, Saskatchewan<\/div>\n<\/div>\n<div class=\"carousel-item\">\n<p><img loading=\"lazy\" decoding=\"async\" class=\"alignnone size-full wp-image-64676\" src=\"https:\/\/www.rbc.com\/fr\/wp-content\/uploads\/sites\/5\/2025\/03\/Truck-coming-down-to-the-feedlot-Langham-Saskatchewan.jpg\" alt=\"\" width=\"2217\" height=\"1478\" \/><\/p>\n<div class=\"cp25-caption\">Camion qui descend vers le parc d\u2019engraissement, Langham (Saskatchewan)<\/div>\n<\/div>\n<div class=\"carousel-item\">\n<p><img loading=\"lazy\" decoding=\"async\" class=\"alignnone size-full wp-image-64677\" src=\"https:\/\/www.rbc.com\/fr\/wp-content\/uploads\/sites\/5\/2025\/03\/Young-calf-in-the-middle-of-the-herd-Langham-Saskatchewan.jpg\" alt=\"\" width=\"2256\" height=\"1504\" \/><\/p>\n<div class=\"cp25-caption\">Jeune veau au milieu du troupeau, Langham(Saskatchewan)<\/div>\n<\/div>\n<\/div>\n<div class=\"carousel-ctrl\">\n<p><button class=\"carousel-prev\">Go to previous slide<\/button><\/p>\n<div class=\"carousel-indicators\"><\/div>\n<p><button class=\"carousel-next\">Go to next slide<\/button><\/p>\n<\/div>\n<\/div>\n<h2 class=\"title-text\" id=\"harmony-le-reste\">Harmony Le Reste<\/h2>\n<p>Harmony est une photographe fran\u00e7aise qui se consacre \u00e0 la nature et aux grands espaces. En s\u2019\u00e9tablissant \u00e0 Montr\u00e9al en\u00a02015\u00a0\u2013\u00a0elle est alors \u00e2g\u00e9e de 22\u00a0ans\u00a0\u2013, elle d\u00e9couvre les vastes \u00e9tendues et la nature sauvage caract\u00e9ristiques de l\u2019Am\u00e9rique du Nord. En\u00a02016, elle commence \u00e0 travailler comme pigiste aupr\u00e8s de diff\u00e9rents offices du tourisme et sillonne le Qu\u00e9bec. Depuis\u00a02019, elle organise des excursions et des ateliers dans diff\u00e9rents pays \u00e0 l\u2019intention des photographes d\u00e9sireux de s\u2019initier sur le terrain \u00e0 la capture de sc\u00e8nes naturelles.<\/p>\n<p>Aujourd\u2019hui, Harmony immortalise toujours la nature mais est aussi guide de voyage aupr\u00e8s d\u2019autres photographes, en plus de travailler comme directrice artistique et vid\u00e9aste en ext\u00e9rieur.<\/p>\n<div id=\"carousel-one\" class=\"carousel-wpr side-controls mar-b-0\" style=\"margin-bottom: 30px!important\" role=\"region\">\n<div class=\"carousel-inner eh-wpr\">\n<div class=\"carousel-item\">\n<p><img loading=\"lazy\" decoding=\"async\" class=\"alignnone size-full wp-image-64693\" src=\"https:\/\/www.rbc.com\/fr\/wp-content\/uploads\/sites\/5\/2025\/03\/Anse-de-sable-Charlevoix.jpg\" alt=\"\" width=\"2000\" height=\"1333\" \/><\/p>\n<div class=\"cp25-caption\">Anse de sable, Charlevoix<\/div>\n<\/div>\n<div class=\"carousel-item\">\n<p><img loading=\"lazy\" decoding=\"async\" class=\"alignnone size-full wp-image-64688\" src=\"https:\/\/www.rbc.com\/fr\/wp-content\/uploads\/sites\/5\/2025\/03\/Lac-de-la-Roche-Saguenay-Lac-Saint-Jean-scaled-1.jpg\" alt=\"\" width=\"2560\" height=\"1707\" \/><\/p>\n<div class=\"cp25-caption\">Lac de la Roche, Saguenay-Lac-Saint-Jean<\/div>\n<\/div>\n<div class=\"carousel-item\">\n<p><img loading=\"lazy\" decoding=\"async\" class=\"alignnone size-full wp-image-64856\" src=\"https:\/\/www.rbc.com\/fr\/wp-content\/uploads\/sites\/5\/2025\/03\/Lac-Resimond-Saguenay-Lac-Saint-Jean.jpg\" alt=\"\" width=\"2120\" height=\"1413\" \/><\/p>\n<div class=\"cp25-caption\">Lac R\u00e9simond, Saguenay-Lac-Saint-Jean<\/div>\n<\/div>\n<div class=\"carousel-item\">\n<p><img loading=\"lazy\" decoding=\"async\" class=\"alignnone size-full wp-image-64690\" src=\"https:\/\/www.rbc.com\/fr\/wp-content\/uploads\/sites\/5\/2025\/03\/Parc-national-de-la-Jacques-Cartier-Capitale-nationale.jpg\" alt=\"\" width=\"2192\" height=\"1462\" \/><\/p>\n<div class=\"cp25-caption\">Parc national de la Jacques-Cartier, Capitale nationale<\/div>\n<\/div>\n<div class=\"carousel-item\">\n<p><img loading=\"lazy\" decoding=\"async\" class=\"alignnone size-full wp-image-64692\" src=\"https:\/\/www.rbc.com\/fr\/wp-content\/uploads\/sites\/5\/2025\/03\/Parc-national-Forillon-Gaspesie.jpg\" alt=\"\" width=\"2000\" height=\"1334\" \/><\/p>\n<div class=\"cp25-caption\">Parc national Forillon, Gasp\u00e9sie<\/div>\n<\/div>\n<\/div>\n<div class=\"carousel-ctrl\">\n<p><button class=\"carousel-prev\">Go to previous slide<\/button><\/p>\n<div class=\"carousel-indicators\"><\/div>\n<p><button class=\"carousel-next\">Go to next slide<\/button><\/p>\n<\/div>\n<\/div>\n<h2 class=\"title-text\" id=\"len-wagg\">Len Wagg<\/h2>\n<p>Photographe, auteur et pr\u00e9sentateur canadien, Len\u00a0Wagg collectionne les lauriers. Celui qui raconte des histoires en images depuis plus de trois d\u00e9cennies est connu pour ses photos soulignant la beaut\u00e9 majestueuse de la faune et des paysages salins de sa Nouvelle-\u00c9cosse natale. Au fil de ses contrats, il a visit\u00e9 les d\u00e9serts \u00e9thiopiens, survol\u00e9 l\u2019Europe \u00e0 bord d\u2019un chasseur CF-18 et parcouru tout le territoire canadien. Ses photos paraissent dans les quotidiens et les magazines du monde entier.<\/p>\n<div id=\"carousel-one\" class=\"carousel-wpr side-controls mar-b-0\" style=\"margin-bottom: 30px!important\" role=\"region\">\n<div class=\"carousel-inner eh-wpr\">\n<div class=\"carousel-item\">\n<p><img loading=\"lazy\" decoding=\"async\" class=\"alignnone size-full wp-image-64732\" src=\"https:\/\/www.rbc.com\/fr\/wp-content\/uploads\/sites\/5\/2025\/03\/A-farmer-prepares-his-fields-in-the-spring-in-the-Annapolis-Valley-Nova-Scotia.jpg\" alt=\"\" width=\"2220\" height=\"1480\" \/><\/p>\n<div class=\"cp25-caption\">Un agriculteur pr\u00e9pare ses champs au printemps dans la vall\u00e9e de l\u2019Annapolis, en Nouvelle-\u00c9cosse<\/div>\n<\/div>\n<div class=\"carousel-item\">\n<p><img loading=\"lazy\" decoding=\"async\" class=\"alignnone size-full wp-image-64733\" src=\"https:\/\/www.rbc.com\/fr\/wp-content\/uploads\/sites\/5\/2025\/03\/A-fisher-organized-lines-for-lobster-traps-in-Yarmouth-Nova-Scotia.jpg\" alt=\"\" width=\"2120\" height=\"1413\" \/><\/p>\n<div class=\"cp25-caption\">Un p\u00eacheur a organis\u00e9 des files d\u2019attente pour des casiers \u00e0 homard \u00e0 Yarmouth, en Nouvelle-\u00c9cosse<\/div>\n<\/div>\n<div class=\"carousel-item\">\n<p><img loading=\"lazy\" decoding=\"async\" class=\"alignnone size-full wp-image-64728\" src=\"https:\/\/www.rbc.com\/fr\/wp-content\/uploads\/sites\/5\/2025\/03\/A-fishing-boat-makes-its-way-through-the-mist-in-the-Bay-of-Fundy-Nova-Scotia-scaled-1.jpg\" alt=\"\" width=\"2560\" height=\"1700\" \/><\/p>\n<div class=\"cp25-caption\">Un bateau de p\u00eache se dirige vers la brume dans la baie de Fundy, en Nouvelle-\u00c9cosse<\/div>\n<\/div>\n<div class=\"carousel-item\">\n<p><img loading=\"lazy\" decoding=\"async\" class=\"alignnone size-full wp-image-64729\" src=\"https:\/\/www.rbc.com\/fr\/wp-content\/uploads\/sites\/5\/2025\/03\/A-mosaic-of-ice-surrounds-fishing-boats-in-Bay-St-Lawrence-Cape-Breton-Nova-Scotia.jpg\" alt=\"\" width=\"2420\" height=\"1613\" \/><\/p>\n<div class=\"cp25-caption\">Une mosa\u00efque de glace entoure les bateaux de p\u00eache dans la baie Saint-Laurent, au Cap-Breton, en Nouvelle-\u00c9cosse<\/div>\n<\/div>\n<div class=\"carousel-item\">\n<p><img loading=\"lazy\" decoding=\"async\" class=\"alignnone size-full wp-image-64734\" src=\"https:\/\/www.rbc.com\/fr\/wp-content\/uploads\/sites\/5\/2025\/03\/Aline-of-trees-cast-a-shadow-over-blueberry-fields-Port-Grenville-Nova-Scotia.jpg\" alt=\"\" width=\"2120\" height=\"1413\" \/><\/p>\n<div class=\"cp25-caption\">Une ligne d\u2019arbres projette une ombre sur les champs de bleuets, Port Grenville, Nouvelle-\u00c9cosse<\/div>\n<\/div>\n<div class=\"carousel-item\">\n<p><img loading=\"lazy\" decoding=\"async\" class=\"alignnone size-full wp-image-64730\" src=\"https:\/\/www.rbc.com\/fr\/wp-content\/uploads\/sites\/5\/2025\/03\/Amherst-Point-Nova-Scotia-scaled-1.jpg\" alt=\"\" width=\"2560\" height=\"1706\" \/><\/p>\n<div class=\"cp25-caption\">Amherst Point, Nova Scotia<\/div>\n<\/div>\n<div class=\"carousel-item\">\n<p><img loading=\"lazy\" decoding=\"async\" class=\"alignnone size-full wp-image-64735\" src=\"https:\/\/www.rbc.com\/fr\/wp-content\/uploads\/sites\/5\/2025\/03\/Blueberry-fields-in-the-fall-near-Parrsboro-Nova-Scotia.jpg\" alt=\"\" width=\"2220\" height=\"1480\" \/><\/p>\n<div class=\"cp25-caption\">Champs de bleuets \u00e0 l\u2019automne pr\u00e8s de Parrsboro, en Nouvelle-\u00c9cosse<\/div>\n<\/div>\n<div class=\"carousel-item\">\n<p><img loading=\"lazy\" decoding=\"async\" class=\"alignnone size-full wp-image-64731\" src=\"https:\/\/www.rbc.com\/fr\/wp-content\/uploads\/sites\/5\/2025\/03\/Fish-farming-off-the-coast-of-Nova-Scotia-scaled-1.jpg\" alt=\"\" width=\"2560\" height=\"1707\" \/><\/p>\n<div class=\"cp25-caption\">Pisciculture au large des c\u00f4tes de la Nouvelle-\u00c9cosse<\/div>\n<\/div>\n<div class=\"carousel-item\">\n<p><img loading=\"lazy\" decoding=\"async\" class=\"alignnone size-full wp-image-64796\" src=\"https:\/\/www.rbc.com\/fr\/wp-content\/uploads\/sites\/5\/2025\/03\/Lobster-boxes-stored-in-the-water-creat-a-design-near-Tracadie-Nova-Scotia-1-scaled-1.jpg\" alt=\"\" width=\"2560\" height=\"1707\" \/><\/p>\n<div class=\"cp25-caption\">Les bo\u00eetes \u00e0 homards entrepos\u00e9es dans l\u2019eau cr\u00e9ent un dessin pr\u00e8s de Tracadie, en Nouvelle-\u00c9cosse<\/div>\n<\/div>\n<div class=\"carousel-item\">\n<p><img loading=\"lazy\" decoding=\"async\" class=\"alignnone size-full wp-image-64797\" src=\"https:\/\/www.rbc.com\/fr\/wp-content\/uploads\/sites\/5\/2025\/03\/Spring-crop-Grand-Pre-Nova-Scotia-1.jpg\" alt=\"\" width=\"2120\" height=\"1413\" \/><\/p>\n<div class=\"cp25-caption\">Spring crop, Grand Pre, Nova Scotia<\/div>\n<\/div>\n<\/div>\n<div class=\"carousel-ctrl\">\n<p><button class=\"carousel-prev\">Go to previous slide<\/button><\/p>\n<div class=\"carousel-indicators\"><\/div>\n<p><button class=\"carousel-next\">Go to next slide<\/button><\/p>\n<\/div>\n<\/div>\n<h2 class=\"title-text\" id=\"marc-gilbert\">Marc Gilbert<\/h2>\n<p>Amoureux des beaut\u00e9s cach\u00e9es du Manitoba, Marc\u00a0Gilbert rapporte de ses explorations des images fascinantes des immenses parcs et des paisibles paysages ruraux de cette province canadienne. Par ses photos audacieuses et hautes en couleurs, il sait nous communiquer l\u2019\u00e9merveillement que suscite en lui la beaut\u00e9 des grands espaces.<\/p>\n<div id=\"carousel-one\" class=\"carousel-wpr side-controls mar-b-0\" style=\"margin-bottom: 30px!important\" role=\"region\">\n<div class=\"carousel-inner eh-wpr\">\n<div class=\"carousel-item\">\n<p><img loading=\"lazy\" decoding=\"async\" class=\"alignnone size-full wp-image-64738\" src=\"https:\/\/www.rbc.com\/fr\/wp-content\/uploads\/sites\/5\/2025\/03\/Canola-field-closeup-under-blue-sky.-Otterburne-Manitoba.jpg\" alt=\"\" width=\"1820\" height=\"1213\" \/><\/p>\n<div class=\"cp25-caption\">Gros plan du champ de canola sous un ciel bleu. Otterburne (Manitoba)<\/div>\n<\/div>\n<div class=\"carousel-item\">\n<p><img loading=\"lazy\" decoding=\"async\" class=\"alignnone size-full wp-image-64742\" src=\"https:\/\/www.rbc.com\/fr\/wp-content\/uploads\/sites\/5\/2025\/03\/Closeup-of-hydroelectric-dam-spillway.-Seven-Sisters-Falls-Manitoba-scaled-1.jpg\" alt=\"\" width=\"2560\" height=\"1707\" \/><\/p>\n<div class=\"cp25-caption\">Gros plan du d\u00e9versoir du barrage hydro\u00e9lectrique. Seven Sisters Falls (Manitoba)<\/div>\n<\/div>\n<div class=\"carousel-item\">\n<p><img loading=\"lazy\" decoding=\"async\" class=\"alignnone size-full wp-image-64743\" src=\"https:\/\/www.rbc.com\/fr\/wp-content\/uploads\/sites\/5\/2025\/03\/Combines-harvesting-fields-and-dusty-sky.-St-Pierre-Jolys-Manitoba-scaled-1.jpg\" alt=\"\" width=\"2560\" height=\"1706\" \/><\/p>\n<div class=\"cp25-caption\">Combine des champs de r\u00e9colte et un ciel poussi\u00e9reux. St-Pierre Jolys (Manitoba)<\/div>\n<\/div>\n<div class=\"carousel-item\">\n<p><img loading=\"lazy\" decoding=\"async\" class=\"alignnone size-full wp-image-64744\" src=\"https:\/\/www.rbc.com\/fr\/wp-content\/uploads\/sites\/5\/2025\/03\/Cornfield-at-sunset-St-Pierre-Jolys-Manitoba.jpg\" alt=\"\" width=\"2220\" height=\"1480\" \/><\/p>\n<div class=\"cp25-caption\">Champ de ma\u00efs au coucher du soleil, St-Pierre Jolys, Manitoba<\/div>\n<\/div>\n<div class=\"carousel-item\">\n<p><img loading=\"lazy\" decoding=\"async\" class=\"alignnone size-full wp-image-64809\" src=\"https:\/\/www.rbc.com\/fr\/wp-content\/uploads\/sites\/5\/2025\/03\/Dried-corn-field-and-feed-mill.-Carey-Manitoba-scaled-1.jpg\" alt=\"\" width=\"2560\" height=\"1707\" \/><\/p>\n<div class=\"cp25-caption\">Champ de ma\u00efs s\u00e9ch\u00e9 et broyeur d\u2019aliments pour animaux. Carey (Manitoba)<\/div>\n<\/div>\n<div class=\"carousel-item\">\n<p><img loading=\"lazy\" decoding=\"async\" class=\"alignnone size-full wp-image-64805\" src=\"https:\/\/www.rbc.com\/fr\/wp-content\/uploads\/sites\/5\/2025\/03\/Hydro-electric-generating-station-wall.-Seven-Sisters-Falls-hydro-dam-Manitoba.jpg\" alt=\"\" width=\"2420\" height=\"1613\" \/><\/p>\n<div class=\"cp25-caption\">Mur de la centrale hydro\u00e9lectrique. Barrage hydro\u00e9lectrique de Seven Sisters Falls, Manitoba<\/div>\n<\/div>\n<div class=\"carousel-item\">\n<p><img loading=\"lazy\" decoding=\"async\" class=\"alignnone size-full wp-image-64801\" src=\"https:\/\/www.rbc.com\/fr\/wp-content\/uploads\/sites\/5\/2025\/03\/Irrigation-tractor-in-a-field-under-a-moody-sky.-Otterburne-Manitoba-scaled-1.jpg\" alt=\"\" width=\"2560\" height=\"1707\" \/><\/p>\n<div class=\"cp25-caption\">Tracteur d\u2019irrigation dans un champ sous un ciel maussade. Otterburne (Manitoba)<\/div>\n<\/div>\n<div class=\"carousel-item\">\n<p><img loading=\"lazy\" decoding=\"async\" class=\"alignnone size-full wp-image-64802\" src=\"https:\/\/www.rbc.com\/fr\/wp-content\/uploads\/sites\/5\/2025\/03\/Lake-and-wind-turbines.-St-Leon-Manitoba-scaled-1.jpg\" alt=\"\" width=\"2560\" height=\"1707\" \/><\/p>\n<div class=\"cp25-caption\">Lacs et \u00e9oliennes. St-Leon (Manitoba)<\/div>\n<\/div>\n<div class=\"carousel-item\">\n<p><img loading=\"lazy\" decoding=\"async\" class=\"alignnone size-full wp-image-64803\" src=\"https:\/\/www.rbc.com\/fr\/wp-content\/uploads\/sites\/5\/2025\/03\/Lone-tree-in-a-field-under-a-moody-sunrise.-St-Pierre-Jolys-Manitoba-scaled-1.jpg\" alt=\"\" width=\"2560\" height=\"1707\" \/><\/p>\n<div class=\"cp25-caption\">Arbre solitaire dans un champ sous un lever de soleil de mauvaise humeur. St-Pierre Jolys (Manitoba)<\/div>\n<\/div>\n<div class=\"carousel-item\">\n<p><img loading=\"lazy\" decoding=\"async\" class=\"alignnone size-full wp-image-64804\" src=\"https:\/\/www.rbc.com\/fr\/wp-content\/uploads\/sites\/5\/2025\/03\/Train-on-a-snowy-day.-Bear-Lake-Trail-Whiteshell-Provincial-Park-Manitoba-scaled-1.jpg\" alt=\"\" width=\"2560\" height=\"1707\" \/><\/p>\n<div class=\"cp25-caption\">Entra\u00eenez-vous par une journ\u00e9e enneig\u00e9e. Sentier du lac Bear, parc provincial whiteshell, Manitoba<\/div>\n<\/div>\n<\/div>\n<div class=\"carousel-ctrl\">\n<p><button class=\"carousel-prev\">Go to previous slide<\/button><\/p>\n<div class=\"carousel-indicators\"><\/div>\n<p><button class=\"carousel-next\">Go to next slide<\/button><\/p>\n<\/div>\n<\/div>\n<h2 class=\"title-text\" id=\"mitchell-milbury\">Mitchell Milbury<\/h2>\n<p>Originaire du Nouveau-Brunswick, Mitchell Milbury photographie la nature et les paysages. La plupart de ses images c\u00e9l\u00e8brent la beaut\u00e9 des provinces Maritimes. Il a grandi \u00e0 Woodstock\u00a0(N.-B.). Enfant, il passait le plus clair de son temps \u00e0 l\u2019ext\u00e9rieur. Chaque semaine, Mitchell explore sa province, rapportant des photos qui mettent en valeur ses splendides milieux naturels.<\/p>\n<p>Les galeries du Nouveau-Brunswick exposent ses \u0153uvres, dont il vend de nombreux tirages sur Internet.<\/p>\n<p>D\u00e9couvrez le <a href=\"https:\/\/mitchellmilbury.myportfolio.com\/\">portfolio en ligne<\/a> de Mitchell Milbury.<\/p>\n<div id=\"carousel-one\" class=\"carousel-wpr side-controls mar-b-0\" style=\"margin-bottom: 30px!important\" role=\"region\">\n<div class=\"carousel-inner eh-wpr\">\n<div class=\"carousel-item\">\n<p><img loading=\"lazy\" decoding=\"async\" class=\"alignnone size-full wp-image-64758\" src=\"https:\/\/www.rbc.com\/fr\/wp-content\/uploads\/sites\/5\/2025\/03\/Dairy-cows-Scotch-Settlement-New-Brunswick-scaled-1.jpg\" alt=\"\" width=\"2560\" height=\"1707\" \/><\/p>\n<div class=\"cp25-caption\">Vaches laiti\u00e8res, Scotch Settlement, Nouveau-Brunswick<\/div>\n<\/div>\n<div class=\"carousel-item\">\n<p><img loading=\"lazy\" decoding=\"async\" class=\"alignnone size-full wp-image-64753\" src=\"https:\/\/www.rbc.com\/fr\/wp-content\/uploads\/sites\/5\/2025\/03\/Dairy-cows-Scotch-Settlement-New-Brunswick-2-scaled-1.jpg\" alt=\"\" width=\"2560\" height=\"1706\" \/><\/p>\n<div class=\"cp25-caption\">Vaches laiti\u00e8res, \u00c9tablissement \u00e9cossais, Nouveau-Brunswick (2)<\/div>\n<\/div>\n<div class=\"carousel-item\">\n<p><img loading=\"lazy\" decoding=\"async\" class=\"alignnone size-full wp-image-64759\" src=\"https:\/\/www.rbc.com\/fr\/wp-content\/uploads\/sites\/5\/2025\/03\/Dairy-farm-Scotch-Settlement-New-Brunswick-scaled-1.jpg\" alt=\"\" width=\"2560\" height=\"1707\" \/><\/p>\n<div class=\"cp25-caption\">Ferme laiti\u00e8re, Scotch Settlement, Nouveau-Brunswick<\/div>\n<\/div>\n<div class=\"carousel-item\">\n<p><img loading=\"lazy\" decoding=\"async\" class=\"alignnone size-full wp-image-64756\" src=\"https:\/\/www.rbc.com\/fr\/wp-content\/uploads\/sites\/5\/2025\/03\/Pulp-Mill-St-John-New-Brunswick-scaled-1.jpg\" alt=\"\" width=\"2560\" height=\"1707\" \/><\/p>\n<div class=\"cp25-caption\">Usine de p\u00e2te, St John (Nouveau-Brunswick)<\/div>\n<\/div>\n<div class=\"carousel-item\">\n<p><img loading=\"lazy\" decoding=\"async\" class=\"alignnone size-full wp-image-64754\" src=\"https:\/\/www.rbc.com\/fr\/wp-content\/uploads\/sites\/5\/2025\/03\/Pulp-Mill-St-John-New-Brunswick-2-scaled-1.jpg\" alt=\"\" width=\"2560\" height=\"1707\" \/><\/p>\n<div class=\"cp25-caption\">Usine de p\u00e2te \u00e0 papier, St John (Nouveau-Brunswick) (2)<\/div>\n<\/div>\n<div class=\"carousel-item\">\n<p><img loading=\"lazy\" decoding=\"async\" class=\"alignnone size-full wp-image-64755\" src=\"https:\/\/www.rbc.com\/fr\/wp-content\/uploads\/sites\/5\/2025\/03\/Pulp-Mill-St-John-New-Brunswick-3-scaled-1.jpg\" alt=\"\" width=\"2560\" height=\"1707\" \/><\/p>\n<div class=\"cp25-caption\">Usine de p\u00e2te \u00e0 papier, St John (Nouveau-Brunswick) (3)<\/div>\n<\/div>\n<div class=\"carousel-item\">\n<p><img loading=\"lazy\" decoding=\"async\" class=\"alignnone size-full wp-image-64757\" src=\"https:\/\/www.rbc.com\/fr\/wp-content\/uploads\/sites\/5\/2025\/03\/Springhill-Quarry-New-Brunswick-scaled-1.jpg\" alt=\"\" width=\"2560\" height=\"1707\" \/><\/p>\n<div class=\"cp25-caption\">Carri\u00e8re Springhill (Nouveau-Brunswick)<\/div>\n<\/div>\n<\/div>\n<div class=\"carousel-ctrl\">\n<p><button class=\"carousel-prev\">Go to previous slide<\/button><\/p>\n<div class=\"carousel-indicators\"><\/div>\n<p><button class=\"carousel-next\">Go to next slide<\/button><\/p>\n<\/div>\n<\/div>\n<h2 class=\"title-text\" id=\"neil-dankoff\">Neil Dankoff<\/h2>\n<p>Neil est n\u00e9 et a grandi \u00e0 Montr\u00e9al. Il \u00e9tudie en cin\u00e9ma et communications \u00e0 l\u2019Universit\u00e9\u00a0McGill, puis part \u00e0 Toronto en\u00a01998. C\u2019est l\u2019\u00e9poque des premiers appareils num\u00e9riques. Tout de suite conquis, Neil consacre 1400\u00a0$ \u00e0 l\u2019achat d\u2019un Olympus offrant une r\u00e9solution de 1,3\u00a0m\u00e9gapixel.<\/p>\n<p>L\u2019occasion se pr\u00e9sente pour lui de parcourir le monde et d\u2019affiner un style de photographie panoramique qui n\u2019appartient qu\u2019\u00e0 lui. Avec son appareil de format interm\u00e9diaire Phase\u00a0One, il produit des clich\u00e9s imm\u00e9diatement reconnaissables. Chaque \u0153uvre se compose de multiples images prises selon diff\u00e9rents r\u00e9glages d\u2019exposition et de mise au point, que Neil assemble avec le plus grand soin afin de transporter le spectateur en un point pr\u00e9cis de l\u2019espace-temps.<\/p>\n<p>Familier des milieux artistiques torontois, Neil s\u2019est notamment fait conna\u00eetre gr\u00e2ce \u00e0 la prestigieuse galerie Lonsdale qui, ces quatre derni\u00e8res ann\u00e9es, lui a consacr\u00e9 plusieurs expositions.<\/p>\n<p>En\u00a02013, Derek et Kirsty\u00a0Stern accompagnent Neil dans le cadre d\u2019un voyage en Afrique. Une exp\u00e9rience sensationnelle qui n\u2019est que le pr\u00e9lude \u00e0 des exp\u00e9ditions du m\u00eame genre \u00e0 Bora\u00a0Bora, \u00e0 Hawa\u00ef, en Islande, en Chine, au Japon, en France, en Bolivie,\u00a0etc. En\u00a02015, tous trois ouvrent la galerie Kandy de Montr\u00e9al. Peu apr\u00e8s, Neil se voit confier par l\u2019Hotel\u00a0X Toronto ce qui se r\u00e9v\u00e9lera le plus important mandat jamais enregistr\u00e9 au Canada en mati\u00e8re de photographie artistique\u00a0: pendant pr\u00e8s de trois ans, il parcourra le monde afin d\u2019en rapporter plus de 800\u00a0photos de paysages pour cet \u00e9tablissement de tr\u00e8s grand luxe. Au d\u00e9but de\u00a02018, Neil ouvre la galerie Kandy de la Ville reine, situ\u00e9e dans le hall de l\u2019Hotel\u00a0X Toronto. Une autre galerie Kandy voit le jour \u00e0 Memphis en d\u00e9cembre.<\/p>\n<div id=\"carousel-one\" class=\"carousel-wpr side-controls mar-b-0\" style=\"margin-bottom: 30px!important\" role=\"region\">\n<div class=\"carousel-inner eh-wpr\">\n<div class=\"carousel-item\">\n<p><img loading=\"lazy\" decoding=\"async\" class=\"alignnone size-full wp-image-64822\" src=\"https:\/\/www.rbc.com\/fr\/wp-content\/uploads\/sites\/5\/2025\/03\/EV-Charging-Toronto-Ontario-2.jpg\" alt=\"\" width=\"2420\" height=\"1613\" \/><\/p>\n<div class=\"cp25-caption\">EV Charging, Toronto, Ontario<\/div>\n<\/div>\n<div class=\"carousel-item\">\n<p><img loading=\"lazy\" decoding=\"async\" class=\"alignnone size-full wp-image-64823\" src=\"https:\/\/www.rbc.com\/fr\/wp-content\/uploads\/sites\/5\/2025\/03\/Greenhouse-Leamington-Ontario-3-2-scaled-1.jpg\" alt=\"\" width=\"2560\" height=\"1707\" \/><\/p>\n<div class=\"cp25-caption\">Greenhouse, Leamington, Ontario<\/div>\n<\/div>\n<div class=\"carousel-item\">\n<p><img loading=\"lazy\" decoding=\"async\" class=\"alignnone size-full wp-image-64785\" src=\"https:\/\/www.rbc.com\/fr\/wp-content\/uploads\/sites\/5\/2025\/03\/Greenhouse-Leamington-Ontario-4-1.jpg\" alt=\"\" width=\"1900\" height=\"1267\" \/><\/p>\n<div class=\"cp25-caption\">Greenhouse, Leamington, Ontario (2)<\/div>\n<\/div>\n<div class=\"carousel-item\">\n<p><img loading=\"lazy\" decoding=\"async\" class=\"alignnone size-full wp-image-64788\" src=\"https:\/\/www.rbc.com\/fr\/wp-content\/uploads\/sites\/5\/2025\/03\/Greenhouse-Leamington-Ontario-7-1.jpg\" alt=\"\" width=\"1220\" height=\"813\" \/><\/p>\n<div class=\"cp25-caption\">Greenhouse, Leamington, Ontario (3)<\/div>\n<\/div>\n<div class=\"carousel-item\">\n<p><img loading=\"lazy\" decoding=\"async\" class=\"alignnone size-full wp-image-64824\" src=\"https:\/\/www.rbc.com\/fr\/wp-content\/uploads\/sites\/5\/2025\/03\/Greenhouse-Leamington-Ontario-8.jpg\" alt=\"\" width=\"2020\" height=\"1347\" \/><\/p>\n<div class=\"cp25-caption\">Greenhouse, Leamington, Ontario (4)<\/div>\n<\/div>\n<div class=\"carousel-item\">\n<p><img loading=\"lazy\" decoding=\"async\" class=\"alignnone size-full wp-image-64818\" src=\"https:\/\/www.rbc.com\/fr\/wp-content\/uploads\/sites\/5\/2025\/03\/Knapp-Lane-Toronto-Ontario-scaled-1.jpg\" alt=\"\" width=\"2560\" height=\"1707\" \/><\/p>\n<div class=\"cp25-caption\">Knapp Lane, Toronto, Ontario<\/div>\n<\/div>\n<div class=\"carousel-item\">\n<p><img loading=\"lazy\" decoding=\"async\" class=\"alignnone size-full wp-image-64817\" src=\"https:\/\/www.rbc.com\/fr\/wp-content\/uploads\/sites\/5\/2025\/03\/Knapp-Lane-Toronto-Ontario-2-1-scaled-1.jpg\" alt=\"\" width=\"2560\" height=\"1707\" \/><\/p>\n<div class=\"cp25-caption\">Knapp Lane, Toronto, Ontario (2)<\/div>\n<\/div>\n<div class=\"carousel-item\">\n<p><img loading=\"lazy\" decoding=\"async\" class=\"alignnone size-full wp-image-64820\" src=\"https:\/\/www.rbc.com\/fr\/wp-content\/uploads\/sites\/5\/2025\/03\/Woodrill-Farms-Ontario-1.jpg\" alt=\"\" width=\"2420\" height=\"1613\" \/><\/p>\n<div class=\"cp25-caption\">Woodrill Farms, Ontario<\/div>\n<\/div>\n<div class=\"carousel-item\">\n<p><img loading=\"lazy\" decoding=\"async\" class=\"alignnone size-full wp-image-64819\" src=\"https:\/\/www.rbc.com\/fr\/wp-content\/uploads\/sites\/5\/2025\/03\/Woodrill-Farms-Ontario-3-scaled-1.jpg\" alt=\"\" width=\"2560\" height=\"1707\" \/><\/p>\n<div class=\"cp25-caption\">Woodrill Farms, Ontario (2)<\/div>\n<\/div>\n<div class=\"carousel-item\">\n<p><img loading=\"lazy\" decoding=\"async\" class=\"alignnone size-full wp-image-64821\" src=\"https:\/\/www.rbc.com\/fr\/wp-content\/uploads\/sites\/5\/2025\/03\/Yu-Ranch-Tillsonburg-Ontario-1.jpg\" alt=\"\" width=\"2020\" height=\"1346\" \/><\/p>\n<div class=\"cp25-caption\">Yu Ranch, Tillsonburg, Ontario<\/div>\n<\/div>\n<\/div>\n<div class=\"carousel-ctrl\">\n<p><button class=\"carousel-prev\">Go to previous slide<\/button><\/p>\n<div class=\"carousel-indicators\"><\/div>\n<p><button class=\"carousel-next\">Go to next slide<\/button><\/p>\n<\/div>\n<\/div>\n<h2 class=\"title-text\" id=\"ray-mackey\">Ray Mackey<\/h2>\n<p>Ray est un photographe canadien amoureux des paysages et de la nature. Toute sa vie, il a su restituer l\u2019\u00e9motion et produire des trames narratives par le jeu d\u2019images qu\u2019il publie depuis une quinzaine d\u2019ann\u00e9es. Toujours en qu\u00eate de nouvelles sc\u00e8nes \u00e0 immortaliser, Ray voyage ailleurs dans le monde, mais ses \u0153uvres publi\u00e9es portent avant tout sur les rivages de Terre-Neuve. Les couvertures de diff\u00e9rents magazines et d\u2019autres publications arborent souvent ses photos, que l\u2019on peut voir \u00e9galement sur tous les continents, dans les ambassades du Canada.<\/p>\n<div id=\"carousel-one\" class=\"carousel-wpr side-controls mar-b-0\" style=\"margin-bottom: 30px!important\" role=\"region\">\n<div class=\"carousel-inner eh-wpr\">\n<div class=\"carousel-item\">\n<p><img loading=\"lazy\" decoding=\"async\" class=\"alignnone size-full wp-image-64776\" src=\"https:\/\/www.rbc.com\/fr\/wp-content\/uploads\/sites\/5\/2025\/03\/Bay-Bulls-Newfoundland-scaled-1.jpg\" alt=\"\" width=\"2560\" height=\"1707\" \/><\/p>\n<div class=\"cp25-caption\">Bay Bulls, Newfoundland<\/div>\n<\/div>\n<div class=\"carousel-item\">\n<p><img loading=\"lazy\" decoding=\"async\" class=\"alignnone size-full wp-image-64777\" src=\"https:\/\/www.rbc.com\/fr\/wp-content\/uploads\/sites\/5\/2025\/03\/Cargo-vessel-passing-an-iceberg-in-Ferryland-Newfoundland-scaled-1.jpg\" alt=\"\" width=\"2560\" height=\"1707\" \/><\/p>\n<div class=\"cp25-caption\">Cargo vessel passing an iceberg in Ferryland, Newfoundland<\/div>\n<\/div>\n<div class=\"carousel-item\">\n<p><img loading=\"lazy\" decoding=\"async\" class=\"alignnone size-full wp-image-64778\" src=\"https:\/\/www.rbc.com\/fr\/wp-content\/uploads\/sites\/5\/2025\/03\/Come-By-Chance-Newfoundland-2-scaled-1.jpg\" alt=\"\" width=\"2560\" height=\"1707\" \/><\/p>\n<div class=\"cp25-caption\">Come By Chance, Newfoundland (2)<\/div>\n<\/div>\n<div class=\"carousel-item\">\n<p><img loading=\"lazy\" decoding=\"async\" class=\"alignnone size-full wp-image-64845\" src=\"https:\/\/www.rbc.com\/fr\/wp-content\/uploads\/sites\/5\/2025\/03\/Cooks-Harbour-Newfoundland-1-scaled-1.jpg\" alt=\"\" width=\"2560\" height=\"1707\" \/><\/p>\n<div class=\"cp25-caption\">Cooks Harbour, Newfoundland<\/div>\n<\/div>\n<div class=\"carousel-item\">\n<p><img loading=\"lazy\" decoding=\"async\" class=\"alignnone size-full wp-image-64774\" src=\"https:\/\/www.rbc.com\/fr\/wp-content\/uploads\/sites\/5\/2025\/03\/Cougar-helicopters-in-Harbour-Grace-Newfoundland-scaled-1.jpg\" alt=\"\" width=\"2560\" height=\"1707\" \/><\/p>\n<div class=\"cp25-caption\">Cougar helicopters in Harbour Grace, Newfoundland<\/div>\n<\/div>\n<div class=\"carousel-item\">\n<p><img loading=\"lazy\" decoding=\"async\" class=\"alignnone size-full wp-image-64775\" src=\"https:\/\/www.rbc.com\/fr\/wp-content\/uploads\/sites\/5\/2025\/03\/Entrance-to-St.-Johns-Harbour-St.-Johns-Newfoundland-scaled-1.jpg\" alt=\"\" width=\"2560\" height=\"1707\" \/><\/p>\n<div class=\"cp25-caption\">Entrance to St. John\u2019s Harbour, St. John&rsquo;s Newfoundland<\/div>\n<\/div>\n<div class=\"carousel-item\">\n<p><img loading=\"lazy\" decoding=\"async\" class=\"alignnone size-full wp-image-64849\" src=\"https:\/\/www.rbc.com\/fr\/wp-content\/uploads\/sites\/5\/2025\/03\/Iceberg-season-Bay-Bulls-Newfoundland-2-scaled-1.jpg\" alt=\"\" width=\"2560\" height=\"1707\" \/><\/p>\n<div class=\"cp25-caption\">Iceberg season, Bay Bulls, Newfoundland (2)<\/div>\n<\/div>\n<div class=\"carousel-item\">\n<p><img loading=\"lazy\" decoding=\"async\" class=\"alignnone size-full wp-image-64850\" src=\"https:\/\/www.rbc.com\/fr\/wp-content\/uploads\/sites\/5\/2025\/03\/Iceberg-season-Bay-Bulls-Newfoundland-3-scaled-2.jpg\" alt=\"\" width=\"2560\" height=\"1707\" \/><\/p>\n<div class=\"cp25-caption\">Iceberg season, Bay Bulls, Newfoundland (3)<\/div>\n<\/div>\n<div class=\"carousel-item\">\n<p><img loading=\"lazy\" decoding=\"async\" class=\"alignnone size-full wp-image-64851\" src=\"https:\/\/www.rbc.com\/fr\/wp-content\/uploads\/sites\/5\/2025\/03\/Inshore-and-offshoare-fishing-boats-Witless-Bay-Newfoundland-scaled-2.jpg\" alt=\"\" width=\"2560\" height=\"1707\" \/><\/p>\n<div class=\"cp25-caption\">Inshore and offshoare fishing boats, Witless Bay, Newfoundland<\/div>\n<\/div>\n<\/div>\n<div class=\"carousel-ctrl\">\n<p><button class=\"carousel-prev\">Go to previous slide<\/button><\/p>\n<div class=\"carousel-indicators\"><\/div>\n<p><button class=\"carousel-next\">Go to next slide<\/button><\/p>\n<\/div>\n<\/div>\n<h4><b>Le rapport complet se trouve \u00e0 l\u2019adresse <a href=\"https:\/\/www.rbc.com\/fr\/wp-content\/uploads\/sites\/5\/2025\/03\/actionclimatique25.pdf\">rbc.com\/climateaction25<\/a>.<\/b><\/h4>\n<div class=\"rds-callout-white\" style=\"border: 1px solid #c4c8cc\">\n<div class=\"rds-gcw\">\n<div class=\"img w-mob-100 download-img\" style=\"vertical-align: top\"><img loading=\"lazy\" decoding=\"async\" class=\"alignnone size-full wp-image-57855\" src=\"https:\/\/www.rbc.com\/fr\/wp-content\/uploads\/sites\/5\/2025\/03\/Download-PDF-button-14-1-1.jpg\" alt=\"\" width=\"1144\" height=\"724\" \/><\/div>\n<div class=\"rds-inline pad-hlf\" style=\"vertical-align: top\">\n<h4 class=\"mar-t\">T\u00e9l\u00e9charger le rapport<\/h4>\n<p><a class=\"btn tertiary\" role=\"button\" href=\"https:\/\/www.rbc.com\/fr\/wp-content\/uploads\/sites\/5\/2025\/03\/actionclimatique25.pdf\" target=\"_blank\" rel=\"noopener noreferrer\" data-dig-id=\"TNL_211020_1\" data-dig-category=\"TNL Economics\" data-dig-action=\"mid-funnel click\" data-dig-label=\"Ag Tech Report Final\">t\u00e9l\u00e9charger<\/a><\/p>\n<\/div>\n<\/div>\n<\/div>\n<style class=\"advgb-styles-renderer\"><span data-mce-type=\"bookmark\" style=\"width: 0px;overflow: hidden;line-height: 0\" class=\"mce_SELRES_start\">\ufeff<\/span>.carousel-wpr .carousel-ctrl{margin-top: -20px;}h2.title-text{font-size: 2.8rem;font-weight: 400;line-height: 1.2; margin-top: 40px;}.mySlides {display:none;}.carousel-wpr.side-controls .carousel-ctrl .carousel-prev {left: 0px;}.carousel-wpr.side-controls .carousel-ctrl .carousel-next {right: 0px;}.banner.fw-bnr{background-position: center;}.text-script{}.cp25-caption {position: absolute;top: 379px;width: 90%;height: 57px;text-align: center;background: rgba(0, 0, 0, 0.5);line-height: 57px;font-style: italic;color: white;font-size: 16px;margin: 0 33px;border-radius: 7px;}.carousel-item{position: relative;}.download-img{width:275px;}<\/style>\n","protected":false},"excerpt":{"rendered":"<p>Dans le cadre du rapport <em>Action climatique 2025<\/em>, nous avons lanc\u00e9 un appel national \u00e0 des photographes afin qu\u2019ils illustrent ce qui se fait<\/p>\n","protected":false},"author":300,"featured_media":5476,"parent":0,"menu_order":0,"template":"","meta":{"_acf_changed":false,"disable_focal_point":true,"featured_image_focal_point":{"x":0.5,"y":0.5},"advgb_blocks_editor_width":"","advgb_blocks_columns_visual_guide":"","footnotes":""},"rbc_tl_category":[135],"rbc_tl_tag":[],"class_list":["post-5411","rbc_tl","type-rbc_tl","status-publish","has-post-thumbnail","hentry","rbc_tl_category-institut-action-climatique"],"acf":[],"yoast_head":"<!-- This site is optimized with the Yoast SEO Premium plugin v27.2 (Yoast SEO v27.2) - https:\/\/yoast.com\/product\/yoast-seo-premium-wordpress\/ -->\n<title>L\u2019action climatique racont\u00e9e par des photographes - RBC<\/title>\n<meta name=\"description\" content=\"Dans le cadre du rapport Action climatique 2025, nous avons lanc\u00e9 un appel national \u00e0 des photographes afin qu\u2019ils illustrent ce qui se fait\" \/>\n<meta name=\"robots\" content=\"index, follow, max-snippet:-1, max-image-preview:large, max-video-preview:-1\" \/>\n<link rel=\"canonical\" href=\"https:\/\/www.rbc.com\/fr\/leadership-avise\/institut-action-climatique\/laction-climatique-racontee-par-des-photographes\/\" \/>\n<meta property=\"og:locale\" content=\"fr_FR\" \/>\n<meta property=\"og:type\" content=\"article\" \/>\n<meta property=\"og:title\" content=\"L\u2019action climatique racont\u00e9e par des photographes\" \/>\n<meta property=\"og:description\" content=\"Dans le cadre du rapport Action climatique 2025, nous avons lanc\u00e9 un appel national \u00e0 des photographes afin qu\u2019ils illustrent ce qui se fait\" \/>\n<meta property=\"og:url\" content=\"https:\/\/www.rbc.com\/fr\/leadership-avise\/institut-action-climatique\/laction-climatique-racontee-par-des-photographes\/\" \/>\n<meta property=\"og:site_name\" content=\"RBC\" \/>\n<meta property=\"article:modified_time\" content=\"2026-03-26T15:08:54+00:00\" \/>\n<meta property=\"og:image\" content=\"https:\/\/www.rbc.com\/fr\/wp-content\/uploads\/sites\/5\/2025\/03\/Photo-gallery-website_header-image_Banner-wide-scaled-1.jpg?quality=80\" \/>\n\t<meta property=\"og:image:width\" content=\"2560\" \/>\n\t<meta property=\"og:image:height\" content=\"1236\" \/>\n\t<meta property=\"og:image:type\" content=\"image\/jpeg\" \/>\n<meta name=\"twitter:card\" content=\"summary_large_image\" \/>\n<meta name=\"twitter:label1\" content=\"Est. reading time\" \/>\n\t<meta name=\"twitter:data1\" content=\"20 minutes\" \/>\n<script type=\"application\/ld+json\" class=\"yoast-schema-graph\">{\"@context\":\"https:\/\/schema.org\",\"@graph\":[{\"@type\":\"WebPage\",\"@id\":\"https:\/\/www.rbc.com\/fr\/leadership-avise\/institut-action-climatique\/laction-climatique-racontee-par-des-photographes\/\",\"url\":\"https:\/\/www.rbc.com\/fr\/leadership-avise\/institut-action-climatique\/laction-climatique-racontee-par-des-photographes\/\",\"name\":\"L\u2019action climatique racont\u00e9e par des photographes - RBC\",\"isPartOf\":{\"@id\":\"https:\/\/www.rbc.com\/fr\/#website\"},\"primaryImageOfPage\":{\"@id\":\"https:\/\/www.rbc.com\/fr\/leadership-avise\/institut-action-climatique\/laction-climatique-racontee-par-des-photographes\/#primaryimage\"},\"image\":{\"@id\":\"https:\/\/www.rbc.com\/fr\/leadership-avise\/institut-action-climatique\/laction-climatique-racontee-par-des-photographes\/#primaryimage\"},\"thumbnailUrl\":\"https:\/\/www.rbc.com\/fr\/wp-content\/uploads\/sites\/5\/2025\/03\/Photo-gallery-website_header-image_Banner-wide-scaled-1.jpg?quality=80\",\"datePublished\":\"2025-01-15T16:13:14+00:00\",\"dateModified\":\"2026-03-26T15:08:54+00:00\",\"description\":\"Dans le cadre du rapport Action climatique 2025, nous avons lanc\u00e9 un appel national \u00e0 des photographes afin qu\u2019ils illustrent ce qui se fait\",\"inLanguage\":\"fr-FR\",\"potentialAction\":[{\"@type\":\"ReadAction\",\"target\":[\"https:\/\/www.rbc.com\/fr\/leadership-avise\/institut-action-climatique\/laction-climatique-racontee-par-des-photographes\/\"]}]},{\"@type\":\"ImageObject\",\"inLanguage\":\"fr-FR\",\"@id\":\"https:\/\/www.rbc.com\/fr\/leadership-avise\/institut-action-climatique\/laction-climatique-racontee-par-des-photographes\/#primaryimage\",\"url\":\"https:\/\/www.rbc.com\/fr\/wp-content\/uploads\/sites\/5\/2025\/03\/Photo-gallery-website_header-image_Banner-wide-scaled-1.jpg?quality=80\",\"contentUrl\":\"https:\/\/www.rbc.com\/fr\/wp-content\/uploads\/sites\/5\/2025\/03\/Photo-gallery-website_header-image_Banner-wide-scaled-1.jpg?quality=80\",\"width\":2560,\"height\":1236},{\"@type\":\"WebSite\",\"@id\":\"https:\/\/www.rbc.com\/fr\/#website\",\"url\":\"https:\/\/www.rbc.com\/fr\/\",\"name\":\"RBC\",\"description\":\"\",\"potentialAction\":[{\"@type\":\"SearchAction\",\"target\":{\"@type\":\"EntryPoint\",\"urlTemplate\":\"https:\/\/www.rbc.com\/fr\/?s={search_term_string}\"},\"query-input\":{\"@type\":\"PropertyValueSpecification\",\"valueRequired\":true,\"valueName\":\"search_term_string\"}}],\"inLanguage\":\"fr-FR\"}]}<\/script>\n<!-- \/ Yoast SEO Premium plugin. -->","yoast_head_json":{"title":"L\u2019action climatique racont\u00e9e par des photographes - RBC","description":"Dans le cadre du rapport Action climatique 2025, nous avons lanc\u00e9 un appel national \u00e0 des photographes afin qu\u2019ils illustrent ce qui se fait","robots":{"index":"index","follow":"follow","max-snippet":"max-snippet:-1","max-image-preview":"max-image-preview:large","max-video-preview":"max-video-preview:-1"},"canonical":"https:\/\/www.rbc.com\/fr\/leadership-avise\/institut-action-climatique\/laction-climatique-racontee-par-des-photographes\/","og_locale":"fr_FR","og_type":"article","og_title":"L\u2019action climatique racont\u00e9e par des photographes","og_description":"Dans le cadre du rapport Action climatique 2025, nous avons lanc\u00e9 un appel national \u00e0 des photographes afin qu\u2019ils illustrent ce qui se fait","og_url":"https:\/\/www.rbc.com\/fr\/leadership-avise\/institut-action-climatique\/laction-climatique-racontee-par-des-photographes\/","og_site_name":"RBC","article_modified_time":"2026-03-26T15:08:54+00:00","og_image":[{"width":2560,"height":1236,"url":"https:\/\/www.rbc.com\/fr\/wp-content\/uploads\/sites\/5\/2025\/03\/Photo-gallery-website_header-image_Banner-wide-scaled-1.jpg?quality=80","type":"image\/jpeg"}],"twitter_card":"summary_large_image","twitter_misc":{"Est. reading time":"20 minutes"},"schema":{"@context":"https:\/\/schema.org","@graph":[{"@type":"WebPage","@id":"https:\/\/www.rbc.com\/fr\/leadership-avise\/institut-action-climatique\/laction-climatique-racontee-par-des-photographes\/","url":"https:\/\/www.rbc.com\/fr\/leadership-avise\/institut-action-climatique\/laction-climatique-racontee-par-des-photographes\/","name":"L\u2019action climatique racont\u00e9e par des photographes - RBC","isPartOf":{"@id":"https:\/\/www.rbc.com\/fr\/#website"},"primaryImageOfPage":{"@id":"https:\/\/www.rbc.com\/fr\/leadership-avise\/institut-action-climatique\/laction-climatique-racontee-par-des-photographes\/#primaryimage"},"image":{"@id":"https:\/\/www.rbc.com\/fr\/leadership-avise\/institut-action-climatique\/laction-climatique-racontee-par-des-photographes\/#primaryimage"},"thumbnailUrl":"https:\/\/www.rbc.com\/fr\/wp-content\/uploads\/sites\/5\/2025\/03\/Photo-gallery-website_header-image_Banner-wide-scaled-1.jpg?quality=80","datePublished":"2025-01-15T16:13:14+00:00","dateModified":"2026-03-26T15:08:54+00:00","description":"Dans le cadre du rapport Action climatique 2025, nous avons lanc\u00e9 un appel national \u00e0 des photographes afin qu\u2019ils illustrent ce qui se fait","inLanguage":"fr-FR","potentialAction":[{"@type":"ReadAction","target":["https:\/\/www.rbc.com\/fr\/leadership-avise\/institut-action-climatique\/laction-climatique-racontee-par-des-photographes\/"]}]},{"@type":"ImageObject","inLanguage":"fr-FR","@id":"https:\/\/www.rbc.com\/fr\/leadership-avise\/institut-action-climatique\/laction-climatique-racontee-par-des-photographes\/#primaryimage","url":"https:\/\/www.rbc.com\/fr\/wp-content\/uploads\/sites\/5\/2025\/03\/Photo-gallery-website_header-image_Banner-wide-scaled-1.jpg?quality=80","contentUrl":"https:\/\/www.rbc.com\/fr\/wp-content\/uploads\/sites\/5\/2025\/03\/Photo-gallery-website_header-image_Banner-wide-scaled-1.jpg?quality=80","width":2560,"height":1236},{"@type":"WebSite","@id":"https:\/\/www.rbc.com\/fr\/#website","url":"https:\/\/www.rbc.com\/fr\/","name":"RBC","description":"","potentialAction":[{"@type":"SearchAction","target":{"@type":"EntryPoint","urlTemplate":"https:\/\/www.rbc.com\/fr\/?s={search_term_string}"},"query-input":{"@type":"PropertyValueSpecification","valueRequired":true,"valueName":"search_term_string"}}],"inLanguage":"fr-FR"}]}},"parsely":{"version":"1.1.0","canonical_url":"https:\/\/rbc.com\/fr\/leadership-avise\/institut-action-climatique\/laction-climatique-racontee-par-des-photographes\/","smart_links":{"inbound":0,"outbound":0},"traffic_boost_suggestions_count":0,"meta":{"@context":"https:\/\/schema.org","@type":"NewsArticle","headline":"L\u2019action climatique racont\u00e9e par des photographes","url":"http:\/\/www.rbc.com\/fr\/leadership-avise\/institut-action-climatique\/laction-climatique-racontee-par-des-photographes\/","mainEntityOfPage":{"@type":"WebPage","@id":"http:\/\/www.rbc.com\/fr\/leadership-avise\/institut-action-climatique\/laction-climatique-racontee-par-des-photographes\/"},"thumbnailUrl":"https:\/\/www.rbc.com\/fr\/wp-content\/uploads\/sites\/5\/2025\/03\/Photo-gallery-website_header-image_Banner-wide-scaled-1.jpg?quality=80&w=150&h=150&crop=1","image":{"@type":"ImageObject","url":"https:\/\/www.rbc.com\/fr\/wp-content\/uploads\/sites\/5\/2025\/03\/Photo-gallery-website_header-image_Banner-wide-scaled-1.jpg?quality=80"},"articleSection":"Uncategorized","author":[{"@type":"Person","name":"Shiplu Talukder"}],"creator":["Shiplu Talukder"],"publisher":{"@type":"Organization","name":"RBC","logo":""},"keywords":[],"dateCreated":"2025-01-15T16:13:14Z","datePublished":"2025-01-15T16:13:14Z","dateModified":"2026-03-26T15:08:54Z"},"rendered":"<script type=\"application\/ld+json\" class=\"wp-parsely-metadata\">{\"@context\":\"https:\\\/\\\/schema.org\",\"@type\":\"NewsArticle\",\"headline\":\"L\\u2019action climatique racont\\u00e9e par des photographes\",\"url\":\"http:\\\/\\\/www.rbc.com\\\/fr\\\/leadership-avise\\\/institut-action-climatique\\\/laction-climatique-racontee-par-des-photographes\\\/\",\"mainEntityOfPage\":{\"@type\":\"WebPage\",\"@id\":\"http:\\\/\\\/www.rbc.com\\\/fr\\\/leadership-avise\\\/institut-action-climatique\\\/laction-climatique-racontee-par-des-photographes\\\/\"},\"thumbnailUrl\":\"https:\\\/\\\/www.rbc.com\\\/fr\\\/wp-content\\\/uploads\\\/sites\\\/5\\\/2025\\\/03\\\/Photo-gallery-website_header-image_Banner-wide-scaled-1.jpg?quality=80&w=150&h=150&crop=1\",\"image\":{\"@type\":\"ImageObject\",\"url\":\"https:\\\/\\\/www.rbc.com\\\/fr\\\/wp-content\\\/uploads\\\/sites\\\/5\\\/2025\\\/03\\\/Photo-gallery-website_header-image_Banner-wide-scaled-1.jpg?quality=80\"},\"articleSection\":\"Uncategorized\",\"author\":[{\"@type\":\"Person\",\"name\":\"Shiplu Talukder\"}],\"creator\":[\"Shiplu Talukder\"],\"publisher\":{\"@type\":\"Organization\",\"name\":\"RBC\",\"logo\":\"\"},\"keywords\":[],\"dateCreated\":\"2025-01-15T16:13:14Z\",\"datePublished\":\"2025-01-15T16:13:14Z\",\"dateModified\":\"2026-03-26T15:08:54Z\"}<\/script>","tracker_url":"https:\/\/cdn.parsely.com\/keys\/rbc.com\/p.js"},"featured_img":"https:\/\/www.rbc.com\/fr\/wp-content\/uploads\/sites\/5\/2025\/03\/Photo-gallery-website_header-image_Banner-wide-scaled-1.jpg?quality=80&w=1024","coauthors":[],"author_meta":{"author_link":"https:\/\/www.rbc.com\/fr\/author\/shiplutalukder\/","display_name":"Shiplu Talukder"},"relative_dates":{"created":"Publi\u00e9 1 an il y a","modified":"Mis \u00e0 jour 1 mois il y a"},"absolute_dates":{"created":"Publi\u00e9 le 15 janvier 2025","modified":"Mise \u00e0 jour le 26 mars 2026"},"absolute_dates_time":{"created":"Publi\u00e9 le 15 janvier 2025 4:13  ","modified":"Mise \u00e0 jour le 26 mars 2026 3:08  "},"featured_img_caption":"","tax_additional":{"rbc_tl_category":{"linked":["<a href=\"https:\/\/www.rbc.com\/fr\/leadership-avise\/institut-action-climatique\/\" class=\"advgb-post-tax-term\">Institut Action Climatique<\/a>"],"unlinked":["<span class=\"advgb-post-tax-term\">Institut Action Climatique<\/span>"],"slug":"rbc_tl_category","name":"Categories"},"rbc_tl_tag":{"linked":[],"unlinked":[],"slug":"rbc_tl_tag","name":"Tags"}},"series_order":"","_links":{"self":[{"href":"https:\/\/www.rbc.com\/fr\/wp-json\/wp\/v2\/rbc_tl\/5411","targetHints":{"allow":["GET"]}}],"collection":[{"href":"https:\/\/www.rbc.com\/fr\/wp-json\/wp\/v2\/rbc_tl"}],"about":[{"href":"https:\/\/www.rbc.com\/fr\/wp-json\/wp\/v2\/types\/rbc_tl"}],"author":[{"embeddable":true,"href":"https:\/\/www.rbc.com\/fr\/wp-json\/wp\/v2\/users\/300"}],"version-history":[{"count":2,"href":"https:\/\/www.rbc.com\/fr\/wp-json\/wp\/v2\/rbc_tl\/5411\/revisions"}],"predecessor-version":[{"id":14130,"href":"https:\/\/www.rbc.com\/fr\/wp-json\/wp\/v2\/rbc_tl\/5411\/revisions\/14130"}],"wp:featuredmedia":[{"embeddable":true,"href":"https:\/\/www.rbc.com\/fr\/wp-json\/wp\/v2\/media\/5476"}],"wp:attachment":[{"href":"https:\/\/www.rbc.com\/fr\/wp-json\/wp\/v2\/media?parent=5411"}],"wp:term":[{"taxonomy":"rbc_tl_category","embeddable":true,"href":"https:\/\/www.rbc.com\/fr\/wp-json\/wp\/v2\/rbc_tl_category?post=5411"},{"taxonomy":"rbc_tl_tag","embeddable":true,"href":"https:\/\/www.rbc.com\/fr\/wp-json\/wp\/v2\/rbc_tl_tag?post=5411"}],"curies":[{"name":"wp","href":"https:\/\/api.w.org\/{rel}","templated":true}]}}