{"id":4737,"date":"2023-11-10T19:09:11","date_gmt":"2023-11-10T19:09:11","guid":{"rendered":"https:\/\/www.rbc.com\/fr\/leadership-avise\/john-stackhouse-un-malaise-climatique-sinstalle-au-canada\/"},"modified":"2025-04-02T21:27:57","modified_gmt":"2025-04-02T21:27:57","slug":"john-stackhouse-un-malaise-climatique-sinstalle-au-canada","status":"publish","type":"rbc_tl","link":"https:\/\/www.rbc.com\/fr\/leadership-avise\/institut-action-climatique\/john-stackhouse-un-malaise-climatique-sinstalle-au-canada\/","title":{"rendered":"John Stackhouse: Un malaise climatique s\u2019installe au Canada"},"content":{"rendered":"<p>La m\u00e9t\u00e9o s\u2019est g\u00e2t\u00e9e cette semaine \u00e0 Ottawa, tout comme la politique entourant la carboneutralit\u00e9. Notre malaise climatique prendrait-il de l\u2019ampleur ? J\u2019ai pass\u00e9 la journ\u00e9e de jeudi \u00e0 la troisi\u00e8me conf\u00e9rence annuelle de l\u2019Institut climatique du Canada, et on pouvait difficilement ignorer le refroidissement. Le ciel ensoleill\u00e9 de la derni\u00e8re d\u00e9cennie est maintenant assombri par la r\u00e9alit\u00e9 \u00e9conomique, alors que les gouvernements (et les consommateurs) cherchent de plus en plus des solutions \u00e9conomiquement viables pour d\u00e9carboner la plan\u00e8te. L\u2019\u00e9poque de l\u2019abondance financi\u00e8re est r\u00e9volue, ce qui nuit au capital de risque et \u00e0 tous les innovateurs qui essaient de cr\u00e9er et de d\u00e9velopper des technologies \u00e9nerg\u00e9tiques. Le r\u00e9servoir budg\u00e9taire des gouvernements (et des consommateurs) \u00e9tant presque \u00e0 sec, les milliards de dollars esp\u00e9r\u00e9s pour stimuler l\u2019action climatique risquent d\u2019\u00eatre amput\u00e9s. La poigne r\u00e9glementaire semble \u00e9galement se desserrer, si l\u2019on en juge par la discr\u00e8te pr\u00e9sentation du gouvernement Trudeau au sujet de l\u2019imposition d\u2019un plafond sur les \u00e9missions du secteur p\u00e9trolier et gazier (maintenant appel\u00e9 un \u00ab cadre \u00bb) lors de l\u2019\u00e9v\u00e9nement. Et puis, il y a toute cette volatilit\u00e9 mondiale \u2013 deux guerres br\u00fblantes et une guerre froide \u2013 qui \u00e9branle les march\u00e9s (et la confiance des investisseurs) partout dans le monde.<\/p>\n<p>On pourrait croire que l\u2019ann\u00e9e 2024 n\u2019augure rien de bon pour l\u2019action en faveur du climat. Mais s\u2019il y a de l\u2019espoir, c\u2019est du c\u00f4t\u00e9 du secteur priv\u00e9. Cette ann\u00e9e, la conf\u00e9rence de l\u2019Institut climatique du Canada \u00e9tait davantage ax\u00e9e sur les affaires. Des aci\u00e9ristes, des producteurs de p\u00e9trole et des constructeurs sont venus pr\u00e9senter leur plan de d\u00e9carbonation \u2013 non seulement pour la plan\u00e8te, mais aussi pour leur propre avantage concurrentiel. Ce fut \u00e9galement l\u2019occasion pour l\u2019administration Biden de lancer un appel : elle a envoy\u00e9 \u00e0 Ottawa son meilleur diplomate en mati\u00e8re d\u2019\u00e9nergie pour promouvoir l\u2019action climatique men\u00e9e par les entreprises. Geoffrey Pyatt a expliqu\u00e9 comment la loi sur la r\u00e9duction de l\u2019inflation transforme les syst\u00e8mes \u00e9nerg\u00e9tiques des \u00c9tats-Unis (et leur comp\u00e9titivit\u00e9), cr\u00e9ant ainsi d\u2019importantes opportunit\u00e9s d\u2019affaires et de commerce pour leurs alli\u00e9s. \u00c0 cet \u00e9gard, M. Pyatt voulait conna\u00eetre la \u00ab g\u00e9ographie politique \u00bb du Canada et savoir quelle pourrait \u00eatre notre place dans une strat\u00e9gie \u00e9nerg\u00e9tique continentale qui englobe le p\u00e9trole, le nucl\u00e9aire, l\u2019hydrog\u00e8ne et le gaz naturel. Autrement dit, la s\u00e9curit\u00e9 climatique rel\u00e8ve maintenant de la s\u00e9curit\u00e9 \u00e9nerg\u00e9tique, et les deux sont li\u00e9es \u00e0 la s\u00e9curit\u00e9 nationale. Les d\u00e9fenseurs du climat n\u2019ont pas adh\u00e9r\u00e9 \u00e0 toutes ses paroles, mais ils ont compris le message. C\u2019est le d\u00e9but d\u2019un temps nouveau.<\/p>\n","protected":false},"excerpt":{"rendered":"<p>La m\u00e9t\u00e9o s\u2019est g\u00e2t\u00e9e cette semaine \u00e0 Ottawa, tout comme la politique entourant la carboneutralit\u00e9. Notre malaise climatique prendrait-il de l\u2019ampleur ?<\/p>\n","protected":false},"author":300,"featured_media":4738,"parent":0,"menu_order":0,"template":"","meta":{"_acf_changed":false,"disable_focal_point":true,"featured_image_focal_point":{"x":0.5,"y":0.5},"advgb_blocks_editor_width":"","advgb_blocks_columns_visual_guide":"","footnotes":""},"rbc_tl_category":[156,135],"rbc_tl_tag":[],"class_list":["post-4737","rbc_tl","type-rbc_tl","status-publish","has-post-thumbnail","hentry","rbc_tl_category-commentaire-dexpert","rbc_tl_category-institut-action-climatique"],"acf":[],"yoast_head":"<!-- This site is optimized with the Yoast SEO Premium plugin v27.4 (Yoast SEO v27.4) - https:\/\/yoast.com\/product\/yoast-seo-premium-wordpress\/ -->\n<title>John Stackhouse: Un malaise climatique s\u2019installe au Canada - RBC<\/title>\n<meta name=\"description\" content=\"La m\u00e9t\u00e9o s\u2019est g\u00e2t\u00e9e cette semaine \u00e0 Ottawa, tout comme la politique entourant la carboneutralit\u00e9. Notre malaise climatique prendrait-il de l\u2019ampleur ?\" \/>\n<meta name=\"robots\" content=\"index, follow, max-snippet:-1, max-image-preview:large, max-video-preview:-1\" \/>\n<link rel=\"canonical\" href=\"https:\/\/www.rbc.com\/fr\/leadership-avise\/institut-action-climatique\/commentaire-dexpert\/john-stackhouse-un-malaise-climatique-sinstalle-au-canada\/\" \/>\n<meta property=\"og:locale\" content=\"fr_FR\" \/>\n<meta property=\"og:type\" content=\"article\" \/>\n<meta property=\"og:title\" content=\"John Stackhouse: Un malaise climatique s\u2019installe au Canada\" \/>\n<meta property=\"og:description\" content=\"La m\u00e9t\u00e9o s\u2019est g\u00e2t\u00e9e cette semaine \u00e0 Ottawa, tout comme la politique entourant la carboneutralit\u00e9. Notre malaise climatique prendrait-il de l\u2019ampleur ?\" \/>\n<meta property=\"og:url\" content=\"https:\/\/www.rbc.com\/fr\/leadership-avise\/institut-action-climatique\/commentaire-dexpert\/john-stackhouse-un-malaise-climatique-sinstalle-au-canada\/\" \/>\n<meta property=\"og:site_name\" content=\"RBC\" \/>\n<meta property=\"article:modified_time\" content=\"2025-04-02T21:27:57+00:00\" \/>\n<meta property=\"og:image\" content=\"https:\/\/www.rbc.com\/fr\/wp-content\/uploads\/sites\/5\/2025\/03\/Blog-1-Banner-Wide-scaled-1.jpg?quality=80\" \/>\n\t<meta property=\"og:image:width\" content=\"2560\" \/>\n\t<meta property=\"og:image:height\" content=\"1236\" \/>\n\t<meta property=\"og:image:type\" content=\"image\/jpeg\" \/>\n<meta name=\"twitter:card\" content=\"summary_large_image\" \/>\n<meta name=\"twitter:label1\" content=\"Est. reading time\" \/>\n\t<meta name=\"twitter:data1\" content=\"3 minutes\" \/>\n<script type=\"application\/ld+json\" class=\"yoast-schema-graph\">{\"@context\":\"https:\\\/\\\/schema.org\",\"@graph\":[{\"@type\":\"WebPage\",\"@id\":\"https:\\\/\\\/www.rbc.com\\\/fr\\\/leadership-avise\\\/institut-action-climatique\\\/commentaire-dexpert\\\/john-stackhouse-un-malaise-climatique-sinstalle-au-canada\\\/\",\"url\":\"https:\\\/\\\/www.rbc.com\\\/fr\\\/leadership-avise\\\/institut-action-climatique\\\/commentaire-dexpert\\\/john-stackhouse-un-malaise-climatique-sinstalle-au-canada\\\/\",\"name\":\"John Stackhouse: Un malaise climatique s\u2019installe au Canada - RBC\",\"isPartOf\":{\"@id\":\"https:\\\/\\\/www.rbc.com\\\/fr\\\/#website\"},\"primaryImageOfPage\":{\"@id\":\"https:\\\/\\\/www.rbc.com\\\/fr\\\/leadership-avise\\\/institut-action-climatique\\\/commentaire-dexpert\\\/john-stackhouse-un-malaise-climatique-sinstalle-au-canada\\\/#primaryimage\"},\"image\":{\"@id\":\"https:\\\/\\\/www.rbc.com\\\/fr\\\/leadership-avise\\\/institut-action-climatique\\\/commentaire-dexpert\\\/john-stackhouse-un-malaise-climatique-sinstalle-au-canada\\\/#primaryimage\"},\"thumbnailUrl\":\"https:\\\/\\\/www.rbc.com\\\/fr\\\/wp-content\\\/uploads\\\/sites\\\/5\\\/2025\\\/03\\\/Blog-1-Banner-Wide-scaled-1.jpg?quality=80\",\"datePublished\":\"2023-11-10T19:09:11+00:00\",\"dateModified\":\"2025-04-02T21:27:57+00:00\",\"description\":\"La m\u00e9t\u00e9o s\u2019est g\u00e2t\u00e9e cette semaine \u00e0 Ottawa, tout comme la politique entourant la carboneutralit\u00e9. Notre malaise climatique prendrait-il de l\u2019ampleur ?\",\"inLanguage\":\"fr-FR\",\"potentialAction\":[{\"@type\":\"ReadAction\",\"target\":[\"https:\\\/\\\/www.rbc.com\\\/fr\\\/leadership-avise\\\/institut-action-climatique\\\/commentaire-dexpert\\\/john-stackhouse-un-malaise-climatique-sinstalle-au-canada\\\/\"]}]},{\"@type\":\"ImageObject\",\"inLanguage\":\"fr-FR\",\"@id\":\"https:\\\/\\\/www.rbc.com\\\/fr\\\/leadership-avise\\\/institut-action-climatique\\\/commentaire-dexpert\\\/john-stackhouse-un-malaise-climatique-sinstalle-au-canada\\\/#primaryimage\",\"url\":\"https:\\\/\\\/www.rbc.com\\\/fr\\\/wp-content\\\/uploads\\\/sites\\\/5\\\/2025\\\/03\\\/Blog-1-Banner-Wide-scaled-1.jpg?quality=80\",\"contentUrl\":\"https:\\\/\\\/www.rbc.com\\\/fr\\\/wp-content\\\/uploads\\\/sites\\\/5\\\/2025\\\/03\\\/Blog-1-Banner-Wide-scaled-1.jpg?quality=80\",\"width\":2560,\"height\":1236},{\"@type\":\"WebSite\",\"@id\":\"https:\\\/\\\/www.rbc.com\\\/fr\\\/#website\",\"url\":\"https:\\\/\\\/www.rbc.com\\\/fr\\\/\",\"name\":\"RBC\",\"description\":\"\",\"potentialAction\":[{\"@type\":\"SearchAction\",\"target\":{\"@type\":\"EntryPoint\",\"urlTemplate\":\"https:\\\/\\\/www.rbc.com\\\/fr\\\/?s={search_term_string}\"},\"query-input\":{\"@type\":\"PropertyValueSpecification\",\"valueRequired\":true,\"valueName\":\"search_term_string\"}}],\"inLanguage\":\"fr-FR\"}]}<\/script>\n<!-- \/ Yoast SEO Premium plugin. -->","yoast_head_json":{"title":"John Stackhouse: Un malaise climatique s\u2019installe au Canada - RBC","description":"La m\u00e9t\u00e9o s\u2019est g\u00e2t\u00e9e cette semaine \u00e0 Ottawa, tout comme la politique entourant la carboneutralit\u00e9. Notre malaise climatique prendrait-il de l\u2019ampleur ?","robots":{"index":"index","follow":"follow","max-snippet":"max-snippet:-1","max-image-preview":"max-image-preview:large","max-video-preview":"max-video-preview:-1"},"canonical":"https:\/\/www.rbc.com\/fr\/leadership-avise\/institut-action-climatique\/commentaire-dexpert\/john-stackhouse-un-malaise-climatique-sinstalle-au-canada\/","og_locale":"fr_FR","og_type":"article","og_title":"John Stackhouse: Un malaise climatique s\u2019installe au Canada","og_description":"La m\u00e9t\u00e9o s\u2019est g\u00e2t\u00e9e cette semaine \u00e0 Ottawa, tout comme la politique entourant la carboneutralit\u00e9. Notre malaise climatique prendrait-il de l\u2019ampleur ?","og_url":"https:\/\/www.rbc.com\/fr\/leadership-avise\/institut-action-climatique\/commentaire-dexpert\/john-stackhouse-un-malaise-climatique-sinstalle-au-canada\/","og_site_name":"RBC","article_modified_time":"2025-04-02T21:27:57+00:00","og_image":[{"width":2560,"height":1236,"url":"https:\/\/www.rbc.com\/fr\/wp-content\/uploads\/sites\/5\/2025\/03\/Blog-1-Banner-Wide-scaled-1.jpg?quality=80","type":"image\/jpeg"}],"twitter_card":"summary_large_image","twitter_misc":{"Est. reading time":"3 minutes"},"schema":{"@context":"https:\/\/schema.org","@graph":[{"@type":"WebPage","@id":"https:\/\/www.rbc.com\/fr\/leadership-avise\/institut-action-climatique\/commentaire-dexpert\/john-stackhouse-un-malaise-climatique-sinstalle-au-canada\/","url":"https:\/\/www.rbc.com\/fr\/leadership-avise\/institut-action-climatique\/commentaire-dexpert\/john-stackhouse-un-malaise-climatique-sinstalle-au-canada\/","name":"John Stackhouse: Un malaise climatique s\u2019installe au Canada - RBC","isPartOf":{"@id":"https:\/\/www.rbc.com\/fr\/#website"},"primaryImageOfPage":{"@id":"https:\/\/www.rbc.com\/fr\/leadership-avise\/institut-action-climatique\/commentaire-dexpert\/john-stackhouse-un-malaise-climatique-sinstalle-au-canada\/#primaryimage"},"image":{"@id":"https:\/\/www.rbc.com\/fr\/leadership-avise\/institut-action-climatique\/commentaire-dexpert\/john-stackhouse-un-malaise-climatique-sinstalle-au-canada\/#primaryimage"},"thumbnailUrl":"https:\/\/www.rbc.com\/fr\/wp-content\/uploads\/sites\/5\/2025\/03\/Blog-1-Banner-Wide-scaled-1.jpg?quality=80","datePublished":"2023-11-10T19:09:11+00:00","dateModified":"2025-04-02T21:27:57+00:00","description":"La m\u00e9t\u00e9o s\u2019est g\u00e2t\u00e9e cette semaine \u00e0 Ottawa, tout comme la politique entourant la carboneutralit\u00e9. Notre malaise climatique prendrait-il de l\u2019ampleur ?","inLanguage":"fr-FR","potentialAction":[{"@type":"ReadAction","target":["https:\/\/www.rbc.com\/fr\/leadership-avise\/institut-action-climatique\/commentaire-dexpert\/john-stackhouse-un-malaise-climatique-sinstalle-au-canada\/"]}]},{"@type":"ImageObject","inLanguage":"fr-FR","@id":"https:\/\/www.rbc.com\/fr\/leadership-avise\/institut-action-climatique\/commentaire-dexpert\/john-stackhouse-un-malaise-climatique-sinstalle-au-canada\/#primaryimage","url":"https:\/\/www.rbc.com\/fr\/wp-content\/uploads\/sites\/5\/2025\/03\/Blog-1-Banner-Wide-scaled-1.jpg?quality=80","contentUrl":"https:\/\/www.rbc.com\/fr\/wp-content\/uploads\/sites\/5\/2025\/03\/Blog-1-Banner-Wide-scaled-1.jpg?quality=80","width":2560,"height":1236},{"@type":"WebSite","@id":"https:\/\/www.rbc.com\/fr\/#website","url":"https:\/\/www.rbc.com\/fr\/","name":"RBC","description":"","potentialAction":[{"@type":"SearchAction","target":{"@type":"EntryPoint","urlTemplate":"https:\/\/www.rbc.com\/fr\/?s={search_term_string}"},"query-input":{"@type":"PropertyValueSpecification","valueRequired":true,"valueName":"search_term_string"}}],"inLanguage":"fr-FR"}]}},"parsely":{"version":"1.1.0","canonical_url":"https:\/\/rbc.com\/fr\/leadership-avise\/institut-action-climatique\/john-stackhouse-un-malaise-climatique-sinstalle-au-canada\/","smart_links":{"inbound":0,"outbound":0},"traffic_boost_suggestions_count":0,"meta":{"@context":"https:\/\/schema.org","@type":"NewsArticle","headline":"John Stackhouse: Un malaise climatique s\u2019installe au Canada","url":"http:\/\/www.rbc.com\/fr\/leadership-avise\/institut-action-climatique\/john-stackhouse-un-malaise-climatique-sinstalle-au-canada\/","mainEntityOfPage":{"@type":"WebPage","@id":"http:\/\/www.rbc.com\/fr\/leadership-avise\/institut-action-climatique\/john-stackhouse-un-malaise-climatique-sinstalle-au-canada\/"},"thumbnailUrl":"https:\/\/www.rbc.com\/fr\/wp-content\/uploads\/sites\/5\/2025\/03\/Blog-1-Banner-Wide-scaled-1.jpg?quality=80&w=150&h=150&crop=1","image":{"@type":"ImageObject","url":"https:\/\/www.rbc.com\/fr\/wp-content\/uploads\/sites\/5\/2025\/03\/Blog-1-Banner-Wide-scaled-1.jpg?quality=80"},"articleSection":"Uncategorized","author":[{"@type":"Person","name":"Shiplu Talukder"}],"creator":["Shiplu Talukder"],"publisher":{"@type":"Organization","name":"RBC","logo":""},"keywords":[],"dateCreated":"2023-11-10T19:09:11Z","datePublished":"2023-11-10T19:09:11Z","dateModified":"2025-04-02T21:27:57Z"},"rendered":"<script type=\"application\/ld+json\" class=\"wp-parsely-metadata\">{\"@context\":\"https:\\\/\\\/schema.org\",\"@type\":\"NewsArticle\",\"headline\":\"John Stackhouse: Un malaise climatique s\\u2019installe au Canada\",\"url\":\"http:\\\/\\\/www.rbc.com\\\/fr\\\/leadership-avise\\\/institut-action-climatique\\\/john-stackhouse-un-malaise-climatique-sinstalle-au-canada\\\/\",\"mainEntityOfPage\":{\"@type\":\"WebPage\",\"@id\":\"http:\\\/\\\/www.rbc.com\\\/fr\\\/leadership-avise\\\/institut-action-climatique\\\/john-stackhouse-un-malaise-climatique-sinstalle-au-canada\\\/\"},\"thumbnailUrl\":\"https:\\\/\\\/www.rbc.com\\\/fr\\\/wp-content\\\/uploads\\\/sites\\\/5\\\/2025\\\/03\\\/Blog-1-Banner-Wide-scaled-1.jpg?quality=80&w=150&h=150&crop=1\",\"image\":{\"@type\":\"ImageObject\",\"url\":\"https:\\\/\\\/www.rbc.com\\\/fr\\\/wp-content\\\/uploads\\\/sites\\\/5\\\/2025\\\/03\\\/Blog-1-Banner-Wide-scaled-1.jpg?quality=80\"},\"articleSection\":\"Uncategorized\",\"author\":[{\"@type\":\"Person\",\"name\":\"Shiplu Talukder\"}],\"creator\":[\"Shiplu Talukder\"],\"publisher\":{\"@type\":\"Organization\",\"name\":\"RBC\",\"logo\":\"\"},\"keywords\":[],\"dateCreated\":\"2023-11-10T19:09:11Z\",\"datePublished\":\"2023-11-10T19:09:11Z\",\"dateModified\":\"2025-04-02T21:27:57Z\"}<\/script>","tracker_url":"https:\/\/cdn.parsely.com\/keys\/rbc.com\/p.js"},"featured_img":"https:\/\/www.rbc.com\/fr\/wp-content\/uploads\/sites\/5\/2025\/03\/Blog-1-Banner-Wide-scaled-1.jpg?quality=80&w=1024","coauthors":[],"author_meta":{"author_link":"https:\/\/www.rbc.com\/fr\/author\/shiplutalukder\/","display_name":"Shiplu Talukder"},"relative_dates":{"created":"Publi\u00e9 2 ans il y a","modified":"Mis \u00e0 jour 1 an il y a"},"absolute_dates":{"created":"Publi\u00e9 le 10 novembre 2023","modified":"Mise \u00e0 jour le 2 avril 2025"},"absolute_dates_time":{"created":"Publi\u00e9 le 10 novembre 2023 7:09  ","modified":"Mise \u00e0 jour le 2 avril 2025 9:27  "},"featured_img_caption":"","tax_additional":{"rbc_tl_category":{"linked":["<a href=\"https:\/\/www.rbc.com\/fr\/leadership-avise\/commentaire-dexpert\/\" class=\"advgb-post-tax-term\">Commentaire d&#039;expert<\/a>","<a href=\"https:\/\/www.rbc.com\/fr\/leadership-avise\/institut-action-climatique\/\" class=\"advgb-post-tax-term\">Institut Action Climatique<\/a>"],"unlinked":["<span class=\"advgb-post-tax-term\">Commentaire d&#039;expert<\/span>","<span class=\"advgb-post-tax-term\">Institut Action Climatique<\/span>"],"slug":"rbc_tl_category","name":"Categories"},"rbc_tl_tag":{"linked":[],"unlinked":[],"slug":"rbc_tl_tag","name":"Tags"}},"series_order":"","_links":{"self":[{"href":"https:\/\/www.rbc.com\/fr\/wp-json\/wp\/v2\/rbc_tl\/4737","targetHints":{"allow":["GET"]}}],"collection":[{"href":"https:\/\/www.rbc.com\/fr\/wp-json\/wp\/v2\/rbc_tl"}],"about":[{"href":"https:\/\/www.rbc.com\/fr\/wp-json\/wp\/v2\/types\/rbc_tl"}],"author":[{"embeddable":true,"href":"https:\/\/www.rbc.com\/fr\/wp-json\/wp\/v2\/users\/300"}],"version-history":[{"count":1,"href":"https:\/\/www.rbc.com\/fr\/wp-json\/wp\/v2\/rbc_tl\/4737\/revisions"}],"predecessor-version":[{"id":5810,"href":"https:\/\/www.rbc.com\/fr\/wp-json\/wp\/v2\/rbc_tl\/4737\/revisions\/5810"}],"wp:featuredmedia":[{"embeddable":true,"href":"https:\/\/www.rbc.com\/fr\/wp-json\/wp\/v2\/media\/4738"}],"wp:attachment":[{"href":"https:\/\/www.rbc.com\/fr\/wp-json\/wp\/v2\/media?parent=4737"}],"wp:term":[{"taxonomy":"rbc_tl_category","embeddable":true,"href":"https:\/\/www.rbc.com\/fr\/wp-json\/wp\/v2\/rbc_tl_category?post=4737"},{"taxonomy":"rbc_tl_tag","embeddable":true,"href":"https:\/\/www.rbc.com\/fr\/wp-json\/wp\/v2\/rbc_tl_tag?post=4737"}],"curies":[{"name":"wp","href":"https:\/\/api.w.org\/{rel}","templated":true}]}}