{"id":4221,"date":"2023-03-02T05:00:10","date_gmt":"2023-03-02T05:00:10","guid":{"rendered":"https:\/\/www.rbc.com\/fr\/leadership-avise\/terrain-fertile-comment-le-carbone-du-sol-peut-il-servir-de-recolte-commerciale-a-lere-du-changement-climatique\/"},"modified":"2025-04-02T21:25:39","modified_gmt":"2025-04-02T21:25:39","slug":"terrain-fertile-comment-le-carbone-du-sol-peut-il-servir-de-recolte-commerciale-a-lere-du-changement-climatique","status":"publish","type":"rbc_tl","link":"https:\/\/www.rbc.com\/fr\/leadership-avise\/institut-action-climatique\/terrain-fertile-comment-le-carbone-du-sol-peut-il-servir-de-recolte-commerciale-a-lere-du-changement-climatique\/","title":{"rendered":"Terrain fertile : Comment le carbone du sol peut-il servir de r\u00e9colte commerciale \u00e0 l\u2019\u00e8re du changement climatique ?"},"content":{"rendered":"<div id=\"discovery\" class=\"anchor flex pad-b-0 pad-l-0 mob-pad-l econhomepage\">\n<div class=\"carousel-wpr top-controls mob-mar-t\" data-visible-slide=\"1\" role=\"region\">\n<div class=\"flex pad-l-hlf mob-pad-l-qtr\" style=\"align-items:center;justify-content:space-between\">\n<p class=\"h2 mar-b-0\"><b>La d\u00e9couverte<\/b><\/p>\n<div class=\"carousel-ctrl mar-t-hlf\">\n<div class=\"carousel-indicators\"><\/div>\n<p><button class=\"carousel-prev\">Go to previous slide<\/button><br \/>\n<button class=\"carousel-next\">Go to next slide<\/button><\/div>\n<\/div>\n<div class=\"carousel-inner eh-wpr\">\n<div class=\"carousel-item\">\n<div role=\"tabpanel\" class=\"tab-pane\" id=\"tab-0_1\">\n<div class=\"callout horizontal\">\n<div class=\"callout-content\">\n<div class=\"callout-copy\">\n<h4 style=\"font-weight: 500\"><\/h4>\n<h4 class=\"mar-t mar-b-0\" style=\"color: #003168\"><b>Les agriculteurs canadiens g\u00e8rent l\u2019un des plus grands inventaires de terres agricoles au monde.<\/b><\/h4>\n<p class=\"centered mar20top\" style=\"color: #000000\">Les vastes terres agricoles cultiv\u00e9es au Canada sont les 12<sup>e<\/sup> plus grandes au monde.<\/p>\n<\/div>\n<\/div>\n<div class=\"callout-img carousel-img\" data-img=\"https:\/\/leadershipavise.rbc.com\/wp-content\/uploads\/Discovery-01-FR.png\" style=\"width: 500;height: 500;align-self: center\"><\/div>\n<\/div>\n<\/div>\n<\/div>\n<div class=\"carousel-item\">\n<div role=\"tabpanel\" class=\"tab-pane\" id=\"tab-0_1\">\n<div class=\"callout horizontal\">\n<div class=\"callout-content\">\n<div class=\"callout-copy\">\n<h4 style=\"font-weight: 500\"><\/h4>\n<h4 class=\"mar-t mar-b-0\" style=\"color: #003168\"><b>Ces terres pourraient constituer un puits de carbone puissant.<\/b><\/h4>\n<p class=\"centered mar20top\" style=\"color: #000000\">Le sol a la capacit\u00e9 de stocker ou de \u00ab s\u00e9questrer \u00bb le carbone, en le retirant de l\u2019atmosph\u00e8re o\u00f9 il contribue aux changements climatiques. Les terres agricoles du Canada pourraient s\u00e9questrer entre 35 et 38 m\u00e9gatonnes d\u2019\u00e9missions annuelles de GES, ce qui repr\u00e9sente une r\u00e9duction d\u2019environ 25 % des \u00e9missions potentielles de 2050, selon nos estimations.<\/p>\n<\/div>\n<\/div>\n<div class=\"callout-img carousel-img\" data-img=\"https:\/\/leadershipavise.rbc.com\/wp-content\/uploads\/Discovery-02-FR.png\" style=\"background-image: url(https:\/\/leadershipavise.rbc.com\/wp-content\/uploads\/Discovery-02-FR.png);width: 3500px;height: 500px;align-self: center\"><\/div>\n<\/div>\n<\/div>\n<\/div>\n<div class=\"carousel-item\">\n<div role=\"tabpanel\" class=\"tab-pane\" id=\"tab-0_3\">\n<div class=\"callout horizontal\">\n<div class=\"callout-content\">\n<div class=\"callout-copy\">\n<h4 class=\"mar-t mar-b-0\" style=\"color: #003168\"><b>En recourant \u00e0 des pratiques durables, les agriculteurs peuvent lib\u00e9rer ce potentiel, gagner de l\u2019argent et prot\u00e9ger l\u2019eau, la terre et l\u2019air.<\/b><\/h4>\n<p class=\"centered mar20top\" style=\"color: #000000\">Gr\u00e2ce \u00e0 des pratiques durables comme la culture de couverture, le travail r\u00e9duit du sol et la gestion des \u00e9l\u00e9ments nutritifs, les agriculteurs contribuent \u00e0 l\u2019accroissement du carbone dans le sol, mais aussi \u00e0 l\u2019am\u00e9lioration de la qualit\u00e9 de l\u2019eau et de l\u2019air, ainsi qu\u2019\u00e0 la pr\u00e9servation de la biodiversit\u00e9.<\/p>\n<\/div>\n<\/div>\n<div class=\"callout-img carousel-img\" data-img=\"https:\/\/leadershipavise.rbc.com\/wp-content\/uploads\/Discovery-03-FR.png\" style=\"background-image: url(https:\/\/leadershipavise.rbc.com\/wp-content\/uploads\/Discovery-03-FR.png);width: 500px;height: 500px;align-self: center\"><\/div>\n<\/div>\n<\/div>\n<\/div>\n<div class=\"carousel-item\">\n<div role=\"tabpanel\" class=\"tab-pane\" id=\"tab-0_4\">\n<div class=\"callout horizontal\">\n<div class=\"callout-content\">\n<div class=\"callout-copy\">\n<h4 class=\"mar-t mar-b-0\" style=\"color: #003168\"><b>D\u00e9fi \u00e0 relever : la s\u00e9questration dans le sol des terres cultiv\u00e9es du Canada a chut\u00e9 de 58 %.<\/b><\/h4>\n<p class=\"centered mar20top\" style=\"color: #000000\">La d\u00e9gradation due au labourage intensif et aux pratiques comme la monoculture (o\u00f9 un seul type de culture est cultiv\u00e9 ann\u00e9e apr\u00e8s ann\u00e9e sur le m\u00eame terrain) a r\u00e9duit de moiti\u00e9 la quantit\u00e9 de carbone stock\u00e9e annuellement dans les sols agricoles au cours des deux derni\u00e8res d\u00e9cennies.<\/p>\n<\/div>\n<\/div>\n<div class=\"callout-img carousel-img\" data-img=\"https:\/\/leadershipavise.rbc.com\/wp-content\/uploads\/Discovery-04-FR.png\" style=\"background-image: url(https:\/\/leadershipavise.rbc.com\/wp-content\/uploads\/Discovery-04-FR.png);width: 500px;height: 500px;align-self: center\"><\/div>\n<\/div>\n<\/div>\n<\/div>\n<div class=\"carousel-item\">\n<div role=\"tabpanel\" class=\"tab-pane\" id=\"tab-0_5\">\n<div class=\"callout horizontal\">\n<div class=\"callout-content\">\n<div class=\"callout-copy\">\n<h4 class=\"mar-t mar-b-0\" style=\"color: #003168\"><b>Les principaux obstacles financiers dissuadent les agriculteurs d\u2019adopter des pratiques durables.<\/b><\/h4>\n<p class=\"centered mar20top\" style=\"color: #000000\">L\u2019agriculture durable finit par accro\u00eetre les rendements. Mais les co\u00fbts initiaux (y compris ceux de nouveaux \u00e9quipements) et la possibilit\u00e9 d\u2019essuyer une perte de rendement au d\u00e9but peuvent \u00eatre des obstacles importants. C&rsquo;est particuli\u00e8rement vrai pour les agriculteurs dont l\u2019exploitation ne dispose que de faibles marges.<\/p>\n<\/div>\n<\/div>\n<div class=\"callout-img carousel-img\" data-img=\"https:\/\/leadershipavise.rbc.com\/wp-content\/uploads\/Discovery-05-FR.png\" style=\"background-image: url(https:\/\/leadershipavise.rbc.com\/wp-content\/uploads\/Discovery-05-FR.png);width: 500px;height: 500px;align-self: center\"><\/div>\n<\/div>\n<\/div>\n<\/div>\n<div class=\"carousel-item\">\n<div role=\"tabpanel\" class=\"tab-pane\" id=\"tab-0_6\">\n<div class=\"callout horizontal\">\n<div class=\"callout-content\">\n<div class=\"callout-copy\">\n<h4 class=\"mar-t mar-b-0\" style=\"color: #003168\"><b>Plus de fonds seront requis pour acc\u00e9l\u00e9rer l\u2019adoption de l\u2019agriculture durable.<\/b><\/h4>\n<p class=\"centered mar20top\" style=\"color: #000000\">Les incitatifs financiers peuvent stimuler le revenu agricole et aider les producteurs \u00e0 assumer les co\u00fbts associ\u00e9s \u00e0 la transition. Le stockage de 38 MT de carbone dans le sol par an n\u00e9cessitera des incitations allant jusqu&rsquo;\u00e0 4 milliards de dollars par an. Pour s\u00e9curiser ces fonds, nous aurons besoin des bons instruments et sources de financement.<\/p>\n<\/div>\n<\/div>\n<div class=\"callout-img carousel-img\" data-img=\"https:\/\/leadershipavise.rbc.com\/wp-content\/uploads\/Discovery-06-FR.png\" style=\"background-image: url(https:\/\/leadershipavise.rbc.com\/wp-content\/uploads\/Discovery-06-FR.png);width: 300px;height: 300px;align-self: center\"><\/div>\n<\/div>\n<\/div>\n<\/div>\n<div class=\"carousel-item\">\n<div role=\"tabpanel\" class=\"tab-pane\" id=\"tab-0_7\">\n<div class=\"callout horizontal\">\n<div class=\"callout-content\">\n<div class=\"callout-copy\">\n<h4 class=\"mar-t mar-b-0\" style=\"color: #003168\"><b>\u00c0 l\u2019heure actuelle, le financement int\u00e9gr\u00e9 \u00e0 la cha\u00eene de valeur le financement public sont les meilleurs m\u00e9canismes pour injecter ces fonds.<\/b><\/h4>\n<p class=\"centered mar20top\" style=\"color: #000000\">Les compensations carbone seront \u00e9galement importantes. Mais les incertitudes concernant les syst\u00e8mes de mesure, de declaration et de v\u00e9rification du carbone du sol persistent dans tous les instruments financiers. Et le financement public du Canada pour l&rsquo;agriculture durable est \u00e0 la tra\u00eene des \u00e9conomies comparables.<\/p>\n<\/div>\n<\/div>\n<div class=\"callout-img carousel-img\" data-img=\"https:\/\/leadershipavise.rbc.com\/wp-content\/uploads\/Discovery-07-FR.png\" style=\"background-image: url(https:\/\/leadershipavise.rbc.com\/wp-content\/uploads\/Discovery-07-FR.png);width: 300px;height: 300px;align-self: center\"><\/div>\n<\/div>\n<\/div>\n<\/div>\n<div class=\"carousel-item\">\n<div role=\"tabpanel\" class=\"tab-pane\" id=\"tab-0_7\">\n<div class=\"callout horizontal\">\n<div class=\"callout-content\">\n<div class=\"callout-copy\">\n<h4 class=\"mar-t mar-b-0\" style=\"color: #003168\"><b>Des m\u00e9canismes plus fiables de mesure, de declaration et de v\u00e9rification fourniront les bases d\u2019un meilleur financement int\u00e9gr\u00e9 \u00e0 la cha\u00eene de valeur et d\u2019une meilleure compensation.<\/b><\/h4>\n<p class=\"centered mar20top\" style=\"color: #000000\">Mais des obstacles importants persistent, notamment le manque de standardization<\/p>\n<\/div>\n<\/div>\n<div class=\"callout-img carousel-img\" data-img=\"https:\/\/leadershipavise.rbc.com\/wp-content\/uploads\/Discovery-08.png\" style=\"background-image: url(https:\/\/leadershipavise.rbc.com\/wp-content\/uploads\/Discovery-08.png);width: 300px;height: 300px;align-self: center\"><\/div>\n<\/div>\n<\/div>\n<\/div>\n<\/div>\n<\/div>\n<\/div>\n<h3 id=\"betting\" class=\"anchor\"><span style=\"color: #000000\"><b>Misons sur l\u2019agriculture : <\/b> <\/span><\/h3>\n<h5>Valorisation des terres pour lutter contre les changements climatiques<\/h5>\n<p>Depuis des g\u00e9n\u00e9rations, les agriculteurs canadiens retirent des gains financiers pour la nourriture qu\u2019ils produisent. Plus le nombre de boisseaux de bl\u00e9 qu\u2019un agriculteur cultive est \u00e9lev\u00e9 (et plus le prix de cette marchandise est \u00e9lev\u00e9 sur les march\u00e9s), plus le rendement sera \u00e9lev\u00e9.<\/p>\n<p>Pourtant, en adoptant des pratiques durables, les agriculteurs ont aussi le pouvoir in\u00e9gal\u00e9 de r\u00e9duire les \u00e9missions et d\u2019am\u00e9liorer la qualit\u00e9 de l\u2019air et de l\u2019eau ainsi que la sant\u00e9 des sols et la biodiversit\u00e9.<\/p>\n<p>Des capitaux seront requis pour tirer parti de ce pouvoir. Cependant, si le potentiel actuel de l\u2019agriculture durable est solide, les donn\u00e9es \u00e9conomiques qui le sous-tendent ne le sont pas. Nous devrons prendre en compte les pratiques durables tout en fournissant le financement et les instruments financiers permettant d\u2019en r\u00e9duire les risques et d\u2019encourager leur utilisation. De plus, nous devrons repenser un syst\u00e8me \u00e9conomique qui r\u00e9compense pleinement <em>la production<\/em> agricole, mais qui accorde peu de valeur \u00e0 <em>la pr\u00e9servation<\/em>.<\/p>\n<p>Ces efforts, soutenus par des protocoles nationaux encadrant les syst\u00e8mes de mesure, de d\u00e9claration et de v\u00e9rification et par des partenariats intersectoriels, peuvent servir d\u2019assise \u00e0 une strat\u00e9gie d\u2019agriculture durable de premier plan \u00e0 l\u2019\u00e9chelle mondiale.<\/p>\n<div class=\"mar20bot\" style=\"background-color: #f4f8f9;padding: 25px;margin-top: 30px\">\n<h2 class=\"anchor\" id=\"  \"><!-- --><\/h2>\n<h2 class=\"anchor\" id=\"  \">   <\/h2>\n<p><!-- only need one of these--><\/p>\n<div class=\"eh-wpr\">\n<div class=\"col-10 col-xs-10\">\n<p><strong style=\"color: #003168\">Que sont les syst\u00e8mes de mesure, de d\u00e9claration et de v\u00e9rification ? <\/strong><\/p>\n<p style=\"color: #003168\"><b>Mesure &#8211;<\/b> Un outil mesure les r\u00e9ductions des \u00e9missions r\u00e9sultant de l\u2019activit\u00e9 agricole.<br \/>\n<b>D\u00e9claration \u2013<\/b> La mesure est soumise \u00e0 un v\u00e9rificateur tiers.<br \/>\n<b>V\u00e9rification  \u2013<\/b> Le v\u00e9rificateur tiers certifie les \u00e9missions.<\/p>\n<\/div>\n<\/div>\n<\/div>\n<p class=\"text-center\"><strong>L\u2019agriculture pourrait \u00eatre une source beaucoup plus importante de r\u00e9duction et d\u2019\u00e9limination des \u00e9missions<\/strong><\/p>\n<div>\n<ul class=\"ag_infograph\">\n<li><img loading=\"lazy\" decoding=\"async\" src=\"https:\/\/www.rbc.com\/fr\/wp-content\/uploads\/sites\/5\/2025\/03\/Hero-Infographic-A-FR.png\" alt=\"\" width=\"540\" height=\"630\" class=\"alignnone size-full wp-image-40117\" \/><\/li>\n<li><img loading=\"lazy\" decoding=\"async\" src=\"https:\/\/www.rbc.com\/fr\/wp-content\/uploads\/sites\/5\/2025\/03\/Hero-Infographic-B-FR.png\" alt=\"\" width=\"540\" height=\"630\" class=\"alignnone size-full wp-image-40118\" \/><\/li>\n<\/ul>\n<p style=\"text-align: center;margin-top: 20px;font-size: 13px;font-weight: 400\">Source : Elis (2021). Analyse BCG<\/p>\n<\/div>\n<div style=\"background-color: #f4f8f9;padding: 25px;margin-top: 40px\">\n<h2 class=\"anchor\" id=\"  \"><!-- --><\/h2>\n<h2 class=\"anchor\" id=\"  \">   <\/h2>\n<p><!-- only need one of these--><\/p>\n<div class=\"eh-wpr\">\n<div class=\"col-10 col-xs-10\">\n<p><strong style=\"color: #003168\">Que sont les compensations carbone et les compensations carbone int\u00e9gr\u00e9es ?<\/strong><\/p>\n<p style=\"color: #003168\"><b>Compensations carbone int\u00e9gr\u00e9es : <\/b> Les organisations \u00e9vitent les \u00e9missions ou les r\u00e9duisent directement dans leurs propres cha\u00eenes logistiques.<br \/>\n<b>Compensations classiques : <\/b> Les entreprises ou les particuliers ach\u00e8tent des cr\u00e9dits n\u00e9gociables associ\u00e9s \u00e0 de l\u2019\u00e9nergie renouvelable ou \u00e0 d\u2019autres projets de r\u00e9duction des \u00e9missions. Ces cr\u00e9dits annulent ou compensent la m\u00eame quantit\u00e9 d\u2019\u00e9missions de carbone que celle cr\u00e9\u00e9e par l\u2019acheteur.<\/p>\n<\/div>\n<\/div>\n<\/div>\n<hr style=\"color: #000000;margin-bottom:50px\" align=\"center\" width=\"10%\" \/>\n<p><!-- Section 3 --><\/p>\n<h3 id=\"hitting\" class=\"anchor\"><span style=\"color: #000000\"><b>Une vraie mine d\u2019or : <\/b> <\/span><\/h3>\n<h5>Trois parcours financiers menant \u00e0 un secteur agricole plus durable<\/h5>\n<p>Dans le pr\u00e9sent document, nous examinons trois instruments financiers qui pourraient stimuler le stockage du carbone dans le sol et cr\u00e9er d\u2019autres avantages : les compensations carbone, les compensations carbone int\u00e9gr\u00e9es et le financement public. Tous ces outils sont actuellement utilis\u00e9s \u00e0 divers degr\u00e9s. Cependant, leur potentiel \u00e0 produire des effets imm\u00e9diats sur l\u2019agriculture durable varie.<\/p>\n<p>La compensation carbone int\u00e9gr\u00e9e est actuellement le m\u00e9canisme le plus efficace pour inciter les agriculteurs \u00e0 adopter de nouvelles pratiques. Bien que la demande globale des consommateurs pour des produits alimentaires durables reste \u00e0 d\u00e9velopper, les entreprises agroalimentaires ont montr\u00e9 une volont\u00e9 de payer davantage pour des intrants durables afin de r\u00e9duire les \u00e9missions dans leurs propres cha\u00eenes logistiques.<\/p>\n<p>Le soutien du gouvernement sera \u00e9galement essentiel au d\u00e9but de cette transition. Pourtant, \u00e0 l\u2019heure actuelle, le financement du gouvernement canadien est \u00e0 la tra\u00eene de celui de ses pairs \u00e0 l\u2019\u00e9chelle mondiale. Cet \u00e9cart pourrait d\u00e9savantager les agriculteurs canadiens, car les syst\u00e8mes alimentaires s\u00fbrs et durables gagnent en importance sur le march\u00e9 mondial. Dans tous les cas, il est essentiel de disposer de syst\u00e8mes de mesure, de d\u00e9claration et de v\u00e9rification fiables. Les compensations sont particuli\u00e8rement tributaires des essais de syst\u00e8mes de mesure, de d\u00e9claration et de v\u00e9rification pour \u00e9tablir les bases de l\u2019int\u00e9grit\u00e9 du march\u00e9 et de la confiance. Et le d\u00e9veloppement de ces syst\u00e8mes prendra du temps.<\/p>\n<div id=\"carbon\" class=\"anchor project-break\"><img loading=\"lazy\" decoding=\"async\" src=\"https:\/\/www.rbc.com\/fr\/wp-content\/uploads\/sites\/5\/2025\/03\/icon_leaf.png\" alt=\"\" width=\"116\" height=\"184\" class=\"alignnone size-full wp-image-44983\" \/><\/p>\n<h2 class=\"text-center font-lar\" id=\"1-compensation-carbone\">1 <span style=\"color:#aaba0a\">|<\/span> Compensation carbone<\/h2>\n<\/div>\n<ul class=\"project-break-list\">\n<li>\u00c0 court terme : <strong>Difficile<\/strong><\/li>\n<li>\u00c0 long terme : <strong>Importante<\/strong><\/li>\n<\/ul>\n<p>[inpage-tabs id=\u00a0\u00bb2&Prime; background_colour=\u00a0\u00bb#ffffff\u00a0\u00bb]<\/p>\n<p><!-- Section 4 --><\/p>\n<h5 class=\"mar-t-0 text-center\" style=\"color: #000000\"><b>Fonctionnement des compensations carbone<\/b><\/h5>\n<div class=\"object-box\">\n<ul class=\"object-content-box\">\n<li><img loading=\"lazy\" decoding=\"async\" class=\"alignleft size-full wp-image-43742\" style=\"width: 128px\" src=\"https:\/\/www.rbc.com\/fr\/wp-content\/uploads\/sites\/5\/2025\/03\/tknafa0E.png\" alt=\"...\" width=\"128\" height=\"128\" \/><\/li>\n<li><strong>Projets<\/strong><br \/>\nLes projets r\u00e9duisent ou \u00e9liminent les \u00e9missions de GES (par exemple, gr\u00e2ce \u00e0 la capture directe dans l\u2019air, au reboisement et aux pratiques agricoles durables). Une fois les projets valid\u00e9s, les cr\u00e9dits sont \u00e9mis et v\u00e9rifi\u00e9s par un v\u00e9rificateur tiers.<\/li>\n<\/ul>\n<\/div>\n<div class=\"object-box\">\n<ul class=\"object-content-box\">\n<li><img class=\"alignleft size-full wp-image-43742\" style=\"width: 128px\" \/><\/li>\n<li><strong>Compensation<\/strong><br \/>\nLes organisations ou les particuliers peuvent acheter des cr\u00e9dits externes pour compenser leurs \u00e9missions.<\/li>\n<\/ul>\n<\/div>\n<div style=\"background-color: #e7eef1;padding: 25px\">\n<h5 style=\"color: #000000\"><b>Pour les agriculteurs, le rendement associ\u00e9 aux compensations n\u2019est pas rentable<\/b><\/h5>\n<p>Un agriculteur qui recourt \u00e0 des pratiques durables re\u00e7oit environ 8 $ \u00e0 13 $ de cr\u00e9dits carbone par acre. Mais comme il s\u2019agit d\u2019une science imparfaite et que les mesures sont bancales, une grande partie de ces cr\u00e9dits peut \u00eatre retenue. Et \u00e0 cela, il faut ajouter les divers co\u00fbts du projet qui peuvent retrancher jusqu\u2019\u00e0 60 % de ces montants (35 % pour les co\u00fbts, 25 % pour les frais), et un autre 20 % pour l\u2019assurance. En fin de compte, la part de l\u2019agriculteur est de seulement 2 $ \u00e0 4 $ l\u2019acre, ce qui repr\u00e9sente une mince portion du total des rentr\u00e9es agricoles.<\/p>\n<p style=\"font-size:20px\" class=\"text-center\"><strong>Revenu faible<\/strong><\/p>\n<ul class=\"revenue_box\">\n<li class=\"box_text\">~8 $ \u00e0 13 $<\/li>\n<li><img loading=\"lazy\" decoding=\"async\" class=\"alignnone size-full wp-image-44703\" src=\"https:\/\/www.rbc.com\/fr\/wp-content\/uploads\/sites\/5\/2025\/03\/Coin-01.png\" alt=\"\" width=\"255\" height=\"157\" \/><\/li>\n<\/ul>\n<p><strong>Cr\u00e9dits carbone par acre<\/strong><\/div>\n<div style=\"background-color: #c3e2fa;padding: 25px\">\n<p style=\"font-size:20px\" class=\"text-center\"><strong>D\u00e9ductions importantes<\/strong><\/p>\n<ul class=\"deductions_box\">\n<li><img loading=\"lazy\" decoding=\"async\" class=\"alignnone size-full wp-image-44714\" src=\"https:\/\/www.rbc.com\/fr\/wp-content\/uploads\/sites\/5\/2025\/03\/icon-01.png\" alt=\"\" width=\"128\" height=\"128\" \/><strong>Co\u00fbts &#8211; 35%<\/strong><\/li>\n<li><img loading=\"lazy\" decoding=\"async\" class=\"alignnone size-full wp-image-44715\" src=\"https:\/\/www.rbc.com\/fr\/wp-content\/uploads\/sites\/5\/2025\/03\/icon-02.png\" alt=\"\" width=\"128\" height=\"128\" \/><strong>Frais &#8211; 25%<\/strong><\/li>\n<li><img loading=\"lazy\" decoding=\"async\" class=\"alignnone size-full wp-image-44713\" src=\"https:\/\/www.rbc.com\/fr\/wp-content\/uploads\/sites\/5\/2025\/03\/icon-03.png\" alt=\"\" width=\"128\" height=\"128\" \/><strong>Assurance &#8211; 20%<\/strong><\/li>\n<\/ul>\n<\/div>\n<div style=\"background-color: #006ac3;padding: 25px\">\n<p style=\"font-size:20px;color:#fff\" class=\"text-center\"><strong>Incitatif faible<\/strong><\/p>\n<ul class=\"incentive_box\">\n<li class=\"box_text_incentive\" style=\"color: white\">~ 2 $ \u00e0 4 $<\/li>\n<li><img loading=\"lazy\" decoding=\"async\" class=\"alignnone size-full wp-image-44737\" src=\"https:\/\/www.rbc.com\/fr\/wp-content\/uploads\/sites\/5\/2025\/03\/Coin-02.png\" alt=\"\" width=\"110\" height=\"121\" \/><\/li>\n<\/ul>\n<p><b>Cr\u00e9dit carbone par acre apr\u00e8s d\u00e9ductions<\/b><\/p>\n<p class=\"footnote-mar\" style=\"font-family: arial;color: #ffffff;font-size: 13px;text-align:center;line-height:1.3\">Sources : Recherche sur les essais des syst\u00e8mes de mesure, de d\u00e9claration et de v\u00e9rification en Am\u00e9rique du Nord ; analyse BCG<\/p>\n<\/div>\n<h4 style=\"color: #003168;margin-bottom:0\"><strong>La qualit\u00e9 des cr\u00e9dits de carbone d\u00e9pend des m\u00e9thodes de mesure<\/strong><\/h4>\n<h5><strong>Trois principaux types de syst\u00e8mes de mesure, de d\u00e9claration et de v\u00e9rification<\/strong><\/h5>\n<p>[inpage-tabs id=\u00a0\u00bb3&Prime;]<\/p>\n<h4 style=\"color: #003168;margin-bottom:0\"><strong>Cadre pour rep\u00e9rer les syst\u00e8mes de mesure, de d\u00e9claration et de v\u00e9rification de grande qualit\u00e9<\/strong><\/h4>\n<h5><strong>Bien que chaque syst\u00e8me soit diff\u00e9rent, les plus efficaces mettent en \u0153uvre ce qui suit :<\/strong><\/h5>\n<table id=\"swipe-table\" class=\"table-swipe table-striped table-persist text-center table-image\">\n<thead>\n<tr style=\"border-bottom: none\">\n<th class=\"w-60 text-center bg_blue\" style=\"color: white\" scope=\"col\">Fonction de mesure, de d\u00e9claration et de v\u00e9rification<\/th>\n<th class=\"text-center bg_bronze\" scope=\"col\">Bronze<\/th>\n<th class=\"text-center bg_sliver\" scope=\"col\">Argent<\/th>\n<th class=\"text-center bg_gold\" scope=\"col\">Or<\/th>\n<\/tr>\n<\/thead>\n<tbody>\n<tr>\n<td class=\"w-50 text-center bg_blue_lit sp-fw\">\u00c9chantillonnage des sols<\/td>\n<td class=\"bg_bronze_lit\"><img loading=\"lazy\" decoding=\"async\" class=\"alignnone size-full wp-image-44810\" src=\"https:\/\/www.rbc.com\/fr\/wp-content\/uploads\/sites\/5\/2025\/03\/Checkmark.png\" alt=\"\" width=\"75\" height=\"75\" \/><\/td>\n<td class=\"bg_blue_lit\"><img loading=\"lazy\" decoding=\"async\" class=\"alignnone size-full wp-image-44810\" src=\"https:\/\/www.rbc.com\/fr\/wp-content\/uploads\/sites\/5\/2025\/03\/Checkmark.png\" alt=\"\" width=\"75\" height=\"75\" \/><\/td>\n<td class=\"bg_gold_lit\"><img loading=\"lazy\" decoding=\"async\" class=\"alignnone size-full wp-image-44810\" src=\"https:\/\/www.rbc.com\/fr\/wp-content\/uploads\/sites\/5\/2025\/03\/Checkmark.png\" alt=\"\" width=\"75\" height=\"75\" \/><\/td>\n<\/tr>\n<tr>\n<td class=\"w-50 text-center bg_blue_lit sp-fw\">Mod\u00e8les fond\u00e9s sur les processus<\/td>\n<td class=\"bg_bronze_lit\"><img loading=\"lazy\" decoding=\"async\" class=\"alignnone size-full wp-image-44809\" src=\"https:\/\/www.rbc.com\/fr\/wp-content\/uploads\/sites\/5\/2025\/03\/X.png\" alt=\"cross\" width=\"75\" height=\"75\" \/><\/td>\n<td class=\"bg_blue_lit\"><img loading=\"lazy\" decoding=\"async\" class=\"alignnone size-full wp-image-44810\" src=\"https:\/\/www.rbc.com\/fr\/wp-content\/uploads\/sites\/5\/2025\/03\/Checkmark.png\" alt=\"Checkmark\" width=\"75\" height=\"75\" \/><\/td>\n<td class=\"bg_gold_lit\"><img loading=\"lazy\" decoding=\"async\" class=\"alignnone size-full wp-image-44810\" src=\"https:\/\/www.rbc.com\/fr\/wp-content\/uploads\/sites\/5\/2025\/03\/Checkmark.png\" alt=\"Checkmark\" width=\"75\" height=\"75\" \/><\/td>\n<\/tr>\n<tr>\n<td class=\"w-50 text-center bg_blue_lit sp-fw\">Au moins deux certificateurs tiers v\u00e9rifient les r\u00e9sultats<\/td>\n<td class=\"bg_bronze_lit\"><img loading=\"lazy\" decoding=\"async\" class=\"alignnone size-full wp-image-44809\" src=\"https:\/\/www.rbc.com\/fr\/wp-content\/uploads\/sites\/5\/2025\/03\/X.png\" alt=\"cross\" width=\"75\" height=\"75\" \/><\/td>\n<td class=\"bg_blue_lit\"><img loading=\"lazy\" decoding=\"async\" class=\"alignnone size-full wp-image-44810\" src=\"https:\/\/www.rbc.com\/fr\/wp-content\/uploads\/sites\/5\/2025\/03\/Checkmark.png\" alt=\"Checkmark\" width=\"75\" height=\"75\" \/><\/td>\n<td class=\"bg_gold_lit\"><img loading=\"lazy\" decoding=\"async\" class=\"alignnone size-full wp-image-44810\" src=\"https:\/\/www.rbc.com\/fr\/wp-content\/uploads\/sites\/5\/2025\/03\/Checkmark.png\" alt=\"Checkmark\" width=\"75\" height=\"75\" \/><\/td>\n<\/tr>\n<tr>\n<td class=\"w-50 text-center bg_blue_lit sp-fw\">T\u00e9l\u00e9d\u00e9tection<\/td>\n<td class=\"bg_bronze_lit\"><img loading=\"lazy\" decoding=\"async\" class=\"alignnone size-full wp-image-44809\" src=\"https:\/\/www.rbc.com\/fr\/wp-content\/uploads\/sites\/5\/2025\/03\/X.png\" alt=\"cross\" width=\"75\" height=\"75\" \/><\/td>\n<td class=\"bg_blue_lit\"><img loading=\"lazy\" decoding=\"async\" class=\"alignnone size-full wp-image-44810\" src=\"https:\/\/www.rbc.com\/fr\/wp-content\/uploads\/sites\/5\/2025\/03\/Checkmark.png\" alt=\"Checkmark\" width=\"75\" height=\"75\" \/><\/td>\n<td class=\"bg_gold_lit\"><img loading=\"lazy\" decoding=\"async\" class=\"alignnone size-full wp-image-44810\" src=\"https:\/\/www.rbc.com\/fr\/wp-content\/uploads\/sites\/5\/2025\/03\/Checkmark.png\" alt=\"Checkmark\" width=\"75\" height=\"75\" \/><\/td>\n<\/tr>\n<tr>\n<td class=\"w-50 text-center bg_blue_lit sp-fw\">\u00c9valuation du cycle de vie des intrants \u00e0 la ferme ou utilisation de plus de trois des meilleures pratiques de gestion<\/td>\n<td class=\"bg_bronze_lit\"><img loading=\"lazy\" decoding=\"async\" class=\"alignnone size-full wp-image-44809\" src=\"https:\/\/www.rbc.com\/fr\/wp-content\/uploads\/sites\/5\/2025\/03\/X.png\" alt=\"cross\" width=\"75\" height=\"75\" \/><\/td>\n<td class=\"bg_blue_lit\"><img loading=\"lazy\" decoding=\"async\" class=\"alignnone size-full wp-image-44809\" src=\"https:\/\/www.rbc.com\/fr\/wp-content\/uploads\/sites\/5\/2025\/03\/X.png\" alt=\"cross\" width=\"75\" height=\"75\" \/><\/td>\n<td class=\"bg_gold_lit\"><img loading=\"lazy\" decoding=\"async\" class=\"alignnone size-full wp-image-44810\" src=\"https:\/\/www.rbc.com\/fr\/wp-content\/uploads\/sites\/5\/2025\/03\/Checkmark.png\" alt=\"Checkmark\" width=\"75\" height=\"75\" \/><\/td>\n<\/tr>\n<tr>\n<td class=\"w-50 text-center bg_blue_lit sp-fw\">Couvre plus de cinq grandes cultures<\/td>\n<td class=\"bg_bronze_lit\"><img loading=\"lazy\" decoding=\"async\" class=\"alignnone size-full wp-image-44809\" src=\"https:\/\/www.rbc.com\/fr\/wp-content\/uploads\/sites\/5\/2025\/03\/X.png\" alt=\"cross\" width=\"75\" height=\"75\" \/><\/td>\n<td class=\"bg_blue_lit\"><img loading=\"lazy\" decoding=\"async\" class=\"alignnone size-full wp-image-44809\" src=\"https:\/\/www.rbc.com\/fr\/wp-content\/uploads\/sites\/5\/2025\/03\/X.png\" alt=\"cross\" width=\"75\" height=\"75\" \/><\/td>\n<td class=\"bg_gold_lit\"><img loading=\"lazy\" decoding=\"async\" class=\"alignnone size-full wp-image-44810\" src=\"https:\/\/www.rbc.com\/fr\/wp-content\/uploads\/sites\/5\/2025\/03\/Checkmark.png\" alt=\"Checkmark\" width=\"75\" height=\"75\" \/><\/td>\n<\/tr>\n<\/tbody>\n<\/table>\n<hr style=\"color: #000000\" align=\"center\" width=\"10%\" \/>\n<p><!-- Section 5 --><\/p>\n<div id=\"insetting\" class=\"anchor project-break\"><img loading=\"lazy\" decoding=\"async\" src=\"https:\/\/www.rbc.com\/fr\/wp-content\/uploads\/sites\/5\/2025\/03\/icon_cash.png\" alt=\"\" width=\"186\" height=\"153\" class=\"alignnone size-full wp-image-44981\" \/><\/p>\n<h2 class=\"text-center font-lar\" id=\"2-compensation-integree\">2 <span style=\"color:#aaba0a\">|<\/span> Compensation int\u00e9gr\u00e9e<\/h2>\n<\/div>\n<ul class=\"project-break-list\">\n<li>\u00c0 court terme : <strong>Pr\u00eate<\/strong><\/li>\n<li>\u00c0 long terme : <strong>Importante<\/strong><\/li>\n<\/ul>\n<p>[inpage-tabs id=\u00a0\u00bb4&Prime; background_colour=\u00a0\u00bb#ffffff\u00a0\u00bb]<\/p>\n<h5 class=\"mar-t-0 text-center\" style=\"color: #000000\"><b>Comment les aliments cultiv\u00e9s de fa\u00e7on durable peuvent r\u00e9duire les \u00e9missions de cha\u00eenes logistiques agroalimentaires<\/b><\/h5>\n<div class=\"object-box\">\n<ul class=\"object-content-box\">\n<li><img loading=\"lazy\" decoding=\"async\" class=\"alignleft size-full wp-image-43742\" style=\"width: 128px\" src=\"https:\/\/www.rbc.com\/fr\/wp-content\/uploads\/sites\/5\/2025\/03\/05-Inset-1.png\" alt=\"...\" width=\"128\" height=\"128\" \/><\/li>\n<li><strong>Agriculteurs<\/strong><br \/>\nUn r\u00e9seau d\u2019agriculteurs au sein d\u2019une cha\u00eene logistique est s\u00e9lectionn\u00e9 pour cultiver de fa\u00e7on durable en incorporant de nouvelles pratiques ou en les \u00e9largissant.<\/li>\n<\/ul>\n<\/div>\n<div class=\"object-box\">\n<ul class=\"object-content-box\">\n<li><img loading=\"lazy\" decoding=\"async\" class=\"alignleft size-full wp-image-43742\" style=\"width: 128px\" src=\"https:\/\/www.rbc.com\/fr\/wp-content\/uploads\/sites\/5\/2025\/03\/03-Investors.png\" alt=\"...\" width=\"128\" height=\"128\" \/><\/li>\n<li><strong>Soci\u00e9t\u00e9s<\/strong><br \/>\nLes entreprises payent un prix plus \u00e9lev\u00e9 aux agriculteurs pour cette nourriture, ce qui les aide \u00e0 compenser les co\u00fbts et les risques associ\u00e9s \u00e0 la transition vers une agriculture durable. Les entreprises peuvent absorber ce co\u00fbt additionnel ou le transmettre aux consommateurs sous forme d\u2019un prix plus \u00e9lev\u00e9 ou d\u2019une \u00ab prime verte \u00bb.<\/p>\n<p>Le processus aide les entreprises pr\u00e9pare mieux \u00e0 de futures r\u00e9glementations qui pourraient \u00eatre plus strictes. Ces initiatives de cha\u00eene logistique peuvent \u00e9galement \u00eatre utilis\u00e9es \u00e0 des fins de marketing.<\/li>\n<\/ul>\n<\/div>\n<div class=\"object-box sp-bot-border mar20bot\">\n<ul class=\"object-content-box\">\n<li><img loading=\"lazy\" decoding=\"async\" class=\"alignleft size-full wp-image-43742\" style=\"width: 128px\" src=\"https:\/\/www.rbc.com\/fr\/wp-content\/uploads\/sites\/5\/2025\/03\/07-Inset-3.png\" alt=\"...\" width=\"128\" height=\"128\" \/><\/li>\n<li><strong>Consommateurs<\/strong><br \/>\nLes consommateurs ont la possibilit\u00e9 d\u2019acheter des produits cultiv\u00e9s de fa\u00e7on durable.<\/li>\n<\/ul>\n<\/div>\n<div style=\"background-color: #c3e2fa;padding: 25px\">\n<h5 class=\"mar-t-0 text-center mar20bot\"><strong>La plupart des consommateurs n\u2019ach\u00e8teront pas seulement en raison de la durabilit\u00e9<sup>1<\/sup><\/strong><\/h5>\n<div class=\"sustainability_box\">\n<ul class=\"ag_list\">\n<li class=\"per_cent\">10 %<\/li>\n<li class=\"per_cent_text\">des consommateurs d\u00e9cident d\u2019acheter ces produits uniquement pour \u00ab sauver la plan\u00e8te \u00bb.<\/li>\n<\/ul>\n<\/div>\n<div class=\"sustainability_box\">\n<ul class=\"ag_list\">\n<li class=\"per_cent mar40top\">10-30 %<\/li>\n<li class=\"per_cent_text\">des consommateurs sont pr\u00eats \u00e0 acheter lorsque la durabilit\u00e9<sup>2<\/sup> est associ\u00e9e \u00e0 d\u2019autres avantages comme la sant\u00e9, la s\u00e9curit\u00e9 et la qualit\u00e9.<\/li>\n<\/ul>\n<\/div>\n<div class=\"sustainability_box\">\n<ul class=\"ag_list\">\n<li class=\"per_cent mar40top\">40-60 %<\/li>\n<li class=\"per_cent_text\">des consommateurs se disent pr\u00e9occup\u00e9s par la durabilit\u00e9, mais sont frein\u00e9s par des obstacles<sup>3<\/sup> comme le revenu, le co\u00fbt et la commodit\u00e9.<\/li>\n<\/ul>\n<\/div>\n<p style=\"font-size: 13px;font-weight: 400;line-height: 1.2\">1. Comprend les acheteurs qui ach\u00e8tent souvent ou tr\u00e8s souvent des produits durables et qui consid\u00e8rent agir eux-m\u00eames en faveur de la durabilit\u00e9 ;  2. Comprend les acheteurs qui ach\u00e8tent parfois des produits cultiv\u00e9s dans une optique durable ;  3. Comprend les non-acheteurs qui seraient pr\u00eats \u00e0 payer une prime sup\u00e9rieure \u00e0 5 % s\u2019il y a parit\u00e9 avec les autres avantages.<\/p>\n<\/div>\n<div style=\"background-color: #e7eef1;padding: 25px\">\n<h5 class=\"mar-t-0 text-center\"><strong>Mais la moiti\u00e9 des entreprises, y compris celles du secteur agroalimentaire, sont pr\u00eates \u00e0 payer plus<\/strong><\/h5>\n<div class=\"grid-wpr eh-wpr\">\n<div class=\"col-8 fl\"><img loading=\"lazy\" decoding=\"async\" src=\"https:\/\/www.rbc.com\/fr\/wp-content\/uploads\/sites\/5\/2025\/03\/08-Insetting-Chart-FR.png\" alt=\"\" width=\"400\" height=\"358\" class=\"alignnone size-full wp-image-44872\" \/><\/p>\n<p style=\"font-size: 13px;font-weight: 400;line-height: 1.2;text-align:center\">Sources : Enqu\u00eate du Boston Consulting Group sur la consommation durable (juin 2022),<br \/>\nexp\u00e9rience de projet et analyse du Boston Consulting Group, rapport conjoint du Boston Consulting Group et du Forum \u00e9conomique mondial (2023)<\/p>\n<\/div>\n<div class=\"col-4 fl pad10lr\">\n<p style=\"text-align:center\"><strong>Raisons justifiant le paiement d\u2019une prime verte<\/strong><\/p>\n<ul class=\"list_green_pre\">\n<li>Respecter des engagements en mati\u00e8re de durabilit\u00e9 (p. ex., les compensations carbone int\u00e9gr\u00e9es)<\/li>\n<li>Gagner du terrain dans les march\u00e9s en plein essor<\/li>\n<li>S\u00e9curiser l\u2019approvisionnement en pr\u00e9vision d\u2019une raret\u00e9 future<\/li>\n<li>Se pr\u00e9parer \u00e0 la r\u00e9glementation gouvernementale (notamment en ce qui concerne le prix du carbone)<\/li>\n<li>Gagner la faveur des clients pr\u00eats \u00e0 payer pour la durabilit\u00e9 ou pr\u00eats \u00e0 cesser d\u2019acheter un produit pour cette raison<\/li>\n<\/ul>\n<\/div>\n<\/div>\n<\/div>\n<hr style=\"color: #000000\" align=\"center\" width=\"10%\" \/>\n<p><!-- Section 6 --><\/p>\n<div id=\"funding\" class=\"anchor project-break\"><img loading=\"lazy\" decoding=\"async\" src=\"https:\/\/www.rbc.com\/fr\/wp-content\/uploads\/sites\/5\/2025\/03\/icon_hand.png\" alt=\"\" width=\"160\" height=\"181\" class=\"alignnone size-full wp-image-44982\" \/><\/p>\n<h2 class=\"text-center font-lar\" id=\"3-financement-public\">3 <span style=\"color:#aaba0a\">|<\/span> Financement public<\/h2>\n<\/div>\n<ul class=\"project-break-list\">\n<li>\u00c0 court terme : <strong>Pr\u00eat<\/strong><\/li>\n<li>\u00c0 long terme : <strong>Importante<\/strong><\/li>\n<\/ul>\n<p>[inpage-tabs id=\u00a0\u00bb5&Prime;]<\/p>\n<div class=\"col-wpr mar-t-1 pad-tb pad-lr text-center bg-lightblue\">\n<h5 class=\"mar-t-0 text-center mar20bot\"><strong>Le financement du Canada en mati\u00e8re d\u2019agriculture durable accuse un retard par rapport \u00e0 ses pairs<\/strong><\/h5>\n<div class=\"col-4 flex p-all\" style=\"padding: 30px\">\n<p><img loading=\"lazy\" decoding=\"async\" class=\"alignnone size-full wp-image-44351\" style=\"width: 100px;height: 100px\" src=\"https:\/\/www.rbc.com\/fr\/wp-content\/uploads\/sites\/5\/2025\/03\/USA-1.png\" alt=\"USA\" width=\"150\" height=\"150\" \/><\/p>\n<p class=\"text-center\" style=\"width: 100%\">\u00c9tats-Unis<\/p>\n<hr class=\"f-w\" \/>\n<p class=\"font-sm sp-no-margin fw-4\" style=\"width: 100%\">Total des recettes agricoles<sup>1<\/sup><\/p>\n<p class=\"text-grey fw-2\" style=\"width: 100%;font-size: 40px\">545 G$<\/p>\n<p><img decoding=\"async\" src=\"https:\/\/www.rbc.com\/fr\/wp-content\/uploads\/sites\/5\/2025\/03\/arrow_down.png\" alt=\"\" \/><\/p>\n<hr class=\"f-w\" \/>\n<p style=\"line-height:1.1\" class=\"font-sm sp-no-margin fw-4\">Soutien agricole en % des recettes<\/p>\n<p class=\"text-bold text-blue\" style=\"width: 100%;font-size: 34px;margin-top:2px\"><span class=\" fw-5\" style=\"color: #003168\">64 G$<\/span><span class=\" fw-5\" style=\"color: #0091da\">|<\/span><span class=\" fw-4\" style=\"color: #0051a5\">12 %<\/span><\/p>\n<hr class=\"f-w\" style=\"margin: 20px 0\" \/>\n<p class=\"font-sm sp-no-margin fw-4\" style=\"line-height: 1.2\">Financement de la lutte contre les changements<br \/>\nclimatiques en % du total des recettes agricoles<\/p>\n<p class=\"text-bold text-blue\" style=\"width: 100%;font-size: 40px;margin-top:25px\"><span style=\"color: #0051a5\">~1,7 %<\/span><\/p>\n<p style=\"font-size: 16px;line-height: 1.3;font-weight:normal\">La loi sur la r\u00e9duction de l\u2019inflation (Inflation Reduction Act) pr\u00e9voit l\u2019allocation de 27 milliards de dollars pour la conservation et l\u2019intendance agricoles, jusqu\u2019en 2031<\/p>\n<\/div>\n<div class=\"col-4 flex p-all\" style=\"padding: 30px\">\n<p><img loading=\"lazy\" decoding=\"async\" class=\"alignnone size-full wp-image-44353\" style=\"width: 100px;height: 100px\" src=\"https:\/\/www.rbc.com\/fr\/wp-content\/uploads\/sites\/5\/2025\/03\/Europe.png\" alt=\"Europe\" width=\"150\" height=\"150\" \/><\/p>\n<p class=\"text-center\" style=\"width: 100%\">Union europ\u00e9enne<\/p>\n<hr class=\"f-w\" \/>\n<p class=\"font-sm sp-no-margin fw-4\" style=\"width: 100%\">Total des recettes agricoles<sup>1<\/sup><\/p>\n<p class=\"text-grey fw-2\" style=\"width: 100%;font-size: 40px\">699 G$<\/p>\n<p><img decoding=\"async\" src=\"https:\/\/www.rbc.com\/fr\/wp-content\/uploads\/sites\/5\/2025\/03\/arrow_down.png\" alt=\"\" \/><\/p>\n<hr class=\"f-w\" \/>\n<p style=\"line-height:1.1\" class=\"font-sm sp-no-margin fw-4\">Soutien agricole en % des recettes<\/p>\n<p class=\"text-bold text-blue\" style=\"width: 100%;font-size: 34px;margin-top:2px\"><span class=\" fw-5\" style=\"color: #003168\">122 G$<\/span><span class=\" fw-5\" style=\"color: #0091da\">|<\/span><span class=\" fw-4\" style=\"color: #0051a5\">18 %<\/span><\/p>\n<hr class=\"f-w\" style=\"margin: 20px 0\" \/>\n<p class=\"font-sm sp-no-margin fw-4\" style=\"line-height: 1.2\">Financement de la lutte contre les changements<br \/>\nclimatiques en % du total des recettes agricoles<\/p>\n<p class=\"text-bold text-blue\" style=\"width: 100%;font-size: 40px;margin-top:25px\"><span style=\"color: #0051a5\">~1,8 %<\/span><\/p>\n<p style=\"font-size: 16px;line-height: 1.3;font-weight:normal\">La politique agricole commune (Common Agricultural Policy) pr\u00e9voit l\u2019allocation d\u2019environ 224 milliards de dollars, jusqu\u2019en 2027, pour des initiatives li\u00e9es au climat.<\/p>\n<\/div>\n<div class=\"col-4 flex p-all\" style=\"padding-bottom: 30px\">\n<div style=\"padding: 30px 10px 30px 10px;background: #fff\"><img loading=\"lazy\" decoding=\"async\" class=\"alignnone size-full wp-image-44351\" style=\"width: 100px;height: 100px\" src=\"https:\/\/www.rbc.com\/fr\/wp-content\/uploads\/sites\/5\/2025\/03\/Canada-2.png\" alt=\"Canada\" width=\"150\" height=\"150\" \/><\/p>\n<p class=\"text-center\" style=\"width: 100%\">Canada<\/p>\n<hr class=\"f-w\" \/>\n<p class=\"font-sm sp-no-margin fw-4\" style=\"width: 100%\">Total des recettes agricoles<sup>1<\/sup><\/p>\n<p class=\"text-grey fw-2\" style=\"width: 100%;font-size: 40px\">83 G$<\/p>\n<p><img decoding=\"async\" style=\"width: auto\" src=\"https:\/\/www.rbc.com\/fr\/wp-content\/uploads\/sites\/5\/2025\/03\/arrow_down.png\" alt=\"\" \/><\/p>\n<hr class=\"f-w\" \/>\n<p style=\"line-height:1.1\" class=\"font-sm sp-no-margin fw-4\">Soutien agricole en % des recettes<\/p>\n<p class=\"text-bold text-blue\" style=\"width: 100%;font-size: 34px;margin-top:2px\"><span class=\" fw-5\" style=\"color: #003168\">8 G$<\/span><span class=\" fw-5\" style=\"color: #0091da\">|<\/span><span class=\" fw-4\" style=\"color: #0051a5\">10 %<\/span><\/p>\n<hr class=\"f-w\" style=\"margin: 36px 0 20px 0\" \/>\n<p class=\"font-sm sp-no-margin fw-4\" style=\"line-height: 1.2\">Financement de la lutte contre les changements<br \/>\nclimatiques en % du total des recettes agricoles<\/p>\n<p class=\"text-bold text-blue\" style=\"width: 100%;font-size: 40px;margin-top:25px\"><span style=\"color: #0051a5\">~0,5 %<\/span><\/p>\n<\/div>\n<div>\n<p style=\"font-size: 16px;line-height: 1.3;font-weight:normal;margin-top: 27px\">Le Partenariat canadien pour une agriculture durable pourrait engager 500 M$ en financement suppl\u00e9mentaire, et 800 M$ pour le financement du Fonds d\u2019action \u00e0 la ferme pour le climat et des technologies agricoles propres<\/p>\n<\/div>\n<\/div>\n<p class=\"fw-5\" style=\"width: 100%;font-size: 13px;font-weight: 400;text-align: center;margin-top: 20px\">Consultez l\u2019annexe pour en savoir plus<\/p>\n<\/div>\n<hr style=\"color: #000000\" align=\"center\" width=\"10%\" \/>\n<p><!-- Section 7 --><\/p>\n<h3 id=\"reco\" class=\"anchor\"><span style=\"color: #000000\"><b>Recommandations : <\/b><\/span><\/h3>\n<h5>Cultiver le changement<\/h5>\n<div class=\"harvesting-change\">[inpage-tabs id=\u00a0\u00bb6&Prime;]<\/div>\n<p><!-- Glossary--><\/p>\n<h3 id=\"glossary\" class=\"anchor\"><\/h3>\n<div id=\"accordion-glossary\" class=\"accordion mar-tb-0\">\n<div class=\"accordion-panel\">\n<p><button id=\"accordion-titleGlossary\" class=\"collapse-toggle collapsed\" data-target=\"#accordionGlossary\" data-toggle=\"collapse\" aria-expanded=\"false\" aria-controls=\"accordionGlossary\"><b>Glossaire des pratiques agricoles durables<\/b><\/button><\/p>\n<div id=\"accordionGlossary\" class=\"collapse-content collapse\" role=\"region\" aria-labelledby=\"accordion-titleGlossary\">\n<div class=\"collapse-inner\"><b>Cultures de couverture |<\/b> Cultures, comme le tr\u00e8fle, qui peuvent \u00eatre cultiv\u00e9es pendant la saison morte pour augmenter le stockage du carbone et r\u00e9duire l\u2019\u00e9rosion du sol.<\/p>\n<p><b>Travail r\u00e9duit du sol |<\/b> R\u00e9duction de la perturbation des sols en limitant le travail du sol dans les terres cultiv\u00e9es, ce qui permet d\u2019am\u00e9liorer le stockage du carbone.<\/p>\n<p><b>Gestion des \u00e9l\u00e9ments nutritifs |<\/b> Utilisation d\u2019engrais de bonne provenance, au bon dosage, au bon moment, au bon endroit et avec un minimum d\u2019apport.<\/p>\n<p><b>Sylvopastoralisme |<\/b> Int\u00e9gration des arbres, de fourrage et de p\u00e2turage pour le b\u00e9tail dans une m\u00eame zone, pour am\u00e9liorer les nutriments dans le sol et le bien-\u00eatre du b\u00e9tail.<\/p>\n<p><b>Rotations des cultures |<\/b> Plantation successive de diff\u00e9rentes cultures pour renforcer la sant\u00e9 du sol et en am\u00e9liorer les nutriments, tout en contr\u00f4lant les parasites et les mauvaises herbes.<\/p>\n<p><b>Gestion du fumier |<\/b> Possibilit\u00e9 de transformer le fumier en \u00e9nergie gr\u00e2ce \u00e0 la digestion ana\u00e9robie ou de l\u2019utiliser comme engrais naturel.<\/p>\n<p><b>Biocharbon |<\/b> Conversion des r\u00e9sidus de cultures (d\u00e9chets) en charbon de bois ; lorsqu\u2019il sert d\u2019engrais, le biocharbon peut accro\u00eetre le stockage du carbone.<\/p>\n<\/div>\n<\/div>\n<\/div>\n<\/div>\n<h4><b>Pour en savoir plus, visitez <a href=\"https:\/\/www.rbc.com\/community-social-impact\/environment\/index.html\">rbc.com\/climat<\/a>.<\/b><\/h4>\n<div class=\"rds-callout-white\" style=\"border: 1px solid #c4c8cc\">\n<div class=\"rds-gcw\">\n<div style=\"vertical-align: top\" class=\"img w-mob-100\"><img loading=\"lazy\" decoding=\"async\" src=\"https:\/\/www.rbc.com\/fr\/wp-content\/uploads\/sites\/5\/2025\/03\/download-image-260-x-173-FR-3.jpg\" alt=\"\" width=\"260\" height=\"173\" class=\"alignnone size-full wp-image-40266\" \/><\/div>\n<div class=\"rds-inline pad-hlf\" style=\"vertical-align: top\">\n<h4 class=\"mar-t\">T\u00e9l\u00e9charger le rapport integral<\/h4>\n<p><a class=\"btn tertiary\" role=\"button\" href=\"https:\/\/www.rbc.com\/fr\/wp-content\/uploads\/sites\/4\/2024\/11\/Ag-Capital-PDF-FR.pdf\" target=\"_blank\" rel=\"noopener noreferrer\" data-dig-id=\"TNL_211020_1\" data-dig-category=\"TNL Economics\" data-dig-action=\"mid-funnel click\" data-dig-label=\"Ag Tech Report Final\">T\u00e9l\u00e9charger<\/a><\/div>\n<\/div>\n<\/div>\n<hr>\n<p><!-- Section 13 --><\/p>\n<div class=\"mar-t-dbl mar-b-dbl\" style=\"background-color: #016ac3;padding: 25px;color: white\">\n<h4 id=\"contributors\" class=\"anchor\">Collaborateurs :<\/h4>\n<p style=\"color: white\"><strong>Auteur principal: Youssef Aroub,<\/strong> chef de projet, Boston Consulting Group<\/p>\n<p style=\"color: white\"><u><b>Boston Consulting Group<\/b><\/u><br \/>\n<b>Keith Halliday,<\/b> directeur g\u00e9n\u00e9ral principal, Centre pour l\u2019avenir du Canada<br \/>\n<b>Chris Fletcher,<\/b> directeur g\u00e9n\u00e9ral et associ\u00e9<br \/>\n<b>Thomas Foucault,<\/b> directeur g\u00e9n\u00e9ral et associ\u00e9<br \/>\n<b>Shalini Unnikrishnan,<\/b> directrice g\u00e9n\u00e9rale et associ\u00e9e<br \/>\n<b>Sonya Hoo,<\/b> directrice g\u00e9n\u00e9rale et associ\u00e9e<br \/>\n<b>Pilar Pedrinelli,<\/b> experte-conseil<\/p>\n<p style=\"color: white\"><u><b>RBC<\/b><\/u><br \/>\n<b>Darren Chow,<\/b> premier directeur, M\u00e9dias num\u00e9riques<br \/>\n<b>Naomi Powell,<\/b> directrice de r\u00e9daction, Services \u00e9conomiques et Leadership avis\u00e9<br \/>\n<b>Mohamad Yaghi,<\/b> responsable principal, Politique agricole et climatique<br \/>\n<b>Colin Guldimann,<\/b> \u00e9conomiste<br \/>\n<b>Trinh Theresa Do,<\/b> premi\u00e8re directrice, Strat\u00e9gie de leadership avis\u00e9<br \/>\n<b>Zeba Khan,<\/b> <\/b> directrice, Publication num\u00e9rique<br \/>\n<b>Aidan Smith-Edgell,<\/b> charg\u00e9 de recherche associ\u00e9<br \/>\n<b>Shiplu Talukder<\/b>, sp\u00e9cialiste, Publication num\u00e9rique<br \/>\n<b>Gwen Paddock,<\/b> directrice, Durabilit\u00e9 et climat, Agriculture et agroentreprise<\/p>\n<p style=\"color: white\"><u><b>Arrell Food Institute, University of Guelph<\/b><\/u><br \/>\n<b>Evan Fraser,<\/b> directeur<br \/>\n<b>Ibrahim Mohammed,<\/b> candidat au doctorat, Sciences environnementales<br \/>\n<b>Deus Mugabe,<\/b> candidat au doctorat, Agriculture v\u00e9g\u00e9tale<br \/>\n<b>Lisa Ashton,<\/b> candidate au doctorat<\/p>\n<\/div>\n<p><!-- Acknowledgements--><\/p>\n<div id=\"accordionSetAcknowledgements\" class=\"accordion mar-tb-0\">\n<div class=\"accordion-panel\">\n<p><button id=\"accordion-titleAcknowledgements\" class=\"collapse-toggle collapsed\" data-target=\"#accordionAcknowledgements\" data-toggle=\"collapse\" data-parent=\"#accordionSetAcknowledgements\" aria-expanded=\"false\" aria-controls=\"accordionAcknowledgements\">Remerciements<\/button><\/p>\n<div id=\"accordionAcknowledgements\" class=\"collapse-content collapse\" role=\"region\" aria-labelledby=\"accordion-titlAcknowledgements3\">\n<div class=\"collapse-inner\">\n<p>En compl\u00e9ment des noms cit\u00e9s dans le pr\u00e9sent rapport, nous remercions les personnes suivantes pour leurs contributions :<\/p>\n<ul class=\"disc pad-l\">\n<li style=\"list-style-type: none\">\n<ul class=\"disc pad-l\">\n<li>Alison Sunstrum, fondatrice et chef de la direction, CNSRVX-Inc<\/li>\n<li>Dan Lussier, directeur, Canadian Agri-Food Data Initiative<\/li>\n<li>Tim Faveri, vice-pr\u00e9sident mondial, D\u00e9veloppement durable et relations avec les parties prenantes<\/li>\n<li>Michelle Nutting, directrice, Agriculture et durabilit\u00e9 environnementale, Nutrien Ltd.<\/li>\n<li>Karen Haugen-Kozyra, r\u00e9sidente, Solutions Viresco<\/li>\n<li>Dr. Brian McConkey, scientifique en chef, Solutions Viresco<\/li>\n<li>Anthony D\u2019Agostino, directeur g\u00e9n\u00e9ral, March\u00e9s des marchandises, RBC<\/li>\n<li>Marty Seymour, agriculteur de quatri\u00e8me g\u00e9n\u00e9ration, Acme, Alberta<\/li>\n<li>Gillian Flies, cofondatrice, Fermiers pour la transition climatique<\/li>\n<li>Matt Sawyer, fourth generation farmer, Acme, Alberta<\/li>\n<li>Doug Whitehead, cultivateur, Manitoba<\/li>\n<li>Julia Maria-Becker, premi\u00e8re directrice, Solutions d\u2019exploitation durable, RBC<\/li>\n<li>Janay Meisser, directrice de l\u2019innovation, Cultivateurs unis de l\u2019Alberta<\/li>\n<li>Derek Eaton, directeur de la politique industrielle, L\u2019acc\u00e9l\u00e9rateur de transition<\/li>\n<li>Ryan Cooke, charg\u00e9 de recherche associ\u00e9, Smart Prosperity Institute<\/li>\n<li>David Hughes, pr\u00e9sident et chef de la direction, The Natural Step Canada<\/li>\n<li>Kristjan Hebert, associ\u00e9 gestionnaire, Hebert Grain Ventures<\/li>\n<\/ul>\n<\/li>\n<\/ul>\n<\/div>\n<\/div>\n<\/div>\n<\/div>\n<div id=\"accordionSetAppendix\" class=\"anchor accordion mar-tb-0\" style=\"border-top: 1px solid #ffffff\">\n<div class=\"accordion-panel\" style=\"border-top: 1px solid #ffffff\">\n<p><button id=\"accordion-titleAppendix\" class=\"collapse-toggle collapsed\" data-target=\"#accordionAppendix\" data-toggle=\"collapse\" data-parent=\"#accordionSetAppendix\" aria-expanded=\"false\" aria-controls=\"accordionAppendix\">Annexe : Situation du Canada sur la sc\u00e8ne mondiale<\/button><\/p>\n<div id=\"accordionAppendix\" class=\"collapse-content collapse\" role=\"region\" aria-labelledby=\"accordion-titlAppendix3\">\n<div class=\"collapse-inner\"><b>Canada<\/b><br \/>\nLe Partenariat canadien pour une agriculture durable comprend 3 milliards de dollars sur cinq ans. Environ un milliard de dollars est consacr\u00e9 aux programmes f\u00e9d\u00e9raux et \u00e0 leurs activit\u00e9s, dont 690 millions de dollars sont destin\u00e9s \u00e0 la croissance novatrice et durable, y compris dans le cadre du Programme Agri-science soutenant la recherche pr\u00e9commerciale et d\u2019autres recherches. Environ 2 milliards de dollars sont consacr\u00e9s \u00e0 l\u2019agriculture durable, \u00e0 l\u2019achat d\u2019\u00e9quipement, \u00e0 la formation et \u00e0 la recherche scientifique.<\/p>\n<p>Les 200 millions de dollars du Fonds d\u2019action \u00e0 la ferme pour le climat ont \u00e9t\u00e9 distribu\u00e9s par 12 organismes partout au Canada. Ceux-ci distribueront les fonds aux agriculteurs pour les aider \u00e0 adopter des pratiques durables. Les provinces mettent \u00e9galement en place ou g\u00e8rent leurs propres syst\u00e8mes d\u2019\u00e9change de droits d\u2019\u00e9missions de carbone, qui permettent aux producteurs de vendre des cr\u00e9dits de carbone agricoles. Les syst\u00e8mes de compensation de l\u2019Alberta et du Qu\u00e9bec sont bien \u00e9tablis, tandis que la Nouvelle-\u00c9cosse et la Saskatchewan sont sur le point de lancer leurs propres approches.<\/p>\n<p><b>\u00c9tats-Unis<\/b><br \/>\nLa loi sur la r\u00e9duction de l\u2019inflation (Inflation Reduction Act) est la plus importante loi f\u00e9d\u00e9rale jamais adopt\u00e9e pour lutter contre les changements climatiques, augmentant de 20 milliards de dollars am\u00e9ricains le financement des efforts de conservation. Elle \u00e9largit la port\u00e9e du programme Partnerships for Climate-Smart Commodities, qui vise \u00e0 \u00e9liminer 50 millions de tonnes m\u00e9triques de dioxyde de carbone. Ce programme a allou\u00e9 3 milliards de dollars am\u00e9ricains \u00e0 141 projets dans des entreprises agricoles de culture et d\u2019\u00e9levage situ\u00e9es dans les 50 \u00c9tats et \u00e0 Puerto Rico. Il mise \u00e9galement sur la collaboration entre plus de 100 universit\u00e9s, 20 tribus et groupes tribaux et 60\u2009000 fermes, r\u00e9partis sur plus de 25 millions d\u2019acres de terres exploitables. Le projet permettra d\u2019\u00e9liminer les \u00e9missions \u00e9quivalant \u00e0 12 millions de v\u00e9hicules \u00e0 essence.<\/p>\n<p><b>Union europ\u00e9enne<\/b><br \/>\nLa politique agricole commune (PAC) a \u00e9t\u00e9 remani\u00e9e en 2022. Elle inclut 387 milliards d\u2019euros, soit le tiers du budget total de l\u2019UE pour 2021 \u00e0 2027, qui ont pour but d\u2019aider les exploitations agricoles et les communaut\u00e9s rurales \u00e0 atteindre l\u2019objectif de z\u00e9ro \u00e9mission nette. Elle vise une r\u00e9duction des gaz \u00e0 effet de serre de 55 % d\u2019ici 2030, conform\u00e9ment aux objectifs du pacte vert pour l\u2019Europe. Au total, 40 % du plan financier de la PAC est explicitement consacr\u00e9 aux activit\u00e9s li\u00e9es au climat, et 10 % du budget de l\u2019UE hors de la PAC est consacr\u00e9 aux efforts en faveur de la biodiversit\u00e9.<\/p>\n<p><b>Australie<\/b><br \/>\nLe fonds de r\u00e9duction des \u00e9missions (Emissions Reduction Fund) est le programme phare de l\u2019Australie pour lutter contre les changements climatiques. Il aide les agriculteurs, les entreprises et les communaut\u00e9s rurales \u00e0 r\u00e9duire les gaz \u00e0 effet de serre en fournissant des unit\u00e9s de cr\u00e9dits carbone qui peuvent \u00eatre vendues \u00e0 des acheteurs publics ou priv\u00e9s. Le programme encourage activement les projets consacr\u00e9s au carbone du sol en partageant les co\u00fbts initiaux de l\u2019\u00e9chantillonnage des sols. Le programme pr\u00e9voit que les agriculteurs australiens gagneront plus de 400 millions de dollars australiens gr\u00e2ce \u00e0 la vente des cr\u00e9dits provenant de la s\u00e9questration du carbone dans les sols d\u2019ici 2050. Le gouvernement f\u00e9d\u00e9ral consacre \u00e9galement 64 millions de dollars australiens \u00e0 la promotion du d\u00e9veloppement de technologies de mesure du carbone dans les sols, 54,4 millions de dollars australiens pour encourager les analyses du sol et le partage des donn\u00e9es \u00e0 l\u2019\u00e9chelle nationale.<\/p>\n<p><b>Br\u00e9sil<\/b><br \/>\nLe Br\u00e9sil offre aux agriculteurs des pr\u00eats \u00e0 faible taux d\u2019int\u00e9r\u00eat par l\u2019interm\u00e9diaire du plan ABC. Les agriculteurs obtiennent les cr\u00e9dits et les options de financement n\u00e9cessaires pour adopter des pratiques agricoles durables, comme la culture sans labours, la culture intercalaire, la rotation des cultures et la r\u00e9habilitation des p\u00e2turages d\u00e9grad\u00e9s. Lanc\u00e9 en 2010, le programme a r\u00e9cemment \u00e9t\u00e9 remani\u00e9 dans le but de stocker chaque ann\u00e9e 41 m\u00e9gatonnes de dioxyde de carbone sur plus de 177 millions d\u2019acres de terres agricoles au pays. Lors de sa derni\u00e8re ronde de financement, plus de 62\u2009000 contrats ont \u00e9t\u00e9 sign\u00e9s. Le Br\u00e9sil est ainsi devenu le deuxi\u00e8me pays le mieux class\u00e9 au monde pour les exploitations agricoles sans labours (environ 18 % des terres agricoles du Br\u00e9sil).<\/p>\n<\/div>\n<\/div>\n<\/div>\n<\/div>\n<style class=\"advgb-styles-renderer\">.footnote-mar{margin:50px 100px 0 100px;}.sustainability_box{float: left;width: 100%;margin: 15px 0;}.sp-bot-border{border-bottom: 2px solid #eee}.object-box{border-top: 2px solid #eee; padding:25px 0;}.object-content-box{list-style:none;display:table;}.object-content-box li{float: left;}.object-content-box li:first-child{width:26%;}.object-content-box li:last-child{width:74%;}.object-content-box li img{width: 142px !important; margin:0 auto; display:table;}.sp-display-none{display:none;}h3, h2{margin: 0!important;}.font-lar{font-size:60px;font-weight:500; color:#003168;margin-bottom: 36px!important;}.project-break img{width: 107px; margin: 0 auto; display:table;}.project-break{border-bottom:2px solid #0051a5;margin-top: 40px;}.project-break-list{list-style: none;width: 535px;padding: 0!important;margin: 0 auto; display: table;}.project-break-list li{width: 50%;display: table;float: left;text-align: center;padding: 10px 0;border: 1px solid #003168;color: #003168;}.project-break-list li:first-child{background:#fff;border-top: none;}.project-break-list li:last-child{background:#f4f8f9;border-top: none;}.icon-link{margin:0 auto;display: block;width: 128px;}section.section-tabs&gt;.section-inner&gt;.tab-content {padding-top: 0px;}.ag_list{list-style:none;padding:0 55px;margin:0;display:table;width:100%;}.ag_list li{}.per_cent{width: 42.43%;float: left;margin-top:17px;margin-right: 40px;font-size: 67px;text-align: right;color: #006ac3;font-family: RBCDisplay;}.per_cent_text{width:50%;float:left}.mar20bot{margin-bottom:20px;}.mar40top{margin-top:40px;}.mar20top{margin-top:20px;}.harvesting-change &gt; .callout.horizontal.callout-content {padding-top: 0px;}.revenue_box{margin: 0 auto;list-style: none;display:table;}.revenue_box li{float:left;}.revenue_box li img{width:200px;}.revenue_box li:first-child{width:60%;}.revenue_box li:last-child{width:40%;}.box_text{font-size: 58px;font-weight: 400;color: #006ac3;padding: 58px 0 0 0;}.deductions_box{margin: 0 auto;list-style: none;display: table;width: 458px;}.deductions_box li{width: 152px;float: left;margin: 0;padding: 0;text-align:center;font-weight: 400;}.deductions_box li img {width: 62px;margin: 0 auto; display: table}.deductions_box li p {text-align:center;font-weight: 700;color: #006ac3;}.ag_infograph{margin: 0;list-style: none;display: table;}.ag_infograph li{width:50%;float:left;}.ag_infograph li:first-child{border-right:1px solid black;}.incentive_box{margin: 0 auto;list-style: none;display:table;}.incentive_box li{float:left;}.incentive_box li:first-child{width:75%;}.incentive_box li:last-child{width:25%;}.box_text_incentive{font-size: 58px;font-weight: 400;padding: 38px 0 0 0;}.bg_blue {background: #0051a5 !important;}.bg_bronze {background: #e7eef1!important;}.bg_sliver {background: #c3e2fa!important;}.bg_gold {background: #c1b5a5!important;}.bg_blue_lit {background: rgba(195, 226, 250, 0.2)!important;}.bg_bronze_lit {background: rgba(231, 226, 241, 0.2)!important}.bg_gold_lit {background: rgba(193, 181, 165, 0.2)!important}.table thead tr{border-bottom: none;}.sp-fw{font-weight: 400;}.table-image img {width: 50%; height:auto; margin: 0 auto;} table{border-bottom:none!important;}.col-8{width:50%;}.col-4{width:50%;}.fl{float:left;}.list_green_pre{margin:0 30px;}.list_green_pre li{font-size: 17px;line-height: 1.4;font-weight: 400;}.pad10lr{padding:0 10px;}.table-border { border: 1px solid #E0E0E0;}.col-4.flex { justify-content: center; align-content: center;}.bg-lightblue{background-color:#C3E2FA;}.font-sm { font-size: 14px;}.text-grey { color: #6F6E6F}.fw-1 {font-weight: 700}.fw-2 {font-weight: 600}.fw-3 {font-weight: 500}.fw-4 {font-weight: 400}.fw-5 {font-weight: 300}.sp-no-margin {margin: 0;}.p-all {padding: 40px;}.f-w {border-bottom: 1px solid black;width: 100%;margin: 0 0 20px 0;padding: 0;border-top: transparent !important;}@media (max-width: 900px) {.project-break-list {width: auto;}.project-break-list li {width: 100%;margin: 0;}.col-8{width:50%;}.col-4{width:50%;}.per_cent {width: 100%;text-align: center;}.per_cent_text {width: 100%;}.object-content-box li:first-child {width: 30%;}.object-content-box li:last-child {width: 70%;}.object-content-box li img {width: 110px !important;}.font-lar {font-size: 43px;}}@media screen and (max-width: 768px) {.object-content-box li {width: 100% !important;}.carousel-ctrl{margin-left:0px !important;}}@media (max-width: 524px){.table-swipe img {width: 50%!important;}}@media screen and (max-width: 640px) {.footnote-mar{margin:50px 0 0 0}.box_text_incentive{font-size: 49px;}.ag_infograph li {width: 100%;}.ag_infograph li:first-child {border-right: none;margin-bottom:20px;}.revenue_box li {width:100%!important;}.revenue_box li:first-child {margin: 0 0 30px 0;}.article-content img {width: 100%;display: table;margin: 0 auto;}.box_text {text-align:center;}.deductions_box {width: 100%;}.deductions_box li {width: 100%;margin: 0 0 20px 0;}.ag_list {padding:0; margin: 15px 0}.per_cent {width: 100%; text-align:center; margin: 0 0 30px 0}.per_cent_text {width: 100%; line-height: 1.2;}.col-8 {width: 100%;margin: 0 0 30px 0;}.col-4 {width: 100%!important;}}.carousel-ctrl{margin-left:auto !important}.carousel-ctrl p {display:flex !important}.callout-content .discovery-img{width:400px;height: 400px;}@media (max-width: 639px){.sustainability_box{float:left;}.object-content-box li {width: 100% !important;}.callout .callout-img {width: 89% !important;height: 448px !important;}.col-8 {width: 100%;}.font-lar {font-size: 42px;}.callout-copy img{width: 50%!important;}.callout.horizontal .callout-img {background-size:contain;}.project-break img {width: 87px !important;}.font-lar {font-size: 30px;margin-bottom: 15px!important;}.article-primary-column.post-content&gt;div&gt;ul {padding-left: 0px!important;}.project-break-list {width: 100%!important;}#dvl-wpr&gt;main&gt;section&gt;div&gt;div&gt;div.grid-two-thirds.article-primary-column.post-content&gt;div&gt;ul {padding: 0 15px!important;}.project-break-list {width: 100%;}.project-break-list li {width: 100%; margin: 0;}.table-swipe img{width: 50%!important;}}@media (max-width: 390px){.table-swipe img {width: 50%!important;}}.carousel-img{background-size:contain!important; height: 400px !important; width: 50% !important;}.callout-img{height:435px!important}.dark-blue{color: #004379}.bg-cool-white{background-color: #F4F8F9;}.mar-b-20{margin-bottom:20px !important;}.dark-blue{color: #004379}.bg-cool-white{background-color: #F4F8F9;}.mar-b-20{margin-bottom:20px !important;}<\/style>\n","protected":false},"excerpt":{"rendered":"<p>La d\u00e9couverte Go to previous slide Go to next slide Les agriculteurs canadiens g\u00e8rent l\u2019un des plus grands inventaires de terres agricoles au monde. Les vastes terres agricoles cultiv\u00e9es au Canada sont les 12e plus grandes au monde. Ces terres pourraient constituer un puits de carbone puissant. Le sol a la capacit\u00e9 de stocker ou [&hellip;]<\/p>\n","protected":false},"author":234,"featured_media":4245,"parent":0,"menu_order":0,"template":"","meta":{"_acf_changed":false,"disable_focal_point":true,"featured_image_focal_point":{"x":0.5,"y":0.5},"advgb_blocks_editor_width":"","advgb_blocks_columns_visual_guide":"","footnotes":""},"rbc_tl_category":[156,135],"rbc_tl_tag":[136,124],"class_list":["post-4221","rbc_tl","type-rbc_tl","status-publish","has-post-thumbnail","hentry","rbc_tl_category-commentaire-dexpert","rbc_tl_category-institut-action-climatique","rbc_tl_tag-climat","rbc_tl_tag-exploitations-agricoles"],"acf":[],"yoast_head":"<!-- This site is optimized with the Yoast SEO Premium plugin v27.4 (Yoast SEO v27.4) - https:\/\/yoast.com\/product\/yoast-seo-premium-wordpress\/ -->\n<title>Terrain fertile : Comment le carbone du sol peut-il servir de r\u00e9colte commerciale \u00e0 l\u2019\u00e8re du changement climatique ? - RBC<\/title>\n<meta name=\"robots\" content=\"index, follow, max-snippet:-1, max-image-preview:large, max-video-preview:-1\" \/>\n<link rel=\"canonical\" href=\"https:\/\/www.rbc.com\/fr\/leadership-avise\/institut-action-climatique\/commentaire-dexpert\/terrain-fertile-comment-le-carbone-du-sol-peut-il-servir-de-recolte-commerciale-a-lere-du-changement-climatique\/\" \/>\n<meta property=\"og:locale\" content=\"fr_FR\" \/>\n<meta property=\"og:type\" content=\"article\" \/>\n<meta property=\"og:title\" content=\"Terrain fertile : Comment le carbone du sol peut-il servir de r\u00e9colte commerciale \u00e0 l\u2019\u00e8re du changement climatique ?\" \/>\n<meta property=\"og:description\" content=\"La d\u00e9couverte Go to previous slide Go to next slide Les agriculteurs canadiens g\u00e8rent l\u2019un des plus grands inventaires de terres agricoles au monde. Les vastes terres agricoles cultiv\u00e9es au Canada sont les 12e plus grandes au monde. Ces terres pourraient constituer un puits de carbone puissant. Le sol a la capacit\u00e9 de stocker ou [&hellip;]\" \/>\n<meta property=\"og:url\" content=\"https:\/\/www.rbc.com\/fr\/leadership-avise\/institut-action-climatique\/commentaire-dexpert\/terrain-fertile-comment-le-carbone-du-sol-peut-il-servir-de-recolte-commerciale-a-lere-du-changement-climatique\/\" \/>\n<meta property=\"og:site_name\" content=\"RBC\" \/>\n<meta property=\"article:modified_time\" content=\"2025-04-02T21:25:39+00:00\" \/>\n<meta property=\"og:image\" content=\"https:\/\/www.rbc.com\/fr\/wp-content\/uploads\/sites\/5\/2025\/03\/DL-Fertiile-Ground_Banner-wide-scaled-1.jpg?quality=80\" \/>\n\t<meta property=\"og:image:width\" content=\"2560\" \/>\n\t<meta property=\"og:image:height\" content=\"1236\" \/>\n\t<meta property=\"og:image:type\" content=\"image\/jpeg\" \/>\n<meta name=\"twitter:card\" content=\"summary_large_image\" \/>\n<meta name=\"twitter:label1\" content=\"Est. reading time\" \/>\n\t<meta name=\"twitter:data1\" content=\"25 minutes\" \/>\n<script type=\"application\/ld+json\" class=\"yoast-schema-graph\">{\"@context\":\"https:\\\/\\\/schema.org\",\"@graph\":[{\"@type\":\"WebPage\",\"@id\":\"https:\\\/\\\/www.rbc.com\\\/fr\\\/leadership-avise\\\/institut-action-climatique\\\/commentaire-dexpert\\\/terrain-fertile-comment-le-carbone-du-sol-peut-il-servir-de-recolte-commerciale-a-lere-du-changement-climatique\\\/\",\"url\":\"https:\\\/\\\/www.rbc.com\\\/fr\\\/leadership-avise\\\/institut-action-climatique\\\/commentaire-dexpert\\\/terrain-fertile-comment-le-carbone-du-sol-peut-il-servir-de-recolte-commerciale-a-lere-du-changement-climatique\\\/\",\"name\":\"Terrain fertile : Comment le carbone du sol peut-il servir de r\u00e9colte commerciale \u00e0 l\u2019\u00e8re du changement climatique ? - RBC\",\"isPartOf\":{\"@id\":\"https:\\\/\\\/www.rbc.com\\\/fr\\\/#website\"},\"primaryImageOfPage\":{\"@id\":\"https:\\\/\\\/www.rbc.com\\\/fr\\\/leadership-avise\\\/institut-action-climatique\\\/commentaire-dexpert\\\/terrain-fertile-comment-le-carbone-du-sol-peut-il-servir-de-recolte-commerciale-a-lere-du-changement-climatique\\\/#primaryimage\"},\"image\":{\"@id\":\"https:\\\/\\\/www.rbc.com\\\/fr\\\/leadership-avise\\\/institut-action-climatique\\\/commentaire-dexpert\\\/terrain-fertile-comment-le-carbone-du-sol-peut-il-servir-de-recolte-commerciale-a-lere-du-changement-climatique\\\/#primaryimage\"},\"thumbnailUrl\":\"https:\\\/\\\/www.rbc.com\\\/fr\\\/wp-content\\\/uploads\\\/sites\\\/5\\\/2025\\\/03\\\/DL-Fertiile-Ground_Banner-wide-scaled-1.jpg?quality=80\",\"datePublished\":\"2023-03-02T05:00:10+00:00\",\"dateModified\":\"2025-04-02T21:25:39+00:00\",\"inLanguage\":\"fr-FR\",\"potentialAction\":[{\"@type\":\"ReadAction\",\"target\":[\"https:\\\/\\\/www.rbc.com\\\/fr\\\/leadership-avise\\\/institut-action-climatique\\\/commentaire-dexpert\\\/terrain-fertile-comment-le-carbone-du-sol-peut-il-servir-de-recolte-commerciale-a-lere-du-changement-climatique\\\/\"]}]},{\"@type\":\"ImageObject\",\"inLanguage\":\"fr-FR\",\"@id\":\"https:\\\/\\\/www.rbc.com\\\/fr\\\/leadership-avise\\\/institut-action-climatique\\\/commentaire-dexpert\\\/terrain-fertile-comment-le-carbone-du-sol-peut-il-servir-de-recolte-commerciale-a-lere-du-changement-climatique\\\/#primaryimage\",\"url\":\"https:\\\/\\\/www.rbc.com\\\/fr\\\/wp-content\\\/uploads\\\/sites\\\/5\\\/2025\\\/03\\\/DL-Fertiile-Ground_Banner-wide-scaled-1.jpg?quality=80\",\"contentUrl\":\"https:\\\/\\\/www.rbc.com\\\/fr\\\/wp-content\\\/uploads\\\/sites\\\/5\\\/2025\\\/03\\\/DL-Fertiile-Ground_Banner-wide-scaled-1.jpg?quality=80\",\"width\":2560,\"height\":1236},{\"@type\":\"WebSite\",\"@id\":\"https:\\\/\\\/www.rbc.com\\\/fr\\\/#website\",\"url\":\"https:\\\/\\\/www.rbc.com\\\/fr\\\/\",\"name\":\"RBC\",\"description\":\"\",\"potentialAction\":[{\"@type\":\"SearchAction\",\"target\":{\"@type\":\"EntryPoint\",\"urlTemplate\":\"https:\\\/\\\/www.rbc.com\\\/fr\\\/?s={search_term_string}\"},\"query-input\":{\"@type\":\"PropertyValueSpecification\",\"valueRequired\":true,\"valueName\":\"search_term_string\"}}],\"inLanguage\":\"fr-FR\"}]}<\/script>\n<!-- \/ Yoast SEO Premium plugin. -->","yoast_head_json":{"title":"Terrain fertile : Comment le carbone du sol peut-il servir de r\u00e9colte commerciale \u00e0 l\u2019\u00e8re du changement climatique ? - RBC","robots":{"index":"index","follow":"follow","max-snippet":"max-snippet:-1","max-image-preview":"max-image-preview:large","max-video-preview":"max-video-preview:-1"},"canonical":"https:\/\/www.rbc.com\/fr\/leadership-avise\/institut-action-climatique\/commentaire-dexpert\/terrain-fertile-comment-le-carbone-du-sol-peut-il-servir-de-recolte-commerciale-a-lere-du-changement-climatique\/","og_locale":"fr_FR","og_type":"article","og_title":"Terrain fertile : Comment le carbone du sol peut-il servir de r\u00e9colte commerciale \u00e0 l\u2019\u00e8re du changement climatique ?","og_description":"La d\u00e9couverte Go to previous slide Go to next slide Les agriculteurs canadiens g\u00e8rent l\u2019un des plus grands inventaires de terres agricoles au monde. Les vastes terres agricoles cultiv\u00e9es au Canada sont les 12e plus grandes au monde. Ces terres pourraient constituer un puits de carbone puissant. Le sol a la capacit\u00e9 de stocker ou [&hellip;]","og_url":"https:\/\/www.rbc.com\/fr\/leadership-avise\/institut-action-climatique\/commentaire-dexpert\/terrain-fertile-comment-le-carbone-du-sol-peut-il-servir-de-recolte-commerciale-a-lere-du-changement-climatique\/","og_site_name":"RBC","article_modified_time":"2025-04-02T21:25:39+00:00","og_image":[{"width":2560,"height":1236,"url":"https:\/\/www.rbc.com\/fr\/wp-content\/uploads\/sites\/5\/2025\/03\/DL-Fertiile-Ground_Banner-wide-scaled-1.jpg?quality=80","type":"image\/jpeg"}],"twitter_card":"summary_large_image","twitter_misc":{"Est. reading time":"25 minutes"},"schema":{"@context":"https:\/\/schema.org","@graph":[{"@type":"WebPage","@id":"https:\/\/www.rbc.com\/fr\/leadership-avise\/institut-action-climatique\/commentaire-dexpert\/terrain-fertile-comment-le-carbone-du-sol-peut-il-servir-de-recolte-commerciale-a-lere-du-changement-climatique\/","url":"https:\/\/www.rbc.com\/fr\/leadership-avise\/institut-action-climatique\/commentaire-dexpert\/terrain-fertile-comment-le-carbone-du-sol-peut-il-servir-de-recolte-commerciale-a-lere-du-changement-climatique\/","name":"Terrain fertile : Comment le carbone du sol peut-il servir de r\u00e9colte commerciale \u00e0 l\u2019\u00e8re du changement climatique ? - RBC","isPartOf":{"@id":"https:\/\/www.rbc.com\/fr\/#website"},"primaryImageOfPage":{"@id":"https:\/\/www.rbc.com\/fr\/leadership-avise\/institut-action-climatique\/commentaire-dexpert\/terrain-fertile-comment-le-carbone-du-sol-peut-il-servir-de-recolte-commerciale-a-lere-du-changement-climatique\/#primaryimage"},"image":{"@id":"https:\/\/www.rbc.com\/fr\/leadership-avise\/institut-action-climatique\/commentaire-dexpert\/terrain-fertile-comment-le-carbone-du-sol-peut-il-servir-de-recolte-commerciale-a-lere-du-changement-climatique\/#primaryimage"},"thumbnailUrl":"https:\/\/www.rbc.com\/fr\/wp-content\/uploads\/sites\/5\/2025\/03\/DL-Fertiile-Ground_Banner-wide-scaled-1.jpg?quality=80","datePublished":"2023-03-02T05:00:10+00:00","dateModified":"2025-04-02T21:25:39+00:00","inLanguage":"fr-FR","potentialAction":[{"@type":"ReadAction","target":["https:\/\/www.rbc.com\/fr\/leadership-avise\/institut-action-climatique\/commentaire-dexpert\/terrain-fertile-comment-le-carbone-du-sol-peut-il-servir-de-recolte-commerciale-a-lere-du-changement-climatique\/"]}]},{"@type":"ImageObject","inLanguage":"fr-FR","@id":"https:\/\/www.rbc.com\/fr\/leadership-avise\/institut-action-climatique\/commentaire-dexpert\/terrain-fertile-comment-le-carbone-du-sol-peut-il-servir-de-recolte-commerciale-a-lere-du-changement-climatique\/#primaryimage","url":"https:\/\/www.rbc.com\/fr\/wp-content\/uploads\/sites\/5\/2025\/03\/DL-Fertiile-Ground_Banner-wide-scaled-1.jpg?quality=80","contentUrl":"https:\/\/www.rbc.com\/fr\/wp-content\/uploads\/sites\/5\/2025\/03\/DL-Fertiile-Ground_Banner-wide-scaled-1.jpg?quality=80","width":2560,"height":1236},{"@type":"WebSite","@id":"https:\/\/www.rbc.com\/fr\/#website","url":"https:\/\/www.rbc.com\/fr\/","name":"RBC","description":"","potentialAction":[{"@type":"SearchAction","target":{"@type":"EntryPoint","urlTemplate":"https:\/\/www.rbc.com\/fr\/?s={search_term_string}"},"query-input":{"@type":"PropertyValueSpecification","valueRequired":true,"valueName":"search_term_string"}}],"inLanguage":"fr-FR"}]}},"parsely":{"version":"1.1.0","canonical_url":"https:\/\/rbc.com\/fr\/leadership-avise\/institut-action-climatique\/terrain-fertile-comment-le-carbone-du-sol-peut-il-servir-de-recolte-commerciale-a-lere-du-changement-climatique\/","smart_links":{"inbound":0,"outbound":0},"traffic_boost_suggestions_count":0,"meta":{"@context":"https:\/\/schema.org","@type":"NewsArticle","headline":"Terrain fertile : Comment le carbone du sol peut-il servir de r\u00e9colte commerciale \u00e0 l\u2019\u00e8re du changement climatique ?","url":"http:\/\/www.rbc.com\/fr\/leadership-avise\/institut-action-climatique\/terrain-fertile-comment-le-carbone-du-sol-peut-il-servir-de-recolte-commerciale-a-lere-du-changement-climatique\/","mainEntityOfPage":{"@type":"WebPage","@id":"http:\/\/www.rbc.com\/fr\/leadership-avise\/institut-action-climatique\/terrain-fertile-comment-le-carbone-du-sol-peut-il-servir-de-recolte-commerciale-a-lere-du-changement-climatique\/"},"thumbnailUrl":"https:\/\/www.rbc.com\/fr\/wp-content\/uploads\/sites\/5\/2025\/03\/DL-Fertiile-Ground_Banner-wide-scaled-1.jpg?quality=80&w=150&h=150&crop=1","image":{"@type":"ImageObject","url":"https:\/\/www.rbc.com\/fr\/wp-content\/uploads\/sites\/5\/2025\/03\/DL-Fertiile-Ground_Banner-wide-scaled-1.jpg?quality=80"},"articleSection":"Uncategorized","author":[{"@type":"Person","name":"RBC"}],"creator":["RBC"],"publisher":{"@type":"Organization","name":"RBC","logo":""},"keywords":[],"dateCreated":"2023-03-02T05:00:10Z","datePublished":"2023-03-02T05:00:10Z","dateModified":"2025-04-02T21:25:39Z"},"rendered":"<script type=\"application\/ld+json\" class=\"wp-parsely-metadata\">{\"@context\":\"https:\\\/\\\/schema.org\",\"@type\":\"NewsArticle\",\"headline\":\"Terrain fertile : Comment le carbone du sol peut-il servir de r\\u00e9colte commerciale \\u00e0 l\\u2019\\u00e8re du changement climatique ?\",\"url\":\"http:\\\/\\\/www.rbc.com\\\/fr\\\/leadership-avise\\\/institut-action-climatique\\\/terrain-fertile-comment-le-carbone-du-sol-peut-il-servir-de-recolte-commerciale-a-lere-du-changement-climatique\\\/\",\"mainEntityOfPage\":{\"@type\":\"WebPage\",\"@id\":\"http:\\\/\\\/www.rbc.com\\\/fr\\\/leadership-avise\\\/institut-action-climatique\\\/terrain-fertile-comment-le-carbone-du-sol-peut-il-servir-de-recolte-commerciale-a-lere-du-changement-climatique\\\/\"},\"thumbnailUrl\":\"https:\\\/\\\/www.rbc.com\\\/fr\\\/wp-content\\\/uploads\\\/sites\\\/5\\\/2025\\\/03\\\/DL-Fertiile-Ground_Banner-wide-scaled-1.jpg?quality=80&w=150&h=150&crop=1\",\"image\":{\"@type\":\"ImageObject\",\"url\":\"https:\\\/\\\/www.rbc.com\\\/fr\\\/wp-content\\\/uploads\\\/sites\\\/5\\\/2025\\\/03\\\/DL-Fertiile-Ground_Banner-wide-scaled-1.jpg?quality=80\"},\"articleSection\":\"Uncategorized\",\"author\":[{\"@type\":\"Person\",\"name\":\"RBC\"}],\"creator\":[\"RBC\"],\"publisher\":{\"@type\":\"Organization\",\"name\":\"RBC\",\"logo\":\"\"},\"keywords\":[],\"dateCreated\":\"2023-03-02T05:00:10Z\",\"datePublished\":\"2023-03-02T05:00:10Z\",\"dateModified\":\"2025-04-02T21:25:39Z\"}<\/script>","tracker_url":"https:\/\/cdn.parsely.com\/keys\/rbc.com\/p.js"},"featured_img":"https:\/\/www.rbc.com\/fr\/wp-content\/uploads\/sites\/5\/2025\/03\/DL-Fertiile-Ground_Banner-wide-scaled-1.jpg?quality=80&w=1024","coauthors":[],"author_meta":{"author_link":"https:\/\/www.rbc.com\/fr\/author\/rbc\/","display_name":"RBC"},"relative_dates":{"created":"Publi\u00e9 3 ans il y a","modified":"Mis \u00e0 jour 1 an il y a"},"absolute_dates":{"created":"Publi\u00e9 le 2 mars 2023","modified":"Mise \u00e0 jour le 2 avril 2025"},"absolute_dates_time":{"created":"Publi\u00e9 le 2 mars 2023 5:00  ","modified":"Mise \u00e0 jour le 2 avril 2025 9:25  "},"featured_img_caption":"","tax_additional":{"rbc_tl_category":{"linked":["<a href=\"https:\/\/www.rbc.com\/fr\/leadership-avise\/commentaire-dexpert\/\" class=\"advgb-post-tax-term\">Commentaire d&#039;expert<\/a>","<a href=\"https:\/\/www.rbc.com\/fr\/leadership-avise\/institut-action-climatique\/\" class=\"advgb-post-tax-term\">Institut Action Climatique<\/a>"],"unlinked":["<span class=\"advgb-post-tax-term\">Commentaire d&#039;expert<\/span>","<span class=\"advgb-post-tax-term\">Institut Action Climatique<\/span>"],"slug":"rbc_tl_category","name":"Categories"},"rbc_tl_tag":{"linked":["<a href=\"https:\/\/www.rbc.com\/fr\/topics\/climat\/\" class=\"advgb-post-tax-term\">Climat<\/a>","<a href=\"https:\/\/www.rbc.com\/fr\/topics\/exploitations-agricoles\/\" class=\"advgb-post-tax-term\">Exploitations agricoles<\/a>"],"unlinked":["<span class=\"advgb-post-tax-term\">Climat<\/span>","<span class=\"advgb-post-tax-term\">Exploitations agricoles<\/span>"],"slug":"rbc_tl_tag","name":"Tags"}},"series_order":"","_links":{"self":[{"href":"https:\/\/www.rbc.com\/fr\/wp-json\/wp\/v2\/rbc_tl\/4221","targetHints":{"allow":["GET"]}}],"collection":[{"href":"https:\/\/www.rbc.com\/fr\/wp-json\/wp\/v2\/rbc_tl"}],"about":[{"href":"https:\/\/www.rbc.com\/fr\/wp-json\/wp\/v2\/types\/rbc_tl"}],"author":[{"embeddable":true,"href":"https:\/\/www.rbc.com\/fr\/wp-json\/wp\/v2\/users\/234"}],"version-history":[{"count":1,"href":"https:\/\/www.rbc.com\/fr\/wp-json\/wp\/v2\/rbc_tl\/4221\/revisions"}],"predecessor-version":[{"id":5807,"href":"https:\/\/www.rbc.com\/fr\/wp-json\/wp\/v2\/rbc_tl\/4221\/revisions\/5807"}],"wp:featuredmedia":[{"embeddable":true,"href":"https:\/\/www.rbc.com\/fr\/wp-json\/wp\/v2\/media\/4245"}],"wp:attachment":[{"href":"https:\/\/www.rbc.com\/fr\/wp-json\/wp\/v2\/media?parent=4221"}],"wp:term":[{"taxonomy":"rbc_tl_category","embeddable":true,"href":"https:\/\/www.rbc.com\/fr\/wp-json\/wp\/v2\/rbc_tl_category?post=4221"},{"taxonomy":"rbc_tl_tag","embeddable":true,"href":"https:\/\/www.rbc.com\/fr\/wp-json\/wp\/v2\/rbc_tl_tag?post=4221"}],"curies":[{"name":"wp","href":"https:\/\/api.w.org\/{rel}","templated":true}]}}