{"id":14710,"date":"2026-04-28T18:32:10","date_gmt":"2026-04-28T18:32:10","guid":{"rendered":"https:\/\/www.rbc.com\/fr\/thought-leadership\/trade-zone-how-industrial-policy-is-bringing-canada-and-the-eu-closer\/"},"modified":"2026-04-28T18:32:12","modified_gmt":"2026-04-28T18:32:12","slug":"passage-au-niveau-superieur","status":"publish","type":"rbc_tl","link":"https:\/\/www.rbc.com\/fr\/leadership-avise\/la-zone-commerciale\/passage-au-niveau-superieur\/","title":{"rendered":"Zone commerciale : passage au niveau sup\u00e9rieur"},"content":{"rendered":"\n<p><strong>\u00c9galement dans ce num\u00e9ro&nbsp;: <\/strong>Les enjeux non n\u00e9gociables de l\u2019ACEUM et les frictions persistantes autour des interdictions provinciales sur l\u2019alcool<\/p>\n\n\n\n<section class=\"wp-block-rbc-section-block  pos-rel\" style=\"border-radius:0px\">\n<div class=\"wp-block-rbc-section-inner-block  section-inner\" style=\"border-radius:0x\">\n<h2 class=\"wp-block-heading has-rbc-bright-blue-color has-text-color has-link-color wp-elements-a826ebca2253d811c79044f33efa92fe\" id=\"h-passage-au-niveau-superieur\">Passage au niveau sup\u00e9rieur<\/h2>\n\n\n\n<p><strong>L\u2019avenir des relations \u00e9conomiques entre le Canada et l\u2019UE repose sur la politique industrielle<\/strong><\/p>\n\n\n\n<ul class=\"wp-block-rbc-list is-style-blue-disc\">\n<li class=\"wp-block-rbc-list-item\">\n<p>\u00c0 mesure que le Canada diversifie ses relations commerciales au\u2011del\u00e0 des \u00c9tats\u2011Unis, l\u2019Union europ\u00e9enne s\u2019impose comme un partenaire prioritaire.<\/p>\n<\/li>\n\n\n\n<li class=\"wp-block-rbc-list-item\">\n<p>L\u2019intensification des \u00e9changes diplomatiques a m\u00eame amen\u00e9 certains \u00e0 \u00e9voquer l\u2019id\u00e9e d\u2019une adh\u00e9sion du Canada au bloc.<\/p>\n<\/li>\n\n\n\n<li class=\"wp-block-rbc-list-item\">\n<p>Si cela demeure improbable pour plusieurs raisons, ce qui est pertinent et concret, en revanche, c\u2019est l\u2019alignement croissant entre le Canada et l\u2019Europe en mati\u00e8re de politique industrielle \u2013 particuli\u00e8rement dans les secteurs o\u00f9 les gouvernements orientent les investissements, structurent les cha\u00eenes logistiques et d\u00e9finissent les r\u00e8gles de la concurrence.&nbsp;<\/p>\n<\/li>\n<\/ul>\n\n\n\n<p><strong>De l\u2019acc\u00e8s aux march\u00e9s \u00e0 l\u2019acc\u00e8s industriel <\/strong><\/p>\n\n\n\n<p>Au cours des dix derni\u00e8res ann\u00e9es, la relation entre le Canada et l\u2019UE a \u00e9t\u00e9 d\u00e9finie par l\u2019Accord \u00e9conomique et commercial global (AECG) sign\u00e9 en&nbsp;2016. Les \u00e9changes commerciaux ont connu une croissance importante durant cette p\u00e9riode, mais l\u2019accord ne s\u2019est pas av\u00e9r\u00e9 sans friction dans la pratique&nbsp;:<\/p>\n\n\n\n<ul class=\"wp-block-rbc-list is-style-blue-disc\">\n<li class=\"wp-block-rbc-list-item\">\n<p>La ratification n\u2019est pas encore termin\u00e9e et l\u2019accord n\u2019est pas encore pleinement en vigueur, plusieurs \u00c9tats membres de l\u2019UE n\u2019ayant pas encore approuv\u00e9 son chapitre sur les investissements.<\/p>\n<\/li>\n\n\n\n<li class=\"wp-block-rbc-list-item\">\n<p>Des obstacles r\u00e9glementaires persistent, en particulier dans le secteur agricole, o\u00f9 les exportateurs canadiens sont confront\u00e9s \u00e0 des contraintes li\u00e9es aux r\u00e8gles sanitaires de l\u2019UE, aux seuils de pesticides et aux normes sur les produits.<\/p>\n<\/li>\n\n\n\n<li class=\"wp-block-rbc-list-item\">\n<p>Cependant, son application provisoire a permis une augmentation de plus de 77&nbsp;% du commerce bilat\u00e9ral de marchandises depuis&nbsp;2016, atteignant 134&nbsp;milliards de dollars en&nbsp;2025.<\/p>\n<\/li>\n\n\n\n<li class=\"wp-block-rbc-list-item\">\n<p>Aujourd\u2019hui, dans les domaines de l\u2019\u00e9nergie propre, de la fabrication de pointe et de la d\u00e9fense, le Canada et l\u2019UE mobilisent leurs financements publics et leurs politiques d\u2019approvisionnement pour d\u00e9velopper des capacit\u00e9s nationales et s\u00e9curiser les cha\u00eenes logistiques. Ce virage transforme la mani\u00e8re dont l\u2019acc\u00e8s aux march\u00e9s bilat\u00e9raux sera d\u00e9termin\u00e9.<\/p>\n<\/li>\n<\/ul>\n\n\n\n<p><strong>Red\u00e9finition de l\u2019acc\u00e8s <\/strong><\/p>\n\n\n\n<ul class=\"wp-block-rbc-list is-style-blue-disc\">\n<li class=\"wp-block-rbc-list-item\">\n<p>Le Pacte vert europ\u00e9en oriente les investissements vers les batteries, l\u2019hydrog\u00e8ne et la d\u00e9carbonation industrielle, afin de concentrer la production au sein de l\u2019UE.<\/p>\n<\/li>\n\n\n\n<li class=\"wp-block-rbc-list-item\">\n<p>Le projet de loi d\u2019acc\u00e9l\u00e9ration industrielle en faveur du \u00ab&nbsp;Made in Europe&nbsp;\u00bb conditionnerait l\u2019acc\u00e8s aux subventions et aux march\u00e9s publics des secteurs strat\u00e9giques \u00e0 une production situ\u00e9e dans l\u2019UE ou \u00e0 une r\u00e9ciprocit\u00e9 fond\u00e9e sur la production dans un pays partenaire.<\/p>\n<\/li>\n\n\n\n<li class=\"wp-block-rbc-list-item\">\n<p>Cette semaine, la <a href=\"https:\/\/www.ft.com\/content\/bc021347-077d-47d0-84ef-5846da5ec3d9?syn-25a6b1a6=1\">ministre de l\u2019industrie, M\u00e9lanie Joly,<\/a> a indiqu\u00e9 que le Canada engagerait des discussions avec Bruxelles afin d\u2019obtenir un acc\u00e8s au programme \u00ab\u202fMade in Europe\u202f\u00bb, dans une approche de r\u00e9ciprocit\u00e9 align\u00e9e sur la politique industrielle.<\/p>\n<\/li>\n<\/ul>\n\n\n\n<p><strong>La d\u00e9fense en t\u00eate de la collaboration industrielle Canada\u2013UE <\/strong><\/p>\n\n\n\n<ul class=\"wp-block-rbc-list is-style-blue-disc\">\n<li class=\"wp-block-rbc-list-item\">\n<p>La participation du Canada au programme europ\u00e9en Security Action for Europe (SAFE) constitue l\u2019exemple le plus clair de la mani\u00e8re dont ce virage s\u2019op\u00e8re. <\/p>\n<\/li>\n\n\n\n<li class=\"wp-block-rbc-list-item\">\n<p>Le programme SAFE accordera jusqu\u2019\u00e0 244&nbsp;milliards de dollars en pr\u00eats aux \u00c9tats membres de l\u2019UE pour appuyer des projets de d\u00e9fense et, en d\u00e9cembre, le Canada est devenu le seul \u00c9tat non membre \u00e0 obtenir un acc\u00e8s privil\u00e9gi\u00e9 au programme. <\/p>\n<\/li>\n<\/ul>\n\n\n\n<p>Concr\u00e8tement, cela signifie que&nbsp;:<\/p>\n\n\n\n<ul class=\"wp-block-rbc-list is-style-blue-disc\">\n<li class=\"wp-block-rbc-list-item\">\n<p>Les entreprises canadiennes peuvent soumissionner \u00e0 des contrats de d\u00e9fense financ\u00e9s par l\u2019UE sur un pied d\u2019\u00e9galit\u00e9 avec les fournisseurs europ\u00e9ens, en comp\u00e9tition directe plut\u00f4t qu\u2019en passant par la sous\u2011traitance ou des interm\u00e9diaires locaux.<\/p>\n<\/li>\n\n\n\n<li class=\"wp-block-rbc-list-item\">\n<p>Jusqu\u2019\u00e0 80&nbsp;% de contenu canadien est autoris\u00e9 dans les contrats, comparativement \u00e0 35&nbsp;% pour les autres pays tiers, ce qui accro\u00eet consid\u00e9rablement la capacit\u00e9 des secteurs manufacturier, de l\u2019ing\u00e9nierie et des cha\u00eenes logistiques du Canada \u00e0 ancrer les activit\u00e9s au pays tout en \u00e9tant admissibles aux march\u00e9s publics de l\u2019UE.<\/p>\n<\/li>\n\n\n\n<li class=\"wp-block-rbc-list-item\">\n<p>Le Canada versera une cotisation initiale de 10&nbsp;millions d\u2019euros et des frais de participation de 15&nbsp;% s\u2019appliqueront \u00e0 la valeur du contenu canadien dans les contrats o\u00f9 le contenu europ\u00e9en repr\u00e9sente moins de 65&nbsp;% de la valeur.<\/p>\n<\/li>\n<\/ul>\n\n\n\n<p><strong>Ce qu\u2019il faut surveiller <\/strong><\/p>\n\n\n\n<ul class=\"wp-block-rbc-list is-style-blue-disc\">\n<li class=\"wp-block-rbc-list-item\">\n<p><strong>L\u2019acc\u00e8s du Canada au programme \u00ab&nbsp;Made in Europe&nbsp;\u00bb&nbsp;: <\/strong>le gouvernement a ouvert la porte, mais l\u2019adh\u00e9sion \u00e9ventuelle d\u00e9pendra de la volont\u00e9 de l\u2019UE et n\u00e9cessitera des discussions substantielles. La question cl\u00e9 est de savoir si le Canada peut transformer l\u2019alignement politique en un acc\u00e8s formel \u00e0 plusieurs secteurs, et non seulement \u00e0 la d\u00e9fense, afin de participer \u00e0 des projets soutenus par des subventions.<\/p>\n<\/li>\n\n\n\n<li class=\"wp-block-rbc-list-item\">\n<p><strong>La concr\u00e9tisation de SAFE en contrats&nbsp;:<\/strong> des conditions pr\u00e9f\u00e9rentielles sont en place, mais l\u2019\u00e9l\u00e9ment d\u00e9terminant sera l\u2019attribution de contrats. La capacit\u00e9 des entreprises canadiennes \u00e0 obtenir des r\u00f4les significatifs dans des projets financ\u00e9s par SAFE et \u00e0 accro\u00eetre leurs exportations \u00e0 l\u2019\u00e9chelle du continent d\u00e9terminera l\u2019ampleur et la durabilit\u00e9 de ce partenariat.<\/p>\n<\/li>\n\n\n\n<li class=\"wp-block-rbc-list-item\">\n<p><strong>L\u2019\u00e9volution de l\u2019AECG\u00a0:<\/strong> des points de friction importants subsistent pour les exportateurs\u00a0; l\u2019accord n\u2019est appliqu\u00e9 qu\u2019\u00e0 titre provisoire\u00a0; l\u2019harmonisation r\u00e9glementaire sera difficile \u00e0 atteindre\u00a0; et des n\u00e9gociations sont en cours pour conclure un accord sur le commerce num\u00e9rique.<\/p>\n<\/li>\n<\/ul>\n\n\n\n<p>Consid\u00e9r\u00e9s conjointement, ces \u00e9l\u00e9ments d\u00e9termineront si le Canada peut passer d\u2019un partenaire privil\u00e9gi\u00e9 \u00e0 un participant structurel \u00e0 la mont\u00e9e en puissance industrielle de l\u2019Europe \u2013 et tirer parti, sur le plan commercial, des centaines de milliards mobilis\u00e9s par l\u2019UE.<\/p>\n\n\n\n<p><strong>&#8211;Thomas Ashcroft, responsable principal de politique, Enjeux mondiaux<\/strong><\/p>\n<\/div>\n<\/section>\n\n\n\n<section class=\"wp-block-rbc-section-block  pos-rel\" style=\"border-radius:0px\">\n<div class=\"wp-block-rbc-section-inner-block  section-inner\" style=\"border-radius:0x\">\n<h2 class=\"wp-block-heading has-rbc-bright-blue-color has-text-color has-link-color wp-elements-eef8b082dfecf3173ac59f7efdd121cf\" id=\"h-recapitulatif-de-la-semaine\">R\u00e9capitulatif de la semaine<\/h2>\n\n\n\n<figure class=\"wp-block-image size-large\"><img loading=\"lazy\" decoding=\"async\" height=\"596\" width=\"1024\" src=\"https:\/\/www.rbc.com\/fr\/wp-content\/uploads\/sites\/5\/2026\/04\/FR-TZ-4.24-Alcohol-Imports-Chart.png?quality=80&amp;w=1024\" alt=\"\" class=\"wp-image-14735\" srcset=\"https:\/\/www.rbc.com\/fr\/wp-content\/uploads\/sites\/5\/2026\/04\/FR-TZ-4.24-Alcohol-Imports-Chart.png 4000w, https:\/\/www.rbc.com\/fr\/wp-content\/uploads\/sites\/5\/2026\/04\/FR-TZ-4.24-Alcohol-Imports-Chart.png?resize=300,175 300w, https:\/\/www.rbc.com\/fr\/wp-content\/uploads\/sites\/5\/2026\/04\/FR-TZ-4.24-Alcohol-Imports-Chart.png?resize=768,447 768w, https:\/\/www.rbc.com\/fr\/wp-content\/uploads\/sites\/5\/2026\/04\/FR-TZ-4.24-Alcohol-Imports-Chart.png?resize=1024,596 1024w, https:\/\/www.rbc.com\/fr\/wp-content\/uploads\/sites\/5\/2026\/04\/FR-TZ-4.24-Alcohol-Imports-Chart.png?resize=1536,894 1536w, https:\/\/www.rbc.com\/fr\/wp-content\/uploads\/sites\/5\/2026\/04\/FR-TZ-4.24-Alcohol-Imports-Chart.png?resize=2048,1192 2048w\" sizes=\"auto, (max-width: 1024px) 100vw, 1024px\" \/><\/figure>\n\n\n\n<ul class=\"wp-block-rbc-list is-style-blue-disc\">\n<li class=\"wp-block-rbc-list-item\">\n<p><strong>Les interdictions provinciales visant les alcools am\u00e9ricains pourraient \u00eatre lev\u00e9es \u00ab&nbsp;rapidement&nbsp;\u00bb, selon Mark Carney.&nbsp;<\/strong>Le <a href=\"https:\/\/www.theglobeandmail.com\/politics\/article-us-liquor-sales-usmca-talks-trade-mark-carney\/\">premier&nbsp;ministre<\/a> a toutefois pr\u00e9cis\u00e9 que cela d\u00e9pendrait de la volont\u00e9 des \u00c9tats-Unis de prendre des mesures concernant les droits de douane impos\u00e9s sur l\u2019acier, l\u2019aluminium et les automobiles canadiennes \u2014 ainsi que sur les produits forestiers&nbsp;: \u00ab&nbsp;Ce ne sont pas de simples irritants. Ce sont des violations de notre accord commercial.&nbsp;\u00bb<\/p>\n<\/li>\n\n\n\n<li class=\"wp-block-rbc-list-item\">\n<p><strong>Le gouvernement f\u00e9d\u00e9ral a d\u00e9clar\u00e9 qu\u2019il ne reculerait pas sur la question de la gestion de l\u2019offre laiti\u00e8re dans le cadre des n\u00e9gociations commerciales. <\/strong>Dominic&nbsp;LeBlanc, ministre responsable du commerce canado-am\u00e9ricain, a aussi affirm\u00e9 que le Canada ne c\u00e9dera pas aux demandes des \u00c9tats-Unis concernant les r\u00e8gles d\u2019\u00e9tiquetage en fran\u00e7ais lorsque les <a href=\"https:\/\/www.theglobeandmail.com\/business\/article-ottawa-has-red-lines-in-usmca-talks-but-deal-is-possible-leblanc-says\/\">n\u00e9gociations<\/a> de l\u2019ACEUM d\u00e9buteront plus tard cette ann\u00e9e. Ces deux enjeux, de m\u00eame que la Loi sur la diffusion continue en ligne et la politique \u00ab&nbsp;Achetez canadien&nbsp;\u00bb, ont \u00e9t\u00e9 critiqu\u00e9s par l\u2019administration Trump. Quant \u00e0 savoir si des droits de douane resteront en vigueur advenant la conclusion d\u2019un accord, M.&nbsp;LeBlanc a dit&nbsp;: \u00ab&nbsp;Soyons r\u00e9alistes, personne n\u2019a encore \u00e9t\u00e9 compl\u00e8tement exempt\u00e9.&nbsp;\u00bb<\/p>\n<\/li>\n\n\n\n<li class=\"wp-block-rbc-list-item\">\n<p><strong>L\u2019administration Trump commencera \u00e0 rembourser 166\u00a0milliards de dollars am\u00e9ricains en droits de douane \u2013 int\u00e9r\u00eats compris.<\/strong>\u00a0Deux mois apr\u00e8s que la Cour supr\u00eame a invalid\u00e9 les droits de douane du \u00ab\u00a0Liberation Day \u00bb, le gouvernement am\u00e9ricain a commenc\u00e9 \u00e0 accepter les demandes de <a href=\"https:\/\/www.bbc.com\/news\/articles\/c7vqgge5g8lo\">remboursement<\/a> cette semaine. Le gouvernement a d\u00fb mettre en place un syst\u00e8me de traitement destin\u00e9 aux 330\u00a0000\u00a0importateurs ayant acquitt\u00e9 des droits en vertu de l\u2019International Emergency Economic Powers Act.<\/p>\n<\/li>\n<\/ul>\n<\/div>\n<\/section>\n","protected":false},"excerpt":{"rendered":"<p>Comment la politique industrielle rapproche le Canada et l\u2019UE<\/p>\n","protected":false},"author":89,"featured_media":14712,"parent":0,"menu_order":0,"template":"","meta":{"_acf_changed":false,"disable_focal_point":true,"featured_image_focal_point":{"x":0.5,"y":0.5},"advgb_blocks_editor_width":"","advgb_blocks_columns_visual_guide":"","footnotes":""},"rbc_tl_category":[161],"rbc_tl_tag":[],"class_list":["post-14710","rbc_tl","type-rbc_tl","status-publish","has-post-thumbnail","hentry","rbc_tl_category-la-zone-commerciale"],"acf":[],"yoast_head":"<!-- This site is optimized with the Yoast SEO Premium plugin v27.4 (Yoast SEO v27.4) - https:\/\/yoast.com\/product\/yoast-seo-premium-wordpress\/ -->\n<title>Zone commerciale : passage au niveau sup\u00e9rieur - RBC<\/title>\n<meta name=\"description\" content=\"Comment la politique industrielle rapproche le Canada et l\u2019UE\" \/>\n<meta name=\"robots\" content=\"index, follow, max-snippet:-1, max-image-preview:large, max-video-preview:-1\" \/>\n<link rel=\"canonical\" href=\"https:\/\/www.rbc.com\/fr\/leadership-avise\/la-zone-commerciale\/passage-au-niveau-superieur\/\" \/>\n<meta property=\"og:locale\" content=\"fr_FR\" \/>\n<meta property=\"og:type\" content=\"article\" \/>\n<meta property=\"og:title\" content=\"Zone commerciale : passage au niveau sup\u00e9rieur Zone commerciale : passage au niveau sup\u00e9rieur\" \/>\n<meta property=\"og:description\" content=\"Comment la politique industrielle rapproche le Canada et l\u2019UE\" \/>\n<meta property=\"og:url\" content=\"https:\/\/www.rbc.com\/fr\/leadership-avise\/la-zone-commerciale\/passage-au-niveau-superieur\/\" \/>\n<meta property=\"og:site_name\" content=\"RBC\" \/>\n<meta property=\"article:modified_time\" content=\"2026-04-28T18:32:12+00:00\" \/>\n<meta property=\"og:image\" content=\"https:\/\/www.rbc.com\/fr\/wp-content\/uploads\/sites\/5\/2026\/04\/TZ-4.24-Blog-Image_Branded-1200x627-1.jpg?quality=80\" \/>\n\t<meta property=\"og:image:width\" content=\"2500\" \/>\n\t<meta property=\"og:image:height\" content=\"1306\" \/>\n\t<meta property=\"og:image:type\" content=\"image\/jpeg\" \/>\n<meta name=\"twitter:card\" content=\"summary_large_image\" \/>\n<meta name=\"twitter:title\" content=\"Zone commerciale : passage au niveau sup\u00e9rieur\" \/>\n<meta name=\"twitter:label1\" content=\"Est. reading time\" \/>\n\t<meta name=\"twitter:data1\" content=\"6 minutes\" \/>\n<script type=\"application\/ld+json\" class=\"yoast-schema-graph\">{\"@context\":\"https:\\\/\\\/schema.org\",\"@graph\":[{\"@type\":\"WebPage\",\"@id\":\"https:\\\/\\\/www.rbc.com\\\/fr\\\/leadership-avise\\\/la-zone-commerciale\\\/passage-au-niveau-superieur\\\/\",\"url\":\"https:\\\/\\\/www.rbc.com\\\/fr\\\/leadership-avise\\\/la-zone-commerciale\\\/passage-au-niveau-superieur\\\/\",\"name\":\"Zone commerciale : passage au niveau sup\u00e9rieur - RBC\",\"isPartOf\":{\"@id\":\"https:\\\/\\\/www.rbc.com\\\/fr\\\/#website\"},\"primaryImageOfPage\":{\"@id\":\"https:\\\/\\\/www.rbc.com\\\/fr\\\/leadership-avise\\\/la-zone-commerciale\\\/passage-au-niveau-superieur\\\/#primaryimage\"},\"image\":{\"@id\":\"https:\\\/\\\/www.rbc.com\\\/fr\\\/leadership-avise\\\/la-zone-commerciale\\\/passage-au-niveau-superieur\\\/#primaryimage\"},\"thumbnailUrl\":\"https:\\\/\\\/www.rbc.com\\\/fr\\\/wp-content\\\/uploads\\\/sites\\\/5\\\/2026\\\/04\\\/TZ-4.24-Blog-Image_Banner-wide.jpg?quality=80\",\"datePublished\":\"2026-04-28T18:32:10+00:00\",\"dateModified\":\"2026-04-28T18:32:12+00:00\",\"description\":\"Comment la politique industrielle rapproche le Canada et l\u2019UE\",\"inLanguage\":\"fr-FR\",\"potentialAction\":[{\"@type\":\"ReadAction\",\"target\":[\"https:\\\/\\\/www.rbc.com\\\/fr\\\/leadership-avise\\\/la-zone-commerciale\\\/passage-au-niveau-superieur\\\/\"]}]},{\"@type\":\"ImageObject\",\"inLanguage\":\"fr-FR\",\"@id\":\"https:\\\/\\\/www.rbc.com\\\/fr\\\/leadership-avise\\\/la-zone-commerciale\\\/passage-au-niveau-superieur\\\/#primaryimage\",\"url\":\"https:\\\/\\\/www.rbc.com\\\/fr\\\/wp-content\\\/uploads\\\/sites\\\/5\\\/2026\\\/04\\\/TZ-4.24-Blog-Image_Banner-wide.jpg?quality=80\",\"contentUrl\":\"https:\\\/\\\/www.rbc.com\\\/fr\\\/wp-content\\\/uploads\\\/sites\\\/5\\\/2026\\\/04\\\/TZ-4.24-Blog-Image_Banner-wide.jpg?quality=80\",\"width\":7250,\"height\":3500},{\"@type\":\"WebSite\",\"@id\":\"https:\\\/\\\/www.rbc.com\\\/fr\\\/#website\",\"url\":\"https:\\\/\\\/www.rbc.com\\\/fr\\\/\",\"name\":\"RBC\",\"description\":\"\",\"potentialAction\":[{\"@type\":\"SearchAction\",\"target\":{\"@type\":\"EntryPoint\",\"urlTemplate\":\"https:\\\/\\\/www.rbc.com\\\/fr\\\/?s={search_term_string}\"},\"query-input\":{\"@type\":\"PropertyValueSpecification\",\"valueRequired\":true,\"valueName\":\"search_term_string\"}}],\"inLanguage\":\"fr-FR\"}]}<\/script>\n<!-- \/ Yoast SEO Premium plugin. -->","yoast_head_json":{"title":"Zone commerciale : passage au niveau sup\u00e9rieur - RBC","description":"Comment la politique industrielle rapproche le Canada et l\u2019UE","robots":{"index":"index","follow":"follow","max-snippet":"max-snippet:-1","max-image-preview":"max-image-preview:large","max-video-preview":"max-video-preview:-1"},"canonical":"https:\/\/www.rbc.com\/fr\/leadership-avise\/la-zone-commerciale\/passage-au-niveau-superieur\/","og_locale":"fr_FR","og_type":"article","og_title":"Zone commerciale : passage au niveau sup\u00e9rieur Zone commerciale : passage au niveau sup\u00e9rieur","og_description":"Comment la politique industrielle rapproche le Canada et l\u2019UE","og_url":"https:\/\/www.rbc.com\/fr\/leadership-avise\/la-zone-commerciale\/passage-au-niveau-superieur\/","og_site_name":"RBC","article_modified_time":"2026-04-28T18:32:12+00:00","og_image":[{"width":2500,"height":1306,"url":"https:\/\/www.rbc.com\/fr\/wp-content\/uploads\/sites\/5\/2026\/04\/TZ-4.24-Blog-Image_Branded-1200x627-1.jpg?quality=80","type":"image\/jpeg"}],"twitter_card":"summary_large_image","twitter_title":"Zone commerciale : passage au niveau sup\u00e9rieur","twitter_misc":{"Est. reading time":"6 minutes"},"schema":{"@context":"https:\/\/schema.org","@graph":[{"@type":"WebPage","@id":"https:\/\/www.rbc.com\/fr\/leadership-avise\/la-zone-commerciale\/passage-au-niveau-superieur\/","url":"https:\/\/www.rbc.com\/fr\/leadership-avise\/la-zone-commerciale\/passage-au-niveau-superieur\/","name":"Zone commerciale : passage au niveau sup\u00e9rieur - RBC","isPartOf":{"@id":"https:\/\/www.rbc.com\/fr\/#website"},"primaryImageOfPage":{"@id":"https:\/\/www.rbc.com\/fr\/leadership-avise\/la-zone-commerciale\/passage-au-niveau-superieur\/#primaryimage"},"image":{"@id":"https:\/\/www.rbc.com\/fr\/leadership-avise\/la-zone-commerciale\/passage-au-niveau-superieur\/#primaryimage"},"thumbnailUrl":"https:\/\/www.rbc.com\/fr\/wp-content\/uploads\/sites\/5\/2026\/04\/TZ-4.24-Blog-Image_Banner-wide.jpg?quality=80","datePublished":"2026-04-28T18:32:10+00:00","dateModified":"2026-04-28T18:32:12+00:00","description":"Comment la politique industrielle rapproche le Canada et l\u2019UE","inLanguage":"fr-FR","potentialAction":[{"@type":"ReadAction","target":["https:\/\/www.rbc.com\/fr\/leadership-avise\/la-zone-commerciale\/passage-au-niveau-superieur\/"]}]},{"@type":"ImageObject","inLanguage":"fr-FR","@id":"https:\/\/www.rbc.com\/fr\/leadership-avise\/la-zone-commerciale\/passage-au-niveau-superieur\/#primaryimage","url":"https:\/\/www.rbc.com\/fr\/wp-content\/uploads\/sites\/5\/2026\/04\/TZ-4.24-Blog-Image_Banner-wide.jpg?quality=80","contentUrl":"https:\/\/www.rbc.com\/fr\/wp-content\/uploads\/sites\/5\/2026\/04\/TZ-4.24-Blog-Image_Banner-wide.jpg?quality=80","width":7250,"height":3500},{"@type":"WebSite","@id":"https:\/\/www.rbc.com\/fr\/#website","url":"https:\/\/www.rbc.com\/fr\/","name":"RBC","description":"","potentialAction":[{"@type":"SearchAction","target":{"@type":"EntryPoint","urlTemplate":"https:\/\/www.rbc.com\/fr\/?s={search_term_string}"},"query-input":{"@type":"PropertyValueSpecification","valueRequired":true,"valueName":"search_term_string"}}],"inLanguage":"fr-FR"}]}},"parsely":{"version":"1.1.0","canonical_url":"https:\/\/rbc.com\/fr\/leadership-avise\/la-zone-commerciale\/passage-au-niveau-superieur\/","smart_links":{"inbound":0,"outbound":0},"traffic_boost_suggestions_count":0,"meta":{"@context":"https:\/\/schema.org","@type":"NewsArticle","headline":"Zone commerciale : passage au niveau sup\u00e9rieur","url":"http:\/\/www.rbc.com\/fr\/leadership-avise\/la-zone-commerciale\/passage-au-niveau-superieur\/","mainEntityOfPage":{"@type":"WebPage","@id":"http:\/\/www.rbc.com\/fr\/leadership-avise\/la-zone-commerciale\/passage-au-niveau-superieur\/"},"thumbnailUrl":"https:\/\/www.rbc.com\/fr\/wp-content\/uploads\/sites\/5\/2026\/04\/TZ-4.24-Blog-Image_Banner-wide.jpg?quality=80&w=150&h=150&crop=1","image":{"@type":"ImageObject","url":"https:\/\/www.rbc.com\/fr\/wp-content\/uploads\/sites\/5\/2026\/04\/TZ-4.24-Blog-Image_Banner-wide.jpg?quality=80"},"articleSection":"Uncategorized","author":[{"@type":"Person","name":"lavanyakaleeswaran"}],"creator":["lavanyakaleeswaran"],"publisher":{"@type":"Organization","name":"RBC","logo":""},"keywords":[],"dateCreated":"2026-04-28T18:32:10Z","datePublished":"2026-04-28T18:32:10Z","dateModified":"2026-04-28T18:32:12Z"},"rendered":"<script type=\"application\/ld+json\" class=\"wp-parsely-metadata\">{\"@context\":\"https:\\\/\\\/schema.org\",\"@type\":\"NewsArticle\",\"headline\":\"Zone commerciale : passage au niveau sup\\u00e9rieur\",\"url\":\"http:\\\/\\\/www.rbc.com\\\/fr\\\/leadership-avise\\\/la-zone-commerciale\\\/passage-au-niveau-superieur\\\/\",\"mainEntityOfPage\":{\"@type\":\"WebPage\",\"@id\":\"http:\\\/\\\/www.rbc.com\\\/fr\\\/leadership-avise\\\/la-zone-commerciale\\\/passage-au-niveau-superieur\\\/\"},\"thumbnailUrl\":\"https:\\\/\\\/www.rbc.com\\\/fr\\\/wp-content\\\/uploads\\\/sites\\\/5\\\/2026\\\/04\\\/TZ-4.24-Blog-Image_Banner-wide.jpg?quality=80&w=150&h=150&crop=1\",\"image\":{\"@type\":\"ImageObject\",\"url\":\"https:\\\/\\\/www.rbc.com\\\/fr\\\/wp-content\\\/uploads\\\/sites\\\/5\\\/2026\\\/04\\\/TZ-4.24-Blog-Image_Banner-wide.jpg?quality=80\"},\"articleSection\":\"Uncategorized\",\"author\":[{\"@type\":\"Person\",\"name\":\"lavanyakaleeswaran\"}],\"creator\":[\"lavanyakaleeswaran\"],\"publisher\":{\"@type\":\"Organization\",\"name\":\"RBC\",\"logo\":\"\"},\"keywords\":[],\"dateCreated\":\"2026-04-28T18:32:10Z\",\"datePublished\":\"2026-04-28T18:32:10Z\",\"dateModified\":\"2026-04-28T18:32:12Z\"}<\/script>","tracker_url":"https:\/\/cdn.parsely.com\/keys\/rbc.com\/p.js"},"featured_img":"https:\/\/www.rbc.com\/fr\/wp-content\/uploads\/sites\/5\/2026\/04\/TZ-4.24-Blog-Image_Banner-wide.jpg?quality=80&w=1024","coauthors":[],"author_meta":{"author_link":"https:\/\/www.rbc.com\/fr\/author\/lavanyakaleeswaran\/","display_name":"lavanyakaleeswaran"},"relative_dates":{"created":"Publi\u00e9 3 jours il y a","modified":"Mis \u00e0 jour 3 jours il y a"},"absolute_dates":{"created":"Publi\u00e9 le 28 avril 2026","modified":"Mise \u00e0 jour le 28 avril 2026"},"absolute_dates_time":{"created":"Publi\u00e9 le 28 avril 2026 6:32  ","modified":"Mise \u00e0 jour le 28 avril 2026 6:32  "},"featured_img_caption":"","tax_additional":{"rbc_tl_category":{"linked":["<a href=\"https:\/\/www.rbc.com\/fr\/leadership-avise\/la-zone-commerciale\/\" class=\"advgb-post-tax-term\">La zone commerciale<\/a>"],"unlinked":["<span class=\"advgb-post-tax-term\">La zone commerciale<\/span>"],"slug":"rbc_tl_category","name":"Categories"},"rbc_tl_tag":{"linked":[],"unlinked":[],"slug":"rbc_tl_tag","name":"Tags"}},"series_order":"","_links":{"self":[{"href":"https:\/\/www.rbc.com\/fr\/wp-json\/wp\/v2\/rbc_tl\/14710","targetHints":{"allow":["GET"]}}],"collection":[{"href":"https:\/\/www.rbc.com\/fr\/wp-json\/wp\/v2\/rbc_tl"}],"about":[{"href":"https:\/\/www.rbc.com\/fr\/wp-json\/wp\/v2\/types\/rbc_tl"}],"author":[{"embeddable":true,"href":"https:\/\/www.rbc.com\/fr\/wp-json\/wp\/v2\/users\/89"}],"version-history":[{"count":39,"href":"https:\/\/www.rbc.com\/fr\/wp-json\/wp\/v2\/rbc_tl\/14710\/revisions"}],"predecessor-version":[{"id":14771,"href":"https:\/\/www.rbc.com\/fr\/wp-json\/wp\/v2\/rbc_tl\/14710\/revisions\/14771"}],"wp:featuredmedia":[{"embeddable":true,"href":"https:\/\/www.rbc.com\/fr\/wp-json\/wp\/v2\/media\/14712"}],"wp:attachment":[{"href":"https:\/\/www.rbc.com\/fr\/wp-json\/wp\/v2\/media?parent=14710"}],"wp:term":[{"taxonomy":"rbc_tl_category","embeddable":true,"href":"https:\/\/www.rbc.com\/fr\/wp-json\/wp\/v2\/rbc_tl_category?post=14710"},{"taxonomy":"rbc_tl_tag","embeddable":true,"href":"https:\/\/www.rbc.com\/fr\/wp-json\/wp\/v2\/rbc_tl_tag?post=14710"}],"curies":[{"name":"wp","href":"https:\/\/api.w.org\/{rel}","templated":true}]}}