{"id":13638,"date":"2026-03-02T15:10:20","date_gmt":"2026-03-02T15:10:20","guid":{"rendered":"https:\/\/www.rbc.com\/fr\/?post_type=rbc_tl&#038;p=13638\/climate-crunch-a-thousand-cuts-why-b-c-s-lumber-crisis-is-also-a-climate-challenge"},"modified":"2026-03-02T15:10:21","modified_gmt":"2026-03-02T15:10:21","slug":"mille-entailles-pourquoi-la-crise-du-bois-en-c-b-est-aussi-un-enjeu-climatique","status":"publish","type":"rbc_tl","link":"https:\/\/www.rbc.com\/fr\/leadership-avise\/institut-action-climatique\/mille-entailles-pourquoi-la-crise-du-bois-en-c-b-est-aussi-un-enjeu-climatique\/","title":{"rendered":"Bouleversements climatiques : Mille entailles : pourquoi la crise du bois en C.-B. est aussi un enjeu climatique"},"content":{"rendered":"\n<section class=\"wp-block-rbc-section-block  pos-rel\" style=\"border-radius:0px\">\n<div class=\"wp-block-rbc-section-inner-block  section-inner\" style=\"border-radius:0x\">\n<p>\u2794 \u00e0 Rester engag\u00e9s vers la carboneutralit\u00e9 d\u2019ici&nbsp;2050 ou y renoncer ?<\/p>\n\n\n\n<p>\u2794 \u00e0 Certains secteurs fonciers se voient appliquer une nouvelle norme d\u2019\u00e9missions.<\/p>\n\n\n\n<p>\u2794 \u00e0 Le Canada accentue son virage nucl\u00e9aire en Europe.<\/p>\n<\/div>\n<\/section>\n\n\n\n<section class=\"wp-block-rbc-section-block  pos-rel\" style=\"border-radius:0px\">\n<div class=\"wp-block-rbc-section-inner-block  section-inner\" style=\"border-radius:0x\">\n<h2 class=\"wp-block-heading is-style-default default has-rbc-climate-action-green-color has-text-color has-link-color wp-elements-de32ec3e5833f31122c7355d52e57394\" id=\"h-les-signaux\">Les signaux<\/h2>\n\n\n\n<p><strong>Le 1<sup>er<\/sup>&nbsp;avril pourrait-il repr\u00e9senter un point de bascule pour r\u00e9aligner la trajectoire climatique du Canada&nbsp;?<\/strong> Selon le dernier <a href=\"https:\/\/climateinstitute.ca\/wp-content\/uploads\/2026\/02\/Climate-Institute-440-Megatonnes-Independent-Assessment-2026-2025-Progress-Report-2030-Emissions-Reduction-Plan.pdf\">rapport<\/a> de l\u2019Institut climatique du Canada, qui souligne que le pays est actuellement \u00ab&nbsp;hors trajectoire&nbsp;\u00bb par rapport \u00e0 ses objectifs climatiques, le renforcement de mesures comme la tarification du carbone dans le secteur industriel et la r\u00e9glementation du m\u00e9thane pour le p\u00e9trole et le gaz appara\u00eet essentiel pour se rapprocher des cibles \u00e9tablies. Ces deux initiatives sont int\u00e9gr\u00e9es au <a href=\"https:\/\/www.pm.gc.ca\/en\/news\/backgrounders\/2025\/11\/27\/canada-alberta-memorandum-understanding\">protocole d\u2019entente<\/a> que le gouvernement f\u00e9d\u00e9ral et la province de l\u2019Alberta ont convenu de finaliser d\u2019ici le 1<sup>er<\/sup>&nbsp;avril. La mise en \u0153uvre conjointe de ces politiques pourrait g\u00e9n\u00e9rer une r\u00e9duction significative des \u00e9missions (voir graphique).<\/p>\n\n\n\n<figure class=\"wp-block-image size-large\"><img loading=\"lazy\" decoding=\"async\" height=\"738\" width=\"1024\" src=\"https:\/\/www.rbc.com\/fr\/wp-content\/uploads\/sites\/5\/2026\/03\/Climate-Crunch-Weekly-Charts-for-2.26-FR.png?quality=80&amp;w=1024\" alt=\"\" class=\"wp-image-13680\" srcset=\"https:\/\/www.rbc.com\/fr\/wp-content\/uploads\/sites\/5\/2026\/03\/Climate-Crunch-Weekly-Charts-for-2.26-FR.png 4000w, https:\/\/www.rbc.com\/fr\/wp-content\/uploads\/sites\/5\/2026\/03\/Climate-Crunch-Weekly-Charts-for-2.26-FR.png?resize=300,216 300w, https:\/\/www.rbc.com\/fr\/wp-content\/uploads\/sites\/5\/2026\/03\/Climate-Crunch-Weekly-Charts-for-2.26-FR.png?resize=768,553 768w, https:\/\/www.rbc.com\/fr\/wp-content\/uploads\/sites\/5\/2026\/03\/Climate-Crunch-Weekly-Charts-for-2.26-FR.png?resize=1024,738 1024w, https:\/\/www.rbc.com\/fr\/wp-content\/uploads\/sites\/5\/2026\/03\/Climate-Crunch-Weekly-Charts-for-2.26-FR.png?resize=1536,1107 1536w, https:\/\/www.rbc.com\/fr\/wp-content\/uploads\/sites\/5\/2026\/03\/Climate-Crunch-Weekly-Charts-for-2.26-FR.png?resize=2048,1476 2048w\" sizes=\"auto, (max-width: 1024px) 100vw, 1024px\" \/><\/figure>\n\n\n\n<p><strong>Faut-il abandonner l\u2019objectif de carboneutralit\u00e9 d\u2019ici&nbsp;2050&nbsp;? <\/strong>Le secr\u00e9taire am\u00e9ricain \u00e0 l\u2019\u00c9nergie, Chris Wright, semble le penser. Il a r\u00e9cemment critiqu\u00e9 l\u2019Agence internationale de l\u2019\u00e9nergie (AIE) pour ce qu\u2019il qualifie \u00ab&nbsp;d\u2019illusion destructrice&nbsp;\u00bb entourant <a href=\"https:\/\/www.reuters.com\/business\/energy\/us-energy-secretary-wright-pressures-iea-quit-net-zero-agenda-2026-02-19\/\">Objectif 2050<\/a>. Dans ce contexte de tensions, les ministres de l\u2019\u00c9nergie r\u00e9unis la semaine derni\u00e8re lors du sommet de l\u2019AIE \u00e0 Paris n\u2019ont pas r\u00e9ussi \u00e0 s\u2019entendre sur des objectifs climatiques communs. Il est vrai, selon les <a href=\"https:\/\/www.un.org\/en\/climatechange\/science\/climate-issues\/degrees-matter\">projections des Nations-Unies<\/a>, que le monde peine \u00e0 atteindre ses cibles net z\u00e9ro alors que des pays allant du Canada \u00e0 l\u2019Allemagne reculent sur certaines de leurs politiques climatiques les plus ambitieuses. Toutefois, rares sont ceux qui sont pr\u00eats \u00e0 renoncer \u00e0 la carboneutralit\u00e9. La France et d\u2019autres pays europ\u00e9ens ont r\u00e9affirm\u00e9, lors du sommet, que l\u2019\u00e9lectrification demeure un pilier de la politique \u00e9conomique du bloc. Le Canada devrait bient\u00f4t d\u00e9voiler sa strat\u00e9gie de comp\u00e9titivit\u00e9 climatique, tandis que la Chine s\u2019est d\u00e9j\u00e0 affirm\u00e9e comme le premier \u00ab&nbsp;\u00e9tat \u00e9lectro&nbsp;\u00bb mondial.<br><br><\/p>\n\n\n\n<p><strong>La Chine a pris une avance d\u00e9cisive sur ses concurrents avec l\u2019introduction d\u2019un nouveau navire de transport maritime enti\u00e8rement \u00e9lectrique. <\/strong>En r\u00e9sonance symbolique avec l\u2019Ann\u00e9e lunaire du Cheval, le pays a d\u00e9voil\u00e9 le <em>Ning&nbsp;Yuan&nbsp;Dian&nbsp;Kun<\/em>, un b\u00e2timent oc\u00e9anique dot\u00e9 d\u2019un syst\u00e8me de batteries dont la capacit\u00e9 \u00e9quivaut \u00e0 celle d\u2019environ 380&nbsp;v\u00e9hicules Tesla Model&nbsp;3. Le lancement d\u2019essai du navire intervient \u00e0 un moment o\u00f9 l\u2019Organisation maritime internationale continue de d\u00e9lib\u00e9rer sur l\u2019adoption de mesures de r\u00e9duction des \u00e9missions du secteur maritime. Une fois de plus, l\u2019innovation technologique semble devancer l\u2019\u00e9laboration des politiques publiques. Fait notable, les modules de batteries peuvent \u00eatre recharg\u00e9s \u00e0 quai et remplac\u00e9s selon un proc\u00e9d\u00e9 comparable \u00e0 la manutention de conteneurs, permettant ainsi au navire&nbsp;\u2014&nbsp;con\u00e7u pour transporter 740&nbsp;\u00e9quivalents vingt pieds (EVP)&nbsp;\u2014&nbsp;d\u2019accro\u00eetre son autonomie op\u00e9rationnelle. Cette avanc\u00e9e constitue un jalon strat\u00e9gique&nbsp;: environ la moiti\u00e9 de la flotte mondiale de porte-conteneurs est compos\u00e9e de navires d\u2019une capacit\u00e9 inf\u00e9rieure \u00e0 3&nbsp;000&nbsp;EVP&nbsp;\u2014&nbsp;des unit\u00e9s qui repr\u00e9sentent l\u2019\u00e9pine dorsale du transport maritime. Des r\u00e9ductions d\u2019\u00e9missions significatives dans ce segment pourraient contribuer de mani\u00e8re substantielle \u00e0 la d\u00e9carbonation du transport maritime.<\/p>\n<\/div>\n<\/section>\n\n\n\n<section class=\"wp-block-rbc-section-block  pos-rel\" style=\"border-radius:0px\">\n<div class=\"wp-block-rbc-section-inner-block  section-inner\" style=\"border-radius:0x\">\n<h2 class=\"wp-block-heading mar-t-0 mob-mar-t-0 has-rbc-climate-action-green-color has-text-color has-link-color wp-elements-d1588e18040c7fa7d268cae12f48cbe2\" id=\"h-du-laboratoire-au-terrain-nbsp-la-nouvelle-norme-d-emissions-peut-elle-tenir-ses-promesses-nbsp\">Du laboratoire au terrain&nbsp;: la nouvelle norme d\u2019\u00e9missions peut-elle tenir ses promesses&nbsp;?<\/h2>\n\n\n\n<p><em>&#8211; Par Lisa&nbsp;Ashton, cheffe int\u00e9rimaire<\/em><\/p>\n\n\n\n<p>La premi\u00e8re norme internationale de comptabilisation des \u00e9missions de gaz \u00e0 effet de serre (GES) des secteurs li\u00e9s \u00e0 l\u2019utilisation des terres constitue un v\u00e9ritable test de transposition de la science du laboratoire au terrain&nbsp;\u2014&nbsp;ainsi qu\u2019un exercice de pers\u00e9v\u00e9rance.Les secteurs fond\u00e9s sur l\u2019exploitation des terres, notamment l\u2019agriculture et la foresterie, disposent d\u00e9sormais d\u2019un <a href=\"https:\/\/ghgprotocol.org\/land-sector-and-removals-standard\">cadre international<\/a> pour la comptabilisation, la d\u00e9claration et le suivi des \u00e9missions de GES.<\/p>\n\n\n\n<p>Le <em>Land Sector and Removals Guidance<\/em> (LSRG) du GHG&nbsp;Protocol vise \u00e0 normaliser les m\u00e9thodes d\u2019inventaire des \u00e9missions pour les entreprises dont les activit\u00e9s g\u00e9n\u00e8rent ou s\u00e9questrent des GES li\u00e9s aux terres. L\u2019objectif est d\u2019assurer la coh\u00e9rence et la comparabilit\u00e9 des divulgations, condition essentielle au renforcement de leur cr\u00e9dibilit\u00e9 aupr\u00e8s des investisseurs et des autorit\u00e9s r\u00e9glementaires \u2014 en particulier pour les d\u00e9clarations portant sur l\u2019augmentation de la s\u00e9questration du carbone dans les sols agricoles ou les initiatives de plantation d\u2019arbres, dont les r\u00e9percussions r\u00e9elles peuvent \u00eatre mal \u00e9valu\u00e9es en raison de la complexit\u00e9 inh\u00e9rente au suivi des sources et des puits de carbone dans les syst\u00e8mes naturels.<\/p>\n\n\n\n<p>L\u2019\u00e9laboration de cette norme aura \u00e9t\u00e9 longue, n\u00e9cessitant plus de cinq ann\u00e9es de d\u00e9bats, de r\u00e9visions successives&nbsp;\u2014&nbsp;et m\u00eame une phase de blocage&nbsp;\u2014&nbsp;avant d\u2019aboutir \u00e0 une version consolid\u00e9e du cadre du GHG Protocol.<\/p>\n\n\n\n<p>Pourquoi un tel d\u00e9lai&nbsp;? En termes simples, il r\u00e9sulte de tensions persistantes entre les tenants d\u2019une approche rigoureuse et doctrinale de la comptabilit\u00e9 climatique et les acteurs sectoriels cherchant \u00e0 d\u00e9finir une norme applicable et op\u00e9rationnelle dans la pratique.<\/p>\n\n\n\n<p>Points d\u2019achoppement&nbsp;:<\/p>\n\n\n\n<ul class=\"wp-block-rbc-list is-style-black-disc\">\n<li class=\"wp-block-rbc-list-item\">\n<p><strong>L\u2019absence de visibilit\u00e9 sur les producteurs agricoles :<\/strong> Les cha\u00eenes d\u2019approvisionnement agroalimentaires sont g\u00e9ographiquement dispers\u00e9es et s\u2019\u00e9tendent sur de vastes superficies afin de r\u00e9pondre aux besoins d\u2019une population mondiale croissante. Cette r\u00e9alit\u00e9 complique les efforts des entreprises visant une tra\u00e7abilit\u00e9 exhaustive des variations d\u2019\u00e9missions de GES et des flux de s\u00e9questration du carbone dans les sols des exploitations dont elles s\u2019approvisionnent.<\/p>\n<\/li>\n\n\n\n<li class=\"wp-block-rbc-list-item\">\n<p><strong>La comptabilisation des \u00e9missions li\u00e9es aux changements d\u2019affectation des terres :<\/strong> La conversion de terres&nbsp;\u2014&nbsp;par exemple, le passage de prairies \u00e0 des cultures&nbsp;\u2014&nbsp;entra\u00eene des \u00e9missions de GES ainsi que des modifications des stocks de carbone des sols susceptibles d\u2019influer sur l\u2019inventaire global d\u2019\u00e9missions d\u2019une entreprise. La d\u00e9termination des technologies de mesure admissibles, notamment la t\u00e9l\u00e9d\u00e9tection, ainsi que des modalit\u00e9s de d\u00e9claration des impacts nets, demeure une source d\u2019ambigu\u00eft\u00e9 et de d\u00e9bats.<\/p>\n<\/li>\n\n\n\n<li class=\"wp-block-rbc-list-item\">\n<p><strong>La mesure, la quantification et le suivi du carbone des sols :<\/strong> Les variations de GES au sein des \u00e9cosyst\u00e8mes naturels, notamment les sols agricoles, pr\u00e9sentent un degr\u00e9 \u00e9lev\u00e9 de complexit\u00e9 scientifique, et la constitution de jeux de donn\u00e9es robustes requiert plusieurs ann\u00e9es. L\u2019approche la plus appropri\u00e9e&nbsp;\u2014&nbsp;permettant aux entreprises de suivre l\u2019\u00e9volution du carbone des sols sans transformer l\u2019exercice en une d\u00e9marche acad\u00e9mique lourde et co\u00fbteuse&nbsp;\u2014&nbsp;fait encore l\u2019objet de discussions, alors que les m\u00e9thodologies continuent d\u2019\u00eatre affin\u00e9es et que de nombreux facteurs influencent la dynamique du carbone dans les sols.<\/p>\n<\/li>\n<\/ul>\n\n\n\n<p>Les entreprises canadiennes devraient-elles s\u2019aligner sur le <em>Land Sector and Removals Guidance<\/em> du GHG Protocol&nbsp;?<\/p>\n\n\n\n<p>Les entreprises qui s\u2019approvisionnent en produits agricoles et forestiers sont d\u00e9sormais confront\u00e9es \u00e0 cette question strat\u00e9gique, dont les implications d\u00e9passent largement leurs seuls objectifs climatiques. La d\u00e9cision peut en effet influencer de mani\u00e8re structurante leurs mod\u00e8les op\u00e9rationnels&nbsp;\u2014&nbsp;depuis la logistique et la gestion des cha\u00eenes d\u2019approvisionnement jusqu\u2019aux choix de r\u00e9gions d\u2019approvisionnement et d\u2019intrants. La complexit\u00e9 de cet arbitrage est accrue par le fait que la norme a n\u00e9cessit\u00e9 un d\u00e9lai d\u2019\u00e9laboration plus long que pr\u00e9vu, manquant ainsi une p\u00e9riode charni\u00e8re au d\u00e9but des ann\u00e9es 2020, durant laquelle plusieurs entreprises de premier plan mettaient en place leurs cadres de comptabilisation des GES et concevaient des m\u00e9canismes d\u2019incitation destin\u00e9s aux agriculteurs et aux exploitants forestiers afin de soutenir des actions climatiques concr\u00e8tes sur le terrain.<\/p>\n<\/div>\n<\/section>\n\n\n\n<section class=\"wp-block-rbc-section-block  pos-rel\" style=\"border-radius:0px\">\n<div class=\"wp-block-rbc-section-inner-block  section-inner\" style=\"border-radius:0x\">\n<h2 class=\"wp-block-heading mar-t-0 mob-mar-t-0 has-rbc-climate-action-green-color has-text-color has-link-color wp-elements-ff1295663d4efadfa3ed461603ffe1f6\" id=\"h-mille-entailles\">Mille entailles<\/h2>\n\n\n\n<p>&#8211; <em>Par Stephanie&nbsp;Shewchuk, responsable des politiques du logement.<\/em><\/p>\n\n\n\n<p>Le secteur forestier canadien, en perte de vitesse, risque d\u2019affaiblir la capacit\u00e9 du pays \u00e0 d\u00e9velopper des solutions durables d\u2019origine nationale pour les secteurs de l\u2019emballage, de la construction et du commerce de d\u00e9tail. L\u2019Association des produits forestiers du Canada a qualifi\u00e9&nbsp;2025 de \u00ab&nbsp;l\u2019une des ann\u00e9es les plus difficiles de m\u00e9moire r\u00e9cente&nbsp;\u00bb. Par ailleurs, les feux de for\u00eat&nbsp;\u2014&nbsp;ph\u00e9nom\u00e8ne paradoxalement aggrav\u00e9 par les changements climatiques&nbsp;\u2014&nbsp;ont ravag\u00e9 <a href=\"https:\/\/www2.gov.bc.ca\/gov\/content\/safety\/wildfire-status\/about-bcws\/wildfire-history\/wildfire-season-summary\">886&nbsp;300&nbsp;hectares<\/a> en&nbsp;2025 seulement, un niveau largement sup\u00e9rieur \u00e0 la moyenne provinciale des dix derni\u00e8res ann\u00e9es.<br><br>Le gouvernement f\u00e9d\u00e9ral \u00e0 Ottawa et celui de la Colombie-Britannique ont tous deux reconnu l\u2019ampleur de la crise foresti\u00e8re provinciale au moyen de mesures budg\u00e9taires cibl\u00e9es. Toutefois, des interventions suppl\u00e9mentaires pourraient \u00eatre envisag\u00e9es&nbsp;: la mise en place de nouveaux cr\u00e9dits d\u2019imp\u00f4t \u00e0 l\u2019investissement afin d\u2019encourager l\u2019utilisation de la biomasse, l\u2019am\u00e9lioration des lignes directrices en mati\u00e8re d\u2019approvisionnement public pour favoriser une plus grande utilisation du bois canadien dans les projets gouvernementaux, ainsi que l\u2019int\u00e9gration, par la nouvelle agence Maisons Canada, d\u2019une priorit\u00e9 accord\u00e9e au bois d\u2019\u0153uvre canadien dans les projets de construction f\u00e9d\u00e9raux. Une telle orientation pourrait constituer un levier climatique significatif, alors que les b\u00e2timents repr\u00e9sentent actuellement <a href=\"https:\/\/www.rbc.com\/climate-action-institute\/climate-action-26\/buildings.html\">18&nbsp;%<\/a> des \u00e9missions de gaz \u00e0 effet de serre du Canada.<br><br>Si ces approches contribueraient \u00e0 soutenir une industrie aujourd\u2019hui en difficult\u00e9, sa viabilit\u00e9 \u00e0 long terme d\u00e9pendra de trois facteurs d\u00e9terminants&nbsp;: la reprise des march\u00e9s, le positionnement des produits du bois durable comme actif strat\u00e9gique dans la transition vers une \u00e9conomie \u00e0 faibles \u00e9missions de carbone, et la capacit\u00e9 du secteur \u00e0 s\u2019adapter efficacement aux risques accrus de feux de for\u00eat li\u00e9s aux changements climatiques.<\/p>\n<\/div>\n<\/section>\n\n\n\n<section class=\"wp-block-rbc-section-block  pos-rel\" style=\"border-radius:0px\">\n<div class=\"wp-block-rbc-section-inner-block  section-inner\" style=\"border-radius:0x\">\n<h2 class=\"wp-block-heading mar-t-0 mob-mar-t-0 has-rbc-climate-action-green-color has-text-color has-link-color wp-elements-20c82193faec3abdb2ce46961e4d3233\" id=\"h-conversations-sur-le-climat\">Conversations sur le climat<\/h2>\n\n\n\n<ul class=\"wp-block-rbc-list is-style-black-disc\">\n<li class=\"wp-block-rbc-list-item\">\n<p>Le ministre canadien de l\u2019\u00c9nergie <a href=\"https:\/\/www.linkedin.com\/posts\/timothy-hodgson-a727a4b_poland-is-getting-ready-for-a-major-nuclear-activity-7429676195895750656-GYoy?utm_source=share&amp;utm_medium=member_desktop&amp;rcm=ACoAAAFCUqEBQxJ-H43ZIPWeZBOMzKVgmc2PzbI\"><strong>Tim&nbsp;Hodgson<\/strong><\/a> s\u2019est r\u00e9cemment rendu \u00e0 Varsovie pour promouvoir la technologie nucl\u00e9aire CANDU en vue de la prochaine g\u00e9n\u00e9ration de r\u00e9acteurs nucl\u00e9aires polonais. \u00ab&nbsp;Nous avons ce que la Pologne recherche&nbsp;\u00bb, a dit M.&nbsp;Hodgson, suscitant un int\u00e9r\u00eat accru pour cette source d\u2019\u00e9nergie de base. Le Canada envisagerait \u00e9galement un accord sur l\u2019uranium avec l\u2019<a href=\"\/Users\/379336183\/AppData\/Local\/Microsoft\/Windows\/INetCache\/Content.Outlook\/FEGVT0RN\/Canada%20Nears%20$3%20Billion%20Uranium%20Deal%20With%20India,%20May%20Be%20Inked%20In%20March\">Inde<\/a> lors de la visite du premier ministre Mark&nbsp;Carney \u00e0 New&nbsp;Delhi cette semaine.<\/p>\n<\/li>\n\n\n\n<li class=\"wp-block-rbc-list-item\">\n<p>La nouvelle strat\u00e9gie automobile du Canada ouvre une voie in\u00e9dite pour le secteur, mais <a href=\"https:\/\/www.linkedin.com\/in\/panahov\/\"><strong>Farhad&nbsp;Panahov<\/strong><\/a>, \u00e9conomiste de l\u2019Institut d\u2019action climatique, souligne que les d\u00e9veloppements futurs seront guid\u00e9s par trois <a href=\"https:\/\/www.rbc.com\/en\/thought-leadership\/climate-action-institute\/expert-commentary\/subsidies-speed-bumps-the-road-ahead-for-canadas-auto-strategy\/\">th\u00e8mes principaux<\/a>.<\/p>\n<\/li>\n\n\n\n<li class=\"wp-block-rbc-list-item\">\n<p>La g\u00e9othermie, soit la chaleur provenant du sous-sol, pourrait repr\u00e9senter une source d\u2019\u00e9nergie de base transformatrice. <a href=\"https:\/\/www.rbc.com\/en\/thought-leadership\/climate-action-institute\/energy-reports\/geothermal-energy-surges-canadas-potential-in-a-promising-baseload-power-source\/\"><strong>Vivan Sorab<\/strong><\/a>, responsable de l\u2019\u00e9nergie propre, Institut d\u2019action climatique, examine le potentiel que pr\u00e9sente cette <a href=\"https:\/\/www.rbc.com\/en\/thought-leadership\/climate-action-institute\/energy-reports\/geothermal-energy-surges-canadas-potential-in-a-promising-baseload-power-source\/\">occasion<\/a>.<\/p>\n<\/li>\n\n\n\n<li class=\"wp-block-rbc-list-item\">\n<p>Qui a fix\u00e9 l\u2019objectif mondial de 1,5&nbsp;\u00b0C&nbsp;? La climatologue <a href=\"https:\/\/www.linkedin.com\/posts\/katharine-hayhoe_where-did-the-15c-climate-target-actually-activity-7429933931333922816-Q96-?utm_source=share&amp;utm_medium=member_desktop&amp;rcm=ACoAAAFCUqEBQxJ-H43ZIPWeZBOMzKVgmc2PzbI\"><strong>Katharine Hayhoe<\/strong><\/a> explique comment la science et la politique se sont rejointes pour d\u00e9terminer ce chiffre, d\u00e9sormais r\u00e9f\u00e9rence des ambitions climatiques mondiales.<\/p>\n<\/li>\n\n\n\n<li class=\"wp-block-rbc-list-item\">\n<p>Tout sc\u00e9nario cr\u00e9dible pour l\u2019avenir de l\u2019\u00e9lectricit\u00e9 canadienne doit envisager que l\u2019\u00e9olien et le solaire r\u00e9pondent \u00e0 la majorit\u00e9 de la nouvelle demande. \u00ab&nbsp;La question n\u2019est pas de savoir si ces sources vont se d\u00e9velopper, mais si le Canada commencera \u00e0 consid\u00e9rer le solaire comme un actif strat\u00e9gique central ou continuera \u00e0 le traiter comme marginal&nbsp;\u00bb, \u00e9crit <a href=\"https:\/\/www.schoolofpublicpolicy.sk.ca\/research-ideas\/publications-and-policy-insight\/policy-brief\/policy-paper-solar-power-revolution.php\"><strong>Peter&nbsp;Nicholson<\/strong><\/a>, pr\u00e9sident de l\u2019Institut canadien du climat, dans un <a href=\"https:\/\/www.schoolofpublicpolicy.sk.ca\/research-ideas\/publications-and-policy-insight\/policy-brief\/policy-paper-solar-power-revolution.php\">essai<\/a>.<\/p>\n<\/li>\n\n\n\n<li class=\"wp-block-rbc-list-item\">\n<p>\u00ab&nbsp;L\u2019\u00e9nergie n\u2019est pas une fin en soi&nbsp;; ce que les gens veulent, ce sont des douches chaudes et des bi\u00e8res fra\u00eeches.&nbsp;\u00bb <a href=\"https:\/\/www.electrotech-revolution.com\/p\/reframing-energy-for-the-age-of-electricity?utm_campaign=post-expanded-share&amp;utm_medium=web&amp;triedRedirect=true\"><strong>Micheal Liebreich<\/strong><\/a> et d\u2019autres estiment que les d\u00e9cideurs auront davantage de succ\u00e8s s\u2019ils abordent l\u2019\u00e9nergie du point de vue du consommateur.<\/p>\n<\/li>\n\n\n\n<li class=\"wp-block-rbc-list-item\">\n<p>La pollution constitue une menace plus importante pour l\u2019\u00e9conomie indienne que les droits de douane, a r\u00e9cemment averti <a href=\"https:\/\/www.bloomberg.com\/news\/articles\/2026-02-11\/a-smog-season-discount-is-another-threat-to-india-earnings\"><strong>Gita Gopinath<\/strong><\/a>, \u00e9conomiste en chef du FMI. Voici pourquoi l\u2019une des <a href=\"https:\/\/www.bloomberg.com\/news\/articles\/2026-02-11\/a-smog-season-discount-is-another-threat-to-india-earnings\">plus grandes \u00e9conomies mondiales<\/a> est en train d\u2019\u00e9touffer.<\/p>\n<\/li>\n<\/ul>\n<\/div>\n<\/section>\n\n\n\n<div class=\"wp-block-columns pad-b has-cool-white-background-color has-background is-layout-flex wp-container-core-columns-is-layout-28f84493 wp-block-columns-is-layout-flex\">\n<div class=\"wp-block-column mar-t-qtr mob-mar-t-qtr is-layout-flow wp-block-column-is-layout-flow\">\n<p class=\"mar-l-hlf mob-mar-l-hlf\">Cr\u00e9\u00e9 par&nbsp;<strong>Yadullah Hussain<\/strong>, Directeur de r\u00e9daction, RBC Institut d\u2019action climatique.<\/p>\n\n\n\n<p class=\"mar-l-hlf mob-mar-l-hlf mar-t-hlf mob-mar-t-hlf mar-b-hlf mob-mar-b-hlf\">Le bulletin Bouleversements climatiques ne pourrait pas exister sans la collaboration d<em>e\u00a0<\/em><a href=\"https:\/\/www.linkedin.com\/in\/john-stackhouse-a113419\/\">John Stackhouse<\/a>,\u00a0<a href=\"https:\/\/www.linkedin.com\/in\/jordan-brennan-phd\/\" data-dig-id=\"LP-7236-2e8b11a6\" data-dig-label=\"Jordan Brennan\" data-dig-action=\"link click\" data-dig-category=\"LP\" class=\"rbc-link-format\">Jordan Brennan<\/a>, <a href=\"https:\/\/www.linkedin.com\/in\/johnintini\/\" data-dig-id=\"LP-7236-3efbba80\" data-dig-label=\"John Intini\" data-dig-action=\"link click\" data-dig-category=\"LP\" class=\"rbc-link-format\">John Intini<\/a>, <a href=\"https:\/\/www.linkedin.com\/in\/panahov\/\">Farhad Panahov<\/a>,\u00a0<a href=\"https:\/\/www.linkedin.com\/in\/lisa-ashton-a78b6656\/\">Lisa Ashton<\/a>,\u00a0<a href=\"https:\/\/www.linkedin.com\/in\/shazmerwat\/\">Shaz Merwat<\/a>,\u00a0<a href=\"https:\/\/www.linkedin.com\/in\/vivan-sorab-4a503623\/\">Vivan Sorab<\/a>,\u00a0<a href=\"https:\/\/www.linkedin.com\/in\/capricebiasoni\/\">Caprice Biasoni<\/a>, <a href=\"https:\/\/www.linkedin.com\/in\/lavanyakaleeswaran\/\" data-dig-id=\"LP-7236-7ac7bbec\" data-dig-label=\"Lavanya Kaleeswaran\" data-dig-action=\"link click\" data-dig-category=\"LP\" class=\"rbc-link-format\">Lavanya Kaleeswaran<\/a>\u00a0et\u00a0<a href=\"https:\/\/www.linkedin.com\/in\/joelleschonberg\/\" data-dig-id=\"LP-7236-21f8f85c\" data-dig-category=\"LP\" data-dig-action=\"link click\" data-dig-label=\"Joelle Schonberg\" class=\"rbc-link-format\">Joelle Schonberg<\/a>.<\/p>\n\n\n\n<p class=\"mar-l-hlf mob-mar-l-hlf mar-b-hlf mob-mar-b-hlf\">Avez-vous des commentaires, des f\u00e9licitations ou, euh, des critiques \u00e0 faire&nbsp;?&nbsp;\u00c9crivez-moi \u00e0<em> (<\/em><a href=\"mailto:yadullahhussain@rbc.com\">mailto:yadullahhussain@rbc.com<\/a><em>).<\/em><\/p>\n\n\n\n<div class=\"wp-block-columns has-border-color is-layout-flex wp-container-core-columns-is-layout-28f84493 wp-block-columns-is-layout-flex\" style=\"border-color:#0b0b0b;border-width:1px\">\n<div class=\"wp-block-column mar-t-hlf mob-mar-t-hlf mar-b-hlf mob-mar-b-hlf is-layout-flow wp-block-column-is-layout-flow\">\n<p class=\"has-text-align-center has-text-major-lg-font-size\">Bulletin d\u2019information sur le climat<\/p>\n\n\n\n<div class=\"wp-block-buttons is-content-justification-center is-layout-flex wp-container-core-buttons-is-layout-a89b3969 wp-block-buttons-is-layout-flex\"><div>\n<div class=\"wp-block-button  is-style-primary primary btn before\"><a class=\"wp-block-button__link wp-element-button\" href=\"https:\/\/www.rbc.com\/climate-action-institute\/subscribe.html\" data-dig-id=\"LP-7236-c41bc9ec\" data-dig-category=\"LP\" data-dig-action=\"button click\" data-dig-label=\"s\u2019inscrire-https:\/\/www.rbc.com\/climate-action-institute\/subscribe.html \">s\u2019inscrire<\/a><\/div>\n<\/div><\/div>\n<\/div>\n<\/div>\n<\/div>\n<\/div>\n","protected":false},"excerpt":{"rendered":"<p>De plus, ce qu\u2019une nouvelle norme d\u2019\u00e9missions signifie pour les entreprises agricoles et foresti\u00e8res<\/p>\n","protected":false},"author":89,"featured_media":13668,"parent":0,"menu_order":0,"template":"","meta":{"_acf_changed":false,"disable_focal_point":true,"featured_image_focal_point":{"x":0.5,"y":0.5},"advgb_blocks_editor_width":"","advgb_blocks_columns_visual_guide":"","footnotes":""},"rbc_tl_category":[143,135],"rbc_tl_tag":[],"class_list":["post-13638","rbc_tl","type-rbc_tl","status-publish","has-post-thumbnail","hentry","rbc_tl_category-bouleversements-climatiques","rbc_tl_category-institut-action-climatique"],"acf":[],"yoast_head":"<!-- This site is optimized with the Yoast SEO Premium plugin v27.4 (Yoast SEO v27.4) - https:\/\/yoast.com\/product\/yoast-seo-premium-wordpress\/ -->\n<title>Bouleversements climatiques : Mille entailles : pourquoi la crise du bois en C.-B. est aussi un enjeu climatique - RBC<\/title>\n<meta name=\"description\" content=\"De plus, ce qu\u2019une nouvelle norme d\u2019\u00e9missions signifie pour les entreprises agricoles et foresti\u00e8res\" \/>\n<meta name=\"robots\" content=\"index, follow, max-snippet:-1, max-image-preview:large, max-video-preview:-1\" \/>\n<link rel=\"canonical\" href=\"https:\/\/www.rbc.com\/fr\/leadership-avise\/institut-action-climatique\/bouleversements-climatiques\/mille-entailles-pourquoi-la-crise-du-bois-en-c-b-est-aussi-un-enjeu-climatique\/\" \/>\n<meta property=\"og:locale\" content=\"fr_FR\" \/>\n<meta property=\"og:type\" content=\"article\" \/>\n<meta property=\"og:title\" content=\"Bouleversements climatiques : Mille entailles : pourquoi la crise du bois en C.-B. est aussi un enjeu climatique\" \/>\n<meta property=\"og:description\" content=\"De plus, ce qu\u2019une nouvelle norme d\u2019\u00e9missions signifie pour les entreprises agricoles et foresti\u00e8res\" \/>\n<meta property=\"og:url\" content=\"https:\/\/www.rbc.com\/fr\/leadership-avise\/institut-action-climatique\/bouleversements-climatiques\/mille-entailles-pourquoi-la-crise-du-bois-en-c-b-est-aussi-un-enjeu-climatique\/\" \/>\n<meta property=\"og:site_name\" content=\"RBC\" \/>\n<meta property=\"article:modified_time\" content=\"2026-03-02T15:10:21+00:00\" \/>\n<meta property=\"og:image\" content=\"https:\/\/www.rbc.com\/fr\/wp-content\/uploads\/sites\/5\/2026\/03\/CC-2.26-Blog-Image_Branded-1200x627-1.jpg?quality=80\" \/>\n\t<meta property=\"og:image:width\" content=\"2500\" \/>\n\t<meta property=\"og:image:height\" content=\"1306\" \/>\n\t<meta property=\"og:image:type\" content=\"image\/jpeg\" \/>\n<meta name=\"twitter:card\" content=\"summary_large_image\" \/>\n<meta name=\"twitter:label1\" content=\"Est. reading time\" \/>\n\t<meta name=\"twitter:data1\" content=\"10 minutes\" \/>\n<script type=\"application\/ld+json\" class=\"yoast-schema-graph\">{\"@context\":\"https:\\\/\\\/schema.org\",\"@graph\":[{\"@type\":\"WebPage\",\"@id\":\"https:\\\/\\\/www.rbc.com\\\/fr\\\/leadership-avise\\\/institut-action-climatique\\\/bouleversements-climatiques\\\/mille-entailles-pourquoi-la-crise-du-bois-en-c-b-est-aussi-un-enjeu-climatique\\\/\",\"url\":\"https:\\\/\\\/www.rbc.com\\\/fr\\\/leadership-avise\\\/institut-action-climatique\\\/bouleversements-climatiques\\\/mille-entailles-pourquoi-la-crise-du-bois-en-c-b-est-aussi-un-enjeu-climatique\\\/\",\"name\":\"Bouleversements climatiques : Mille entailles : pourquoi la crise du bois en C.-B. est aussi un enjeu climatique - RBC\",\"isPartOf\":{\"@id\":\"https:\\\/\\\/www.rbc.com\\\/fr\\\/#website\"},\"primaryImageOfPage\":{\"@id\":\"https:\\\/\\\/www.rbc.com\\\/fr\\\/leadership-avise\\\/institut-action-climatique\\\/bouleversements-climatiques\\\/mille-entailles-pourquoi-la-crise-du-bois-en-c-b-est-aussi-un-enjeu-climatique\\\/#primaryimage\"},\"image\":{\"@id\":\"https:\\\/\\\/www.rbc.com\\\/fr\\\/leadership-avise\\\/institut-action-climatique\\\/bouleversements-climatiques\\\/mille-entailles-pourquoi-la-crise-du-bois-en-c-b-est-aussi-un-enjeu-climatique\\\/#primaryimage\"},\"thumbnailUrl\":\"https:\\\/\\\/www.rbc.com\\\/fr\\\/wp-content\\\/uploads\\\/sites\\\/5\\\/2026\\\/03\\\/CC-2.26-Blog-Image_Banner-wide.jpg?quality=80\",\"datePublished\":\"2026-03-02T15:10:20+00:00\",\"dateModified\":\"2026-03-02T15:10:21+00:00\",\"description\":\"De plus, ce qu\u2019une nouvelle norme d\u2019\u00e9missions signifie pour les entreprises agricoles et foresti\u00e8res\",\"inLanguage\":\"fr-FR\",\"potentialAction\":[{\"@type\":\"ReadAction\",\"target\":[\"https:\\\/\\\/www.rbc.com\\\/fr\\\/leadership-avise\\\/institut-action-climatique\\\/bouleversements-climatiques\\\/mille-entailles-pourquoi-la-crise-du-bois-en-c-b-est-aussi-un-enjeu-climatique\\\/\"]}]},{\"@type\":\"ImageObject\",\"inLanguage\":\"fr-FR\",\"@id\":\"https:\\\/\\\/www.rbc.com\\\/fr\\\/leadership-avise\\\/institut-action-climatique\\\/bouleversements-climatiques\\\/mille-entailles-pourquoi-la-crise-du-bois-en-c-b-est-aussi-un-enjeu-climatique\\\/#primaryimage\",\"url\":\"https:\\\/\\\/www.rbc.com\\\/fr\\\/wp-content\\\/uploads\\\/sites\\\/5\\\/2026\\\/03\\\/CC-2.26-Blog-Image_Banner-wide.jpg?quality=80\",\"contentUrl\":\"https:\\\/\\\/www.rbc.com\\\/fr\\\/wp-content\\\/uploads\\\/sites\\\/5\\\/2026\\\/03\\\/CC-2.26-Blog-Image_Banner-wide.jpg?quality=80\",\"width\":7250,\"height\":3500},{\"@type\":\"WebSite\",\"@id\":\"https:\\\/\\\/www.rbc.com\\\/fr\\\/#website\",\"url\":\"https:\\\/\\\/www.rbc.com\\\/fr\\\/\",\"name\":\"RBC\",\"description\":\"\",\"potentialAction\":[{\"@type\":\"SearchAction\",\"target\":{\"@type\":\"EntryPoint\",\"urlTemplate\":\"https:\\\/\\\/www.rbc.com\\\/fr\\\/?s={search_term_string}\"},\"query-input\":{\"@type\":\"PropertyValueSpecification\",\"valueRequired\":true,\"valueName\":\"search_term_string\"}}],\"inLanguage\":\"fr-FR\"}]}<\/script>\n<!-- \/ Yoast SEO Premium plugin. -->","yoast_head_json":{"title":"Bouleversements climatiques : Mille entailles : pourquoi la crise du bois en C.-B. est aussi un enjeu climatique - RBC","description":"De plus, ce qu\u2019une nouvelle norme d\u2019\u00e9missions signifie pour les entreprises agricoles et foresti\u00e8res","robots":{"index":"index","follow":"follow","max-snippet":"max-snippet:-1","max-image-preview":"max-image-preview:large","max-video-preview":"max-video-preview:-1"},"canonical":"https:\/\/www.rbc.com\/fr\/leadership-avise\/institut-action-climatique\/bouleversements-climatiques\/mille-entailles-pourquoi-la-crise-du-bois-en-c-b-est-aussi-un-enjeu-climatique\/","og_locale":"fr_FR","og_type":"article","og_title":"Bouleversements climatiques : Mille entailles : pourquoi la crise du bois en C.-B. est aussi un enjeu climatique","og_description":"De plus, ce qu\u2019une nouvelle norme d\u2019\u00e9missions signifie pour les entreprises agricoles et foresti\u00e8res","og_url":"https:\/\/www.rbc.com\/fr\/leadership-avise\/institut-action-climatique\/bouleversements-climatiques\/mille-entailles-pourquoi-la-crise-du-bois-en-c-b-est-aussi-un-enjeu-climatique\/","og_site_name":"RBC","article_modified_time":"2026-03-02T15:10:21+00:00","og_image":[{"width":2500,"height":1306,"url":"https:\/\/www.rbc.com\/fr\/wp-content\/uploads\/sites\/5\/2026\/03\/CC-2.26-Blog-Image_Branded-1200x627-1.jpg?quality=80","type":"image\/jpeg"}],"twitter_card":"summary_large_image","twitter_misc":{"Est. reading time":"10 minutes"},"schema":{"@context":"https:\/\/schema.org","@graph":[{"@type":"WebPage","@id":"https:\/\/www.rbc.com\/fr\/leadership-avise\/institut-action-climatique\/bouleversements-climatiques\/mille-entailles-pourquoi-la-crise-du-bois-en-c-b-est-aussi-un-enjeu-climatique\/","url":"https:\/\/www.rbc.com\/fr\/leadership-avise\/institut-action-climatique\/bouleversements-climatiques\/mille-entailles-pourquoi-la-crise-du-bois-en-c-b-est-aussi-un-enjeu-climatique\/","name":"Bouleversements climatiques : Mille entailles : pourquoi la crise du bois en C.-B. est aussi un enjeu climatique - RBC","isPartOf":{"@id":"https:\/\/www.rbc.com\/fr\/#website"},"primaryImageOfPage":{"@id":"https:\/\/www.rbc.com\/fr\/leadership-avise\/institut-action-climatique\/bouleversements-climatiques\/mille-entailles-pourquoi-la-crise-du-bois-en-c-b-est-aussi-un-enjeu-climatique\/#primaryimage"},"image":{"@id":"https:\/\/www.rbc.com\/fr\/leadership-avise\/institut-action-climatique\/bouleversements-climatiques\/mille-entailles-pourquoi-la-crise-du-bois-en-c-b-est-aussi-un-enjeu-climatique\/#primaryimage"},"thumbnailUrl":"https:\/\/www.rbc.com\/fr\/wp-content\/uploads\/sites\/5\/2026\/03\/CC-2.26-Blog-Image_Banner-wide.jpg?quality=80","datePublished":"2026-03-02T15:10:20+00:00","dateModified":"2026-03-02T15:10:21+00:00","description":"De plus, ce qu\u2019une nouvelle norme d\u2019\u00e9missions signifie pour les entreprises agricoles et foresti\u00e8res","inLanguage":"fr-FR","potentialAction":[{"@type":"ReadAction","target":["https:\/\/www.rbc.com\/fr\/leadership-avise\/institut-action-climatique\/bouleversements-climatiques\/mille-entailles-pourquoi-la-crise-du-bois-en-c-b-est-aussi-un-enjeu-climatique\/"]}]},{"@type":"ImageObject","inLanguage":"fr-FR","@id":"https:\/\/www.rbc.com\/fr\/leadership-avise\/institut-action-climatique\/bouleversements-climatiques\/mille-entailles-pourquoi-la-crise-du-bois-en-c-b-est-aussi-un-enjeu-climatique\/#primaryimage","url":"https:\/\/www.rbc.com\/fr\/wp-content\/uploads\/sites\/5\/2026\/03\/CC-2.26-Blog-Image_Banner-wide.jpg?quality=80","contentUrl":"https:\/\/www.rbc.com\/fr\/wp-content\/uploads\/sites\/5\/2026\/03\/CC-2.26-Blog-Image_Banner-wide.jpg?quality=80","width":7250,"height":3500},{"@type":"WebSite","@id":"https:\/\/www.rbc.com\/fr\/#website","url":"https:\/\/www.rbc.com\/fr\/","name":"RBC","description":"","potentialAction":[{"@type":"SearchAction","target":{"@type":"EntryPoint","urlTemplate":"https:\/\/www.rbc.com\/fr\/?s={search_term_string}"},"query-input":{"@type":"PropertyValueSpecification","valueRequired":true,"valueName":"search_term_string"}}],"inLanguage":"fr-FR"}]}},"parsely":{"version":"1.1.0","canonical_url":"https:\/\/rbc.com\/fr\/leadership-avise\/institut-action-climatique\/mille-entailles-pourquoi-la-crise-du-bois-en-c-b-est-aussi-un-enjeu-climatique\/","smart_links":{"inbound":0,"outbound":0},"traffic_boost_suggestions_count":0,"meta":{"@context":"https:\/\/schema.org","@type":"NewsArticle","headline":"Bouleversements climatiques : Mille entailles : pourquoi la crise du bois en C.-B. est aussi un enjeu climatique","url":"http:\/\/www.rbc.com\/fr\/leadership-avise\/institut-action-climatique\/mille-entailles-pourquoi-la-crise-du-bois-en-c-b-est-aussi-un-enjeu-climatique\/","mainEntityOfPage":{"@type":"WebPage","@id":"http:\/\/www.rbc.com\/fr\/leadership-avise\/institut-action-climatique\/mille-entailles-pourquoi-la-crise-du-bois-en-c-b-est-aussi-un-enjeu-climatique\/"},"thumbnailUrl":"https:\/\/www.rbc.com\/fr\/wp-content\/uploads\/sites\/5\/2026\/03\/CC-2.26-Blog-Image_Banner-wide.jpg?quality=80&w=150&h=150&crop=1","image":{"@type":"ImageObject","url":"https:\/\/www.rbc.com\/fr\/wp-content\/uploads\/sites\/5\/2026\/03\/CC-2.26-Blog-Image_Banner-wide.jpg?quality=80"},"articleSection":"Uncategorized","author":[{"@type":"Person","name":"lavanyakaleeswaran"}],"creator":["lavanyakaleeswaran"],"publisher":{"@type":"Organization","name":"RBC","logo":""},"keywords":[],"dateCreated":"2026-03-02T15:10:20Z","datePublished":"2026-03-02T15:10:20Z","dateModified":"2026-03-02T15:10:21Z"},"rendered":"<script type=\"application\/ld+json\" class=\"wp-parsely-metadata\">{\"@context\":\"https:\\\/\\\/schema.org\",\"@type\":\"NewsArticle\",\"headline\":\"Bouleversements climatiques : Mille entailles : pourquoi la crise du bois en C.-B. est aussi un enjeu climatique\",\"url\":\"http:\\\/\\\/www.rbc.com\\\/fr\\\/leadership-avise\\\/institut-action-climatique\\\/mille-entailles-pourquoi-la-crise-du-bois-en-c-b-est-aussi-un-enjeu-climatique\\\/\",\"mainEntityOfPage\":{\"@type\":\"WebPage\",\"@id\":\"http:\\\/\\\/www.rbc.com\\\/fr\\\/leadership-avise\\\/institut-action-climatique\\\/mille-entailles-pourquoi-la-crise-du-bois-en-c-b-est-aussi-un-enjeu-climatique\\\/\"},\"thumbnailUrl\":\"https:\\\/\\\/www.rbc.com\\\/fr\\\/wp-content\\\/uploads\\\/sites\\\/5\\\/2026\\\/03\\\/CC-2.26-Blog-Image_Banner-wide.jpg?quality=80&w=150&h=150&crop=1\",\"image\":{\"@type\":\"ImageObject\",\"url\":\"https:\\\/\\\/www.rbc.com\\\/fr\\\/wp-content\\\/uploads\\\/sites\\\/5\\\/2026\\\/03\\\/CC-2.26-Blog-Image_Banner-wide.jpg?quality=80\"},\"articleSection\":\"Uncategorized\",\"author\":[{\"@type\":\"Person\",\"name\":\"lavanyakaleeswaran\"}],\"creator\":[\"lavanyakaleeswaran\"],\"publisher\":{\"@type\":\"Organization\",\"name\":\"RBC\",\"logo\":\"\"},\"keywords\":[],\"dateCreated\":\"2026-03-02T15:10:20Z\",\"datePublished\":\"2026-03-02T15:10:20Z\",\"dateModified\":\"2026-03-02T15:10:21Z\"}<\/script>","tracker_url":"https:\/\/cdn.parsely.com\/keys\/rbc.com\/p.js"},"featured_img":"https:\/\/www.rbc.com\/fr\/wp-content\/uploads\/sites\/5\/2026\/03\/CC-2.26-Blog-Image_Banner-wide.jpg?quality=80&w=1024","coauthors":[],"author_meta":{"author_link":"https:\/\/www.rbc.com\/fr\/author\/lavanyakaleeswaran\/","display_name":"lavanyakaleeswaran"},"relative_dates":{"created":"Publi\u00e9 2 mois il y a","modified":"Mis \u00e0 jour 2 mois il y a"},"absolute_dates":{"created":"Publi\u00e9 le 2 mars 2026","modified":"Mise \u00e0 jour le 2 mars 2026"},"absolute_dates_time":{"created":"Publi\u00e9 le 2 mars 2026 3:10  ","modified":"Mise \u00e0 jour le 2 mars 2026 3:10  "},"featured_img_caption":"","tax_additional":{"rbc_tl_category":{"linked":["<a href=\"https:\/\/www.rbc.com\/fr\/leadership-avise\/bouleversements-climatiques\/\" class=\"advgb-post-tax-term\">Bouleversements climatiques<\/a>","<a href=\"https:\/\/www.rbc.com\/fr\/leadership-avise\/institut-action-climatique\/\" class=\"advgb-post-tax-term\">Institut Action Climatique<\/a>"],"unlinked":["<span class=\"advgb-post-tax-term\">Bouleversements climatiques<\/span>","<span class=\"advgb-post-tax-term\">Institut Action Climatique<\/span>"],"slug":"rbc_tl_category","name":"Categories"},"rbc_tl_tag":{"linked":[],"unlinked":[],"slug":"rbc_tl_tag","name":"Tags"}},"series_order":"","_links":{"self":[{"href":"https:\/\/www.rbc.com\/fr\/wp-json\/wp\/v2\/rbc_tl\/13638","targetHints":{"allow":["GET"]}}],"collection":[{"href":"https:\/\/www.rbc.com\/fr\/wp-json\/wp\/v2\/rbc_tl"}],"about":[{"href":"https:\/\/www.rbc.com\/fr\/wp-json\/wp\/v2\/types\/rbc_tl"}],"author":[{"embeddable":true,"href":"https:\/\/www.rbc.com\/fr\/wp-json\/wp\/v2\/users\/89"}],"version-history":[{"count":33,"href":"https:\/\/www.rbc.com\/fr\/wp-json\/wp\/v2\/rbc_tl\/13638\/revisions"}],"predecessor-version":[{"id":13998,"href":"https:\/\/www.rbc.com\/fr\/wp-json\/wp\/v2\/rbc_tl\/13638\/revisions\/13998"}],"wp:featuredmedia":[{"embeddable":true,"href":"https:\/\/www.rbc.com\/fr\/wp-json\/wp\/v2\/media\/13668"}],"wp:attachment":[{"href":"https:\/\/www.rbc.com\/fr\/wp-json\/wp\/v2\/media?parent=13638"}],"wp:term":[{"taxonomy":"rbc_tl_category","embeddable":true,"href":"https:\/\/www.rbc.com\/fr\/wp-json\/wp\/v2\/rbc_tl_category?post=13638"},{"taxonomy":"rbc_tl_tag","embeddable":true,"href":"https:\/\/www.rbc.com\/fr\/wp-json\/wp\/v2\/rbc_tl_tag?post=13638"}],"curies":[{"name":"wp","href":"https:\/\/api.w.org\/{rel}","templated":true}]}}