{"id":12272,"date":"2025-12-23T15:19:28","date_gmt":"2025-12-23T15:19:28","guid":{"rendered":"https:\/\/www.rbc.com\/fr\/?post_type=rbc_tl&#038;p=12272\/trade-zone-25-numbers-that-defined-a-turbulent-year"},"modified":"2025-12-23T15:19:30","modified_gmt":"2025-12-23T15:19:30","slug":"25-chiffres-qui-definissent-une-annee-de-turbulences","status":"publish","type":"rbc_tl","link":"https:\/\/www.rbc.com\/fr\/leadership-avise\/la-zone-commerciale\/25-chiffres-qui-definissent-une-annee-de-turbulences\/","title":{"rendered":"Zone commerciale\u00a0: 25\u00a0chiffres qui d\u00e9finissent une ann\u00e9e de turbulences"},"content":{"rendered":"\n<section class=\"wp-block-rbc-section-block  pos-rel\" style=\"border-radius:0px\">\n<div class=\"wp-block-rbc-section-inner-block  section-inner pad-t-0 mob-pad-t-0\" style=\"border-radius:0x\">\n<h2 class=\"wp-block-heading has-rbc-dark-blue-tint-color has-text-color has-link-color wp-elements-1c8f1023f488147f40b559083fae41c1\" id=\"h-qu-est-ce-qui-attend-le-premier-ministre-nbsp-carney-et-le-canada-en-2026-nbsp\"><strong>Qu\u2019est-ce qui attend le premier ministre&nbsp;Carney et le Canada en 2026&nbsp;?<\/strong><\/h2>\n\n\n\n<p>Par<strong> John Stackhouse<\/strong><\/p>\n\n\n\n<p>Les droits de douane ne prennent pas de pause, et nous pouvons pr\u00e9sumer que le pr\u00e9sident Donald&nbsp;Trump ne prendra pas non plus de vacances.<\/p>\n\n\n\n<p>Cette semaine, Trump a diffus\u00e9 son message des F\u00eates pour se pr\u00e9senter comme un P\u00e8re No\u00ebl du commerce, car, selon lui&nbsp;:<\/p>\n\n\n\n<ul class=\"wp-block-rbc-list is-style-black-disc\">\n<li class=\"wp-block-rbc-list-item\">\n<p>Les droits de douane sont l\u2019une de ses grandes r\u00e9alisations et ils suscitent plus d\u2019investissements aux \u00c9tats-Unis.<\/p>\n<\/li>\n\n\n\n<li class=\"wp-block-rbc-list-item\">\n<p>Les droits de douane aideront \u00e0 payer les \u00ab&nbsp;dividendes de guerre&nbsp;\u00bb \u00e0 1,45&nbsp;million de membres du personnel militaire aux \u00c9tats-Unis.<\/p>\n<\/li>\n\n\n\n<li class=\"wp-block-rbc-list-item\">\n<p>Les droits de douane entra\u00eenent une baisse des prix.<\/p>\n<\/li>\n<\/ul>\n\n\n\n<p>Nous verrons plus tard en 2026 (en mi-mandat) si les Am\u00e9ricains sont d\u2019accord avec ces affirmations. Mais attendez-vous \u00e0 ce qu\u2019en&nbsp;2026, le pr\u00e9sident fasse payer des droits de douane \u00e9lev\u00e9s, m\u00eame si, comme on s\u2019y attendait, la Cour supr\u00eame juge qu\u2019il a outrepass\u00e9 ses pouvoirs. Comment&nbsp;? La Maison-Blanche pourrait rapidement r\u00e9tablir le mur tarifaire, en s\u2019appuyant sur les pouvoirs pr\u00e9vus aux articles&nbsp;122 et 301 pour maintenir les droits de douane en place, quoique le taux pr\u00e9vu pourrait passer de la moyenne actuelle de 16&nbsp;% \u00e0 quelque 10&nbsp;%.<\/p>\n\n\n\n<p>Voici trois&nbsp;questions \u00e0 se poser pour l\u2019ann\u00e9e \u00e0 venir&nbsp;:<\/p>\n\n\n\n<ul class=\"wp-block-rbc-list is-style-roman-lower-list\">\n<li class=\"wp-block-rbc-list-item\">\n<p>Les pays adopteront-ils des mesures de repr\u00e9sailles, m\u00eame en mettant en place des barri\u00e8res autres que tarifaires&nbsp;?<\/p>\n<\/li>\n\n\n\n<li class=\"wp-block-rbc-list-item\">\n<p>Le Congr\u00e8s peut-il se permettre de r\u00e9duire les imp\u00f4ts et les droits de douane&nbsp;?<\/p>\n<\/li>\n\n\n\n<li class=\"wp-block-rbc-list-item\">\n<p>Le Canada pourra-t-il se permettre de gagner du temps&nbsp;?<\/p>\n<\/li>\n<\/ul>\n\n\n\n<p>Mark&nbsp;Carney semble s\u2019\u00eatre r\u00e9sign\u00e9 \u00e0 subir un sc\u00e9nario d\u2019\u00ab&nbsp;absence d\u2019accord&nbsp;\u00bb et \u00e0 affronter un long parcours en vue de la ren\u00e9gociation de l\u2019AECUM. \u00c0 court terme, les plus grands d\u00e9fis porteront sur les services num\u00e9riques, le bois d\u2019\u0153uvre et les r\u00e8gles d\u2019origine pour les fabricants automobiles, qui ont chacun leur propre calcul \u00e9conomique et politique&nbsp;:<\/p>\n\n\n\n<ul class=\"wp-block-rbc-list is-style-black-disc\">\n<li class=\"wp-block-rbc-list-item\">\n<p>on peut s\u2019attendre \u00e0 ce que les \u00c9tats-Unis continuent de faire pression pour obtenir plus de concessions pour les m\u00e9dias en ligne, en particulier pour Meta, qui pourrait faire face \u00e0 des contrecoups au Qu\u00e9bec, o\u00f9 les protections culturelles (y compris les subventions aux m\u00e9dias locaux) seraient une ligne de parti si le Parti qu\u00e9b\u00e9cois prenait le pouvoir en 2026&nbsp;;<\/p>\n<\/li>\n\n\n\n<li class=\"wp-block-rbc-list-item\">\n<p>on peut s\u2019attendre \u00e0 ce que les \u00c9tats-Unis, compte tenu de la morosit\u00e9 du march\u00e9 immobilier, continuent de malmener la Colombie-Britannique (et le Nouveau-Brunswick) sur la question du bois d\u2019\u0153uvre&nbsp;;<\/p>\n<\/li>\n\n\n\n<li class=\"wp-block-rbc-list-item\">\n<p>on peut s\u2019attendre \u00e0 ce que Doug Ford fasse encore plus d\u2019efforts pour obtenir un acc\u00e8s favorable au march\u00e9 automobile am\u00e9ricain pour les usines d\u2019assemblage de l\u2019Ontario.&nbsp;<\/p>\n<\/li>\n<\/ul>\n\n\n\n<p>Toutefois, il est peu probable que le Canada obtienne des r\u00e9sultats favorables sur ces trois volets. M.&nbsp;Carney pourrait passer les F\u00eates \u00e0 penser \u00e0 ce que le P\u00e8re No\u00ebl lui r\u00e9serve pour 2026.&nbsp;<\/p>\n<\/div>\n<\/section>\n\n\n\n<section class=\"wp-block-rbc-section-block  pos-rel\" style=\"border-radius:0px\">\n<div class=\"wp-block-rbc-section-inner-block  section-inner pad-t-0 mob-pad-t-0\" style=\"border-radius:0x\">\n<h2 class=\"wp-block-heading has-rbc-dark-blue-tint-color has-text-color has-link-color wp-elements-d3618e649dd37b483f4013f701243684\" id=\"h-25-nbsp-chiffres-qui-definissent-2025\">25&nbsp;chiffres qui d\u00e9finissent 2025<\/h2>\n\n\n\n<p><strong>14257<\/strong>&nbsp;: Le D\u00e9cret, sign\u00e9 le 2&nbsp;avril par le pr\u00e9sident am\u00e9ricain Donald&nbsp;Trump, qui a impos\u00e9 des droits de douane de base de 10&nbsp;% sur les importations de tous les partenaires commerciaux des \u00c9tats-Unis.<\/p>\n\n\n\n<p><strong>90<\/strong>&nbsp;: Le nombre de pays qui se sont vus imposer des droits de douane sup\u00e9rieurs au taux de r\u00e9f\u00e9rence de 10&nbsp;% le \u00ab&nbsp;Jour de la Lib\u00e9ration&nbsp;\u00bb.<\/p>\n\n\n\n<p><strong>2&nbsp;: <\/strong>Le nombre de visites effectu\u00e9es par le premier ministre Mark&nbsp;Carney \u00e0 la Maison-Blanche. Lors de la plus r\u00e9cente, au d\u00e9but du mois d\u2019octobre, M.&nbsp;Trump a qualifi\u00e9 Carney de \u00ab&nbsp;bonhomme&nbsp;\u00bb qui faisait \u00ab&nbsp;un excellent travail&nbsp;\u00bb.<\/p>\n\n\n\n<p><strong>75&nbsp;millions&nbsp;: <\/strong>Le montant consacr\u00e9 par le gouvernement de l\u2019Ontario de Doug&nbsp;Ford \u00e0 la <a href=\"https:\/\/www.ctvnews.ca\/world\/trumps-tariffs\/article\/how-it-started-how-it-ended-a-chronology-of-ontarios-ad-blitz-against-us-tariffs\/\" data-dig-id=\"LP-12272-96a8741d\" data-dig-category=\"LP\" data-dig-action=\"link click\" data-dig-label=\"campagne publicitaire anti-tarifaire\" class=\"rbc-link-format\">campagne publicitaire anti-tarifaire<\/a> avec Ronald Reagan, qui a incit\u00e9 Trump \u00e0 interrompre les n\u00e9gociations avec le Canada. Selon <a href=\"https:\/\/www.cp24.com\/video\/2025\/12\/18\/that-was-the-best-ad-thats-ever-been-run-124-billion-views-doug-ford-on-tariff-ad\/\" data-dig-id=\"LP-12272-8363b77c\" data-dig-category=\"LP\" data-dig-action=\"link click\" data-dig-label=\"M.&nbsp;Ford\" class=\"rbc-link-format\">M.&nbsp;Ford<\/a>, la publicit\u00e9 a \u00e9t\u00e9 visionn\u00e9e 12,4&nbsp;milliards de fois.<\/p>\n\n\n\n<p><strong>35&nbsp;T$&nbsp;US&nbsp;<\/strong>: La valeur estimative du commerce des biens \u00e0 l\u2019\u00e9chelle mondiale en 2025. Le <a href=\"https:\/\/unctad.org\/news\/global-trade-hit-record-35-trillion-despite-slowing-momentum\" data-dig-id=\"LP-12272-93496d98\" data-dig-category=\"LP\" data-dig-action=\"link click\" data-dig-label=\"volume commercial \" class=\"rbc-link-format\">volume commercial <\/a>atteint des niveaux records malgr\u00e9 le fait que les risques g\u00e9opolitiques ont fractur\u00e9 les cha\u00eenes d\u2019approvisionnement \u2013 preuve que la mondialisation est en restructuration plut\u00f4t qu\u2019en r\u00e9gression.<\/p>\n\n\n\n<p><strong>50&nbsp;000<\/strong>&nbsp;: Nombre d\u2019<a href=\"https:\/\/www.rbc.com\/fr\/leadership-avise\/la-zone-commerciale\/semer-les-graines-dune-hausse-des-prix\/\" data-dig-id=\"LP-12272-d2b9f323\" data-dig-category=\"LP\" data-dig-action=\"link click\" data-dig-label=\"emplois perdus dans le secteur manufacturier\" class=\"rbc-link-format\">emplois perdus dans le secteur manufacturier<\/a> aux \u00c9tats-Unis depuis le d\u00e9but de l\u2019ann\u00e9e.<\/p>\n\n\n\n<p><strong>1&nbsp;T$&nbsp;US&nbsp;: <\/strong>L\u2019exc\u00e9dent commercial record de la Chine, malgr\u00e9 les tensions avec les \u00c9tats-Unis. Beijing a export\u00e9 <a href=\"https:\/\/www.bloomberg.com\/news\/articles\/2025-12-08\/china-exports-return-to-growth-as-trade-surplus-tops-1-trillion\" data-dig-id=\"LP-12272-ac8c220f\" data-dig-category=\"LP\" data-dig-action=\"link click\" data-dig-label=\"3,4&nbsp;T$&nbsp;US de biens\" class=\"rbc-link-format\">3,4&nbsp;T$&nbsp;US de biens<\/a> au cours des onze&nbsp;premiers mois de l\u2019ann\u00e9e, notamment en d\u00e9nichant de nouveaux march\u00e9s, y compris en Afrique (+26&nbsp;%), en Asie du Sud-Est (+14&nbsp;%) et en Am\u00e9rique latine (+7,1&nbsp;%).<\/p>\n\n\n\n<p><strong>5&nbsp;: <\/strong>Le nombre de secteurs comptant pour 80&nbsp;%des droits de douane per\u00e7us par les \u00c9tats-Unis aupr\u00e8s du Canada, notamment le secteur automobile (28,8&nbsp;%), l\u2019aluminium (23,3&nbsp;%), le fer et l\u2019acier (12,7&nbsp;%), la machinerie (8,8&nbsp;%) et les marchandises en fer et en acier (8,3&nbsp;%).<\/p>\n\n\n\n<p><strong>70&nbsp;G$<\/strong>&nbsp;: Les engagements d\u2019investissements des <a href=\"\\Users\\771651791\\AppData\\Local\\Microsoft\\Windows\\INetCache\\Content.Outlook\\5R48AGIZ\\$70-billion investment\" data-dig-id=\"LP-12272-033adad3\" data-dig-category=\"LP\" data-dig-action=\"link click\" data-dig-label=\"\u00c9mirats arabes unis\" class=\"rbc-link-format\">\u00c9mirats arabes unis<\/a> au Canada, ax\u00e9s sur le d\u00e9veloppement de min\u00e9raux essentiels, de l\u2019\u00e9nergie, de ports et de l\u2019intelligence artificielle.<\/p>\n\n\n\n<p><strong>226,4&nbsp;G$&nbsp;US<\/strong>&nbsp;: Les exportations des \u00c9tats-Unis vers le <a href=\"https:\/\/www.nytimes.com\/2025\/11\/19\/world\/americas\/us-mexico-trade.html\" data-dig-id=\"LP-12272-cb5362f7\" data-dig-category=\"LP\" data-dig-action=\"link click\" data-dig-label=\"Mexique\" class=\"rbc-link-format\">Mexique<\/a> entre janvier et ao\u00fbt \u2013 qui exc\u00e8dent les 225,6&nbsp;G$&nbsp;US de biens exp\u00e9di\u00e9s vers le Canada. C\u2019est la premi\u00e8re fois en 30&nbsp;ans que le Mexique surpasse le Canada comme destination principale des exportations.<\/p>\n\n\n\n<p><strong>200&nbsp;G$<\/strong>&nbsp;: La <a href=\"https:\/\/financialpost.com\/news\/economy\/canada-trade-provinces-reliance-us\" data-dig-id=\"LP-12272-15908945\" data-dig-category=\"LP\" data-dig-action=\"link click\" data-dig-label=\"valeur estimative\" class=\"rbc-link-format\">valeur estimative<\/a> de l\u2019Accord canadien de reconnaissance mutuelle, qui \u00e9limine tous les obstacles au commerce des produits (sauf les aliments) entre les provinces et territoires du Canada.<\/p>\n\n\n\n<p><strong>3&nbsp;fois<\/strong>&nbsp;: La hausse des <a href=\"https:\/\/www.wto.org\/english\/news_e\/news_docs\/32nd_WTO_Report_on_G20_Trade_Measures.pdf?utm_source=chatgpt.com\" data-dig-id=\"LP-12272-59bb46f5\" data-dig-category=\"LP\" data-dig-action=\"link click\" data-dig-label=\"mesures restrictives au commerce mondial\" class=\"rbc-link-format\">mesures restrictives au commerce mondial<\/a> depuis 2019. Les droits de douane, les contr\u00f4les \u00e0 l\u2019exportation et les subventions sont maintenant des caract\u00e9ristiques structurelles des politiques commerciales&nbsp;\u2013 et non des perturbations temporaires.<\/p>\n\n\n\n<p><strong>10&nbsp;%&nbsp;: <\/strong>Le pourcentage des exportations de bois d\u2019\u0153uvre (suffisant pour construire 75&nbsp;000&nbsp;maisons) que l\u2019industrie foresti\u00e8re canadienne pr\u00e9voit&nbsp;<a href=\"https:\/\/www.ft.com\/content\/e56e8bb0-6dc0-4447-a907-e95164cec8e5\">r\u00e9acheminer<\/a>&nbsp;vers le Royaume-Uni et l\u2019Europe plut\u00f4t que d\u2019exporter aux \u00c9tats-Unis.<\/p>\n\n\n\n<p><strong>100&nbsp;%<\/strong>&nbsp;: <a href=\"https:\/\/www.rbc.com\/fr\/leadership-avise\/la-zone-commerciale\/un-nouveau-chapitre-dans-les-relations-saoudo-canadiennes\/\">D\u00e9pendance des \u00c9tats-Unis \u00e0 l\u2019\u00e9gard des importations<\/a> de 16&nbsp;min\u00e9raux essentiels (y compris le graphite) et d\u00e9pendance de 50&nbsp;% \u00e0 l\u2019\u00e9gard des importations de 29&nbsp;min\u00e9raux essentiels, y compris le zinc, le titane et le nickel.<\/p>\n\n\n\n<p><strong>600&nbsp;G$<\/strong>&nbsp;: L\u2019objectif des exportations canadiennes ailleurs qu\u2019aux \u00c9tats-Unis d\u2019ici 2035, qui est pr\u00e9vu au budget f\u00e9d\u00e9ral&nbsp;2025, c\u2019est-\u00e0-dire le double du montant actuel.<\/p>\n\n\n\n<p><strong>50\u00a0G$<\/strong>\u00a0: La valeur potentielle d\u2019un <a href=\"https:\/\/www.cbc.ca\/news\/politics\/carney-modi-negotiations-canada-india-trade-deal-9.6989535\" data-dig-id=\"LP-12272-bbad68d5\" data-dig-category=\"LP\" data-dig-action=\"link click\" data-dig-label=\"partenariat commercia\" class=\"rbc-link-format\">partenariat commercia<\/a><a href=\"https:\/\/www.cbc.ca\/news\/politics\/carney-modi-negotiations-canada-india-trade-deal-9.6989535\">l<\/a> entre le Canada et l\u2019Inde, qui ont renou\u00e9 leurs relations cette ann\u00e9e.<\/p>\n\n\n\n<p><strong>100\u00a0G$<\/strong>\u00a0: La valeur annuelle des <a href=\"https:\/\/thoughtleadership.rbc.com\/wp-content\/uploads\/Food-First-EN-Final.pdf\" data-dig-id=\"LP-12272-fe50bcd5\" data-dig-category=\"LP\" data-dig-action=\"link click\" data-dig-label=\"exportations de produits agroalimentaires\" class=\"rbc-link-format\">exportations de produits agroalimentaires<\/a> du Canada. Environ 60\u00a0% de ces marchandises \u00e9taient destin\u00e9es au march\u00e9 am\u00e9ricain.<br><br><strong>994,63\u00a0$<\/strong>\u00a0: Le montant qu\u2019une famille moyenne du Canada peut s\u2019attendre \u00e0 <a href=\"https:\/\/www.dal.ca\/sites\/agri-food\/research\/canada-s-food-price-report-2026.html\" data-dig-id=\"LP-12272-60ef3ebd\" data-dig-category=\"LP\" data-dig-action=\"link click\" data-dig-label=\"payer de plus pour leur panier d\u2019\u00e9picerie en 2026\" class=\"rbc-link-format\">payer de plus pour leur panier d\u2019\u00e9picerie en 2026<\/a> par rapport \u00e0 2025. <a href=\"https:\/\/www.rbc.com\/fr\/leadership-avise\/lespace-commercial\/alimenter-la-crise-lincidence-des-droits-de-douane-sur-linsecurite-alimentaire\/\" data-dig-id=\"LP-12272-dd0f979c\" data-dig-category=\"LP\" data-dig-action=\"link click\" data-dig-label=\"Les droits de douane\" class=\"rbc-link-format\">Les droits de douane<\/a> ont une incidence sur la s\u00e9curit\u00e9 alimentaire au pays, o\u00f9 un Canadien sur quatre est touch\u00e9 par l\u2019ins\u00e9curit\u00e9 alimentaire.<\/p>\n\n\n\n<p><strong>86<\/strong>\u00a0: Le pourcentage de biens que les <a href=\"https:\/\/www.rbc.com\/fr\/economique\/analyse-pour-le-canada\/rapports-de-donnees-provisoires\/la-balance-commerciale-du-canada-a-renoue-avec-un-excedent-en-septembre\/\" data-dig-id=\"LP-12272-60a9e10a\" data-dig-category=\"LP\" data-dig-action=\"link click\" data-dig-label=\"\u00c9tats-Unis ont import\u00e9s du Canada\" class=\"rbc-link-format\">\u00c9tats-Unis ont import\u00e9s du Canada<\/a> en septembre qui \u00e9taient exempts de droits de douane.<\/p>\n\n\n\n<p><strong>51<\/strong>&nbsp;: Nombre de jours o\u00f9 le cours de l\u2019or a \u00e9t\u00e9 sup\u00e9rieur aux sommets pr\u00e9c\u00e9dents en raison de l\u2019incertitude g\u00e9o\u00e9conomique accrue.<\/p>\n\n\n\n<p><strong>28&nbsp;%<\/strong>&nbsp;: Le pourcentage d\u2019augmentation du <a href=\"https:\/\/www150.statcan.gc.ca\/n1\/daily-quotidien\/251215\/dq251215a-fra.htm#:~:text=En%20novembre%2C%20les%20prix%20du%20b%C5%93uf%20frais%20ou%20surgel%C3%A9%20(%2B17%2C7%C2%A0%25)%20et%20du%20caf%C3%A9%20(%2B27%2C8%C2%A0%25)%20ont%20continu%C3%A9%20de%20figurer%20parmi%20les%20plus%20importants%20facteurs%20ayant%20contribu%C3%A9%20%C3%A0%20l%27inflation%20globale%20des%20prix%20dans%20les%20%C3%A9piceries%20d%27une%20ann%C3%A9e%20%C3%A0%20l%27autre.\">prix du caf\u00e9<\/a> d\u2019une ann\u00e9e sur l\u2019autre.<\/p>\n\n\n\n<p><strong>19&nbsp;%<\/strong>&nbsp;: Le pourcentage de diminution des exportations chinoises vers les \u00c9tats-Unis cette ann\u00e9e.<\/p>\n\n\n\n<p><strong>244&nbsp;G$&nbsp;US<\/strong>&nbsp;: Les <a href=\"https:\/\/fiscaldata.treasury.gov\/datasets\/monthly-treasury-statement\/receipts-of-the-u-s-government\">revenus totaux tir\u00e9s des droits de douane<\/a> g\u00e9n\u00e9r\u00e9s par les \u00c9tats-Unis (de janvier \u00e0 novembre&nbsp;2025).<\/p>\n\n\n\n<p><strong>1\u00a0million de barils par jour<\/strong>\u00a0: La capacit\u00e9 potentielle d\u2019un <a href=\"https:\/\/www.reuters.com\/sustainability\/climate-energy\/canada-drops-emissions-cap-oil-gas-sector-agreement-with-alberta-2025-11-27\/\" data-dig-id=\"LP-12272-46b91112\" data-dig-category=\"LP\" data-dig-action=\"link click\" data-dig-label=\"ol\u00e9oduc d\u2019exportation de p\u00e9trole sur la c\u00f4te Ouest\" class=\"rbc-link-format\">ol\u00e9oduc d\u2019exportation de p\u00e9trole sur la c\u00f4te Ouest<\/a> qui est \u00e0 l\u2019origine d\u2019un protocole d\u2019entente entre le gouvernement f\u00e9d\u00e9ral et l\u2019Alberta et augmenterait les exportations de p\u00e9trole de l\u2019Alberta vers l\u2019Asie.<\/p>\n\n\n\n<p><strong>7\u00a0G$\u00a0US<\/strong>\u00a0: Le <a href=\"https:\/\/www.ft.com\/content\/55d76579-b794-46f6-aa4d-41588d9fd44d\" data-dig-id=\"LP-12272-0a2fcdf1\" data-dig-category=\"LP\" data-dig-action=\"link click\" data-dig-label=\"grand coup\" class=\"rbc-link-format\">grand coup<\/a> que les trois grands constructeurs automobiles du Michigan, soit General Motors, Ford et Stellantis, s\u2019attendent \u00e0 ce que leurs b\u00e9n\u00e9fices subissent en raison des droits de douane am\u00e9ricains en\u00a02025.<\/p>\n<\/div>\n<\/section>\n","protected":false},"excerpt":{"rendered":"<p>Aussi : Les principales questions et les grands enjeux en mati\u00e8re de droits de douane \u00e0 l\u2019approche de 2026<\/p>\n","protected":false},"author":89,"featured_media":12280,"parent":0,"menu_order":0,"template":"","meta":{"_acf_changed":false,"disable_focal_point":true,"featured_image_focal_point":{"x":0.5,"y":0.5},"advgb_blocks_editor_width":"","advgb_blocks_columns_visual_guide":"","footnotes":""},"rbc_tl_category":[161],"rbc_tl_tag":[],"class_list":["post-12272","rbc_tl","type-rbc_tl","status-publish","has-post-thumbnail","hentry","rbc_tl_category-la-zone-commerciale"],"acf":[],"yoast_head":"<!-- This site is optimized with the Yoast SEO Premium plugin v27.2 (Yoast SEO v27.2) - https:\/\/yoast.com\/product\/yoast-seo-premium-wordpress\/ -->\n<title>Zone commerciale\u00a0: 25\u00a0chiffres qui d\u00e9finissent une ann\u00e9e de turbulences - RBC<\/title>\n<meta name=\"description\" content=\"Aussi : Les principales questions et les grands enjeux en mati\u00e8re de droits de douane \u00e0 l\u2019approche de 2026\" \/>\n<meta name=\"robots\" content=\"index, follow, max-snippet:-1, max-image-preview:large, max-video-preview:-1\" \/>\n<link rel=\"canonical\" href=\"https:\/\/www.rbc.com\/fr\/leadership-avise\/la-zone-commerciale\/25-chiffres-qui-definissent-une-annee-de-turbulences\/\" \/>\n<meta property=\"og:locale\" content=\"fr_FR\" \/>\n<meta property=\"og:type\" content=\"article\" \/>\n<meta property=\"og:title\" content=\"Zone commerciale : 25 chiffres qui d\u00e9finissent une ann\u00e9e de turbulences\" \/>\n<meta property=\"og:description\" content=\"Aussi : Les principales questions et les grands enjeux en mati\u00e8re de droits de douane \u00e0 l\u2019approche de 2026\" \/>\n<meta property=\"og:url\" content=\"https:\/\/www.rbc.com\/fr\/leadership-avise\/la-zone-commerciale\/25-chiffres-qui-definissent-une-annee-de-turbulences\/\" \/>\n<meta property=\"og:site_name\" content=\"RBC\" \/>\n<meta property=\"article:modified_time\" content=\"2025-12-23T15:19:30+00:00\" \/>\n<meta property=\"og:image\" content=\"https:\/\/www.rbc.com\/fr\/wp-content\/uploads\/sites\/5\/2025\/12\/TZ-12.19-BLOG-IMAGE_Branded-1200x627-1.jpg?quality=80\" \/>\n\t<meta property=\"og:image:width\" content=\"2500\" \/>\n\t<meta property=\"og:image:height\" content=\"1306\" \/>\n\t<meta property=\"og:image:type\" content=\"image\/jpeg\" \/>\n<meta name=\"twitter:card\" content=\"summary_large_image\" \/>\n<meta name=\"twitter:title\" content=\"Zone commerciale\u00a0: 25\u00a0chiffres qui d\u00e9finissent une ann\u00e9e de turbulences\" \/>\n<meta name=\"twitter:label1\" content=\"Est. reading time\" \/>\n\t<meta name=\"twitter:data1\" content=\"7 minutes\" \/>\n<script type=\"application\/ld+json\" class=\"yoast-schema-graph\">{\"@context\":\"https:\/\/schema.org\",\"@graph\":[{\"@type\":\"WebPage\",\"@id\":\"https:\/\/www.rbc.com\/fr\/leadership-avise\/la-zone-commerciale\/25-chiffres-qui-definissent-une-annee-de-turbulences\/\",\"url\":\"https:\/\/www.rbc.com\/fr\/leadership-avise\/la-zone-commerciale\/25-chiffres-qui-definissent-une-annee-de-turbulences\/\",\"name\":\"Zone commerciale\u00a0: 25\u00a0chiffres qui d\u00e9finissent une ann\u00e9e de turbulences - RBC\",\"isPartOf\":{\"@id\":\"https:\/\/www.rbc.com\/fr\/#website\"},\"primaryImageOfPage\":{\"@id\":\"https:\/\/www.rbc.com\/fr\/leadership-avise\/la-zone-commerciale\/25-chiffres-qui-definissent-une-annee-de-turbulences\/#primaryimage\"},\"image\":{\"@id\":\"https:\/\/www.rbc.com\/fr\/leadership-avise\/la-zone-commerciale\/25-chiffres-qui-definissent-une-annee-de-turbulences\/#primaryimage\"},\"thumbnailUrl\":\"https:\/\/www.rbc.com\/fr\/wp-content\/uploads\/sites\/5\/2025\/12\/TZ-12.19-BLOG-IMAGE_Banner-wide.jpg?quality=80\",\"datePublished\":\"2025-12-23T15:19:28+00:00\",\"dateModified\":\"2025-12-23T15:19:30+00:00\",\"description\":\"Aussi : Les principales questions et les grands enjeux en mati\u00e8re de droits de douane \u00e0 l\u2019approche de 2026\",\"inLanguage\":\"fr-FR\",\"potentialAction\":[{\"@type\":\"ReadAction\",\"target\":[\"https:\/\/www.rbc.com\/fr\/leadership-avise\/la-zone-commerciale\/25-chiffres-qui-definissent-une-annee-de-turbulences\/\"]}]},{\"@type\":\"ImageObject\",\"inLanguage\":\"fr-FR\",\"@id\":\"https:\/\/www.rbc.com\/fr\/leadership-avise\/la-zone-commerciale\/25-chiffres-qui-definissent-une-annee-de-turbulences\/#primaryimage\",\"url\":\"https:\/\/www.rbc.com\/fr\/wp-content\/uploads\/sites\/5\/2025\/12\/TZ-12.19-BLOG-IMAGE_Banner-wide.jpg?quality=80\",\"contentUrl\":\"https:\/\/www.rbc.com\/fr\/wp-content\/uploads\/sites\/5\/2025\/12\/TZ-12.19-BLOG-IMAGE_Banner-wide.jpg?quality=80\",\"width\":7250,\"height\":3500},{\"@type\":\"WebSite\",\"@id\":\"https:\/\/www.rbc.com\/fr\/#website\",\"url\":\"https:\/\/www.rbc.com\/fr\/\",\"name\":\"RBC\",\"description\":\"\",\"potentialAction\":[{\"@type\":\"SearchAction\",\"target\":{\"@type\":\"EntryPoint\",\"urlTemplate\":\"https:\/\/www.rbc.com\/fr\/?s={search_term_string}\"},\"query-input\":{\"@type\":\"PropertyValueSpecification\",\"valueRequired\":true,\"valueName\":\"search_term_string\"}}],\"inLanguage\":\"fr-FR\"}]}<\/script>\n<!-- \/ Yoast SEO Premium plugin. -->","yoast_head_json":{"title":"Zone commerciale\u00a0: 25\u00a0chiffres qui d\u00e9finissent une ann\u00e9e de turbulences - RBC","description":"Aussi : Les principales questions et les grands enjeux en mati\u00e8re de droits de douane \u00e0 l\u2019approche de 2026","robots":{"index":"index","follow":"follow","max-snippet":"max-snippet:-1","max-image-preview":"max-image-preview:large","max-video-preview":"max-video-preview:-1"},"canonical":"https:\/\/www.rbc.com\/fr\/leadership-avise\/la-zone-commerciale\/25-chiffres-qui-definissent-une-annee-de-turbulences\/","og_locale":"fr_FR","og_type":"article","og_title":"Zone commerciale : 25 chiffres qui d\u00e9finissent une ann\u00e9e de turbulences","og_description":"Aussi : Les principales questions et les grands enjeux en mati\u00e8re de droits de douane \u00e0 l\u2019approche de 2026","og_url":"https:\/\/www.rbc.com\/fr\/leadership-avise\/la-zone-commerciale\/25-chiffres-qui-definissent-une-annee-de-turbulences\/","og_site_name":"RBC","article_modified_time":"2025-12-23T15:19:30+00:00","og_image":[{"width":2500,"height":1306,"url":"https:\/\/www.rbc.com\/fr\/wp-content\/uploads\/sites\/5\/2025\/12\/TZ-12.19-BLOG-IMAGE_Branded-1200x627-1.jpg?quality=80","type":"image\/jpeg"}],"twitter_card":"summary_large_image","twitter_title":"Zone commerciale\u00a0: 25\u00a0chiffres qui d\u00e9finissent une ann\u00e9e de turbulences","twitter_misc":{"Est. reading time":"7 minutes"},"schema":{"@context":"https:\/\/schema.org","@graph":[{"@type":"WebPage","@id":"https:\/\/www.rbc.com\/fr\/leadership-avise\/la-zone-commerciale\/25-chiffres-qui-definissent-une-annee-de-turbulences\/","url":"https:\/\/www.rbc.com\/fr\/leadership-avise\/la-zone-commerciale\/25-chiffres-qui-definissent-une-annee-de-turbulences\/","name":"Zone commerciale\u00a0: 25\u00a0chiffres qui d\u00e9finissent une ann\u00e9e de turbulences - RBC","isPartOf":{"@id":"https:\/\/www.rbc.com\/fr\/#website"},"primaryImageOfPage":{"@id":"https:\/\/www.rbc.com\/fr\/leadership-avise\/la-zone-commerciale\/25-chiffres-qui-definissent-une-annee-de-turbulences\/#primaryimage"},"image":{"@id":"https:\/\/www.rbc.com\/fr\/leadership-avise\/la-zone-commerciale\/25-chiffres-qui-definissent-une-annee-de-turbulences\/#primaryimage"},"thumbnailUrl":"https:\/\/www.rbc.com\/fr\/wp-content\/uploads\/sites\/5\/2025\/12\/TZ-12.19-BLOG-IMAGE_Banner-wide.jpg?quality=80","datePublished":"2025-12-23T15:19:28+00:00","dateModified":"2025-12-23T15:19:30+00:00","description":"Aussi : Les principales questions et les grands enjeux en mati\u00e8re de droits de douane \u00e0 l\u2019approche de 2026","inLanguage":"fr-FR","potentialAction":[{"@type":"ReadAction","target":["https:\/\/www.rbc.com\/fr\/leadership-avise\/la-zone-commerciale\/25-chiffres-qui-definissent-une-annee-de-turbulences\/"]}]},{"@type":"ImageObject","inLanguage":"fr-FR","@id":"https:\/\/www.rbc.com\/fr\/leadership-avise\/la-zone-commerciale\/25-chiffres-qui-definissent-une-annee-de-turbulences\/#primaryimage","url":"https:\/\/www.rbc.com\/fr\/wp-content\/uploads\/sites\/5\/2025\/12\/TZ-12.19-BLOG-IMAGE_Banner-wide.jpg?quality=80","contentUrl":"https:\/\/www.rbc.com\/fr\/wp-content\/uploads\/sites\/5\/2025\/12\/TZ-12.19-BLOG-IMAGE_Banner-wide.jpg?quality=80","width":7250,"height":3500},{"@type":"WebSite","@id":"https:\/\/www.rbc.com\/fr\/#website","url":"https:\/\/www.rbc.com\/fr\/","name":"RBC","description":"","potentialAction":[{"@type":"SearchAction","target":{"@type":"EntryPoint","urlTemplate":"https:\/\/www.rbc.com\/fr\/?s={search_term_string}"},"query-input":{"@type":"PropertyValueSpecification","valueRequired":true,"valueName":"search_term_string"}}],"inLanguage":"fr-FR"}]}},"parsely":{"version":"1.1.0","canonical_url":"https:\/\/rbc.com\/fr\/leadership-avise\/la-zone-commerciale\/25-chiffres-qui-definissent-une-annee-de-turbulences\/","smart_links":{"inbound":0,"outbound":0},"traffic_boost_suggestions_count":0,"meta":{"@context":"https:\/\/schema.org","@type":"NewsArticle","headline":"Zone commerciale\u00a0: 25\u00a0chiffres qui d\u00e9finissent une ann\u00e9e de turbulences","url":"http:\/\/www.rbc.com\/fr\/leadership-avise\/la-zone-commerciale\/25-chiffres-qui-definissent-une-annee-de-turbulences\/","mainEntityOfPage":{"@type":"WebPage","@id":"http:\/\/www.rbc.com\/fr\/leadership-avise\/la-zone-commerciale\/25-chiffres-qui-definissent-une-annee-de-turbulences\/"},"thumbnailUrl":"https:\/\/www.rbc.com\/fr\/wp-content\/uploads\/sites\/5\/2025\/12\/TZ-12.19-BLOG-IMAGE_Banner-wide.jpg?quality=80&w=150&h=150&crop=1","image":{"@type":"ImageObject","url":"https:\/\/www.rbc.com\/fr\/wp-content\/uploads\/sites\/5\/2025\/12\/TZ-12.19-BLOG-IMAGE_Banner-wide.jpg?quality=80"},"articleSection":"Uncategorized","author":[{"@type":"Person","name":"lavanyakaleeswaran"}],"creator":["lavanyakaleeswaran"],"publisher":{"@type":"Organization","name":"RBC","logo":""},"keywords":[],"dateCreated":"2025-12-23T15:19:28Z","datePublished":"2025-12-23T15:19:28Z","dateModified":"2025-12-23T15:19:30Z"},"rendered":"<script type=\"application\/ld+json\" class=\"wp-parsely-metadata\">{\"@context\":\"https:\\\/\\\/schema.org\",\"@type\":\"NewsArticle\",\"headline\":\"Zone commerciale\\u00a0: 25\\u00a0chiffres qui d\\u00e9finissent une ann\\u00e9e de turbulences\",\"url\":\"http:\\\/\\\/www.rbc.com\\\/fr\\\/leadership-avise\\\/la-zone-commerciale\\\/25-chiffres-qui-definissent-une-annee-de-turbulences\\\/\",\"mainEntityOfPage\":{\"@type\":\"WebPage\",\"@id\":\"http:\\\/\\\/www.rbc.com\\\/fr\\\/leadership-avise\\\/la-zone-commerciale\\\/25-chiffres-qui-definissent-une-annee-de-turbulences\\\/\"},\"thumbnailUrl\":\"https:\\\/\\\/www.rbc.com\\\/fr\\\/wp-content\\\/uploads\\\/sites\\\/5\\\/2025\\\/12\\\/TZ-12.19-BLOG-IMAGE_Banner-wide.jpg?quality=80&w=150&h=150&crop=1\",\"image\":{\"@type\":\"ImageObject\",\"url\":\"https:\\\/\\\/www.rbc.com\\\/fr\\\/wp-content\\\/uploads\\\/sites\\\/5\\\/2025\\\/12\\\/TZ-12.19-BLOG-IMAGE_Banner-wide.jpg?quality=80\"},\"articleSection\":\"Uncategorized\",\"author\":[{\"@type\":\"Person\",\"name\":\"lavanyakaleeswaran\"}],\"creator\":[\"lavanyakaleeswaran\"],\"publisher\":{\"@type\":\"Organization\",\"name\":\"RBC\",\"logo\":\"\"},\"keywords\":[],\"dateCreated\":\"2025-12-23T15:19:28Z\",\"datePublished\":\"2025-12-23T15:19:28Z\",\"dateModified\":\"2025-12-23T15:19:30Z\"}<\/script>","tracker_url":"https:\/\/cdn.parsely.com\/keys\/rbc.com\/p.js"},"featured_img":"https:\/\/www.rbc.com\/fr\/wp-content\/uploads\/sites\/5\/2025\/12\/TZ-12.19-BLOG-IMAGE_Banner-wide.jpg?quality=80&w=1024","coauthors":[],"author_meta":{"author_link":"https:\/\/www.rbc.com\/fr\/author\/lavanyakaleeswaran\/","display_name":"lavanyakaleeswaran"},"relative_dates":{"created":"Publi\u00e9 4 mois il y a","modified":"Mis \u00e0 jour 4 mois il y a"},"absolute_dates":{"created":"Publi\u00e9 le 23 d\u00e9cembre 2025","modified":"Mise \u00e0 jour le 23 d\u00e9cembre 2025"},"absolute_dates_time":{"created":"Publi\u00e9 le 23 d\u00e9cembre 2025 3:19  ","modified":"Mise \u00e0 jour le 23 d\u00e9cembre 2025 3:19  "},"featured_img_caption":"","tax_additional":{"rbc_tl_category":{"linked":["<a href=\"https:\/\/www.rbc.com\/fr\/leadership-avise\/la-zone-commerciale\/\" class=\"advgb-post-tax-term\">La zone commerciale<\/a>"],"unlinked":["<span class=\"advgb-post-tax-term\">La zone commerciale<\/span>"],"slug":"rbc_tl_category","name":"Categories"},"rbc_tl_tag":{"linked":[],"unlinked":[],"slug":"rbc_tl_tag","name":"Tags"}},"series_order":"","_links":{"self":[{"href":"https:\/\/www.rbc.com\/fr\/wp-json\/wp\/v2\/rbc_tl\/12272","targetHints":{"allow":["GET"]}}],"collection":[{"href":"https:\/\/www.rbc.com\/fr\/wp-json\/wp\/v2\/rbc_tl"}],"about":[{"href":"https:\/\/www.rbc.com\/fr\/wp-json\/wp\/v2\/types\/rbc_tl"}],"author":[{"embeddable":true,"href":"https:\/\/www.rbc.com\/fr\/wp-json\/wp\/v2\/users\/89"}],"version-history":[{"count":8,"href":"https:\/\/www.rbc.com\/fr\/wp-json\/wp\/v2\/rbc_tl\/12272\/revisions"}],"predecessor-version":[{"id":12282,"href":"https:\/\/www.rbc.com\/fr\/wp-json\/wp\/v2\/rbc_tl\/12272\/revisions\/12282"}],"wp:featuredmedia":[{"embeddable":true,"href":"https:\/\/www.rbc.com\/fr\/wp-json\/wp\/v2\/media\/12280"}],"wp:attachment":[{"href":"https:\/\/www.rbc.com\/fr\/wp-json\/wp\/v2\/media?parent=12272"}],"wp:term":[{"taxonomy":"rbc_tl_category","embeddable":true,"href":"https:\/\/www.rbc.com\/fr\/wp-json\/wp\/v2\/rbc_tl_category?post=12272"},{"taxonomy":"rbc_tl_tag","embeddable":true,"href":"https:\/\/www.rbc.com\/fr\/wp-json\/wp\/v2\/rbc_tl_tag?post=12272"}],"curies":[{"name":"wp","href":"https:\/\/api.w.org\/{rel}","templated":true}]}}