{"id":12042,"date":"2025-12-15T21:58:31","date_gmt":"2025-12-15T21:58:31","guid":{"rendered":"https:\/\/www.rbc.com\/fr\/?post_type=rbc_tl&#038;p=12042\/sowing-the-seeds-of-higher-prices"},"modified":"2025-12-15T22:01:19","modified_gmt":"2025-12-15T22:01:19","slug":"semer-les-graines-dune-hausse-des-prix","status":"publish","type":"rbc_tl","link":"https:\/\/www.rbc.com\/fr\/leadership-avise\/la-zone-commerciale\/semer-les-graines-dune-hausse-des-prix\/","title":{"rendered":"Zone commerciale\u00a0: Semer les graines d\u2019une hausse des prix"},"content":{"rendered":"\n<section class=\"wp-block-rbc-section-block  pos-rel\" style=\"border-radius:0px\">\n<div class=\"wp-block-rbc-section-inner-block  section-inner pad-t-0 mob-pad-t-0\" style=\"border-radius:0x\">\n<h2 class=\"wp-block-heading has-rbc-dark-blue-tint-color has-text-color has-link-color wp-elements-93897b6610e3331d6c7f825bcfc9d426\" id=\"h-quels-sont-les-enjeux-pour-les-secteurs-agricoles-canadien-et-americain-dans-le-contexte-de-nouvelles-menaces-de-droits-de-douane-nbsp\">Quels sont les enjeux pour les secteurs agricoles canadien et am\u00e9ricain dans le contexte de nouvelles menaces de droits de douane&nbsp;?<\/h2>\n\n\n\n<p>Par<strong> Lisa Ashton, <\/strong>directrice g\u00e9n\u00e9rale, Politique agricole<\/p>\n\n\n\n<p>Le programme d\u2019aide de 12&nbsp;milliards de dollars am\u00e9ricains du pr\u00e9sident am\u00e9ricain Donald Trump en faveur des agriculteurs am\u00e9ricains aux prises avec une hausse du co\u00fbt des intrants, comme les engrais et les graines, n\u2019est pas sans cons\u00e9quences pour le Canada. M.&nbsp;Trump envisage d\u2019imposer des droits de douane \u00ab&nbsp;tr\u00e8s s\u00e9v\u00e8res&nbsp;\u00bb sur les engrais canadiens pour \u00ab&nbsp;soutenir&nbsp;\u00bb la production am\u00e9ricaine d\u2019engrais.&nbsp;<\/p>\n\n\n\n<p>Cela pourrait toutefois se retourner contre Washington. Une augmentation des droits de douane sur les engrais canadiens risque fort de se traduire par une hausse des prix \u00e0 court terme pour les agriculteurs am\u00e9ricains et de cr\u00e9er de la volatilit\u00e9 au chapitre de l\u2019approvisionnement \u00e0 long terme. Cette proposition arrive alors que les \u00c9tats-Unis disposent de peu de solutions de rechange aux engrais canadiens, les agriculteurs am\u00e9ricains ayant une influence limit\u00e9e sur le march\u00e9 et ne pouvant que subir les prix. Les secteurs agricoles canadien et am\u00e9ricain font face aux risques suivants&nbsp;:<\/p>\n\n\n\n<ul class=\"wp-block-rbc-list is-style-black-disc\">\n<li class=\"wp-block-rbc-list-item\">\n<p>Le Canada compte pour <strong>81\u00a0% des importations d\u2019engrais chimiques \u00e0 base de potassium<\/strong> <strong>aux \u00c9tats-Unis<\/strong>, et les droits de douane feraient augmenter les co\u00fbts pour l\u2019ensemble de la cha\u00eene logistique agroalimentaire interconnect\u00e9e nord-am\u00e9ricaine.<sup><a href=\"#legal-1\" data-dig-id=\"LP-23653-5fa5d10a\" data-dig-label=\"1\" data-dig-action=\"link click\" data-dig-category=\"LP\" class=\"rbc-link-format\">1<\/a><\/sup><\/p>\n<\/li>\n\n\n\n<li class=\"wp-block-rbc-list-item\">\n<p>Les \u00c9tats-Unis ont d\u00e9j\u00e0 fait une premi\u00e8re tentative plus t\u00f4t cette ann\u00e9e, en <strong>imposant des droits de douane \u00e9tendus (25&nbsp;%)<\/strong> sur de nombreux produits import\u00e9s du Canada, notamment la potasse et d\u2019autres engrais.&nbsp;L\u2019opposition des agriculteurs et des groupes sectoriels am\u00e9ricains a pouss\u00e9 le gouvernement \u00e0 <strong>r\u00e9duire \u00e0 10&nbsp;% les droits de douane sur les engrais.<\/strong><\/p>\n<\/li>\n\n\n\n<li class=\"wp-block-rbc-list-item\">\n<p>Ces d\u00e9cisions se sont av\u00e9r\u00e9es d\u00e9sastreuses, car <strong>l\u2019indice des prix \u00e0 l\u2019importation aux \u00c9tats-Unis pour les engrais chimiques est pass\u00e9 de 164,5 \u00e0 186,5 entre d\u00e9cembre 2024<\/strong> et septembre 2025.<sup><a href=\"#legal-2\" data-dig-id=\"LP-23653-5563a602\" data-dig-category=\"LP\" data-dig-action=\"link click\" data-dig-label=\"3\" class=\"rbc-link-format\">2<\/a><\/sup><\/p>\n\n\n\n<ul class=\"wp-block-rbc-list is-style-blue-disc\">\n<li class=\"wp-block-rbc-list-item\">\n<p><strong>L\u2019indice des prix pay\u00e9s aux \u00c9tats-Unis qui suit les co\u00fbts pay\u00e9s par les agriculteurs am\u00e9ricains a atteint 149,9 en juin 2025<\/strong>, comparativement \u00e0 139,9 un an auparavant. Sur la m\u00eame p\u00e9riode, les co\u00fbts des engrais ont \u00e9t\u00e9 le principal facteur de hausse des co\u00fbts pour les cultivateurs, avec une croissance de 11&nbsp;% dans l\u2019indice<sup><a href=\"#legal-3\" data-dig-id=\"LP-23653-d98c7dec\" data-dig-label=\"3\" data-dig-action=\"link click\" data-dig-category=\"LP\" class=\"rbc-link-format\">3<\/a><\/sup><\/p>\n<\/li>\n<\/ul>\n<\/li>\n\n\n\n<li class=\"wp-block-rbc-list-item\">\n<p>Les r\u00e9serves de potasse canadiennes, les plus importantes du monde, sont \u00e9valu\u00e9es \u00e0 1,1&nbsp;milliard de tonnes, soit cinq fois plus que celles des \u00c9tats-Unis<sup><a href=\"#legal-4\" data-dig-id=\"LP-12042-17b1fc93\" data-dig-category=\"LP\" data-dig-action=\"link click\" data-dig-label=\"4\" class=\"rbc-link-format\">4<\/a><\/sup>. <strong>La taille de l\u2019industrie mini\u00e8re de la potasse du Canada, selon les volumes de production, \u00e9tait 36&nbsp;fois plus \u00e9lev\u00e9e que celle des \u00c9tats-Unis en 2024<\/strong><sup><a href=\"#legal-5\" data-dig-id=\"LP-23653-c0d45b80\" data-dig-label=\"5\" data-dig-action=\"link click\" data-dig-category=\"LP\" class=\"rbc-link-format\">5<\/a><\/sup><\/p>\n<\/li>\n\n\n\n<li class=\"wp-block-rbc-list-item\">\n<p><strong>Les engrais repr\u00e9sentent environ 30&nbsp;% \u00e0 45&nbsp;% des co\u00fbts d\u2019exploitation annuels des agriculteurs am\u00e9ricains<\/strong>, selon le type de culture<sup><a href=\"#legal-8\" data-dig-id=\"LP-12042-1b160abf\" data-dig-category=\"LP\" data-dig-action=\"link click\" data-dig-label=\"6\" class=\"rbc-link-format\">6<\/a><\/sup>. Les agriculteurs \u00e9tant vuln\u00e9rables \u00e0 la volatilit\u00e9 des prix des intrants, ils ne peuvent souvent pas en r\u00e9percuter les hausses aux consommateurs, car beaucoup vendent leurs produits sur les march\u00e9s des marchandises (ma\u00efs, bl\u00e9, soja, etc.). Cela pourrait compromettre les efforts de l\u2019administration am\u00e9ricaine pour r\u00e9duire les co\u00fbts des agriculteurs d\u2019ici aux \u00e9lections de mi-mandat de 2026 par l\u2019imposition active de droits de douane sur leurs intrants et la menace de les accro\u00eetre encore.<\/p>\n<\/li>\n<\/ul>\n<\/div>\n<\/section>\n\n\n\n<section class=\"wp-block-rbc-section-block  pos-rel\" style=\"border-radius:0px\">\n<div class=\"wp-block-rbc-section-inner-block  section-inner pad-t-0 mob-pad-t-0\" style=\"border-radius:0x\">\n<h2 class=\"wp-block-heading has-rbc-dark-blue-tint-color has-text-color has-link-color wp-elements-89eec2959e85a105374ebcf668585a1b\" id=\"h-recapitulatif-de-la-semaine\">R\u00e9capitulatif de la semaine<\/h2>\n\n\n\n<ul class=\"wp-block-rbc-list is-style-black-disc\">\n<li class=\"wp-block-rbc-list-item\">\n<p><strong>Les \u00c9tats-Unis pourraient conclure des accords distincts avec le Canada et le Mexique<\/strong>, a indiqu\u00e9 le repr\u00e9sentant am\u00e9ricain au commerce, Jamieson&nbsp;Greer. Il a d\u00e9clar\u00e9 que l\u2019administration Trump laissait toutes les options ouvertes quant \u00e0 l\u2019Accord Canada\u2013\u00c9tats-Unis\u2013Mexique (ACEUM). Mark Carney a rapidement \u00e9cart\u00e9 la possibilit\u00e9 de conclure des ententes distinctes, en affirmant que <a href=\"https:\/\/www.theglobeandmail.com\/politics\/article-carney-rejects-idea-trump-wants-to-exit-usmca\/\">\u00ab&nbsp;ce n\u2019est pas ce qu\u2019ils disent&nbsp;\u00bb<\/a>.<\/p>\n<\/li>\n\n\n\n<li class=\"wp-block-rbc-list-item\">\n<p><strong>Kirsten Hillman, ambassadrice du Canada aux \u00c9tats-Unis ayant jou\u00e9 un r\u00f4le cl\u00e9 dans les n\u00e9gociations sur l\u2019ACEUM, a annonc\u00e9 qu\u2019elle <\/strong><a href=\"https:\/\/www.cbc.ca\/news\/politics\/kirsten-hillman-stepping-down-9.7009333\"><strong>d\u00e9missionnerait<\/strong><\/a><strong> au d\u00e9but de l\u2019an prochain.<\/strong> Le nom de la personne appel\u00e9e \u00e0 la remplacer n\u2019a pas encore \u00e9t\u00e9 annonc\u00e9, mais, selon certaines sources, Mark Wiseman, ancien chef de la direction de l\u2019Office d\u2019investissement du R\u00e9gime de pensions du Canada, serait le mieux plac\u00e9 pour lui succ\u00e9der.<\/p>\n<\/li>\n\n\n\n<li class=\"wp-block-rbc-list-item\">\n<p> L\u2019<a href=\"https:\/\/www.theglobeandmail.com\/business\/article-canada-first-trade-surplus-seven-months-export-boost\/#:~:text=Surging%20exports%20to%20the%20U.S.,August%2C%20Statistics%20Canada%20said%20Thursday.\">exc\u00e9dent commercial de 153&nbsp;millions de dollars<\/a> enregistr\u00e9 par le Canada en septembre a d\u00e9pass\u00e9 les pr\u00e9visions des analystes, qui tablaient sur un d\u00e9ficit de 4,5&nbsp;milliards de dollars. Les exportations vers les \u00c9.-U. ont augment\u00e9 de 4,6&nbsp;%, tandis que les importations ont diminu\u00e9 de 1,7&nbsp;%. Les exportations vers les autres r\u00e9gions du monde ont quant \u00e0 elles bondi de 18,6&nbsp;%.<\/p>\n<\/li>\n\n\n\n<li class=\"wp-block-rbc-list-item\">\n<p>In the U.S. <a href=\"https:\/\/www.bloomberg.com\/news\/articles\/2025-12-11\/us-trade-deficit-unexpectedly-shrinks-to-smallest-since-2020\" data-dig-id=\"LP-23653-2efaa105\" data-dig-category=\"LP\" data-dig-action=\"link click\" data-dig-label=\"exports surged\" class=\"rbc-link-format\">exports surged<\/a> in September, resulting in <strong>the smallest trade deficit in 5 years<\/strong>.<\/p>\n<\/li>\n\n\n\n<li class=\"wp-block-rbc-list-item\">\n<p>Les \u00c9tats-Unis ont enregistr\u00e9 en septembre leur <strong>d\u00e9ficit commercial le plus faible en 5&nbsp;ans<\/strong>, apr\u00e8s <a href=\"https:\/\/www.bloomberg.com\/news\/articles\/2025-12-11\/us-trade-deficit-unexpectedly-shrinks-to-smallest-since-2020\">une brusque hausse de leurs exportations<\/a>.<\/p>\n<\/li>\n<\/ul>\n<\/div>\n<\/section>\n\n\n\n<section class=\"wp-block-rbc-section-block  pos-rel\" style=\"border-radius:0px\">\n<div class=\"wp-block-rbc-section-inner-block  section-inner pad-t-0 mob-pad-t-0\" style=\"border-radius:0x\">\n<h2 class=\"wp-block-heading has-rbc-dark-blue-tint-color has-text-color has-link-color wp-elements-7f1453204d9645a93062237215059ee8\" id=\"h-le-prix-des-droits-de-douane-de-m-nbsp-trump\">Le prix des droits de douane de M.&nbsp;Trump<\/h2>\n\n\n\n<p>Par<strong> Jordan Brennan, <\/strong>premier directeur g\u00e9n\u00e9ral, Leadership avis\u00e9 RBC<\/p>\n\n\n\n<p>Le pr\u00e9sident Trump a fait valoir que les droits de douane sont un mal \u00e0 court terme pour un bien \u00e0 long terme. Les donn\u00e9es confirment que la premi\u00e8re partie de son affirmation est juste.<\/p>\n\n\n\n<p><strong>Inflation&nbsp;:<\/strong> depuis ce que M.&nbsp;Trump a nomm\u00e9 le \u00ab&nbsp;jour de la lib\u00e9ration&nbsp;\u00bb en avril, les prix \u00e0 la production aux \u00c9tats-Unis ont nettement augment\u00e9. Par effet d\u2019entra\u00eenement, <strong>l\u2019inflation des prix \u00e0 la consommation a augment\u00e9 durant cinq mois cons\u00e9cutifs<\/strong> et s\u2019\u00e9tablit \u00e0 pr\u00e9sent \u00e0 3&nbsp;%, chiffre que l\u2019on n\u2019avait plus enregistr\u00e9 depuis le d\u00e9but de 2024.<\/p>\n\n\n\n<figure class=\"wp-block-image size-full\"><img loading=\"lazy\" decoding=\"async\" width=\"4000\" height=\"2630\" src=\"https:\/\/www.rbc.com\/fr\/wp-content\/uploads\/sites\/5\/2025\/12\/TZ-12.12-Charts-FR-23.png?quality=80\" alt=\"\" class=\"wp-image-12082\" srcset=\"https:\/\/www.rbc.com\/fr\/wp-content\/uploads\/sites\/5\/2025\/12\/TZ-12.12-Charts-FR-23.png 4000w, https:\/\/www.rbc.com\/fr\/wp-content\/uploads\/sites\/5\/2025\/12\/TZ-12.12-Charts-FR-23.png?resize=300,197 300w, https:\/\/www.rbc.com\/fr\/wp-content\/uploads\/sites\/5\/2025\/12\/TZ-12.12-Charts-FR-23.png?resize=768,505 768w, https:\/\/www.rbc.com\/fr\/wp-content\/uploads\/sites\/5\/2025\/12\/TZ-12.12-Charts-FR-23.png?resize=1024,673 1024w, https:\/\/www.rbc.com\/fr\/wp-content\/uploads\/sites\/5\/2025\/12\/TZ-12.12-Charts-FR-23.png?resize=1536,1010 1536w, https:\/\/www.rbc.com\/fr\/wp-content\/uploads\/sites\/5\/2025\/12\/TZ-12.12-Charts-FR-23.png?resize=2048,1347 2048w\" sizes=\"auto, (max-width: 4000px) 100vw, 4000px\" \/><\/figure>\n\n\n\n<p><strong>Confiance des consommateurs&nbsp;:<\/strong> le <a href=\"https:\/\/fred.stlouisfed.org\/series\/UMCSENT\">sondage<\/a> de longue date de l\u2019Universit\u00e9 du Michigan aupr\u00e8s des consommateurs montre que leur confiance est au plus bas depuis un demi-si\u00e8cle<strong>. Quatre des dix plus mauvais chiffres mensuels ont \u00e9t\u00e9 enregistr\u00e9s depuis le \u00ab&nbsp;jour de la Lib\u00e9ration&nbsp;\u00bb<\/strong>.<\/p>\n\n\n\n<p><strong>Fabrication&nbsp;:<\/strong> loin de rebondir, l\u2019emploi s\u2019est d\u00e9t\u00e9rior\u00e9 dans le secteur manufacturier \u2013&nbsp;notamment le secteur politiquement sensible de l\u2019automobile&nbsp;\u2013 depuis janvier. <strong>Les \u00c9tats-Unis ont d\u00e9truit pr\u00e8s de 50&nbsp;000&nbsp;emplois dans ce secteur cette ann\u00e9e.<\/strong><\/p>\n\n\n\n<figure class=\"wp-block-image size-full\"><img loading=\"lazy\" decoding=\"async\" width=\"4000\" height=\"2958\" src=\"https:\/\/www.rbc.com\/fr\/wp-content\/uploads\/sites\/5\/2025\/12\/TZ-12.12-Charts-FR-24.png?quality=80\" alt=\"\" class=\"wp-image-12084\" srcset=\"https:\/\/www.rbc.com\/fr\/wp-content\/uploads\/sites\/5\/2025\/12\/TZ-12.12-Charts-FR-24.png 4000w, https:\/\/www.rbc.com\/fr\/wp-content\/uploads\/sites\/5\/2025\/12\/TZ-12.12-Charts-FR-24.png?resize=300,222 300w, https:\/\/www.rbc.com\/fr\/wp-content\/uploads\/sites\/5\/2025\/12\/TZ-12.12-Charts-FR-24.png?resize=768,568 768w, https:\/\/www.rbc.com\/fr\/wp-content\/uploads\/sites\/5\/2025\/12\/TZ-12.12-Charts-FR-24.png?resize=1024,757 1024w, https:\/\/www.rbc.com\/fr\/wp-content\/uploads\/sites\/5\/2025\/12\/TZ-12.12-Charts-FR-24.png?resize=1536,1136 1536w, https:\/\/www.rbc.com\/fr\/wp-content\/uploads\/sites\/5\/2025\/12\/TZ-12.12-Charts-FR-24.png?resize=2048,1514 2048w\" sizes=\"auto, (max-width: 4000px) 100vw, 4000px\" \/><\/figure>\n\n\n\n<p>La Maison-Blanche r\u00e9pond invariablement que la politique des droits de douane demande du temps et que les difficult\u00e9s sont transitoires. Cependant, les \u00e9lecteurs r\u00e9compensent rarement les promesses lointaines quand ils en arrachent dans l\u2019imm\u00e9diat. De fait, M.&nbsp;Trump a r\u00e9cemment commenc\u00e9 \u00e0 l\u00e2cher du lest, en r\u00e9duisant les droits de douane sur le b\u0153uf, le caf\u00e9 et divers autres articles d\u2019\u00e9picerie. On peut s\u2019attendre \u00e0 voir certains droits de douane, cibl\u00e9s par r\u00e9gions et par produits, baisser, \u00e0 mesure qu\u2019approcheront les \u00e9lections de mi-mandat.<\/p>\n<\/div>\n<\/section>\n\n\n\n<section class=\"wp-block-rbc-rbc-legal-collapsible disclaimer\" aria-label=\"Legal Disclaimers\"><div class=\"section-inner\"><p><button class=\"collapse-toggle collapsed\" data-target=\"#collapseDisclaimer\" data-toggle=\"collapse\" aria-expanded=\"false\" aria-controls=\"collapseDisclaimer\" data-dig-id=\"LP-12042-69b3b4d5\" data-dig-category=\"LP\" data-dig-action=\"legal close\" data-dig-label=\"legal close\" action-closed=\"legal close\" action-opened=\"legal open\" label-close=\"legal open\" label-open=\"legal close\"><span>Notes en fin d\u2019ouvrage<\/span><span>Notes en fin d\u2019ouvrage<\/span><\/button><\/p><div class=\"collapse-content collapse\" id=\"collapseDisclaimer\"><div class=\"collapse-inner\"><div class=\"table-wpr\">\n<div class=\"wp-block-rbc-rbc-disclaimer-block\"><div class=\"table-row\" id=\"legal-1\"><div class=\"table-cell\"><span class=\"offscreen\">Legal Disclaimer<\/span><sup>1<\/sup><\/div><div class=\"table-cell\">\n<p>UN Comtrade. Trade Data, 2025.<\/p>\n<\/div><\/div><\/div>\n\n\n\n<div class=\"wp-block-rbc-rbc-disclaimer-block\"><div class=\"table-row\" id=\"legal-2\"><div class=\"table-cell\"><span class=\"offscreen\">Legal Disclaimer<\/span><sup>2<\/sup><\/div><div class=\"table-cell\">\n<p>Federal Reserve Bank de Saint-Louis. Import Price Index (End Use): Chemicals \u2013 Fertilizers, 2025.<\/p>\n<\/div><\/div><\/div>\n\n\n\n<div class=\"wp-block-rbc-rbc-disclaimer-block\"><div class=\"table-row\" id=\"legal-3\"><div class=\"table-cell\"><span class=\"offscreen\">Legal Disclaimer<\/span><sup>3<\/sup><\/div><div class=\"table-cell\">\n<p>USDA National Agricultural Statistiques Service. <em>Agricultural Prices<\/em>, 2025.<\/p>\n<\/div><\/div><\/div>\n\n\n\n<div class=\"wp-block-rbc-rbc-disclaimer-block\"><div class=\"table-row\" id=\"legal-4\"><div class=\"table-cell\"><span class=\"offscreen\">Legal Disclaimer<\/span><sup>4<\/sup><\/div><div class=\"table-cell\">\n<p><em>Faits sur la potasse<\/em>. Ressources naturelles Canada, 2025.<\/p>\n<\/div><\/div><\/div>\n\n\n\n<div class=\"wp-block-rbc-rbc-disclaimer-block\"><div class=\"table-row\" id=\"legal-5\"><div class=\"table-cell\"><span class=\"offscreen\">Legal Disclaimer<\/span><sup>5<\/sup><\/div><div class=\"table-cell\">\n<p>U.S. Geological Survey. <em>Mineral Commodity Summaries &#8211; Potash<\/em>, janvier&nbsp;2025<\/p>\n<\/div><\/div><\/div>\n\n\n\n<div class=\"wp-block-rbc-rbc-disclaimer-block\"><div class=\"table-row\" id=\"legal-6\"><div class=\"table-cell\"><span class=\"offscreen\">Legal Disclaimer<\/span><sup>6<\/sup><\/div><div class=\"table-cell\">\n<p>USDA Economic Research Service. <em>Fertilizer prices stable at onset of 2025 planting season, below highs of 2021 and 2022, 2025<\/em>.<\/p>\n<\/div><\/div><\/div>\n<\/div><\/div><\/div><\/div><\/section>\n","protected":false},"excerpt":{"rendered":"<p>Quels enjeux pour les secteurs agricoles canadien et am\u00e9ricain face aux nouvelles menaces de tarifs<\/p>\n","protected":false},"author":89,"featured_media":12100,"parent":0,"menu_order":0,"template":"","meta":{"_acf_changed":false,"disable_focal_point":false,"featured_image_focal_point":{"x":0.52,"y":0.6},"advgb_blocks_editor_width":"","advgb_blocks_columns_visual_guide":"","footnotes":""},"rbc_tl_category":[161],"rbc_tl_tag":[],"class_list":["post-12042","rbc_tl","type-rbc_tl","status-publish","has-post-thumbnail","hentry","rbc_tl_category-la-zone-commerciale"],"acf":[],"yoast_head":"<!-- This site is optimized with the Yoast SEO Premium plugin v27.4 (Yoast SEO v27.4) - https:\/\/yoast.com\/product\/yoast-seo-premium-wordpress\/ -->\n<title>Zone commerciale\u00a0: Semer les graines d\u2019une hausse des prix - RBC<\/title>\n<meta name=\"description\" content=\"Quels enjeux pour les secteurs agricoles canadien et am\u00e9ricain face aux nouvelles menaces de tarifs\" \/>\n<meta name=\"robots\" content=\"index, follow, max-snippet:-1, max-image-preview:large, max-video-preview:-1\" \/>\n<link rel=\"canonical\" href=\"https:\/\/www.rbc.com\/fr\/leadership-avise\/la-zone-commerciale\/semer-les-graines-dune-hausse-des-prix\/\" \/>\n<meta property=\"og:locale\" content=\"fr_FR\" \/>\n<meta property=\"og:type\" content=\"article\" \/>\n<meta property=\"og:title\" content=\"Zone commerciale\u00a0: Semer les graines d\u2019une hausse des prix\" \/>\n<meta property=\"og:description\" content=\"Quels enjeux pour les secteurs agricoles canadien et am\u00e9ricain face aux nouvelles menaces de tarifs\" \/>\n<meta property=\"og:url\" content=\"https:\/\/www.rbc.com\/fr\/leadership-avise\/la-zone-commerciale\/semer-les-graines-dune-hausse-des-prix\/\" \/>\n<meta property=\"og:site_name\" content=\"RBC\" \/>\n<meta property=\"article:modified_time\" content=\"2025-12-15T22:01:19+00:00\" \/>\n<meta property=\"og:image\" content=\"https:\/\/www.rbc.com\/fr\/wp-content\/uploads\/sites\/5\/2025\/12\/TZ-12.12-Blog-Image_Branded-1200x627-1.jpg?quality=80\" \/>\n\t<meta property=\"og:image:width\" content=\"2500\" \/>\n\t<meta property=\"og:image:height\" content=\"1306\" \/>\n\t<meta property=\"og:image:type\" content=\"image\/jpeg\" \/>\n<meta name=\"twitter:card\" content=\"summary_large_image\" \/>\n<meta name=\"twitter:title\" content=\"Zone commerciale\u00a0: Semer les graines d\u2019une hausse des prix\" \/>\n<meta name=\"twitter:label1\" content=\"Est. reading time\" \/>\n\t<meta name=\"twitter:data1\" content=\"7 minutes\" \/>\n<script type=\"application\/ld+json\" class=\"yoast-schema-graph\">{\"@context\":\"https:\\\/\\\/schema.org\",\"@graph\":[{\"@type\":\"WebPage\",\"@id\":\"https:\\\/\\\/www.rbc.com\\\/fr\\\/leadership-avise\\\/la-zone-commerciale\\\/semer-les-graines-dune-hausse-des-prix\\\/\",\"url\":\"https:\\\/\\\/www.rbc.com\\\/fr\\\/leadership-avise\\\/la-zone-commerciale\\\/semer-les-graines-dune-hausse-des-prix\\\/\",\"name\":\"Zone commerciale\u00a0: Semer les graines d\u2019une hausse des prix - RBC\",\"isPartOf\":{\"@id\":\"https:\\\/\\\/www.rbc.com\\\/fr\\\/#website\"},\"primaryImageOfPage\":{\"@id\":\"https:\\\/\\\/www.rbc.com\\\/fr\\\/leadership-avise\\\/la-zone-commerciale\\\/semer-les-graines-dune-hausse-des-prix\\\/#primaryimage\"},\"image\":{\"@id\":\"https:\\\/\\\/www.rbc.com\\\/fr\\\/leadership-avise\\\/la-zone-commerciale\\\/semer-les-graines-dune-hausse-des-prix\\\/#primaryimage\"},\"thumbnailUrl\":\"https:\\\/\\\/www.rbc.com\\\/fr\\\/wp-content\\\/uploads\\\/sites\\\/5\\\/2025\\\/12\\\/TZ-12.12-Blog-Image_Banner-wide.jpg?quality=80\",\"datePublished\":\"2025-12-15T21:58:31+00:00\",\"dateModified\":\"2025-12-15T22:01:19+00:00\",\"description\":\"Quels enjeux pour les secteurs agricoles canadien et am\u00e9ricain face aux nouvelles menaces de tarifs\",\"inLanguage\":\"fr-FR\",\"potentialAction\":[{\"@type\":\"ReadAction\",\"target\":[\"https:\\\/\\\/www.rbc.com\\\/fr\\\/leadership-avise\\\/la-zone-commerciale\\\/semer-les-graines-dune-hausse-des-prix\\\/\"]}]},{\"@type\":\"ImageObject\",\"inLanguage\":\"fr-FR\",\"@id\":\"https:\\\/\\\/www.rbc.com\\\/fr\\\/leadership-avise\\\/la-zone-commerciale\\\/semer-les-graines-dune-hausse-des-prix\\\/#primaryimage\",\"url\":\"https:\\\/\\\/www.rbc.com\\\/fr\\\/wp-content\\\/uploads\\\/sites\\\/5\\\/2025\\\/12\\\/TZ-12.12-Blog-Image_Banner-wide.jpg?quality=80\",\"contentUrl\":\"https:\\\/\\\/www.rbc.com\\\/fr\\\/wp-content\\\/uploads\\\/sites\\\/5\\\/2025\\\/12\\\/TZ-12.12-Blog-Image_Banner-wide.jpg?quality=80\",\"width\":7250,\"height\":3500},{\"@type\":\"WebSite\",\"@id\":\"https:\\\/\\\/www.rbc.com\\\/fr\\\/#website\",\"url\":\"https:\\\/\\\/www.rbc.com\\\/fr\\\/\",\"name\":\"RBC\",\"description\":\"\",\"potentialAction\":[{\"@type\":\"SearchAction\",\"target\":{\"@type\":\"EntryPoint\",\"urlTemplate\":\"https:\\\/\\\/www.rbc.com\\\/fr\\\/?s={search_term_string}\"},\"query-input\":{\"@type\":\"PropertyValueSpecification\",\"valueRequired\":true,\"valueName\":\"search_term_string\"}}],\"inLanguage\":\"fr-FR\"}]}<\/script>\n<!-- \/ Yoast SEO Premium plugin. -->","yoast_head_json":{"title":"Zone commerciale\u00a0: Semer les graines d\u2019une hausse des prix - RBC","description":"Quels enjeux pour les secteurs agricoles canadien et am\u00e9ricain face aux nouvelles menaces de tarifs","robots":{"index":"index","follow":"follow","max-snippet":"max-snippet:-1","max-image-preview":"max-image-preview:large","max-video-preview":"max-video-preview:-1"},"canonical":"https:\/\/www.rbc.com\/fr\/leadership-avise\/la-zone-commerciale\/semer-les-graines-dune-hausse-des-prix\/","og_locale":"fr_FR","og_type":"article","og_title":"Zone commerciale\u00a0: Semer les graines d\u2019une hausse des prix","og_description":"Quels enjeux pour les secteurs agricoles canadien et am\u00e9ricain face aux nouvelles menaces de tarifs","og_url":"https:\/\/www.rbc.com\/fr\/leadership-avise\/la-zone-commerciale\/semer-les-graines-dune-hausse-des-prix\/","og_site_name":"RBC","article_modified_time":"2025-12-15T22:01:19+00:00","og_image":[{"width":2500,"height":1306,"url":"https:\/\/www.rbc.com\/fr\/wp-content\/uploads\/sites\/5\/2025\/12\/TZ-12.12-Blog-Image_Branded-1200x627-1.jpg?quality=80","type":"image\/jpeg"}],"twitter_card":"summary_large_image","twitter_title":"Zone commerciale\u00a0: Semer les graines d\u2019une hausse des prix","twitter_misc":{"Est. reading time":"7 minutes"},"schema":{"@context":"https:\/\/schema.org","@graph":[{"@type":"WebPage","@id":"https:\/\/www.rbc.com\/fr\/leadership-avise\/la-zone-commerciale\/semer-les-graines-dune-hausse-des-prix\/","url":"https:\/\/www.rbc.com\/fr\/leadership-avise\/la-zone-commerciale\/semer-les-graines-dune-hausse-des-prix\/","name":"Zone commerciale\u00a0: Semer les graines d\u2019une hausse des prix - RBC","isPartOf":{"@id":"https:\/\/www.rbc.com\/fr\/#website"},"primaryImageOfPage":{"@id":"https:\/\/www.rbc.com\/fr\/leadership-avise\/la-zone-commerciale\/semer-les-graines-dune-hausse-des-prix\/#primaryimage"},"image":{"@id":"https:\/\/www.rbc.com\/fr\/leadership-avise\/la-zone-commerciale\/semer-les-graines-dune-hausse-des-prix\/#primaryimage"},"thumbnailUrl":"https:\/\/www.rbc.com\/fr\/wp-content\/uploads\/sites\/5\/2025\/12\/TZ-12.12-Blog-Image_Banner-wide.jpg?quality=80","datePublished":"2025-12-15T21:58:31+00:00","dateModified":"2025-12-15T22:01:19+00:00","description":"Quels enjeux pour les secteurs agricoles canadien et am\u00e9ricain face aux nouvelles menaces de tarifs","inLanguage":"fr-FR","potentialAction":[{"@type":"ReadAction","target":["https:\/\/www.rbc.com\/fr\/leadership-avise\/la-zone-commerciale\/semer-les-graines-dune-hausse-des-prix\/"]}]},{"@type":"ImageObject","inLanguage":"fr-FR","@id":"https:\/\/www.rbc.com\/fr\/leadership-avise\/la-zone-commerciale\/semer-les-graines-dune-hausse-des-prix\/#primaryimage","url":"https:\/\/www.rbc.com\/fr\/wp-content\/uploads\/sites\/5\/2025\/12\/TZ-12.12-Blog-Image_Banner-wide.jpg?quality=80","contentUrl":"https:\/\/www.rbc.com\/fr\/wp-content\/uploads\/sites\/5\/2025\/12\/TZ-12.12-Blog-Image_Banner-wide.jpg?quality=80","width":7250,"height":3500},{"@type":"WebSite","@id":"https:\/\/www.rbc.com\/fr\/#website","url":"https:\/\/www.rbc.com\/fr\/","name":"RBC","description":"","potentialAction":[{"@type":"SearchAction","target":{"@type":"EntryPoint","urlTemplate":"https:\/\/www.rbc.com\/fr\/?s={search_term_string}"},"query-input":{"@type":"PropertyValueSpecification","valueRequired":true,"valueName":"search_term_string"}}],"inLanguage":"fr-FR"}]}},"parsely":{"version":"1.1.0","canonical_url":"https:\/\/rbc.com\/en\/thought-leadership\/the-trade-zone\/sowing-the-seeds-of-higher-prices\/","smart_links":{"inbound":0,"outbound":0},"traffic_boost_suggestions_count":0,"meta":{"@context":"https:\/\/schema.org","@type":"NewsArticle","headline":"Zone commerciale\u00a0: Semer les graines d\u2019une hausse des prix","url":"http:\/\/www.rbc.com\/fr\/leadership-avise\/la-zone-commerciale\/semer-les-graines-dune-hausse-des-prix\/","mainEntityOfPage":{"@type":"WebPage","@id":"http:\/\/www.rbc.com\/fr\/leadership-avise\/la-zone-commerciale\/semer-les-graines-dune-hausse-des-prix\/"},"thumbnailUrl":"https:\/\/www.rbc.com\/fr\/wp-content\/uploads\/sites\/5\/2025\/12\/TZ-12.12-Blog-Image_Banner-wide.jpg?quality=80&w=150&h=150&crop=1","image":{"@type":"ImageObject","url":"https:\/\/www.rbc.com\/fr\/wp-content\/uploads\/sites\/5\/2025\/12\/TZ-12.12-Blog-Image_Banner-wide.jpg?quality=80"},"articleSection":"Uncategorized","author":[{"@type":"Person","name":"lavanyakaleeswaran"}],"creator":["lavanyakaleeswaran"],"publisher":{"@type":"Organization","name":"RBC","logo":""},"keywords":[],"dateCreated":"2025-12-15T21:58:31Z","datePublished":"2025-12-15T21:58:31Z","dateModified":"2025-12-15T22:01:19Z"},"rendered":"<script type=\"application\/ld+json\" class=\"wp-parsely-metadata\">{\"@context\":\"https:\\\/\\\/schema.org\",\"@type\":\"NewsArticle\",\"headline\":\"Zone commerciale\\u00a0: Semer les graines d\\u2019une hausse des prix\",\"url\":\"http:\\\/\\\/www.rbc.com\\\/fr\\\/leadership-avise\\\/la-zone-commerciale\\\/semer-les-graines-dune-hausse-des-prix\\\/\",\"mainEntityOfPage\":{\"@type\":\"WebPage\",\"@id\":\"http:\\\/\\\/www.rbc.com\\\/fr\\\/leadership-avise\\\/la-zone-commerciale\\\/semer-les-graines-dune-hausse-des-prix\\\/\"},\"thumbnailUrl\":\"https:\\\/\\\/www.rbc.com\\\/fr\\\/wp-content\\\/uploads\\\/sites\\\/5\\\/2025\\\/12\\\/TZ-12.12-Blog-Image_Banner-wide.jpg?quality=80&w=150&h=150&crop=1\",\"image\":{\"@type\":\"ImageObject\",\"url\":\"https:\\\/\\\/www.rbc.com\\\/fr\\\/wp-content\\\/uploads\\\/sites\\\/5\\\/2025\\\/12\\\/TZ-12.12-Blog-Image_Banner-wide.jpg?quality=80\"},\"articleSection\":\"Uncategorized\",\"author\":[{\"@type\":\"Person\",\"name\":\"lavanyakaleeswaran\"}],\"creator\":[\"lavanyakaleeswaran\"],\"publisher\":{\"@type\":\"Organization\",\"name\":\"RBC\",\"logo\":\"\"},\"keywords\":[],\"dateCreated\":\"2025-12-15T21:58:31Z\",\"datePublished\":\"2025-12-15T21:58:31Z\",\"dateModified\":\"2025-12-15T22:01:19Z\"}<\/script>","tracker_url":"https:\/\/cdn.parsely.com\/keys\/rbc.com\/p.js"},"featured_img":"https:\/\/www.rbc.com\/fr\/wp-content\/uploads\/sites\/5\/2025\/12\/TZ-12.12-Blog-Image_Banner-wide.jpg?quality=80&w=1024","coauthors":[],"author_meta":{"author_link":"https:\/\/www.rbc.com\/fr\/author\/lavanyakaleeswaran\/","display_name":"lavanyakaleeswaran"},"relative_dates":{"created":"Publi\u00e9 5 mois il y a","modified":"Mis \u00e0 jour 5 mois il y a"},"absolute_dates":{"created":"Publi\u00e9 le 15 d\u00e9cembre 2025","modified":"Mise \u00e0 jour le 15 d\u00e9cembre 2025"},"absolute_dates_time":{"created":"Publi\u00e9 le 15 d\u00e9cembre 2025 9:58  ","modified":"Mise \u00e0 jour le 15 d\u00e9cembre 2025 10:01  "},"featured_img_caption":"","tax_additional":{"rbc_tl_category":{"linked":["<a href=\"https:\/\/www.rbc.com\/fr\/leadership-avise\/la-zone-commerciale\/\" class=\"advgb-post-tax-term\">La zone commerciale<\/a>"],"unlinked":["<span class=\"advgb-post-tax-term\">La zone commerciale<\/span>"],"slug":"rbc_tl_category","name":"Categories"},"rbc_tl_tag":{"linked":[],"unlinked":[],"slug":"rbc_tl_tag","name":"Tags"}},"series_order":"","_links":{"self":[{"href":"https:\/\/www.rbc.com\/fr\/wp-json\/wp\/v2\/rbc_tl\/12042","targetHints":{"allow":["GET"]}}],"collection":[{"href":"https:\/\/www.rbc.com\/fr\/wp-json\/wp\/v2\/rbc_tl"}],"about":[{"href":"https:\/\/www.rbc.com\/fr\/wp-json\/wp\/v2\/types\/rbc_tl"}],"author":[{"embeddable":true,"href":"https:\/\/www.rbc.com\/fr\/wp-json\/wp\/v2\/users\/89"}],"version-history":[{"count":44,"href":"https:\/\/www.rbc.com\/fr\/wp-json\/wp\/v2\/rbc_tl\/12042\/revisions"}],"predecessor-version":[{"id":12128,"href":"https:\/\/www.rbc.com\/fr\/wp-json\/wp\/v2\/rbc_tl\/12042\/revisions\/12128"}],"wp:featuredmedia":[{"embeddable":true,"href":"https:\/\/www.rbc.com\/fr\/wp-json\/wp\/v2\/media\/12100"}],"wp:attachment":[{"href":"https:\/\/www.rbc.com\/fr\/wp-json\/wp\/v2\/media?parent=12042"}],"wp:term":[{"taxonomy":"rbc_tl_category","embeddable":true,"href":"https:\/\/www.rbc.com\/fr\/wp-json\/wp\/v2\/rbc_tl_category?post=12042"},{"taxonomy":"rbc_tl_tag","embeddable":true,"href":"https:\/\/www.rbc.com\/fr\/wp-json\/wp\/v2\/rbc_tl_tag?post=12042"}],"curies":[{"name":"wp","href":"https:\/\/api.w.org\/{rel}","templated":true}]}}