{"id":11303,"date":"2025-11-19T15:34:46","date_gmt":"2025-11-19T15:34:46","guid":{"rendered":"https:\/\/www.rbc.com\/fr\/?post_type=rbc_tl&#038;p=11303\/trade-zone-a-new-chapter-in-saudi-canadian-relations"},"modified":"2025-11-19T15:34:48","modified_gmt":"2025-11-19T15:34:48","slug":"un-nouveau-chapitre-dans-les-relations-saoudo-canadiennes","status":"publish","type":"rbc_tl","link":"https:\/\/www.rbc.com\/fr\/leadership-avise\/la-zone-commerciale\/un-nouveau-chapitre-dans-les-relations-saoudo-canadiennes\/","title":{"rendered":"Zone commerciale\u00a0: Un nouveau chapitre dans les relations saoudo-canadiennes"},"content":{"rendered":"\n<section class=\"wp-block-rbc-section-block  pos-rel\" style=\"border-radius:0px\">\n<div class=\"wp-block-rbc-section-inner-block  section-inner pad-t-0 mob-pad-t-0\" style=\"border-radius:0x\">\n<p><strong>Dans le num\u00e9ro de cette semaine&nbsp;:<\/strong>&nbsp;P\u00e9riode d\u00e9cisive pour les min\u00e9raux critiques et r\u00f4le strat\u00e9gique du Canada<\/p>\n\n\n\n<h2 class=\"wp-block-heading has-rbc-dark-blue-tint-color has-text-color has-link-color wp-elements-0773a153a80ab5641ed02ee9bc9a915c\" id=\"h-ce-qui-definira-la-nouvelle-relation-entre-le-canada-et-l-arabie-saoudite\">Ce qui d\u00e9finira la nouvelle relation entre le Canada et l\u2019Arabie saoudite<\/h2>\n\n\n\n<p>Par<em> <strong>John Stackhouse<\/strong><\/em><\/p>\n\n\n\n<p>Il y a quelques ann\u00e9es, le dialogue entre l\u2019Arabie saoudite et le Canada \u00e9tait quasi inexistant. Aujourd\u2019hui, ils discutent d\u2019accords commerciaux, d\u2019occasions d\u2019investissement et, si tout se d\u00e9roule comme pr\u00e9vu, d\u2019une visite du premier ministre Mark Carney au Royaume l\u2019an prochain.<\/p>\n\n\n\n<p>\u00c0 l\u2019\u00e8re de Trump, l\u2019Arabie saoudite et le Canada s\u2019inscrivent parmi ces puissances moyennes qui cherchent \u00e0 tracer une nouvelle voie sur les plans \u00e9conomique et g\u00e9opolitique.<\/p>\n\n\n\n<p>Plusieurs secteurs pourraient transformer les relations saoudo-canadiennes&nbsp;: l\u2019\u00e9nergie sous toutes ses formes (renouvelable, nucl\u00e9aire, v\u00e9hicules \u00e9lectriques), la fabrication avanc\u00e9e, notamment dans les drones et les satellites, l\u2019intelligence artificielle et l\u2019analyse quantitative, l\u2019exploitation mini\u00e8re et les min\u00e9raux critiques, ainsi que l\u2019enseignement sup\u00e9rieur et les soins de sant\u00e9. Les deux pays disposent d\u2019importants capitaux \u00e0 investir, mais aussi d\u2019importants besoins de financement.<\/p>\n\n\n\n<p>Le rapprochement s\u2019est acc\u00e9l\u00e9r\u00e9 plus t\u00f4t ce mois-ci, lorsque le ministre saoudien de l\u2019Investissement, Khalid Al-Falih, a pass\u00e9 une journ\u00e9e \u00e0 Ottawa, avec M. Carney et plusieurs ministres de haut rang, suivie d\u2019une journ\u00e9e \u00e0 Bay Street. Moins remarqu\u00e9e mais tout aussi importante, la visite de la premi\u00e8re ministre de l\u2019Alberta a jou\u00e9 un r\u00f4le important. Danielle Smith s\u2019est rendue dans la r\u00e9gion, notamment en Arabie Saoudite, afin de promouvoir les technologies et les investissements dans le secteur de l\u2019\u00e9nergie.<\/p>\n\n\n\n<p>Voici quelques \u00e9l\u00e9ments \u00e0 surveiller au cours des prochains mois&nbsp;:<\/p>\n\n\n\n<ul class=\"wp-block-rbc-list is-style-black-disc\">\n<li class=\"wp-block-rbc-list-item\">\n<p>L\u2019appel de M. Carney \u00e0 mobiliser plus de 1&nbsp;000&nbsp;milliards de dollars de nouveaux investissements, majoritairement priv\u00e9s, n\u00e9cessitera la participation de fonds d\u2019investissement et d\u2019entreprises saoudiennes.<\/p>\n<\/li>\n\n\n\n<li class=\"wp-block-rbc-list-item\">\n<p>\u00c0 la lumi\u00e8re de ses ambitions en mati\u00e8re de diversification \u00e9nerg\u00e9tique, notamment l\u2019hydrog\u00e8ne vert et bleu, l\u2019ammoniac vert et les v\u00e9hicules \u00e9lectriques, cit\u00e9s par M.&nbsp;Al-Falih, l\u2019Arabie saoudite pourrait recourir davantage aux technologies, aux talents et aux investissements canadiens. Les repr\u00e9sentants saoudiens en visite ont rencontr\u00e9 des fabricants ontariens de pi\u00e8ces automobiles, dans l\u2019espoir qu\u2019ils s\u2019int\u00e9ressent \u00e0 leur objectif de produire 600&nbsp;000&nbsp;VE par an.<\/p>\n<\/li>\n\n\n\n<li class=\"wp-block-rbc-list-item\">\n<p>Les fabricants et producteurs canadiens, en particulier dans le domaine de l\u2019agroalimentaire, peuvent jouer un r\u00f4le de premier plan dans le projet de l\u2019Arabie saoudite de devenir une plaque tournante de l\u2019alimentation pour le Moyen-Orient et l\u2019Afrique du Nord.<\/p>\n<\/li>\n<\/ul>\n<\/div>\n<\/section>\n\n\n\n<section class=\"wp-block-rbc-section-block  pos-rel\" style=\"border-radius:0px\">\n<div class=\"wp-block-rbc-section-inner-block  section-inner pad-t-0 mob-pad-t-0\" style=\"border-radius:0x\">\n<h2 class=\"wp-block-heading has-rbc-dark-blue-tint-color has-text-color has-link-color wp-elements-89eec2959e85a105374ebcf668585a1b\" id=\"h-recapitulatif-de-la-semaine\">R\u00e9capitulatif de la semaine<\/h2>\n\n\n\n<ul class=\"wp-block-rbc-list is-style-black-disc\">\n<li class=\"wp-block-rbc-list-item\">\n<p>Ottawa esp\u00e8re relancer les pourparlers commerciaux avec l\u2019Inde dans le cadre d\u2019un \u00ab&nbsp;nouveau processus \u00bb, a d\u00e9clar\u00e9 le <a href=\"https:\/\/www.theglobeandmail.com\/business\/article-canada-india-trade-talks-minister-sidhu\/\">ministre canadien du Commerce, Maninder Sidhu<\/a>.&nbsp;Lors d\u2019une visite de trois jours en Inde, le ministre a discut\u00e9 des min\u00e9raux critiques, de l\u2019\u00e9nergie propre, de l\u2019agriculture et de l\u2019intelligence artificielle.<\/p>\n<\/li>\n\n\n\n<li class=\"wp-block-rbc-list-item\">\n<p>Pour tenter d\u2019all\u00e9ger les co\u00fbts \u00e0 l\u2019\u00e9picerie, le pr\u00e9sident am\u00e9ricain Donald Trump cherche \u00e0&nbsp;<a href=\"https:\/\/www.bloomberg.com\/news\/articles\/2025-11-13\/us-argentina-reach-deal-to-open-their-markets-on-key-goods?srnd=homepage-canada\">abaisser les droits de douane<\/a>&nbsp;sur des produits tels que le caf\u00e9 et les bananes dans le cadre d\u2019accords conclus avec quelques pays d\u2019Am\u00e9rique latine.&nbsp;<\/p>\n<\/li>\n\n\n\n<li class=\"wp-block-rbc-list-item\">\n<p>En revanche, le prix des p\u00e2tes italiennes pourrait grimper en fl\u00e8che d\u00e8s janvier pour les Am\u00e9ricains, en raison de droits de douane propos\u00e9s de&nbsp;<a href=\"https:\/\/www.nbcnews.com\/business\/business-news\/italian-pasta-tariffs-trump-rcna243264\">107&nbsp;%<\/a> sur les produits de 13&nbsp;soci\u00e9t\u00e9s italiennes.<\/p>\n<\/li>\n\n\n\n<li class=\"wp-block-rbc-list-item\">\n<p>L\u2019industrie foresti\u00e8re canadienne pr\u00e9voit de&nbsp;<a href=\"https:\/\/www.ft.com\/content\/e56e8bb0-6dc0-4447-a907-e95164cec8e5\">rediriger<\/a>&nbsp;vers le Royaume-Uni et l\u2019Europe environ 10&nbsp;% du bois normalement export\u00e9 aux \u00c9tats-Unis, soit l\u2019\u00e9quivalent de mat\u00e9riaux suffisants pour construire 75&nbsp;000&nbsp;maisons. <\/p>\n<\/li>\n\n\n\n<li class=\"wp-block-rbc-list-item\">\n<p>Amazon et Microsoft ont exprim\u00e9 leur soutien au <em>Gain AI Act<\/em>, une&nbsp;<a href=\"https:\/\/www.wsj.com\/tech\/amazon-and-microsoft-back-effort-that-would-restrict-nvidias-exports-to-china-21e29e01?mod=hp_lead_pos3\">loi<\/a>&nbsp;qui obligerait les fabricants de puces \u00e0 r\u00e9pondre d\u2019abord \u00e0 la demande am\u00e9ricaine avant d\u2019exporter vers d\u2019autres pays, y compris la Chine. Nvidia, soucieuse de pr\u00e9server sa pr\u00e9sence sur la deuxi\u00e8me \u00e9conomie mondiale, consid\u00e8re cette initiative comme une mesure interventionniste inutile.<\/p>\n\n\n\n<div id=\"everviz-csNETnuU-\" class=\"everviz-csNETnuU-\" data-view=\"graph\"><\/div>\n<\/li>\n<\/ul>\n<\/div>\n<\/section>\n\n\n\n<section class=\"wp-block-rbc-section-block  pos-rel\" style=\"border-radius:0px\">\n<div class=\"wp-block-rbc-section-inner-block  section-inner pad-t-0 mob-pad-t-0\" style=\"border-radius:0x\">\n<h2 class=\"wp-block-heading has-rbc-dark-blue-tint-color has-text-color has-link-color wp-elements-883990e13fb9f6efc18ff5cf2f57d487\" id=\"h-periode-decisive-pour-les-mineraux-critiques-et-role-strategique-du-canada\">P\u00e9riode d\u00e9cisive pour les min\u00e9raux critiques et r\u00f4le strat\u00e9gique du Canada<\/h2>\n\n\n\n<p>Par <strong>Shaz Merwat,<\/strong> directeur g\u00e9n\u00e9ral, Politique \u00e9nerg\u00e9tique<\/p>\n\n\n\n<p>La Coalition for North American Trade (CNAT), copr\u00e9sid\u00e9e par l\u2019ancien pr\u00e9sident du U.S. House Ways and Means Committee, Kevin Brady, l\u2019ex-n\u00e9gociateur en chef de l\u2019ALENA au Canada, Steve Verheul et le mexicain Ken Ramos, a r\u00e9cemment remis au repr\u00e9sentant am\u00e9ricain du commerce, Jamieson Greer, un document qui pr\u00e9sente la CNAT comme l\u2019un des outils les plus puissants du continent pour r\u00e9tablir la s\u00e9curit\u00e9 des minerais critiques.<\/p>\n\n\n\n<p><strong>Principaux \u00e9l\u00e9ments du dossier :<\/strong><\/p>\n\n\n\n<ul class=\"wp-block-rbc-list is-style-black-disc\">\n<li class=\"wp-block-rbc-list-item\">\n<p>Les \u00c9tats-Unis d\u00e9pendent encore enti\u00e8rement des importations pour 16\u00a0min\u00e9raux critiques (dont le graphite) et \u00e0 plus de 50\u00a0% pour 29\u00a0autres, notamment les terres rares, le zinc, le cobalt et le nickel.<\/p>\n<\/li>\n\n\n\n<li class=\"wp-block-rbc-list-item\">\n<p>Le Canada est la principale source d\u2019approvisionnement des \u00c9tats-Unis pour l\u2019indium, le nickel, la potasse, le tellure, l\u2019uranium, le vanadium et le zinc, et leur deuxi\u00e8me source pour le cuivre, le graphite, le niobium et le tungst\u00e8ne.<\/p>\n<\/li>\n<\/ul>\n\n\n\n<p>Selon le dossier soumis par la CNAT, la structure sans droits de douane et le mod\u00e8le de coproduction de la CNAT en font la plateforme id\u00e9ale pour acc\u00e9l\u00e9rer la relocalisation ou la quasi-relocalisation des cha\u00eenes d\u2019approvisionnement en min\u00e9raux critiques, de l\u2019exploration aux processus d\u2019autorisation jusqu\u2019au traitement, au raffinage et aux mat\u00e9riaux de qualit\u00e9 pour batteries. L\u2019int\u00e9gration des ressources canadiennes \u00e0 la force du secteur manufacturier am\u00e9ricain et aux capacit\u00e9s de traitement du Mexique permet de combler une lacune dans la collaboration actuelle en mati\u00e8re de min\u00e9raux critiques, qui repose surtout sur les alli\u00e9s du G7+.<\/p>\n\n\n\n<p>Pour le Canada, l\u2019ouverture strat\u00e9gique passe par l\u2019approfondissement de l\u2019int\u00e9gration trilat\u00e9rale&nbsp;: tirer parti de la CNAT pour attirer des investissements, accro\u00eetre le traitement \u00e0 valeur ajout\u00e9e et mieux arrimer les ressources en amont au syst\u00e8me de production nord-am\u00e9ricain \u00e9largi, afin de cr\u00e9er une plateforme enti\u00e8rement r\u00e9gionale pour les min\u00e9raux critiques.<\/p>\n<\/div>\n<\/section>\n","protected":false},"excerpt":{"rendered":"<p>De plus, l\u2019importance des min\u00e9raux critiques en Am\u00e9rique du Nord \u2014 et le r\u00f4le strat\u00e9gique du Canada<\/p>\n","protected":false},"author":89,"featured_media":11335,"parent":0,"menu_order":0,"template":"","meta":{"_acf_changed":false,"disable_focal_point":false,"featured_image_focal_point":{"x":0.52,"y":0.24},"advgb_blocks_editor_width":"","advgb_blocks_columns_visual_guide":"","footnotes":""},"rbc_tl_category":[161],"rbc_tl_tag":[],"class_list":["post-11303","rbc_tl","type-rbc_tl","status-publish","has-post-thumbnail","hentry","rbc_tl_category-la-zone-commerciale"],"acf":[],"yoast_head":"<!-- This site is optimized with the Yoast SEO Premium plugin v27.4 (Yoast SEO v27.4) - https:\/\/yoast.com\/product\/yoast-seo-premium-wordpress\/ -->\n<title>Zone commerciale\u00a0: Un nouveau chapitre dans les relations saoudo-canadiennes - RBC<\/title>\n<meta name=\"description\" content=\"De plus, l\u2019importance des min\u00e9raux critiques en Am\u00e9rique du Nord \u2014 et le r\u00f4le strat\u00e9gique du Canada\" \/>\n<meta name=\"robots\" content=\"index, follow, max-snippet:-1, max-image-preview:large, max-video-preview:-1\" \/>\n<link rel=\"canonical\" href=\"https:\/\/www.rbc.com\/fr\/leadership-avise\/la-zone-commerciale\/un-nouveau-chapitre-dans-les-relations-saoudo-canadiennes\/\" \/>\n<meta property=\"og:locale\" content=\"fr_FR\" \/>\n<meta property=\"og:type\" content=\"article\" \/>\n<meta property=\"og:title\" content=\"Zone commerciale\u00a0: Un nouveau chapitre dans les relations saoudo-canadiennes\" \/>\n<meta property=\"og:description\" content=\"De plus, l\u2019importance des min\u00e9raux critiques en Am\u00e9rique du Nord \u2014 et le r\u00f4le strat\u00e9gique du Canada\" \/>\n<meta property=\"og:url\" content=\"https:\/\/www.rbc.com\/fr\/leadership-avise\/la-zone-commerciale\/un-nouveau-chapitre-dans-les-relations-saoudo-canadiennes\/\" \/>\n<meta property=\"og:site_name\" content=\"RBC\" \/>\n<meta property=\"article:modified_time\" content=\"2025-11-19T15:34:48+00:00\" \/>\n<meta property=\"og:image\" content=\"https:\/\/www.rbc.com\/fr\/wp-content\/uploads\/sites\/5\/2025\/11\/TZ-11.14-Blog-Image_Branded-1200x627-1.jpg?quality=80\" \/>\n\t<meta property=\"og:image:width\" content=\"2500\" \/>\n\t<meta property=\"og:image:height\" content=\"1306\" \/>\n\t<meta property=\"og:image:type\" content=\"image\/jpeg\" \/>\n<meta name=\"twitter:card\" content=\"summary_large_image\" \/>\n<meta name=\"twitter:title\" content=\"Zone commerciale\u00a0: Un nouveau chapitre dans les relations saoudo-canadiennes\" \/>\n<meta name=\"twitter:label1\" content=\"Est. reading time\" \/>\n\t<meta name=\"twitter:data1\" content=\"5 minutes\" \/>\n<script type=\"application\/ld+json\" class=\"yoast-schema-graph\">{\"@context\":\"https:\\\/\\\/schema.org\",\"@graph\":[{\"@type\":\"WebPage\",\"@id\":\"https:\\\/\\\/www.rbc.com\\\/fr\\\/leadership-avise\\\/la-zone-commerciale\\\/un-nouveau-chapitre-dans-les-relations-saoudo-canadiennes\\\/\",\"url\":\"https:\\\/\\\/www.rbc.com\\\/fr\\\/leadership-avise\\\/la-zone-commerciale\\\/un-nouveau-chapitre-dans-les-relations-saoudo-canadiennes\\\/\",\"name\":\"Zone commerciale\u00a0: Un nouveau chapitre dans les relations saoudo-canadiennes - RBC\",\"isPartOf\":{\"@id\":\"https:\\\/\\\/www.rbc.com\\\/fr\\\/#website\"},\"primaryImageOfPage\":{\"@id\":\"https:\\\/\\\/www.rbc.com\\\/fr\\\/leadership-avise\\\/la-zone-commerciale\\\/un-nouveau-chapitre-dans-les-relations-saoudo-canadiennes\\\/#primaryimage\"},\"image\":{\"@id\":\"https:\\\/\\\/www.rbc.com\\\/fr\\\/leadership-avise\\\/la-zone-commerciale\\\/un-nouveau-chapitre-dans-les-relations-saoudo-canadiennes\\\/#primaryimage\"},\"thumbnailUrl\":\"https:\\\/\\\/www.rbc.com\\\/fr\\\/wp-content\\\/uploads\\\/sites\\\/5\\\/2025\\\/11\\\/TZ-11.14-Blog-Image_Banner-wide.jpg?quality=80\",\"datePublished\":\"2025-11-19T15:34:46+00:00\",\"dateModified\":\"2025-11-19T15:34:48+00:00\",\"description\":\"De plus, l\u2019importance des min\u00e9raux critiques en Am\u00e9rique du Nord \u2014 et le r\u00f4le strat\u00e9gique du Canada\",\"inLanguage\":\"fr-FR\",\"potentialAction\":[{\"@type\":\"ReadAction\",\"target\":[\"https:\\\/\\\/www.rbc.com\\\/fr\\\/leadership-avise\\\/la-zone-commerciale\\\/un-nouveau-chapitre-dans-les-relations-saoudo-canadiennes\\\/\"]}]},{\"@type\":\"ImageObject\",\"inLanguage\":\"fr-FR\",\"@id\":\"https:\\\/\\\/www.rbc.com\\\/fr\\\/leadership-avise\\\/la-zone-commerciale\\\/un-nouveau-chapitre-dans-les-relations-saoudo-canadiennes\\\/#primaryimage\",\"url\":\"https:\\\/\\\/www.rbc.com\\\/fr\\\/wp-content\\\/uploads\\\/sites\\\/5\\\/2025\\\/11\\\/TZ-11.14-Blog-Image_Banner-wide.jpg?quality=80\",\"contentUrl\":\"https:\\\/\\\/www.rbc.com\\\/fr\\\/wp-content\\\/uploads\\\/sites\\\/5\\\/2025\\\/11\\\/TZ-11.14-Blog-Image_Banner-wide.jpg?quality=80\",\"width\":7250,\"height\":3500},{\"@type\":\"WebSite\",\"@id\":\"https:\\\/\\\/www.rbc.com\\\/fr\\\/#website\",\"url\":\"https:\\\/\\\/www.rbc.com\\\/fr\\\/\",\"name\":\"RBC\",\"description\":\"\",\"potentialAction\":[{\"@type\":\"SearchAction\",\"target\":{\"@type\":\"EntryPoint\",\"urlTemplate\":\"https:\\\/\\\/www.rbc.com\\\/fr\\\/?s={search_term_string}\"},\"query-input\":{\"@type\":\"PropertyValueSpecification\",\"valueRequired\":true,\"valueName\":\"search_term_string\"}}],\"inLanguage\":\"fr-FR\"}]}<\/script>\n<!-- \/ Yoast SEO Premium plugin. -->","yoast_head_json":{"title":"Zone commerciale\u00a0: Un nouveau chapitre dans les relations saoudo-canadiennes - RBC","description":"De plus, l\u2019importance des min\u00e9raux critiques en Am\u00e9rique du Nord \u2014 et le r\u00f4le strat\u00e9gique du Canada","robots":{"index":"index","follow":"follow","max-snippet":"max-snippet:-1","max-image-preview":"max-image-preview:large","max-video-preview":"max-video-preview:-1"},"canonical":"https:\/\/www.rbc.com\/fr\/leadership-avise\/la-zone-commerciale\/un-nouveau-chapitre-dans-les-relations-saoudo-canadiennes\/","og_locale":"fr_FR","og_type":"article","og_title":"Zone commerciale\u00a0: Un nouveau chapitre dans les relations saoudo-canadiennes","og_description":"De plus, l\u2019importance des min\u00e9raux critiques en Am\u00e9rique du Nord \u2014 et le r\u00f4le strat\u00e9gique du Canada","og_url":"https:\/\/www.rbc.com\/fr\/leadership-avise\/la-zone-commerciale\/un-nouveau-chapitre-dans-les-relations-saoudo-canadiennes\/","og_site_name":"RBC","article_modified_time":"2025-11-19T15:34:48+00:00","og_image":[{"width":2500,"height":1306,"url":"https:\/\/www.rbc.com\/fr\/wp-content\/uploads\/sites\/5\/2025\/11\/TZ-11.14-Blog-Image_Branded-1200x627-1.jpg?quality=80","type":"image\/jpeg"}],"twitter_card":"summary_large_image","twitter_title":"Zone commerciale\u00a0: Un nouveau chapitre dans les relations saoudo-canadiennes","twitter_misc":{"Est. reading time":"5 minutes"},"schema":{"@context":"https:\/\/schema.org","@graph":[{"@type":"WebPage","@id":"https:\/\/www.rbc.com\/fr\/leadership-avise\/la-zone-commerciale\/un-nouveau-chapitre-dans-les-relations-saoudo-canadiennes\/","url":"https:\/\/www.rbc.com\/fr\/leadership-avise\/la-zone-commerciale\/un-nouveau-chapitre-dans-les-relations-saoudo-canadiennes\/","name":"Zone commerciale\u00a0: Un nouveau chapitre dans les relations saoudo-canadiennes - RBC","isPartOf":{"@id":"https:\/\/www.rbc.com\/fr\/#website"},"primaryImageOfPage":{"@id":"https:\/\/www.rbc.com\/fr\/leadership-avise\/la-zone-commerciale\/un-nouveau-chapitre-dans-les-relations-saoudo-canadiennes\/#primaryimage"},"image":{"@id":"https:\/\/www.rbc.com\/fr\/leadership-avise\/la-zone-commerciale\/un-nouveau-chapitre-dans-les-relations-saoudo-canadiennes\/#primaryimage"},"thumbnailUrl":"https:\/\/www.rbc.com\/fr\/wp-content\/uploads\/sites\/5\/2025\/11\/TZ-11.14-Blog-Image_Banner-wide.jpg?quality=80","datePublished":"2025-11-19T15:34:46+00:00","dateModified":"2025-11-19T15:34:48+00:00","description":"De plus, l\u2019importance des min\u00e9raux critiques en Am\u00e9rique du Nord \u2014 et le r\u00f4le strat\u00e9gique du Canada","inLanguage":"fr-FR","potentialAction":[{"@type":"ReadAction","target":["https:\/\/www.rbc.com\/fr\/leadership-avise\/la-zone-commerciale\/un-nouveau-chapitre-dans-les-relations-saoudo-canadiennes\/"]}]},{"@type":"ImageObject","inLanguage":"fr-FR","@id":"https:\/\/www.rbc.com\/fr\/leadership-avise\/la-zone-commerciale\/un-nouveau-chapitre-dans-les-relations-saoudo-canadiennes\/#primaryimage","url":"https:\/\/www.rbc.com\/fr\/wp-content\/uploads\/sites\/5\/2025\/11\/TZ-11.14-Blog-Image_Banner-wide.jpg?quality=80","contentUrl":"https:\/\/www.rbc.com\/fr\/wp-content\/uploads\/sites\/5\/2025\/11\/TZ-11.14-Blog-Image_Banner-wide.jpg?quality=80","width":7250,"height":3500},{"@type":"WebSite","@id":"https:\/\/www.rbc.com\/fr\/#website","url":"https:\/\/www.rbc.com\/fr\/","name":"RBC","description":"","potentialAction":[{"@type":"SearchAction","target":{"@type":"EntryPoint","urlTemplate":"https:\/\/www.rbc.com\/fr\/?s={search_term_string}"},"query-input":{"@type":"PropertyValueSpecification","valueRequired":true,"valueName":"search_term_string"}}],"inLanguage":"fr-FR"}]}},"parsely":{"version":"1.1.0","canonical_url":"https:\/\/rbc.com\/fr\/leadership-avise\/la-zone-commerciale\/un-nouveau-chapitre-dans-les-relations-saoudo-canadiennes\/","smart_links":{"inbound":0,"outbound":0},"traffic_boost_suggestions_count":0,"meta":{"@context":"https:\/\/schema.org","@type":"NewsArticle","headline":"Zone commerciale\u00a0: Un nouveau chapitre dans les relations saoudo-canadiennes","url":"http:\/\/www.rbc.com\/fr\/leadership-avise\/la-zone-commerciale\/un-nouveau-chapitre-dans-les-relations-saoudo-canadiennes\/","mainEntityOfPage":{"@type":"WebPage","@id":"http:\/\/www.rbc.com\/fr\/leadership-avise\/la-zone-commerciale\/un-nouveau-chapitre-dans-les-relations-saoudo-canadiennes\/"},"thumbnailUrl":"https:\/\/www.rbc.com\/fr\/wp-content\/uploads\/sites\/5\/2025\/11\/TZ-11.14-Blog-Image_Banner-wide.jpg?quality=80&w=150&h=150&crop=1","image":{"@type":"ImageObject","url":"https:\/\/www.rbc.com\/fr\/wp-content\/uploads\/sites\/5\/2025\/11\/TZ-11.14-Blog-Image_Banner-wide.jpg?quality=80"},"articleSection":"Uncategorized","author":[{"@type":"Person","name":"lavanyakaleeswaran"}],"creator":["lavanyakaleeswaran"],"publisher":{"@type":"Organization","name":"RBC","logo":""},"keywords":[],"dateCreated":"2025-11-19T15:34:46Z","datePublished":"2025-11-19T15:34:46Z","dateModified":"2025-11-19T15:34:48Z"},"rendered":"<script type=\"application\/ld+json\" class=\"wp-parsely-metadata\">{\"@context\":\"https:\\\/\\\/schema.org\",\"@type\":\"NewsArticle\",\"headline\":\"Zone commerciale\\u00a0: Un nouveau chapitre dans les relations saoudo-canadiennes\",\"url\":\"http:\\\/\\\/www.rbc.com\\\/fr\\\/leadership-avise\\\/la-zone-commerciale\\\/un-nouveau-chapitre-dans-les-relations-saoudo-canadiennes\\\/\",\"mainEntityOfPage\":{\"@type\":\"WebPage\",\"@id\":\"http:\\\/\\\/www.rbc.com\\\/fr\\\/leadership-avise\\\/la-zone-commerciale\\\/un-nouveau-chapitre-dans-les-relations-saoudo-canadiennes\\\/\"},\"thumbnailUrl\":\"https:\\\/\\\/www.rbc.com\\\/fr\\\/wp-content\\\/uploads\\\/sites\\\/5\\\/2025\\\/11\\\/TZ-11.14-Blog-Image_Banner-wide.jpg?quality=80&w=150&h=150&crop=1\",\"image\":{\"@type\":\"ImageObject\",\"url\":\"https:\\\/\\\/www.rbc.com\\\/fr\\\/wp-content\\\/uploads\\\/sites\\\/5\\\/2025\\\/11\\\/TZ-11.14-Blog-Image_Banner-wide.jpg?quality=80\"},\"articleSection\":\"Uncategorized\",\"author\":[{\"@type\":\"Person\",\"name\":\"lavanyakaleeswaran\"}],\"creator\":[\"lavanyakaleeswaran\"],\"publisher\":{\"@type\":\"Organization\",\"name\":\"RBC\",\"logo\":\"\"},\"keywords\":[],\"dateCreated\":\"2025-11-19T15:34:46Z\",\"datePublished\":\"2025-11-19T15:34:46Z\",\"dateModified\":\"2025-11-19T15:34:48Z\"}<\/script>","tracker_url":"https:\/\/cdn.parsely.com\/keys\/rbc.com\/p.js"},"featured_img":"https:\/\/www.rbc.com\/fr\/wp-content\/uploads\/sites\/5\/2025\/11\/TZ-11.14-Blog-Image_Banner-wide.jpg?quality=80&w=1024","coauthors":[],"author_meta":{"author_link":"https:\/\/www.rbc.com\/fr\/author\/lavanyakaleeswaran\/","display_name":"lavanyakaleeswaran"},"relative_dates":{"created":"Publi\u00e9 5 mois il y a","modified":"Mis \u00e0 jour 5 mois il y a"},"absolute_dates":{"created":"Publi\u00e9 le 19 novembre 2025","modified":"Mise \u00e0 jour le 19 novembre 2025"},"absolute_dates_time":{"created":"Publi\u00e9 le 19 novembre 2025 3:34  ","modified":"Mise \u00e0 jour le 19 novembre 2025 3:34  "},"featured_img_caption":"","tax_additional":{"rbc_tl_category":{"linked":["<a href=\"https:\/\/www.rbc.com\/fr\/leadership-avise\/la-zone-commerciale\/\" class=\"advgb-post-tax-term\">La zone commerciale<\/a>"],"unlinked":["<span class=\"advgb-post-tax-term\">La zone commerciale<\/span>"],"slug":"rbc_tl_category","name":"Categories"},"rbc_tl_tag":{"linked":[],"unlinked":[],"slug":"rbc_tl_tag","name":"Tags"}},"series_order":"","_links":{"self":[{"href":"https:\/\/www.rbc.com\/fr\/wp-json\/wp\/v2\/rbc_tl\/11303","targetHints":{"allow":["GET"]}}],"collection":[{"href":"https:\/\/www.rbc.com\/fr\/wp-json\/wp\/v2\/rbc_tl"}],"about":[{"href":"https:\/\/www.rbc.com\/fr\/wp-json\/wp\/v2\/types\/rbc_tl"}],"author":[{"embeddable":true,"href":"https:\/\/www.rbc.com\/fr\/wp-json\/wp\/v2\/users\/89"}],"version-history":[{"count":27,"href":"https:\/\/www.rbc.com\/fr\/wp-json\/wp\/v2\/rbc_tl\/11303\/revisions"}],"predecessor-version":[{"id":11336,"href":"https:\/\/www.rbc.com\/fr\/wp-json\/wp\/v2\/rbc_tl\/11303\/revisions\/11336"}],"wp:featuredmedia":[{"embeddable":true,"href":"https:\/\/www.rbc.com\/fr\/wp-json\/wp\/v2\/media\/11335"}],"wp:attachment":[{"href":"https:\/\/www.rbc.com\/fr\/wp-json\/wp\/v2\/media?parent=11303"}],"wp:term":[{"taxonomy":"rbc_tl_category","embeddable":true,"href":"https:\/\/www.rbc.com\/fr\/wp-json\/wp\/v2\/rbc_tl_category?post=11303"},{"taxonomy":"rbc_tl_tag","embeddable":true,"href":"https:\/\/www.rbc.com\/fr\/wp-json\/wp\/v2\/rbc_tl_tag?post=11303"}],"curies":[{"name":"wp","href":"https:\/\/api.w.org\/{rel}","templated":true}]}}