{"id":2253,"date":"2001-06-01T00:00:00","date_gmt":"2001-06-01T00:00:00","guid":{"rendered":"https:\/\/www.rbc.com\/fr\/notre-compagnie\/histoire\/bulletin\/juin-2001-hommage-aux-benevoles\/"},"modified":"2022-10-17T18:28:36","modified_gmt":"2022-10-17T18:28:36","slug":"juin-2001-hommage-aux-benevoles","status":"publish","type":"rbc_letter","link":"https:\/\/www.rbc.com\/fr\/notre-compagnie\/histoire\/bulletin\/juin-2001-hommage-aux-benevoles\/","title":{"rendered":"Juin 2001 &#8211; Hommage aux b\u00e9n\u00e9voles"},"content":{"rendered":"<div id=\"layout-column-main\">\n<p class=\"boldtext\">Ils sont au Canada tout pr\u00e8s de 7,5 millions \u00e0 enrichir la vie de leurs concitoyens par le don libre et gratuit de leur temps. Ils apportent aux associations qu&rsquo;ils animent non seulement une aide essentielle, mais aussi des id\u00e9es neuves et un savoir-faire pr\u00e9cieux. L&rsquo;ann\u00e9e qui leur est consacr\u00e9e est un hommage largement m\u00e9rit\u00e9.<\/p>\n<p align=\"center\"><img loading=\"lazy\" decoding=\"async\" src=\"https:\/\/www.rbc.com\/fr\/wp-content\/uploads\/sites\/5\/2022\/08\/june2001_1.gif\" alt=\"image\" width=\"313\" height=\"334\" hspace=\"5\" vspace=\"5\" \/><\/p>\n<p>Le b\u00e9n\u00e9volat fait de plus en plus d \u00e9mules au Canada\u00a0: selon la derni\u00e8re enqu\u00eate nationale sur le don, le b\u00e9n\u00e9volat et la participation, 7,5 millions de nos concitoyens, pr\u00e8s du tiers de la population, avaient une activit\u00e9 b\u00e9n\u00e9vole en 1997 contre 5,3 millions 20 ans plus t\u00f4t. Il faut croire que l&rsquo;envie de changer la vie est contagieuse\u00a0!<\/p>\n<p>Il y a une douzaine d&rsquo;ann\u00e9es, un grand magazine am\u00e9ricain avait r\u00e9v\u00e9l\u00e9 que le b\u00e9n\u00e9volat aidait les femmes \u00e0 acc\u00e9der au march\u00e9 du travail. Aujourd&rsquo;hui, ce sont les jeunes de 15 \u00e0 24 ans qui empruntent la voie de l&rsquo;entraide et de l&rsquo;action sociale pour acqu\u00e9rir l&rsquo;entregent et les comp\u00e9tences qui leur permettront d&rsquo;\u00e9largir leur horizon professionnel. Le nombre des b\u00e9n\u00e9voles a presque doubl\u00e9 dans cette tranche d&rsquo;\u00e2ge.<\/p>\n<p>Notre soci\u00e9t\u00e9 a tendance \u00e0 mesurer le succ\u00e8s \u00e0 la richesse mon\u00e9taire. Ce n&rsquo;est pas \u00e0 son honneur. Le travail r\u00e9mun\u00e9r\u00e9 n&rsquo;a de prix que pour ceux qui en profitent directement, alors que le b\u00e9n\u00e9volat apporte tant \u00e0 ses destinataires qu&rsquo;il n&rsquo;a pas de prix, litt\u00e9ralement. Comment mesurer la valeur d&rsquo;une le\u00e7on de natation pour l&rsquo;enfant infirme\u00a0? D&rsquo;une visite hebdomadaire pour la vieille dame impotente\u00a0?<\/p>\n<p>Trop de gens s&rsquo;imaginent que le travail r\u00e9mun\u00e9r\u00e9 est le seul qui vaille. On a beau \u00e9plucher tous les manuels d&rsquo;\u00e9conomie, on n&rsquo;y trouve pas un mot sur la contribution des b\u00e9n\u00e9voles \u00e0 la qualit\u00e9 de la vie dans notre pays. Et pourtant, un Canadien adulte sur trois y croit assez pour s&rsquo;engager. Les plus \u00e2g\u00e9s sont aussi les plus actifs, avec une moyenne de 202 heures par b\u00e9n\u00e9vole. Un certain nombre d&rsquo;entreprises coordonnent et m\u00eame, financent les activit\u00e9s associatives de leurs anciens salari\u00e9s. Ce travail organis\u00e9 repr\u00e9sente 11,1 milliards d&rsquo;heures, soit 578 000 emplois \u00e0 temps plein\u00a0: il occuperait la quasi-totalit\u00e9 de la population active manitobaine.<\/p>\n<p>Plus que le nombre de ces heures de d\u00e9vouement, c&rsquo;est leur emploi qui fait r\u00eaver. Car si les sports, les arts, la consommation et les droits civils mobilisent d\u00e9sormais beaucoup de monde, l&rsquo;action sociale attire encore 31 pour cent des b\u00e9n\u00e9voles et la sant\u00e9, 22 pour cent. Les organisations religieuses -qui, souvent, m\u00e8nent aussi des actions caritatives, sanitaires ou \u00e9ducatives -r\u00e9alisent 23 pour cent de ce travail b\u00e9n\u00e9vole. Tous ces gens se consacrent \u00e0 aider directement leur prochain. Ce faisant, c&rsquo;est toute la soci\u00e9t\u00e9 qu&rsquo;ils aident.<\/p>\n<table border=\"0\" width=\"415\" cellspacing=\"0\" cellpadding=\"0\">\n<tbody>\n<tr>\n<td><img loading=\"lazy\" decoding=\"async\" src=\"https:\/\/www.rbc.com\/fr\/wp-content\/uploads\/sites\/5\/2022\/08\/dotted_quote_line.gif\" width=\"415\" height=\"1\" \/><\/td>\n<\/tr>\n<tr>\n<td valign=\"top\">\n<div class=\"quote\">\u00ab\u00a0Une petite pens\u00e9e et un peu de tendresse valent souvent plus que beaucoup d&rsquo;argent.\u00a0\u00bb <span class=\"boldtext\">John Ruskin<\/span><\/div>\n<\/td>\n<\/tr>\n<tr>\n<td><img loading=\"lazy\" decoding=\"async\" src=\"https:\/\/www.rbc.com\/fr\/wp-content\/uploads\/sites\/5\/2022\/08\/dotted_quote_line.gif\" width=\"415\" height=\"1\" \/><\/td>\n<\/tr>\n<\/tbody>\n<\/table>\n<p>Si la vie en soci\u00e9t\u00e9 est possible, c&rsquo;est entre autres parce que nous reconnaissons tous, au moins implicitement, que le plus fort doit aide et protection au plus faible. L&rsquo;ordre social s&rsquo;\u00e9croulerait si le bien commun ne primait pas sur les int\u00e9r\u00eats purement individuels. Les grandes religions qui ont tant contribu\u00e9 \u00e0 \u00e9riger cet ordre social pr\u00eachent \u00e0 l&rsquo;unisson que l&rsquo;individu a des devoirs envers ses semblables. Elles partagent toutes le m\u00eame id\u00e9al de solidarit\u00e9.<\/p>\n<p>Une maxime hindouiste dit que celui qui emploie sa richesse, son intelligence et son \u00e9loquence au b\u00e9n\u00e9fice des autres ne vit pas en vain. L&rsquo;\u00e9thique tao\u00efste fait passer le chemin du Ciel par la voie du service \u00e0 autrui. Pour Mahomet, la vraie fortune d&rsquo;un homme r\u00e9side dans le bien qu&rsquo;il fera en ce monde. L&rsquo;Ancien Testament nous offre l&rsquo;exemple de Job\u00a0: \u00ab\u00a0Pour l&rsquo;aveugle, j&rsquo;\u00e9tais les yeux qui lui manquaient, pour l&rsquo;infirme, les pieds qui lui faisaient d\u00e9faut. Pour les malheureux, j&rsquo;\u00e9tais devenu un p\u00e8re, je donnais tous mes soins au cas de l&rsquo;\u00e9tranger.\u00a0\u00bb\u00a0Le Nouveau Testament r\u00e9it\u00e8re la le\u00e7on dans la parabole du bon Samaritain. \u00ab\u00a0Va et fais de m\u00eame\u00a0\u00bb, conclut J\u00e9sus.<\/p>\n<p>John Ruskin jette une merveilleuse lumi\u00e8re sur les \u00c9critures saintes en rappelant qu&rsquo;elles ne disent pas \u00ab\u00a0B\u00e9ni soit celui qui nourrit les pauvres\u00a0\u00bb, mais \u00ab\u00a0B\u00e9ni soit celui qui pense aux pauvres\u00a0\u00bb.<\/p>\n<h3>Br\u00e8ve histoire du b\u00e9n\u00e9volat<\/h3>\n<p>\u00ab\u00a0Penser beaucoup aux autres et peu \u00e0 soi-m\u00eame, brider son \u00e9go\u00efsme et cultiver sa bont\u00e9, telle est la perfection de la nature humaine.\u00a0\u00bb L&rsquo;auteur de ces lignes, c&rsquo;est Adam Smith, le p\u00e8re de l&rsquo;\u00e9conomie classique. Smith \u00e9tait un ardent partisan du laissez-faire, doctrine selon laquelle l&rsquo;int\u00e9r\u00eat public est mieux servi lorsque l&rsquo;\u00c9tat s&rsquo;abstient d&rsquo;intervenir dans la vie priv\u00e9e des citoyens.<\/p>\n<p>Son lib\u00e9ralisme a dict\u00e9 la politique sociale en Occident tout au long du dix-neuvi\u00e8me si\u00e8cle et m\u00eame au-del\u00e0. Dans le partage des t\u00e2ches qu&rsquo;il op\u00e9rait entre l&rsquo;\u00c9tat et la soci\u00e9t\u00e9, la protection des plus fragiles revenait exclusivement aux \u00c9glises, aux associations charitables et aux simples citoyens; la main-d&rsquo;oeuvre des institutions caritatives \u00e9tait pour l&rsquo;essentiel b\u00e9n\u00e9vole, m\u00eame celle qui y travaillait \u00e0 plein temps.<\/p>\n<p>Au vingti\u00e8me si\u00e8cle, sous la pression du socialisme, l&rsquo;\u00c9tat lib\u00e9ral dut sortir de sa r\u00e9serve, accepter d&rsquo;utiliser une part de ses recettes fiscales pour offrir \u00e0 la population des services dans les domaines de la sant\u00e9, de l&rsquo;aide sociale et de l&rsquo;\u00e9ducation. Les socialistes reprochaient au laissez-faire de perp\u00e9tuer des privil\u00e8ges indus. Ils voyaient dans l&rsquo;ancien syst\u00e8me caritatif une forme d\u00e9guis\u00e9e de paternalisme qui organisait la r\u00e9partition des miettes du banquet et estimaient que la charit\u00e9 individuelle ne serait jamais \u00e0 la hauteur de la t\u00e2che.<\/p>\n<p>Ils n&rsquo;avaient pas compl\u00e8tement tort\u00a0: les \u00c9glises s&rsquo;occupaient principalement de leurs fid\u00e8les, et les organismes la\u00efques avaient tendance \u00e0 n\u00e9gliger certaines causes.<\/p>\n<p>Au fil des ans, le recul de la religion dans la soci\u00e9t\u00e9 devait porter le coup de gr\u00e2ce \u00e0 ce syst\u00e8me en obligeant l&rsquo;\u00c9tat \u00e0 assumer les fonctions caritatives qu&rsquo;accomplissaient b\u00e9n\u00e9volement les communaut\u00e9s religieuses.<\/p>\n<p>Aujourd&rsquo;hui, m\u00eame les partis les plus r\u00e9actionnaires reconnaissent que l&rsquo;\u00c9tat doit garantir certains services essentiels, et m\u00eame les gauchistes les plus ardents (en Occident, en tout cas) reconnaissent qu&rsquo;il ne peut pas tout faire. Les services publics manquent cruellement de cette chaleur humaine \u00e0 laquelle aspire la population dans le besoin. Les associations b\u00e9n\u00e9voles pallient cette lacune et traitent les cas atypiques qui passent au travers des mailles du filet.<\/p>\n<h3>Une soci\u00e9t\u00e9 en panne de solidarit\u00e9\u00a0?<\/h3>\n<p align=\"center\"><img loading=\"lazy\" decoding=\"async\" src=\"https:\/\/www.rbc.com\/fr\/wp-content\/uploads\/sites\/5\/2022\/08\/june2001_2.gif\" alt=\"image\" width=\"253\" height=\"207\" hspace=\"5\" vspace=\"5\" \/><\/p>\n<p>En Grande-Bretagne, pays o\u00f9 l&rsquo;\u00c9tat-providence est n\u00e9 peu apr\u00e8s la Deuxi\u00e8me Guerre mondiale, l&rsquo;armistice est sign\u00e9 depuis belle lurette\u00a0: \u00ab\u00a0Les organismes publics et priv\u00e9s se compl\u00e8tent et s&rsquo;\u00e9paulent mutuellement, explique une publication officielle. Les pouvoirs publics financent les associations priv\u00e9es \u00e0 l&rsquo;\u00e9chelle nationale comme au niveau local. Les autorit\u00e9s planifient et ex\u00e9cutent leurs mandats en tenant compte des ressources b\u00e9n\u00e9voles disponibles.\u00a0\u00bb\u00a0On pourrait en dire autant ou presque du Canada.<\/p>\n<table border=\"0\" width=\"415\" cellspacing=\"0\" cellpadding=\"0\">\n<tbody>\n<tr>\n<td><img loading=\"lazy\" decoding=\"async\" src=\"https:\/\/www.rbc.com\/fr\/wp-content\/uploads\/sites\/5\/2022\/08\/dotted_quote_line.gif\" width=\"415\" height=\"1\" \/><\/td>\n<\/tr>\n<tr>\n<td valign=\"top\">\n<div class=\"quote\">\u00ab\u00a0Il y a deux formes de gratitude \u2013 la petite qu&rsquo;on \u00e9prouve \u00e0 l&rsquo;instant o\u00f9 on prend et la grande qu&rsquo;on ressent quand on donne.\u00a0\u00bb\u00a0 <span class=\"boldtext\">Edward Arlington Robinson<\/span><\/div>\n<\/td>\n<\/tr>\n<tr>\n<td><img loading=\"lazy\" decoding=\"async\" src=\"https:\/\/www.rbc.com\/fr\/wp-content\/uploads\/sites\/5\/2022\/08\/dotted_quote_line.gif\" width=\"415\" height=\"1\" \/><\/td>\n<\/tr>\n<\/tbody>\n<\/table>\n<p>\u00c0 vrai dire, l&rsquo;\u00c9tat est plus ou moins oblig\u00e9 de restituer aux citoyens une part des responsabilit\u00e9s sociales qu&rsquo;il leur avait retir\u00e9es\u00a0: son endettement l&rsquo;oblige \u00e0 r\u00e9duire son train de vie. Mais notre soci\u00e9t\u00e9 atomis\u00e9e poss\u00e8de-t-elle assez de bont\u00e9 et de fraternit\u00e9 pour r\u00e9pondre \u00e0 l&rsquo;appel\u00a0? L&rsquo;individualisme qui ronge nos liens sociaux-les familles, les quartiers, les collectivit\u00e9s, les associations-a-t-il tu\u00e9 la charit\u00e9\u00a0?<\/p>\n<p>La sagesse antique r\u00e9pond par la voix de S\u00e9n\u00e8que\u00a0: le bien que l&rsquo;homme fait \u00e0 autrui, il se le fait \u00e0 lui-m\u00eame, car la r\u00e9compense d&rsquo;une bonne action, c&rsquo;est de l&rsquo;avoir accomplie. Plus pr\u00e8s de nous, Sir Wilfred Grenfell affirmait que la joie v\u00e9ritable ne se trouve ni dans l&rsquo;aisance ni dans la fortune ni dans la louange des hommes, mais dans l&rsquo;accomplissement d&rsquo;une noble mission. Il en savait quelque chose, ayant vou\u00e9 sa vie aux indig\u00e8nes du Labrador.<\/p>\n<h3>Ce qui est gratuit enrichit<\/h3>\n<p>L&rsquo;enqu\u00eate de 1997 a \u00e9tabli que 96 pour cent des r\u00e9pondants avaient d\u00e9cid\u00e9 de faire du b\u00e9n\u00e9volat pour d\u00e9fendre une cause qui leur tenait \u00e0 coeur. Dans plus de deux cas sur trois, le b\u00e9n\u00e9vole avait une exp\u00e9rience directe du probl\u00e8me ou connaissait une personne concern\u00e9e.<\/p>\n<p>Interrogez un b\u00e9n\u00e9vole sur ses motivations profondes, et il vous dira probablement qu&rsquo;il trouve plaisir \u00e0 rendre service, comme cette championne de patinage qui donne des le\u00e7ons \u00e0 des enfants aveugles\u00a0: \u00ab\u00a0Comprenons-nous bien\u00a0:je ne fais pas \u00e7a par amour pour mon prochain. Je suis tr\u00e8s \u00e9go\u00efste au fond. Je donne ces le\u00e7ons parce que j&rsquo;en tire une immense satisfaction.\u00a0\u00bb<\/p>\n<table border=\"0\" width=\"415\" cellspacing=\"0\" cellpadding=\"0\">\n<tbody>\n<tr>\n<td><img loading=\"lazy\" decoding=\"async\" src=\"https:\/\/www.rbc.com\/fr\/wp-content\/uploads\/sites\/5\/2022\/08\/dotted_quote_line.gif\" width=\"415\" height=\"1\" \/><\/td>\n<\/tr>\n<tr>\n<td valign=\"top\">\n<div class=\"quote\">\u00ab\u00a0Il y a plus de bonheur \u00e0 donner qu&rsquo;\u00e0 recevoir.\u00a0\u00bb\u00a0<span class=\"boldtext\">Actes 20:35<\/span><\/div>\n<\/td>\n<\/tr>\n<tr>\n<td><img loading=\"lazy\" decoding=\"async\" src=\"https:\/\/www.rbc.com\/fr\/wp-content\/uploads\/sites\/5\/2022\/08\/dotted_quote_line.gif\" width=\"415\" height=\"1\" \/><\/td>\n<\/tr>\n<\/tbody>\n<\/table>\n<p>On offrirait \u00e0 certains de faire le m\u00eame travail moyennant salaire qu&rsquo;ils refuseraient tout net. \u00ab\u00a0Je ne ferais \u00e7a pour rien au monde si c&rsquo;\u00e9tait pour gagner ma vie, explique un auxiliaire hospitalier charg\u00e9 d&rsquo;une t\u00e2che difficile, parfois m\u00eame p\u00e9nible. Je suis ici par choix, parce que j&rsquo;ai une dette envers la soci\u00e9t\u00e9. Elle m&rsquo;a bien trait\u00e9, et je tiens \u00e0 rendre ce que j&rsquo;ai re\u00e7u.\u00a0\u00bb<\/p>\n<p>Cette id\u00e9e-l\u00e0 trouve un \u00e9cho a priori surprenant aupr\u00e8s d&rsquo;une jeune g\u00e9n\u00e9ration souvent accus\u00e9e d&rsquo;\u00e9gocentrisme par ses a\u00een\u00e9s. Les services b\u00e9n\u00e9voles des \u00e9coles secondaires trouvent sans difficult\u00e9 des volontaires pour aider les personnes handicap\u00e9es, distraire les enfants, accompagner les malades \u00e0 l&rsquo;h\u00f4pital, superviser les \u00e9l\u00e8ves en difficult\u00e9 d&rsquo;apprentissage, d\u00e9panner les m\u00e8res qui travaillent&#8230; Comme les structures b\u00e9n\u00e9voles traditionnelles -4H, scouts, guides, etc. -ne se vident pas pour autant, il faudrait peut-\u00eatre s&rsquo;interroger sur la r\u00e9putation faite aux jeunes d&rsquo;aujourd&rsquo;hui.<\/p>\n<h3>Les formes nouvelles du b\u00e9n\u00e9volat<\/h3>\n<p>On aura toujours besoin d&rsquo;aide pour remplir des enveloppes, pousser des fauteuils roulants et livrer des repas, mais en marge de ces t\u00e2ches aussi humbles qu&rsquo;essentielles se d\u00e9veloppe aujourd&rsquo;hui un b\u00e9n\u00e9volat plus \u00e9mancipateur qui vise \u00e0 apprendre aux gens \u00e0 s&rsquo;aider eux-m\u00eames. On ne donne plus seulement du temps, on partage son savoir et ses talents.<\/p>\n<p>Les programmes parascolaires offrent un bon exemple de ce nouveau b\u00e9n\u00e9volat. Lorsqu&rsquo;ils ont \u00e9t\u00e9 oblig\u00e9s de r\u00e9duire les d\u00e9penses en \u00e9ducation pour \u00e9quilibrer leurs budgets, les fonctionnaires ont sabr\u00e9 dans les mati\u00e8res \u00ab\u00a0non essentielles\u00a0\u00bb. Ici et l\u00e0, des parents d&rsquo;\u00e9l\u00e8ves ont d\u00e9cid\u00e9 de suppl\u00e9er \u00e0 cette carence impos\u00e9e et se sont charg\u00e9s des cours d&rsquo;arts plastiques, de musique et d&rsquo;\u00e9ducation physique. Preuve que le b\u00e9n\u00e9volat est plus n\u00e9cessaire que jamais et que la g\u00e9n\u00e9rosit\u00e9 peut am\u00e9liorer le sort des gens.<\/p>\n<p>Le vieillissement de la population ne fera qu&rsquo;accro\u00eetre la demande suscit\u00e9e par le retrait de l&rsquo;\u00c9tat. Cette Ann\u00e9e Internationale des Volontaires devrait donc nous inciter, encore plus qu&rsquo;aux hommages, \u00e0 un petit examen de conscience. \u00ab\u00a0Fais tout ce que tu peux\u00a0\u00bb, telle devrait \u00eatre notre devise de b\u00e9n\u00e9voles, car celui qui l&rsquo;applique est s\u00fbr de ne jamais en faire trop peu. M\u00e8re Teresa, qui a re\u00e7u le prix Nobel de la Paix en 1979 pour son travail aupr\u00e8s des mis\u00e9reux de Calcutta, avait exprim\u00e9 la m\u00eame id\u00e9e en ces termes\u00a0: \u00ab\u00a0 Nous avons nous-m\u00eames l&rsquo;impression que notre travail est une goutte d&rsquo;eau dans l&rsquo;oc\u00e9an, mais je crois que sans cette goutte d&rsquo;eau, les oc\u00e9ans seraient moins grands.\u00a0\u00bb<\/p>\n<p>Texte publi\u00e9 en avril 1982 par la Banque Royale du Canada et mis \u00e0 jour en 2001 d&rsquo;apr\u00e8s les statistiques les plus r\u00e9centes sur la question.<\/p>\n<\/div>\n","protected":false},"author":86,"featured_media":0,"template":"","categories":[1],"rbc_letter_theme":[],"rbc_letter_year":[81],"class_list":["post-2253","rbc_letter","type-rbc_letter","status-publish","hentry","category-uncategorized","rbc_letter_year-81"],"acf":[],"yoast_head":"<!-- This site is optimized with the Yoast SEO Premium plugin v27.2 (Yoast SEO v27.2) - https:\/\/yoast.com\/product\/yoast-seo-premium-wordpress\/ -->\n<title>Juin 2001 - Hommage aux b\u00e9n\u00e9voles - RBC<\/title>\n<meta name=\"robots\" content=\"index, follow, max-snippet:-1, max-image-preview:large, max-video-preview:-1\" \/>\n<link rel=\"canonical\" href=\"https:\/\/www.rbc.com\/fr\/notre-compagnie\/histoire\/bulletin\/juin-2001-hommage-aux-benevoles\/\" \/>\n<meta property=\"og:locale\" content=\"fr_FR\" \/>\n<meta property=\"og:type\" content=\"article\" \/>\n<meta property=\"og:title\" content=\"Juin 2001 - Hommage aux b\u00e9n\u00e9voles\" \/>\n<meta property=\"og:description\" content=\"Ils sont au Canada tout pr\u00e8s de 7,5 millions \u00e0 enrichir la vie de leurs concitoyens par le don libre et gratuit de leur temps. Ils apportent aux associations qu&rsquo;ils animent non seulement une aide essentielle, mais aussi des id\u00e9es neuves et un savoir-faire pr\u00e9cieux. L&rsquo;ann\u00e9e qui leur est consacr\u00e9e est un hommage largement m\u00e9rit\u00e9. [&hellip;]\" \/>\n<meta property=\"og:url\" content=\"https:\/\/www.rbc.com\/fr\/notre-compagnie\/histoire\/bulletin\/juin-2001-hommage-aux-benevoles\/\" \/>\n<meta property=\"og:site_name\" content=\"RBC\" \/>\n<meta property=\"article:modified_time\" content=\"2022-10-17T18:28:36+00:00\" \/>\n<meta property=\"og:image\" content=\"https:\/\/www.rbc.com\/fr\/wp-content\/uploads\/sites\/5\/2022\/08\/june2001_1.gif\" \/>\n<meta name=\"twitter:card\" content=\"summary_large_image\" \/>\n<meta name=\"twitter:label1\" content=\"Est. reading time\" \/>\n\t<meta name=\"twitter:data1\" content=\"11 minutes\" \/>\n<script type=\"application\/ld+json\" class=\"yoast-schema-graph\">{\"@context\":\"https:\/\/schema.org\",\"@graph\":[{\"@type\":\"WebPage\",\"@id\":\"https:\/\/www.rbc.com\/fr\/notre-compagnie\/histoire\/bulletin\/juin-2001-hommage-aux-benevoles\/\",\"url\":\"https:\/\/www.rbc.com\/fr\/notre-compagnie\/histoire\/bulletin\/juin-2001-hommage-aux-benevoles\/\",\"name\":\"Juin 2001 - Hommage aux b\u00e9n\u00e9voles - RBC\",\"isPartOf\":{\"@id\":\"https:\/\/www.rbc.com\/fr\/#website\"},\"primaryImageOfPage\":{\"@id\":\"https:\/\/www.rbc.com\/fr\/notre-compagnie\/histoire\/bulletin\/juin-2001-hommage-aux-benevoles\/#primaryimage\"},\"image\":{\"@id\":\"https:\/\/www.rbc.com\/fr\/notre-compagnie\/histoire\/bulletin\/juin-2001-hommage-aux-benevoles\/#primaryimage\"},\"thumbnailUrl\":\"https:\/\/www.rbc.com\/fr\/wp-content\/uploads\/sites\/5\/2022\/08\/june2001_1.gif\",\"datePublished\":\"2001-06-01T00:00:00+00:00\",\"dateModified\":\"2022-10-17T18:28:36+00:00\",\"inLanguage\":\"fr-FR\",\"potentialAction\":[{\"@type\":\"ReadAction\",\"target\":[\"https:\/\/www.rbc.com\/fr\/notre-compagnie\/histoire\/bulletin\/juin-2001-hommage-aux-benevoles\/\"]}]},{\"@type\":\"ImageObject\",\"inLanguage\":\"fr-FR\",\"@id\":\"https:\/\/www.rbc.com\/fr\/notre-compagnie\/histoire\/bulletin\/juin-2001-hommage-aux-benevoles\/#primaryimage\",\"url\":\"https:\/\/www.rbc.com\/fr\/wp-content\/uploads\/sites\/5\/2022\/08\/june2001_1.gif?quality=80\",\"contentUrl\":\"https:\/\/www.rbc.com\/fr\/wp-content\/uploads\/sites\/5\/2022\/08\/june2001_1.gif?quality=80\",\"width\":313,\"height\":334},{\"@type\":\"WebSite\",\"@id\":\"https:\/\/www.rbc.com\/fr\/#website\",\"url\":\"https:\/\/www.rbc.com\/fr\/\",\"name\":\"RBC\",\"description\":\"\",\"potentialAction\":[{\"@type\":\"SearchAction\",\"target\":{\"@type\":\"EntryPoint\",\"urlTemplate\":\"https:\/\/www.rbc.com\/fr\/?s={search_term_string}\"},\"query-input\":{\"@type\":\"PropertyValueSpecification\",\"valueRequired\":true,\"valueName\":\"search_term_string\"}}],\"inLanguage\":\"fr-FR\"}]}<\/script>\n<!-- \/ Yoast SEO Premium plugin. -->","yoast_head_json":{"title":"Juin 2001 - Hommage aux b\u00e9n\u00e9voles - RBC","robots":{"index":"index","follow":"follow","max-snippet":"max-snippet:-1","max-image-preview":"max-image-preview:large","max-video-preview":"max-video-preview:-1"},"canonical":"https:\/\/www.rbc.com\/fr\/notre-compagnie\/histoire\/bulletin\/juin-2001-hommage-aux-benevoles\/","og_locale":"fr_FR","og_type":"article","og_title":"Juin 2001 - Hommage aux b\u00e9n\u00e9voles","og_description":"Ils sont au Canada tout pr\u00e8s de 7,5 millions \u00e0 enrichir la vie de leurs concitoyens par le don libre et gratuit de leur temps. Ils apportent aux associations qu&rsquo;ils animent non seulement une aide essentielle, mais aussi des id\u00e9es neuves et un savoir-faire pr\u00e9cieux. L&rsquo;ann\u00e9e qui leur est consacr\u00e9e est un hommage largement m\u00e9rit\u00e9. [&hellip;]","og_url":"https:\/\/www.rbc.com\/fr\/notre-compagnie\/histoire\/bulletin\/juin-2001-hommage-aux-benevoles\/","og_site_name":"RBC","article_modified_time":"2022-10-17T18:28:36+00:00","og_image":[{"url":"https:\/\/www.rbc.com\/fr\/wp-content\/uploads\/sites\/5\/2022\/08\/june2001_1.gif","type":"","width":"","height":""}],"twitter_card":"summary_large_image","twitter_misc":{"Est. reading time":"11 minutes"},"schema":{"@context":"https:\/\/schema.org","@graph":[{"@type":"WebPage","@id":"https:\/\/www.rbc.com\/fr\/notre-compagnie\/histoire\/bulletin\/juin-2001-hommage-aux-benevoles\/","url":"https:\/\/www.rbc.com\/fr\/notre-compagnie\/histoire\/bulletin\/juin-2001-hommage-aux-benevoles\/","name":"Juin 2001 - Hommage aux b\u00e9n\u00e9voles - RBC","isPartOf":{"@id":"https:\/\/www.rbc.com\/fr\/#website"},"primaryImageOfPage":{"@id":"https:\/\/www.rbc.com\/fr\/notre-compagnie\/histoire\/bulletin\/juin-2001-hommage-aux-benevoles\/#primaryimage"},"image":{"@id":"https:\/\/www.rbc.com\/fr\/notre-compagnie\/histoire\/bulletin\/juin-2001-hommage-aux-benevoles\/#primaryimage"},"thumbnailUrl":"https:\/\/www.rbc.com\/fr\/wp-content\/uploads\/sites\/5\/2022\/08\/june2001_1.gif","datePublished":"2001-06-01T00:00:00+00:00","dateModified":"2022-10-17T18:28:36+00:00","inLanguage":"fr-FR","potentialAction":[{"@type":"ReadAction","target":["https:\/\/www.rbc.com\/fr\/notre-compagnie\/histoire\/bulletin\/juin-2001-hommage-aux-benevoles\/"]}]},{"@type":"ImageObject","inLanguage":"fr-FR","@id":"https:\/\/www.rbc.com\/fr\/notre-compagnie\/histoire\/bulletin\/juin-2001-hommage-aux-benevoles\/#primaryimage","url":"https:\/\/www.rbc.com\/fr\/wp-content\/uploads\/sites\/5\/2022\/08\/june2001_1.gif?quality=80","contentUrl":"https:\/\/www.rbc.com\/fr\/wp-content\/uploads\/sites\/5\/2022\/08\/june2001_1.gif?quality=80","width":313,"height":334},{"@type":"WebSite","@id":"https:\/\/www.rbc.com\/fr\/#website","url":"https:\/\/www.rbc.com\/fr\/","name":"RBC","description":"","potentialAction":[{"@type":"SearchAction","target":{"@type":"EntryPoint","urlTemplate":"https:\/\/www.rbc.com\/fr\/?s={search_term_string}"},"query-input":{"@type":"PropertyValueSpecification","valueRequired":true,"valueName":"search_term_string"}}],"inLanguage":"fr-FR"}]}},"parsely":{"version":"1.1.0","canonical_url":"https:\/\/rbc.com\/fr\/notre-compagnie\/histoire\/bulletin\/juin-2001-hommage-aux-benevoles\/","smart_links":{"inbound":0,"outbound":0},"traffic_boost_suggestions_count":0,"meta":{"@context":"https:\/\/schema.org","@type":"NewsArticle","headline":"Juin 2001 &#8211; Hommage aux b\u00e9n\u00e9voles","url":"http:\/\/www.rbc.com\/fr\/notre-compagnie\/histoire\/bulletin\/juin-2001-hommage-aux-benevoles\/","mainEntityOfPage":{"@type":"WebPage","@id":"http:\/\/www.rbc.com\/fr\/notre-compagnie\/histoire\/bulletin\/juin-2001-hommage-aux-benevoles\/"},"thumbnailUrl":"","image":{"@type":"ImageObject","url":""},"articleSection":"Uncategorized","author":[{"@type":"Person","name":"zinoemielu"}],"creator":["zinoemielu"],"publisher":{"@type":"Organization","name":"RBC","logo":""},"keywords":[],"dateCreated":"2001-06-01T00:00:00Z","datePublished":"2001-06-01T00:00:00Z","dateModified":"2022-10-17T18:28:36Z"},"rendered":"<script type=\"application\/ld+json\" class=\"wp-parsely-metadata\">{\"@context\":\"https:\\\/\\\/schema.org\",\"@type\":\"NewsArticle\",\"headline\":\"Juin 2001 &#8211; Hommage aux b\\u00e9n\\u00e9voles\",\"url\":\"http:\\\/\\\/www.rbc.com\\\/fr\\\/notre-compagnie\\\/histoire\\\/bulletin\\\/juin-2001-hommage-aux-benevoles\\\/\",\"mainEntityOfPage\":{\"@type\":\"WebPage\",\"@id\":\"http:\\\/\\\/www.rbc.com\\\/fr\\\/notre-compagnie\\\/histoire\\\/bulletin\\\/juin-2001-hommage-aux-benevoles\\\/\"},\"thumbnailUrl\":\"\",\"image\":{\"@type\":\"ImageObject\",\"url\":\"\"},\"articleSection\":\"Uncategorized\",\"author\":[{\"@type\":\"Person\",\"name\":\"zinoemielu\"}],\"creator\":[\"zinoemielu\"],\"publisher\":{\"@type\":\"Organization\",\"name\":\"RBC\",\"logo\":\"\"},\"keywords\":[],\"dateCreated\":\"2001-06-01T00:00:00Z\",\"datePublished\":\"2001-06-01T00:00:00Z\",\"dateModified\":\"2022-10-17T18:28:36Z\"}<\/script>","tracker_url":"https:\/\/cdn.parsely.com\/keys\/rbc.com\/p.js"},"featured_img":false,"coauthors":[],"author_meta":{"author_link":"https:\/\/www.rbc.com\/fr\/author\/zinoemielu\/","display_name":"zinoemielu"},"relative_dates":{"created":"Publi\u00e9 25 ans il y a","modified":"Mis \u00e0 jour 4 ans il y a"},"absolute_dates":{"created":"Publi\u00e9 le 1 juin 2001","modified":"Mise \u00e0 jour le 17 octobre 2022"},"absolute_dates_time":{"created":"Publi\u00e9 le 1 juin 2001 12:00  ","modified":"Mise \u00e0 jour le 17 octobre 2022 6:28  "},"featured_img_caption":"","tax_additional":{"category":{"linked":["<a href=\"https:\/\/www.rbc.com\/fr\/category\/uncategorized\/\" class=\"advgb-post-tax-term\">Uncategorized<\/a>"],"unlinked":["<span class=\"advgb-post-tax-term\">Uncategorized<\/span>"],"slug":"category","name":"Cat\u00e9gories"},"rbc_letter_theme":{"linked":[],"unlinked":[],"slug":"rbc_letter_theme","name":"Themes"},"rbc_letter_year":{"linked":["<a href=\"https:\/\/www.rbc.com\/fr\/year\/2001\/\" class=\"advgb-post-tax-term\">2001<\/a>"],"unlinked":["<span class=\"advgb-post-tax-term\">2001<\/span>"],"slug":"rbc_letter_year","name":"Years"}},"series_order":"","_links":{"self":[{"href":"https:\/\/www.rbc.com\/fr\/wp-json\/wp\/v2\/rbc_letter\/2253","targetHints":{"allow":["GET"]}}],"collection":[{"href":"https:\/\/www.rbc.com\/fr\/wp-json\/wp\/v2\/rbc_letter"}],"about":[{"href":"https:\/\/www.rbc.com\/fr\/wp-json\/wp\/v2\/types\/rbc_letter"}],"author":[{"embeddable":true,"href":"https:\/\/www.rbc.com\/fr\/wp-json\/wp\/v2\/users\/86"}],"version-history":[{"count":0,"href":"https:\/\/www.rbc.com\/fr\/wp-json\/wp\/v2\/rbc_letter\/2253\/revisions"}],"wp:attachment":[{"href":"https:\/\/www.rbc.com\/fr\/wp-json\/wp\/v2\/media?parent=2253"}],"wp:term":[{"taxonomy":"category","embeddable":true,"href":"https:\/\/www.rbc.com\/fr\/wp-json\/wp\/v2\/categories?post=2253"},{"taxonomy":"rbc_letter_theme","embeddable":true,"href":"https:\/\/www.rbc.com\/fr\/wp-json\/wp\/v2\/rbc_letter_theme?post=2253"},{"taxonomy":"rbc_letter_year","embeddable":true,"href":"https:\/\/www.rbc.com\/fr\/wp-json\/wp\/v2\/rbc_letter_year?post=2253"}],"curies":[{"name":"wp","href":"https:\/\/api.w.org\/{rel}","templated":true}]}}