{"id":4249,"date":"2026-03-25T18:09:15","date_gmt":"2026-03-25T18:09:15","guid":{"rendered":"https:\/\/www.rbc.com\/fr\/economique\/?page_id=4249"},"modified":"2026-03-25T18:09:16","modified_gmt":"2026-03-25T18:09:16","slug":"outil-de-suivi-des-depenses-de-consommation-rbc","status":"publish","type":"page","link":"https:\/\/www.rbc.com\/fr\/economique\/outil-de-suivi-des-depenses-de-consommation-rbc\/","title":{"rendered":"Outil de suivi des d\u00e9penses de consommation RBC"},"content":{"rendered":"\n<section class=\"wp-block-rbc-section-block  pos-rel\" style=\"border-radius:0px\">\n<div class=\"wp-block-rbc-section-inner-block  section-inner\" style=\"border-radius:0x\">\t\t<div class=\"most-recent-by-taxonomy-jscroll jscroll-wrapper\">\n\t\t\t\t\t\t<div class=\"wp-block-rbc-most-recent-by-taxonomy most-recent-by-taxonomy-is-template-type-3\">\n\t\t\t\t\t\n<div class=\"jscroll-item\" data-post-id=\"4524\">\n\t<article class=\"post-card thought-leadership-template\">\n\t\t<a href=\"https:\/\/www.rbc.com\/fr\/economique\/analyse-pour-le-canada\/outil-de-suivi-des-depenses-de-consommation-rbc\/les-depenses-des-titulaires-de-cartes-canadiens-resistent-malgre-la-hausse-des-prix-de-lessence\/\">\n\t\t\t\t\t<div class=\"post-image\">\n\t\t\t\t<img loading=\"lazy\" decoding=\"async\" width=\"1024\" height=\"618\" src=\"https:\/\/www.rbc.com\/fr\/economique\/wp-content\/uploads\/sites\/24\/\/2025\/05\/Cons-sp.png?quality=80\" class=\"attachment-full size-full wp-post-image\" alt=\"\" srcset=\"https:\/\/www.rbc.com\/fr\/economique\/wp-content\/uploads\/sites\/24\/2025\/05\/Cons-sp.png 6134w, https:\/\/www.rbc.com\/fr\/economique\/wp-content\/uploads\/sites\/24\/2025\/05\/Cons-sp.png?resize=300,181 300w, https:\/\/www.rbc.com\/fr\/economique\/wp-content\/uploads\/sites\/24\/2025\/05\/Cons-sp.png?resize=768,463 768w, https:\/\/www.rbc.com\/fr\/economique\/wp-content\/uploads\/sites\/24\/2025\/05\/Cons-sp.png?resize=1024,618 1024w, https:\/\/www.rbc.com\/fr\/economique\/wp-content\/uploads\/sites\/24\/2025\/05\/Cons-sp.png?resize=1536,927 1536w, https:\/\/www.rbc.com\/fr\/economique\/wp-content\/uploads\/sites\/24\/2025\/05\/Cons-sp.png?resize=2048,1235 2048w\" sizes=\"auto, (max-width: 1024px) 100vw, 1024px\" \/>\t\t\t<\/div>\n\t\t\t\t<div class=\"post-content\">\n\t\t\t<h4 class=\"post-title\">\n\t\t\t\tLes d\u00e9penses des titulaires de cartes canadiens r\u00e9sistent malgr\u00e9 la hausse des prix de l\u2019essence\t\t\t<\/h4>\n\t\t\t\t\t\t\t<p class=\"post-date\">15 avril 2026<\/p>\n\t\t\t\t\t\t<\/div>\n\t\t<\/a>\n\t<\/article>\n<\/div>\n\n<div class=\"jscroll-item\" data-post-id=\"4160\">\n\t<article class=\"post-card thought-leadership-template\">\n\t\t<a href=\"https:\/\/www.rbc.com\/fr\/economique\/analyse-pour-le-canada\/outil-de-suivi-des-depenses-de-consommation-rbc\/les-depenses-des-titulaires-de-cartes-canadiens-augmentent-malgre-le-repli-des-biens-discretionnaires\/\">\n\t\t\t\t\t<div class=\"post-image\">\n\t\t\t\t<img loading=\"lazy\" decoding=\"async\" width=\"1024\" height=\"618\" src=\"https:\/\/www.rbc.com\/fr\/economique\/wp-content\/uploads\/sites\/24\/\/2025\/05\/Cons-sp.png?quality=80\" class=\"attachment-full size-full wp-post-image\" alt=\"\" srcset=\"https:\/\/www.rbc.com\/fr\/economique\/wp-content\/uploads\/sites\/24\/2025\/05\/Cons-sp.png 6134w, https:\/\/www.rbc.com\/fr\/economique\/wp-content\/uploads\/sites\/24\/2025\/05\/Cons-sp.png?resize=300,181 300w, https:\/\/www.rbc.com\/fr\/economique\/wp-content\/uploads\/sites\/24\/2025\/05\/Cons-sp.png?resize=768,463 768w, https:\/\/www.rbc.com\/fr\/economique\/wp-content\/uploads\/sites\/24\/2025\/05\/Cons-sp.png?resize=1024,618 1024w, https:\/\/www.rbc.com\/fr\/economique\/wp-content\/uploads\/sites\/24\/2025\/05\/Cons-sp.png?resize=1536,927 1536w, https:\/\/www.rbc.com\/fr\/economique\/wp-content\/uploads\/sites\/24\/2025\/05\/Cons-sp.png?resize=2048,1235 2048w\" sizes=\"auto, (max-width: 1024px) 100vw, 1024px\" \/>\t\t\t<\/div>\n\t\t\t\t<div class=\"post-content\">\n\t\t\t<h4 class=\"post-title\">\n\t\t\t\tLes d\u00e9penses des titulaires de cartes canadiens augmentent malgr\u00e9 le repli des biens discr\u00e9tionnaires\t\t\t<\/h4>\n\t\t\t\t\t\t\t<p class=\"post-date\">17 mars 2026<\/p>\n\t\t\t\t\t\t<\/div>\n\t\t<\/a>\n\t<\/article>\n<\/div>\n\n<div class=\"jscroll-item\" data-post-id=\"4260\">\n\t<article class=\"post-card thought-leadership-template\">\n\t\t<a href=\"https:\/\/www.rbc.com\/fr\/economique\/analyse-pour-le-canada\/outil-de-suivi-des-depenses-de-consommation-rbc\/les-depenses-des-titulaires-de-cartes-rbc-canadiens-ralentissent-en-janvier-apres-la-ruee-des-fetes\/\">\n\t\t\t\t\t<div class=\"post-image\">\n\t\t\t\t<img loading=\"lazy\" decoding=\"async\" width=\"1024\" height=\"618\" src=\"https:\/\/www.rbc.com\/fr\/economique\/wp-content\/uploads\/sites\/24\/\/2025\/05\/Cons-sp.png?quality=80\" class=\"attachment-full size-full wp-post-image\" alt=\"\" srcset=\"https:\/\/www.rbc.com\/fr\/economique\/wp-content\/uploads\/sites\/24\/2025\/05\/Cons-sp.png 6134w, https:\/\/www.rbc.com\/fr\/economique\/wp-content\/uploads\/sites\/24\/2025\/05\/Cons-sp.png?resize=300,181 300w, https:\/\/www.rbc.com\/fr\/economique\/wp-content\/uploads\/sites\/24\/2025\/05\/Cons-sp.png?resize=768,463 768w, https:\/\/www.rbc.com\/fr\/economique\/wp-content\/uploads\/sites\/24\/2025\/05\/Cons-sp.png?resize=1024,618 1024w, https:\/\/www.rbc.com\/fr\/economique\/wp-content\/uploads\/sites\/24\/2025\/05\/Cons-sp.png?resize=1536,927 1536w, https:\/\/www.rbc.com\/fr\/economique\/wp-content\/uploads\/sites\/24\/2025\/05\/Cons-sp.png?resize=2048,1235 2048w\" sizes=\"auto, (max-width: 1024px) 100vw, 1024px\" \/>\t\t\t<\/div>\n\t\t\t\t<div class=\"post-content\">\n\t\t\t<h4 class=\"post-title\">\n\t\t\t\tLes d\u00e9penses des titulaires de cartes\u00a0RBC canadiens ralentissent en janvier apr\u00e8s la ru\u00e9e des F\u00eates\t\t\t<\/h4>\n\t\t\t\t\t\t\t<p class=\"post-date\">12 f\u00e9vrier 2026<\/p>\n\t\t\t\t\t\t<\/div>\n\t\t<\/a>\n\t<\/article>\n<\/div>\n\n<div class=\"jscroll-item\" data-post-id=\"4267\">\n\t<article class=\"post-card thought-leadership-template\">\n\t\t<a href=\"https:\/\/www.rbc.com\/fr\/economique\/analyse-pour-le-canada\/outil-de-suivi-des-depenses-de-consommation-rbc\/les-promotions-des-fetes-stimulent-les-depenses-des-titulaires-canadiens-de-cartes-de-rbc\/\">\n\t\t\t\t\t<div class=\"post-image\">\n\t\t\t\t<img loading=\"lazy\" decoding=\"async\" width=\"1024\" height=\"618\" src=\"https:\/\/www.rbc.com\/fr\/economique\/wp-content\/uploads\/sites\/24\/\/2025\/05\/Cons-sp.png?quality=80\" class=\"attachment-full size-full wp-post-image\" alt=\"\" srcset=\"https:\/\/www.rbc.com\/fr\/economique\/wp-content\/uploads\/sites\/24\/2025\/05\/Cons-sp.png 6134w, https:\/\/www.rbc.com\/fr\/economique\/wp-content\/uploads\/sites\/24\/2025\/05\/Cons-sp.png?resize=300,181 300w, https:\/\/www.rbc.com\/fr\/economique\/wp-content\/uploads\/sites\/24\/2025\/05\/Cons-sp.png?resize=768,463 768w, https:\/\/www.rbc.com\/fr\/economique\/wp-content\/uploads\/sites\/24\/2025\/05\/Cons-sp.png?resize=1024,618 1024w, https:\/\/www.rbc.com\/fr\/economique\/wp-content\/uploads\/sites\/24\/2025\/05\/Cons-sp.png?resize=1536,927 1536w, https:\/\/www.rbc.com\/fr\/economique\/wp-content\/uploads\/sites\/24\/2025\/05\/Cons-sp.png?resize=2048,1235 2048w\" sizes=\"auto, (max-width: 1024px) 100vw, 1024px\" \/>\t\t\t<\/div>\n\t\t\t\t<div class=\"post-content\">\n\t\t\t<h4 class=\"post-title\">\n\t\t\t\tLes promotions des F\u00eates stimulent les d\u00e9penses des titulaires canadiens de cartes de RBC\t\t\t<\/h4>\n\t\t\t\t\t\t\t<p class=\"post-date\">14 janvier 2026<\/p>\n\t\t\t\t\t\t<\/div>\n\t\t<\/a>\n\t<\/article>\n<\/div>\n\n<div class=\"jscroll-item\" data-post-id=\"4273\">\n\t<article class=\"post-card thought-leadership-template\">\n\t\t<a href=\"https:\/\/www.rbc.com\/fr\/economique\/analyse-pour-le-canada\/outil-de-suivi-des-depenses-de-consommation-rbc\/la-demande-de-biens-et-daubaines-pendant-les-fetes-fait-grimper-les-depenses-des-titulaires-canadiens-de-carte-de-rbc\/\">\n\t\t\t\t\t<div class=\"post-image\">\n\t\t\t\t<img loading=\"lazy\" decoding=\"async\" width=\"1024\" height=\"618\" src=\"https:\/\/www.rbc.com\/fr\/economique\/wp-content\/uploads\/sites\/24\/\/2025\/05\/Cons-sp.png?quality=80\" class=\"attachment-full size-full wp-post-image\" alt=\"\" srcset=\"https:\/\/www.rbc.com\/fr\/economique\/wp-content\/uploads\/sites\/24\/2025\/05\/Cons-sp.png 6134w, https:\/\/www.rbc.com\/fr\/economique\/wp-content\/uploads\/sites\/24\/2025\/05\/Cons-sp.png?resize=300,181 300w, https:\/\/www.rbc.com\/fr\/economique\/wp-content\/uploads\/sites\/24\/2025\/05\/Cons-sp.png?resize=768,463 768w, https:\/\/www.rbc.com\/fr\/economique\/wp-content\/uploads\/sites\/24\/2025\/05\/Cons-sp.png?resize=1024,618 1024w, https:\/\/www.rbc.com\/fr\/economique\/wp-content\/uploads\/sites\/24\/2025\/05\/Cons-sp.png?resize=1536,927 1536w, https:\/\/www.rbc.com\/fr\/economique\/wp-content\/uploads\/sites\/24\/2025\/05\/Cons-sp.png?resize=2048,1235 2048w\" sizes=\"auto, (max-width: 1024px) 100vw, 1024px\" \/>\t\t\t<\/div>\n\t\t\t\t<div class=\"post-content\">\n\t\t\t<h4 class=\"post-title\">\n\t\t\t\tLa demande de biens et d\u2019aubaines pendant les f\u00eates fait grimper les d\u00e9penses des titulaires canadiens de carte de RBC\t\t\t<\/h4>\n\t\t\t\t\t\t\t<p class=\"post-date\">16 d\u00e9cembre 2025<\/p>\n\t\t\t\t\t\t<\/div>\n\t\t<\/a>\n\t<\/article>\n<\/div>\n\n<div class=\"jscroll-item\" data-post-id=\"4283\">\n\t<article class=\"post-card thought-leadership-template\">\n\t\t<a href=\"https:\/\/www.rbc.com\/fr\/economique\/analyse-pour-le-canada\/outil-de-suivi-des-depenses-de-consommation-rbc\/les-titulaires-de-cartes-rbc-poursuivent-leurs-depenses-dynamiques-les-blue-jays-stimulant-le-divertissement\/\">\n\t\t\t\t\t<div class=\"post-image\">\n\t\t\t\t<img loading=\"lazy\" decoding=\"async\" width=\"1024\" height=\"618\" src=\"https:\/\/www.rbc.com\/fr\/economique\/wp-content\/uploads\/sites\/24\/\/2025\/05\/Cons-sp.png?quality=80\" class=\"attachment-full size-full wp-post-image\" alt=\"\" srcset=\"https:\/\/www.rbc.com\/fr\/economique\/wp-content\/uploads\/sites\/24\/2025\/05\/Cons-sp.png 6134w, https:\/\/www.rbc.com\/fr\/economique\/wp-content\/uploads\/sites\/24\/2025\/05\/Cons-sp.png?resize=300,181 300w, https:\/\/www.rbc.com\/fr\/economique\/wp-content\/uploads\/sites\/24\/2025\/05\/Cons-sp.png?resize=768,463 768w, https:\/\/www.rbc.com\/fr\/economique\/wp-content\/uploads\/sites\/24\/2025\/05\/Cons-sp.png?resize=1024,618 1024w, https:\/\/www.rbc.com\/fr\/economique\/wp-content\/uploads\/sites\/24\/2025\/05\/Cons-sp.png?resize=1536,927 1536w, https:\/\/www.rbc.com\/fr\/economique\/wp-content\/uploads\/sites\/24\/2025\/05\/Cons-sp.png?resize=2048,1235 2048w\" sizes=\"auto, (max-width: 1024px) 100vw, 1024px\" \/>\t\t\t<\/div>\n\t\t\t\t<div class=\"post-content\">\n\t\t\t<h4 class=\"post-title\">\n\t\t\t\tLes titulaires de cartes RBC poursuivent leurs d\u00e9penses dynamiques, les Blue Jays stimulant le divertissement\t\t\t<\/h4>\n\t\t\t\t\t\t\t<p class=\"post-date\">12 novembre 2025<\/p>\n\t\t\t\t\t\t<\/div>\n\t\t<\/a>\n\t<\/article>\n<\/div>\n\n<div class=\"jscroll-item\" data-post-id=\"4289\">\n\t<article class=\"post-card thought-leadership-template\">\n\t\t<a href=\"https:\/\/www.rbc.com\/fr\/economique\/analyse-pour-le-canada\/outil-de-suivi-des-depenses-de-consommation-rbc\/les-depenses-des-titulaires-canadiens-de-cartes-rbc-demeurent-solides-malgre-un-ralentissement-par-rapport-aux-sommets-du-t2\/\">\n\t\t\t\t\t<div class=\"post-image\">\n\t\t\t\t<img loading=\"lazy\" decoding=\"async\" width=\"1024\" height=\"618\" src=\"https:\/\/www.rbc.com\/fr\/economique\/wp-content\/uploads\/sites\/24\/\/2025\/05\/Cons-sp.png?quality=80\" class=\"attachment-full size-full wp-post-image\" alt=\"\" srcset=\"https:\/\/www.rbc.com\/fr\/economique\/wp-content\/uploads\/sites\/24\/2025\/05\/Cons-sp.png 6134w, https:\/\/www.rbc.com\/fr\/economique\/wp-content\/uploads\/sites\/24\/2025\/05\/Cons-sp.png?resize=300,181 300w, https:\/\/www.rbc.com\/fr\/economique\/wp-content\/uploads\/sites\/24\/2025\/05\/Cons-sp.png?resize=768,463 768w, https:\/\/www.rbc.com\/fr\/economique\/wp-content\/uploads\/sites\/24\/2025\/05\/Cons-sp.png?resize=1024,618 1024w, https:\/\/www.rbc.com\/fr\/economique\/wp-content\/uploads\/sites\/24\/2025\/05\/Cons-sp.png?resize=1536,927 1536w, https:\/\/www.rbc.com\/fr\/economique\/wp-content\/uploads\/sites\/24\/2025\/05\/Cons-sp.png?resize=2048,1235 2048w\" sizes=\"auto, (max-width: 1024px) 100vw, 1024px\" \/>\t\t\t<\/div>\n\t\t\t\t<div class=\"post-content\">\n\t\t\t<h4 class=\"post-title\">\n\t\t\t\tLes d\u00e9penses des titulaires canadiens de cartes\u00a0RBC demeurent solides malgr\u00e9 un ralentissement par rapport aux sommets du T2\t\t\t<\/h4>\n\t\t\t\t\t\t\t<p class=\"post-date\">16 octobre 2025<\/p>\n\t\t\t\t\t\t<\/div>\n\t\t<\/a>\n\t<\/article>\n<\/div>\n\n<div class=\"jscroll-item\" data-post-id=\"4295\">\n\t<article class=\"post-card thought-leadership-template\">\n\t\t<a href=\"https:\/\/www.rbc.com\/fr\/economique\/analyse-pour-le-canada\/outil-de-suivi-des-depenses-de-consommation-rbc\/les-donnees-sur-les-titulaires-canadiens-de-cartes-rbc-font-ressortir-un-ralentissement-de-la-croissance-des-depenses-dans-un-contexte-de-prudence\/\">\n\t\t\t\t\t<div class=\"post-image\">\n\t\t\t\t<img loading=\"lazy\" decoding=\"async\" width=\"1024\" height=\"618\" src=\"https:\/\/www.rbc.com\/fr\/economique\/wp-content\/uploads\/sites\/24\/\/2025\/05\/Cons-sp.png?quality=80\" class=\"attachment-full size-full wp-post-image\" alt=\"\" srcset=\"https:\/\/www.rbc.com\/fr\/economique\/wp-content\/uploads\/sites\/24\/2025\/05\/Cons-sp.png 6134w, https:\/\/www.rbc.com\/fr\/economique\/wp-content\/uploads\/sites\/24\/2025\/05\/Cons-sp.png?resize=300,181 300w, https:\/\/www.rbc.com\/fr\/economique\/wp-content\/uploads\/sites\/24\/2025\/05\/Cons-sp.png?resize=768,463 768w, https:\/\/www.rbc.com\/fr\/economique\/wp-content\/uploads\/sites\/24\/2025\/05\/Cons-sp.png?resize=1024,618 1024w, https:\/\/www.rbc.com\/fr\/economique\/wp-content\/uploads\/sites\/24\/2025\/05\/Cons-sp.png?resize=1536,927 1536w, https:\/\/www.rbc.com\/fr\/economique\/wp-content\/uploads\/sites\/24\/2025\/05\/Cons-sp.png?resize=2048,1235 2048w\" sizes=\"auto, (max-width: 1024px) 100vw, 1024px\" \/>\t\t\t<\/div>\n\t\t\t\t<div class=\"post-content\">\n\t\t\t<h4 class=\"post-title\">\n\t\t\t\tRalentissement de la croissance des d\u00e9penses des titulaires de cartes RBC au Canada\t\t\t<\/h4>\n\t\t\t\t\t\t\t<p class=\"post-date\">16 septembre 2025<\/p>\n\t\t\t\t\t\t<\/div>\n\t\t<\/a>\n\t<\/article>\n<\/div>\n\n<div class=\"jscroll-item\" data-post-id=\"4302\">\n\t<article class=\"post-card thought-leadership-template\">\n\t\t<a href=\"https:\/\/www.rbc.com\/fr\/economique\/analyse-pour-le-canada\/outil-de-suivi-des-depenses-de-consommation-rbc\/le-rebond-des-depenses-des-titulaires-de-carte-rbc-au-canada-en-juillet-annonce-un-debut-de-troisieme-trimestre-stable\/\">\n\t\t\t\t\t<div class=\"post-image\">\n\t\t\t\t<img loading=\"lazy\" decoding=\"async\" width=\"1024\" height=\"618\" src=\"https:\/\/www.rbc.com\/fr\/economique\/wp-content\/uploads\/sites\/24\/\/2025\/05\/Cons-sp.png?quality=80\" class=\"attachment-full size-full wp-post-image\" alt=\"\" srcset=\"https:\/\/www.rbc.com\/fr\/economique\/wp-content\/uploads\/sites\/24\/2025\/05\/Cons-sp.png 6134w, https:\/\/www.rbc.com\/fr\/economique\/wp-content\/uploads\/sites\/24\/2025\/05\/Cons-sp.png?resize=300,181 300w, https:\/\/www.rbc.com\/fr\/economique\/wp-content\/uploads\/sites\/24\/2025\/05\/Cons-sp.png?resize=768,463 768w, https:\/\/www.rbc.com\/fr\/economique\/wp-content\/uploads\/sites\/24\/2025\/05\/Cons-sp.png?resize=1024,618 1024w, https:\/\/www.rbc.com\/fr\/economique\/wp-content\/uploads\/sites\/24\/2025\/05\/Cons-sp.png?resize=1536,927 1536w, https:\/\/www.rbc.com\/fr\/economique\/wp-content\/uploads\/sites\/24\/2025\/05\/Cons-sp.png?resize=2048,1235 2048w\" sizes=\"auto, (max-width: 1024px) 100vw, 1024px\" \/>\t\t\t<\/div>\n\t\t\t\t<div class=\"post-content\">\n\t\t\t<h4 class=\"post-title\">\n\t\t\t\tLe rebond des d\u00e9penses des titulaires de carte RBC au Canada en juillet annonce un d\u00e9but de troisi\u00e8me trimestre stable\t\t\t<\/h4>\n\t\t\t\t\t\t\t<p class=\"post-date\">13 ao\u00fbt 2025<\/p>\n\t\t\t\t\t\t<\/div>\n\t\t<\/a>\n\t<\/article>\n<\/div>\n\n<div class=\"jscroll-item\" data-post-id=\"4308\">\n\t<article class=\"post-card thought-leadership-template\">\n\t\t<a href=\"https:\/\/www.rbc.com\/fr\/economique\/analyse-pour-le-canada\/outil-de-suivi-des-depenses-de-consommation-rbc\/le-recul-des-depenses-des-titulaires-de-carte-rbc-en-juin-neclipse-pas-les-gains-du-deuxieme-trimestre\/\">\n\t\t\t\t\t<div class=\"post-image\">\n\t\t\t\t<img loading=\"lazy\" decoding=\"async\" width=\"1024\" height=\"618\" src=\"https:\/\/www.rbc.com\/fr\/economique\/wp-content\/uploads\/sites\/24\/\/2025\/05\/Cons-sp.png?quality=80\" class=\"attachment-full size-full wp-post-image\" alt=\"\" srcset=\"https:\/\/www.rbc.com\/fr\/economique\/wp-content\/uploads\/sites\/24\/2025\/05\/Cons-sp.png 6134w, https:\/\/www.rbc.com\/fr\/economique\/wp-content\/uploads\/sites\/24\/2025\/05\/Cons-sp.png?resize=300,181 300w, https:\/\/www.rbc.com\/fr\/economique\/wp-content\/uploads\/sites\/24\/2025\/05\/Cons-sp.png?resize=768,463 768w, https:\/\/www.rbc.com\/fr\/economique\/wp-content\/uploads\/sites\/24\/2025\/05\/Cons-sp.png?resize=1024,618 1024w, https:\/\/www.rbc.com\/fr\/economique\/wp-content\/uploads\/sites\/24\/2025\/05\/Cons-sp.png?resize=1536,927 1536w, https:\/\/www.rbc.com\/fr\/economique\/wp-content\/uploads\/sites\/24\/2025\/05\/Cons-sp.png?resize=2048,1235 2048w\" sizes=\"auto, (max-width: 1024px) 100vw, 1024px\" \/>\t\t\t<\/div>\n\t\t\t\t<div class=\"post-content\">\n\t\t\t<h4 class=\"post-title\">\n\t\t\t\tLe recul des d\u00e9penses des titulaires de carte RBC en juin n\u2019\u00e9clipse pas les gains du deuxi\u00e8me trimestre\t\t\t<\/h4>\n\t\t\t\t\t\t\t<p class=\"post-date\">17 juillet 2025<\/p>\n\t\t\t\t\t\t<\/div>\n\t\t<\/a>\n\t<\/article>\n<\/div>\n\n<div class=\"jscroll-item\" data-post-id=\"4252\">\n\t<article class=\"post-card thought-leadership-template\">\n\t\t<a href=\"https:\/\/www.rbc.com\/fr\/economique\/analyse-pour-le-canada\/outil-de-suivi-des-depenses-de-consommation-rbc\/les-depenses-des-titulaires-de-carte-rbc-au-canada-continuent-de-defier-les-preoccupations-generales\/\">\n\t\t\t\t\t<div class=\"post-image\">\n\t\t\t\t<img loading=\"lazy\" decoding=\"async\" width=\"1024\" height=\"618\" src=\"https:\/\/www.rbc.com\/fr\/economique\/wp-content\/uploads\/sites\/24\/\/2025\/05\/Cons-sp.png?quality=80\" class=\"attachment-full size-full wp-post-image\" alt=\"\" srcset=\"https:\/\/www.rbc.com\/fr\/economique\/wp-content\/uploads\/sites\/24\/2025\/05\/Cons-sp.png 6134w, https:\/\/www.rbc.com\/fr\/economique\/wp-content\/uploads\/sites\/24\/2025\/05\/Cons-sp.png?resize=300,181 300w, https:\/\/www.rbc.com\/fr\/economique\/wp-content\/uploads\/sites\/24\/2025\/05\/Cons-sp.png?resize=768,463 768w, https:\/\/www.rbc.com\/fr\/economique\/wp-content\/uploads\/sites\/24\/2025\/05\/Cons-sp.png?resize=1024,618 1024w, https:\/\/www.rbc.com\/fr\/economique\/wp-content\/uploads\/sites\/24\/2025\/05\/Cons-sp.png?resize=1536,927 1536w, https:\/\/www.rbc.com\/fr\/economique\/wp-content\/uploads\/sites\/24\/2025\/05\/Cons-sp.png?resize=2048,1235 2048w\" sizes=\"auto, (max-width: 1024px) 100vw, 1024px\" \/>\t\t\t<\/div>\n\t\t\t\t<div class=\"post-content\">\n\t\t\t<h4 class=\"post-title\">\n\t\t\t\tLes d\u00e9penses des titulaires de carte RBC au Canada continuent de d\u00e9fier les pr\u00e9occupations g\u00e9n\u00e9rales\t\t\t<\/h4>\n\t\t\t\t\t\t\t<p class=\"post-date\">15 mai 2025<\/p>\n\t\t\t\t\t\t<\/div>\n\t\t<\/a>\n\t<\/article>\n<\/div>\n\t\t\t\t<\/div>\n\t\t\t\t\n\t\t\t<!-- Different markup between back-end server side render and front-end -->\n\t\t\t\t\t<\/div>\n\t\t\n\t\t<\/div>\n<\/section>\n\n\n\n<div class=\"wp-block-group is-layout-constrained wp-block-group-is-layout-constrained\" style=\"border-radius:0px\">\n<div class=\"wp-block-group alignfull pad-t-dbl pad-b-dbl mob-pad-t-dbl mob-pad-b-dbl has-background is-layout-constrained wp-block-group-is-layout-constrained\" style=\"background-color:#f3f7f8\">\n<h2 class=\"wp-block-heading has-text-align-center\" id=\"h-obtenir-des-mises-a-jour-par-courriel-des-services-economiques-rbc\" style=\"margin-bottom:16px\">Obtenir des mises \u00e0 jour par courriel des Services \u00e9conomiques RBC<\/h2>\n\n\n\n<div class=\"wp-block-group mar-b-hlf mob-mar-b-hlf is-layout-constrained wp-container-core-group-is-layout-bea02a06 wp-block-group-is-layout-constrained\">\n<p class=\"has-text-align-center\" style=\"margin-bottom:16px\">Lorsque vous \u00eates abonn\u00e9 \u00e0 nos publications, vous recevez un courriel d&rsquo;alerte contenant un lien d\u00e8s que cette publication est accessible sur le site Web des Services \u00e9conomiques RBC.<\/p>\n<\/div>\n\n\n\n<div class=\"wp-block-buttons is-content-justification-center is-layout-flex wp-container-core-buttons-is-layout-a89b3969 wp-block-buttons-is-layout-flex\"><div>\n<div class=\"wp-block-button  is-style-primary primary btn before\"><a class=\"wp-block-button__link wp-element-button\" href=\"https:\/\/www.rbc.com\/economie-subscriber\/index.html\" target=\"_blank\" rel=\"noreferrer noopener\" data-dig-id=\"LP-1784-48359813\" data-dig-category=\"LP\" data-dig-action=\"button click\" data-dig-label=\"S'incrire-https:\/\/www.rbc.com\/economie-subscriber\/index.html \">S&rsquo;incrire<\/a><\/div>\n<\/div><\/div>\n\n\n\n<div class=\"wp-block-group mar-t mob-mar-t is-layout-constrained wp-container-core-group-is-layout-830598b8 wp-block-group-is-layout-constrained\">\n<div class=\"wp-block-group pad-t mob-pad-t is-content-justification-center is-nowrap is-layout-flex wp-container-core-group-is-layout-f34c8a65 wp-block-group-is-layout-flex\" style=\"border-radius:0px;border-top-color:#d6dee2;border-top-width:1px\">\n<figure class=\"wp-block-image size-thumbnail\"><img decoding=\"async\" src=\"https:\/\/www.rbc.com\/fr\/economique\/wp-content\/uploads\/sites\/24\/2025\/10\/linkedin-md.svg?quality=80&amp;w=150&amp;h=150&amp;crop=1\" alt=\"\" class=\"wp-image-1862\" \/><\/figure>\n\n\n\n<p class=\"has-text-align-center has-text-color has-link-color wp-elements-d8214c1208304a04b79205f3787c1e5d\" style=\"color:#585858\"><a href=\"https:\/\/www.linkedin.com\/company\/105623259\" target=\"_blank\" data-dig-id=\"LP-3412-81ea95e3\" data-dig-category=\"LP\" data-dig-action=\"link click\" data-dig-label=\"Suivez RBC \u00c9conomique sur LinkedIn\" rel=\"noreferrer noopener\" class=\"rbc-link-format\">Suivez RBC \u00c9conomique sur LinkedIn<\/a><\/p>\n<\/div>\n<\/div>\n<\/div>\n<\/div>\n","protected":false},"excerpt":{"rendered":"","protected":false},"author":318,"featured_media":0,"parent":0,"menu_order":0,"comment_status":"closed","ping_status":"closed","template":"","meta":{"_acf_changed":false,"advgb_blocks_editor_width":"","advgb_blocks_columns_visual_guide":"","footnotes":""},"class_list":["post-4249","page","type-page","status-publish","hentry"],"acf":[],"yoast_head":"<!-- This site is optimized with the Yoast SEO Premium plugin v27.2 (Yoast SEO v27.2) - https:\/\/yoast.com\/product\/yoast-seo-premium-wordpress\/ -->\n<title>Outil de suivi des d\u00e9penses de consommation RBC - RBC Economique<\/title>\n<meta name=\"robots\" content=\"index, follow, max-snippet:-1, max-image-preview:large, max-video-preview:-1\" \/>\n<link rel=\"canonical\" href=\"https:\/\/www.rbc.com\/fr\/economique\/outil-de-suivi-des-depenses-de-consommation-rbc\/\" \/>\n<meta property=\"og:locale\" content=\"fr_FR\" \/>\n<meta property=\"og:type\" content=\"article\" \/>\n<meta property=\"og:title\" content=\"Outil de suivi des d\u00e9penses de consommation RBC\" \/>\n<meta property=\"og:url\" content=\"https:\/\/www.rbc.com\/fr\/economique\/outil-de-suivi-des-depenses-de-consommation-rbc\/\" \/>\n<meta property=\"og:site_name\" content=\"RBC Economique\" \/>\n<meta property=\"article:modified_time\" content=\"2026-03-25T18:09:16+00:00\" \/>\n<meta name=\"twitter:card\" content=\"summary_large_image\" \/>\n<script type=\"application\/ld+json\" class=\"yoast-schema-graph\">{\"@context\":\"https:\/\/schema.org\",\"@graph\":[{\"@type\":\"WebPage\",\"@id\":\"https:\/\/www.rbc.com\/fr\/economique\/outil-de-suivi-des-depenses-de-consommation-rbc\/\",\"url\":\"https:\/\/www.rbc.com\/fr\/economique\/outil-de-suivi-des-depenses-de-consommation-rbc\/\",\"name\":\"Outil de suivi des d\u00e9penses de consommation RBC - RBC Economique\",\"isPartOf\":{\"@id\":\"https:\/\/www.rbc.com\/fr\/economique\/#website\"},\"datePublished\":\"2026-03-25T18:09:15+00:00\",\"dateModified\":\"2026-03-25T18:09:16+00:00\",\"breadcrumb\":{\"@id\":\"https:\/\/www.rbc.com\/fr\/economique\/outil-de-suivi-des-depenses-de-consommation-rbc\/#breadcrumb\"},\"inLanguage\":\"fr-FR\",\"potentialAction\":[{\"@type\":\"ReadAction\",\"target\":[\"https:\/\/www.rbc.com\/fr\/economique\/outil-de-suivi-des-depenses-de-consommation-rbc\/\"]}]},{\"@type\":\"BreadcrumbList\",\"@id\":\"https:\/\/www.rbc.com\/fr\/economique\/outil-de-suivi-des-depenses-de-consommation-rbc\/#breadcrumb\",\"itemListElement\":[{\"@type\":\"ListItem\",\"position\":1,\"name\":\"Home\",\"item\":\"https:\/\/www.rbc.com\/fr\/economique\/\"},{\"@type\":\"ListItem\",\"position\":2,\"name\":\"Outil de suivi des d\u00e9penses de consommation RBC\"}]},{\"@type\":\"WebSite\",\"@id\":\"https:\/\/www.rbc.com\/fr\/economique\/#website\",\"url\":\"https:\/\/www.rbc.com\/fr\/economique\/\",\"name\":\"RBC Economique\",\"description\":\"\",\"potentialAction\":[{\"@type\":\"SearchAction\",\"target\":{\"@type\":\"EntryPoint\",\"urlTemplate\":\"https:\/\/www.rbc.com\/fr\/economique\/?s={search_term_string}\"},\"query-input\":{\"@type\":\"PropertyValueSpecification\",\"valueRequired\":true,\"valueName\":\"search_term_string\"}}],\"inLanguage\":\"fr-FR\"}]}<\/script>\n<!-- \/ Yoast SEO Premium plugin. -->","yoast_head_json":{"title":"Outil de suivi des d\u00e9penses de consommation RBC - RBC Economique","robots":{"index":"index","follow":"follow","max-snippet":"max-snippet:-1","max-image-preview":"max-image-preview:large","max-video-preview":"max-video-preview:-1"},"canonical":"https:\/\/www.rbc.com\/fr\/economique\/outil-de-suivi-des-depenses-de-consommation-rbc\/","og_locale":"fr_FR","og_type":"article","og_title":"Outil de suivi des d\u00e9penses de consommation RBC","og_url":"https:\/\/www.rbc.com\/fr\/economique\/outil-de-suivi-des-depenses-de-consommation-rbc\/","og_site_name":"RBC Economique","article_modified_time":"2026-03-25T18:09:16+00:00","twitter_card":"summary_large_image","schema":{"@context":"https:\/\/schema.org","@graph":[{"@type":"WebPage","@id":"https:\/\/www.rbc.com\/fr\/economique\/outil-de-suivi-des-depenses-de-consommation-rbc\/","url":"https:\/\/www.rbc.com\/fr\/economique\/outil-de-suivi-des-depenses-de-consommation-rbc\/","name":"Outil de suivi des d\u00e9penses de consommation RBC - RBC Economique","isPartOf":{"@id":"https:\/\/www.rbc.com\/fr\/economique\/#website"},"datePublished":"2026-03-25T18:09:15+00:00","dateModified":"2026-03-25T18:09:16+00:00","breadcrumb":{"@id":"https:\/\/www.rbc.com\/fr\/economique\/outil-de-suivi-des-depenses-de-consommation-rbc\/#breadcrumb"},"inLanguage":"fr-FR","potentialAction":[{"@type":"ReadAction","target":["https:\/\/www.rbc.com\/fr\/economique\/outil-de-suivi-des-depenses-de-consommation-rbc\/"]}]},{"@type":"BreadcrumbList","@id":"https:\/\/www.rbc.com\/fr\/economique\/outil-de-suivi-des-depenses-de-consommation-rbc\/#breadcrumb","itemListElement":[{"@type":"ListItem","position":1,"name":"Home","item":"https:\/\/www.rbc.com\/fr\/economique\/"},{"@type":"ListItem","position":2,"name":"Outil de suivi des d\u00e9penses de consommation RBC"}]},{"@type":"WebSite","@id":"https:\/\/www.rbc.com\/fr\/economique\/#website","url":"https:\/\/www.rbc.com\/fr\/economique\/","name":"RBC Economique","description":"","potentialAction":[{"@type":"SearchAction","target":{"@type":"EntryPoint","urlTemplate":"https:\/\/www.rbc.com\/fr\/economique\/?s={search_term_string}"},"query-input":{"@type":"PropertyValueSpecification","valueRequired":true,"valueName":"search_term_string"}}],"inLanguage":"fr-FR"}]}},"coauthors":[],"author_meta":{"author_link":"https:\/\/www.rbc.com\/fr\/economique\/author\/viktoriyapanahova\/","display_name":"viktoriyapanahova"},"relative_dates":{"created":"Publi\u00e9 1 mois il y a","modified":"Mis \u00e0 jour 1 mois il y a"},"absolute_dates":{"created":"Publi\u00e9 le 25 mars 2026","modified":"Mise \u00e0 jour le 25 mars 2026"},"absolute_dates_time":{"created":"Publi\u00e9 le 25 mars 2026 6:09  ","modified":"Mise \u00e0 jour le 25 mars 2026 6:09  "},"featured_img_caption":"","featured_img":false,"series_order":"","_links":{"self":[{"href":"https:\/\/www.rbc.com\/fr\/economique\/wp-json\/wp\/v2\/pages\/4249","targetHints":{"allow":["GET"]}}],"collection":[{"href":"https:\/\/www.rbc.com\/fr\/economique\/wp-json\/wp\/v2\/pages"}],"about":[{"href":"https:\/\/www.rbc.com\/fr\/economique\/wp-json\/wp\/v2\/types\/page"}],"author":[{"embeddable":true,"href":"https:\/\/www.rbc.com\/fr\/economique\/wp-json\/wp\/v2\/users\/318"}],"replies":[{"embeddable":true,"href":"https:\/\/www.rbc.com\/fr\/economique\/wp-json\/wp\/v2\/comments?post=4249"}],"version-history":[{"count":1,"href":"https:\/\/www.rbc.com\/fr\/economique\/wp-json\/wp\/v2\/pages\/4249\/revisions"}],"predecessor-version":[{"id":4250,"href":"https:\/\/www.rbc.com\/fr\/economique\/wp-json\/wp\/v2\/pages\/4249\/revisions\/4250"}],"wp:attachment":[{"href":"https:\/\/www.rbc.com\/fr\/economique\/wp-json\/wp\/v2\/media?parent=4249"}],"curies":[{"name":"wp","href":"https:\/\/api.w.org\/{rel}","templated":true}]}}