{"id":1848,"date":"2025-10-06T19:12:53","date_gmt":"2025-10-06T19:12:53","guid":{"rendered":"https:\/\/www.rbc.com\/fr\/economique\/?page_id=1848"},"modified":"2025-10-15T20:24:08","modified_gmt":"2025-10-15T20:24:08","slug":"budgets-provinciaux-et-enonces-economiques","status":"publish","type":"page","link":"https:\/\/www.rbc.com\/fr\/economique\/analyse-pour-le-canada\/previsions-provinciales-et-budgetaires\/budgets-provinciaux-et-enonces-economiques\/","title":{"rendered":"Budgets provinciaux et \u00e9nonc\u00e9s \u00e9conomiques"},"content":{"rendered":"\n<section class=\"wp-block-rbc-section-block  pos-rel\" style=\"border-radius:0px\">\n<div class=\"wp-block-rbc-section-inner-block  section-inner\" style=\"border-radius:0x\">\t\t<div class=\"most-recent-by-taxonomy-jscroll jscroll-wrapper\">\n\t\t\t\t\t\t<div class=\"wp-block-rbc-most-recent-by-taxonomy most-recent-by-taxonomy-is-template-type-3\">\n\t\t\t\t\t\n<div class=\"jscroll-item\" data-post-id=\"4337\">\n\t<article class=\"post-card thought-leadership-template\">\n\t\t<a href=\"https:\/\/www.rbc.com\/fr\/economique\/analyse-pour-le-canada\/previsions-provinciales-et-budgetaires\/budgets-provinciaux-et-enonces-economiques\/budget-2026-de-lontario-retour-a-lequilibre-budgetaire-retarde\/\">\n\t\t\t\t\t<div class=\"post-image\">\n\t\t\t\t<img loading=\"lazy\" decoding=\"async\" width=\"1024\" height=\"618\" src=\"https:\/\/www.rbc.com\/fr\/economique\/wp-content\/uploads\/sites\/24\/2026\/03\/Budg-ON-2026-BG.png?quality=80\" class=\"attachment-full size-full wp-post-image\" alt=\"\" srcset=\"https:\/\/www.rbc.com\/fr\/economique\/wp-content\/uploads\/sites\/24\/2026\/03\/Budg-ON-2026-BG.png 3067w, https:\/\/www.rbc.com\/fr\/economique\/wp-content\/uploads\/sites\/24\/2026\/03\/Budg-ON-2026-BG.png?resize=300,181 300w, https:\/\/www.rbc.com\/fr\/economique\/wp-content\/uploads\/sites\/24\/2026\/03\/Budg-ON-2026-BG.png?resize=768,463 768w, https:\/\/www.rbc.com\/fr\/economique\/wp-content\/uploads\/sites\/24\/2026\/03\/Budg-ON-2026-BG.png?resize=1024,618 1024w, https:\/\/www.rbc.com\/fr\/economique\/wp-content\/uploads\/sites\/24\/2026\/03\/Budg-ON-2026-BG.png?resize=1536,927 1536w, https:\/\/www.rbc.com\/fr\/economique\/wp-content\/uploads\/sites\/24\/2026\/03\/Budg-ON-2026-BG.png?resize=2048,1235 2048w\" sizes=\"auto, (max-width: 1024px) 100vw, 1024px\" \/>\t\t\t<\/div>\n\t\t\t\t<div class=\"post-content\">\n\t\t\t<h4 class=\"post-title\">\n\t\t\t\tBudget 2026 de l\u2019Ontario : Retour \u00e0 l\u2019\u00e9quilibre budg\u00e9taire retard\u00e9\t\t\t<\/h4>\n\t\t\t\t\t\t\t<p class=\"post-date\">26 mars 2026<\/p>\n\t\t\t\t\t\t<\/div>\n\t\t<\/a>\n\t<\/article>\n<\/div>\n\n<div class=\"jscroll-item\" data-post-id=\"4316\">\n\t<article class=\"post-card thought-leadership-template\">\n\t\t<a href=\"https:\/\/www.rbc.com\/fr\/economique\/analyse-pour-le-canada\/previsions-provinciales-et-budgetaires\/budgets-provinciaux-et-enonces-economiques\/budget-2026-du-manitoba-la-trajectoire-vers-lequilibre-budgetaire-est-maintenue-malgre-les-surprises-negatives-pendant-lannee\/\">\n\t\t\t\t\t<div class=\"post-image\">\n\t\t\t\t<img loading=\"lazy\" decoding=\"async\" width=\"1024\" height=\"618\" src=\"https:\/\/www.rbc.com\/fr\/economique\/wp-content\/uploads\/sites\/24\/2026\/03\/MB-budg-BAnner-2026.png?quality=80\" class=\"attachment-full size-full wp-post-image\" alt=\"\" srcset=\"https:\/\/www.rbc.com\/fr\/economique\/wp-content\/uploads\/sites\/24\/2026\/03\/MB-budg-BAnner-2026.png 3067w, https:\/\/www.rbc.com\/fr\/economique\/wp-content\/uploads\/sites\/24\/2026\/03\/MB-budg-BAnner-2026.png?resize=300,181 300w, https:\/\/www.rbc.com\/fr\/economique\/wp-content\/uploads\/sites\/24\/2026\/03\/MB-budg-BAnner-2026.png?resize=768,463 768w, https:\/\/www.rbc.com\/fr\/economique\/wp-content\/uploads\/sites\/24\/2026\/03\/MB-budg-BAnner-2026.png?resize=1024,618 1024w, https:\/\/www.rbc.com\/fr\/economique\/wp-content\/uploads\/sites\/24\/2026\/03\/MB-budg-BAnner-2026.png?resize=1536,927 1536w, https:\/\/www.rbc.com\/fr\/economique\/wp-content\/uploads\/sites\/24\/2026\/03\/MB-budg-BAnner-2026.png?resize=2048,1235 2048w\" sizes=\"auto, (max-width: 1024px) 100vw, 1024px\" \/>\t\t\t<\/div>\n\t\t\t\t<div class=\"post-content\">\n\t\t\t<h4 class=\"post-title\">\n\t\t\t\tBudget 2026 du Manitoba : la trajectoire vers l\u2019\u00e9quilibre budg\u00e9taire est maintenue malgr\u00e9 les surprises n\u00e9gatives pendant l\u2019ann\u00e9e\t\t\t<\/h4>\n\t\t\t\t\t\t\t<p class=\"post-date\">24 mars 2026<\/p>\n\t\t\t\t\t\t<\/div>\n\t\t<\/a>\n\t<\/article>\n<\/div>\n\n<div class=\"jscroll-item\" data-post-id=\"4190\">\n\t<article class=\"post-card thought-leadership-template\">\n\t\t<a href=\"https:\/\/www.rbc.com\/fr\/economique\/analyse-pour-le-canada\/previsions-provinciales-et-budgetaires\/budgets-provinciaux-et-enonces-economiques\/budget-2026-de-la-saskatchewan-le-long-chemin-de-lequilibre-budgetaire\/\">\n\t\t\t\t\t<div class=\"post-image\">\n\t\t\t\t<img loading=\"lazy\" decoding=\"async\" width=\"1024\" height=\"618\" src=\"https:\/\/www.rbc.com\/fr\/economique\/wp-content\/uploads\/sites\/24\/2026\/03\/Sask-Budg-2026-Banner-1.png?quality=80\" class=\"attachment-full size-full wp-post-image\" alt=\"\" srcset=\"https:\/\/www.rbc.com\/fr\/economique\/wp-content\/uploads\/sites\/24\/2026\/03\/Sask-Budg-2026-Banner-1.png 3067w, https:\/\/www.rbc.com\/fr\/economique\/wp-content\/uploads\/sites\/24\/2026\/03\/Sask-Budg-2026-Banner-1.png?resize=300,181 300w, https:\/\/www.rbc.com\/fr\/economique\/wp-content\/uploads\/sites\/24\/2026\/03\/Sask-Budg-2026-Banner-1.png?resize=768,463 768w, https:\/\/www.rbc.com\/fr\/economique\/wp-content\/uploads\/sites\/24\/2026\/03\/Sask-Budg-2026-Banner-1.png?resize=1024,618 1024w, https:\/\/www.rbc.com\/fr\/economique\/wp-content\/uploads\/sites\/24\/2026\/03\/Sask-Budg-2026-Banner-1.png?resize=1536,927 1536w, https:\/\/www.rbc.com\/fr\/economique\/wp-content\/uploads\/sites\/24\/2026\/03\/Sask-Budg-2026-Banner-1.png?resize=2048,1235 2048w\" sizes=\"auto, (max-width: 1024px) 100vw, 1024px\" \/>\t\t\t<\/div>\n\t\t\t\t<div class=\"post-content\">\n\t\t\t<h4 class=\"post-title\">\n\t\t\t\tBudget 2026 de la Saskatchewan : Le long chemin de l\u2019\u00e9quilibre budg\u00e9taire\t\t\t<\/h4>\n\t\t\t\t\t\t\t<p class=\"post-date\">19 mars 2026<\/p>\n\t\t\t\t\t\t<\/div>\n\t\t<\/a>\n\t<\/article>\n<\/div>\n\n<div class=\"jscroll-item\" data-post-id=\"4128\">\n\t<article class=\"post-card thought-leadership-template\">\n\t\t<a href=\"https:\/\/www.rbc.com\/fr\/economique\/analyse-pour-le-canada\/previsions-provinciales-et-budgetaires\/budgets-provinciaux-et-enonces-economiques\/budget-2026-du-nouveau-brunswick-lere-des-deficits-profonds\/\">\n\t\t\t\t\t<div class=\"post-image\">\n\t\t\t\t<img loading=\"lazy\" decoding=\"async\" width=\"1024\" height=\"618\" src=\"https:\/\/www.rbc.com\/fr\/economique\/wp-content\/uploads\/sites\/24\/2026\/03\/Budget-NB-Banner-Web.png?quality=80\" class=\"attachment-full size-full wp-post-image\" alt=\"\" srcset=\"https:\/\/www.rbc.com\/fr\/economique\/wp-content\/uploads\/sites\/24\/2026\/03\/Budget-NB-Banner-Web.png 3067w, https:\/\/www.rbc.com\/fr\/economique\/wp-content\/uploads\/sites\/24\/2026\/03\/Budget-NB-Banner-Web.png?resize=300,181 300w, https:\/\/www.rbc.com\/fr\/economique\/wp-content\/uploads\/sites\/24\/2026\/03\/Budget-NB-Banner-Web.png?resize=768,463 768w, https:\/\/www.rbc.com\/fr\/economique\/wp-content\/uploads\/sites\/24\/2026\/03\/Budget-NB-Banner-Web.png?resize=1024,618 1024w, https:\/\/www.rbc.com\/fr\/economique\/wp-content\/uploads\/sites\/24\/2026\/03\/Budget-NB-Banner-Web.png?resize=1536,927 1536w, https:\/\/www.rbc.com\/fr\/economique\/wp-content\/uploads\/sites\/24\/2026\/03\/Budget-NB-Banner-Web.png?resize=2048,1235 2048w\" sizes=\"auto, (max-width: 1024px) 100vw, 1024px\" \/>\t\t\t<\/div>\n\t\t\t\t<div class=\"post-content\">\n\t\t\t<h4 class=\"post-title\">\n\t\t\t\tBudget 2026 du Nouveau-Brunswick : L\u2019\u00e8re des d\u00e9ficits profonds\t\t\t<\/h4>\n\t\t\t\t\t\t\t<p class=\"post-date\">18 mars 2026<\/p>\n\t\t\t\t\t\t<\/div>\n\t\t<\/a>\n\t<\/article>\n<\/div>\n\n<div class=\"jscroll-item\" data-post-id=\"4115\">\n\t<article class=\"post-card thought-leadership-template\">\n\t\t<a href=\"https:\/\/www.rbc.com\/fr\/economique\/analyse-pour-le-canada\/previsions-provinciales-et-budgetaires\/budgets-provinciaux-et-enonces-economiques\/budget-2026-du-quebec-faire-preuve-de-sobriete-en-annee-electorale\/\">\n\t\t\t\t\t<div class=\"post-image\">\n\t\t\t\t<img loading=\"lazy\" decoding=\"async\" width=\"1024\" height=\"618\" src=\"https:\/\/www.rbc.com\/fr\/economique\/wp-content\/uploads\/sites\/24\/2026\/03\/QC-Budg-Banner-2026.png?quality=80\" class=\"attachment-full size-full wp-post-image\" alt=\"\" srcset=\"https:\/\/www.rbc.com\/fr\/economique\/wp-content\/uploads\/sites\/24\/2026\/03\/QC-Budg-Banner-2026.png 3067w, https:\/\/www.rbc.com\/fr\/economique\/wp-content\/uploads\/sites\/24\/2026\/03\/QC-Budg-Banner-2026.png?resize=300,181 300w, https:\/\/www.rbc.com\/fr\/economique\/wp-content\/uploads\/sites\/24\/2026\/03\/QC-Budg-Banner-2026.png?resize=768,463 768w, https:\/\/www.rbc.com\/fr\/economique\/wp-content\/uploads\/sites\/24\/2026\/03\/QC-Budg-Banner-2026.png?resize=1024,618 1024w, https:\/\/www.rbc.com\/fr\/economique\/wp-content\/uploads\/sites\/24\/2026\/03\/QC-Budg-Banner-2026.png?resize=1536,927 1536w, https:\/\/www.rbc.com\/fr\/economique\/wp-content\/uploads\/sites\/24\/2026\/03\/QC-Budg-Banner-2026.png?resize=2048,1235 2048w\" sizes=\"auto, (max-width: 1024px) 100vw, 1024px\" \/>\t\t\t<\/div>\n\t\t\t\t<div class=\"post-content\">\n\t\t\t<h4 class=\"post-title\">\n\t\t\t\tBudget 2026 du Qu\u00e9bec : Faire preuve de sobri\u00e9t\u00e9 en ann\u00e9e \u00e9lectorale\t\t\t<\/h4>\n\t\t\t\t\t\t\t<p class=\"post-date\">18 mars 2026<\/p>\n\t\t\t\t\t\t<\/div>\n\t\t<\/a>\n\t<\/article>\n<\/div>\n\n<div class=\"jscroll-item\" data-post-id=\"3919\">\n\t<article class=\"post-card thought-leadership-template\">\n\t\t<a href=\"https:\/\/www.rbc.com\/fr\/economique\/analyse-pour-le-canada\/previsions-provinciales-et-budgetaires\/budgets-provinciaux-et-enonces-economiques\/budget-de-lalberta-2026-la-baisse-des-redevances-sur-les-ressources-a-de-lourdes-consequences\/\">\n\t\t\t\t\t<div class=\"post-image\">\n\t\t\t\t<img loading=\"lazy\" decoding=\"async\" width=\"1024\" height=\"618\" src=\"https:\/\/www.rbc.com\/fr\/economique\/wp-content\/uploads\/sites\/24\/2026\/03\/Budget-AB-Banner-Web.png?quality=80\" class=\"attachment-full size-full wp-post-image\" alt=\"\" srcset=\"https:\/\/www.rbc.com\/fr\/economique\/wp-content\/uploads\/sites\/24\/2026\/03\/Budget-AB-Banner-Web.png 3067w, https:\/\/www.rbc.com\/fr\/economique\/wp-content\/uploads\/sites\/24\/2026\/03\/Budget-AB-Banner-Web.png?resize=300,181 300w, https:\/\/www.rbc.com\/fr\/economique\/wp-content\/uploads\/sites\/24\/2026\/03\/Budget-AB-Banner-Web.png?resize=768,463 768w, https:\/\/www.rbc.com\/fr\/economique\/wp-content\/uploads\/sites\/24\/2026\/03\/Budget-AB-Banner-Web.png?resize=1024,618 1024w, https:\/\/www.rbc.com\/fr\/economique\/wp-content\/uploads\/sites\/24\/2026\/03\/Budget-AB-Banner-Web.png?resize=1536,927 1536w, https:\/\/www.rbc.com\/fr\/economique\/wp-content\/uploads\/sites\/24\/2026\/03\/Budget-AB-Banner-Web.png?resize=2048,1235 2048w\" sizes=\"auto, (max-width: 1024px) 100vw, 1024px\" \/>\t\t\t<\/div>\n\t\t\t\t<div class=\"post-content\">\n\t\t\t<h4 class=\"post-title\">\n\t\t\t\tBudget de l\u2019Alberta 2026 : La baisse des redevances sur les ressources a de lourdes cons\u00e9quences\t\t\t<\/h4>\n\t\t\t\t\t\t\t<p class=\"post-date\">27 f\u00e9vrier 2026<\/p>\n\t\t\t\t\t\t<\/div>\n\t\t<\/a>\n\t<\/article>\n<\/div>\n\n<div class=\"jscroll-item\" data-post-id=\"3863\">\n\t<article class=\"post-card thought-leadership-template\">\n\t\t<a href=\"https:\/\/www.rbc.com\/fr\/economique\/analyse-pour-le-canada\/previsions-provinciales-et-budgetaires\/budgets-provinciaux-et-enonces-economiques\/budget-de-la-nouvelle-ecosse-2026-rupture-avec-le-precedent-plan-de-reduction-du-deficit\/\">\n\t\t\t\t\t<div class=\"post-image\">\n\t\t\t\t<img loading=\"lazy\" decoding=\"async\" width=\"1024\" height=\"618\" src=\"https:\/\/www.rbc.com\/fr\/economique\/wp-content\/uploads\/sites\/24\/2026\/02\/Budget-NS-Banner-Web.png?quality=80\" class=\"attachment-full size-full wp-post-image\" alt=\"\" srcset=\"https:\/\/www.rbc.com\/fr\/economique\/wp-content\/uploads\/sites\/24\/2026\/02\/Budget-NS-Banner-Web.png 3067w, https:\/\/www.rbc.com\/fr\/economique\/wp-content\/uploads\/sites\/24\/2026\/02\/Budget-NS-Banner-Web.png?resize=300,181 300w, https:\/\/www.rbc.com\/fr\/economique\/wp-content\/uploads\/sites\/24\/2026\/02\/Budget-NS-Banner-Web.png?resize=768,463 768w, https:\/\/www.rbc.com\/fr\/economique\/wp-content\/uploads\/sites\/24\/2026\/02\/Budget-NS-Banner-Web.png?resize=1024,618 1024w, https:\/\/www.rbc.com\/fr\/economique\/wp-content\/uploads\/sites\/24\/2026\/02\/Budget-NS-Banner-Web.png?resize=1536,927 1536w, https:\/\/www.rbc.com\/fr\/economique\/wp-content\/uploads\/sites\/24\/2026\/02\/Budget-NS-Banner-Web.png?resize=2048,1235 2048w\" sizes=\"auto, (max-width: 1024px) 100vw, 1024px\" \/>\t\t\t<\/div>\n\t\t\t\t<div class=\"post-content\">\n\t\t\t<h4 class=\"post-title\">\n\t\t\t\tBudget de la Nouvelle-\u00c9cosse 2026 : rupture avec le pr\u00e9c\u00e9dent plan de r\u00e9duction du d\u00e9ficit\t\t\t<\/h4>\n\t\t\t\t\t\t\t<p class=\"post-date\">24 f\u00e9vrier 2026<\/p>\n\t\t\t\t\t\t<\/div>\n\t\t<\/a>\n\t<\/article>\n<\/div>\n\n<div class=\"jscroll-item\" data-post-id=\"3801\">\n\t<article class=\"post-card thought-leadership-template\">\n\t\t<a href=\"https:\/\/www.rbc.com\/fr\/economique\/analyse-pour-le-canada\/previsions-provinciales-et-budgetaires\/budgets-provinciaux-et-enonces-economiques\/budget-2026-de-la-colombie-britannique-pas-de-correction-du-cap-budgetaire-dans-un-contexte-de-difficultes\/\">\n\t\t\t\t\t<div class=\"post-image\">\n\t\t\t\t<img loading=\"lazy\" decoding=\"async\" width=\"1024\" height=\"618\" src=\"https:\/\/www.rbc.com\/fr\/economique\/wp-content\/uploads\/sites\/24\/2026\/02\/Bugdet-BC.png?quality=80\" class=\"attachment-full size-full wp-post-image\" alt=\"\" srcset=\"https:\/\/www.rbc.com\/fr\/economique\/wp-content\/uploads\/sites\/24\/2026\/02\/Bugdet-BC.png 3067w, https:\/\/www.rbc.com\/fr\/economique\/wp-content\/uploads\/sites\/24\/2026\/02\/Bugdet-BC.png?resize=300,181 300w, https:\/\/www.rbc.com\/fr\/economique\/wp-content\/uploads\/sites\/24\/2026\/02\/Bugdet-BC.png?resize=768,463 768w, https:\/\/www.rbc.com\/fr\/economique\/wp-content\/uploads\/sites\/24\/2026\/02\/Bugdet-BC.png?resize=1024,618 1024w, https:\/\/www.rbc.com\/fr\/economique\/wp-content\/uploads\/sites\/24\/2026\/02\/Bugdet-BC.png?resize=1536,927 1536w, https:\/\/www.rbc.com\/fr\/economique\/wp-content\/uploads\/sites\/24\/2026\/02\/Bugdet-BC.png?resize=2048,1235 2048w\" sizes=\"auto, (max-width: 1024px) 100vw, 1024px\" \/>\t\t\t<\/div>\n\t\t\t\t<div class=\"post-content\">\n\t\t\t<h4 class=\"post-title\">\n\t\t\t\tBudget 2026 de la Colombie-Britannique : Pas de correction du cap budg\u00e9taire dans un contexte de difficult\u00e9s\t\t\t<\/h4>\n\t\t\t\t\t\t\t<p class=\"post-date\">17 f\u00e9vrier 2026<\/p>\n\t\t\t\t\t\t<\/div>\n\t\t<\/a>\n\t<\/article>\n<\/div>\n\n<div class=\"jscroll-item\" data-post-id=\"2780\">\n\t<article class=\"post-card thought-leadership-template\">\n\t\t<a href=\"https:\/\/www.rbc.com\/fr\/economique\/analyse-pour-le-canada\/previsions-provinciales-et-budgetaires\/budgets-provinciaux-et-enonces-economiques\/la-modeste-amelioration-a-court-terme-de-la-situation-financiere-du-quebec-ne-modifie-pas-la-trajectoire-budgetaire\/\">\n\t\t\t\t\t<div class=\"post-image\">\n\t\t\t\t<img loading=\"lazy\" decoding=\"async\" width=\"1024\" height=\"618\" src=\"https:\/\/www.rbc.com\/fr\/economique\/wp-content\/uploads\/sites\/24\/2025\/11\/QC3.png?quality=80\" class=\"attachment-full size-full wp-post-image\" alt=\"\" srcset=\"https:\/\/www.rbc.com\/fr\/economique\/wp-content\/uploads\/sites\/24\/2025\/11\/QC3.png 3067w, https:\/\/www.rbc.com\/fr\/economique\/wp-content\/uploads\/sites\/24\/2025\/11\/QC3.png?resize=300,181 300w, https:\/\/www.rbc.com\/fr\/economique\/wp-content\/uploads\/sites\/24\/2025\/11\/QC3.png?resize=768,463 768w, https:\/\/www.rbc.com\/fr\/economique\/wp-content\/uploads\/sites\/24\/2025\/11\/QC3.png?resize=1024,618 1024w, https:\/\/www.rbc.com\/fr\/economique\/wp-content\/uploads\/sites\/24\/2025\/11\/QC3.png?resize=1536,927 1536w, https:\/\/www.rbc.com\/fr\/economique\/wp-content\/uploads\/sites\/24\/2025\/11\/QC3.png?resize=2048,1235 2048w\" sizes=\"auto, (max-width: 1024px) 100vw, 1024px\" \/>\t\t\t<\/div>\n\t\t\t\t<div class=\"post-content\">\n\t\t\t<h4 class=\"post-title\">\n\t\t\t\tLa modeste am\u00e9lioration \u00e0 court terme de la situation financi\u00e8re du Qu\u00e9bec ne modifie pas la trajectoire budg\u00e9taire\t\t\t<\/h4>\n\t\t\t\t\t\t\t<p class=\"post-date\">25 novembre 2025<\/p>\n\t\t\t\t\t\t<\/div>\n\t\t<\/a>\n\t<\/article>\n<\/div>\n\n<div class=\"jscroll-item\" data-post-id=\"2522\">\n\t<article class=\"post-card thought-leadership-template\">\n\t\t<a href=\"https:\/\/www.rbc.com\/fr\/economique\/analyse-pour-le-canada\/previsions-provinciales-et-budgetaires\/budgets-provinciaux-et-enonces-economiques\/revue-de-lautomne-2025-ontario-peu-de-changement\/\">\n\t\t\t\t\t<div class=\"post-image\">\n\t\t\t\t<img loading=\"lazy\" decoding=\"async\" width=\"1024\" height=\"618\" src=\"https:\/\/www.rbc.com\/fr\/economique\/wp-content\/uploads\/sites\/24\/2025\/11\/Ontario-Budget-Compressed4.png?quality=80\" class=\"attachment-full size-full wp-post-image\" alt=\"\" srcset=\"https:\/\/www.rbc.com\/fr\/economique\/wp-content\/uploads\/sites\/24\/2025\/11\/Ontario-Budget-Compressed4.png 3067w, https:\/\/www.rbc.com\/fr\/economique\/wp-content\/uploads\/sites\/24\/2025\/11\/Ontario-Budget-Compressed4.png?resize=300,181 300w, https:\/\/www.rbc.com\/fr\/economique\/wp-content\/uploads\/sites\/24\/2025\/11\/Ontario-Budget-Compressed4.png?resize=768,463 768w, https:\/\/www.rbc.com\/fr\/economique\/wp-content\/uploads\/sites\/24\/2025\/11\/Ontario-Budget-Compressed4.png?resize=1024,618 1024w, https:\/\/www.rbc.com\/fr\/economique\/wp-content\/uploads\/sites\/24\/2025\/11\/Ontario-Budget-Compressed4.png?resize=1536,927 1536w, https:\/\/www.rbc.com\/fr\/economique\/wp-content\/uploads\/sites\/24\/2025\/11\/Ontario-Budget-Compressed4.png?resize=2048,1235 2048w\" sizes=\"auto, (max-width: 1024px) 100vw, 1024px\" \/>\t\t\t<\/div>\n\t\t\t\t<div class=\"post-content\">\n\t\t\t<h4 class=\"post-title\">\n\t\t\t\tRevue de l\u2019automne 2025 \u2013 Ontario : peu de changement\t\t\t<\/h4>\n\t\t\t\t\t\t\t<p class=\"post-date\">6 novembre 2025<\/p>\n\t\t\t\t\t\t<\/div>\n\t\t<\/a>\n\t<\/article>\n<\/div>\n\n<div class=\"jscroll-item\" data-post-id=\"1328\">\n\t<article class=\"post-card thought-leadership-template\">\n\t\t<a href=\"https:\/\/www.rbc.com\/fr\/economique\/analyse-pour-le-canada\/previsions-provinciales-et-budgetaires\/budgets-provinciaux-et-enonces-economiques\/budget-du-quebec-2025-un-deficit-record-et-un-retour-conditionnel-a-lequilibre-dans-un-avenir-lointain\/\">\n\t\t\t\t\t<div class=\"post-image\">\n\t\t\t\t<img loading=\"lazy\" decoding=\"async\" width=\"1024\" height=\"494\" src=\"https:\/\/www.rbc.com\/fr\/economique\/wp-content\/uploads\/sites\/24\/\/2025\/03\/Quebec-Budget-2024-Image_Banner-wide.png?quality=80\" class=\"attachment-full size-full wp-post-image\" alt=\"\" srcset=\"https:\/\/www.rbc.com\/fr\/economique\/wp-content\/uploads\/sites\/24\/2025\/03\/Quebec-Budget-2024-Image_Banner-wide.png 3480w, https:\/\/www.rbc.com\/fr\/economique\/wp-content\/uploads\/sites\/24\/2025\/03\/Quebec-Budget-2024-Image_Banner-wide.png?resize=300,145 300w, https:\/\/www.rbc.com\/fr\/economique\/wp-content\/uploads\/sites\/24\/2025\/03\/Quebec-Budget-2024-Image_Banner-wide.png?resize=768,371 768w, https:\/\/www.rbc.com\/fr\/economique\/wp-content\/uploads\/sites\/24\/2025\/03\/Quebec-Budget-2024-Image_Banner-wide.png?resize=1024,494 1024w, https:\/\/www.rbc.com\/fr\/economique\/wp-content\/uploads\/sites\/24\/2025\/03\/Quebec-Budget-2024-Image_Banner-wide.png?resize=1536,742 1536w, https:\/\/www.rbc.com\/fr\/economique\/wp-content\/uploads\/sites\/24\/2025\/03\/Quebec-Budget-2024-Image_Banner-wide.png?resize=2048,989 2048w\" sizes=\"auto, (max-width: 1024px) 100vw, 1024px\" \/>\t\t\t<\/div>\n\t\t\t\t<div class=\"post-content\">\n\t\t\t<h4 class=\"post-title\">\n\t\t\t\tBudget du Qu\u00e9bec 2025 :\u00a0un d\u00e9ficit record et un retour conditionnel \u00e0 l\u2019\u00e9quilibre dans un avenir lointain\t\t\t<\/h4>\n\t\t\t\t\t\t\t<p class=\"post-date\">25 mars 2025<\/p>\n\t\t\t\t\t\t<\/div>\n\t\t<\/a>\n\t<\/article>\n<\/div>\n\n<div class=\"jscroll-item\" data-post-id=\"1064\">\n\t<article class=\"post-card thought-leadership-template\">\n\t\t<a href=\"https:\/\/www.rbc.com\/fr\/economique\/analyse-pour-le-canada\/previsions-provinciales-et-budgetaires\/budgets-provinciaux-et-enonces-economiques\/le-gouvernement-du-quebec-maintient-un-deficit-important-et-utilise-la-moitie-de-sa-provision-pour-eventualites-a-des-fins-de-depenses\/\">\n\t\t\t\t\t<div class=\"post-image\">\n\t\t\t\t<img loading=\"lazy\" decoding=\"async\" width=\"1024\" height=\"325\" src=\"https:\/\/www.rbc.com\/fr\/economique\/wp-content\/uploads\/sites\/24\/\/2025\/03\/Quebec-update-blog-image_Thumbnail-wide-scaled-1.jpg?quality=80\" class=\"attachment-full size-full wp-post-image\" alt=\"\" srcset=\"https:\/\/www.rbc.com\/fr\/economique\/wp-content\/uploads\/sites\/24\/2025\/03\/Quebec-update-blog-image_Thumbnail-wide-scaled-1.jpg 2560w, https:\/\/www.rbc.com\/fr\/economique\/wp-content\/uploads\/sites\/24\/2025\/03\/Quebec-update-blog-image_Thumbnail-wide-scaled-1.jpg?resize=300,95 300w, https:\/\/www.rbc.com\/fr\/economique\/wp-content\/uploads\/sites\/24\/2025\/03\/Quebec-update-blog-image_Thumbnail-wide-scaled-1.jpg?resize=768,244 768w, https:\/\/www.rbc.com\/fr\/economique\/wp-content\/uploads\/sites\/24\/2025\/03\/Quebec-update-blog-image_Thumbnail-wide-scaled-1.jpg?resize=1024,325 1024w, https:\/\/www.rbc.com\/fr\/economique\/wp-content\/uploads\/sites\/24\/2025\/03\/Quebec-update-blog-image_Thumbnail-wide-scaled-1.jpg?resize=1536,488 1536w, https:\/\/www.rbc.com\/fr\/economique\/wp-content\/uploads\/sites\/24\/2025\/03\/Quebec-update-blog-image_Thumbnail-wide-scaled-1.jpg?resize=2048,650 2048w\" sizes=\"auto, (max-width: 1024px) 100vw, 1024px\" \/>\t\t\t<\/div>\n\t\t\t\t<div class=\"post-content\">\n\t\t\t<h4 class=\"post-title\">\n\t\t\t\tLe gouvernement du Qu\u00e9bec maintient un d\u00e9ficit important et utilise la moiti\u00e9 de sa provision pour \u00e9ventualit\u00e9s \u00e0 des fins de d\u00e9penses\t\t\t<\/h4>\n\t\t\t\t\t\t\t<p class=\"post-date\">27 novembre 2024<\/p>\n\t\t\t\t\t\t<\/div>\n\t\t<\/a>\n\t<\/article>\n<\/div>\n\t\t\t\t<\/div>\n\t\t\t\t\t\t\t\t\t<div class=\"infinite-handle rbc-load-more-button-container text-center mob-pad-t-hlf pad-t\">\n\t\t\t\t\t\t<a href=\"https:\/\/www.rbc.com\/fr\/economique\/analyse-pour-le-canada\/previsions-provinciales-et-budgetaires\/budgets-provinciaux-et-enonces-economiques\/?current_page=2\" class=\"btn tertiary mar-t-0 rbc-load-more\">\n\t\t\t\t\t\t\tCharger plus\t\t\t\t\t\t<\/a>\n\t\t\t\t\t<\/div>\n\t\t\t\t\n\t\t\t<!-- Different markup between back-end server side render and front-end -->\n\t\t\t\t\t<\/div>\n\t\t\t\t\t<p class=\"category-results text-center mar-t-hlf text-xs\"><span>1<\/span> of 3<\/p>\t\t\n\t\t<\/div>\n<\/section>\n\n\n\n<div class=\"wp-block-group is-layout-constrained wp-block-group-is-layout-constrained\" style=\"border-radius:0px\">\n<div class=\"wp-block-group alignfull pad-t-dbl pad-b-dbl mob-pad-t-dbl mob-pad-b-dbl has-background is-layout-constrained wp-block-group-is-layout-constrained\" style=\"background-color:#f3f7f8\">\n<h2 class=\"wp-block-heading has-text-align-center\" id=\"h-obtenir-des-mises-a-jour-par-courriel-des-services-economiques-rbc\" style=\"margin-bottom:16px\">Obtenir des mises \u00e0 jour par courriel des Services \u00e9conomiques RBC<\/h2>\n\n\n\n<div class=\"wp-block-group mar-b-hlf mob-mar-b-hlf is-layout-constrained wp-container-core-group-is-layout-bea02a06 wp-block-group-is-layout-constrained\">\n<p class=\"has-text-align-center\" style=\"margin-bottom:16px\">Lorsque vous \u00eates abonn\u00e9 \u00e0 nos publications, vous recevez un courriel d&rsquo;alerte contenant un lien d\u00e8s que cette publication est accessible sur le site Web des Services \u00e9conomiques RBC.<\/p>\n<\/div>\n\n\n\n<div class=\"wp-block-buttons is-content-justification-center is-layout-flex wp-container-core-buttons-is-layout-a89b3969 wp-block-buttons-is-layout-flex\"><div>\n<div class=\"wp-block-button  is-style-primary primary btn before\"><a class=\"wp-block-button__link wp-element-button\" href=\"https:\/\/www.rbc.com\/economie-subscriber\/index.html\" target=\"_blank\" rel=\"noreferrer noopener\" data-dig-id=\"LP-1784-48359813\" data-dig-category=\"LP\" data-dig-action=\"button click\" data-dig-label=\"S'incrire-https:\/\/www.rbc.com\/economie-subscriber\/index.html \">S&rsquo;incrire<\/a><\/div>\n<\/div><\/div>\n\n\n\n<div class=\"wp-block-group mar-t mob-mar-t is-layout-constrained wp-container-core-group-is-layout-830598b8 wp-block-group-is-layout-constrained\">\n<div class=\"wp-block-group pad-t mob-pad-t is-content-justification-center is-nowrap is-layout-flex wp-container-core-group-is-layout-f34c8a65 wp-block-group-is-layout-flex\" style=\"border-radius:0px;border-top-color:#d6dee2;border-top-width:1px\">\n<figure class=\"wp-block-image size-thumbnail\"><img decoding=\"async\" src=\"https:\/\/www.rbc.com\/fr\/economique\/wp-content\/uploads\/sites\/24\/2025\/10\/linkedin-md.svg?quality=80&amp;w=150&amp;h=150&amp;crop=1\" alt=\"\" class=\"wp-image-1862\" \/><\/figure>\n\n\n\n<p class=\"has-text-align-center has-text-color has-link-color wp-elements-d8214c1208304a04b79205f3787c1e5d\" style=\"color:#585858\"><a href=\"https:\/\/www.linkedin.com\/company\/105623259\" target=\"_blank\" data-dig-id=\"LP-3412-81ea95e3\" data-dig-category=\"LP\" data-dig-action=\"link click\" data-dig-label=\"Suivez RBC \u00c9conomique sur LinkedIn\" rel=\"noreferrer noopener\" class=\"rbc-link-format\">Suivez RBC \u00c9conomique sur LinkedIn<\/a><\/p>\n<\/div>\n<\/div>\n<\/div>\n<\/div>\n","protected":false},"excerpt":{"rendered":"","protected":false},"author":124,"featured_media":0,"parent":1842,"menu_order":0,"comment_status":"closed","ping_status":"closed","template":"","meta":{"_acf_changed":false,"advgb_blocks_editor_width":"","advgb_blocks_columns_visual_guide":"","footnotes":""},"class_list":["post-1848","page","type-page","status-publish","hentry"],"acf":[],"yoast_head":"<!-- This site is optimized with the Yoast SEO Premium plugin v27.4 (Yoast SEO v27.4) - https:\/\/yoast.com\/product\/yoast-seo-premium-wordpress\/ -->\n<title>Budgets provinciaux et \u00e9nonc\u00e9s \u00e9conomiques - RBC Economique<\/title>\n<meta name=\"robots\" content=\"index, follow, max-snippet:-1, max-image-preview:large, max-video-preview:-1\" \/>\n<link rel=\"canonical\" href=\"https:\/\/www.rbc.com\/fr\/economique\/analyse-pour-le-canada\/previsions-provinciales-et-budgetaires\/budgets-provinciaux-et-enonces-economiques\/\" \/>\n<meta property=\"og:locale\" content=\"fr_FR\" \/>\n<meta property=\"og:type\" content=\"article\" \/>\n<meta property=\"og:title\" content=\"Budgets provinciaux et \u00e9nonc\u00e9s \u00e9conomiques\" \/>\n<meta property=\"og:url\" content=\"https:\/\/www.rbc.com\/fr\/economique\/analyse-pour-le-canada\/previsions-provinciales-et-budgetaires\/budgets-provinciaux-et-enonces-economiques\/\" \/>\n<meta property=\"og:site_name\" content=\"RBC Economique\" \/>\n<meta property=\"article:modified_time\" content=\"2025-10-15T20:24:08+00:00\" \/>\n<meta name=\"twitter:card\" content=\"summary_large_image\" \/>\n<script type=\"application\/ld+json\" class=\"yoast-schema-graph\">{\"@context\":\"https:\\\/\\\/schema.org\",\"@graph\":[{\"@type\":\"WebPage\",\"@id\":\"https:\\\/\\\/www.rbc.com\\\/fr\\\/economique\\\/analyse-pour-le-canada\\\/previsions-provinciales-et-budgetaires\\\/budgets-provinciaux-et-enonces-economiques\\\/\",\"url\":\"https:\\\/\\\/www.rbc.com\\\/fr\\\/economique\\\/analyse-pour-le-canada\\\/previsions-provinciales-et-budgetaires\\\/budgets-provinciaux-et-enonces-economiques\\\/\",\"name\":\"Budgets provinciaux et \u00e9nonc\u00e9s \u00e9conomiques - RBC Economique\",\"isPartOf\":{\"@id\":\"https:\\\/\\\/www.rbc.com\\\/fr\\\/economique\\\/#website\"},\"datePublished\":\"2025-10-06T19:12:53+00:00\",\"dateModified\":\"2025-10-15T20:24:08+00:00\",\"breadcrumb\":{\"@id\":\"https:\\\/\\\/www.rbc.com\\\/fr\\\/economique\\\/analyse-pour-le-canada\\\/previsions-provinciales-et-budgetaires\\\/budgets-provinciaux-et-enonces-economiques\\\/#breadcrumb\"},\"inLanguage\":\"fr-FR\",\"potentialAction\":[{\"@type\":\"ReadAction\",\"target\":[\"https:\\\/\\\/www.rbc.com\\\/fr\\\/economique\\\/analyse-pour-le-canada\\\/previsions-provinciales-et-budgetaires\\\/budgets-provinciaux-et-enonces-economiques\\\/\"]}]},{\"@type\":\"BreadcrumbList\",\"@id\":\"https:\\\/\\\/www.rbc.com\\\/fr\\\/economique\\\/analyse-pour-le-canada\\\/previsions-provinciales-et-budgetaires\\\/budgets-provinciaux-et-enonces-economiques\\\/#breadcrumb\",\"itemListElement\":[{\"@type\":\"ListItem\",\"position\":1,\"name\":\"Home\",\"item\":\"https:\\\/\\\/www.rbc.com\\\/fr\\\/economique\\\/\"},{\"@type\":\"ListItem\",\"position\":2,\"name\":\"Analyse pour le Canada\",\"item\":\"https:\\\/\\\/www.rbc.com\\\/fr\\\/economique\\\/analyse-pour-le-canada\\\/\"},{\"@type\":\"ListItem\",\"position\":3,\"name\":\"Pr\u00e9visions provinciales et budg\u00e9taires\",\"item\":\"https:\\\/\\\/www.rbc.com\\\/fr\\\/economique\\\/analyse-pour-le-canada\\\/previsions-provinciales-et-budgetaires\\\/\"},{\"@type\":\"ListItem\",\"position\":4,\"name\":\"Budgets provinciaux et \u00e9nonc\u00e9s \u00e9conomiques\"}]},{\"@type\":\"WebSite\",\"@id\":\"https:\\\/\\\/www.rbc.com\\\/fr\\\/economique\\\/#website\",\"url\":\"https:\\\/\\\/www.rbc.com\\\/fr\\\/economique\\\/\",\"name\":\"RBC Economique\",\"description\":\"\",\"potentialAction\":[{\"@type\":\"SearchAction\",\"target\":{\"@type\":\"EntryPoint\",\"urlTemplate\":\"https:\\\/\\\/www.rbc.com\\\/fr\\\/economique\\\/?s={search_term_string}\"},\"query-input\":{\"@type\":\"PropertyValueSpecification\",\"valueRequired\":true,\"valueName\":\"search_term_string\"}}],\"inLanguage\":\"fr-FR\"}]}<\/script>\n<!-- \/ Yoast SEO Premium plugin. -->","yoast_head_json":{"title":"Budgets provinciaux et \u00e9nonc\u00e9s \u00e9conomiques - RBC Economique","robots":{"index":"index","follow":"follow","max-snippet":"max-snippet:-1","max-image-preview":"max-image-preview:large","max-video-preview":"max-video-preview:-1"},"canonical":"https:\/\/www.rbc.com\/fr\/economique\/analyse-pour-le-canada\/previsions-provinciales-et-budgetaires\/budgets-provinciaux-et-enonces-economiques\/","og_locale":"fr_FR","og_type":"article","og_title":"Budgets provinciaux et \u00e9nonc\u00e9s \u00e9conomiques","og_url":"https:\/\/www.rbc.com\/fr\/economique\/analyse-pour-le-canada\/previsions-provinciales-et-budgetaires\/budgets-provinciaux-et-enonces-economiques\/","og_site_name":"RBC Economique","article_modified_time":"2025-10-15T20:24:08+00:00","twitter_card":"summary_large_image","schema":{"@context":"https:\/\/schema.org","@graph":[{"@type":"WebPage","@id":"https:\/\/www.rbc.com\/fr\/economique\/analyse-pour-le-canada\/previsions-provinciales-et-budgetaires\/budgets-provinciaux-et-enonces-economiques\/","url":"https:\/\/www.rbc.com\/fr\/economique\/analyse-pour-le-canada\/previsions-provinciales-et-budgetaires\/budgets-provinciaux-et-enonces-economiques\/","name":"Budgets provinciaux et \u00e9nonc\u00e9s \u00e9conomiques - RBC Economique","isPartOf":{"@id":"https:\/\/www.rbc.com\/fr\/economique\/#website"},"datePublished":"2025-10-06T19:12:53+00:00","dateModified":"2025-10-15T20:24:08+00:00","breadcrumb":{"@id":"https:\/\/www.rbc.com\/fr\/economique\/analyse-pour-le-canada\/previsions-provinciales-et-budgetaires\/budgets-provinciaux-et-enonces-economiques\/#breadcrumb"},"inLanguage":"fr-FR","potentialAction":[{"@type":"ReadAction","target":["https:\/\/www.rbc.com\/fr\/economique\/analyse-pour-le-canada\/previsions-provinciales-et-budgetaires\/budgets-provinciaux-et-enonces-economiques\/"]}]},{"@type":"BreadcrumbList","@id":"https:\/\/www.rbc.com\/fr\/economique\/analyse-pour-le-canada\/previsions-provinciales-et-budgetaires\/budgets-provinciaux-et-enonces-economiques\/#breadcrumb","itemListElement":[{"@type":"ListItem","position":1,"name":"Home","item":"https:\/\/www.rbc.com\/fr\/economique\/"},{"@type":"ListItem","position":2,"name":"Analyse pour le Canada","item":"https:\/\/www.rbc.com\/fr\/economique\/analyse-pour-le-canada\/"},{"@type":"ListItem","position":3,"name":"Pr\u00e9visions provinciales et budg\u00e9taires","item":"https:\/\/www.rbc.com\/fr\/economique\/analyse-pour-le-canada\/previsions-provinciales-et-budgetaires\/"},{"@type":"ListItem","position":4,"name":"Budgets provinciaux et \u00e9nonc\u00e9s \u00e9conomiques"}]},{"@type":"WebSite","@id":"https:\/\/www.rbc.com\/fr\/economique\/#website","url":"https:\/\/www.rbc.com\/fr\/economique\/","name":"RBC Economique","description":"","potentialAction":[{"@type":"SearchAction","target":{"@type":"EntryPoint","urlTemplate":"https:\/\/www.rbc.com\/fr\/economique\/?s={search_term_string}"},"query-input":{"@type":"PropertyValueSpecification","valueRequired":true,"valueName":"search_term_string"}}],"inLanguage":"fr-FR"}]}},"coauthors":[],"author_meta":{"author_link":"https:\/\/www.rbc.com\/fr\/economique\/author\/jmeanchoff\/","display_name":"jmeanchoff"},"relative_dates":{"created":"Publi\u00e9 7 mois il y a","modified":"Mis \u00e0 jour 7 mois il y a"},"absolute_dates":{"created":"Publi\u00e9 le 6 octobre 2025","modified":"Mise \u00e0 jour le 15 octobre 2025"},"absolute_dates_time":{"created":"Publi\u00e9 le 6 octobre 2025 7:12  ","modified":"Mise \u00e0 jour le 15 octobre 2025 8:24  "},"featured_img_caption":"","featured_img":false,"series_order":"","_links":{"self":[{"href":"https:\/\/www.rbc.com\/fr\/economique\/wp-json\/wp\/v2\/pages\/1848","targetHints":{"allow":["GET"]}}],"collection":[{"href":"https:\/\/www.rbc.com\/fr\/economique\/wp-json\/wp\/v2\/pages"}],"about":[{"href":"https:\/\/www.rbc.com\/fr\/economique\/wp-json\/wp\/v2\/types\/page"}],"author":[{"embeddable":true,"href":"https:\/\/www.rbc.com\/fr\/economique\/wp-json\/wp\/v2\/users\/124"}],"replies":[{"embeddable":true,"href":"https:\/\/www.rbc.com\/fr\/economique\/wp-json\/wp\/v2\/comments?post=1848"}],"version-history":[{"count":4,"href":"https:\/\/www.rbc.com\/fr\/economique\/wp-json\/wp\/v2\/pages\/1848\/revisions"}],"predecessor-version":[{"id":1992,"href":"https:\/\/www.rbc.com\/fr\/economique\/wp-json\/wp\/v2\/pages\/1848\/revisions\/1992"}],"up":[{"embeddable":true,"href":"https:\/\/www.rbc.com\/fr\/economique\/wp-json\/wp\/v2\/pages\/1842"}],"wp:attachment":[{"href":"https:\/\/www.rbc.com\/fr\/economique\/wp-json\/wp\/v2\/media?parent=1848"}],"curies":[{"name":"wp","href":"https:\/\/api.w.org\/{rel}","templated":true}]}}