{"id":1788,"date":"2025-10-06T18:27:42","date_gmt":"2025-10-06T18:27:42","guid":{"rendered":"https:\/\/www.rbc.com\/fr\/economique\/?page_id=1788"},"modified":"2026-05-01T14:10:04","modified_gmt":"2026-05-01T14:10:04","slug":"analyse-pour-le-canada","status":"publish","type":"page","link":"https:\/\/www.rbc.com\/fr\/economique\/analyse-pour-le-canada\/","title":{"rendered":"Analyse pour le Canada"},"content":{"rendered":"\n\t\t<div class=\" align-content-desktop-center align-content-mobile-center search-cta wp-block-rbc-rbc-cover\">\n\t\t\t\t\t\t\t<div\n\t\t\t\t\tclass=\"search-cta hide-on-mobile cover-background-image-container\"\n\t\t\t\t\trole=\"img\"\n\t\t\t\t\taria-label=\"\"\n\t\t\t\t\tstyle=\"min-height:200px;\n\t\t\t\t\t\tbackground-image: url(https:\/\/www.rbc.com\/fr\/economique\/wp-content\/uploads\/sites\/24\/2026\/04\/RBC-Economics-Main-Page-Hero-block.png?quality=80);\n\t\t\t\t\t\tbackground-position: 87% 42%;\n\t\t\t\t\t\tbackground-size: cover;\n\t\t\t\t\t\tbackground-repeat: no-repeat;\"\n\t\t\t\t\tloading=\"lazy\"\n\t\t\t\t>\n\t\t\t\t\t\n<div class=\"wp-block-rbc-cover__inner-container\">\n<div class=\"wp-block-group is-layout-constrained wp-container-core-group-is-layout-69ca767f wp-block-group-is-layout-constrained\">\n<h3 class=\"wp-block-heading has-text-align-center mar-t-0 mar-b-0 mob-mar-b-0 has-white-color has-text-color has-link-color wp-elements-e74f6c78667ec3ad3f9933f808f84ffb\" id=\"h-analyse-approfondie-et-perspectives-uniques-fondees-sur-des-donnees\">Analyse approfondie et perspectives uniques<br>fond\u00e9es sur des donn\u00e9es<\/h3>\n\n\n\n\n<form method=\"get\" action=\"https:\/\/www.rbc.com\/fr\/economique\/\"><label class=\"wp-block-search__label screen-reader-text\" for=\"wp-block-search__input-1\">Search<\/label><div class=\"wp-block-search__inside-wrapper\" style=\"width: 100%\"><input class=\"wp-block-search__input has-text-sm-font-size\" id=\"wp-block-search__input-1\" placeholder=\"Recherche dans plus de 700 articles\" value=\"\" type=\"search\" name=\"s\" \/><button aria-label=\"Search\" class=\"wp-block-search__button has-background has-rbc-bright-blue-tint-1-background-color has-text-sm-font-size has-icon wp-element-button\" type=\"submit\"><svg viewBox=\"0 0 24 24\" width=\"24\" height=\"24\">\n\t\t\t\t\t<path d=\"M13 5c-3.3 0-6 2.7-6 6 0 1.4.5 2.7 1.3 3.7l-3.8 3.8 1.1 1.1 3.8-3.8c1 .8 2.3 1.3 3.7 1.3 3.3 0 6-2.7 6-6S16.3 5 13 5zm0 10.5c-2.5 0-4.5-2-4.5-4.5s2-4.5 4.5-4.5 4.5 2 4.5 4.5-2 4.5-4.5 4.5z\"><\/path>\n\t\t\t\t<\/svg><\/button><\/div><\/form><\/div>\n<\/div>\n\t\t\t\t<\/div>\n\t\t\t\t\t\t\t\t\t\t<div\n\t\t\t\t\tclass=\"search-cta hide-on-desktop cover-background-image-container\"\n\t\t\t\t\trole=\"img\"\n\t\t\t\t\taria-label=\"\"\n\t\t\t\t\tstyle=\"min-height:250px;\n\t\t\t\t\t\tbackground-image: url(https:\/\/www.rbc.com\/fr\/economique\/wp-content\/uploads\/sites\/24\/2026\/04\/RBC-Economics-Main-Page-Hero-block.png?quality=80);\n\t\t\t\t\t\tbackground-position: 49% 100%;\n\t\t\t\t\t\tbackground-size: cover;\n\t\t\t\t\t\tbackground-repeat: no-repeat;\"\n\t\t\t\t\tloading=\"lazy\"\n\t\t\t\t>\n\t\t\t\t\t\n<div class=\"wp-block-rbc-cover__inner-container\">\n<div class=\"wp-block-group is-layout-constrained wp-container-core-group-is-layout-69ca767f wp-block-group-is-layout-constrained\">\n<h3 class=\"wp-block-heading has-text-align-center mar-t-0 mar-b-0 mob-mar-b-0 has-white-color has-text-color has-link-color wp-elements-e74f6c78667ec3ad3f9933f808f84ffb\" id=\"h-analyse-approfondie-et-perspectives-uniques-fondees-sur-des-donnees\">Analyse approfondie et perspectives uniques<br>fond\u00e9es sur des donn\u00e9es<\/h3>\n\n\n\n\n<form method=\"get\" action=\"https:\/\/www.rbc.com\/fr\/economique\/\"><label class=\"wp-block-search__label screen-reader-text\" for=\"wp-block-search__input-1\">Search<\/label><div class=\"wp-block-search__inside-wrapper\" style=\"width: 100%\"><input class=\"wp-block-search__input has-text-sm-font-size\" id=\"wp-block-search__input-1\" placeholder=\"Recherche dans plus de 700 articles\" value=\"\" type=\"search\" name=\"s\" \/><button aria-label=\"Search\" class=\"wp-block-search__button has-background has-rbc-bright-blue-tint-1-background-color has-text-sm-font-size has-icon wp-element-button\" type=\"submit\"><svg viewBox=\"0 0 24 24\" width=\"24\" height=\"24\">\n\t\t\t\t\t<path d=\"M13 5c-3.3 0-6 2.7-6 6 0 1.4.5 2.7 1.3 3.7l-3.8 3.8 1.1 1.1 3.8-3.8c1 .8 2.3 1.3 3.7 1.3 3.3 0 6-2.7 6-6S16.3 5 13 5zm0 10.5c-2.5 0-4.5-2-4.5-4.5s2-4.5 4.5-4.5 4.5 2 4.5 4.5-2 4.5-4.5 4.5z\"><\/path>\n\t\t\t\t<\/svg><\/button><\/div><\/form><\/div>\n<\/div>\n\t\t\t\t<\/div>\n\t\t\t\t\t<\/div>\n\t\t\n\n\n\n\n<div class=\"wp-block-group alignfull pad-t-dbl mob-pad-t-dbl pad-b-dbl mob-pad-b-dbl pad-l-0 mob-pad-l-0 pad-r-0 mob-pad-r-0 has-background is-layout-constrained wp-block-group-is-layout-constrained\" style=\"background-color:#f3f4f5\">\n<section class=\"wp-block-rbc-section-block  pos-rel\" style=\"border-radius:0px\">\n<div class=\"wp-block-rbc-section-inner-block  section-inner\" style=\"border-radius:0x\">\n<div class=\"wp-block-columns mar-b-0 mob-mar-b-0 is-layout-flex wp-container-core-columns-is-layout-92515837 wp-block-columns-is-layout-flex\">\n<div class=\"wp-block-column is-layout-flow wp-block-column-is-layout-flow\">\n<h3 class=\"wp-block-heading mar-b-hlf mob-mar-b-hlf\" id=\"h-derniere-perspective\">Derni\u00e8re perspective<\/h3>\n\n\n\t\t<div class=\"wp-block-rbc-rbccom-latest-posts one-column is-style-type-4\">\n\t\t\t\n\t\t\t\n<article class=\"post-card thought-leadership-template\">\n\t\t\t<div class=\"post-image\">\n\t\t\t<img\n\t\t\t\tsrc=\"https:\/\/www.rbc.com\/fr\/economique\/wp-content\/uploads\/sites\/24\/2025\/10\/budget-prev-banner.png?quality=80&#038;w=1024\"\n\t\t\t\talt=\"Ax\u00e9e sur la croissance, aliment\u00e9e par le d\u00e9ficit : maintien de la strat\u00e9gie f\u00e9d\u00e9rale dans la mise \u00e0 jour de 2026\"\n\t\t\t\/>\n\t\t<\/div>\n\t\t<div class=\"post-content\">\n\t\t<h4 class=\"post-title\">\n\t\t\t<a href=\"https:\/\/www.rbc.com\/fr\/economique\/analyse-pour-le-canada\/previsions-provinciales-et-budgetaires\/analyse-du-budget\/axee-sur-la-croissance-alimentee-par-le-deficit-maintien-de-la-strategie-federale-dans-la-mise-a-jour-de-2026\/\">\n\t\t\t\tAx\u00e9e sur la croissance, aliment\u00e9e par le d\u00e9ficit : maintien de la strat\u00e9gie f\u00e9d\u00e9rale dans la mise \u00e0 jour de 2026\t\t\t<\/a>\n\t\t<\/h4>\n\n\t\t\t\t\t<p class=\"post-date\">28 avril 2026<\/p>\n\t\t\t\n\t<\/div>\n<\/article>\n\t\t<\/div>\n\t\t<\/div>\n\n\n\n<div class=\"wp-block-column is-layout-flow wp-block-column-is-layout-flow\">\n<h3 class=\"wp-block-heading mar-b-hlf mob-mar-b-hlf\" id=\"h-indications-prospectives\">Indications prospectives<\/h3>\n\n\n\t\t<div class=\"wp-block-rbc-rbccom-latest-posts one-column is-style-type-4\">\n\t\t\t\n\t\t\t\n<article class=\"post-card thought-leadership-template\">\n\t\t\t<div class=\"post-image\">\n\t\t\t<img\n\t\t\t\tsrc=\"https:\/\/www.rbc.com\/fr\/economique\/wp-content\/uploads\/sites\/24\/2025\/11\/FG-WA.png?quality=80&#038;w=1024\"\n\t\t\t\talt=\"La Banque du Canada devrait maintenir ses taux inchang\u00e9s, alors que le PIB suit une croissance modeste\"\n\t\t\t\/>\n\t\t<\/div>\n\t\t<div class=\"post-content\">\n\t\t<h4 class=\"post-title\">\n\t\t\t<a href=\"https:\/\/www.rbc.com\/fr\/economique\/analyse-pour-le-canada\/indications-prospectives-notre-apercu-hebdomadaire-2\/\">\n\t\t\t\tLa Banque du Canada devrait maintenir ses taux inchang\u00e9s, alors que le PIB suit une croissance modeste\t\t\t<\/a>\n\t\t<\/h4>\n\n\t\t\t\t\t<p class=\"post-date\">24 avril 2026<\/p>\n\t\t\t\n\t<\/div>\n<\/article>\n\t\t<\/div>\n\t\t<\/div>\n<\/div>\n<\/div>\n<\/section>\n<\/div>\n\n\n\n<section class=\"wp-block-rbc-section-block  pos-rel pad-t mob-pad-t\" style=\"border-radius:0px\">\n<div class=\"wp-block-rbc-section-inner-block  section-inner\" style=\"border-radius:0x\">\n<h2 class=\"wp-block-heading mar-b-hlf mob-mar-b-hlf\" id=\"h-video-en-vedette\">Vid\u00e9o en vedette<\/h2>\n\n\n\n<div class=\"wp-block-group is-layout-constrained wp-block-group-is-layout-constrained\">\n<div class=\"wp-block-columns is-layout-flex wp-container-core-columns-is-layout-28f84493 wp-block-columns-is-layout-flex\">\n<div class=\"wp-block-column is-vertically-aligned-stretch is-layout-flow wp-block-column-is-layout-flow\">\n<div class=\"video-wpr\"><video class=\"video-player video-js\" poster=\"https:\/\/www.rbc.com\/fr\/economique\/wp-content\/uploads\/sites\/24\/2026\/04\/RBC-Economics-20260429-widescreen-thumbnail-FR-01.jpg\" src=\"https:\/\/www.rbc.com\/fr\/economique\/wp-content\/uploads\/sites\/24\/2026\/04\/rbc_economics_20260429_french_widescreen_v2_v3-1080p.mp4\" data-dig-id=\"LP-1788-50b5527f\" data-dig-category=\"LP\" data-dig-action=\"video play\" data-dig-label=\"rbc_economics_20260429_french_widescreen_v2_v3-1080p.mp4\"><p class=\"vjs-no-js\">To view this video please enable JavaScript, and consider upgrading to a web browser that <a href=\"http:\/\/videojs.com\/html5-video-support\/\" target=\"_blank\" rel=\"noopener\">supports HTML5 video<\/a><\/p><track kind=\"captions\" src=\"\" srclang=\"en\" label=\"English\" \/><\/video><\/div>\n<\/div>\n\n\n\n<div class=\"wp-block-column pad-t mob-pad-t pad-b mob-pad-b pad-l mob-pad-l pad-r mob-pad-r has-background is-layout-flow wp-block-column-is-layout-flow\" style=\"background-color:#f3f7f8\">\n<p><\/p>\n\n\n\n<h3 class=\"wp-block-heading mar-b-hlf mob-mar-b-hlf has-rbc-bright-blue-tint-1-color has-text-color has-link-color has-text-lg-font-size wp-elements-13b379c4e778f2b5994c5c9a85fc174a\" id=\"h-principaux-points-a-retenir-de-la-mise-a-jour-economique-du-printemps-du-gouvernement-federal\"><a href=\"https:\/\/www.rbc.com\/fr\/economique\/analyse-pour-le-canada\/previsions-provinciales-et-budgetaires\/analyse-du-budget\/axee-sur-la-croissance-alimentee-par-le-deficit-maintien-de-la-strategie-federale-dans-la-mise-a-jour-de-2026\/\" target=\"_blank\" data-dig-id=\"LP-1788-46f5960a\" data-dig-category=\"LP\" data-dig-action=\"link click\" data-dig-label=\"Rajustement du point d\u2019\u00e9quilibre de l\u2019emploi\" rel=\"noreferrer noopener\" class=\"rbc-link-format\">Principaux points \u00e0 retenir de la Mise \u00e0 jour \u00e9conomique du printemps du gouvernement f\u00e9d\u00e9ral<\/a><\/h3>\n\n\n\n<p>Qu\u2019y avait-il de nouveau dans la Mise \u00e0 jour \u00e9conomique du printemps? Apr\u00e8s tout, les d\u00e9ficits sont demeur\u00e9s relativement stables par rapport au budget de 2025, et la mise \u00e0 jour a r\u00e9it\u00e9r\u00e9 la strat\u00e9gie du budget ax\u00e9e sur la croissance et aliment\u00e9e par la dette. Cynthia Leach, de Services \u00e9conomiques RBC, souligne les quatre principaux points \u00e0 retenir.<\/p>\n<\/div>\n<\/div>\n<\/div>\n\n\n\n<h2 class=\"wp-block-heading mob-mar-b-hlf mar-b-hlf mar-t-dbl mob-mar-t\" id=\"h-analyse-en-vedette\"><a href=\"https:\/\/www.rbc.com\/fr\/economique\/analyse-pour-le-canada\/analyse-en-vedette\/\" data-dig-id=\"LP-1788-662dbfc0\" data-dig-category=\"LP\" data-dig-action=\"link click\" data-dig-label=\"Analyse en vedette\" class=\"rbc-link-format\">Analyse en vedette<\/a><\/h2>\n\n\n\n\t\t<div class=\"wp-block-rbc-resources-by-category\">\n\t\t\t<div class=\"carousel-wpr top-controls rbc-resources-by-category-slider\" role=\"region\" aria-label=\"Carousel with 6slides\" data-per-page=6 data-visible-slide=\"3\" data-infinite-loop=\"true\">\n\t\t\t\t\t\t\t\t\t\t<div class=\"carousel-ctrl display-ctrl\">\n\t\t\t\t\t\t\t<div class=\"carousel-indicators\">\n\t\t\t\t\t\t\t\t<ul class=\"slick-dots\">\n\t\t\t\t\t\t\t\t\t\t\t\t\t\t\t\t\t\t\t<li class=\"slick-active\"><button type=\"button\"><\/button><\/li>\n\t\t\t\t\t\t\t\t\t\t\t\t\t\t\t\t\t\t\t<li class=\"\"><button type=\"button\"><\/button><\/li>\n\t\t\t\t\t\t\t\t\t\t\t\t\t\t\t\t\t\t\t<li class=\"\"><button type=\"button\"><\/button><\/li>\n\t\t\t\t\t\t\t\t\t\t\t\t\t\t\t\t\t\t\t<li class=\"\"><button type=\"button\"><\/button><\/li>\n\t\t\t\t\t\t\t\t\t\t\t\t\t\t\t\t\t\t\t<li class=\"\"><button type=\"button\"><\/button><\/li>\n\t\t\t\t\t\t\t\t\t\t\t\t\t\t\t\t\t\t\t<li class=\"\"><button type=\"button\"><\/button><\/li>\n\t\t\t\t\t\t\t\t\t\t\t\t\t\t\t\t\t<\/ul>\n\t\t\t\t\t\t\t<\/div>\n\t\t\t\t\t\t\t<button class=\"carousel-prev slick-arrow\"><\/button>\n\t\t\t\t\t\t\t<button class=\"carousel-next slick-arrow\"><\/button>\n\t\t\t\t\t\t<\/div>\n\t\t\t\t\t\t\t<div class=\"col-wpr carousel-inner slick-initialized\">\n\t\t\t\t\t\t\t\t\t\t\t\t\t\t\t<article id=\"post-4535\" class=\"carousel-item col-4 resources-by-category-card post-4535 post type-post status-publish format-standard has-post-thumbnail hentry category-analyse-en-vedette category-analyse-pour-le-canada category-perspectives tag-canada\">\n\t\t\t\t\t\t\t\t\t\t<a target=\"_self\" href=\"https:\/\/www.rbc.com\/fr\/economique\/analyse-pour-le-canada\/analyse-en-vedette\/perspectives\/pourquoi-le-choc-des-prix-du-petrole-ne-devrait-pas-raviver-linflation-en-general-au-canada\/\">\n\t\t\t\t\t\t\t\t\t\t\t<div>\n\t\t\t\t\t\t\t\t\t\t\t\t\t\t\t\t\t\t\t\t\t\t\t\t\t<div class=\"mar-b resources-by-category-image-container\" style=\"background-image:url('https:\/\/www.rbc.com\/fr\/economique\/wp-content\/uploads\/sites\/24\/\/2025\/06\/OIL2-compressed.png?quality=80&#038;w=1024)\"><\/div>\n\t\t\t\t\t\t\t\t\t\t\t\t\t\t\t\t\t\t\t\t\t\t\t\t<div>\n\t\t\t\t\t\t\t\t\t\t\t\t\t\t\t\t\t\t\t\t\t\t\t\t\t\t<div class=\"resources-by-category-card-content\">\n\t\t\t\t\t\t\t\t\t\t\t\t\t\t<h4 class=\"mar-b-hlf mar-t-0 truncate-third-line\">Pourquoi le choc des prix du p\u00e9trole ne devrait pas raviver l\u2019inflation en g\u00e9n\u00e9ral au Canada<\/h4>\n\t\t\t\t\t\t\t\t\t\t\t\t\t\t\t\t\t\t\t\t\t\t\t\t\t\t\t\t\t<p class=\"post-date\">13 avril 2026<\/p>\n\t\t\t\t\t\t\t\t\t\t\t\t\t\t\t\t\t\t\t\t\t\t\t\t\t\t\t\t\t\t\t\t\t\t\t\t\t\t\t\t\t\t\t\t\t\t\t\t\t\t\t\t\t\t\t<\/div>\n\t\t\t\t\t\t\t\t\t\t\t\t<\/div>\n\t\t\t\t\t\t\t\t\t\t\t<\/div>\n\t\t\t\t\t\t\t\t\t\t<\/a>\n\t\t\t\t\t\t\t\t\t<\/article>\n\t\t\t\t\t\t\t\t\t\t\t\t\t\t\t\t\t<article id=\"post-4643\" class=\"carousel-item col-4 resources-by-category-card post-4643 post type-post status-publish format-standard has-post-thumbnail hentry category-analyse-en-vedette category-analyse-pour-le-canada category-perspectives tag-canada tag-economie tag-voyage\">\n\t\t\t\t\t\t\t\t\t\t<a target=\"_self\" href=\"https:\/\/www.rbc.com\/fr\/economique\/analyse-pour-le-canada\/analyse-en-vedette\/perspectives\/le-reequilibrage-des-voyages-au-canada-se-poursuit-tandis-que-les-voyages-transfrontaliers-aux-etats-unis-diminuent\/\">\n\t\t\t\t\t\t\t\t\t\t\t<div>\n\t\t\t\t\t\t\t\t\t\t\t\t\t\t\t\t\t\t\t\t\t\t\t\t\t<div class=\"mar-b resources-by-category-image-container\" style=\"background-image:url('https:\/\/www.rbc.com\/fr\/economique\/wp-content\/uploads\/sites\/24\/2026\/04\/Travel-Banner-Apr-06-2026-3.png?quality=80&#038;w=1024)\"><\/div>\n\t\t\t\t\t\t\t\t\t\t\t\t\t\t\t\t\t\t\t\t\t\t\t\t<div>\n\t\t\t\t\t\t\t\t\t\t\t\t\t\t\t\t\t\t\t\t\t\t\t\t\t\t<div class=\"resources-by-category-card-content\">\n\t\t\t\t\t\t\t\t\t\t\t\t\t\t<h4 class=\"mar-b-hlf mar-t-0 truncate-third-line\">Le r\u00e9\u00e9quilibrage des voyages au Canada se poursuit, tandis que les voyages transfrontaliers aux \u00c9tats-Unis diminuent<\/h4>\n\t\t\t\t\t\t\t\t\t\t\t\t\t\t\t\t\t\t\t\t\t\t\t\t\t\t\t\t\t<p class=\"post-date\">9 avril 2026<\/p>\n\t\t\t\t\t\t\t\t\t\t\t\t\t\t\t\t\t\t\t\t\t\t\t\t\t\t\t\t\t\t\t\t\t\t\t\t\t\t\t\t\t\t\t\t\t\t\t\t\t\t\t\t\t\t\t<\/div>\n\t\t\t\t\t\t\t\t\t\t\t\t<\/div>\n\t\t\t\t\t\t\t\t\t\t\t<\/div>\n\t\t\t\t\t\t\t\t\t\t<\/a>\n\t\t\t\t\t\t\t\t\t<\/article>\n\t\t\t\t\t\t\t\t\t\t\t\t\t\t\t\t\t<article id=\"post-4512\" class=\"carousel-item col-4 resources-by-category-card post-4512 post type-post status-publish format-standard has-post-thumbnail hentry category-analyse-en-vedette category-analyse-pour-le-canada category-perspectives tag-aceum tag-canada tag-tarifs\">\n\t\t\t\t\t\t\t\t\t\t<a target=\"_self\" href=\"https:\/\/www.rbc.com\/fr\/economique\/analyse-pour-le-canada\/analyse-en-vedette\/perspectives\/un-an-de-chocs-tarifaires-au-canada-ce-que-nous-avons-appris\/\">\n\t\t\t\t\t\t\t\t\t\t\t<div>\n\t\t\t\t\t\t\t\t\t\t\t\t\t\t\t\t\t\t\t\t\t\t\t\t\t<div class=\"mar-b resources-by-category-image-container\" style=\"background-image:url('https:\/\/www.rbc.com\/fr\/economique\/wp-content\/uploads\/sites\/24\/\/2025\/07\/CA-small2.png?quality=80&#038;w=1024)\"><\/div>\n\t\t\t\t\t\t\t\t\t\t\t\t\t\t\t\t\t\t\t\t\t\t\t\t<div>\n\t\t\t\t\t\t\t\t\t\t\t\t\t\t\t\t\t\t\t\t\t\t\t\t\t\t<div class=\"resources-by-category-card-content\">\n\t\t\t\t\t\t\t\t\t\t\t\t\t\t<h4 class=\"mar-b-hlf mar-t-0 truncate-third-line\">Un an de chocs tarifaires au Canada : Ce que nous avons appris<\/h4>\n\t\t\t\t\t\t\t\t\t\t\t\t\t\t\t\t\t\t\t\t\t\t\t\t\t\t\t\t\t<p class=\"post-date\">8 avril 2026<\/p>\n\t\t\t\t\t\t\t\t\t\t\t\t\t\t\t\t\t\t\t\t\t\t\t\t\t\t\t\t\t\t\t\t\t\t\t\t\t\t\t\t\t\t\t\t\t\t\t\t\t\t\t\t\t\t\t<\/div>\n\t\t\t\t\t\t\t\t\t\t\t\t<\/div>\n\t\t\t\t\t\t\t\t\t\t\t<\/div>\n\t\t\t\t\t\t\t\t\t\t<\/a>\n\t\t\t\t\t\t\t\t\t<\/article>\n\t\t\t\t\t\t\t\t\t\t\t\t\t\t\t\t\t<article id=\"post-4045\" class=\"carousel-item col-4 resources-by-category-card post-4045 post type-post status-publish format-standard has-post-thumbnail hentry category-analyse-en-vedette category-analyse-pour-le-canada category-mise-a-jour-trimestrielle-canadienne\">\n\t\t\t\t\t\t\t\t\t\t<a target=\"_self\" href=\"https:\/\/www.rbc.com\/fr\/economique\/analyse-pour-le-canada\/analyse-en-vedette\/mise-a-jour-trimestrielle-canadienne\/mise-a-jour-trimestrielle-canadienne-les-obstacles-a-la-croissance-sont-contrebalances-par-la-stabilisation-du-commerce-et-de-lemploi\/\">\n\t\t\t\t\t\t\t\t\t\t\t<div>\n\t\t\t\t\t\t\t\t\t\t\t\t\t\t\t\t\t\t\t\t\t\t\t\t\t<div class=\"mar-b resources-by-category-image-container\" style=\"background-image:url('https:\/\/www.rbc.com\/fr\/economique\/wp-content\/uploads\/sites\/24\/\/2025\/06\/CA-small.png?quality=80&#038;w=1024)\"><\/div>\n\t\t\t\t\t\t\t\t\t\t\t\t\t\t\t\t\t\t\t\t\t\t\t\t<div>\n\t\t\t\t\t\t\t\t\t\t\t\t\t\t\t\t\t\t\t\t\t\t\t\t\t\t<div class=\"resources-by-category-card-content\">\n\t\t\t\t\t\t\t\t\t\t\t\t\t\t<h4 class=\"mar-b-hlf mar-t-0 truncate-third-line\">Les obstacles \u00e0 la croissance sont contrebalanc\u00e9s par la stabilisation du commerce et de l\u2019emploi<\/h4>\n\t\t\t\t\t\t\t\t\t\t\t\t\t\t\t\t\t\t\t\t\t\t\t\t\t\t\t\t\t<p class=\"post-date\">12 mars 2026<\/p>\n\t\t\t\t\t\t\t\t\t\t\t\t\t\t\t\t\t\t\t\t\t\t\t\t\t\t\t\t\t\t\t\t\t\t\t\t\t\t\t\t\t\t\t\t\t\t\t\t\t\t\t\t\t\t\t<\/div>\n\t\t\t\t\t\t\t\t\t\t\t\t<\/div>\n\t\t\t\t\t\t\t\t\t\t\t<\/div>\n\t\t\t\t\t\t\t\t\t\t<\/a>\n\t\t\t\t\t\t\t\t\t<\/article>\n\t\t\t\t\t\t\t\t\t\t\t\t\t\t\t\t\t<article id=\"post-4002\" class=\"carousel-item col-4 resources-by-category-card post-4002 post type-post status-publish format-standard has-post-thumbnail hentry category-analyse-en-vedette category-analyse-pour-le-canada category-perspectives\">\n\t\t\t\t\t\t\t\t\t\t<a target=\"_self\" href=\"https:\/\/www.rbc.com\/fr\/economique\/analyse-pour-le-canada\/analyse-en-vedette\/perspectives\/calculs-sur-le-petrole-brut-evaluer-la-vulnerabilite-du-canada-face-aux-prix-petroliers-2\/\">\n\t\t\t\t\t\t\t\t\t\t\t<div>\n\t\t\t\t\t\t\t\t\t\t\t\t\t\t\t\t\t\t\t\t\t\t\t\t\t<div class=\"mar-b resources-by-category-image-container\" style=\"background-image:url('https:\/\/www.rbc.com\/fr\/economique\/wp-content\/uploads\/sites\/24\/\/2025\/06\/OIL2-compressed.png?quality=80&#038;w=1024)\"><\/div>\n\t\t\t\t\t\t\t\t\t\t\t\t\t\t\t\t\t\t\t\t\t\t\t\t<div>\n\t\t\t\t\t\t\t\t\t\t\t\t\t\t\t\t\t\t\t\t\t\t\t\t\t\t<div class=\"resources-by-category-card-content\">\n\t\t\t\t\t\t\t\t\t\t\t\t\t\t<h4 class=\"mar-b-hlf mar-t-0 truncate-third-line\">Calculs sur le p\u00e9trole brut : \u00e9valuer la vuln\u00e9rabilit\u00e9 du Canada face aux prix p\u00e9troliers<\/h4>\n\t\t\t\t\t\t\t\t\t\t\t\t\t\t\t\t\t\t\t\t\t\t\t\t\t\t\t\t\t<p class=\"post-date\">10 mars 2026<\/p>\n\t\t\t\t\t\t\t\t\t\t\t\t\t\t\t\t\t\t\t\t\t\t\t\t\t\t\t\t\t\t\t\t\t\t\t\t\t\t\t\t\t\t\t\t\t\t\t\t\t\t\t\t\t\t\t<\/div>\n\t\t\t\t\t\t\t\t\t\t\t\t<\/div>\n\t\t\t\t\t\t\t\t\t\t\t<\/div>\n\t\t\t\t\t\t\t\t\t\t<\/a>\n\t\t\t\t\t\t\t\t\t<\/article>\n\t\t\t\t\t\t\t\t\t\t\t\t\t\t\t\t\t<article id=\"post-3956\" class=\"carousel-item col-4 resources-by-category-card post-3956 post type-post status-publish format-standard has-post-thumbnail hentry category-analyse-en-vedette category-analyse-pour-le-canada category-perspectives\">\n\t\t\t\t\t\t\t\t\t\t<a target=\"_self\" href=\"https:\/\/www.rbc.com\/fr\/economique\/analyse-pour-le-canada\/analyse-en-vedette\/perspectives\/capacite-financiere-decoder-les-realites-inegales-des-menages-canadiens\/\">\n\t\t\t\t\t\t\t\t\t\t\t<div>\n\t\t\t\t\t\t\t\t\t\t\t\t\t\t\t\t\t\t\t\t\t\t\t\t\t<div class=\"mar-b resources-by-category-image-container\" style=\"background-image:url('https:\/\/www.rbc.com\/fr\/economique\/wp-content\/uploads\/sites\/24\/2026\/03\/Affordability-Decoding-Canadas-uneven-household-experience4.png?quality=80&#038;w=1024)\"><\/div>\n\t\t\t\t\t\t\t\t\t\t\t\t\t\t\t\t\t\t\t\t\t\t\t\t<div>\n\t\t\t\t\t\t\t\t\t\t\t\t\t\t\t\t\t\t\t\t\t\t\t\t\t\t<div class=\"resources-by-category-card-content\">\n\t\t\t\t\t\t\t\t\t\t\t\t\t\t<h4 class=\"mar-b-hlf mar-t-0 truncate-third-line\">Capacit\u00e9 financi\u00e8re : d\u00e9coder les r\u00e9alit\u00e9s in\u00e9gales des m\u00e9nages canadiens<\/h4>\n\t\t\t\t\t\t\t\t\t\t\t\t\t\t\t\t\t\t\t\t\t\t\t\t\t\t\t\t\t<p class=\"post-date\">4 mars 2026<\/p>\n\t\t\t\t\t\t\t\t\t\t\t\t\t\t\t\t\t\t\t\t\t\t\t\t\t\t\t\t\t\t\t\t\t\t\t\t\t\t\t\t\t\t\t\t\t\t\t\t\t\t\t\t\t\t\t<\/div>\n\t\t\t\t\t\t\t\t\t\t\t\t<\/div>\n\t\t\t\t\t\t\t\t\t\t\t<\/div>\n\t\t\t\t\t\t\t\t\t\t<\/a>\n\t\t\t\t\t\t\t\t\t<\/article>\n\t\t\t\t\t\t\t\t\t\t\t\t\t\t\t<\/div>\n\t\t\t\t\t\t\t\t<\/div>\n\t\t<\/div>\n\n\t\t\n\n\n\t\t<div class=\"mar-b mob-mar-b-hlf wp-block-rbc-resources-by-category\">\n\t\t\t<div class=\"carousel-wpr top-controls rbc-resources-by-category-slider\" role=\"region\" aria-label=\"Carousel with 6slides\" data-per-page=6 data-visible-slide=\"3\" data-infinite-loop=\"true\">\n\t\t\t\t\t\t\t<\/div>\n\t\t<\/div>\n\n\t\t\n\n\n<h2 class=\"wp-block-heading mob-mar-b-hlf mar-b-hlf mar-t-dbl mob-mar-t\" id=\"h-rapports-de-donnees-provisoires\"><a href=\"https:\/\/www.rbc.com\/fr\/economique\/analyse-pour-le-canada\/previsions-provinciales-et-budgetaires\/\" data-dig-id=\"LP-1788-0757ddc0\" data-dig-category=\"LP\" data-dig-action=\"link click\" data-dig-label=\"Rapports de donn\u00e9es provisoires\" class=\"rbc-link-format\">Rapports de donn\u00e9es provisoires<\/a><\/h2>\n\n\n\n\t\t<div class=\"mar-b mob-mar-b-hlf wp-block-rbc-resources-by-category\">\n\t\t\t<div class=\"carousel-wpr top-controls rbc-resources-by-category-slider\" role=\"region\" aria-label=\"Carousel with 6slides\" data-per-page=6 data-visible-slide=\"3\" data-infinite-loop=\"true\">\n\t\t\t\t\t\t\t\t\t\t<div class=\"carousel-ctrl display-ctrl\">\n\t\t\t\t\t\t\t<div class=\"carousel-indicators\">\n\t\t\t\t\t\t\t\t<ul class=\"slick-dots\">\n\t\t\t\t\t\t\t\t\t\t\t\t\t\t\t\t\t\t\t<li class=\"slick-active\"><button type=\"button\"><\/button><\/li>\n\t\t\t\t\t\t\t\t\t\t\t\t\t\t\t\t\t\t\t<li class=\"\"><button type=\"button\"><\/button><\/li>\n\t\t\t\t\t\t\t\t\t\t\t\t\t\t\t\t\t\t\t<li class=\"\"><button type=\"button\"><\/button><\/li>\n\t\t\t\t\t\t\t\t\t\t\t\t\t\t\t\t\t\t\t<li class=\"\"><button type=\"button\"><\/button><\/li>\n\t\t\t\t\t\t\t\t\t\t\t\t\t\t\t\t\t\t\t<li class=\"\"><button type=\"button\"><\/button><\/li>\n\t\t\t\t\t\t\t\t\t\t\t\t\t\t\t\t\t\t\t<li class=\"\"><button type=\"button\"><\/button><\/li>\n\t\t\t\t\t\t\t\t\t\t\t\t\t\t\t\t\t<\/ul>\n\t\t\t\t\t\t\t<\/div>\n\t\t\t\t\t\t\t<button class=\"carousel-prev slick-arrow\"><\/button>\n\t\t\t\t\t\t\t<button class=\"carousel-next slick-arrow\"><\/button>\n\t\t\t\t\t\t<\/div>\n\t\t\t\t\t\t\t<div class=\"col-wpr carousel-inner slick-initialized\">\n\t\t\t\t\t\t\t\t\t\t\t\t\t\t\t<article id=\"post-4757\" class=\"carousel-item col-4 resources-by-category-card post-4757 post type-post status-publish format-standard has-post-thumbnail hentry category-analyse-pour-le-canada category-rapports-de-donnees-provisoires tag-canada tag-economie\">\n\t\t\t\t\t\t\t\t\t\t<a target=\"_self\" href=\"https:\/\/www.rbc.com\/fr\/economique\/analyse-pour-le-canada\/rapports-de-donnees-provisoires\/la-confiance-des-entreprises-reste-stable-au-canada-malgre-le-conflit-au-moyen-orient-2\/\">\n\t\t\t\t\t\t\t\t\t\t\t<div>\n\t\t\t\t\t\t\t\t\t\t\t\t\t\t\t\t\t\t\t\t\t\t\t\t\t<div class=\"mar-b resources-by-category-image-container\" style=\"background-image:url('https:\/\/www.rbc.com\/fr\/economique\/wp-content\/uploads\/sites\/24\/\/2025\/06\/Generic-Compressed.png?quality=80&#038;w=1024)\"><\/div>\n\t\t\t\t\t\t\t\t\t\t\t\t\t\t\t\t\t\t\t\t\t\t\t\t<div>\n\t\t\t\t\t\t\t\t\t\t\t\t\t\t\t\t\t\t\t\t\t\t\t\t\t\t<div class=\"resources-by-category-card-content\">\n\t\t\t\t\t\t\t\t\t\t\t\t\t\t<h4 class=\"mar-b-hlf mar-t-0 truncate-third-line\">La confiance des entreprises reste stable au Canada malgr\u00e9 le conflit au Moyen-Orient<\/h4>\n\t\t\t\t\t\t\t\t\t\t\t\t\t\t\t\t\t\t\t\t\t\t\t\t\t\t\t\t\t<p class=\"post-date\">20 avril 2026<\/p>\n\t\t\t\t\t\t\t\t\t\t\t\t\t\t\t\t\t\t\t\t\t\t\t\t\t\t\t\t\t\t\t\t\t\t\t\t\t\t\t\t\t\t\t\t\t\t\t\t\t\t\t\t\t\t\t<\/div>\n\t\t\t\t\t\t\t\t\t\t\t\t<\/div>\n\t\t\t\t\t\t\t\t\t\t\t<\/div>\n\t\t\t\t\t\t\t\t\t\t<\/a>\n\t\t\t\t\t\t\t\t\t<\/article>\n\t\t\t\t\t\t\t\t\t\t\t\t\t\t\t\t\t<article id=\"post-4383\" class=\"carousel-item col-4 resources-by-category-card post-4383 post type-post status-publish format-standard has-post-thumbnail hentry category-analyse-pour-le-canada category-rapports-de-donnees-provisoires\">\n\t\t\t\t\t\t\t\t\t\t<a target=\"_self\" href=\"https:\/\/www.rbc.com\/fr\/economique\/analyse-pour-le-canada\/rapports-de-donnees-provisoires\/leconomie-canadienne-a-enregistre-un-modeste-gain-en-janvier-lexpansion-au-premier-trimestre-prenant-du-momentum\/\">\n\t\t\t\t\t\t\t\t\t\t\t<div>\n\t\t\t\t\t\t\t\t\t\t\t\t\t\t\t\t\t\t\t\t\t\t\t\t\t<div class=\"mar-b resources-by-category-image-container\" style=\"background-image:url('https:\/\/www.rbc.com\/fr\/economique\/wp-content\/uploads\/sites\/24\/\/2024\/10\/GDP2.png?quality=80&#038;w=1024)\"><\/div>\n\t\t\t\t\t\t\t\t\t\t\t\t\t\t\t\t\t\t\t\t\t\t\t\t<div>\n\t\t\t\t\t\t\t\t\t\t\t\t\t\t\t\t\t\t\t\t\t\t\t\t\t\t<div class=\"resources-by-category-card-content\">\n\t\t\t\t\t\t\t\t\t\t\t\t\t\t<h4 class=\"mar-b-hlf mar-t-0 truncate-third-line\">L\u2019\u00e9conomie canadienne a enregistr\u00e9 un modeste gain en janvier, l\u2019expansion au premier trimestre prenant du momentum<\/h4>\n\t\t\t\t\t\t\t\t\t\t\t\t\t\t\t\t\t\t\t\t\t\t\t\t\t\t\t\t\t<p class=\"post-date\">31 mars 2026<\/p>\n\t\t\t\t\t\t\t\t\t\t\t\t\t\t\t\t\t\t\t\t\t\t\t\t\t\t\t\t\t\t\t\t\t\t\t\t\t\t\t\t\t\t\t\t\t\t\t\t\t\t\t\t\t\t\t<\/div>\n\t\t\t\t\t\t\t\t\t\t\t\t<\/div>\n\t\t\t\t\t\t\t\t\t\t\t<\/div>\n\t\t\t\t\t\t\t\t\t\t<\/a>\n\t\t\t\t\t\t\t\t\t<\/article>\n\t\t\t\t\t\t\t\t\t\t\t\t\t\t\t\t\t<article id=\"post-4154\" class=\"carousel-item col-4 resources-by-category-card post-4154 post type-post status-publish format-standard has-post-thumbnail hentry category-analyse-pour-le-canada category-rapports-de-donnees-provisoires\">\n\t\t\t\t\t\t\t\t\t\t<a target=\"_self\" href=\"https:\/\/www.rbc.com\/fr\/economique\/analyse-pour-le-canada\/rapports-de-donnees-provisoires\/le-point-sur-la-reunion-de-la-banque-du-canada-un-choc-de-loffre-qui-nattend-pas-lautre\/\">\n\t\t\t\t\t\t\t\t\t\t\t<div>\n\t\t\t\t\t\t\t\t\t\t\t\t\t\t\t\t\t\t\t\t\t\t\t\t\t<div class=\"mar-b resources-by-category-image-container\" style=\"background-image:url('https:\/\/www.rbc.com\/fr\/economique\/wp-content\/uploads\/sites\/24\/\/2025\/07\/CA-small2.png?quality=80&#038;w=1024)\"><\/div>\n\t\t\t\t\t\t\t\t\t\t\t\t\t\t\t\t\t\t\t\t\t\t\t\t<div>\n\t\t\t\t\t\t\t\t\t\t\t\t\t\t\t\t\t\t\t\t\t\t\t\t\t\t<div class=\"resources-by-category-card-content\">\n\t\t\t\t\t\t\t\t\t\t\t\t\t\t<h4 class=\"mar-b-hlf mar-t-0 truncate-third-line\">Le point sur la r\u00e9union de la Banque du Canada Un choc de l\u2019offre qui n\u2019attend pas l\u2019autre<\/h4>\n\t\t\t\t\t\t\t\t\t\t\t\t\t\t\t\t\t\t\t\t\t\t\t\t\t\t\t\t\t<p class=\"post-date\">18 mars 2026<\/p>\n\t\t\t\t\t\t\t\t\t\t\t\t\t\t\t\t\t\t\t\t\t\t\t\t\t\t\t\t\t\t\t\t\t\t\t\t\t\t\t\t\t\t\t\t\t\t\t\t\t\t\t\t\t\t\t<\/div>\n\t\t\t\t\t\t\t\t\t\t\t\t<\/div>\n\t\t\t\t\t\t\t\t\t\t\t<\/div>\n\t\t\t\t\t\t\t\t\t\t<\/a>\n\t\t\t\t\t\t\t\t\t<\/article>\n\t\t\t\t\t\t\t\t\t\t\t\t\t\t\t\t\t<article id=\"post-4146\" class=\"carousel-item col-4 resources-by-category-card post-4146 post type-post status-publish format-standard has-post-thumbnail hentry category-analyse-pour-le-canada category-rapports-de-donnees-provisoires\">\n\t\t\t\t\t\t\t\t\t\t<a target=\"_self\" href=\"https:\/\/www.rbc.com\/fr\/economique\/analyse-pour-le-canada\/rapports-de-donnees-provisoires\/de-nouveaux-signes-dattenuation-des-pressions-inflationnistes-au-canada-avant-la-hausse-des-prix-du-petrole\/\">\n\t\t\t\t\t\t\t\t\t\t\t<div>\n\t\t\t\t\t\t\t\t\t\t\t\t\t\t\t\t\t\t\t\t\t\t\t\t\t<div class=\"mar-b resources-by-category-image-container\" style=\"background-image:url('https:\/\/www.rbc.com\/fr\/economique\/wp-content\/uploads\/sites\/24\/\/2025\/05\/Inf-CA-Compressed-4.png?quality=80&#038;w=1024)\"><\/div>\n\t\t\t\t\t\t\t\t\t\t\t\t\t\t\t\t\t\t\t\t\t\t\t\t<div>\n\t\t\t\t\t\t\t\t\t\t\t\t\t\t\t\t\t\t\t\t\t\t\t\t\t\t<div class=\"resources-by-category-card-content\">\n\t\t\t\t\t\t\t\t\t\t\t\t\t\t<h4 class=\"mar-b-hlf mar-t-0 truncate-third-line\">De nouveaux signes d\u2019att\u00e9nuation des pressions inflationnistes au Canada avant la hausse des prix du p\u00e9trole<\/h4>\n\t\t\t\t\t\t\t\t\t\t\t\t\t\t\t\t\t\t\t\t\t\t\t\t\t\t\t\t\t<p class=\"post-date\">16 mars 2026<\/p>\n\t\t\t\t\t\t\t\t\t\t\t\t\t\t\t\t\t\t\t\t\t\t\t\t\t\t\t\t\t\t\t\t\t\t\t\t\t\t\t\t\t\t\t\t\t\t\t\t\t\t\t\t\t\t\t<\/div>\n\t\t\t\t\t\t\t\t\t\t\t\t<\/div>\n\t\t\t\t\t\t\t\t\t\t\t<\/div>\n\t\t\t\t\t\t\t\t\t\t<\/a>\n\t\t\t\t\t\t\t\t\t<\/article>\n\t\t\t\t\t\t\t\t\t\t\t\t\t\t\t\t\t<article id=\"post-4143\" class=\"carousel-item col-4 resources-by-category-card post-4143 post type-post status-publish format-standard has-post-thumbnail hentry category-analyse-pour-le-canada category-rapports-de-donnees-provisoires\">\n\t\t\t\t\t\t\t\t\t\t<a target=\"_self\" href=\"https:\/\/www.rbc.com\/fr\/economique\/analyse-pour-le-canada\/rapports-de-donnees-provisoires\/les-bilans-des-menages-canadiens-sont-demeures-resilients-au-quatrieme-trimestre-de-2025\/\">\n\t\t\t\t\t\t\t\t\t\t\t<div>\n\t\t\t\t\t\t\t\t\t\t\t\t\t\t\t\t\t\t\t\t\t\t\t\t\t<div class=\"mar-b resources-by-category-image-container\" style=\"background-image:url('https:\/\/www.rbc.com\/fr\/economique\/wp-content\/uploads\/sites\/24\/\/2025\/06\/Generic-Compressed.png?quality=80&#038;w=1024)\"><\/div>\n\t\t\t\t\t\t\t\t\t\t\t\t\t\t\t\t\t\t\t\t\t\t\t\t<div>\n\t\t\t\t\t\t\t\t\t\t\t\t\t\t\t\t\t\t\t\t\t\t\t\t\t\t<div class=\"resources-by-category-card-content\">\n\t\t\t\t\t\t\t\t\t\t\t\t\t\t<h4 class=\"mar-b-hlf mar-t-0 truncate-third-line\">Les bilans des m\u00e9nages canadiens sont demeur\u00e9s r\u00e9silients au quatri\u00e8me trimestre de 2025<\/h4>\n\t\t\t\t\t\t\t\t\t\t\t\t\t\t\t\t\t\t\t\t\t\t\t\t\t\t\t\t\t<p class=\"post-date\">16 mars 2026<\/p>\n\t\t\t\t\t\t\t\t\t\t\t\t\t\t\t\t\t\t\t\t\t\t\t\t\t\t\t\t\t\t\t\t\t\t\t\t\t\t\t\t\t\t\t\t\t\t\t\t\t\t\t\t\t\t\t<\/div>\n\t\t\t\t\t\t\t\t\t\t\t\t<\/div>\n\t\t\t\t\t\t\t\t\t\t\t<\/div>\n\t\t\t\t\t\t\t\t\t\t<\/a>\n\t\t\t\t\t\t\t\t\t<\/article>\n\t\t\t\t\t\t\t\t\t\t\t\t\t\t\t\t\t<article id=\"post-4098\" class=\"carousel-item col-4 resources-by-category-card post-4098 post type-post status-publish format-standard has-post-thumbnail hentry category-analyse-pour-le-canada category-rapports-de-donnees-provisoires\">\n\t\t\t\t\t\t\t\t\t\t<a target=\"_self\" href=\"https:\/\/www.rbc.com\/fr\/economique\/analyse-pour-le-canada\/rapports-de-donnees-provisoires\/le-taux-de-chomage-au-canada-a-augmente-en-fevrier\/\">\n\t\t\t\t\t\t\t\t\t\t\t<div>\n\t\t\t\t\t\t\t\t\t\t\t\t\t\t\t\t\t\t\t\t\t\t\t\t\t<div class=\"mar-b resources-by-category-image-container\" style=\"background-image:url('https:\/\/www.rbc.com\/fr\/economique\/wp-content\/uploads\/sites\/24\/2025\/11\/CA-Jobs-NEW.png?quality=80&#038;w=1024)\"><\/div>\n\t\t\t\t\t\t\t\t\t\t\t\t\t\t\t\t\t\t\t\t\t\t\t\t<div>\n\t\t\t\t\t\t\t\t\t\t\t\t\t\t\t\t\t\t\t\t\t\t\t\t\t\t<div class=\"resources-by-category-card-content\">\n\t\t\t\t\t\t\t\t\t\t\t\t\t\t<h4 class=\"mar-b-hlf mar-t-0 truncate-third-line\">Le taux de ch\u00f4mage au Canada a augment\u00e9 en f\u00e9vrier<\/h4>\n\t\t\t\t\t\t\t\t\t\t\t\t\t\t\t\t\t\t\t\t\t\t\t\t\t\t\t\t\t<p class=\"post-date\">13 mars 2026<\/p>\n\t\t\t\t\t\t\t\t\t\t\t\t\t\t\t\t\t\t\t\t\t\t\t\t\t\t\t\t\t\t\t\t\t\t\t\t\t\t\t\t\t\t\t\t\t\t\t\t\t\t\t\t\t\t\t<\/div>\n\t\t\t\t\t\t\t\t\t\t\t\t<\/div>\n\t\t\t\t\t\t\t\t\t\t\t<\/div>\n\t\t\t\t\t\t\t\t\t\t<\/a>\n\t\t\t\t\t\t\t\t\t<\/article>\n\t\t\t\t\t\t\t\t\t\t\t\t\t\t\t<\/div>\n\t\t\t\t\t\t\t\t<\/div>\n\t\t<\/div>\n\n\t\t\n\n\n<h2 class=\"wp-block-heading mob-mar-b-hlf mar-b-hlf mar-t-dbl mob-mar-t\" id=\"h-logement-au-canada\"><a href=\"https:\/\/www.rbc.com\/fr\/economique\/analyse-pour-le-canada\/logement-au-canada\/\" data-dig-id=\"LP-1788-835a24fe\" data-dig-category=\"LP\" data-dig-action=\"link click\" data-dig-label=\"Logement au Canada\" class=\"rbc-link-format\">Logement au Canada<\/a><\/h2>\n\n\n\n\t\t<div class=\"wp-block-rbc-resources-by-category\">\n\t\t\t<div class=\"carousel-wpr top-controls rbc-resources-by-category-slider\" role=\"region\" aria-label=\"Carousel with 6slides\" data-per-page=6 data-visible-slide=\"3\" data-infinite-loop=\"true\">\n\t\t\t\t\t\t\t\t\t\t<div class=\"carousel-ctrl display-ctrl\">\n\t\t\t\t\t\t\t<div class=\"carousel-indicators\">\n\t\t\t\t\t\t\t\t<ul class=\"slick-dots\">\n\t\t\t\t\t\t\t\t\t\t\t\t\t\t\t\t\t\t\t<li class=\"slick-active\"><button type=\"button\"><\/button><\/li>\n\t\t\t\t\t\t\t\t\t\t\t\t\t\t\t\t\t\t\t<li class=\"\"><button type=\"button\"><\/button><\/li>\n\t\t\t\t\t\t\t\t\t\t\t\t\t\t\t\t\t\t\t<li class=\"\"><button type=\"button\"><\/button><\/li>\n\t\t\t\t\t\t\t\t\t\t\t\t\t\t\t\t\t\t\t<li class=\"\"><button type=\"button\"><\/button><\/li>\n\t\t\t\t\t\t\t\t\t\t\t\t\t\t\t\t\t\t\t<li class=\"\"><button type=\"button\"><\/button><\/li>\n\t\t\t\t\t\t\t\t\t\t\t\t\t\t\t\t\t\t\t<li class=\"\"><button type=\"button\"><\/button><\/li>\n\t\t\t\t\t\t\t\t\t\t\t\t\t\t\t\t\t<\/ul>\n\t\t\t\t\t\t\t<\/div>\n\t\t\t\t\t\t\t<button class=\"carousel-prev slick-arrow\"><\/button>\n\t\t\t\t\t\t\t<button class=\"carousel-next slick-arrow\"><\/button>\n\t\t\t\t\t\t<\/div>\n\t\t\t\t\t\t\t<div class=\"col-wpr carousel-inner slick-initialized\">\n\t\t\t\t\t\t\t\t\t\t\t\t\t\t\t<article id=\"post-4734\" class=\"carousel-item col-4 resources-by-category-card post-4734 post type-post status-publish format-standard has-post-thumbnail hentry category-analyse-pour-le-canada category-logement-au-canada category-rapport-mensuel-sur-le-marche-du-logement\">\n\t\t\t\t\t\t\t\t\t\t<a target=\"_self\" href=\"https:\/\/www.rbc.com\/fr\/economique\/analyse-pour-le-canada\/logement-au-canada\/rapport-mensuel-sur-le-marche-du-logement\/le-mois-de-mars-marque-quatre-annees-de-baisse-des-prix-des-maisons-au-canada\/\">\n\t\t\t\t\t\t\t\t\t\t\t<div>\n\t\t\t\t\t\t\t\t\t\t\t\t\t\t\t\t\t\t\t\t\t\t\t\t\t<div class=\"mar-b resources-by-category-image-container\" style=\"background-image:url('https:\/\/www.rbc.com\/fr\/economique\/wp-content\/uploads\/sites\/24\/\/2025\/07\/Housing.png?quality=80&#038;w=1024)\"><\/div>\n\t\t\t\t\t\t\t\t\t\t\t\t\t\t\t\t\t\t\t\t\t\t\t\t<div>\n\t\t\t\t\t\t\t\t\t\t\t\t\t\t\t\t\t\t\t\t\t\t\t\t\t\t<div class=\"resources-by-category-card-content\">\n\t\t\t\t\t\t\t\t\t\t\t\t\t\t<h4 class=\"mar-b-hlf mar-t-0 truncate-third-line\">Le mois de mars marque quatre ann\u00e9es de baisse des prix des maisons au Canada<\/h4>\n\t\t\t\t\t\t\t\t\t\t\t\t\t\t\t\t\t\t\t\t\t\t\t\t\t\t\t\t\t<p class=\"post-date\">16 avril 2026<\/p>\n\t\t\t\t\t\t\t\t\t\t\t\t\t\t\t\t\t\t\t\t\t\t\t\t\t\t\t\t\t\t\t\t\t\t\t\t\t\t\t\t\t\t\t\t\t\t\t\t\t\t\t\t\t\t\t<\/div>\n\t\t\t\t\t\t\t\t\t\t\t\t<\/div>\n\t\t\t\t\t\t\t\t\t\t\t<\/div>\n\t\t\t\t\t\t\t\t\t\t<\/a>\n\t\t\t\t\t\t\t\t\t<\/article>\n\t\t\t\t\t\t\t\t\t\t\t\t\t\t\t\t\t<article id=\"post-4582\" class=\"carousel-item col-4 resources-by-category-card post-4582 post type-post status-publish format-standard has-post-thumbnail hentry category-analyse-pour-le-canada category-etat-des-marches-immobiliers-locaux category-logement-au-canada tag-canada tag-logement\">\n\t\t\t\t\t\t\t\t\t\t<a target=\"_self\" href=\"https:\/\/www.rbc.com\/fr\/economique\/analyse-pour-le-canada\/logement-au-canada\/etat-des-marches-immobiliers-locaux\/un-debut-mitige-pour-la-saison-la-plus-active-des-marches-immobiliers-canadiens\/\">\n\t\t\t\t\t\t\t\t\t\t\t<div>\n\t\t\t\t\t\t\t\t\t\t\t\t\t\t\t\t\t\t\t\t\t\t\t\t\t<div class=\"mar-b resources-by-category-image-container\" style=\"background-image:url('https:\/\/www.rbc.com\/fr\/economique\/wp-content\/uploads\/sites\/24\/2025\/11\/Housing-B-compressed-banner.png?quality=80&#038;w=1024)\"><\/div>\n\t\t\t\t\t\t\t\t\t\t\t\t\t\t\t\t\t\t\t\t\t\t\t\t<div>\n\t\t\t\t\t\t\t\t\t\t\t\t\t\t\t\t\t\t\t\t\t\t\t\t\t\t<div class=\"resources-by-category-card-content\">\n\t\t\t\t\t\t\t\t\t\t\t\t\t\t<h4 class=\"mar-b-hlf mar-t-0 truncate-third-line\">Un d\u00e9but mitig\u00e9 pour la saison la plus active des march\u00e9s immobiliers canadiens<\/h4>\n\t\t\t\t\t\t\t\t\t\t\t\t\t\t\t\t\t\t\t\t\t\t\t\t\t\t\t\t\t<p class=\"post-date\">8 avril 2026<\/p>\n\t\t\t\t\t\t\t\t\t\t\t\t\t\t\t\t\t\t\t\t\t\t\t\t\t\t\t\t\t\t\t\t\t\t\t\t\t\t\t\t\t\t\t\t\t\t\t\t\t\t\t\t\t\t\t<\/div>\n\t\t\t\t\t\t\t\t\t\t\t\t<\/div>\n\t\t\t\t\t\t\t\t\t\t\t<\/div>\n\t\t\t\t\t\t\t\t\t\t<\/a>\n\t\t\t\t\t\t\t\t\t<\/article>\n\t\t\t\t\t\t\t\t\t\t\t\t\t\t\t\t\t<article id=\"post-4389\" class=\"carousel-item col-4 resources-by-category-card post-4389 post type-post status-publish format-standard has-post-thumbnail hentry category-accessibilite-a-la-propriete category-analyse-pour-le-canada category-logement-au-canada\">\n\t\t\t\t\t\t\t\t\t\t<a target=\"_self\" href=\"https:\/\/www.rbc.com\/fr\/economique\/analyse-pour-le-canada\/logement-au-canada\/accessibilite-a-la-propriete\/les-gains-dabordabilite-saffaiblissent-et-se-font-plus-rares-au-canada\/\">\n\t\t\t\t\t\t\t\t\t\t\t<div>\n\t\t\t\t\t\t\t\t\t\t\t\t\t\t\t\t\t\t\t\t\t\t\t\t\t<div class=\"mar-b resources-by-category-image-container\" style=\"background-image:url('https:\/\/www.rbc.com\/fr\/economique\/wp-content\/uploads\/sites\/24\/\/2025\/06\/Housing-A.png?quality=80&#038;w=1024)\"><\/div>\n\t\t\t\t\t\t\t\t\t\t\t\t\t\t\t\t\t\t\t\t\t\t\t\t<div>\n\t\t\t\t\t\t\t\t\t\t\t\t\t\t\t\t\t\t\t\t\t\t\t\t\t\t<div class=\"resources-by-category-card-content\">\n\t\t\t\t\t\t\t\t\t\t\t\t\t\t<h4 class=\"mar-b-hlf mar-t-0 truncate-third-line\">Les gains d\u2019abordabilit\u00e9 s\u2019affaiblissent et se font plus rares au Canada<\/h4>\n\t\t\t\t\t\t\t\t\t\t\t\t\t\t\t\t\t\t\t\t\t\t\t\t\t\t\t\t\t<p class=\"post-date\">31 mars 2026<\/p>\n\t\t\t\t\t\t\t\t\t\t\t\t\t\t\t\t\t\t\t\t\t\t\t\t\t\t\t\t\t\t\t\t\t\t\t\t\t\t\t\t\t\t\t\t\t\t\t\t\t\t\t\t\t\t\t<\/div>\n\t\t\t\t\t\t\t\t\t\t\t\t<\/div>\n\t\t\t\t\t\t\t\t\t\t\t<\/div>\n\t\t\t\t\t\t\t\t\t\t<\/a>\n\t\t\t\t\t\t\t\t\t<\/article>\n\t\t\t\t\t\t\t\t\t\t\t\t\t\t\t\t\t<article id=\"post-4203\" class=\"carousel-item col-4 resources-by-category-card post-4203 post type-post status-publish format-standard has-post-thumbnail hentry category-analyse-pour-le-canada category-logement-au-canada category-rapport-mensuel-sur-le-marche-du-logement\">\n\t\t\t\t\t\t\t\t\t\t<a target=\"_self\" href=\"https:\/\/www.rbc.com\/fr\/economique\/analyse-pour-le-canada\/logement-au-canada\/rapport-mensuel-sur-le-marche-du-logement\/le-marche-canadien-du-logement-dans-une-impasse-en-fevrier\/\">\n\t\t\t\t\t\t\t\t\t\t\t<div>\n\t\t\t\t\t\t\t\t\t\t\t\t\t\t\t\t\t\t\t\t\t\t\t\t\t<div class=\"mar-b resources-by-category-image-container\" style=\"background-image:url('https:\/\/www.rbc.com\/fr\/economique\/wp-content\/uploads\/sites\/24\/\/2025\/06\/Housing-Mon.png?quality=80&#038;w=1024)\"><\/div>\n\t\t\t\t\t\t\t\t\t\t\t\t\t\t\t\t\t\t\t\t\t\t\t\t<div>\n\t\t\t\t\t\t\t\t\t\t\t\t\t\t\t\t\t\t\t\t\t\t\t\t\t\t<div class=\"resources-by-category-card-content\">\n\t\t\t\t\t\t\t\t\t\t\t\t\t\t<h4 class=\"mar-b-hlf mar-t-0 truncate-third-line\">Le march\u00e9 canadien du logement dans une impasse en f\u00e9vrier<\/h4>\n\t\t\t\t\t\t\t\t\t\t\t\t\t\t\t\t\t\t\t\t\t\t\t\t\t\t\t\t\t<p class=\"post-date\">17 mars 2026<\/p>\n\t\t\t\t\t\t\t\t\t\t\t\t\t\t\t\t\t\t\t\t\t\t\t\t\t\t\t\t\t\t\t\t\t\t\t\t\t\t\t\t\t\t\t\t\t\t\t\t\t\t\t\t\t\t\t<\/div>\n\t\t\t\t\t\t\t\t\t\t\t\t<\/div>\n\t\t\t\t\t\t\t\t\t\t\t<\/div>\n\t\t\t\t\t\t\t\t\t\t<\/a>\n\t\t\t\t\t\t\t\t\t<\/article>\n\t\t\t\t\t\t\t\t\t\t\t\t\t\t\t\t\t<article id=\"post-4038\" class=\"carousel-item col-4 resources-by-category-card post-4038 post type-post status-publish format-standard has-post-thumbnail hentry category-analyse-pour-le-canada category-etat-des-marches-immobiliers-locaux category-logement-au-canada\">\n\t\t\t\t\t\t\t\t\t\t<a target=\"_self\" href=\"https:\/\/www.rbc.com\/fr\/economique\/analyse-pour-le-canada\/logement-au-canada\/etat-des-marches-immobiliers-locaux\/la-morosite-de-lhiver-maintient-les-prix-des-logements-au-canada-sous-pression\/\">\n\t\t\t\t\t\t\t\t\t\t\t<div>\n\t\t\t\t\t\t\t\t\t\t\t\t\t\t\t\t\t\t\t\t\t\t\t\t\t<div class=\"mar-b resources-by-category-image-container\" style=\"background-image:url('https:\/\/www.rbc.com\/fr\/economique\/wp-content\/uploads\/sites\/24\/2025\/11\/Housing-B-compressed-banner.png?quality=80&#038;w=1024)\"><\/div>\n\t\t\t\t\t\t\t\t\t\t\t\t\t\t\t\t\t\t\t\t\t\t\t\t<div>\n\t\t\t\t\t\t\t\t\t\t\t\t\t\t\t\t\t\t\t\t\t\t\t\t\t\t<div class=\"resources-by-category-card-content\">\n\t\t\t\t\t\t\t\t\t\t\t\t\t\t<h4 class=\"mar-b-hlf mar-t-0 truncate-third-line\">La morosit\u00e9 de l\u2019hiver maintient les prix des logements au Canada sous pression<\/h4>\n\t\t\t\t\t\t\t\t\t\t\t\t\t\t\t\t\t\t\t\t\t\t\t\t\t\t\t\t\t<p class=\"post-date\">6 mars 2026<\/p>\n\t\t\t\t\t\t\t\t\t\t\t\t\t\t\t\t\t\t\t\t\t\t\t\t\t\t\t\t\t\t\t\t\t\t\t\t\t\t\t\t\t\t\t\t\t\t\t\t\t\t\t\t\t\t\t<\/div>\n\t\t\t\t\t\t\t\t\t\t\t\t<\/div>\n\t\t\t\t\t\t\t\t\t\t\t<\/div>\n\t\t\t\t\t\t\t\t\t\t<\/a>\n\t\t\t\t\t\t\t\t\t<\/article>\n\t\t\t\t\t\t\t\t\t\t\t\t\t\t\t\t\t<article id=\"post-3795\" class=\"carousel-item col-4 resources-by-category-card post-3795 post type-post status-publish format-standard has-post-thumbnail hentry category-analyse-pour-le-canada category-logement-au-canada category-rapport-mensuel-sur-le-marche-du-logement\">\n\t\t\t\t\t\t\t\t\t\t<a target=\"_self\" href=\"https:\/\/www.rbc.com\/fr\/economique\/analyse-pour-le-canada\/logement-au-canada\/rapport-mensuel-sur-le-marche-du-logement\/fr-mhu-feb-2026\/\">\n\t\t\t\t\t\t\t\t\t\t\t<div>\n\t\t\t\t\t\t\t\t\t\t\t\t\t\t\t\t\t\t\t\t\t\t\t\t\t<div class=\"mar-b resources-by-category-image-container\" style=\"background-image:url('https:\/\/www.rbc.com\/fr\/economique\/wp-content\/uploads\/sites\/24\/\/2025\/07\/Housing.png?quality=80&#038;w=1024)\"><\/div>\n\t\t\t\t\t\t\t\t\t\t\t\t\t\t\t\t\t\t\t\t\t\t\t\t<div>\n\t\t\t\t\t\t\t\t\t\t\t\t\t\t\t\t\t\t\t\t\t\t\t\t\t\t<div class=\"resources-by-category-card-content\">\n\t\t\t\t\t\t\t\t\t\t\t\t\t\t<h4 class=\"mar-b-hlf mar-t-0 truncate-third-line\">Les acheteurs canadiens commencent \u00e0 h\u00e9siter, tandis que les vendeurs affluent en janvier<\/h4>\n\t\t\t\t\t\t\t\t\t\t\t\t\t\t\t\t\t\t\t\t\t\t\t\t\t\t\t\t\t<p class=\"post-date\">18 f\u00e9vrier 2026<\/p>\n\t\t\t\t\t\t\t\t\t\t\t\t\t\t\t\t\t\t\t\t\t\t\t\t\t\t\t\t\t\t\t\t\t\t\t\t\t\t\t\t\t\t\t\t\t\t\t\t\t\t\t\t\t\t\t<\/div>\n\t\t\t\t\t\t\t\t\t\t\t\t<\/div>\n\t\t\t\t\t\t\t\t\t\t\t<\/div>\n\t\t\t\t\t\t\t\t\t\t<\/a>\n\t\t\t\t\t\t\t\t\t<\/article>\n\t\t\t\t\t\t\t\t\t\t\t\t\t\t\t<\/div>\n\t\t\t\t\t\t\t\t<\/div>\n\t\t<\/div>\n\n\t\t\n\n\n<h2 class=\"wp-block-heading mob-mar-b-hlf mar-b-hlf mar-t-dbl mob-mar-t\" id=\"h-outil-de-suivi-des-depenses-de-consommation-rbc\"><a href=\"https:\/\/www.rbc.com\/fr\/economique\/outil-de-suivi-des-depenses-de-consommation-rbc\/\" target=\"_blank\" data-dig-id=\"LP-1788-0757ddc0\" data-dig-category=\"LP\" data-dig-action=\"link click\" data-dig-label=\"Rapports de donn\u00e9es provisoires\" rel=\"noreferrer noopener\" class=\"rbc-link-format\">Outil de suivi des d\u00e9penses de consommation RBC<\/a><\/h2>\n\n\n\n\t\t<div class=\"mar-b mob-mar-b-hlf wp-block-rbc-resources-by-category\">\n\t\t\t<div class=\"carousel-wpr top-controls rbc-resources-by-category-slider\" role=\"region\" aria-label=\"Carousel with 6slides\" data-per-page=6 data-visible-slide=\"3\" data-infinite-loop=\"true\">\n\t\t\t\t\t\t\t\t\t\t<div class=\"carousel-ctrl display-ctrl\">\n\t\t\t\t\t\t\t<div class=\"carousel-indicators\">\n\t\t\t\t\t\t\t\t<ul class=\"slick-dots\">\n\t\t\t\t\t\t\t\t\t\t\t\t\t\t\t\t\t\t\t<li class=\"slick-active\"><button type=\"button\"><\/button><\/li>\n\t\t\t\t\t\t\t\t\t\t\t\t\t\t\t\t\t\t\t<li class=\"\"><button type=\"button\"><\/button><\/li>\n\t\t\t\t\t\t\t\t\t\t\t\t\t\t\t\t\t\t\t<li class=\"\"><button type=\"button\"><\/button><\/li>\n\t\t\t\t\t\t\t\t\t\t\t\t\t\t\t\t\t\t\t<li class=\"\"><button type=\"button\"><\/button><\/li>\n\t\t\t\t\t\t\t\t\t\t\t\t\t\t\t\t\t\t\t<li class=\"\"><button type=\"button\"><\/button><\/li>\n\t\t\t\t\t\t\t\t\t\t\t\t\t\t\t\t\t\t\t<li class=\"\"><button type=\"button\"><\/button><\/li>\n\t\t\t\t\t\t\t\t\t\t\t\t\t\t\t\t\t<\/ul>\n\t\t\t\t\t\t\t<\/div>\n\t\t\t\t\t\t\t<button class=\"carousel-prev slick-arrow\"><\/button>\n\t\t\t\t\t\t\t<button class=\"carousel-next slick-arrow\"><\/button>\n\t\t\t\t\t\t<\/div>\n\t\t\t\t\t\t\t<div class=\"col-wpr carousel-inner slick-initialized\">\n\t\t\t\t\t\t\t\t\t\t\t\t\t\t\t<article id=\"post-4524\" class=\"carousel-item col-4 resources-by-category-card post-4524 post type-post status-publish format-standard has-post-thumbnail hentry category-analyse-pour-le-canada category-outil-de-suivi-des-depenses-de-consommation-rbc tag-canada\">\n\t\t\t\t\t\t\t\t\t\t<a target=\"_self\" href=\"https:\/\/www.rbc.com\/fr\/economique\/analyse-pour-le-canada\/outil-de-suivi-des-depenses-de-consommation-rbc\/les-depenses-des-titulaires-de-cartes-canadiens-resistent-malgre-la-hausse-des-prix-de-lessence\/\">\n\t\t\t\t\t\t\t\t\t\t\t<div>\n\t\t\t\t\t\t\t\t\t\t\t\t\t\t\t\t\t\t\t\t\t\t\t\t\t<div class=\"mar-b resources-by-category-image-container\" style=\"background-image:url('https:\/\/www.rbc.com\/fr\/economique\/wp-content\/uploads\/sites\/24\/\/2025\/05\/Cons-sp.png?quality=80&#038;w=1024)\"><\/div>\n\t\t\t\t\t\t\t\t\t\t\t\t\t\t\t\t\t\t\t\t\t\t\t\t<div>\n\t\t\t\t\t\t\t\t\t\t\t\t\t\t\t\t\t\t\t\t\t\t\t\t\t\t<div class=\"resources-by-category-card-content\">\n\t\t\t\t\t\t\t\t\t\t\t\t\t\t<h4 class=\"mar-b-hlf mar-t-0 truncate-third-line\">Les d\u00e9penses des titulaires de cartes canadiens r\u00e9sistent malgr\u00e9 la hausse des prix de l\u2019essence<\/h4>\n\t\t\t\t\t\t\t\t\t\t\t\t\t\t\t\t\t\t\t\t\t\t\t\t\t\t\t\t\t<p class=\"post-date\">15 avril 2026<\/p>\n\t\t\t\t\t\t\t\t\t\t\t\t\t\t\t\t\t\t\t\t\t\t\t\t\t\t\t\t\t\t\t\t\t\t\t\t\t\t\t\t\t\t\t\t\t\t\t\t\t\t\t\t\t\t\t<\/div>\n\t\t\t\t\t\t\t\t\t\t\t\t<\/div>\n\t\t\t\t\t\t\t\t\t\t\t<\/div>\n\t\t\t\t\t\t\t\t\t\t<\/a>\n\t\t\t\t\t\t\t\t\t<\/article>\n\t\t\t\t\t\t\t\t\t\t\t\t\t\t\t\t\t<article id=\"post-4160\" class=\"carousel-item col-4 resources-by-category-card post-4160 post type-post status-publish format-standard has-post-thumbnail hentry category-analyse-pour-le-canada category-outil-de-suivi-des-depenses-de-consommation-rbc\">\n\t\t\t\t\t\t\t\t\t\t<a target=\"_self\" href=\"https:\/\/www.rbc.com\/fr\/economique\/analyse-pour-le-canada\/outil-de-suivi-des-depenses-de-consommation-rbc\/les-depenses-des-titulaires-de-cartes-canadiens-augmentent-malgre-le-repli-des-biens-discretionnaires\/\">\n\t\t\t\t\t\t\t\t\t\t\t<div>\n\t\t\t\t\t\t\t\t\t\t\t\t\t\t\t\t\t\t\t\t\t\t\t\t\t<div class=\"mar-b resources-by-category-image-container\" style=\"background-image:url('https:\/\/www.rbc.com\/fr\/economique\/wp-content\/uploads\/sites\/24\/\/2025\/05\/Cons-sp.png?quality=80&#038;w=1024)\"><\/div>\n\t\t\t\t\t\t\t\t\t\t\t\t\t\t\t\t\t\t\t\t\t\t\t\t<div>\n\t\t\t\t\t\t\t\t\t\t\t\t\t\t\t\t\t\t\t\t\t\t\t\t\t\t<div class=\"resources-by-category-card-content\">\n\t\t\t\t\t\t\t\t\t\t\t\t\t\t<h4 class=\"mar-b-hlf mar-t-0 truncate-third-line\">Les d\u00e9penses des titulaires de cartes canadiens augmentent malgr\u00e9 le repli des biens discr\u00e9tionnaires<\/h4>\n\t\t\t\t\t\t\t\t\t\t\t\t\t\t\t\t\t\t\t\t\t\t\t\t\t\t\t\t\t<p class=\"post-date\">17 mars 2026<\/p>\n\t\t\t\t\t\t\t\t\t\t\t\t\t\t\t\t\t\t\t\t\t\t\t\t\t\t\t\t\t\t\t\t\t\t\t\t\t\t\t\t\t\t\t\t\t\t\t\t\t\t\t\t\t\t\t<\/div>\n\t\t\t\t\t\t\t\t\t\t\t\t<\/div>\n\t\t\t\t\t\t\t\t\t\t\t<\/div>\n\t\t\t\t\t\t\t\t\t\t<\/a>\n\t\t\t\t\t\t\t\t\t<\/article>\n\t\t\t\t\t\t\t\t\t\t\t\t\t\t\t\t\t<article id=\"post-4260\" class=\"carousel-item col-4 resources-by-category-card post-4260 post type-post status-publish format-standard has-post-thumbnail hentry category-analyse-pour-le-canada category-outil-de-suivi-des-depenses-de-consommation-rbc\">\n\t\t\t\t\t\t\t\t\t\t<a target=\"_self\" href=\"https:\/\/www.rbc.com\/fr\/economique\/analyse-pour-le-canada\/outil-de-suivi-des-depenses-de-consommation-rbc\/les-depenses-des-titulaires-de-cartes-rbc-canadiens-ralentissent-en-janvier-apres-la-ruee-des-fetes\/\">\n\t\t\t\t\t\t\t\t\t\t\t<div>\n\t\t\t\t\t\t\t\t\t\t\t\t\t\t\t\t\t\t\t\t\t\t\t\t\t<div class=\"mar-b resources-by-category-image-container\" style=\"background-image:url('https:\/\/www.rbc.com\/fr\/economique\/wp-content\/uploads\/sites\/24\/\/2025\/05\/Cons-sp.png?quality=80&#038;w=1024)\"><\/div>\n\t\t\t\t\t\t\t\t\t\t\t\t\t\t\t\t\t\t\t\t\t\t\t\t<div>\n\t\t\t\t\t\t\t\t\t\t\t\t\t\t\t\t\t\t\t\t\t\t\t\t\t\t<div class=\"resources-by-category-card-content\">\n\t\t\t\t\t\t\t\t\t\t\t\t\t\t<h4 class=\"mar-b-hlf mar-t-0 truncate-third-line\">Les d\u00e9penses des titulaires de cartes\u00a0RBC canadiens ralentissent en janvier apr\u00e8s la ru\u00e9e des F\u00eates<\/h4>\n\t\t\t\t\t\t\t\t\t\t\t\t\t\t\t\t\t\t\t\t\t\t\t\t\t\t\t\t\t<p class=\"post-date\">12 f\u00e9vrier 2026<\/p>\n\t\t\t\t\t\t\t\t\t\t\t\t\t\t\t\t\t\t\t\t\t\t\t\t\t\t\t\t\t\t\t\t\t\t\t\t\t\t\t\t\t\t\t\t\t\t\t\t\t\t\t\t\t\t\t<\/div>\n\t\t\t\t\t\t\t\t\t\t\t\t<\/div>\n\t\t\t\t\t\t\t\t\t\t\t<\/div>\n\t\t\t\t\t\t\t\t\t\t<\/a>\n\t\t\t\t\t\t\t\t\t<\/article>\n\t\t\t\t\t\t\t\t\t\t\t\t\t\t\t\t\t<article id=\"post-4267\" class=\"carousel-item col-4 resources-by-category-card post-4267 post type-post status-publish format-standard has-post-thumbnail hentry category-analyse-pour-le-canada category-outil-de-suivi-des-depenses-de-consommation-rbc\">\n\t\t\t\t\t\t\t\t\t\t<a target=\"_self\" href=\"https:\/\/www.rbc.com\/fr\/economique\/analyse-pour-le-canada\/outil-de-suivi-des-depenses-de-consommation-rbc\/les-promotions-des-fetes-stimulent-les-depenses-des-titulaires-canadiens-de-cartes-de-rbc\/\">\n\t\t\t\t\t\t\t\t\t\t\t<div>\n\t\t\t\t\t\t\t\t\t\t\t\t\t\t\t\t\t\t\t\t\t\t\t\t\t<div class=\"mar-b resources-by-category-image-container\" style=\"background-image:url('https:\/\/www.rbc.com\/fr\/economique\/wp-content\/uploads\/sites\/24\/\/2025\/05\/Cons-sp.png?quality=80&#038;w=1024)\"><\/div>\n\t\t\t\t\t\t\t\t\t\t\t\t\t\t\t\t\t\t\t\t\t\t\t\t<div>\n\t\t\t\t\t\t\t\t\t\t\t\t\t\t\t\t\t\t\t\t\t\t\t\t\t\t<div class=\"resources-by-category-card-content\">\n\t\t\t\t\t\t\t\t\t\t\t\t\t\t<h4 class=\"mar-b-hlf mar-t-0 truncate-third-line\">Les promotions des F\u00eates stimulent les d\u00e9penses des titulaires canadiens de cartes de RBC<\/h4>\n\t\t\t\t\t\t\t\t\t\t\t\t\t\t\t\t\t\t\t\t\t\t\t\t\t\t\t\t\t<p class=\"post-date\">14 janvier 2026<\/p>\n\t\t\t\t\t\t\t\t\t\t\t\t\t\t\t\t\t\t\t\t\t\t\t\t\t\t\t\t\t\t\t\t\t\t\t\t\t\t\t\t\t\t\t\t\t\t\t\t\t\t\t\t\t\t\t<\/div>\n\t\t\t\t\t\t\t\t\t\t\t\t<\/div>\n\t\t\t\t\t\t\t\t\t\t\t<\/div>\n\t\t\t\t\t\t\t\t\t\t<\/a>\n\t\t\t\t\t\t\t\t\t<\/article>\n\t\t\t\t\t\t\t\t\t\t\t\t\t\t\t\t\t<article id=\"post-4273\" class=\"carousel-item col-4 resources-by-category-card post-4273 post type-post status-publish format-standard has-post-thumbnail hentry category-analyse-pour-le-canada category-outil-de-suivi-des-depenses-de-consommation-rbc\">\n\t\t\t\t\t\t\t\t\t\t<a target=\"_self\" href=\"https:\/\/www.rbc.com\/fr\/economique\/analyse-pour-le-canada\/outil-de-suivi-des-depenses-de-consommation-rbc\/la-demande-de-biens-et-daubaines-pendant-les-fetes-fait-grimper-les-depenses-des-titulaires-canadiens-de-carte-de-rbc\/\">\n\t\t\t\t\t\t\t\t\t\t\t<div>\n\t\t\t\t\t\t\t\t\t\t\t\t\t\t\t\t\t\t\t\t\t\t\t\t\t<div class=\"mar-b resources-by-category-image-container\" style=\"background-image:url('https:\/\/www.rbc.com\/fr\/economique\/wp-content\/uploads\/sites\/24\/\/2025\/05\/Cons-sp.png?quality=80&#038;w=1024)\"><\/div>\n\t\t\t\t\t\t\t\t\t\t\t\t\t\t\t\t\t\t\t\t\t\t\t\t<div>\n\t\t\t\t\t\t\t\t\t\t\t\t\t\t\t\t\t\t\t\t\t\t\t\t\t\t<div class=\"resources-by-category-card-content\">\n\t\t\t\t\t\t\t\t\t\t\t\t\t\t<h4 class=\"mar-b-hlf mar-t-0 truncate-third-line\">La demande de biens et d\u2019aubaines pendant les f\u00eates fait grimper les d\u00e9penses des titulaires canadiens de carte de RBC<\/h4>\n\t\t\t\t\t\t\t\t\t\t\t\t\t\t\t\t\t\t\t\t\t\t\t\t\t\t\t\t\t<p class=\"post-date\">16 d\u00e9cembre 2025<\/p>\n\t\t\t\t\t\t\t\t\t\t\t\t\t\t\t\t\t\t\t\t\t\t\t\t\t\t\t\t\t\t\t\t\t\t\t\t\t\t\t\t\t\t\t\t\t\t\t\t\t\t\t\t\t\t\t<\/div>\n\t\t\t\t\t\t\t\t\t\t\t\t<\/div>\n\t\t\t\t\t\t\t\t\t\t\t<\/div>\n\t\t\t\t\t\t\t\t\t\t<\/a>\n\t\t\t\t\t\t\t\t\t<\/article>\n\t\t\t\t\t\t\t\t\t\t\t\t\t\t\t\t\t<article id=\"post-4283\" class=\"carousel-item col-4 resources-by-category-card post-4283 post type-post status-publish format-standard has-post-thumbnail hentry category-analyse-pour-le-canada category-outil-de-suivi-des-depenses-de-consommation-rbc\">\n\t\t\t\t\t\t\t\t\t\t<a target=\"_self\" href=\"https:\/\/www.rbc.com\/fr\/economique\/analyse-pour-le-canada\/outil-de-suivi-des-depenses-de-consommation-rbc\/les-titulaires-de-cartes-rbc-poursuivent-leurs-depenses-dynamiques-les-blue-jays-stimulant-le-divertissement\/\">\n\t\t\t\t\t\t\t\t\t\t\t<div>\n\t\t\t\t\t\t\t\t\t\t\t\t\t\t\t\t\t\t\t\t\t\t\t\t\t<div class=\"mar-b resources-by-category-image-container\" style=\"background-image:url('https:\/\/www.rbc.com\/fr\/economique\/wp-content\/uploads\/sites\/24\/\/2025\/05\/Cons-sp.png?quality=80&#038;w=1024)\"><\/div>\n\t\t\t\t\t\t\t\t\t\t\t\t\t\t\t\t\t\t\t\t\t\t\t\t<div>\n\t\t\t\t\t\t\t\t\t\t\t\t\t\t\t\t\t\t\t\t\t\t\t\t\t\t<div class=\"resources-by-category-card-content\">\n\t\t\t\t\t\t\t\t\t\t\t\t\t\t<h4 class=\"mar-b-hlf mar-t-0 truncate-third-line\">Les titulaires de cartes RBC poursuivent leurs d\u00e9penses dynamiques, les Blue Jays stimulant le divertissement<\/h4>\n\t\t\t\t\t\t\t\t\t\t\t\t\t\t\t\t\t\t\t\t\t\t\t\t\t\t\t\t\t<p class=\"post-date\">12 novembre 2025<\/p>\n\t\t\t\t\t\t\t\t\t\t\t\t\t\t\t\t\t\t\t\t\t\t\t\t\t\t\t\t\t\t\t\t\t\t\t\t\t\t\t\t\t\t\t\t\t\t\t\t\t\t\t\t\t\t\t<\/div>\n\t\t\t\t\t\t\t\t\t\t\t\t<\/div>\n\t\t\t\t\t\t\t\t\t\t\t<\/div>\n\t\t\t\t\t\t\t\t\t\t<\/a>\n\t\t\t\t\t\t\t\t\t<\/article>\n\t\t\t\t\t\t\t\t\t\t\t\t\t\t\t<\/div>\n\t\t\t\t\t\t\t\t<\/div>\n\t\t<\/div>\n\n\t\t\n\n\n\t\t<div class=\"mar-b mob-mar-b-hlf wp-block-rbc-resources-by-category\">\n\t\t\t<div class=\"carousel-wpr top-controls rbc-resources-by-category-slider\" role=\"region\" aria-label=\"Carousel with 6slides\" data-per-page=6 data-visible-slide=\"3\" data-infinite-loop=\"true\">\n\t\t\t\t\t\t\t<\/div>\n\t\t<\/div>\n\n\t\t\n\n\n<h2 class=\"wp-block-heading mob-mar-b-hlf mar-b-hlf mar-t-dbl mob-mar-t\" id=\"h-previsions-provinciales-et-budgetaires\"><a href=\"https:\/\/www.rbc.com\/fr\/economique\/analyse-pour-le-canada\/previsions-provinciales-et-budgetaires\/\" data-dig-id=\"LP-1788-960289cc\" data-dig-category=\"LP\" data-dig-action=\"link click\" data-dig-label=\"Pr\u00e9visions provinciales et budg\u00e9taires\" class=\"rbc-link-format\">Pr\u00e9visions provinciales et budg\u00e9taires<\/a><\/h2>\n\n\n\n\t\t<div class=\"wp-block-rbc-resources-by-category\">\n\t\t\t<div class=\"carousel-wpr top-controls rbc-resources-by-category-slider\" role=\"region\" aria-label=\"Carousel with 6slides\" data-per-page=6 data-visible-slide=\"3\" data-infinite-loop=\"true\">\n\t\t\t\t\t\t\t\t\t\t<div class=\"carousel-ctrl display-ctrl\">\n\t\t\t\t\t\t\t<div class=\"carousel-indicators\">\n\t\t\t\t\t\t\t\t<ul class=\"slick-dots\">\n\t\t\t\t\t\t\t\t\t\t\t\t\t\t\t\t\t\t\t<li class=\"slick-active\"><button type=\"button\"><\/button><\/li>\n\t\t\t\t\t\t\t\t\t\t\t\t\t\t\t\t\t\t\t<li class=\"\"><button type=\"button\"><\/button><\/li>\n\t\t\t\t\t\t\t\t\t\t\t\t\t\t\t\t\t\t\t<li class=\"\"><button type=\"button\"><\/button><\/li>\n\t\t\t\t\t\t\t\t\t\t\t\t\t\t\t\t\t\t\t<li class=\"\"><button type=\"button\"><\/button><\/li>\n\t\t\t\t\t\t\t\t\t\t\t\t\t\t\t\t\t\t\t<li class=\"\"><button type=\"button\"><\/button><\/li>\n\t\t\t\t\t\t\t\t\t\t\t\t\t\t\t\t\t\t\t<li class=\"\"><button type=\"button\"><\/button><\/li>\n\t\t\t\t\t\t\t\t\t\t\t\t\t\t\t\t\t<\/ul>\n\t\t\t\t\t\t\t<\/div>\n\t\t\t\t\t\t\t<button class=\"carousel-prev slick-arrow\"><\/button>\n\t\t\t\t\t\t\t<button class=\"carousel-next slick-arrow\"><\/button>\n\t\t\t\t\t\t<\/div>\n\t\t\t\t\t\t\t<div class=\"col-wpr carousel-inner slick-initialized\">\n\t\t\t\t\t\t\t\t\t\t\t\t\t\t\t<article id=\"post-4777\" class=\"carousel-item col-4 resources-by-category-card post-4777 post type-post status-publish format-standard has-post-thumbnail hentry category-analyse-du-budget category-analyse-pour-le-canada category-previsions-provinciales-et-budgetaires tag-budget tag-canada tag-economie\">\n\t\t\t\t\t\t\t\t\t\t<a target=\"_self\" href=\"https:\/\/www.rbc.com\/fr\/economique\/analyse-pour-le-canada\/previsions-provinciales-et-budgetaires\/analyse-du-budget\/axee-sur-la-croissance-alimentee-par-le-deficit-maintien-de-la-strategie-federale-dans-la-mise-a-jour-de-2026\/\">\n\t\t\t\t\t\t\t\t\t\t\t<div>\n\t\t\t\t\t\t\t\t\t\t\t\t\t\t\t\t\t\t\t\t\t\t\t\t\t<div class=\"mar-b resources-by-category-image-container\" style=\"background-image:url('https:\/\/www.rbc.com\/fr\/economique\/wp-content\/uploads\/sites\/24\/2025\/10\/budget-prev-banner.png?quality=80&#038;w=1024)\"><\/div>\n\t\t\t\t\t\t\t\t\t\t\t\t\t\t\t\t\t\t\t\t\t\t\t\t<div>\n\t\t\t\t\t\t\t\t\t\t\t\t\t\t\t\t\t\t\t\t\t\t\t\t\t\t<div class=\"resources-by-category-card-content\">\n\t\t\t\t\t\t\t\t\t\t\t\t\t\t<h4 class=\"mar-b-hlf mar-t-0 truncate-third-line\">Ax\u00e9e sur la croissance, aliment\u00e9e par le d\u00e9ficit : maintien de la strat\u00e9gie f\u00e9d\u00e9rale dans la mise \u00e0 jour de 2026<\/h4>\n\t\t\t\t\t\t\t\t\t\t\t\t\t\t\t\t\t\t\t\t\t\t\t\t\t\t\t\t\t<p class=\"post-date\">28 avril 2026<\/p>\n\t\t\t\t\t\t\t\t\t\t\t\t\t\t\t\t\t\t\t\t\t\t\t\t\t\t\t\t\t\t\t\t\t\t\t\t\t\t\t\t\t\t\t\t\t\t\t\t\t\t\t\t\t\t\t<\/div>\n\t\t\t\t\t\t\t\t\t\t\t\t<\/div>\n\t\t\t\t\t\t\t\t\t\t\t<\/div>\n\t\t\t\t\t\t\t\t\t\t<\/a>\n\t\t\t\t\t\t\t\t\t<\/article>\n\t\t\t\t\t\t\t\t\t\t\t\t\t\t\t\t\t<article id=\"post-4716\" class=\"carousel-item col-4 resources-by-category-card post-4716 post type-post status-publish format-standard has-post-thumbnail hentry category-analyse-pour-le-canada category-previsions-provinciales-et-budgetaires tag-canada tag-economie\">\n\t\t\t\t\t\t\t\t\t\t<a target=\"_self\" href=\"https:\/\/www.rbc.com\/fr\/economique\/analyse-pour-le-canada\/previsions-provinciales-et-budgetaires\/tour-dhorizon-budgetaire-les-provinces-accentuent-le-deficit-avant-la-mise-a-jour-federale\/\">\n\t\t\t\t\t\t\t\t\t\t\t<div>\n\t\t\t\t\t\t\t\t\t\t\t\t\t\t\t\t\t\t\t\t\t\t\t\t\t<div class=\"mar-b resources-by-category-image-container\" style=\"background-image:url('https:\/\/www.rbc.com\/fr\/economique\/wp-content\/uploads\/sites\/24\/\/2025\/06\/Generic-Compressed.png?quality=80&#038;w=1024)\"><\/div>\n\t\t\t\t\t\t\t\t\t\t\t\t\t\t\t\t\t\t\t\t\t\t\t\t<div>\n\t\t\t\t\t\t\t\t\t\t\t\t\t\t\t\t\t\t\t\t\t\t\t\t\t\t<div class=\"resources-by-category-card-content\">\n\t\t\t\t\t\t\t\t\t\t\t\t\t\t<h4 class=\"mar-b-hlf mar-t-0 truncate-third-line\">Tour d\u2019horizon budg\u00e9taire : Les provinces accentuent le d\u00e9ficit avant la mise \u00e0 jour f\u00e9d\u00e9rale<\/h4>\n\t\t\t\t\t\t\t\t\t\t\t\t\t\t\t\t\t\t\t\t\t\t\t\t\t\t\t\t\t<p class=\"post-date\">24 avril 2026<\/p>\n\t\t\t\t\t\t\t\t\t\t\t\t\t\t\t\t\t\t\t\t\t\t\t\t\t\t\t\t\t\t\t\t\t\t\t\t\t\t\t\t\t\t\t\t\t\t\t\t\t\t\t\t\t\t\t<\/div>\n\t\t\t\t\t\t\t\t\t\t\t\t<\/div>\n\t\t\t\t\t\t\t\t\t\t\t<\/div>\n\t\t\t\t\t\t\t\t\t\t<\/a>\n\t\t\t\t\t\t\t\t\t<\/article>\n\t\t\t\t\t\t\t\t\t\t\t\t\t\t\t\t\t<article id=\"post-4337\" class=\"carousel-item col-4 resources-by-category-card post-4337 post type-post status-publish format-standard has-post-thumbnail hentry category-analyse-pour-le-canada category-budgets-provinciaux-et-enonces-economiques category-previsions-provinciales-et-budgetaires\">\n\t\t\t\t\t\t\t\t\t\t<a target=\"_self\" href=\"https:\/\/www.rbc.com\/fr\/economique\/analyse-pour-le-canada\/previsions-provinciales-et-budgetaires\/budgets-provinciaux-et-enonces-economiques\/budget-2026-de-lontario-retour-a-lequilibre-budgetaire-retarde\/\">\n\t\t\t\t\t\t\t\t\t\t\t<div>\n\t\t\t\t\t\t\t\t\t\t\t\t\t\t\t\t\t\t\t\t\t\t\t\t\t<div class=\"mar-b resources-by-category-image-container\" style=\"background-image:url('https:\/\/www.rbc.com\/fr\/economique\/wp-content\/uploads\/sites\/24\/2026\/03\/Budg-ON-2026-BG.png?quality=80&#038;w=1024)\"><\/div>\n\t\t\t\t\t\t\t\t\t\t\t\t\t\t\t\t\t\t\t\t\t\t\t\t<div>\n\t\t\t\t\t\t\t\t\t\t\t\t\t\t\t\t\t\t\t\t\t\t\t\t\t\t<div class=\"resources-by-category-card-content\">\n\t\t\t\t\t\t\t\t\t\t\t\t\t\t<h4 class=\"mar-b-hlf mar-t-0 truncate-third-line\">Budget 2026 de l\u2019Ontario : Retour \u00e0 l\u2019\u00e9quilibre budg\u00e9taire retard\u00e9<\/h4>\n\t\t\t\t\t\t\t\t\t\t\t\t\t\t\t\t\t\t\t\t\t\t\t\t\t\t\t\t\t<p class=\"post-date\">26 mars 2026<\/p>\n\t\t\t\t\t\t\t\t\t\t\t\t\t\t\t\t\t\t\t\t\t\t\t\t\t\t\t\t\t\t\t\t\t\t\t\t\t\t\t\t\t\t\t\t\t\t\t\t\t\t\t\t\t\t\t<\/div>\n\t\t\t\t\t\t\t\t\t\t\t\t<\/div>\n\t\t\t\t\t\t\t\t\t\t\t<\/div>\n\t\t\t\t\t\t\t\t\t\t<\/a>\n\t\t\t\t\t\t\t\t\t<\/article>\n\t\t\t\t\t\t\t\t\t\t\t\t\t\t\t\t\t<article id=\"post-4316\" class=\"carousel-item col-4 resources-by-category-card post-4316 post type-post status-publish format-standard has-post-thumbnail hentry category-analyse-pour-le-canada category-budgets-provinciaux-et-enonces-economiques category-previsions-provinciales-et-budgetaires\">\n\t\t\t\t\t\t\t\t\t\t<a target=\"_self\" href=\"https:\/\/www.rbc.com\/fr\/economique\/analyse-pour-le-canada\/previsions-provinciales-et-budgetaires\/budgets-provinciaux-et-enonces-economiques\/budget-2026-du-manitoba-la-trajectoire-vers-lequilibre-budgetaire-est-maintenue-malgre-les-surprises-negatives-pendant-lannee\/\">\n\t\t\t\t\t\t\t\t\t\t\t<div>\n\t\t\t\t\t\t\t\t\t\t\t\t\t\t\t\t\t\t\t\t\t\t\t\t\t<div class=\"mar-b resources-by-category-image-container\" style=\"background-image:url('https:\/\/www.rbc.com\/fr\/economique\/wp-content\/uploads\/sites\/24\/2026\/03\/MB-budg-BAnner-2026.png?quality=80&#038;w=1024)\"><\/div>\n\t\t\t\t\t\t\t\t\t\t\t\t\t\t\t\t\t\t\t\t\t\t\t\t<div>\n\t\t\t\t\t\t\t\t\t\t\t\t\t\t\t\t\t\t\t\t\t\t\t\t\t\t<div class=\"resources-by-category-card-content\">\n\t\t\t\t\t\t\t\t\t\t\t\t\t\t<h4 class=\"mar-b-hlf mar-t-0 truncate-third-line\">Budget 2026 du Manitoba : la trajectoire vers l\u2019\u00e9quilibre budg\u00e9taire est maintenue malgr\u00e9 les surprises n\u00e9gatives pendant l\u2019ann\u00e9e<\/h4>\n\t\t\t\t\t\t\t\t\t\t\t\t\t\t\t\t\t\t\t\t\t\t\t\t\t\t\t\t\t<p class=\"post-date\">24 mars 2026<\/p>\n\t\t\t\t\t\t\t\t\t\t\t\t\t\t\t\t\t\t\t\t\t\t\t\t\t\t\t\t\t\t\t\t\t\t\t\t\t\t\t\t\t\t\t\t\t\t\t\t\t\t\t\t\t\t\t<\/div>\n\t\t\t\t\t\t\t\t\t\t\t\t<\/div>\n\t\t\t\t\t\t\t\t\t\t\t<\/div>\n\t\t\t\t\t\t\t\t\t\t<\/a>\n\t\t\t\t\t\t\t\t\t<\/article>\n\t\t\t\t\t\t\t\t\t\t\t\t\t\t\t\t\t<article id=\"post-4190\" class=\"carousel-item col-4 resources-by-category-card post-4190 post type-post status-publish format-standard has-post-thumbnail hentry category-analyse-pour-le-canada category-budgets-provinciaux-et-enonces-economiques category-previsions-provinciales-et-budgetaires\">\n\t\t\t\t\t\t\t\t\t\t<a target=\"_self\" href=\"https:\/\/www.rbc.com\/fr\/economique\/analyse-pour-le-canada\/previsions-provinciales-et-budgetaires\/budgets-provinciaux-et-enonces-economiques\/budget-2026-de-la-saskatchewan-le-long-chemin-de-lequilibre-budgetaire\/\">\n\t\t\t\t\t\t\t\t\t\t\t<div>\n\t\t\t\t\t\t\t\t\t\t\t\t\t\t\t\t\t\t\t\t\t\t\t\t\t<div class=\"mar-b resources-by-category-image-container\" style=\"background-image:url('https:\/\/www.rbc.com\/fr\/economique\/wp-content\/uploads\/sites\/24\/2026\/03\/Sask-Budg-2026-Banner-1.png?quality=80&#038;w=1024)\"><\/div>\n\t\t\t\t\t\t\t\t\t\t\t\t\t\t\t\t\t\t\t\t\t\t\t\t<div>\n\t\t\t\t\t\t\t\t\t\t\t\t\t\t\t\t\t\t\t\t\t\t\t\t\t\t<div class=\"resources-by-category-card-content\">\n\t\t\t\t\t\t\t\t\t\t\t\t\t\t<h4 class=\"mar-b-hlf mar-t-0 truncate-third-line\">Budget 2026 de la Saskatchewan : Le long chemin de l\u2019\u00e9quilibre budg\u00e9taire<\/h4>\n\t\t\t\t\t\t\t\t\t\t\t\t\t\t\t\t\t\t\t\t\t\t\t\t\t\t\t\t\t<p class=\"post-date\">19 mars 2026<\/p>\n\t\t\t\t\t\t\t\t\t\t\t\t\t\t\t\t\t\t\t\t\t\t\t\t\t\t\t\t\t\t\t\t\t\t\t\t\t\t\t\t\t\t\t\t\t\t\t\t\t\t\t\t\t\t\t<\/div>\n\t\t\t\t\t\t\t\t\t\t\t\t<\/div>\n\t\t\t\t\t\t\t\t\t\t\t<\/div>\n\t\t\t\t\t\t\t\t\t\t<\/a>\n\t\t\t\t\t\t\t\t\t<\/article>\n\t\t\t\t\t\t\t\t\t\t\t\t\t\t\t\t\t<article id=\"post-4128\" class=\"carousel-item col-4 resources-by-category-card post-4128 post type-post status-publish format-standard has-post-thumbnail hentry category-analyse-pour-le-canada category-budgets-provinciaux-et-enonces-economiques category-previsions-provinciales-et-budgetaires\">\n\t\t\t\t\t\t\t\t\t\t<a target=\"_self\" href=\"https:\/\/www.rbc.com\/fr\/economique\/analyse-pour-le-canada\/previsions-provinciales-et-budgetaires\/budgets-provinciaux-et-enonces-economiques\/budget-2026-du-nouveau-brunswick-lere-des-deficits-profonds\/\">\n\t\t\t\t\t\t\t\t\t\t\t<div>\n\t\t\t\t\t\t\t\t\t\t\t\t\t\t\t\t\t\t\t\t\t\t\t\t\t<div class=\"mar-b resources-by-category-image-container\" style=\"background-image:url('https:\/\/www.rbc.com\/fr\/economique\/wp-content\/uploads\/sites\/24\/2026\/03\/Budget-NB-Banner-Web.png?quality=80&#038;w=1024)\"><\/div>\n\t\t\t\t\t\t\t\t\t\t\t\t\t\t\t\t\t\t\t\t\t\t\t\t<div>\n\t\t\t\t\t\t\t\t\t\t\t\t\t\t\t\t\t\t\t\t\t\t\t\t\t\t<div class=\"resources-by-category-card-content\">\n\t\t\t\t\t\t\t\t\t\t\t\t\t\t<h4 class=\"mar-b-hlf mar-t-0 truncate-third-line\">Budget 2026 du Nouveau-Brunswick : L\u2019\u00e8re des d\u00e9ficits profonds<\/h4>\n\t\t\t\t\t\t\t\t\t\t\t\t\t\t\t\t\t\t\t\t\t\t\t\t\t\t\t\t\t<p class=\"post-date\">18 mars 2026<\/p>\n\t\t\t\t\t\t\t\t\t\t\t\t\t\t\t\t\t\t\t\t\t\t\t\t\t\t\t\t\t\t\t\t\t\t\t\t\t\t\t\t\t\t\t\t\t\t\t\t\t\t\t\t\t\t\t<\/div>\n\t\t\t\t\t\t\t\t\t\t\t\t<\/div>\n\t\t\t\t\t\t\t\t\t\t\t<\/div>\n\t\t\t\t\t\t\t\t\t\t<\/a>\n\t\t\t\t\t\t\t\t\t<\/article>\n\t\t\t\t\t\t\t\t\t\t\t\t\t\t\t<\/div>\n\t\t\t\t\t\t\t\t<\/div>\n\t\t<\/div>\n\n\t\t\n\n\n\t\t<div class=\"mar-b mob-mar-b-hlf wp-block-rbc-resources-by-category\">\n\t\t\t<div class=\"carousel-wpr top-controls rbc-resources-by-category-slider\" role=\"region\" aria-label=\"Carousel with 6slides\" data-per-page=6 data-visible-slide=\"3\" data-infinite-loop=\"true\">\n\t\t\t\t\t\t\t<\/div>\n\t\t<\/div>\n\n\t\t<\/div>\n<\/section>\n\n\n\n<div class=\"wp-block-group is-layout-constrained wp-block-group-is-layout-constrained\" style=\"border-radius:0px\">\n<div class=\"wp-block-group alignfull pad-t-dbl pad-b-dbl mob-pad-t-dbl mob-pad-b-dbl has-background is-layout-constrained wp-block-group-is-layout-constrained\" style=\"background-color:#f3f7f8\">\n<h2 class=\"wp-block-heading has-text-align-center\" id=\"h-obtenir-des-mises-a-jour-par-courriel-des-services-economiques-rbc\" style=\"margin-bottom:16px\">Obtenir des mises \u00e0 jour par courriel des Services \u00e9conomiques RBC<\/h2>\n\n\n\n<div class=\"wp-block-group mar-b-hlf mob-mar-b-hlf is-layout-constrained wp-container-core-group-is-layout-bea02a06 wp-block-group-is-layout-constrained\">\n<p class=\"has-text-align-center\" style=\"margin-bottom:16px\">Lorsque vous \u00eates abonn\u00e9 \u00e0 nos publications, vous recevez un courriel d&rsquo;alerte contenant un lien d\u00e8s que cette publication est accessible sur le site Web des Services \u00e9conomiques RBC.<\/p>\n<\/div>\n\n\n\n<div class=\"wp-block-buttons is-content-justification-center is-layout-flex wp-container-core-buttons-is-layout-a89b3969 wp-block-buttons-is-layout-flex\"><div>\n<div class=\"wp-block-button  is-style-primary primary btn before\"><a class=\"wp-block-button__link wp-element-button\" href=\"https:\/\/www.rbc.com\/economie-subscriber\/index.html\" target=\"_blank\" rel=\"noreferrer noopener\" data-dig-id=\"LP-1784-48359813\" data-dig-category=\"LP\" data-dig-action=\"button click\" data-dig-label=\"S'incrire-https:\/\/www.rbc.com\/economie-subscriber\/index.html \">S&rsquo;incrire<\/a><\/div>\n<\/div><\/div>\n\n\n\n<div class=\"wp-block-group mar-t mob-mar-t is-layout-constrained wp-container-core-group-is-layout-830598b8 wp-block-group-is-layout-constrained\">\n<div class=\"wp-block-group pad-t mob-pad-t is-content-justification-center is-nowrap is-layout-flex wp-container-core-group-is-layout-f34c8a65 wp-block-group-is-layout-flex\" style=\"border-radius:0px;border-top-color:#d6dee2;border-top-width:1px\">\n<figure class=\"wp-block-image size-thumbnail\"><img decoding=\"async\" src=\"https:\/\/www.rbc.com\/fr\/economique\/wp-content\/uploads\/sites\/24\/2025\/10\/linkedin-md.svg?quality=80&amp;w=150&amp;h=150&amp;crop=1\" alt=\"\" class=\"wp-image-1862\" \/><\/figure>\n\n\n\n<p class=\"has-text-align-center has-text-color has-link-color wp-elements-d8214c1208304a04b79205f3787c1e5d\" style=\"color:#585858\"><a href=\"https:\/\/www.linkedin.com\/company\/105623259\" target=\"_blank\" data-dig-id=\"LP-3412-81ea95e3\" data-dig-category=\"LP\" data-dig-action=\"link click\" data-dig-label=\"Suivez RBC \u00c9conomique sur LinkedIn\" rel=\"noreferrer noopener\" class=\"rbc-link-format\">Suivez RBC \u00c9conomique sur LinkedIn<\/a><\/p>\n<\/div>\n<\/div>\n<\/div>\n<\/div>\n","protected":false},"excerpt":{"rendered":"","protected":false},"author":124,"featured_media":0,"parent":0,"menu_order":0,"comment_status":"closed","ping_status":"closed","template":"","meta":{"_acf_changed":false,"advgb_blocks_editor_width":"","advgb_blocks_columns_visual_guide":"","footnotes":""},"class_list":["post-1788","page","type-page","status-publish","hentry"],"acf":[],"yoast_head":"<!-- This site is optimized with the Yoast SEO Premium plugin v27.4 (Yoast SEO v27.4) - https:\/\/yoast.com\/product\/yoast-seo-premium-wordpress\/ -->\n<title>Analyse pour le Canada - RBC Economique<\/title>\n<meta name=\"robots\" content=\"index, follow, max-snippet:-1, max-image-preview:large, max-video-preview:-1\" \/>\n<link rel=\"canonical\" href=\"https:\/\/www.rbc.com\/fr\/economique\/analyse-pour-le-canada\/\" \/>\n<meta property=\"og:locale\" content=\"fr_FR\" \/>\n<meta property=\"og:type\" content=\"article\" \/>\n<meta property=\"og:title\" content=\"Analyse pour le Canada\" \/>\n<meta property=\"og:url\" content=\"https:\/\/www.rbc.com\/fr\/economique\/analyse-pour-le-canada\/\" \/>\n<meta property=\"og:site_name\" content=\"RBC Economique\" \/>\n<meta property=\"article:modified_time\" content=\"2026-05-01T14:10:04+00:00\" \/>\n<meta property=\"og:image\" content=\"https:\/\/www.rbc.com\/fr\/economique\/wp-content\/uploads\/sites\/24\/\/2025\/06\/OIL2-compressed.png?quality=80&amp;w=1024\" \/>\n<meta name=\"twitter:card\" content=\"summary_large_image\" \/>\n<meta name=\"twitter:label1\" content=\"Est. reading time\" \/>\n\t<meta name=\"twitter:data1\" content=\"3 minutes\" \/>\n<script type=\"application\/ld+json\" class=\"yoast-schema-graph\">{\"@context\":\"https:\\\/\\\/schema.org\",\"@graph\":[{\"@type\":\"WebPage\",\"@id\":\"https:\\\/\\\/www.rbc.com\\\/fr\\\/economique\\\/analyse-pour-le-canada\\\/\",\"url\":\"https:\\\/\\\/www.rbc.com\\\/fr\\\/economique\\\/analyse-pour-le-canada\\\/\",\"name\":\"Analyse pour le Canada - RBC Economique\",\"isPartOf\":{\"@id\":\"https:\\\/\\\/www.rbc.com\\\/fr\\\/economique\\\/#website\"},\"primaryImageOfPage\":{\"@id\":\"https:\\\/\\\/www.rbc.com\\\/fr\\\/economique\\\/analyse-pour-le-canada\\\/#primaryimage\"},\"image\":{\"@id\":\"https:\\\/\\\/www.rbc.com\\\/fr\\\/economique\\\/analyse-pour-le-canada\\\/#primaryimage\"},\"thumbnailUrl\":\"https:\\\/\\\/www.rbc.com\\\/fr\\\/economique\\\/wp-content\\\/uploads\\\/sites\\\/24\\\/\\\/2025\\\/06\\\/OIL2-compressed.png?quality=80&amp;w=1024\",\"datePublished\":\"2025-10-06T18:27:42+00:00\",\"dateModified\":\"2026-05-01T14:10:04+00:00\",\"breadcrumb\":{\"@id\":\"https:\\\/\\\/www.rbc.com\\\/fr\\\/economique\\\/analyse-pour-le-canada\\\/#breadcrumb\"},\"inLanguage\":\"fr-FR\",\"potentialAction\":[{\"@type\":\"ReadAction\",\"target\":[\"https:\\\/\\\/www.rbc.com\\\/fr\\\/economique\\\/analyse-pour-le-canada\\\/\"]}]},{\"@type\":\"ImageObject\",\"inLanguage\":\"fr-FR\",\"@id\":\"https:\\\/\\\/www.rbc.com\\\/fr\\\/economique\\\/analyse-pour-le-canada\\\/#primaryimage\",\"url\":\"https:\\\/\\\/www.rbc.com\\\/fr\\\/economique\\\/wp-content\\\/uploads\\\/sites\\\/24\\\/\\\/2025\\\/06\\\/OIL2-compressed.png?quality=80&amp;w=1024\",\"contentUrl\":\"https:\\\/\\\/www.rbc.com\\\/fr\\\/economique\\\/wp-content\\\/uploads\\\/sites\\\/24\\\/\\\/2025\\\/06\\\/OIL2-compressed.png?quality=80&amp;w=1024\"},{\"@type\":\"BreadcrumbList\",\"@id\":\"https:\\\/\\\/www.rbc.com\\\/fr\\\/economique\\\/analyse-pour-le-canada\\\/#breadcrumb\",\"itemListElement\":[{\"@type\":\"ListItem\",\"position\":1,\"name\":\"Home\",\"item\":\"https:\\\/\\\/www.rbc.com\\\/fr\\\/economique\\\/\"},{\"@type\":\"ListItem\",\"position\":2,\"name\":\"Analyse pour le Canada\"}]},{\"@type\":\"WebSite\",\"@id\":\"https:\\\/\\\/www.rbc.com\\\/fr\\\/economique\\\/#website\",\"url\":\"https:\\\/\\\/www.rbc.com\\\/fr\\\/economique\\\/\",\"name\":\"RBC Economique\",\"description\":\"\",\"potentialAction\":[{\"@type\":\"SearchAction\",\"target\":{\"@type\":\"EntryPoint\",\"urlTemplate\":\"https:\\\/\\\/www.rbc.com\\\/fr\\\/economique\\\/?s={search_term_string}\"},\"query-input\":{\"@type\":\"PropertyValueSpecification\",\"valueRequired\":true,\"valueName\":\"search_term_string\"}}],\"inLanguage\":\"fr-FR\"}]}<\/script>\n<!-- \/ Yoast SEO Premium plugin. -->","yoast_head_json":{"title":"Analyse pour le Canada - RBC Economique","robots":{"index":"index","follow":"follow","max-snippet":"max-snippet:-1","max-image-preview":"max-image-preview:large","max-video-preview":"max-video-preview:-1"},"canonical":"https:\/\/www.rbc.com\/fr\/economique\/analyse-pour-le-canada\/","og_locale":"fr_FR","og_type":"article","og_title":"Analyse pour le Canada","og_url":"https:\/\/www.rbc.com\/fr\/economique\/analyse-pour-le-canada\/","og_site_name":"RBC Economique","article_modified_time":"2026-05-01T14:10:04+00:00","og_image":[{"url":"https:\/\/www.rbc.com\/fr\/economique\/wp-content\/uploads\/sites\/24\/\/2025\/06\/OIL2-compressed.png?quality=80&amp;w=1024","type":"","width":"","height":""}],"twitter_card":"summary_large_image","twitter_misc":{"Est. reading time":"3 minutes"},"schema":{"@context":"https:\/\/schema.org","@graph":[{"@type":"WebPage","@id":"https:\/\/www.rbc.com\/fr\/economique\/analyse-pour-le-canada\/","url":"https:\/\/www.rbc.com\/fr\/economique\/analyse-pour-le-canada\/","name":"Analyse pour le Canada - RBC Economique","isPartOf":{"@id":"https:\/\/www.rbc.com\/fr\/economique\/#website"},"primaryImageOfPage":{"@id":"https:\/\/www.rbc.com\/fr\/economique\/analyse-pour-le-canada\/#primaryimage"},"image":{"@id":"https:\/\/www.rbc.com\/fr\/economique\/analyse-pour-le-canada\/#primaryimage"},"thumbnailUrl":"https:\/\/www.rbc.com\/fr\/economique\/wp-content\/uploads\/sites\/24\/\/2025\/06\/OIL2-compressed.png?quality=80&amp;w=1024","datePublished":"2025-10-06T18:27:42+00:00","dateModified":"2026-05-01T14:10:04+00:00","breadcrumb":{"@id":"https:\/\/www.rbc.com\/fr\/economique\/analyse-pour-le-canada\/#breadcrumb"},"inLanguage":"fr-FR","potentialAction":[{"@type":"ReadAction","target":["https:\/\/www.rbc.com\/fr\/economique\/analyse-pour-le-canada\/"]}]},{"@type":"ImageObject","inLanguage":"fr-FR","@id":"https:\/\/www.rbc.com\/fr\/economique\/analyse-pour-le-canada\/#primaryimage","url":"https:\/\/www.rbc.com\/fr\/economique\/wp-content\/uploads\/sites\/24\/\/2025\/06\/OIL2-compressed.png?quality=80&amp;w=1024","contentUrl":"https:\/\/www.rbc.com\/fr\/economique\/wp-content\/uploads\/sites\/24\/\/2025\/06\/OIL2-compressed.png?quality=80&amp;w=1024"},{"@type":"BreadcrumbList","@id":"https:\/\/www.rbc.com\/fr\/economique\/analyse-pour-le-canada\/#breadcrumb","itemListElement":[{"@type":"ListItem","position":1,"name":"Home","item":"https:\/\/www.rbc.com\/fr\/economique\/"},{"@type":"ListItem","position":2,"name":"Analyse pour le Canada"}]},{"@type":"WebSite","@id":"https:\/\/www.rbc.com\/fr\/economique\/#website","url":"https:\/\/www.rbc.com\/fr\/economique\/","name":"RBC Economique","description":"","potentialAction":[{"@type":"SearchAction","target":{"@type":"EntryPoint","urlTemplate":"https:\/\/www.rbc.com\/fr\/economique\/?s={search_term_string}"},"query-input":{"@type":"PropertyValueSpecification","valueRequired":true,"valueName":"search_term_string"}}],"inLanguage":"fr-FR"}]}},"coauthors":[],"author_meta":{"author_link":"https:\/\/www.rbc.com\/fr\/economique\/author\/jmeanchoff\/","display_name":"jmeanchoff"},"relative_dates":{"created":"Publi\u00e9 7 mois il y a","modified":"Mis \u00e0 jour 6 heures il y a"},"absolute_dates":{"created":"Publi\u00e9 le 6 octobre 2025","modified":"Mise \u00e0 jour le 1 mai 2026"},"absolute_dates_time":{"created":"Publi\u00e9 le 6 octobre 2025 6:27  ","modified":"Mise \u00e0 jour le 1 mai 2026 2:10  "},"featured_img_caption":"","featured_img":false,"series_order":"","_links":{"self":[{"href":"https:\/\/www.rbc.com\/fr\/economique\/wp-json\/wp\/v2\/pages\/1788","targetHints":{"allow":["GET"]}}],"collection":[{"href":"https:\/\/www.rbc.com\/fr\/economique\/wp-json\/wp\/v2\/pages"}],"about":[{"href":"https:\/\/www.rbc.com\/fr\/economique\/wp-json\/wp\/v2\/types\/page"}],"author":[{"embeddable":true,"href":"https:\/\/www.rbc.com\/fr\/economique\/wp-json\/wp\/v2\/users\/124"}],"replies":[{"embeddable":true,"href":"https:\/\/www.rbc.com\/fr\/economique\/wp-json\/wp\/v2\/comments?post=1788"}],"version-history":[{"count":75,"href":"https:\/\/www.rbc.com\/fr\/economique\/wp-json\/wp\/v2\/pages\/1788\/revisions"}],"predecessor-version":[{"id":4835,"href":"https:\/\/www.rbc.com\/fr\/economique\/wp-json\/wp\/v2\/pages\/1788\/revisions\/4835"}],"wp:attachment":[{"href":"https:\/\/www.rbc.com\/fr\/economique\/wp-json\/wp\/v2\/media?parent=1788"}],"curies":[{"name":"wp","href":"https:\/\/api.w.org\/{rel}","templated":true}]}}